{"id":857,"date":"2023-03-01T19:24:03","date_gmt":"2023-03-01T18:24:03","guid":{"rendered":"https:\/\/familienforschung-tecklenburger-land.de\/?page_id=857"},"modified":"2023-03-03T17:28:28","modified_gmt":"2023-03-03T16:28:28","slug":"spurensuche-westerkappeln","status":"publish","type":"page","link":"https:\/\/familienforschung-tecklenburger-land.de\/?page_id=857","title":{"rendered":"Spurensuche Westerkappeln"},"content":{"rendered":"\n<div class=\"wp-block-columns is-layout-flex wp-container-core-columns-is-layout-9d6595d7 wp-block-columns-is-layout-flex\">\n<div class=\"wp-block-column is-layout-flow wp-block-column-is-layout-flow\" style=\"flex-basis:33.33%\">\n<figure class=\"wp-block-image size-large has-lightbox\"><img loading=\"lazy\" decoding=\"async\" width=\"721\" height=\"1024\" src=\"https:\/\/familienforschung-tecklenburger-land.de\/wp-content\/uploads\/2023\/03\/Titelseite-Westerkappeln-721x1024.jpg\" alt=\"\" class=\"wp-image-936\" srcset=\"https:\/\/familienforschung-tecklenburger-land.de\/wp-content\/uploads\/2023\/03\/Titelseite-Westerkappeln-721x1024.jpg 721w, https:\/\/familienforschung-tecklenburger-land.de\/wp-content\/uploads\/2023\/03\/Titelseite-Westerkappeln-211x300.jpg 211w, https:\/\/familienforschung-tecklenburger-land.de\/wp-content\/uploads\/2023\/03\/Titelseite-Westerkappeln-768x1091.jpg 768w, https:\/\/familienforschung-tecklenburger-land.de\/wp-content\/uploads\/2023\/03\/Titelseite-Westerkappeln-1081x1536.jpg 1081w, https:\/\/familienforschung-tecklenburger-land.de\/wp-content\/uploads\/2023\/03\/Titelseite-Westerkappeln-1442x2048.jpg 1442w, https:\/\/familienforschung-tecklenburger-land.de\/wp-content\/uploads\/2023\/03\/Titelseite-Westerkappeln-scaled.jpg 1802w\" sizes=\"auto, (max-width: 721px) 100vw, 721px\" \/><\/figure>\n\n\n\n<h3 class=\"wp-block-heading\">Inhaltsverzeichnis<\/h3>\n\n\n\n<p><strong>Wissenswertes<\/strong><\/p>\n\n\n\n<p class=\"has-small-font-size\">Einige wichtige Ereignisse in der Geschichte Westerkappelns<\/p>\n\n\n\n<p><strong>Orts- und Familiengeschichten<\/strong><\/p>\n\n\n\n<p class=\"has-small-font-size\">Kleine Siedlungsgeschichte des Tecklenburger Landes \u2013 Teil 1<\/p>\n\n\n\n<p class=\"has-small-font-size\">Kleine Siedlungsgeschichte des Tecklenburger Landes \u2013 Teil 2<\/p>\n\n\n\n<p class=\"has-small-font-size\">Kleine Siedlungsgeschichte des Tecklenburger Landes \u2013 Teil 3<\/p>\n\n\n\n<p class=\"has-small-font-size\">Kleine Siedlungsgeschichte des Tecklenburger Landes \u2013 Teil 4<\/p>\n\n\n\n<p class=\"has-small-font-size\">Der Westerkappelner Bachname Hischebach<\/p>\n\n\n\n<p class=\"has-small-font-size\">Hindena \u2013 Hinnah \u2013 Ein verschwundener Westerkappelner Siedlungsname<\/p>\n\n\n\n<p class=\"has-small-font-size\">B\u00e4ren-Wald oder Eber-Wald?<\/p>\n\n\n\n<p class=\"has-small-font-size\">Die Rote Ruhr in Westerkappeln<\/p>\n\n\n\n<p><strong>Fundst\u00fccke<\/strong><\/p>\n\n\n\n<p class=\"has-small-font-size\">Schwarze Schafe<\/p>\n\n\n\n<p class=\"has-small-font-size\">Der Fall B\u00fcnemann und Berteau vor dem Schwurgerichtshof zu Osnabr\u00fcck<\/p>\n\n\n\n<p class=\"has-small-font-size\">Strafen im 19. Jahrhundert<\/p>\n\n\n\n<p class=\"has-small-font-size\">Auf Spurensuche nach Steffen Hinrich Richter<\/p>\n\n\n\n<p class=\"has-small-font-size\">Westerkappelner in den USA<\/p>\n\n\n\n<p class=\"has-small-font-size\">Biographien Westerkappelner Auswanderer<\/p>\n\n\n\n<p class=\"has-small-font-size\">Zeitungsmeldungen aus der neuen Heimat Amerika<\/p>\n\n\n\n<p class=\"has-small-font-size\">Westerkappelner, die ihre Heimat verlassen haben<\/p>\n\n\n\n<p class=\"has-small-font-size\">Westerkappelner Fundst\u00fccke in weiteren Kirchenb\u00fcchern<\/p>\n\n\n\n<p><strong>Forschungshilfen<\/strong><\/p>\n\n\n\n<p class=\"has-small-font-size\">Literaturauswahl<\/p>\n\n\n\n<p><strong>Namensverzeichnis<\/strong><\/p>\n\n\n\n<figure class=\"wp-block-image size-large\"><img loading=\"lazy\" decoding=\"async\" width=\"763\" height=\"1024\" src=\"https:\/\/familienforschung-tecklenburger-land.de\/wp-content\/uploads\/2023\/03\/aBild16-763x1024.jpg\" alt=\"\" class=\"wp-image-937\" srcset=\"https:\/\/familienforschung-tecklenburger-land.de\/wp-content\/uploads\/2023\/03\/aBild16-763x1024.jpg 763w, https:\/\/familienforschung-tecklenburger-land.de\/wp-content\/uploads\/2023\/03\/aBild16-224x300.jpg 224w, https:\/\/familienforschung-tecklenburger-land.de\/wp-content\/uploads\/2023\/03\/aBild16-768x1031.jpg 768w, https:\/\/familienforschung-tecklenburger-land.de\/wp-content\/uploads\/2023\/03\/aBild16-1145x1536.jpg 1145w, https:\/\/familienforschung-tecklenburger-land.de\/wp-content\/uploads\/2023\/03\/aBild16.jpg 1500w\" sizes=\"auto, (max-width: 763px) 100vw, 763px\" \/><\/figure>\n\n\n\n<p><\/p>\n\n\n\n<figure class=\"wp-block-image size-full\"><img loading=\"lazy\" decoding=\"async\" width=\"560\" height=\"559\" src=\"https:\/\/familienforschung-tecklenburger-land.de\/wp-content\/uploads\/2023\/03\/1Bild8.jpg\" alt=\"\" class=\"wp-image-938\" srcset=\"https:\/\/familienforschung-tecklenburger-land.de\/wp-content\/uploads\/2023\/03\/1Bild8.jpg 560w, https:\/\/familienforschung-tecklenburger-land.de\/wp-content\/uploads\/2023\/03\/1Bild8-300x300.jpg 300w, https:\/\/familienforschung-tecklenburger-land.de\/wp-content\/uploads\/2023\/03\/1Bild8-150x150.jpg 150w\" sizes=\"auto, (max-width: 560px) 100vw, 560px\" \/><\/figure>\n\n\n\n<p><\/p>\n\n\n\n<figure class=\"wp-block-image size-full\"><img loading=\"lazy\" decoding=\"async\" width=\"787\" height=\"525\" src=\"https:\/\/familienforschung-tecklenburger-land.de\/wp-content\/uploads\/2023\/03\/SL384056aaaaaaaaaa.jpg\" alt=\"\" class=\"wp-image-939\" srcset=\"https:\/\/familienforschung-tecklenburger-land.de\/wp-content\/uploads\/2023\/03\/SL384056aaaaaaaaaa.jpg 787w, https:\/\/familienforschung-tecklenburger-land.de\/wp-content\/uploads\/2023\/03\/SL384056aaaaaaaaaa-300x200.jpg 300w, https:\/\/familienforschung-tecklenburger-land.de\/wp-content\/uploads\/2023\/03\/SL384056aaaaaaaaaa-768x512.jpg 768w, https:\/\/familienforschung-tecklenburger-land.de\/wp-content\/uploads\/2023\/03\/SL384056aaaaaaaaaa-600x400.jpg 600w\" sizes=\"auto, (max-width: 787px) 100vw, 787px\" \/><\/figure>\n\n\n\n<p><\/p>\n\n\n\n<figure class=\"wp-block-image size-full\"><img loading=\"lazy\" decoding=\"async\" width=\"787\" height=\"379\" src=\"https:\/\/familienforschung-tecklenburger-land.de\/wp-content\/uploads\/2023\/03\/Bild16aaaaaaaaaaaaaaa.jpg\" alt=\"\" class=\"wp-image-940\" srcset=\"https:\/\/familienforschung-tecklenburger-land.de\/wp-content\/uploads\/2023\/03\/Bild16aaaaaaaaaaaaaaa.jpg 787w, https:\/\/familienforschung-tecklenburger-land.de\/wp-content\/uploads\/2023\/03\/Bild16aaaaaaaaaaaaaaa-300x144.jpg 300w, https:\/\/familienforschung-tecklenburger-land.de\/wp-content\/uploads\/2023\/03\/Bild16aaaaaaaaaaaaaaa-768x370.jpg 768w\" sizes=\"auto, (max-width: 787px) 100vw, 787px\" \/><\/figure>\n\n\n\n<p><\/p>\n\n\n\n<figure class=\"wp-block-image size-large\"><img loading=\"lazy\" decoding=\"async\" width=\"767\" height=\"1024\" src=\"https:\/\/familienforschung-tecklenburger-land.de\/wp-content\/uploads\/2023\/03\/Bild15aaaaaaaaaaaaaaaaaaa-767x1024.jpg\" alt=\"\" class=\"wp-image-941\" srcset=\"https:\/\/familienforschung-tecklenburger-land.de\/wp-content\/uploads\/2023\/03\/Bild15aaaaaaaaaaaaaaaaaaa-767x1024.jpg 767w, https:\/\/familienforschung-tecklenburger-land.de\/wp-content\/uploads\/2023\/03\/Bild15aaaaaaaaaaaaaaaaaaa-225x300.jpg 225w, https:\/\/familienforschung-tecklenburger-land.de\/wp-content\/uploads\/2023\/03\/Bild15aaaaaaaaaaaaaaaaaaa-768x1025.jpg 768w, https:\/\/familienforschung-tecklenburger-land.de\/wp-content\/uploads\/2023\/03\/Bild15aaaaaaaaaaaaaaaaaaa-1150x1536.jpg 1150w, https:\/\/familienforschung-tecklenburger-land.de\/wp-content\/uploads\/2023\/03\/Bild15aaaaaaaaaaaaaaaaaaa-1534x2048.jpg 1534w, https:\/\/familienforschung-tecklenburger-land.de\/wp-content\/uploads\/2023\/03\/Bild15aaaaaaaaaaaaaaaaaaa-scaled.jpg 1917w\" sizes=\"auto, (max-width: 767px) 100vw, 767px\" \/><\/figure>\n\n\n\n<p><\/p>\n\n\n\n<figure class=\"wp-block-image size-full\"><img loading=\"lazy\" decoding=\"async\" width=\"783\" height=\"600\" src=\"https:\/\/familienforschung-tecklenburger-land.de\/wp-content\/uploads\/2023\/03\/1Bild7.jpg\" alt=\"\" class=\"wp-image-942\" srcset=\"https:\/\/familienforschung-tecklenburger-land.de\/wp-content\/uploads\/2023\/03\/1Bild7.jpg 783w, https:\/\/familienforschung-tecklenburger-land.de\/wp-content\/uploads\/2023\/03\/1Bild7-300x230.jpg 300w, https:\/\/familienforschung-tecklenburger-land.de\/wp-content\/uploads\/2023\/03\/1Bild7-768x589.jpg 768w\" sizes=\"auto, (max-width: 783px) 100vw, 783px\" \/><\/figure>\n\n\n\n<p><\/p>\n\n\n\n<figure class=\"wp-block-image size-full\"><img loading=\"lazy\" decoding=\"async\" width=\"300\" height=\"49\" src=\"https:\/\/familienforschung-tecklenburger-land.de\/wp-content\/uploads\/2023\/03\/aBild26.jpg\" alt=\"\" class=\"wp-image-943\"\/><\/figure>\n<\/div>\n\n\n\n<div class=\"wp-block-column is-layout-flow wp-block-column-is-layout-flow\" style=\"flex-basis:66.66%\">\n<h2 class=\"wp-block-heading\">Heft 2 \/ 2015<\/h2>\n\n\n\n<p><strong>Das Heft kostet 5,- Euro und kann in unserer Bibliothek eingesehen werden. Wenn noch Exemplare vorhanden sind, k\u00f6nnen Sie sie dort kaufen.<\/strong><\/p>\n\n\n\n<p class=\"has-small-font-size\">Westerkappeln ist das zehnte und damit letzte Kirchspiel der ehemaligen Grafschaft Tecklenburg, das bisher in dieser Reihe von uns bearbeitet wurde. Demn\u00e4chst folgen, nach der Ausgabe einiger Sonderhefte, die Kirchspiele der ehemaligen Obergrafschaft Lingen. Wir haben hoffentlich auch dieses Mal wieder interessante Geschichten f\u00fcr Sie \u201eausgegraben\u201c, die Ihnen vielleicht sogar bei der eigenen Familienforschung eine Hilfe sind.<\/p>\n\n\n\n<p class=\"has-small-font-size\">Da sind zun\u00e4chst die Beitr\u00e4ge von Dr. Christof Spannhoff, der sich mit der Siedlungsgeschichte des Tecklenburger Landes und der Namenforschung n\u00e4her befasst hat. Der Fall eines Westerkappelner Bauernsohns und dessen Komplizen vor dem Schwurgerichtshof in Osnabr\u00fcck gibt einen kleinen Einblick in die Rechtsgeschichte. Detailreiche Biographien von Auswanderern finden sich ebenfalls in diesem Heft, aber auch Fundst\u00fccke und \u201eSchwarze Schafe\u201c kommen nicht zu kurz.<\/p>\n\n\n\n<p class=\"has-small-font-size\">Besonders gefreut haben wir uns \u00fcber den Beitrag von Jurriane Rendering aus den Niederlanden zu ihrer ganz pers\u00f6nlichen Spurensuche nach Steffen Hinrich Richter. Wir hoffen, dass auch andere Leser den Mut fassen und ihre Geschichte hier ver\u00f6ffentlichen m\u00f6chten.<\/p>\n\n\n\n<h3 class=\"wp-block-heading\">Verzeichnis der im Westerkappelner Heft vorkommenden Namen:<\/h3>\n\n\n\n<h5 class=\"wp-block-heading\">A<\/h5>\n\n\n\n<p class=\"has-small-font-size\">Ahrmann, Aikes, Alberts Witkop, Allendorf, Altrupf, Ammering, Andries, Angerstein, Auf der Haar, Auf der Heyde, Auf der Laege, auf der Landwehr, Aufn&#8217;Orte, Aulfes<\/p>\n\n\n\n<h5 class=\"wp-block-heading\">B<\/h5>\n\n\n\n<p class=\"has-small-font-size\">Baer, Bagby, Bahrlage, Barron, Bauerratter, Beckemeyer, Beckhaus, Beckmann, Bente, Bentlage, Berdelmann, Bergmann, Bergmeyer, Berlekamp, Berlemann, Berling, Berntrup, Berrelkamp, Berteau, Beverf\u00f6rden, Bey der Wellen, Bierbaum, Block, Bl\u00f6hmer, Bockwede, Bode, Bogen, Boning, Boockholtz, Boole, Borgmann, Bormann, Bote, B\u00f6wer, Brackmann, Brakensiek, Brenningmeyer, Brinckman, Brockmann, Brockmeier, Brockschmidt, Br\u00fcggemann, Br\u00fcning, Buddemeyer, Budke, B\u00fchner, Bulke, Buller, Bullermann, B\u00fcnemann, B\u00fcnemejer, B\u00fcnte, Burbrink, Burdorf, Burkemper, Burlage, Busch, B\u00fcscher, Busdieker, Busman, Butke<\/p>\n\n\n\n<h5 class=\"wp-block-heading\">C<\/h5>\n\n\n\n<p class=\"has-small-font-size\">Candelhardt, Cappenberg, Carel Mars, Clausmeyer, Contzen, Cords, Corswird<\/p>\n\n\n\n<h5 class=\"wp-block-heading\">D<\/h5>\n\n\n\n<p class=\"has-small-font-size\">David, de Cappele, Dickschwegmann, Diekamp, Dieker, Diekmann, Diekmeyer, Diering, Dijkman, Dinkelmann, Dobben, Dohmann, Donderberg, Donnerberg, Dopheyde, Dreissing, Dreyer, Driemeyer, Dunkmann<\/p>\n\n\n\n<h5 class=\"wp-block-heading\">E<\/h5>\n\n\n\n<p class=\"has-small-font-size\">Echelmeyer, Eckelmann, Eggelmeyer, Eismann, Ellermann, Elstrodt, Elstrot, Endebrock, Endebrok, Erffman, Erffmann, Erfmann, Eversmeyer<\/p>\n\n\n\n<h5 class=\"wp-block-heading\">F<\/h5>\n\n\n\n<p class=\"has-small-font-size\">Farthmann, Faste, Feiler, Feldwerth, Feltmeier, Fiebig, Fincke, Frank, Franke, Frankenfeld, Freese, Frercker, Freudenborg, Freulcke, Freyssing, Fr\u00f6hlcke, Frye<\/p>\n\n\n\n<h5 class=\"wp-block-heading\">G<\/h5>\n\n\n\n<p class=\"has-small-font-size\">Garlich, Garlichs, Gausman, Geitz, Gerdemann, Gerding, Gerken-Larberg, Goesmann, Gogrefe, Goldberg, Goofz, Gosejacob, Gossmann, Grante, Grantil, Gronefeld, Grothaus, Gundlach, G\u00fcnther<\/p>\n\n\n\n<h5 class=\"wp-block-heading\">H<\/h5>\n\n\n\n<p class=\"has-small-font-size\">Haackman, Hackmann, Hadderfeldt, Haderm\u00f6ller, Hagenberg, Hagmann, Hakmann, Halbe, Haltern, Handmann, Hasemann, Hate, Hattke, Havemeyer, Haverkamp, Heemann, Heise, Hellmich, Helmig, Hensel, Herfordt, Hermann, Hermeling, Hertel, Heuer, Hillemeyer, Hindman, Hinnah, Hischem\u00f6ller, Hiskem\u00f6ller, Hoffeld, Hoffmann, Hofius, Holke, Hollenberg, Hollmann, H\u00f6lscher, Holt, Holtgreiwe, Holthaus, Holtzgrefe, Holzmann, Honsel, Horstmann, Huckelriede, Hundmann, Huntman, Hyndena<\/p>\n\n\n\n<h5 class=\"wp-block-heading\"><strong>I<\/strong><\/h5>\n\n\n\n<p class=\"has-small-font-size\">Iborg, Imfange, In Der Kalckstrasse<\/p>\n\n\n\n<h5 class=\"wp-block-heading\">J<\/h5>\n\n\n\n<p class=\"has-small-font-size\">Jans, Jansens Rouw, Jantzen, Johann-Lahrberg, Jung, J\u00fcngling, J\u00fcrgens<\/p>\n\n\n\n<h5 class=\"wp-block-heading\">K<\/h5>\n\n\n\n<p class=\"has-small-font-size\">K\u00e4mper, Kappelmann, Karrenbrock, Katkemeier, K\u00e4tkemeier, Kellermeier, Kellermeyer, Kemper, Kesseler, Kettler, Kiepker, Kiesel, Kipke, Knollmann, Kn\u00fcppe, Kobert, Koch, Konermann, K\u00f6nig, K\u00f6ning, Kopatt, Korte, Kortkemeier, Kortl\u00fccke, K\u00f6tckemeyer, K\u00f6tkemeyer, K\u00f6ttckemeyer, Kremser, Kr\u00f6ner, Kruse, Kuhlmann, K\u00fcpker, Kurrelmeier, Kurrelmeyer<\/p>\n\n\n\n<h5 class=\"wp-block-heading\">L<\/h5>\n\n\n\n<p class=\"has-small-font-size\">Laatz, Lahe, Lahmann, Lahmeier, Lahrberg, Landwehr, Lange, Langenbr\u00fcck, Langewiese, Larberg, Laumann, Laumeyer, Leyschulte, Lienemann, Loe, Lohmeyer, Loseman, L\u00fcdinghaus<\/p>\n\n\n\n<h5 class=\"wp-block-heading\">M<\/h5>\n\n\n\n<p class=\"has-small-font-size\">Martens, Meier, Meijer, Melchers, Menebr\u00f6cker, Mersch, Mertens, Mesch, Mette, Mettelberger, Meyer, Meyer zu Lada, Meyer zu Stirpe, Meyercord, Michel, M\u00f6llman, M\u00f6nster, Mosbach, M\u00fcller, Munsberg, Mun\u00dfberg, Mutert, Muthert<\/p>\n\n\n\n<h5 class=\"wp-block-heading\">N<\/h5>\n\n\n\n<p class=\"has-small-font-size\">Neseker, Niederste Hollenberg, Niehaus, Niekamp, Nieman, Niemann, Niemejer, Niemeyer, Niendieck, Niendieker, Nordbeck, Nubbemeier, Nubbemeyer<\/p>\n\n\n\n<h5 class=\"wp-block-heading\">O<\/h5>\n\n\n\n<p class=\"has-small-font-size\">Ohly, Oosthoff, Ort, Ostendorf, Ostendorff, Osthoff, Otto<\/p>\n\n\n\n<h5 class=\"wp-block-heading\">P<\/h5>\n\n\n\n<p class=\"has-small-font-size\">Pagenstecher, Paul, Peissing, Pentermann, Peter, Pieper, Pieters, Pieters Meijer, Ploes, Pogge, Pohlmann, Poscke, Priggemeyer, Probst, Pulss<\/p>\n\n\n\n<h5 class=\"wp-block-heading\"><strong>Q<\/strong><\/h5>\n\n\n\n<p class=\"has-small-font-size\">Quindt<\/p>\n\n\n\n<h5 class=\"wp-block-heading\">R<\/h5>\n\n\n\n<p class=\"has-small-font-size\">Racer, Rahmeier, Rahmeijer, Rahmeyer, Ratke, Raven, Rawie, Rawieh, Redeker, Reffeld, Rehemeyer, Richter, Riesmeyer, Roberts, Roleke, Rolfes, Rothert, Rott, Rottmann, Rouw, Ruhter, Ruiter, Ryken<\/p>\n\n\n\n<h5 class=\"wp-block-heading\">S<\/h5>\n\n\n\n<p class=\"has-small-font-size\">Saatkamp, Sachteleben, Sand, Sander, Schaaf, Schaberg, Sch\u00e4chter, Sch\u00e4fer, Schapberg, Scheer, Scheffer, Schemme, Schemmer, Schiltkamp, Schl\u00fcter, Schmidt, Schnarre, Schnieder, Schopermeier, Sch\u00f6pker, Schr\u00e4er, Schrameyer, Schr\u00f6der, Schroer, Schubert, Schuchardt, Schuhmacher, Schuirmann, Schulte, Schulze Beerhorst, Sch\u00fcren, Schurmann, Sch\u00fcrmann, Schwane, Schwarberg, Schweers, Schwegmann, Schweigman, Seiffert, Sendmeier, Sendmeyer, Siebert, Sieman, Simon, Sluiter, Smit, Smits, S\u00f6hnker, S\u00f6nnefeld, S\u00f6nneker, Sparenberg, Spelbrinck, Spelbrink, Spellbr\u00fcck, Spellmeier, Spellmeyer, Spelmeyer, Spiecker, Spieker, Staggemeier, Stahlhuth, Stallkamp, Stapenhorst, Steemann, Stehr, Stein, Stiegemeier, Stiegemeyer, Stientcker, Straaten, Stratemeijer, Stratemeyer, Str\u00fcbbe, Str\u00fcve, Stuckmeyer, Stumpe, Stute, Stuyl, Suttm\u00f6ller, Syvert<\/p>\n\n\n\n<h5 class=\"wp-block-heading\">T<\/h5>\n\n\n\n<p class=\"has-small-font-size\">Tackenberg, Tappe, T\u00e4upker, Tebbe, Tebbe-S\u00fcdhof, Teepe, Telgemeier, Telgenbusch, Temmelmann, Tesfeld, Testemeyer, Thiele, Thomas, Tiemann, to Buren, Toel, Tor M\u00f6llen, T\u00fcner, Twiehaus<\/p>\n\n\n\n<h5 class=\"wp-block-heading\">V<\/h5>\n\n\n\n<p class=\"has-small-font-size\">v. Grabowski, v. Schele, v. Schlebr\u00fcgge, Vagedes, Velpe, Vennemann, Vinke, von Borries, von Cappeln, Von Der Laege, von Holle, von Ilten, von Korff, von Langen, von M\u00fcller, von Ravensberg, von Reiche, von Schele, von Solms-Braunfels, von Tecklenburg, von Velpe, Vor Der Lage, Vo\u00df, Vynke van Kappelen<\/p>\n\n\n\n<h5 class=\"wp-block-heading\">W<\/h5>\n\n\n\n<p class=\"has-small-font-size\">Wagner, Wahlbrink, Wallenhorst, Weglage, Wegman, Wehrmeier, Werleman, Werremeyer, Wessel, Westerhaus, Westerkamp, Westermann, Westermeyer, Wiebusch, Wiechmann, Wieck, Wilke, Wilsman, Winckelman, Winckelmann, Winkelman, Winterberg, Witkop, Witten zu Metten, Wittenheer, Witthaus, Woehmhoener, Wolf, Wolthu\u00df, Wonning, Wulfekammer, Wulfekamp, Wulff, Wylichmann, Wyllyken<\/p>\n\n\n\n<h5 class=\"wp-block-heading\">Z<\/h5>\n\n\n\n<p class=\"has-small-font-size\">Zuhorn<\/p>\n<\/div>\n<\/div>\n","protected":false},"excerpt":{"rendered":"<p>Inhaltsverzeichnis Wissenswertes Einige wichtige Ereignisse in der Geschichte Westerkappelns Orts- und Familiengeschichten Kleine Siedlungsgeschichte des Tecklenburger Landes \u2013 Teil 1 Kleine Siedlungsgeschichte des Tecklenburger Landes \u2013 Teil 2 Kleine Siedlungsgeschichte des Tecklenburger Landes \u2013 Teil 3 Kleine Siedlungsgeschichte des Tecklenburger Landes \u2013 Teil 4 Der Westerkappelner Bachname Hischebach Hindena \u2013 Hinnah \u2013 Ein verschwundener Westerkappelner&#8230;<\/p>\n","protected":false},"author":4,"featured_media":0,"parent":0,"menu_order":12,"comment_status":"closed","ping_status":"closed","template":"","meta":{"_coblocks_attr":"","_coblocks_dimensions":"","_coblocks_responsive_height":"","_coblocks_accordion_ie_support":"","footnotes":""},"class_list":["post-857","page","type-page","status-publish","hentry"],"_links":{"self":[{"href":"https:\/\/familienforschung-tecklenburger-land.de\/index.php?rest_route=\/wp\/v2\/pages\/857","targetHints":{"allow":["GET"]}}],"collection":[{"href":"https:\/\/familienforschung-tecklenburger-land.de\/index.php?rest_route=\/wp\/v2\/pages"}],"about":[{"href":"https:\/\/familienforschung-tecklenburger-land.de\/index.php?rest_route=\/wp\/v2\/types\/page"}],"author":[{"embeddable":true,"href":"https:\/\/familienforschung-tecklenburger-land.de\/index.php?rest_route=\/wp\/v2\/users\/4"}],"replies":[{"embeddable":true,"href":"https:\/\/familienforschung-tecklenburger-land.de\/index.php?rest_route=%2Fwp%2Fv2%2Fcomments&post=857"}],"version-history":[{"count":3,"href":"https:\/\/familienforschung-tecklenburger-land.de\/index.php?rest_route=\/wp\/v2\/pages\/857\/revisions"}],"predecessor-version":[{"id":1010,"href":"https:\/\/familienforschung-tecklenburger-land.de\/index.php?rest_route=\/wp\/v2\/pages\/857\/revisions\/1010"}],"wp:attachment":[{"href":"https:\/\/familienforschung-tecklenburger-land.de\/index.php?rest_route=%2Fwp%2Fv2%2Fmedia&parent=857"}],"curies":[{"name":"wp","href":"https:\/\/api.w.org\/{rel}","templated":true}]}}