{"id":490,"date":"2023-02-26T19:17:05","date_gmt":"2023-02-26T18:17:05","guid":{"rendered":"https:\/\/familienforschung-tecklenburger-land.de\/?page_id=490"},"modified":"2023-05-06T08:59:23","modified_gmt":"2023-05-06T07:59:23","slug":"enniger","status":"publish","type":"page","link":"https:\/\/familienforschung-tecklenburger-land.de\/?page_id=490","title":{"rendered":"Enniger"},"content":{"rendered":"\n<div class=\"wp-block-columns is-layout-flex wp-container-core-columns-is-layout-9d6595d7 wp-block-columns-is-layout-flex\">\n<div class=\"wp-block-column is-layout-flow wp-block-column-is-layout-flow\" style=\"flex-basis:25%\">\n<h3 class=\"wp-block-heading\">Weiteres vor Ort:<\/h3>\n\n\n\n<p class=\"has-small-font-size\"><a href=\"http:\/\/www.heimatverein-enniger.de\/\">Heimatverein Enniger e. V.<\/a><\/p>\n\n\n\n<h3 class=\"wp-block-heading\">Ausfl\u00fcge in die Geschichte:<\/h3>\n\n\n\n<p class=\"has-small-font-size\"><strong>Haus Enniger:<\/strong> besteht wohl seit dem 9. Jahrhundert<\/p>\n\n\n\n<p class=\"has-small-font-size\"><strong>R\u00fcck\u00e4mper Kapelle:<\/strong> Die R\u00fcck\u00e4mper Kapelle wurde in den Jahren 1685 bis 1687 von R\u00fcck\u00e4mper Bauern zu Ehren der heiligen Dreifaltigkeit errichtet.<\/p>\n\n\n\n<p class=\"has-small-font-size\"><strong>Die Kirche St. Mauritius:<\/strong> Teile der Kirche stammen aus dem 12. Jahrhundert<\/p>\n\n\n\n<figure class=\"wp-block-image size-full\"><img loading=\"lazy\" decoding=\"async\" width=\"230\" height=\"169\" src=\"https:\/\/familienforschung-tecklenburger-land.de\/wp-content\/uploads\/2023\/05\/Bild9.jpg\" alt=\"\" class=\"wp-image-2178\"\/><\/figure>\n\n\n\n<p><\/p>\n\n\n\n<figure class=\"wp-block-image size-full\"><img loading=\"lazy\" decoding=\"async\" width=\"230\" height=\"343\" src=\"https:\/\/familienforschung-tecklenburger-land.de\/wp-content\/uploads\/2023\/05\/Bild24.jpg\" alt=\"\" class=\"wp-image-2191\" srcset=\"https:\/\/familienforschung-tecklenburger-land.de\/wp-content\/uploads\/2023\/05\/Bild24.jpg 230w, https:\/\/familienforschung-tecklenburger-land.de\/wp-content\/uploads\/2023\/05\/Bild24-201x300.jpg 201w\" sizes=\"auto, (max-width: 230px) 100vw, 230px\" \/><\/figure>\n<\/div>\n\n\n\n<div class=\"wp-block-column is-layout-flow wp-block-column-is-layout-flow\" style=\"flex-basis:50%\">\n<h2 class=\"wp-block-heading\" id=\"Enniger-Geschichte\">Zur Geschichte<\/h2>\n\n\n\n<p class=\"has-small-font-size\"><strong>9. Jahrhundert:<\/strong> Der Hof Enniger bestand mit gro\u00dfer Wahrscheinlichkeit.<\/p>\n\n\n\n<p class=\"has-small-font-size\"><strong>1059:<\/strong> Sumerseli wird bereits jetzt als Vorwerk genannt.<\/p>\n\n\n\n<p class=\"has-small-font-size\"><strong>1090:<\/strong> erste Nennung der Amtsh\u00f6fe Wartenhorst und Balhorn<\/p>\n\n\n\n<p class=\"has-small-font-size\"><strong>1100:<\/strong> Schon jetzt bestand das Rittergut Neuengraben. Hier war das Gericht f\u00fcr das Kirchspiel Enniger.<\/p>\n\n\n\n<p class=\"has-small-font-size\"><strong>1185:<\/strong> Erste Erw\u00e4hnung des Hofes Schulze R\u00fcckamp<\/p>\n\n\n\n<p class=\"has-small-font-size\"><strong>1226:<\/strong> \u00c4lteste einwandfrei datierte Erw\u00e4hnung von Enniger als &#8222;Anigere&#8220;. Erw\u00e4hnung des Hofes Heringloh.<\/p>\n\n\n\n<p class=\"has-small-font-size\"><strong>1257\/58:<\/strong> Erw\u00e4hnung des Hofes Schulze Wessenhorst<\/p>\n\n\n\n<p class=\"has-small-font-size\"><strong>1260:<\/strong> Erw\u00e4hnung des Hofes Sudhotmann<\/p>\n\n\n\n<p class=\"has-small-font-size\"><strong>1276:<\/strong> Erw\u00e4hnung des Hofes Bentrup<\/p>\n\n\n\n<p class=\"has-small-font-size\"><strong>1295:<\/strong> Erw\u00e4hnung des Hofes Osthoff<\/p>\n\n\n\n<p class=\"has-small-font-size\"><strong>1299:<\/strong> Erw\u00e4hnung des Hofes Schulze Schnecking<\/p>\n\n\n\n<p class=\"has-small-font-size\"><strong>13. Jahrhundert:<\/strong> Aufbau der Verwaltung durch landesherrliche \u00c4mter im Dreingau. Enniger geh\u00f6rte zum Amt Stromberg.<\/p>\n\n\n\n<p class=\"has-small-font-size\"><strong>1303:<\/strong> Erw\u00e4hnung des Hofes Thor Br\u00fcggen (Br\u00fcggemann)<\/p>\n\n\n\n<p class=\"has-small-font-size\"><strong>1322:<\/strong> Erw\u00e4hnung des Hofes Wiggenringloh<\/p>\n\n\n\n<p class=\"has-small-font-size\"><strong>1378:<\/strong> Fehde zwischen dem Patron von Enniger, dem Propst von St. Mauritz in M\u00fcnster (Heinrich von Salms) und dem Grafen Wilhelm von Berg auf Haus Neuengraben<\/p>\n\n\n\n<p class=\"has-small-font-size\"><strong>1390:<\/strong> Liste der abgabenpflichtigen H\u00f6fe in Enniger<\/p>\n\n\n\n<p class=\"has-small-font-size\"><strong>1498:<\/strong> Sonderschatzung der Di\u00f6zese. Ennigers 338 Einwohner werden aufgez\u00e4hlt.<\/p>\n\n\n\n<p class=\"has-small-font-size\"><strong>1534:<\/strong> Sonderschatz des Bischofs.<\/p>\n\n\n\n<p class=\"has-small-font-size\"><strong>1595\/96:<\/strong> Erste Erw\u00e4hnung des Enniger Marktes<\/p>\n\n\n\n<p class=\"has-small-font-size\"><strong>1658:<\/strong> Viehbestandsaufnahme mit Erw\u00e4hnung der H\u00f6fe<\/p>\n\n\n\n<p class=\"has-small-font-size\"><strong>1668:<\/strong> Grundherrenregister zur Steuererhebung<\/p>\n\n\n\n<p class=\"has-small-font-size\"><strong>1676:<\/strong> Errichtung der ersten Schule<\/p>\n\n\n\n<p class=\"has-small-font-size\"><strong>1677:<\/strong> Liste der w\u00fcsten Kotten und von Leuten, die in &#8222;Enniger nicht vorhanden&#8220;, um von Ihnen die Rauchh\u00fchner einzuholen.<\/p>\n\n\n\n<p class=\"has-small-font-size\"><strong>1687:<\/strong> Einweihung der R\u00fcck\u00e4mper Kapelle (Dreifaltigkeitskapelle) in der Festwoche vor dem Dreifaltigkeitstag<\/p>\n\n\n\n<p class=\"has-small-font-size\"><strong>17. Jahrhundert:<\/strong> Der Tolle Christian brandschatzte im Drei\u00dfigj\u00e4hrigen Krieg Sendenhorst und Umgebung.<\/p>\n\n\n\n<p class=\"has-small-font-size\"><strong>1749\/50:<\/strong> Auflistung der in der Pfarrei Enniger lebenden Personen (Status Animarum)<\/p>\n\n\n\n<p class=\"has-small-font-size\"><strong>1808:<\/strong> Schatzungsliste<\/p>\n\n\n\n<p class=\"has-small-font-size\"><strong>1809:<\/strong> Einrichtung der Mairie Vorhelm unter Napoleon. J. Heinrich Br\u00fcning wurde zum Maire. Danach ab 1813 blieb er B\u00fcrgermeister dieses Bezirks.<\/p>\n\n\n\n<p class=\"has-small-font-size\"><strong>Um 1839:<\/strong> Aufteilung der Hoetmarer Mark<\/p>\n\n\n\n<p class=\"has-small-font-size\"><strong>1840 \/ 1841:<\/strong> Die Gemeinden Enniger, Vorhelm, Sendenhorst-Stadt und Sendenhorst-Kirchspiel schlossen sich zu einer Verwaltungseinheit zusammen.<\/p>\n\n\n\n<p class=\"has-small-font-size\"><strong>1861 &#8211; 1863:<\/strong> Neubau der Pfarrkirche St. Mauritius<\/p>\n\n\n\n<p class=\"has-small-font-size\"><strong>1871:<\/strong> Bau einer Synagoge, die 1891 schon wieder abgerissen wurde.<\/p>\n\n\n\n<p class=\"has-small-font-size\"><strong>1873:<\/strong> Mord an Elisabeth Sch\u00fctte, Tochter eines K\u00f6tters, in dessen Folge die j\u00fcdischen Familien bis 1892 Enniger verlie\u00dfen<\/p>\n\n\n\n<p class=\"has-small-font-size\"><strong>1881:<\/strong> In diesem Jahr wird in Enniger eine Postagentur eingerichtet.<\/p>\n\n\n\n<p class=\"has-small-font-size\"><strong>1909:<\/strong> Gr\u00fcndung der Freiwilligen Feuerwehr<\/p>\n\n\n\n<p class=\"has-small-font-size\"><strong>1910:<\/strong> Gr\u00fcndung des Spiel- und Sportvereins<\/p>\n\n\n\n<p class=\"has-small-font-size\"><strong>1912\/13:<\/strong> Bau des Marienhospitals<\/p>\n\n\n\n<p class=\"has-small-font-size\"><strong>1922:<\/strong> Die Pfarrkirche bekommt zwei neue Glocken.<\/p>\n\n\n\n<p class=\"has-small-font-size\"><strong>1929:<\/strong> Gr\u00fcndung der Sch\u00fctzenbruderschaft<\/p>\n\n\n\n<p class=\"has-small-font-size\"><strong>1930\/31:<\/strong> Abpfarrung der Bauerschaft Wessenhorst<\/p>\n\n\n\n<p class=\"has-small-font-size\"><strong>1940\/41:<\/strong> viele Bomben trafen Enniger. \u00dcber 200 Soldaten aus Enniger waren in den Krieg gezogen.<\/p>\n\n\n\n<p class=\"has-small-font-size\"><strong>1952:<\/strong> Gr\u00fcndung des Heimatvereines<\/p>\n\n\n\n<p class=\"has-small-font-size\"><strong>1. Januar 1975:<\/strong> Enniger wurde im Rahmen der kommunalen Neuordnung der Stadt Ennigerloh im Kreis Warendorf zugeordnet.<\/p>\n<\/div>\n\n\n\n<div class=\"wp-block-column is-layout-flow wp-block-column-is-layout-flow\" style=\"flex-basis:25%\">\n<figure class=\"wp-block-image size-full\"><img loading=\"lazy\" decoding=\"async\" width=\"230\" height=\"236\" src=\"https:\/\/familienforschung-tecklenburger-land.de\/wp-content\/uploads\/2023\/05\/Bild185.jpg\" alt=\"\" class=\"wp-image-2179\"\/><\/figure>\n\n\n\n<h3 class=\"wp-block-heading\">Bauerschaften:<\/h3>\n\n\n\n<p class=\"has-small-font-size\">Sommersell<\/p>\n\n\n\n<p class=\"has-small-font-size\">Wessenhorst<\/p>\n\n\n\n<p class=\"has-small-font-size\">Balhorn<\/p>\n\n\n\n<p class=\"has-small-font-size\">R\u00fcckamp<\/p>\n\n\n\n<p class=\"has-small-font-size\">P\u00f6ling<\/p>\n\n\n\n<figure class=\"wp-block-image size-full\"><img loading=\"lazy\" decoding=\"async\" width=\"480\" height=\"271\" src=\"https:\/\/familienforschung-tecklenburger-land.de\/wp-content\/uploads\/2023\/05\/Bild11.jpg\" alt=\"\" class=\"wp-image-2180\" srcset=\"https:\/\/familienforschung-tecklenburger-land.de\/wp-content\/uploads\/2023\/05\/Bild11.jpg 480w, https:\/\/familienforschung-tecklenburger-land.de\/wp-content\/uploads\/2023\/05\/Bild11-300x169.jpg 300w\" sizes=\"auto, (max-width: 480px) 100vw, 480px\" \/><\/figure>\n\n\n\n<p><\/p>\n\n\n\n<figure class=\"wp-block-image size-full\"><img loading=\"lazy\" decoding=\"async\" width=\"230\" height=\"154\" src=\"https:\/\/familienforschung-tecklenburger-land.de\/wp-content\/uploads\/2023\/05\/Bild15.jpg\" alt=\"\" class=\"wp-image-2184\"\/><\/figure>\n\n\n\n<p><\/p>\n\n\n\n<figure class=\"wp-block-image size-full\"><img loading=\"lazy\" decoding=\"async\" width=\"230\" height=\"179\" src=\"https:\/\/familienforschung-tecklenburger-land.de\/wp-content\/uploads\/2023\/05\/Bild184.jpg\" alt=\"\" class=\"wp-image-2186\"\/><\/figure>\n\n\n\n<p><\/p>\n\n\n\n<figure class=\"wp-block-image size-full\"><img loading=\"lazy\" decoding=\"async\" width=\"230\" height=\"145\" src=\"https:\/\/familienforschung-tecklenburger-land.de\/wp-content\/uploads\/2023\/05\/Bild8-1.jpg\" alt=\"\" class=\"wp-image-2187\" srcset=\"https:\/\/familienforschung-tecklenburger-land.de\/wp-content\/uploads\/2023\/05\/Bild8-1.jpg 230w, https:\/\/familienforschung-tecklenburger-land.de\/wp-content\/uploads\/2023\/05\/Bild8-1-150x95.jpg 150w\" sizes=\"auto, (max-width: 230px) 100vw, 230px\" \/><\/figure>\n<\/div>\n<\/div>\n\n\n\n<h2 class=\"wp-block-heading\" id=\"Enniger-Weblinks\">Weblinks<\/h2>\n\n\n\n<div class=\"wp-block-columns is-layout-flex wp-container-core-columns-is-layout-9d6595d7 wp-block-columns-is-layout-flex\">\n<div class=\"wp-block-column is-layout-flow wp-block-column-is-layout-flow\" style=\"flex-basis:25%\">\n<figure class=\"wp-block-image size-full\"><img loading=\"lazy\" decoding=\"async\" width=\"230\" height=\"263\" src=\"https:\/\/familienforschung-tecklenburger-land.de\/wp-content\/uploads\/2023\/05\/Bild14.jpg\" alt=\"\" class=\"wp-image-2189\"\/><\/figure>\n<\/div>\n\n\n\n<div class=\"wp-block-column is-layout-flow wp-block-column-is-layout-flow\" style=\"flex-basis:50%\">\n<p class=\"has-small-font-size\"><a href=\"http:\/\/www.ahlengen.de\/\">Arbeitskreis Familienforschung \u00d6stliches M\u00fcnsterland e.V.<\/a><\/p>\n\n\n\n<p class=\"has-small-font-size\">Enniger bei <a href=\"http:\/\/de.wikipedia.org\/wiki\/Enniger\">Wikipedia<\/a><\/p>\n\n\n\n<p class=\"has-small-font-size\">Wikipedia: <a href=\"http:\/\/de.wikipedia.org\/wiki\/J%C3%BCdische_Gemeinde_Enniger\">J\u00fcdische Gemeinde Enniger<\/a><\/p>\n\n\n\n<p class=\"has-small-font-size\"><a href=\"http:\/\/www.lwl.org\/kulturatlas\/Ortsteil\/764\">Kulturatlas Westfalen<\/a><\/p>\n\n\n\n<p class=\"has-small-font-size\"><a href=\"http:\/\/www.heimatverein-enniger.de\/\">Heimatverein Enniger<\/a><\/p>\n\n\n\n<p class=\"has-small-font-size\"><a href=\"http:\/\/www.sandralicher.de\/index.php?id=36\">\u00dcber die Ermordung der Elisabeth Sch\u00fctte aus Enniger<\/a><\/p>\n\n\n\n<p class=\"has-small-font-size\"><a href=\"http:\/\/www.sandralicher.de\/index.php?id=89\">\u00dcber die Familie Austermann in Enniger<\/a><\/p>\n<\/div>\n\n\n\n<div class=\"wp-block-column is-layout-flow wp-block-column-is-layout-flow\" style=\"flex-basis:25%\">\n<figure class=\"wp-block-image size-full\"><img loading=\"lazy\" decoding=\"async\" width=\"230\" height=\"152\" src=\"https:\/\/familienforschung-tecklenburger-land.de\/wp-content\/uploads\/2023\/05\/Bild7.jpg\" alt=\"\" class=\"wp-image-2185\"\/><\/figure>\n\n\n\n<p class=\"has-small-font-size\">Die Gastst\u00e4tte Austermann<\/p>\n<\/div>\n<\/div>\n\n\n\n<h2 class=\"wp-block-heading\" id=\"Enniger-Quellen\">Genealogische Quellen<\/h2>\n\n\n\n<div class=\"wp-block-columns is-layout-flex wp-container-core-columns-is-layout-9d6595d7 wp-block-columns-is-layout-flex\">\n<div class=\"wp-block-column is-layout-flow wp-block-column-is-layout-flow\" style=\"flex-basis:25%\">\n<h3 class=\"wp-block-heading\">Archive:<\/h3>\n\n\n\n<p class=\"has-small-font-size\"><a href=\"http:\/\/www.archive.nrw.de\">LAV Staats- und Personenstandsarchiv Detmold<\/a><br>und Landesarchiv Nordrhein-Westfalen Abteilung Ostwestfalen-Lippe<br>Willi-Hofmann-Stra\u00dfe 2, 32756 Detmold<br><a href=\"mailto:owl@lav.nrw.de\">E-Mail<\/a><br>Tel.: 05231\/7660<br>\u00d6ffnungszeiten:<br>Mo: 8 &#8211; 19 Uhr, Di &#8211; Do: 8 &#8211; 16 Uhr<br>Fr: 8 &#8211; 13 Uhr<br>Aushebungen: Mo &#8211; Do: 9, 10, 11, 12, 13:30, 14:30 Uhr<br>Fr: 9, 10, 11:30 Uhr<\/p>\n\n\n\n<p class=\"has-small-font-size\"><strong>Vereinigte Westf\u00e4lische Adelsarchive e.V.<\/strong><br><strong><a href=\"http:\/\/www.lwl-archivamt.de\">LWL-Archivamt f\u00fcr Westfalen<\/a><\/strong><br>Jahnstr. 26, 48147 M\u00fcnster<br>Tel.: 0251-5913890<br><a href=\"mailto:adelsarchive@lwl.org\">E-Mail<\/a><br>\u00d6ffnungszeiten:<br>Mo &#8211; Fr: 8.30 &#8211; 18 Uhr<\/p>\n\n\n\n<p class=\"has-small-font-size\">Archiv des <a href=\"http:\/\/www.heimatverein-enniger.de\/\">Heimatvereines Enniger<\/a><br>Heimathaus am Kirchplatz<br>info@heimatverein-enniger.de<\/p>\n<\/div>\n\n\n\n<div class=\"wp-block-column is-layout-flow wp-block-column-is-layout-flow\" style=\"flex-basis:50%\">\n<h3 class=\"wp-block-heading\">Matricula<\/h3>\n\n\n\n<p class=\"has-small-font-size\">Kirchenb\u00fccher online einsehbar:<\/p>\n\n\n\n<p class=\"has-small-font-size\"><a href=\"https:\/\/data.matricula-online.eu\/de\/deutschland\/muenster\/enniger-st-mauritius\/\">Enniger, St. Mauritius<\/a><\/p>\n\n\n\n<h3 class=\"wp-block-heading\">Arbeitskreis Familienforschung \u00d6stliches M\u00fcnsterland e.V.<\/h3>\n\n\n\n<p class=\"has-small-font-size\">In der Bibliothek in Ahlen (Dormitorium, Beckum, S\u00fcdstra\u00dfe 21) gibt es eine Liste mit den \u00c4nderungen der Hausnummern, die in Enniger stattfand. In dieser Liste sid alle H\u00e4user und Namen mit alter und neuer Hausnummer verzeichnet.<\/p>\n\n\n\n<p class=\"has-small-font-size\">Desweiteren gibt es dort noch eine Liste anl\u00e4sslich der Stra\u00dfnumbenennung von 1963.<\/p>\n\n\n\n<p class=\"has-small-font-size\">Adressb\u00fccher von Enniger sind dort vorhanden von den Jahren 1912, 1913, 1938, 1957 und 1966.<\/p>\n\n\n\n<h3 class=\"wp-block-heading\">Archiv des Heimatvereines Enniger<\/h3>\n\n\n\n<p class=\"has-small-font-size\">Im Heimathaus an der Kirche verbirgt sich das umfangreiche <a href=\"http:\/\/www.heimatverein-enniger.de\/arbeitsgruppen.html#Archiv\">Archiv des Heimatvereines in Enniger<\/a>. Gelagert werden hier zum Beispiel B\u00fccher und Zeitschriften, Urkunden verschiedenster Art, Fotos und Bilder, Kriegsdokumente, Briefe, Landkarten, Hofakten und vieles mehr.<\/p>\n<\/div>\n\n\n\n<div class=\"wp-block-column is-layout-flow wp-block-column-is-layout-flow\" style=\"flex-basis:25%\">\n<h3 class=\"wp-block-heading\">Archive:<\/h3>\n\n\n\n<p class=\"has-small-font-size\"><a href=\"http:\/\/www.archive.nrw.de\">Bistumsarchiv M\u00fcnster<\/a><br>Georgskommende 19, 48143 M\u00fcnster<br>Telefon: 0251\/495-518<br><a href=\"mailto:bistumsarchiv@bistum-muenster.de\">E-Mail<\/a><\/p>\n\n\n\n<p class=\"has-small-font-size\"><a href=\"http:\/\/www.archive.nrw.de\/kommunalarchive\/kommunalarchive_u-z\/w\/WarendorfKreis\/wir_ueber_uns\/index.php\">Kreisarchiv Warendorf<\/a><br>Waldenburger Stra\u00dfe 2<br>48231 Warendorf<br>kreisarchiv@kreis-warendorf.de<br>Telefon: 02581\/53-1040<\/p>\n\n\n\n<p class=\"has-small-font-size\"><strong>\u00d6ffnungszeiten<\/strong><br>Montag &#8211; Mittwoch: 8:00 &#8211; 12:00 Uhr<br>Donnerstag: 8:00 &#8211; 16:00 Uhr<br>Freitag: 8:00 &#8211; 12:00 Uhr<br>oder nach vorheriger Vereinbarung<\/p>\n\n\n\n<p class=\"has-small-font-size\"><strong><a href=\"http:\/\/www.archive.nrw.de\">Landesarchiv NRW<\/a><\/strong><br><strong>Abteilung Westfalen<\/strong><br>Bohlweg 2, 48147 M\u00fcnster<br>Telefon: 0521-48850, <a href=\"mailto:westfalen@lav.nrw.de\">E-Mail<\/a><br>\u00d6ffnungszeiten:<br>Mo &#8211; Mi, Fr. 8.30 &#8211; 16 Uhr<br>Do 8.30 &#8211; 18 Uhr<br>Aushebungen um 9, 11.30 und 14 Uhr<\/p>\n<\/div>\n<\/div>\n\n\n\n<h2 class=\"wp-block-heading\" id=\"Enniger-Fundstuecke\">Fundst\u00fccke<\/h2>\n\n\n\n<div class=\"wp-block-columns is-layout-flex wp-container-core-columns-is-layout-9d6595d7 wp-block-columns-is-layout-flex\">\n<div class=\"wp-block-column is-layout-flow wp-block-column-is-layout-flow\" style=\"flex-basis:25%\">\n<h3 class=\"wp-block-heading\">Einige Zufallsfunde:<\/h3>\n\n\n\n<p class=\"has-small-font-size\">Amtsblatt der k\u00f6niglichen Regierung zu Minden, Ausgabe 2. September 1864<br>Dem bisherigen Maurergesellen <strong>Joseph Jungfermann <\/strong>aus Enniger, Regierungsbezirk M\u00fcnster, ist nach bestandener Pr\u00fcfung das Bef\u00e4higungs- Zeugni\u00df als Meister ertheilt worden.<br>Minden, den 12. August 1864<\/p>\n\n\n\n<p class=\"has-small-font-size\">Johann Heinrich Schalkamp gent. Brester (verstorben 01.05.1861 in Enniger)<br>angeblich um 1782 in Enniger oder Umgebung geboren<br>Anna Gertrud Brester (vestorben am 03.03.1822 in Enniger)<br>angeblich am 21.04.1782 in Enniger geboren &#8211; im KB nicht zu finden<\/p>\n\n\n\n<p><strong>K\u00f6nigliches Gymnasium zu M\u00fcnster (1851\/52\/53)<\/strong><\/p>\n\n\n\n<ol class=\"wp-block-list\" start=\"29\">\n<li class=\"has-small-font-size\">Pellengahr, Adolph, aus Enniger, kath, studirt Theologie und Philologie in M\u00fcnster,<\/li>\n<\/ol>\n\n\n\n<p><strong>Geistliche Di\u00f6zese M\u00fcnster 1938<\/strong><\/p>\n\n\n\n<p class=\"has-small-font-size\">Dahlkamp, Alois, Enniger<\/p>\n\n\n\n<p class=\"has-small-font-size\">Br\u00f6ker, Wilhelm, Enniger<\/p>\n\n\n\n<p class=\"has-small-font-size\">Amtsblatt der K\u00f6niglichen Regierung zu Minden Ausgabe 19. October 1838<br>Bei der am 6. und 7. d Mts. im Nebenschullehrer-Seminarium zu Langenhorst abgehaltenen Pr\u00fcfung sind folgende Seminaristen f\u00fcr w\u00e4hlbar zu Nenebschulstellen erkl\u00e4rt worden und angewiesen, ihre Zeugnisse mit den Abschriften der Pr\u00fcfungs-Protokolle den Schul-Inspektoren ihrer Wohnorte vorzuzeigen.<\/p>\n\n\n\n<p class=\"has-small-font-size\">Th. Heinr. L\u00fctkenhus aus Enniger<\/p>\n\n\n\n<figure class=\"wp-block-image size-full\"><img loading=\"lazy\" decoding=\"async\" width=\"230\" height=\"192\" src=\"https:\/\/familienforschung-tecklenburger-land.de\/wp-content\/uploads\/2023\/05\/Bild13-1.jpg\" alt=\"\" class=\"wp-image-2316\"\/><\/figure>\n\n\n\n<p><\/p>\n\n\n\n<figure class=\"wp-block-image size-full\"><img loading=\"lazy\" decoding=\"async\" width=\"230\" height=\"327\" src=\"https:\/\/familienforschung-tecklenburger-land.de\/wp-content\/uploads\/2023\/05\/Bild65.jpg\" alt=\"\" class=\"wp-image-2317\" srcset=\"https:\/\/familienforschung-tecklenburger-land.de\/wp-content\/uploads\/2023\/05\/Bild65.jpg 230w, https:\/\/familienforschung-tecklenburger-land.de\/wp-content\/uploads\/2023\/05\/Bild65-211x300.jpg 211w\" sizes=\"auto, (max-width: 230px) 100vw, 230px\" \/><\/figure>\n\n\n\n<p><\/p>\n\n\n\n<figure class=\"wp-block-image size-full\"><img loading=\"lazy\" decoding=\"async\" width=\"230\" height=\"154\" src=\"https:\/\/familienforschung-tecklenburger-land.de\/wp-content\/uploads\/2023\/05\/Bild19.jpg\" alt=\"\" class=\"wp-image-2318\"\/><\/figure>\n<\/div>\n\n\n\n<div class=\"wp-block-column is-layout-flow wp-block-column-is-layout-flow\" style=\"flex-basis:50%\">\n<h3 class=\"wp-block-heading\">Ehrentafel f\u00fcr die Gefallenen und Vermissten aus dem 2. Weltkrieg<\/h3>\n\n\n\n<p class=\"has-small-font-size\">Leider liegt uns nur eine Kopie dieser Ehrentafel vor. Diese Kopie liegt im Archiv des Heimatvereines in Enniger.<\/p>\n\n\n\n<figure class=\"wp-block-gallery has-nested-images columns-default is-cropped wp-block-gallery-1 is-layout-flex wp-block-gallery-is-layout-flex\">\n<figure class=\"wp-block-image size-large\"><img loading=\"lazy\" decoding=\"async\" width=\"150\" height=\"206\" data-id=\"2193\" src=\"https:\/\/familienforschung-tecklenburger-land.de\/wp-content\/uploads\/2023\/05\/Gefallene-Adrian-H.jpg\" alt=\"\" class=\"wp-image-2193\"\/><\/figure>\n\n\n\n<figure class=\"wp-block-image size-large\"><img loading=\"lazy\" decoding=\"async\" width=\"150\" height=\"192\" data-id=\"2194\" src=\"https:\/\/familienforschung-tecklenburger-land.de\/wp-content\/uploads\/2023\/05\/Gefallene-Adrian-H1.jpg\" alt=\"\" class=\"wp-image-2194\"\/><\/figure>\n\n\n\n<figure class=\"wp-block-image size-large\"><img loading=\"lazy\" decoding=\"async\" width=\"150\" height=\"194\" data-id=\"2195\" src=\"https:\/\/familienforschung-tecklenburger-land.de\/wp-content\/uploads\/2023\/05\/Gefallene-Albert-B.jpg\" alt=\"\" class=\"wp-image-2195\"\/><\/figure>\n\n\n\n<figure class=\"wp-block-image size-large\"><img loading=\"lazy\" decoding=\"async\" width=\"150\" height=\"181\" data-id=\"2196\" src=\"https:\/\/familienforschung-tecklenburger-land.de\/wp-content\/uploads\/2023\/05\/Gefallene-Austermann-H.jpg\" alt=\"\" class=\"wp-image-2196\"\/><\/figure>\n\n\n\n<figure class=\"wp-block-image size-large\"><img loading=\"lazy\" decoding=\"async\" width=\"150\" height=\"217\" data-id=\"2197\" src=\"https:\/\/familienforschung-tecklenburger-land.de\/wp-content\/uploads\/2023\/05\/Gefallene-Averhage-G.jpg\" alt=\"\" class=\"wp-image-2197\"\/><\/figure>\n\n\n\n<figure class=\"wp-block-image size-large\"><img loading=\"lazy\" decoding=\"async\" width=\"150\" height=\"200\" data-id=\"2198\" src=\"https:\/\/familienforschung-tecklenburger-land.de\/wp-content\/uploads\/2023\/05\/Gefallene-Berklas-B.jpg\" alt=\"\" class=\"wp-image-2198\"\/><\/figure>\n\n\n\n<figure class=\"wp-block-image size-large\"><img loading=\"lazy\" decoding=\"async\" width=\"150\" height=\"193\" data-id=\"2199\" src=\"https:\/\/familienforschung-tecklenburger-land.de\/wp-content\/uploads\/2023\/05\/Gefallene-Beste-J.jpg\" alt=\"\" class=\"wp-image-2199\"\/><\/figure>\n\n\n\n<figure class=\"wp-block-image size-large\"><img loading=\"lazy\" decoding=\"async\" width=\"150\" height=\"176\" data-id=\"2200\" src=\"https:\/\/familienforschung-tecklenburger-land.de\/wp-content\/uploads\/2023\/05\/Gefallene-Beumer-B.jpg\" alt=\"\" class=\"wp-image-2200\"\/><\/figure>\n\n\n\n<figure class=\"wp-block-image size-large\"><img loading=\"lazy\" decoding=\"async\" width=\"150\" height=\"164\" data-id=\"2206\" src=\"https:\/\/familienforschung-tecklenburger-land.de\/wp-content\/uploads\/2023\/05\/Gefallene-Beumker-H.jpg\" alt=\"\" class=\"wp-image-2206\"\/><\/figure>\n\n\n\n<figure class=\"wp-block-image size-large\"><img loading=\"lazy\" decoding=\"async\" width=\"150\" height=\"185\" data-id=\"2208\" src=\"https:\/\/familienforschung-tecklenburger-land.de\/wp-content\/uploads\/2023\/05\/Gefallene-Bleckmann-B.jpg\" alt=\"\" class=\"wp-image-2208\"\/><\/figure>\n\n\n\n<figure class=\"wp-block-image size-large\"><img loading=\"lazy\" decoding=\"async\" width=\"150\" height=\"213\" data-id=\"2201\" src=\"https:\/\/familienforschung-tecklenburger-land.de\/wp-content\/uploads\/2023\/05\/Gefallene-Boecker-A.jpg\" alt=\"\" class=\"wp-image-2201\"\/><\/figure>\n\n\n\n<figure class=\"wp-block-image size-large\"><img loading=\"lazy\" decoding=\"async\" width=\"150\" height=\"208\" data-id=\"2202\" src=\"https:\/\/familienforschung-tecklenburger-land.de\/wp-content\/uploads\/2023\/05\/Gefallene-Boecker-T.jpg\" alt=\"\" class=\"wp-image-2202\"\/><\/figure>\n\n\n\n<figure class=\"wp-block-image size-large\"><img loading=\"lazy\" decoding=\"async\" width=\"150\" height=\"211\" data-id=\"2203\" src=\"https:\/\/familienforschung-tecklenburger-land.de\/wp-content\/uploads\/2023\/05\/Gefallene-Bockholt-W.jpg\" alt=\"\" class=\"wp-image-2203\"\/><\/figure>\n\n\n\n<figure class=\"wp-block-image size-large\"><img loading=\"lazy\" decoding=\"async\" width=\"150\" height=\"226\" data-id=\"2204\" src=\"https:\/\/familienforschung-tecklenburger-land.de\/wp-content\/uploads\/2023\/05\/Gefallene-Brester-B.jpg\" alt=\"\" class=\"wp-image-2204\"\/><\/figure>\n\n\n\n<figure class=\"wp-block-image size-large\"><img loading=\"lazy\" decoding=\"async\" width=\"150\" height=\"184\" data-id=\"2205\" src=\"https:\/\/familienforschung-tecklenburger-land.de\/wp-content\/uploads\/2023\/05\/Gefallene-Deipenbrock-B.jpg\" alt=\"\" class=\"wp-image-2205\"\/><\/figure>\n\n\n\n<figure class=\"wp-block-image size-large\"><img loading=\"lazy\" decoding=\"async\" width=\"150\" height=\"231\" data-id=\"2207\" src=\"https:\/\/familienforschung-tecklenburger-land.de\/wp-content\/uploads\/2023\/05\/Gefallene-Denis-W.jpg\" alt=\"\" class=\"wp-image-2207\"\/><\/figure>\n\n\n\n<figure class=\"wp-block-image size-large\"><img loading=\"lazy\" decoding=\"async\" width=\"150\" height=\"213\" data-id=\"2213\" src=\"https:\/\/familienforschung-tecklenburger-land.de\/wp-content\/uploads\/2023\/05\/Gefallene-Eiling-H.jpg\" alt=\"\" class=\"wp-image-2213\"\/><\/figure>\n\n\n\n<figure class=\"wp-block-image size-large\"><img loading=\"lazy\" decoding=\"async\" width=\"150\" height=\"242\" data-id=\"2209\" src=\"https:\/\/familienforschung-tecklenburger-land.de\/wp-content\/uploads\/2023\/05\/Gefallene-Eiling-H1.jpg\" alt=\"\" class=\"wp-image-2209\"\/><\/figure>\n\n\n\n<figure class=\"wp-block-image size-large\"><img loading=\"lazy\" decoding=\"async\" width=\"150\" height=\"249\" data-id=\"2211\" src=\"https:\/\/familienforschung-tecklenburger-land.de\/wp-content\/uploads\/2023\/05\/Gefallene-Eiling-R.jpg\" alt=\"\" class=\"wp-image-2211\"\/><\/figure>\n\n\n\n<figure class=\"wp-block-image size-large\"><img loading=\"lazy\" decoding=\"async\" width=\"150\" height=\"178\" data-id=\"2210\" src=\"https:\/\/familienforschung-tecklenburger-land.de\/wp-content\/uploads\/2023\/05\/Gefallene-Engelberts-A.jpg\" alt=\"\" class=\"wp-image-2210\"\/><\/figure>\n\n\n\n<figure class=\"wp-block-image size-large\"><img loading=\"lazy\" decoding=\"async\" width=\"150\" height=\"177\" data-id=\"2212\" src=\"https:\/\/familienforschung-tecklenburger-land.de\/wp-content\/uploads\/2023\/05\/Gefallene-Engelberts-G.jpg\" alt=\"\" class=\"wp-image-2212\"\/><\/figure>\n\n\n\n<figure class=\"wp-block-image size-large\"><img loading=\"lazy\" decoding=\"async\" width=\"150\" height=\"196\" data-id=\"2220\" src=\"https:\/\/familienforschung-tecklenburger-land.de\/wp-content\/uploads\/2023\/05\/Gefallene-Erdboerger-J.jpg\" alt=\"\" class=\"wp-image-2220\"\/><\/figure>\n\n\n\n<figure class=\"wp-block-image size-large\"><img loading=\"lazy\" decoding=\"async\" width=\"150\" height=\"174\" data-id=\"2214\" src=\"https:\/\/familienforschung-tecklenburger-land.de\/wp-content\/uploads\/2023\/05\/Gefallene-Fleuter-J.jpg\" alt=\"\" class=\"wp-image-2214\"\/><\/figure>\n\n\n\n<figure class=\"wp-block-image size-large\"><img loading=\"lazy\" decoding=\"async\" width=\"150\" height=\"213\" data-id=\"2215\" src=\"https:\/\/familienforschung-tecklenburger-land.de\/wp-content\/uploads\/2023\/05\/Gefallene-Fromme-B.jpg\" alt=\"\" class=\"wp-image-2215\"\/><\/figure>\n\n\n\n<figure class=\"wp-block-image size-large\"><img loading=\"lazy\" decoding=\"async\" width=\"150\" height=\"235\" data-id=\"2216\" src=\"https:\/\/familienforschung-tecklenburger-land.de\/wp-content\/uploads\/2023\/05\/Gefallene-Fromme-H.jpg\" alt=\"\" class=\"wp-image-2216\"\/><\/figure>\n\n\n\n<figure class=\"wp-block-image size-large\"><img loading=\"lazy\" decoding=\"async\" width=\"150\" height=\"211\" data-id=\"2218\" src=\"https:\/\/familienforschung-tecklenburger-land.de\/wp-content\/uploads\/2023\/05\/Gefallene-Gahlen-H.jpg\" alt=\"\" class=\"wp-image-2218\"\/><\/figure>\n\n\n\n<figure class=\"wp-block-image size-large\"><img loading=\"lazy\" decoding=\"async\" width=\"150\" height=\"196\" data-id=\"2217\" src=\"https:\/\/familienforschung-tecklenburger-land.de\/wp-content\/uploads\/2023\/05\/Gefallene-Gahlen-Th.jpg\" alt=\"\" class=\"wp-image-2217\"\/><\/figure>\n\n\n\n<figure class=\"wp-block-image size-large\"><img loading=\"lazy\" decoding=\"async\" width=\"150\" height=\"182\" data-id=\"2219\" src=\"https:\/\/familienforschung-tecklenburger-land.de\/wp-content\/uploads\/2023\/05\/Gefallene-Gallenkemper-J.jpg\" alt=\"\" class=\"wp-image-2219\"\/><\/figure>\n\n\n\n<figure class=\"wp-block-image size-large\"><img loading=\"lazy\" decoding=\"async\" width=\"150\" height=\"210\" data-id=\"2221\" src=\"https:\/\/familienforschung-tecklenburger-land.de\/wp-content\/uploads\/2023\/05\/Gefallene-Goerke-H.jpg\" alt=\"\" class=\"wp-image-2221\"\/><\/figure>\n\n\n\n<figure class=\"wp-block-image size-large\"><img loading=\"lazy\" decoding=\"async\" width=\"150\" height=\"206\" data-id=\"2222\" src=\"https:\/\/familienforschung-tecklenburger-land.de\/wp-content\/uploads\/2023\/05\/Gefallene-Grundkoetter-B.jpg\" alt=\"\" class=\"wp-image-2222\"\/><\/figure>\n\n\n\n<figure class=\"wp-block-image size-large\"><img loading=\"lazy\" decoding=\"async\" width=\"150\" height=\"179\" data-id=\"2223\" src=\"https:\/\/familienforschung-tecklenburger-land.de\/wp-content\/uploads\/2023\/05\/Gefallene-Halburt-B.jpg\" alt=\"\" class=\"wp-image-2223\"\/><\/figure>\n\n\n\n<figure class=\"wp-block-image size-large\"><img loading=\"lazy\" decoding=\"async\" width=\"150\" height=\"190\" data-id=\"2224\" src=\"https:\/\/familienforschung-tecklenburger-land.de\/wp-content\/uploads\/2023\/05\/Gefallene-Hanskoetter-A.jpg\" alt=\"\" class=\"wp-image-2224\"\/><\/figure>\n\n\n\n<figure class=\"wp-block-image size-large\"><img loading=\"lazy\" decoding=\"async\" width=\"150\" height=\"196\" data-id=\"2225\" src=\"https:\/\/familienforschung-tecklenburger-land.de\/wp-content\/uploads\/2023\/05\/Gefallene-Hanskoetter-W.jpg\" alt=\"\" class=\"wp-image-2225\"\/><\/figure>\n\n\n\n<figure class=\"wp-block-image size-large\"><img loading=\"lazy\" decoding=\"async\" width=\"150\" height=\"214\" data-id=\"2226\" src=\"https:\/\/familienforschung-tecklenburger-land.de\/wp-content\/uploads\/2023\/05\/Gefallene-Hoppe-E.jpg\" alt=\"\" class=\"wp-image-2226\"\/><\/figure>\n\n\n\n<figure class=\"wp-block-image size-large\"><img loading=\"lazy\" decoding=\"async\" width=\"150\" height=\"205\" data-id=\"2227\" src=\"https:\/\/familienforschung-tecklenburger-land.de\/wp-content\/uploads\/2023\/05\/Gefallene-Hoppe-N.jpg\" alt=\"\" class=\"wp-image-2227\"\/><\/figure>\n\n\n\n<figure class=\"wp-block-image size-large\"><img loading=\"lazy\" decoding=\"async\" width=\"150\" height=\"174\" data-id=\"2236\" src=\"https:\/\/familienforschung-tecklenburger-land.de\/wp-content\/uploads\/2023\/05\/Gefallene-Hoppe-P.jpg\" alt=\"\" class=\"wp-image-2236\"\/><\/figure>\n\n\n\n<figure class=\"wp-block-image size-large\"><img loading=\"lazy\" decoding=\"async\" width=\"150\" height=\"191\" data-id=\"2228\" src=\"https:\/\/familienforschung-tecklenburger-land.de\/wp-content\/uploads\/2023\/05\/Gefallene-Hueerkamp-W.jpg\" alt=\"\" class=\"wp-image-2228\"\/><\/figure>\n\n\n\n<figure class=\"wp-block-image size-large\"><img loading=\"lazy\" decoding=\"async\" width=\"150\" height=\"176\" data-id=\"2229\" src=\"https:\/\/familienforschung-tecklenburger-land.de\/wp-content\/uploads\/2023\/05\/Gefallene-Huevelhaus-B.jpg\" alt=\"\" class=\"wp-image-2229\"\/><\/figure>\n\n\n\n<figure class=\"wp-block-image size-large\"><img loading=\"lazy\" decoding=\"async\" width=\"150\" height=\"186\" data-id=\"2230\" src=\"https:\/\/familienforschung-tecklenburger-land.de\/wp-content\/uploads\/2023\/05\/Gefallene-Huevelhaus-T.jpg\" alt=\"\" class=\"wp-image-2230\"\/><\/figure>\n\n\n\n<figure class=\"wp-block-image size-large\"><img loading=\"lazy\" decoding=\"async\" width=\"150\" height=\"204\" data-id=\"2231\" src=\"https:\/\/familienforschung-tecklenburger-land.de\/wp-content\/uploads\/2023\/05\/Gefallene-Joerdens-K.jpg\" alt=\"\" class=\"wp-image-2231\"\/><\/figure>\n\n\n\n<figure class=\"wp-block-image size-large\"><img loading=\"lazy\" decoding=\"async\" width=\"150\" height=\"218\" data-id=\"2232\" src=\"https:\/\/familienforschung-tecklenburger-land.de\/wp-content\/uploads\/2023\/05\/Gefallene-Kaiser-H.jpg\" alt=\"\" class=\"wp-image-2232\"\/><\/figure>\n\n\n\n<figure class=\"wp-block-image size-large\"><img loading=\"lazy\" decoding=\"async\" width=\"150\" height=\"210\" data-id=\"2233\" src=\"https:\/\/familienforschung-tecklenburger-land.de\/wp-content\/uploads\/2023\/05\/Gefallene-Kerkloh-K.jpg\" alt=\"\" class=\"wp-image-2233\"\/><\/figure>\n\n\n\n<figure class=\"wp-block-image size-large\"><img loading=\"lazy\" decoding=\"async\" width=\"150\" height=\"194\" data-id=\"2234\" src=\"https:\/\/familienforschung-tecklenburger-land.de\/wp-content\/uploads\/2023\/05\/Gefallene-Kissenbeck-H.jpg\" alt=\"\" class=\"wp-image-2234\"\/><\/figure>\n\n\n\n<figure class=\"wp-block-image size-large\"><img loading=\"lazy\" decoding=\"async\" width=\"150\" height=\"172\" data-id=\"2235\" src=\"https:\/\/familienforschung-tecklenburger-land.de\/wp-content\/uploads\/2023\/05\/Gefallene-Knipping-G.jpg\" alt=\"\" class=\"wp-image-2235\"\/><\/figure>\n\n\n\n<figure class=\"wp-block-image size-large\"><img loading=\"lazy\" decoding=\"async\" width=\"150\" height=\"178\" data-id=\"2237\" src=\"https:\/\/familienforschung-tecklenburger-land.de\/wp-content\/uploads\/2023\/05\/Gefallene-Knollmeier-B.jpg\" alt=\"\" class=\"wp-image-2237\"\/><\/figure>\n\n\n\n<figure class=\"wp-block-image size-large\"><img loading=\"lazy\" decoding=\"async\" width=\"150\" height=\"212\" data-id=\"2244\" src=\"https:\/\/familienforschung-tecklenburger-land.de\/wp-content\/uploads\/2023\/05\/Gefallene-Kohlstadt-F.jpg\" alt=\"\" class=\"wp-image-2244\"\/><\/figure>\n\n\n\n<figure class=\"wp-block-image size-large\"><img loading=\"lazy\" decoding=\"async\" width=\"150\" height=\"188\" data-id=\"2238\" src=\"https:\/\/familienforschung-tecklenburger-land.de\/wp-content\/uploads\/2023\/05\/Gefallene-Kohlstedde-A.jpg\" alt=\"\" class=\"wp-image-2238\"\/><\/figure>\n\n\n\n<figure class=\"wp-block-image size-large\"><img loading=\"lazy\" decoding=\"async\" width=\"150\" height=\"218\" data-id=\"2239\" src=\"https:\/\/familienforschung-tecklenburger-land.de\/wp-content\/uploads\/2023\/05\/Gefallene-Koenig-H.jpg\" alt=\"\" class=\"wp-image-2239\"\/><\/figure>\n\n\n\n<figure class=\"wp-block-image size-large\"><img loading=\"lazy\" decoding=\"async\" width=\"150\" height=\"148\" data-id=\"2243\" src=\"https:\/\/familienforschung-tecklenburger-land.de\/wp-content\/uploads\/2023\/05\/Gefallene-Kottenstedde-A.jpg\" alt=\"\" class=\"wp-image-2243\"\/><\/figure>\n\n\n\n<figure class=\"wp-block-image size-large\"><img loading=\"lazy\" decoding=\"async\" width=\"150\" height=\"207\" data-id=\"2241\" src=\"https:\/\/familienforschung-tecklenburger-land.de\/wp-content\/uploads\/2023\/05\/Gefallene-Leier-P.jpg\" alt=\"\" class=\"wp-image-2241\"\/><\/figure>\n\n\n\n<figure class=\"wp-block-image size-large\"><img loading=\"lazy\" decoding=\"async\" width=\"150\" height=\"207\" data-id=\"2240\" src=\"https:\/\/familienforschung-tecklenburger-land.de\/wp-content\/uploads\/2023\/05\/Gefallene-Leitmann-W.jpg\" alt=\"\" class=\"wp-image-2240\"\/><\/figure>\n\n\n\n<figure class=\"wp-block-image size-large\"><img loading=\"lazy\" decoding=\"async\" width=\"150\" height=\"188\" data-id=\"2242\" src=\"https:\/\/familienforschung-tecklenburger-land.de\/wp-content\/uploads\/2023\/05\/Gefallene-Lienkamp-A.jpg\" alt=\"\" class=\"wp-image-2242\"\/><\/figure>\n\n\n\n<figure class=\"wp-block-image size-large\"><img loading=\"lazy\" decoding=\"async\" width=\"150\" height=\"199\" data-id=\"2245\" src=\"https:\/\/familienforschung-tecklenburger-land.de\/wp-content\/uploads\/2023\/05\/Gefallene-Linnemann-H.jpg\" alt=\"\" class=\"wp-image-2245\"\/><\/figure>\n\n\n\n<figure class=\"wp-block-image size-large\"><img loading=\"lazy\" decoding=\"async\" width=\"150\" height=\"190\" data-id=\"2246\" src=\"https:\/\/familienforschung-tecklenburger-land.de\/wp-content\/uploads\/2023\/05\/Gefallene-Lohmann-H.jpg\" alt=\"\" class=\"wp-image-2246\"\/><\/figure>\n\n\n\n<figure class=\"wp-block-image size-large\"><img loading=\"lazy\" decoding=\"async\" width=\"150\" height=\"176\" data-id=\"2247\" src=\"https:\/\/familienforschung-tecklenburger-land.de\/wp-content\/uploads\/2023\/05\/Gefallene-Lohmann-H1.jpg\" alt=\"\" class=\"wp-image-2247\"\/><\/figure>\n\n\n\n<figure class=\"wp-block-image size-large\"><img loading=\"lazy\" decoding=\"async\" width=\"150\" height=\"187\" data-id=\"2248\" src=\"https:\/\/familienforschung-tecklenburger-land.de\/wp-content\/uploads\/2023\/05\/Gefallene-Lohmann-J.jpg\" alt=\"\" class=\"wp-image-2248\"\/><\/figure>\n\n\n\n<figure class=\"wp-block-image size-large\"><img loading=\"lazy\" decoding=\"async\" width=\"150\" height=\"196\" data-id=\"2249\" src=\"https:\/\/familienforschung-tecklenburger-land.de\/wp-content\/uploads\/2023\/05\/Gefallene-Lutterbeck-A.jpg\" alt=\"\" class=\"wp-image-2249\"\/><\/figure>\n\n\n\n<figure class=\"wp-block-image size-large\"><img loading=\"lazy\" decoding=\"async\" width=\"150\" height=\"185\" data-id=\"2253\" src=\"https:\/\/familienforschung-tecklenburger-land.de\/wp-content\/uploads\/2023\/05\/Gefallene-Lutterbeck-T.jpg\" alt=\"\" class=\"wp-image-2253\"\/><\/figure>\n\n\n\n<figure class=\"wp-block-image size-large\"><img loading=\"lazy\" decoding=\"async\" width=\"150\" height=\"189\" data-id=\"2250\" src=\"https:\/\/familienforschung-tecklenburger-land.de\/wp-content\/uploads\/2023\/05\/Gefallene-Middelhove-B.jpg\" alt=\"\" class=\"wp-image-2250\"\/><\/figure>\n\n\n\n<figure class=\"wp-block-image size-large\"><img loading=\"lazy\" decoding=\"async\" width=\"150\" height=\"175\" data-id=\"2251\" src=\"https:\/\/familienforschung-tecklenburger-land.de\/wp-content\/uploads\/2023\/05\/Gefallene-Muenstermann-H.jpg\" alt=\"\" class=\"wp-image-2251\"\/><\/figure>\n\n\n\n<figure class=\"wp-block-image size-large\"><img loading=\"lazy\" decoding=\"async\" width=\"150\" height=\"202\" data-id=\"2252\" src=\"https:\/\/familienforschung-tecklenburger-land.de\/wp-content\/uploads\/2023\/05\/Gefallene-Noelle-A.jpg\" alt=\"\" class=\"wp-image-2252\"\/><\/figure>\n\n\n\n<figure class=\"wp-block-image size-large\"><img loading=\"lazy\" decoding=\"async\" width=\"150\" height=\"198\" data-id=\"2254\" src=\"https:\/\/familienforschung-tecklenburger-land.de\/wp-content\/uploads\/2023\/05\/Gefallene-Noelle-W.jpg\" alt=\"\" class=\"wp-image-2254\"\/><\/figure>\n\n\n\n<figure class=\"wp-block-image size-large\"><img loading=\"lazy\" decoding=\"async\" width=\"150\" height=\"180\" data-id=\"2255\" src=\"https:\/\/familienforschung-tecklenburger-land.de\/wp-content\/uploads\/2023\/05\/Gefallene-Ormeloh-F.jpg\" alt=\"\" class=\"wp-image-2255\"\/><\/figure>\n\n\n\n<figure class=\"wp-block-image size-large\"><img loading=\"lazy\" decoding=\"async\" width=\"150\" height=\"183\" data-id=\"2256\" src=\"https:\/\/familienforschung-tecklenburger-land.de\/wp-content\/uploads\/2023\/05\/Gefallene-Pieke-H.jpg\" alt=\"\" class=\"wp-image-2256\"\/><\/figure>\n\n\n\n<figure class=\"wp-block-image size-large\"><img loading=\"lazy\" decoding=\"async\" width=\"150\" height=\"190\" data-id=\"2257\" src=\"https:\/\/familienforschung-tecklenburger-land.de\/wp-content\/uploads\/2023\/05\/Gefallene-Poeppelmann-B.jpg\" alt=\"\" class=\"wp-image-2257\"\/><\/figure>\n\n\n\n<figure class=\"wp-block-image size-large\"><img loading=\"lazy\" decoding=\"async\" width=\"150\" height=\"164\" data-id=\"2258\" src=\"https:\/\/familienforschung-tecklenburger-land.de\/wp-content\/uploads\/2023\/05\/Gefallene-Poeppelmann-P.jpg\" alt=\"\" class=\"wp-image-2258\"\/><\/figure>\n\n\n\n<figure class=\"wp-block-image size-large\"><img loading=\"lazy\" decoding=\"async\" width=\"150\" height=\"168\" data-id=\"2259\" src=\"https:\/\/familienforschung-tecklenburger-land.de\/wp-content\/uploads\/2023\/05\/Gefallene-Poesentrup-K.jpg\" alt=\"\" class=\"wp-image-2259\"\/><\/figure>\n\n\n\n<figure class=\"wp-block-image size-large\"><img loading=\"lazy\" decoding=\"async\" width=\"150\" height=\"242\" data-id=\"2260\" src=\"https:\/\/familienforschung-tecklenburger-land.de\/wp-content\/uploads\/2023\/05\/Gefallene-Recker-F.jpg\" alt=\"\" class=\"wp-image-2260\"\/><\/figure>\n\n\n\n<figure class=\"wp-block-image size-large\"><img loading=\"lazy\" decoding=\"async\" width=\"150\" height=\"214\" data-id=\"2261\" src=\"https:\/\/familienforschung-tecklenburger-land.de\/wp-content\/uploads\/2023\/05\/Gefallene-Recker-G.jpg\" alt=\"\" class=\"wp-image-2261\"\/><\/figure>\n\n\n\n<figure class=\"wp-block-image size-large\"><img loading=\"lazy\" decoding=\"async\" width=\"150\" height=\"201\" data-id=\"2262\" src=\"https:\/\/familienforschung-tecklenburger-land.de\/wp-content\/uploads\/2023\/05\/Gefallene-Recker-H.jpg\" alt=\"\" class=\"wp-image-2262\"\/><\/figure>\n\n\n\n<figure class=\"wp-block-image size-large\"><img loading=\"lazy\" decoding=\"async\" width=\"150\" height=\"205\" data-id=\"2263\" src=\"https:\/\/familienforschung-tecklenburger-land.de\/wp-content\/uploads\/2023\/05\/Gefallene-Recker-J.jpg\" alt=\"\" class=\"wp-image-2263\"\/><\/figure>\n\n\n\n<figure class=\"wp-block-image size-large\"><img loading=\"lazy\" decoding=\"async\" width=\"150\" height=\"235\" data-id=\"2264\" src=\"https:\/\/familienforschung-tecklenburger-land.de\/wp-content\/uploads\/2023\/05\/Gefallene-Recker-J1.jpg\" alt=\"\" class=\"wp-image-2264\"\/><\/figure>\n\n\n\n<figure class=\"wp-block-image size-large\"><img loading=\"lazy\" decoding=\"async\" width=\"150\" height=\"210\" data-id=\"2270\" src=\"https:\/\/familienforschung-tecklenburger-land.de\/wp-content\/uploads\/2023\/05\/Gefallene-Recker-T.jpg\" alt=\"\" class=\"wp-image-2270\"\/><\/figure>\n\n\n\n<figure class=\"wp-block-image size-large\"><img loading=\"lazy\" decoding=\"async\" width=\"150\" height=\"183\" data-id=\"2266\" src=\"https:\/\/familienforschung-tecklenburger-land.de\/wp-content\/uploads\/2023\/05\/Gefallene-Reckmann-E.jpg\" alt=\"\" class=\"wp-image-2266\"\/><\/figure>\n\n\n\n<figure class=\"wp-block-image size-large\"><img loading=\"lazy\" decoding=\"async\" width=\"150\" height=\"180\" data-id=\"2265\" src=\"https:\/\/familienforschung-tecklenburger-land.de\/wp-content\/uploads\/2023\/05\/Gefallene-Reckmann-J.jpg\" alt=\"\" class=\"wp-image-2265\"\/><\/figure>\n\n\n\n<figure class=\"wp-block-image size-large\"><img loading=\"lazy\" decoding=\"async\" width=\"150\" height=\"224\" data-id=\"2273\" src=\"https:\/\/familienforschung-tecklenburger-land.de\/wp-content\/uploads\/2023\/05\/Gefallene-Roehn-F.jpg\" alt=\"\" class=\"wp-image-2273\"\/><\/figure>\n\n\n\n<figure class=\"wp-block-image size-large\"><img loading=\"lazy\" decoding=\"async\" width=\"150\" height=\"188\" data-id=\"2267\" src=\"https:\/\/familienforschung-tecklenburger-land.de\/wp-content\/uploads\/2023\/05\/Gefallene-Rottmann-B.jpg\" alt=\"\" class=\"wp-image-2267\"\/><\/figure>\n\n\n\n<figure class=\"wp-block-image size-large\"><img loading=\"lazy\" decoding=\"async\" width=\"150\" height=\"197\" data-id=\"2268\" src=\"https:\/\/familienforschung-tecklenburger-land.de\/wp-content\/uploads\/2023\/05\/Gefallene-Roevelkamp-A.jpg\" alt=\"\" class=\"wp-image-2268\"\/><\/figure>\n\n\n\n<figure class=\"wp-block-image size-large\"><img loading=\"lazy\" decoding=\"async\" width=\"150\" height=\"222\" data-id=\"2269\" src=\"https:\/\/familienforschung-tecklenburger-land.de\/wp-content\/uploads\/2023\/05\/Gefallene-Schaefer-A.jpg\" alt=\"\" class=\"wp-image-2269\"\/><\/figure>\n\n\n\n<figure class=\"wp-block-image size-large\"><img loading=\"lazy\" decoding=\"async\" width=\"150\" height=\"182\" data-id=\"2271\" src=\"https:\/\/familienforschung-tecklenburger-land.de\/wp-content\/uploads\/2023\/05\/Gefallene-Schlotmann-B.jpg\" alt=\"\" class=\"wp-image-2271\"\/><\/figure>\n\n\n\n<figure class=\"wp-block-image size-large\"><img loading=\"lazy\" decoding=\"async\" width=\"150\" height=\"191\" data-id=\"2272\" src=\"https:\/\/familienforschung-tecklenburger-land.de\/wp-content\/uploads\/2023\/05\/Gefallene-Schlotmann-J.jpg\" alt=\"\" class=\"wp-image-2272\"\/><\/figure>\n\n\n\n<figure class=\"wp-block-image size-large\"><img loading=\"lazy\" decoding=\"async\" width=\"150\" height=\"171\" data-id=\"2276\" src=\"https:\/\/familienforschung-tecklenburger-land.de\/wp-content\/uploads\/2023\/05\/Gefallene-Schlotmann-M.jpg\" alt=\"\" class=\"wp-image-2276\"\/><\/figure>\n\n\n\n<figure class=\"wp-block-image size-large\"><img loading=\"lazy\" decoding=\"async\" width=\"150\" height=\"169\" data-id=\"2274\" src=\"https:\/\/familienforschung-tecklenburger-land.de\/wp-content\/uploads\/2023\/05\/Gefallene-Schlotmann-W.jpg\" alt=\"\" class=\"wp-image-2274\"\/><\/figure>\n\n\n\n<figure class=\"wp-block-image size-large\"><img loading=\"lazy\" decoding=\"async\" width=\"150\" height=\"201\" data-id=\"2275\" src=\"https:\/\/familienforschung-tecklenburger-land.de\/wp-content\/uploads\/2023\/05\/Gefallene-Schlueter-J.jpg\" alt=\"\" class=\"wp-image-2275\"\/><\/figure>\n\n\n\n<figure class=\"wp-block-image size-large\"><img loading=\"lazy\" decoding=\"async\" width=\"150\" height=\"208\" data-id=\"2277\" src=\"https:\/\/familienforschung-tecklenburger-land.de\/wp-content\/uploads\/2023\/05\/Gefallene-Schneyer-H.jpg\" alt=\"\" class=\"wp-image-2277\"\/><\/figure>\n\n\n\n<figure class=\"wp-block-image size-large\"><img loading=\"lazy\" decoding=\"async\" width=\"150\" height=\"165\" data-id=\"2278\" src=\"https:\/\/familienforschung-tecklenburger-land.de\/wp-content\/uploads\/2023\/05\/Gefallene-Schockmann-J.jpg\" alt=\"\" class=\"wp-image-2278\"\/><\/figure>\n\n\n\n<figure class=\"wp-block-image size-large\"><img loading=\"lazy\" decoding=\"async\" width=\"150\" height=\"207\" data-id=\"2279\" src=\"https:\/\/familienforschung-tecklenburger-land.de\/wp-content\/uploads\/2023\/05\/Gefallene-Schraeder-A.jpg\" alt=\"\" class=\"wp-image-2279\"\/><\/figure>\n\n\n\n<figure class=\"wp-block-image size-large\"><img loading=\"lazy\" decoding=\"async\" width=\"150\" height=\"183\" data-id=\"2280\" src=\"https:\/\/familienforschung-tecklenburger-land.de\/wp-content\/uploads\/2023\/05\/Gefallene-Schraeder-A1.jpg\" alt=\"\" class=\"wp-image-2280\"\/><\/figure>\n\n\n\n<figure class=\"wp-block-image size-large\"><img loading=\"lazy\" decoding=\"async\" width=\"150\" height=\"178\" data-id=\"2281\" src=\"https:\/\/familienforschung-tecklenburger-land.de\/wp-content\/uploads\/2023\/05\/Gefallene-Schraeder-B.jpg\" alt=\"\" class=\"wp-image-2281\"\/><\/figure>\n\n\n\n<figure class=\"wp-block-image size-large\"><img loading=\"lazy\" decoding=\"async\" width=\"150\" height=\"195\" data-id=\"2282\" src=\"https:\/\/familienforschung-tecklenburger-land.de\/wp-content\/uploads\/2023\/05\/Gefallene-Schraeder-Ch.jpg\" alt=\"\" class=\"wp-image-2282\"\/><\/figure>\n\n\n\n<figure class=\"wp-block-image size-large\"><img loading=\"lazy\" decoding=\"async\" width=\"150\" height=\"214\" data-id=\"2283\" src=\"https:\/\/familienforschung-tecklenburger-land.de\/wp-content\/uploads\/2023\/05\/Gefallene-Schraeder-F.jpg\" alt=\"\" class=\"wp-image-2283\"\/><\/figure>\n\n\n\n<figure class=\"wp-block-image size-large\"><img loading=\"lazy\" decoding=\"async\" width=\"150\" height=\"165\" data-id=\"2284\" src=\"https:\/\/familienforschung-tecklenburger-land.de\/wp-content\/uploads\/2023\/05\/Gefallene-Schraeder-F1.jpg\" alt=\"\" class=\"wp-image-2284\"\/><\/figure>\n\n\n\n<figure class=\"wp-block-image size-large\"><img loading=\"lazy\" decoding=\"async\" width=\"150\" height=\"186\" data-id=\"2285\" src=\"https:\/\/familienforschung-tecklenburger-land.de\/wp-content\/uploads\/2023\/05\/Gefallene-Schraeder-K.jpg\" alt=\"\" class=\"wp-image-2285\"\/><\/figure>\n\n\n\n<figure class=\"wp-block-image size-large\"><img loading=\"lazy\" decoding=\"async\" width=\"150\" height=\"178\" data-id=\"2290\" src=\"https:\/\/familienforschung-tecklenburger-land.de\/wp-content\/uploads\/2023\/05\/Gefallene-Schraeder-W.jpg\" alt=\"\" class=\"wp-image-2290\"\/><\/figure>\n\n\n\n<figure class=\"wp-block-image size-large\"><img loading=\"lazy\" decoding=\"async\" width=\"150\" height=\"192\" data-id=\"2286\" src=\"https:\/\/familienforschung-tecklenburger-land.de\/wp-content\/uploads\/2023\/05\/Gefallene-Schraeeder-I.jpg\" alt=\"\" class=\"wp-image-2286\"\/><\/figure>\n\n\n\n<figure class=\"wp-block-image size-large\"><img loading=\"lazy\" decoding=\"async\" width=\"150\" height=\"201\" data-id=\"2287\" src=\"https:\/\/familienforschung-tecklenburger-land.de\/wp-content\/uploads\/2023\/05\/Gefallene-Schulze-Rueckamp-W.jpg\" alt=\"\" class=\"wp-image-2287\"\/><\/figure>\n\n\n\n<figure class=\"wp-block-image size-large\"><img loading=\"lazy\" decoding=\"async\" width=\"150\" height=\"216\" data-id=\"2289\" src=\"https:\/\/familienforschung-tecklenburger-land.de\/wp-content\/uploads\/2023\/05\/Gefallene-Schuette-A.jpg\" alt=\"\" class=\"wp-image-2289\"\/><\/figure>\n\n\n\n<figure class=\"wp-block-image size-large\"><img loading=\"lazy\" decoding=\"async\" width=\"150\" height=\"207\" data-id=\"2288\" src=\"https:\/\/familienforschung-tecklenburger-land.de\/wp-content\/uploads\/2023\/05\/Gefallene-Schuette-W.jpg\" alt=\"\" class=\"wp-image-2288\"\/><\/figure>\n\n\n\n<figure class=\"wp-block-image size-large\"><img loading=\"lazy\" decoding=\"async\" width=\"150\" height=\"198\" data-id=\"2296\" src=\"https:\/\/familienforschung-tecklenburger-land.de\/wp-content\/uploads\/2023\/05\/Gefallene-Schwarte-F.jpg\" alt=\"\" class=\"wp-image-2296\"\/><\/figure>\n\n\n\n<figure class=\"wp-block-image size-large\"><img loading=\"lazy\" decoding=\"async\" width=\"150\" height=\"242\" data-id=\"2291\" src=\"https:\/\/familienforschung-tecklenburger-land.de\/wp-content\/uploads\/2023\/05\/Gefallene-Seliger-H.jpg\" alt=\"\" class=\"wp-image-2291\"\/><\/figure>\n\n\n\n<figure class=\"wp-block-image size-large\"><img loading=\"lazy\" decoding=\"async\" width=\"150\" height=\"190\" data-id=\"2292\" src=\"https:\/\/familienforschung-tecklenburger-land.de\/wp-content\/uploads\/2023\/05\/Gefallene-Silling-H.jpg\" alt=\"\" class=\"wp-image-2292\"\/><\/figure>\n\n\n\n<figure class=\"wp-block-image size-large\"><img loading=\"lazy\" decoding=\"async\" width=\"150\" height=\"194\" data-id=\"2294\" src=\"https:\/\/familienforschung-tecklenburger-land.de\/wp-content\/uploads\/2023\/05\/Gefallene-Soebke-M.jpg\" alt=\"\" class=\"wp-image-2294\"\/><\/figure>\n\n\n\n<figure class=\"wp-block-image size-large\"><img loading=\"lazy\" decoding=\"async\" width=\"150\" height=\"202\" data-id=\"2295\" src=\"https:\/\/familienforschung-tecklenburger-land.de\/wp-content\/uploads\/2023\/05\/Gefallene-Spitthoever-J.jpg\" alt=\"\" class=\"wp-image-2295\"\/><\/figure>\n\n\n\n<figure class=\"wp-block-image size-large\"><img loading=\"lazy\" decoding=\"async\" width=\"150\" height=\"203\" data-id=\"2293\" src=\"https:\/\/familienforschung-tecklenburger-land.de\/wp-content\/uploads\/2023\/05\/Gefallene-Steinkamp-B.jpg\" alt=\"\" class=\"wp-image-2293\"\/><\/figure>\n\n\n\n<figure class=\"wp-block-image size-large\"><img loading=\"lazy\" decoding=\"async\" width=\"150\" height=\"175\" data-id=\"2297\" src=\"https:\/\/familienforschung-tecklenburger-land.de\/wp-content\/uploads\/2023\/05\/Gefallene-Steinkamp-R.jpg\" alt=\"\" class=\"wp-image-2297\"\/><\/figure>\n\n\n\n<figure class=\"wp-block-image size-large\"><img loading=\"lazy\" decoding=\"async\" width=\"150\" height=\"159\" data-id=\"2298\" src=\"https:\/\/familienforschung-tecklenburger-land.de\/wp-content\/uploads\/2023\/05\/Gefallene-Stoevesand-Z.jpg\" alt=\"\" class=\"wp-image-2298\"\/><\/figure>\n\n\n\n<figure class=\"wp-block-image size-large\"><img loading=\"lazy\" decoding=\"async\" width=\"150\" height=\"209\" data-id=\"2299\" src=\"https:\/\/familienforschung-tecklenburger-land.de\/wp-content\/uploads\/2023\/05\/Gefallene-Struchtrup-F.jpg\" alt=\"\" class=\"wp-image-2299\"\/><\/figure>\n\n\n\n<figure class=\"wp-block-image size-large\"><img loading=\"lazy\" decoding=\"async\" width=\"150\" height=\"208\" data-id=\"2301\" src=\"https:\/\/familienforschung-tecklenburger-land.de\/wp-content\/uploads\/2023\/05\/Gefallene-Struck-B.jpg\" alt=\"\" class=\"wp-image-2301\"\/><\/figure>\n\n\n\n<figure class=\"wp-block-image size-large\"><img loading=\"lazy\" decoding=\"async\" width=\"150\" height=\"204\" data-id=\"2300\" src=\"https:\/\/familienforschung-tecklenburger-land.de\/wp-content\/uploads\/2023\/05\/Gefallene-Tewes-G.jpg\" alt=\"\" class=\"wp-image-2300\"\/><\/figure>\n\n\n\n<figure class=\"wp-block-image size-large\"><img loading=\"lazy\" decoding=\"async\" width=\"150\" height=\"221\" data-id=\"2305\" src=\"https:\/\/familienforschung-tecklenburger-land.de\/wp-content\/uploads\/2023\/05\/Gefallene-Tovar-A.jpg\" alt=\"\" class=\"wp-image-2305\"\/><\/figure>\n\n\n\n<figure class=\"wp-block-image size-large\"><img loading=\"lazy\" decoding=\"async\" width=\"150\" height=\"202\" data-id=\"2302\" src=\"https:\/\/familienforschung-tecklenburger-land.de\/wp-content\/uploads\/2023\/05\/Gefallene-Triebusch-J.jpg\" alt=\"\" class=\"wp-image-2302\"\/><\/figure>\n\n\n\n<figure class=\"wp-block-image size-large\"><img loading=\"lazy\" decoding=\"async\" width=\"150\" height=\"190\" data-id=\"2303\" src=\"https:\/\/familienforschung-tecklenburger-land.de\/wp-content\/uploads\/2023\/05\/Gefallene-Wiesbrock-H.jpg\" alt=\"\" class=\"wp-image-2303\"\/><\/figure>\n\n\n\n<figure class=\"wp-block-image size-large\"><img loading=\"lazy\" decoding=\"async\" width=\"150\" height=\"177\" data-id=\"2304\" src=\"https:\/\/familienforschung-tecklenburger-land.de\/wp-content\/uploads\/2023\/05\/Gefallene-Wittmund-F.jpg\" alt=\"\" class=\"wp-image-2304\"\/><\/figure>\n\n\n\n<figure class=\"wp-block-image size-large\"><img loading=\"lazy\" decoding=\"async\" width=\"150\" height=\"168\" data-id=\"2307\" src=\"https:\/\/familienforschung-tecklenburger-land.de\/wp-content\/uploads\/2023\/05\/Gefallene-Woeste-W.jpg\" alt=\"\" class=\"wp-image-2307\"\/><\/figure>\n<\/figure>\n<\/div>\n\n\n\n<div class=\"wp-block-column is-layout-flow wp-block-column-is-layout-flow\" style=\"flex-basis:25%\">\n<figure class=\"wp-block-image size-full has-lightbox\"><img loading=\"lazy\" decoding=\"async\" width=\"480\" height=\"649\" src=\"https:\/\/familienforschung-tecklenburger-land.de\/wp-content\/uploads\/2023\/05\/Bild31-1.jpg\" alt=\"\" class=\"wp-image-2308\" srcset=\"https:\/\/familienforschung-tecklenburger-land.de\/wp-content\/uploads\/2023\/05\/Bild31-1.jpg 480w, https:\/\/familienforschung-tecklenburger-land.de\/wp-content\/uploads\/2023\/05\/Bild31-1-222x300.jpg 222w\" sizes=\"auto, (max-width: 480px) 100vw, 480px\" \/><\/figure>\n\n\n\n<h3 class=\"wp-block-heading\">Auswanderer aus Enniger<\/h3>\n\n\n\n<p class=\"has-small-font-size\">Aus &#8222;Hier sin ick to Hous&#8220; von Egon Stutenkemper. Dort sind noch weitere Informationen \u00fcber die Personen zu finden.<\/p>\n\n\n\n<p class=\"has-small-font-size\">Anton Stockfisch, Franziska Ewers, Johann Hermann Wegemann, M.A. M\u00fchlenbeck, Franz Anton Wessel, Bernhard Heinrich Volmary, Gerhard Eggenhus, Johann Heinrich Bussmeyer, Franz Heinrich Stolte gt. Ossing, Jodokus Holtmann, Friedrich Christian Petermann, Theodor Kalthoff, Theodor B\u00f6rger, Joann Bernard Geismann, I. H. Steinhoff, Heinrich Dreimann, Naria Anna M\u00f6llers, Caspar Libbener gt. Osthoff, Bernhard Wehseling, Johann Hermann Soete, August Tutmann, Johann Theodor Schockmann, Wilhelm Schockmann, Heinrich Anton Schockmann, Bernhard Schockmann, Hermann Silke, Anna Maria Pollkl\u00e4sener, Johann Georg Brester, Johann Hermann Schockmann, Maria Anna Ostdickenberg, Franz Josef K\u00fcnne, Bernhard Heinrich Petermann, Johann R\u00fcckamp, heodor Hermann Schlautmann, Johann Heinrich Schlautmann, H. Raue, Bernhard Heinrich Bockmann, Anton Steinhoff, Wilhelm Tovar, Auhust Schl\u00fcter, Franz Linhoff.<\/p>\n\n\n\n<h3 class=\"wp-block-heading\">Denkmal f\u00fcr Gefallene des 1. und 2. Weltkrieges:<\/h3>\n\n\n\n<figure class=\"wp-block-image size-full has-lightbox\"><img loading=\"lazy\" decoding=\"async\" width=\"480\" height=\"223\" src=\"https:\/\/familienforschung-tecklenburger-land.de\/wp-content\/uploads\/2023\/05\/Bild4.jpg\" alt=\"\" class=\"wp-image-2309\" srcset=\"https:\/\/familienforschung-tecklenburger-land.de\/wp-content\/uploads\/2023\/05\/Bild4.jpg 480w, https:\/\/familienforschung-tecklenburger-land.de\/wp-content\/uploads\/2023\/05\/Bild4-300x139.jpg 300w\" sizes=\"auto, (max-width: 480px) 100vw, 480px\" \/><\/figure>\n\n\n\n<figure class=\"wp-block-image size-full has-lightbox\"><img loading=\"lazy\" decoding=\"async\" width=\"480\" height=\"435\" src=\"https:\/\/familienforschung-tecklenburger-land.de\/wp-content\/uploads\/2023\/05\/Bild1.jpg\" alt=\"\" class=\"wp-image-2310\" srcset=\"https:\/\/familienforschung-tecklenburger-land.de\/wp-content\/uploads\/2023\/05\/Bild1.jpg 480w, https:\/\/familienforschung-tecklenburger-land.de\/wp-content\/uploads\/2023\/05\/Bild1-300x272.jpg 300w\" sizes=\"auto, (max-width: 480px) 100vw, 480px\" \/><\/figure>\n\n\n\n<figure class=\"wp-block-image size-full has-lightbox\"><img loading=\"lazy\" decoding=\"async\" width=\"480\" height=\"400\" src=\"https:\/\/familienforschung-tecklenburger-land.de\/wp-content\/uploads\/2023\/05\/Bild2.jpg\" alt=\"\" class=\"wp-image-2311\" srcset=\"https:\/\/familienforschung-tecklenburger-land.de\/wp-content\/uploads\/2023\/05\/Bild2.jpg 480w, https:\/\/familienforschung-tecklenburger-land.de\/wp-content\/uploads\/2023\/05\/Bild2-300x250.jpg 300w\" sizes=\"auto, (max-width: 480px) 100vw, 480px\" \/><\/figure>\n\n\n\n<figure class=\"wp-block-image size-full has-lightbox\"><img loading=\"lazy\" decoding=\"async\" width=\"480\" height=\"534\" src=\"https:\/\/familienforschung-tecklenburger-land.de\/wp-content\/uploads\/2023\/05\/Bild3.jpg\" alt=\"\" class=\"wp-image-2312\" srcset=\"https:\/\/familienforschung-tecklenburger-land.de\/wp-content\/uploads\/2023\/05\/Bild3.jpg 480w, https:\/\/familienforschung-tecklenburger-land.de\/wp-content\/uploads\/2023\/05\/Bild3-270x300.jpg 270w\" sizes=\"auto, (max-width: 480px) 100vw, 480px\" \/><\/figure>\n\n\n\n<h3 class=\"wp-block-heading\">Liste der Gefallenen aus dem 1. Weltkrieg:<\/h3>\n\n\n\n<figure class=\"wp-block-image size-full has-lightbox\"><img loading=\"lazy\" decoding=\"async\" width=\"996\" height=\"702\" src=\"https:\/\/familienforschung-tecklenburger-land.de\/wp-content\/uploads\/2023\/05\/Bild6.jpg\" alt=\"\" class=\"wp-image-2313\" srcset=\"https:\/\/familienforschung-tecklenburger-land.de\/wp-content\/uploads\/2023\/05\/Bild6.jpg 996w, https:\/\/familienforschung-tecklenburger-land.de\/wp-content\/uploads\/2023\/05\/Bild6-300x211.jpg 300w, https:\/\/familienforschung-tecklenburger-land.de\/wp-content\/uploads\/2023\/05\/Bild6-768x541.jpg 768w\" sizes=\"auto, (max-width: 996px) 100vw, 996px\" \/><\/figure>\n<\/div>\n<\/div>\n\n\n\n<h2 class=\"wp-block-heading\" id=\"Enniger-Literatur\">Literatur<\/h2>\n\n\n\n<div class=\"wp-block-columns is-layout-flex wp-container-core-columns-is-layout-9d6595d7 wp-block-columns-is-layout-flex\">\n<div class=\"wp-block-column is-layout-flow wp-block-column-is-layout-flow\" style=\"flex-basis:25%\">\n<figure class=\"wp-block-image size-full\"><img loading=\"lazy\" decoding=\"async\" width=\"230\" height=\"310\" src=\"https:\/\/familienforschung-tecklenburger-land.de\/wp-content\/uploads\/2023\/05\/Bild22.jpg\" alt=\"\" class=\"wp-image-2319\" srcset=\"https:\/\/familienforschung-tecklenburger-land.de\/wp-content\/uploads\/2023\/05\/Bild22.jpg 230w, https:\/\/familienforschung-tecklenburger-land.de\/wp-content\/uploads\/2023\/05\/Bild22-223x300.jpg 223w\" sizes=\"auto, (max-width: 230px) 100vw, 230px\" \/><\/figure>\n\n\n\n<p><\/p>\n\n\n\n<figure class=\"wp-block-image size-full\"><img loading=\"lazy\" decoding=\"async\" width=\"230\" height=\"312\" src=\"https:\/\/familienforschung-tecklenburger-land.de\/wp-content\/uploads\/2023\/05\/Bild23.jpg\" alt=\"\" class=\"wp-image-2320\" srcset=\"https:\/\/familienforschung-tecklenburger-land.de\/wp-content\/uploads\/2023\/05\/Bild23.jpg 230w, https:\/\/familienforschung-tecklenburger-land.de\/wp-content\/uploads\/2023\/05\/Bild23-221x300.jpg 221w\" sizes=\"auto, (max-width: 230px) 100vw, 230px\" \/><\/figure>\n<\/div>\n\n\n\n<div class=\"wp-block-column is-layout-flow wp-block-column-is-layout-flow\" style=\"flex-basis:50%\">\n<p class=\"has-small-font-size\">Br\u00fcning, Albert: Geschichte des Schulzenhofes Br\u00fcning und seiner Familie zu Enniger. Bad Godesberg. Eigenverlag 1975. 202 Seiten<\/p>\n\n\n\n<p class=\"has-small-font-size\">\u00c4mtersparkasse Oelde-Ennigerloh (Hg.) (1984): Bildst\u00f6cke und Wegekreuze in Ennigerloh.<\/p>\n\n\n\n<p class=\"has-small-font-size\">Henkelmann, Norbert (Hg.): Der Status animarum 1749\/50 des Amtes Stromberg. Bielefeld: Verl. f\u00fcr Regionalgeschichte.<\/p>\n\n\n\n<p class=\"has-small-font-size\">Himmelsk\u00f6tter, Dieter (Hg.) (1995): Hubertus-Sch\u00fctzengilde e.V. Ennigerloh 1895 &#8211; 1995.<\/p>\n\n\n\n<p class=\"has-small-font-size\">Kreisarchiv Warendorf (Hg.) (1983): Inventar des Gemeindearchivs Ennigerloh 1810 &#8211; 1930 (Ver\u00f6ffentlichungen aus dem Kreisarchiv Warendorf, 14).<\/p>\n\n\n\n<p class=\"has-small-font-size\">Licher, Sandra (Hg.) (2010): Die Ermordung der Elisabeth Sch\u00fctte betreffend. 1. Aufl. Osnabr\u00fcck: Selbstverlag.<\/p>\n\n\n\n<p class=\"has-small-font-size\">Schmieder, S. (Hg.): Ennigerloh, Enniger, Ostenfelde und Westkirchen in alten Ansichten. Zaltbommel \/ NL: Verlag Europ\u00e4ische Bibliothek.<\/p>\n\n\n\n<p class=\"has-small-font-size\">Spiegel, Marga; Aschoff, Diethard (1999): Retter in der Nacht. Wie eine j\u00fcdische Familie im Versteck \u00fcberlebte. Durch einen R\u00fcckblick aud die Zeit vor 1938 und j\u00fcngere Gedanken zum eigenen Schicksal erg. 3. Aufl. \/. M\u00fcnster: Lit.<\/p>\n\n\n\n<p class=\"has-small-font-size\">Stadt Ennigerloh (Hg.) (1983): Ennigerloh. Chronik einer m\u00fcnsterl\u00e4ndischen Gemeinde. Unter Mitarbeit von Siegfried Schmieder.<\/p>\n\n\n\n<p class=\"has-small-font-size\">Stutenkemper, Egon: An Angel und Vo\u00dfbach. Ein Beitrag zur 750-Jahr-Feier Ennigers (Schriftenreihe der Aemtersparkasse zu Oelde).<\/p>\n\n\n\n<p class=\"has-small-font-size\">Stutenkemper, Egon: Der Kirchring in Enniger im historischen R\u00fcckblick (Schriftenreihe der Aemtersparkasse zu Oelde).<\/p>\n\n\n\n<p class=\"has-small-font-size\">Stutenkemper, Egon (1976): 750 Jahre Enniger. Heimatbuch der Gemeinde &#8211; Hier sin ick to Hus: Gemeinde Ennigerloh.<\/p>\n\n\n\n<p class=\"has-small-font-size\">Stutenkemper, Egon (1987): Hier sin ick to Hous. Ein zweiter Beitrag zur Geschichte unseres Dorfes un der engeren Heimat: Heimatverein Enniger.<\/p>\n\n\n\n<p class=\"has-small-font-size\">Stutenkemper, Egon (1991): Reformatorische Einfl\u00fcsse, T\u00e4ufertum und Gegenreformation in Enniger.<\/p>\n\n\n\n<p class=\"has-small-font-size\">Stutenkemper, Egon (1995): 400 Jahre Enniger Markt. Hier sin ick to Hous: Heimatverein Enniger.<\/p>\n\n\n\n<p class=\"has-small-font-size\">Beitr\u00e4ge zur westf\u00e4lischen Familienforschung, Band 57\/58 \/ 1999\/2000:<br>J\u00f6rg Wunschhofer: Die Kinder des Diderich van dem Berge und der Anna Torck (\u221e 1558) auf Haus Neuengraben in Enniger, S. 616\u2013623.<\/p>\n\n\n\n<p class=\"has-small-font-size\">Gisbert Strotdrees: Tatort Dorf: Historische Kriminalf\u00e4lle vom Land. Darin ein Kapitel \u00fcber die Ermordung von Elisabeth Sch\u00fctte. ISBN: 9783784353241<\/p>\n\n\n\n<h3 class=\"wp-block-heading\">Heimatkalender des Kreises Warendorf:<\/h3>\n\n\n\n<p class=\"has-small-font-size\">1952: Stutenkemper, Egon: Ein Kontrakt aus der Zeit der Bauernbefreiung (S. 85)<\/p>\n\n\n\n<p class=\"has-small-font-size\">1954: Aus der Geschichte der R\u00fcck\u00e4mper Kapelle (S. 59)<\/p>\n\n\n\n<p class=\"has-small-font-size\">1963: Lammert, Friedrich: Vor 140 Jahren. Wie B\u00fcrgermeister Br\u00fcning f\u00fcr die Dorfschule in Enniger k\u00e4mpfte (S. 70)<\/p>\n\n\n\n<p class=\"has-small-font-size\">1965: Lammert, Friedrich: Vor 200 Jahren. Von Marken und Markenteilungen im Enniger Raum (S. 93)<\/p>\n\n\n\n<p class=\"has-small-font-size\">1974: Szcygiel, Gerda: Die alte Vikarie in Enniger (S. 53)<\/p>\n\n\n\n<p class=\"has-small-font-size\">1976: Szcygiel, Gerda: 750 Jahre Pfarre Enniger 1226 &#8211; 1976 (S. 79)<\/p>\n\n\n\n<p class=\"has-small-font-size\">1981: Szcygiel, Gerda: Eine typische westf\u00e4lische Stufenhalle in Enniger (S. 88)<\/p>\n\n\n\n<p class=\"has-small-font-size\">1981: Stutenkemper, Egon: Ein Galen-Altar &#8211; einst in Enniger (S. 107)<\/p>\n\n\n\n<p class=\"has-small-font-size\">1982: Schmieder, Siegfried: Wei\u00dfe Zettel in der Urne. Seltsame Vorkommnisse bei den Reichstagswahlen in Enniger 1881 (S. 53)<\/p>\n\n\n\n<p class=\"has-small-font-size\">1982: Stutenkemper, Egon: Bertholdus und Mechtildis de Ennigere. Zur Deutung des Ortsnamens (S. 52)<\/p>\n\n\n\n<p class=\"has-small-font-size\">1983: Stutenkemper, Egon: T\u00e4uferbekenntnisse in Enniger. Pr\u00e4dikanten auch auf dem Lande (S. 48)<\/p>\n\n\n\n<p class=\"has-small-font-size\">1984: Stutenkemper, Egon: Enniger Pfarrkirche &#8211; Kosten und Finanzierung. Ein Blick in die Bauakten des 19. Jh. (S. 46)<\/p>\n\n\n\n<p class=\"has-small-font-size\">1985: Stutenkemper, Egon: Alte Kirchenausmalung in Enniger. Zwei Meister ihres Fachs (S. 47)<\/p>\n\n\n\n<p class=\"has-small-font-size\">1986: Stutenkemper, Egon: Aus dem Enniger Schulwesen vor 150 Jahren. Aufzeichnungs&nbsp; des Lehrers M\u00fchlenhof (1820 &#8211; 1840) (S. 55)<\/p>\n\n\n\n<p class=\"has-small-font-size\">1987: Stutenkemper, Egon: Fr\u00fche Br\u00fccke nach Mecklenburg. Vor 700 Jahren zwischen Enniger und Gro\u00df-Giebitz (S. 63)<\/p>\n\n\n\n<p class=\"has-small-font-size\">1991: Smieszchala, Alfred: Wenn man &#8222;kleine Br\u00f6tchen&#8220; backte. Warendorfer B\u00e4ckerprobe in alter Zeit (S. 107)<\/p>\n\n\n\n<p class=\"has-small-font-size\">1991: Stutenkemper, Egon: Hof Schulze Balhorn 900 Jahre alt. Erste Erw\u00e4hnung des fr\u00fcheren Amtshofes im Jahre 1090 (S. 48)<\/p>\n<\/div>\n\n\n\n<div class=\"wp-block-column is-layout-flow wp-block-column-is-layout-flow\" style=\"flex-basis:25%\">\n<figure class=\"wp-block-image size-full\"><img loading=\"lazy\" decoding=\"async\" width=\"230\" height=\"155\" src=\"https:\/\/familienforschung-tecklenburger-land.de\/wp-content\/uploads\/2023\/05\/Bild10-1.jpg\" alt=\"\" class=\"wp-image-2321\"\/><\/figure>\n\n\n\n<h3 class=\"wp-block-heading\">Westf\u00e4lische Zeitschrift f\u00fcr vaterl\u00e4ndische Geschichte und Altertumskunde<\/h3>\n\n\n\n<p class=\"has-small-font-size\"><strong>Band 113 (1963): Die T\u00e4ufer im M\u00fcnsterland.<\/strong> Verbreitung und Verfolgung des T\u00e4ufertums im Stift M\u00fcnster 1533-1550.<br>Hier auf Seite 26: Enniger: <strong>Greite Dufhues, Johanns Tochter,<\/strong> empfing in M\u00fcnster die Taufe; um <strong>1540<\/strong> war sie eine der Frauen des batenburgischen Dirick Schomeckers.<br>Seite 85: \u00fcber Dirick Schomecker.<br>Seite 105: Quellenangabe zu Bekenntnissen der Meierschen vom Sudhof, , des Hinr. Koekes, des Knechts Johann, des Joh. Snider, der Tochter der Meierschen, Enniger.<\/p>\n\n\n\n<figure class=\"wp-block-image size-full\"><img loading=\"lazy\" decoding=\"async\" width=\"230\" height=\"265\" src=\"https:\/\/familienforschung-tecklenburger-land.de\/wp-content\/uploads\/2023\/05\/Bild18.jpg\" alt=\"\" class=\"wp-image-2322\"\/><\/figure>\n\n\n\n<p><\/p>\n\n\n\n<figure class=\"wp-block-image size-full\"><img loading=\"lazy\" decoding=\"async\" width=\"230\" height=\"382\" src=\"https:\/\/familienforschung-tecklenburger-land.de\/wp-content\/uploads\/2023\/05\/Bild20.jpg\" alt=\"\" class=\"wp-image-2323\" srcset=\"https:\/\/familienforschung-tecklenburger-land.de\/wp-content\/uploads\/2023\/05\/Bild20.jpg 230w, https:\/\/familienforschung-tecklenburger-land.de\/wp-content\/uploads\/2023\/05\/Bild20-181x300.jpg 181w\" sizes=\"auto, (max-width: 230px) 100vw, 230px\" \/><\/figure>\n<\/div>\n<\/div>\n\n\n\n<h2 class=\"wp-block-heading\" id=\"Enniger-Suchanfragen\">Suchanfragen<\/h2>\n\n\n\n<div class=\"wp-block-columns is-layout-flex wp-container-core-columns-is-layout-9d6595d7 wp-block-columns-is-layout-flex\">\n<div class=\"wp-block-column is-layout-flow wp-block-column-is-layout-flow\" style=\"flex-basis:25%\">\n<figure class=\"wp-block-image size-full\"><img loading=\"lazy\" decoding=\"async\" width=\"230\" height=\"311\" src=\"https:\/\/familienforschung-tecklenburger-land.de\/wp-content\/uploads\/2023\/05\/Bild16.jpg\" alt=\"\" class=\"wp-image-2325\" srcset=\"https:\/\/familienforschung-tecklenburger-land.de\/wp-content\/uploads\/2023\/05\/Bild16.jpg 230w, https:\/\/familienforschung-tecklenburger-land.de\/wp-content\/uploads\/2023\/05\/Bild16-222x300.jpg 222w\" sizes=\"auto, (max-width: 230px) 100vw, 230px\" \/><\/figure>\n\n\n\n<p><\/p>\n\n\n\n<figure class=\"wp-block-image size-full\"><img loading=\"lazy\" decoding=\"async\" width=\"230\" height=\"168\" src=\"https:\/\/familienforschung-tecklenburger-land.de\/wp-content\/uploads\/2023\/05\/Bild12.jpg\" alt=\"\" class=\"wp-image-2327\"\/><\/figure>\n<\/div>\n\n\n\n<div class=\"wp-block-column is-layout-flow wp-block-column-is-layout-flow\" style=\"flex-basis:50%\">\n<h3 class=\"wp-block-heading\">M\u00f6chten Sie eine Anfrage ver\u00f6ffentlichen?<\/h3>\n\n\n\n<p class=\"has-small-font-size\"><strong>Wenn jemand genealogische Kontakte kn\u00fcpfen m\u00f6chte oder Hilfe bei einem schwierigen Fall ben\u00f6tigt, ver\u00f6ffentlichen wir hier gern eine Anfrage.<\/strong><\/p>\n\n\n\n<p class=\"has-small-font-size\">Hier k\u00f6nnen Sie uns Ihre Suchanfrage \u00fcbermitteln:<\/p>\n\n\n\n<p class=\"has-small-font-size\">Sie k\u00f6nnen uns eine E-Mail mit Ihrer Suchanfrage schicken: <a href=\"mailto:admin@te-gen.de\">admin@te-gen.de<\/a> Bitte tragen Sie in die Mail ein, nach welchen Personen oder Namen Sie suchen, in welchem Ort Sie suchen, wenn Sie m\u00f6chten, Ihren Namen, welche Daten (Geburt, Heirat, Tod, andere) Ihnen vorliegen. Wenigstens ein Zeitraum w\u00e4re gut. Wir werden Ihre Anfrage dann an dieser Stelle ver\u00f6ffentlichen. Bitte beachten Sie, dass dies einige Tage dauern kann. Ihre Anfrage wird automatisch auch an unsere Mailingliste weitergeleitet.<\/p>\n\n\n\n<h3 class=\"wp-block-heading\">Ahnen in Enniger<\/h3>\n\n\n\n<p class=\"has-small-font-size\">Ich suche nach folgenden Namen in Enniger:<\/p>\n\n\n\n<p class=\"has-small-font-size\"><strong>Austermann, Sch\u00fctte, Rieping, Sch\u00fcttelh\u00f6ver, Schulte Althoff, Homann, Piepenbrock, Niemer, Brester, Schalkamp, Hamels, Wiggeringloh, Jasper, Steinhoff, Recker, Lieft\u00fcchter, Freede, Balhorn, Heumann.<\/strong><\/p>\n\n\n\n<p class=\"has-small-font-size\">Ich suche haupts\u00e4chlich alles \u00fcber die Familie Austermann in Enniger. Mein Vorfahr hat in diese Familie allerdings nur eingeheiratet, so dass meine Suche ab Mitte des 18. Jahrhunderts mit den Namen <strong>Schulze-Rieping<\/strong> und <strong>Schulze-Althoff<\/strong> weitergeht. (<a href=\"mailto:sandralicher@osnanet.de\">Sandra Reiter<\/a>)<\/p>\n<\/div>\n\n\n\n<div class=\"wp-block-column is-layout-flow wp-block-column-is-layout-flow\" style=\"flex-basis:25%\">\n<h3 class=\"wp-block-heading\">Austermann in Enniger<\/h3>\n\n\n\n<p class=\"has-small-font-size\"><strong>Ich suche alles \u00fcber die Familie Austermann in Enniger<\/strong>. Auch \u00fcber alle anderen Familienmitglieder.<\/p>\n\n\n\n<p class=\"has-small-font-size\">Meine Urgro\u00dfeltern:<br>Franz Anton Austermann &amp; Anna Thielemeyer<br><br>Eltern:<br>Theodor Heinrich Austermann *1.2.1828 in Enniger, +4.4.1896 in Enniger (P\u00f6ling 9)<br>Catharina Elisabeth Geismann *3.10.1838 in Oelde, +4.11.1911 in Enniger (P\u00f6ling 9)<br><br>Eltern:<br>Franz Anton Austermann *1.3.1790 in Enniger, + 20.6.1872 in Enniger<br>Anna Maria Elisabeth Heumann * 19.2.1793 in Enniger, + 19.1.1871 in Enniger<br><br>Eltern:<br>Theodor Heinrich Rieping gen. Austermann *12.3.1757, +9.10.1831 in Enniger<br>Maria Anna Sch\u00fcttelh\u00f6ver *1758, + 30.12.1835 in Enniger<br><br>Eltern:<br>Franz Heinrich Rudolph Schulte-Althoff gen. Schulte-Rieping<br>Anna Gertrud Deckenbrock<\/p>\n\n\n\n<p class=\"has-small-font-size\"><a href=\"mailto:sandralicher@osnanet.de\">Sandra Reiter<\/a><\/p>\n<\/div>\n<\/div>\n","protected":false},"excerpt":{"rendered":"<p>Weiteres vor Ort: Heimatverein Enniger e. V. Ausfl\u00fcge in die Geschichte: Haus Enniger: besteht wohl seit dem 9. Jahrhundert R\u00fcck\u00e4mper Kapelle: Die R\u00fcck\u00e4mper Kapelle wurde in den Jahren 1685 bis 1687 von R\u00fcck\u00e4mper Bauern zu Ehren der heiligen Dreifaltigkeit errichtet. Die Kirche St. Mauritius: Teile der Kirche stammen aus dem 12. Jahrhundert Zur Geschichte 9&#8230;.<\/p>\n","protected":false},"author":4,"featured_media":0,"parent":0,"menu_order":13,"comment_status":"closed","ping_status":"closed","template":"","meta":{"_coblocks_attr":"","_coblocks_dimensions":"","_coblocks_responsive_height":"","_coblocks_accordion_ie_support":"","footnotes":""},"class_list":["post-490","page","type-page","status-publish","hentry"],"_links":{"self":[{"href":"https:\/\/familienforschung-tecklenburger-land.de\/index.php?rest_route=\/wp\/v2\/pages\/490","targetHints":{"allow":["GET"]}}],"collection":[{"href":"https:\/\/familienforschung-tecklenburger-land.de\/index.php?rest_route=\/wp\/v2\/pages"}],"about":[{"href":"https:\/\/familienforschung-tecklenburger-land.de\/index.php?rest_route=\/wp\/v2\/types\/page"}],"author":[{"embeddable":true,"href":"https:\/\/familienforschung-tecklenburger-land.de\/index.php?rest_route=\/wp\/v2\/users\/4"}],"replies":[{"embeddable":true,"href":"https:\/\/familienforschung-tecklenburger-land.de\/index.php?rest_route=%2Fwp%2Fv2%2Fcomments&post=490"}],"version-history":[{"count":10,"href":"https:\/\/familienforschung-tecklenburger-land.de\/index.php?rest_route=\/wp\/v2\/pages\/490\/revisions"}],"predecessor-version":[{"id":2328,"href":"https:\/\/familienforschung-tecklenburger-land.de\/index.php?rest_route=\/wp\/v2\/pages\/490\/revisions\/2328"}],"wp:attachment":[{"href":"https:\/\/familienforschung-tecklenburger-land.de\/index.php?rest_route=%2Fwp%2Fv2%2Fmedia&parent=490"}],"curies":[{"name":"wp","href":"https:\/\/api.w.org\/{rel}","templated":true}]}}