{"id":442,"date":"2023-02-26T19:11:54","date_gmt":"2023-02-26T18:11:54","guid":{"rendered":"https:\/\/familienforschung-tecklenburger-land.de\/?page_id=442"},"modified":"2023-05-11T06:07:16","modified_gmt":"2023-05-11T05:07:16","slug":"schinkel-schinkel-ost","status":"publish","type":"page","link":"https:\/\/familienforschung-tecklenburger-land.de\/?page_id=442","title":{"rendered":"Schinkel &#038; Schinkel-Ost"},"content":{"rendered":"\n<div class=\"wp-block-columns is-layout-flex wp-container-core-columns-is-layout-9d6595d7 wp-block-columns-is-layout-flex\">\n<div class=\"wp-block-column is-layout-flow wp-block-column-is-layout-flow\" style=\"flex-basis:25%\">\n<p><a href=\"https:\/\/familienforschung-tecklenburger-land.de\/files\/Tecklenburger-Familienforschung\/OSNABRUECK\/Osnabrueck%20Stadt\/Schinkel\/Haseverlauf-Pagenstecher.jpg\"><\/a><\/p>\n\n\n\n<figure class=\"wp-block-image size-full\"><img loading=\"lazy\" decoding=\"async\" width=\"480\" height=\"276\" src=\"https:\/\/familienforschung-tecklenburger-land.de\/wp-content\/uploads\/2023\/05\/Haseverlauf-Pagenstecher.jpg\" alt=\"\" class=\"wp-image-2582\" srcset=\"https:\/\/familienforschung-tecklenburger-land.de\/wp-content\/uploads\/2023\/05\/Haseverlauf-Pagenstecher.jpg 480w, https:\/\/familienforschung-tecklenburger-land.de\/wp-content\/uploads\/2023\/05\/Haseverlauf-Pagenstecher-300x173.jpg 300w\" sizes=\"auto, (max-width: 480px) 100vw, 480px\" \/><\/figure>\n\n\n\n<p>Der Verlauf der Hase an der Bauerschaft Schinkel (Zeichnung: A. Pagenstecher)<\/p>\n\n\n\n<h3 class=\"wp-block-heading\">Evangelische Kirchen:<\/h3>\n\n\n\n<ul class=\"wp-block-list\">\n<li>Jakobuskirche: Osnabr\u00fcck-Schinkel-Ost<\/li>\n\n\n\n<li>Pauluskirche: Osnabr\u00fcck-Schinkel<\/li>\n<\/ul>\n\n\n\n<h3 class=\"wp-block-heading\">Katholische Kirchen:<\/h3>\n\n\n\n<ul class=\"wp-block-list\">\n<li>Heilig-Kreuz-Kirche: Osnabr\u00fcck-Schinkel<\/li>\n\n\n\n<li>St. Maria Rosenkranz: Osnabr\u00fcck-Schinkel-Ost<\/li>\n\n\n\n<li>St. Bonifatius: Osnabr\u00fcck-Widukindland, Schinkel<\/li>\n<\/ul>\n\n\n\n<p><img loading=\"lazy\" decoding=\"async\" src=\"https:\/\/familienforschung-tecklenburger-land.de\/files\/Tecklenburger-Familienforschung\/OSNABRUECK\/Osnabrueck%20Stadt\/Schinkel\/Schinkel-Gnadenkirche.jpg\" alt=\"\" width=\"230\" height=\"304\"><\/p>\n\n\n\n<p>Die Gnadenkirche (Bild: Wikicommons, Tebdi)<\/p>\n<\/div>\n\n\n\n<div class=\"wp-block-column is-layout-flow wp-block-column-is-layout-flow\" style=\"flex-basis:50%\">\n<h2 class=\"wp-block-heading\" id=\"-Geschichte\">Zur Geschichte<\/h2>\n\n\n\n<p><strong>fr\u00fcher:<\/strong> Germanisches Urdorf und Kultst\u00e4tten Vromelo<\/p>\n\n\n\n<p><strong>1332<\/strong>: Erste urkundliche Erw\u00e4hnung<\/p>\n\n\n\n<p><strong>1575-1577:<\/strong> Die Pest w\u00fctet in unserer Region<\/p>\n\n\n\n<p><strong>17. und 18. Jhd.:<\/strong> Unruhen und Kriege im Osnabr\u00fccker Land<\/p>\n\n\n\n<p><strong>1772:<\/strong> Schinkel hat 321 Einwohner<\/p>\n\n\n\n<p><strong>1801:<\/strong> Aufstand der Gesellen in der Gartlage<\/p>\n\n\n\n<p><strong>1811-1813:<\/strong> franz\u00f6sische Herrschaft<\/p>\n\n\n\n<p><strong>1820:<\/strong> Bau der Marienschule, die im 2. Weltkrieg zerst\u00f6rt wurde<\/p>\n\n\n\n<p><strong>1845:<\/strong> Schinkel hat 1742 Einwohner<\/p>\n\n\n\n<p><strong>1854:<\/strong> Baubeginn der Hannoverschen Westbahn<\/p>\n\n\n\n<p><strong>1859:<\/strong> Choleraepidemie in unserer Region<\/p>\n\n\n\n<p><strong>1868-1873:<\/strong> Bau der Eisenbahnstrecke Venlo-Hamburg, Osnabr\u00fcck wird zum Knotenpunkt<\/p>\n\n\n\n<p><strong>1871:<\/strong> Er\u00f6ffnung des Bessemer-Stahlwerks<\/p>\n\n\n\n<p><strong>Juli 1873:<\/strong> Kupfer &#8211; und Drahtwerk am Nonnenpfad der Firma Witte und K\u00e4mper, ab 1967 Firma Kabelmetal<\/p>\n\n\n\n<p><strong>1889:<\/strong> Fertigstellung der Lutherschule (Bremerstr.\/Wesereschstr.), die im 2. Weltkrieg zerst\u00f6rt wurde<\/p>\n\n\n\n<p><strong>1891:<\/strong> Inbetriebnahme des Wasserwerks im Schinkel<\/p>\n\n\n\n<p><strong>1891:<\/strong> Einrichtung einer &#8222;Entseuchungsanstalt&#8220; in der Buerschen Str. 35.<\/p>\n\n\n\n<p><strong>1.12.1900:<\/strong> Volksz\u00e4hlung<\/p>\n\n\n\n<p><strong>1905:<\/strong> Gr\u00fcndung der Freiwilligen Feuerwehr der Gemeinde Schinkel<\/p>\n\n\n\n<p><strong>1908:<\/strong> Bau eines Gemeindehauses (Rathaus) an der Tannenburgstra\u00dfe<\/p>\n\n\n\n<p><strong>1908:<\/strong> Schinkel hat mehr als 10.000 Einwohner<\/p>\n\n\n\n<p><strong>1913:<\/strong> Er\u00f6ffnung der Burbrinkschule am Oelweg<\/p>\n\n\n\n<p><strong>1914:<\/strong> Schinkel wird von der Stadt Osnabr\u00fcck eingemeindet<\/p>\n\n\n\n<p><strong>April 1915:<\/strong> Fertigstellung der Backhaus-Schule an der Hackl\u00e4nder Str.<\/p>\n\n\n\n<p><strong>1919:<\/strong> Baubeginn der Siedlung am Gartlager Weg<\/p>\n\n\n\n<p><strong>1.04.1920:<\/strong> die Kreuzschule wird eingeweiht<\/p>\n\n\n\n<p><strong>1936:<\/strong> Baubeginn der Siedlung &#8222;Widukindland 1&#8220;<\/p>\n\n\n\n<p><strong>2007:<\/strong> Einstellung der Gottesdienste in der Gnadenkirche an der Rappstra\u00dfe. Die Kirche wurde abgerissen, der Turm steht noch als Denkmal.<\/p>\n<\/div>\n\n\n\n<div class=\"wp-block-column is-layout-flow wp-block-column-is-layout-flow\" style=\"flex-basis:25%\">\n<p><img loading=\"lazy\" decoding=\"async\" src=\"https:\/\/familienforschung-tecklenburger-land.de\/files\/Tecklenburger-Familienforschung\/OSNABRUECK\/Osnabrueck%20Stadt\/Schinkel\/Schinkel-Lage.jpg\" alt=\"\" width=\"250\" height=\"196\"><\/p>\n\n\n\n<p>Die Lage Schinkels in Osnabr\u00fcck (Bild: Wikipedia)<\/p>\n\n\n\n<p><a href=\"https:\/\/familienforschung-tecklenburger-land.de\/files\/Tecklenburger-Familienforschung\/OSNABRUECK\/Osnabrueck%20Stadt\/Schinkel\/Schinkel-Karte-Grenzen.jpg\"><\/a><\/p>\n\n\n\n<figure class=\"wp-block-image size-full\"><img loading=\"lazy\" decoding=\"async\" width=\"594\" height=\"576\" src=\"https:\/\/familienforschung-tecklenburger-land.de\/wp-content\/uploads\/2023\/05\/Schinkel-Karte-Grenzen.jpg\" alt=\"\" class=\"wp-image-2583\" srcset=\"https:\/\/familienforschung-tecklenburger-land.de\/wp-content\/uploads\/2023\/05\/Schinkel-Karte-Grenzen.jpg 594w, https:\/\/familienforschung-tecklenburger-land.de\/wp-content\/uploads\/2023\/05\/Schinkel-Karte-Grenzen-300x291.jpg 300w\" sizes=\"auto, (max-width: 594px) 100vw, 594px\" \/><\/figure>\n\n\n\n<p>Die Grenzen vom Schinkel und Schinkel-Ost<\/p>\n\n\n\n<p><img loading=\"lazy\" decoding=\"async\" src=\"https:\/\/familienforschung-tecklenburger-land.de\/files\/Tecklenburger-Familienforschung\/OSNABRUECK\/Osnabrueck%20Stadt\/Schinkel\/Schinkel-von-oben.jpg\" alt=\"\" width=\"230\" height=\"121\"><\/p>\n\n\n\n<p>Schinkel vom Hohnsberg gesehen (Bild: Wikicommons, Sailover)<\/p>\n\n\n\n<p><img loading=\"lazy\" decoding=\"async\" src=\"https:\/\/familienforschung-tecklenburger-land.de\/files\/Tecklenburger-Familienforschung\/OSNABRUECK\/Osnabrueck%20Stadt\/Schinkel\/Schinkel-Pauluskirche-ev-z.jpg\" alt=\"\" width=\"230\" height=\"290\"><\/p>\n\n\n\n<p>Die evangelische Pauluskirche<\/p>\n\n\n\n<p><img loading=\"lazy\" decoding=\"async\" src=\"https:\/\/familienforschung-tecklenburger-land.de\/files\/Tecklenburger-Familienforschung\/OSNABRUECK\/Osnabrueck%20Stadt\/Schinkel\/Schinkel-Windhorststr-z.jpg\" alt=\"\" width=\"230\" height=\"175\"><\/p>\n\n\n\n<p>An der Windhorststra\u00dfe<\/p>\n<\/div>\n<\/div>\n\n\n\n<div class=\"wp-block-columns is-layout-flex wp-container-core-columns-is-layout-9d6595d7 wp-block-columns-is-layout-flex\">\n<div class=\"wp-block-column is-layout-flow wp-block-column-is-layout-flow\" style=\"flex-basis:25%\"><\/div>\n\n\n\n<div class=\"wp-block-column is-layout-flow wp-block-column-is-layout-flow\" style=\"flex-basis:50%\">\n<h2 class=\"wp-block-heading\" id=\"-Weblinks\">Weblinks<\/h2>\n\n\n\n<h3 class=\"wp-block-heading\">Matricula<\/h3>\n\n\n\n<p>Kirchenb\u00fccher online einsehbar:<\/p>\n\n\n\n<p><a href=\"https:\/\/data.matricula-online.eu\/de\/deutschland\/osnabrueck\/osnabruck-heilig-kreuz-schinkel\/\">Osnabr\u00fcck Heilig Kreuz &#8211; Schinkel<\/a><br><br><a href=\"https:\/\/data.matricula-online.eu\/de\/deutschland\/osnabrueck\/osnabruck-maria-rosenkranz-schinkel-ost\/\">Osnabr\u00fcck Maria Rosenkranz &#8211; Schinkel Ost<\/a><\/p>\n\n\n\n<h3 class=\"wp-block-heading\">Allgemeine Links:<\/h3>\n\n\n\n<p><a href=\"http:\/\/wiki-de.genealogy.net\/Hauptseite\">GenWiki:<\/a> Ein Wiki f\u00fcr Ahnenforscher.<br><br><a href=\"http:\/\/www.fotoerbe.de\/\">Fotoerbe.de<\/a>: In welchen Archiven, Museen, Bibliotheken usw. sind historische Fotografien vorhanden? Hier findet man sie in einer riesigen Datenbank.<br><br><a href=\"http:\/\/www.kirchliche-archive.de\/\">Kirchliche Archive:<\/a> \u00dcbersicht \u00fcber die deutschen Kirchenbucharchive.<br><br><a href=\"http:\/\/christoph.stoepel.net\/geogen\/v3\/\">Geogen<\/a>: Auf dieser Seite kann man Landkarten \u00fcber die Verbreitung von Familiennamen in Deutschland erstellen lassen. Besonders auff\u00e4llige Konzentrationen k\u00f6nnen auf den Ursprungsort des Namens oder der Familie hindeuten.<br><a href=\"http:\/\/www.hbol.de\/\"><br>Heimatbund Osnabr\u00fccker Land:<\/a> Hier gibt es geschichtliches \u00fcber die verschiedenen Orte. Man findet auch viele Adressen und Infos \u00fcber Vereine usw.<br><br><a href=\"http:\/\/www.lwl.org\/westfaelische-geschichte\/portal\/Internet\/haupt.php?urlNeu=\">Internet-Portal &#8222;Westf\u00e4lische Geschichte&#8220;<\/a><br><br><a href=\"http:\/\/www.archive.nrw.de\/\">Internetportal der Archive in Nordrhein-Westfalen<\/a><br><br><a href=\"http:\/\/www.westfalen-adelssitze.de\" target=\"_blank\" rel=\"noreferrer noopener\">Burgen, Schl\u00f6sser und Herrensitze in Westfalen<\/a>: Interessant, wenn man wei\u00df, welchem Herr ein Hof eigenbeh\u00f6rig war.<br><br><a href=\"http:\/\/www.wggf.de\/\">Westf\u00e4lische Gesellschaft f\u00fcr Genealogie und Familienforschung (WGGF)<\/a><\/p>\n<\/div>\n\n\n\n<div class=\"wp-block-column is-layout-flow wp-block-column-is-layout-flow\" style=\"flex-basis:25%\">\n<p><a href=\"http:\/\/www.unser-schinkel.de\/stadtteil.htm\">Unser Schinkel<\/a><\/p>\n\n\n\n<p><a href=\"http:\/\/www.os-nachbarn.de\/Magazin\/Osnabrueck_-_Schinkel\/Artikel\/2638\/Der_Bahndamm_und_Glatze_Nachkriegszeit_im_in_Schinkel\">Der Bahndamm und &#8222;Glatze&#8220; \/ Nachkriegszeit im (in) Schinkel<\/a><\/p>\n\n\n\n<p><a href=\"http:\/\/www.paulusgemeinde-in-osnabrueck.de\/\">Ev.-luth- Paulusgemeinde Osnabr\u00fcck<\/a><\/p>\n\n\n\n<p><a href=\"http:\/\/www.drehscheibe-foren.de\/foren\/read.php?17,4150987\">Eisenbahn-Blockstelle Schinkel<\/a> &#8211; Eine Zeitreise 1885 -2009<\/p>\n\n\n\n<p><a href=\"http:\/\/www.osnabahn.de\/werk-schinkelstrase\/\">Osnabahn.de<\/a>: \u00fcber das Wagenwerk an der Schinkelstra\u00dfe<\/p>\n\n\n\n<p><a href=\"http:\/\/www.denkmalprojekt.org\/2009\/osnabrueck-schinkel_rosenkranzkirche_wk2_ns.htm\">Gefalleneliste in der Rosenkranzkirche<\/a><\/p>\n\n\n\n<p><a href=\"http:\/\/www.vfb-schinkel.de\/geschichte\/index.html\">Geschichte des VfB Schinkel<\/a><\/p>\n\n\n\n<p>NOZ-Artikel: <a href=\"http:\/\/www.noz.de\/lokales\/66173202\/osnabruecker-straenkunde-die-rawiestrae-ist-nach-dem-erfinder-des-brems-prellbocks-benannt\">Osnabr\u00fccker Stra\u00dfenkunde: Die Rawiestra\u00dfe ist nach dem Erfinder des Brems-Prellbocks benannt<\/a><\/p>\n\n\n\n<p>NOZ-Artikel: <a href=\"http:\/\/www.noz.de\/lokales\/66142493\/das-schinkel-gefuehl-der-osnabruecker-stadtteil-der-mit-dem-stahl-wuchs\">Das Schinkel-Gef\u00fchl: Der Osnabr\u00fccker Stadtteil, der mit dem Stahl wuchs<\/a><\/p>\n\n\n\n<p>NOZ-Artikel: <a href=\"http:\/\/www.noz.de\/lokales\/66158843\/der-schinkelaner-frieden-katholiken-und-protestanten-werden-durch-die-ebertallee-zusammengefuehrt\">Der Schinkelaner Frieden: Katholiken und Protestanten werden durch die Ebertallee zusammengef\u00fchrt<\/a><\/p>\n<\/div>\n<\/div>\n\n\n\n<div class=\"wp-block-columns is-layout-flex wp-container-core-columns-is-layout-9d6595d7 wp-block-columns-is-layout-flex\">\n<div class=\"wp-block-column is-layout-flow wp-block-column-is-layout-flow\" style=\"flex-basis:25%\"><\/div>\n\n\n\n<div class=\"wp-block-column is-layout-flow wp-block-column-is-layout-flow\" style=\"flex-basis:50%\">\n<h2 class=\"wp-block-heading\" id=\"-Quellen\">Genealogische Quellen<\/h2>\n<\/div>\n\n\n\n<div class=\"wp-block-column is-layout-flow wp-block-column-is-layout-flow\" style=\"flex-basis:25%\"><\/div>\n<\/div>\n\n\n\n<div class=\"wp-block-columns is-layout-flex wp-container-core-columns-is-layout-9d6595d7 wp-block-columns-is-layout-flex\">\n<div class=\"wp-block-column is-layout-flow wp-block-column-is-layout-flow\" style=\"flex-basis:25%\">\n<h3 class=\"wp-block-heading\">Fotofund Strothmann:<\/h3>\n\n\n\n<p>Strothmanns Kinder aus Osnabr\u00fcck-Schinkel:<\/p>\n\n\n\n<ul class=\"wp-block-list\">\n<li><img loading=\"lazy\" decoding=\"async\" src=\"https:\/\/familienforschung-tecklenburger-land.de\/assets\/images\/e\/Fotofund-Strothmann_1-4e7f792e.jpg\" alt=\"Fotofund-Strothmann_1.jpg\" width=\"230\" height=\"330\"><a href=\"https:\/\/familienforschung-tecklenburger-land.de\/files\/Tecklenburger-Familienforschung\/OSNABRUECK\/Osnabrueck%20Stadt\/Schinkel\/Fotofund-Strothmann_1.jpg\"><\/a><\/li>\n\n\n\n<li><img loading=\"lazy\" decoding=\"async\" src=\"https:\/\/familienforschung-tecklenburger-land.de\/assets\/images\/5\/Fotofund-Strothmann_2-24d707b5.jpg\" alt=\"Fotofund-Strothmann_2.jpg\" width=\"230\" height=\"71\"><a href=\"https:\/\/familienforschung-tecklenburger-land.de\/files\/Tecklenburger-Familienforschung\/OSNABRUECK\/Osnabrueck%20Stadt\/Schinkel\/Fotofund-Strothmann_2.jpg\"><\/a><\/li>\n<\/ul>\n<\/div>\n\n\n\n<div class=\"wp-block-column is-layout-flow wp-block-column-is-layout-flow\" style=\"flex-basis:50%\">\n<h2 class=\"wp-block-heading\" id=\"-Fundstuecke\">Fundst\u00fccke<\/h2>\n\n\n\n<h3 class=\"wp-block-heading\">Johann Heinrich Lindemann &amp; Elisabeth Josephina Weisseno<\/h3>\n\n\n\n<p><strong>Zufallsfund aus dem Algemeen Politie-Blad van het Koningrijk der Nederlanden 1852<\/strong><\/p>\n\n\n\n<p>Seite 657 -Verd\u00e4chtige Fremde<\/p>\n\n\n\n<p>Vom Leiter der Polizei in Utrecht:<\/p>\n\n\n\n<p>LINDEMANN, Johann Heinrich<\/p>\n\n\n\n<p>geboren in Schinkel, zuletzt wohnhaft in Osnabr\u00fcck<\/p>\n\n\n\n<p>Alter: 43 Jahre, Arbeiter<\/p>\n\n\n\n<p>Gr\u00f6\u00dfe: 1,73 el<\/p>\n\n\n\n<p>Gesicht: oval, Stirn: rund<\/p>\n\n\n\n<p>Augen: blau, Kinn: rund<\/p>\n\n\n\n<p>Nase und Mund: gew\u00f6hnlich<\/p>\n\n\n\n<p>Haare, Augenbrauen und Bart: blond<\/p>\n\n\n\n<p>Farbe: gesund<\/p>\n\n\n\n<p>gew\u00f6hnliche Sprache: Hochdeutsch<\/p>\n\n\n\n<p>mit seiner Ehefrau<\/p>\n\n\n\n<p>WEISSENO, Elisabeth Josephina<\/p>\n\n\n\n<p>und ihrem Kind Maria Helena LINDEMANN<\/p>\n\n\n\n<p>Beide waren nicht im Besitz eines holl\u00e4ndischen Reise- oder Bleibepasses noch von anderen Ausweispapieren und ohne Herberge und Mittel zum Auskommen. Am 11. Oktober \u00fcber Deventer ausgewiesen.<\/p>\n\n\n\n<h3 class=\"wp-block-heading\">Raubmord in Iburg<\/h3>\n\n\n\n<ul class=\"wp-block-list\">\n<li><img loading=\"lazy\" decoding=\"async\" src=\"https:\/\/familienforschung-tecklenburger-land.de\/files\/Tecklenburger-Familienforschung\/OSNABRUECK\/Iburg\/Raubmord-Osna-1864-1.jpg\" alt=\"Raubmord-Osna-1864-1.jpg\" width=\"480\" height=\"755\"><\/li>\n\n\n\n<li><img loading=\"lazy\" decoding=\"async\" src=\"https:\/\/familienforschung-tecklenburger-land.de\/files\/Tecklenburger-Familienforschung\/OSNABRUECK\/Iburg\/Raubmord-Osna-1864-2.jpg\" alt=\"Raubmord-Osna-1864-2.jpg\" width=\"480\" height=\"295\"><\/li>\n<\/ul>\n<\/div>\n\n\n\n<div class=\"wp-block-column is-layout-flow wp-block-column-is-layout-flow\" style=\"flex-basis:25%\">\n<h3 class=\"wp-block-heading\">Aus dem Osnabr\u00fccker Adressbuch von 1868:<\/h3>\n\n\n\n<figure class=\"wp-block-image\"><img decoding=\"async\" src=\"https:\/\/familienforschung-tecklenburger-land.de\/files\/Tecklenburger-Familienforschung\/OSNABRUECK\/OS-Haeuserverzeichnis-1868.jpg\" alt=\"\"\/><\/figure>\n\n\n\n<figure class=\"wp-block-image\"><img decoding=\"async\" src=\"https:\/\/familienforschung-tecklenburger-land.de\/files\/Tecklenburger-Familienforschung\/OSNABRUECK\/Osnabrueck%20Stadt\/Schinkel\/Schinkel_OS-Haeuserverzeichnis-1868.jpg\" alt=\"\"\/><\/figure>\n\n\n\n<h3 class=\"wp-block-heading\">Familie Otto:<\/h3>\n\n\n\n<p><a href=\"http:\/\/www.otto-ahnen.de\/showmap.php?cemeteryID=13\">Genealogie der Familie Otto<\/a>: Begrabene auf dem Schinkeler Friedhof (Liste ganz unten auf der Seite)<\/p>\n\n\n\n<h3 class=\"wp-block-heading\">Ahnenliste Schobbe:<\/h3>\n\n\n\n<p>Im OSFA-Heft 70-71 &#8211; hier als <a href=\"http:\/\/www.osfa.de\/publikationen\/downloads\/osfa_70-71.pdf\">pdf<\/a> zum online lesen (Seite 19)<\/p>\n\n\n\n<h3 class=\"wp-block-heading\">Ahnenliste Bolte:<\/h3>\n\n\n\n<p>Im OSFA-Heft 70-71 &#8211; hier als <a href=\"http:\/\/www.osfa.de\/publikationen\/downloads\/osfa_70-71.pdf\">pdf<\/a> zum online lesen (Seite 28)<\/p>\n<\/div>\n<\/div>\n\n\n\n<div class=\"wp-block-columns is-layout-flex wp-container-core-columns-is-layout-9d6595d7 wp-block-columns-is-layout-flex\">\n<div class=\"wp-block-column is-layout-flow wp-block-column-is-layout-flow\" style=\"flex-basis:25%\"><\/div>\n\n\n\n<div class=\"wp-block-column is-layout-flow wp-block-column-is-layout-flow\" style=\"flex-basis:50%\">\n<h2 class=\"wp-block-heading\" id=\"-Auswanderer\">Auswanderer<\/h2>\n<\/div>\n\n\n\n<div class=\"wp-block-column is-layout-flow wp-block-column-is-layout-flow\" style=\"flex-basis:25%\"><\/div>\n<\/div>\n\n\n\n<div class=\"wp-block-columns is-layout-flex wp-container-core-columns-is-layout-9d6595d7 wp-block-columns-is-layout-flex\">\n<div class=\"wp-block-column is-layout-flow wp-block-column-is-layout-flow\" style=\"flex-basis:25%\"><\/div>\n\n\n\n<div class=\"wp-block-column is-layout-flow wp-block-column-is-layout-flow\" style=\"flex-basis:50%\">\n<h2 class=\"wp-block-heading\" id=\"-Karten\">Karten und Pl\u00e4ne<\/h2>\n<\/div>\n\n\n\n<div class=\"wp-block-column is-layout-flow wp-block-column-is-layout-flow\" style=\"flex-basis:25%\"><\/div>\n<\/div>\n\n\n\n<div class=\"wp-block-columns is-layout-flex wp-container-core-columns-is-layout-9d6595d7 wp-block-columns-is-layout-flex\">\n<div class=\"wp-block-column is-layout-flow wp-block-column-is-layout-flow\" style=\"flex-basis:25%\">\n<p><img loading=\"lazy\" decoding=\"async\" src=\"https:\/\/familienforschung-tecklenburger-land.de\/files\/Tecklenburger-Familienforschung\/OSNABRUECK\/Osnabrueck%20Stadt\/Schinkel\/Schinkel-Gaststaette-Hehmann.jpg\" alt=\"\" width=\"230\" height=\"122\"><\/p>\n\n\n\n<p>Gastst\u00e4tte Hehmann<\/p>\n<\/div>\n\n\n\n<div class=\"wp-block-column is-layout-flow wp-block-column-is-layout-flow\" style=\"flex-basis:50%\">\n<h2 class=\"wp-block-heading\" id=\"-Literatur\">Literatur<\/h2>\n\n\n\n<p>Schinkel im Wandel der Zeit. Festschrift zum 100-j\u00e4hrigen Bestehen des B\u00fcrgervereins Schinkel von 1812 e.V. (2012)<\/p>\n\n\n\n<p>Schinkeler Geschichten\u201c, 1990<\/p>\n\n\n\n<p>B\u00fcrgerverein Osnabr\u00fcck-Schinkel: Schinkeler Geschichte(n), 1912<\/p>\n\n\n\n<p>NOZ am 23. April 2007: <a href=\"http:\/\/www.noz.de\/lokales\/13300071\/verwandt-ueber-sechs-ecken\">Verwandt \u00fcber sechs Ecken<\/a><\/p>\n\n\n\n<h3 class=\"wp-block-heading\">Heimatjahrbuch Osnabr\u00fcck Stadt und Land:<\/h3>\n\n\n\n<p><strong>1991:<\/strong> Schinkel (Beatrix Bausch), S. 64<\/p>\n\n\n\n<p><strong>2005:<\/strong> Erinnerungen an meine Kindheit in Osnabr\u00fcck-Schinkel (G\u00fcnter Buller), S. 57<\/p>\n<\/div>\n\n\n\n<div class=\"wp-block-column is-layout-flow wp-block-column-is-layout-flow\" style=\"flex-basis:25%\">\n<p><img loading=\"lazy\" decoding=\"async\" src=\"https:\/\/familienforschung-tecklenburger-land.de\/files\/Tecklenburger-Familienforschung\/OSNABRUECK\/Osnabrueck%20Stadt\/Schinkel\/Schinkel-Rosenkranzkirche.jpg\" alt=\"\" width=\"230\" height=\"230\"><\/p>\n\n\n\n<p>Die Rosenkranzkirche (Bild: Wikicommons, Tebdi)<\/p>\n<\/div>\n<\/div>\n\n\n\n<div class=\"wp-block-columns is-layout-flex wp-container-core-columns-is-layout-9d6595d7 wp-block-columns-is-layout-flex\">\n<div class=\"wp-block-column is-layout-flow wp-block-column-is-layout-flow\" style=\"flex-basis:25%\">\n<h3 class=\"wp-block-heading\">Familie Riehemann in der Tiefstr. 32<\/h3>\n\n\n\n<p>Meine Oma Anna Riehemann ist in der Tiefstra\u00dfe 32 im Schinkel aufgewachsen. Vielleicht gibt es alte Fotos von der Stra\u00dfe oder sogar dem Haus?<\/p>\n\n\n\n<p>Im 2. Weltkrieg ist ihre Familie bei Luftangriffen in einen Bunker in der N\u00e4he gegangen. Mir wurde mal eine Geschichte erz\u00e4hlt, dass die Familie einmal einen anderen Bunker ausw\u00e4hlte, und der gewohnte Bunker wurde dann auch prompt ausgebombt. Wei\u00df jemand etwas zu dieser Geschichte? Ich freue mich \u00fcber jeden Hinweis (<a href=\"mailto:sandralicher@osnanet.de\">Sandra Reiter<\/a>)<\/p>\n<\/div>\n\n\n\n<div class=\"wp-block-column is-layout-flow wp-block-column-is-layout-flow\" style=\"flex-basis:50%\">\n<h2 class=\"wp-block-heading\" id=\"-Suchanfragen\">Suchanfragen<\/h2>\n\n\n\n<h3 class=\"wp-block-heading\">M\u00f6chten Sie auch eine Anfrage ver\u00f6ffentlichen?<\/h3>\n\n\n\n<p class=\"has-small-font-size\"><strong>Wenn jemand genealogische Kontakte kn\u00fcpfen m\u00f6chte oder Hilfe bei einem schwierigen Fall ben\u00f6tigt, ver\u00f6ffentlichen wir hier gern eine Anfrage.<\/strong><\/p>\n\n\n\n<p class=\"has-small-font-size\">Hier k\u00f6nnen Sie uns Ihre Suchanfrage \u00fcbermitteln:<\/p>\n\n\n\n<p class=\"has-small-font-size\">Sie k\u00f6nnen uns eine E-Mail mit Ihrer Suchanfrage schicken: <a href=\"mailto:admin@te-gen.de\">admin@te-gen.de<\/a> Bitte tragen Sie in die Mail ein, nach welchen Personen oder Namen Sie suchen, in welchem Ort Sie suchen, wenn Sie m\u00f6chten, Ihren Namen, welche Daten (Geburt, Heirat, Tod, andere) Ihnen vorliegen. Wenigstens ein Zeitraum w\u00e4re gut. Wir werden Ihre Anfrage dann an dieser Stelle ver\u00f6ffentlichen. Bitte beachten Sie, dass dies einige Tage dauern kann. Ihre Anfrage wird automatisch auch an unsere Mailingliste weitergeleitet.<\/p>\n\n\n\n<h3 class=\"wp-block-heading\">Huning &amp; T\u00f6nsing<\/h3>\n\n\n\n<p>Catharine Luise Huning, geb. 20.10.1876 in Schinkel, Tochter der Eheleute Tischler <strong>Adam Huning<\/strong> und <strong>Maria geb. T\u00f6nsing,<\/strong> Schinkel verheiratete Szbrzeny, Trauung: 10.11.1898<\/p>\n\n\n\n<p>Der Nachname wurde 1911 in Schreiber umge\u00e4ndert. Gibt es Aufzeichnungen fr\u00fcheren Datums? Sind Geschwister verzeichnet? Catharina Louise war die Ur-Urgro\u00dfmutter meines Mannes. <a href=\"mailto:ta.franiel@t-omline.de\">Andrea Franiel<\/a><\/p>\n<\/div>\n\n\n\n<div class=\"wp-block-column is-layout-flow wp-block-column-is-layout-flow\" style=\"flex-basis:25%\">\n<h3 class=\"wp-block-heading\">Meijer &amp; Kr\u00f6ger<\/h3>\n\n\n\n<p>Heinrich Wilhelm Meijer geb. 20-02-1876, seine Ehefrau Kataharina Marie Wilhelmina Kr\u00f6ger geb 09-01-1878. verheiratet am 04-05-1898 Schinkel. Es gab 10 oder mehr Kinder. Wer waren die Eltern? Geschwister? oder weitere Daten? Heinrich war mein Urgro\u00dfvater. Danke <a href=\"mailto:dogra@ziggo.nl\">Myrna<\/a><\/p>\n\n\n\n<p><img loading=\"lazy\" decoding=\"async\" src=\"https:\/\/familienforschung-tecklenburger-land.de\/files\/Tecklenburger-Familienforschung\/OSNABRUECK\/Osnabrueck%20Stadt\/Schinkel\/Schinkel-Pauluskirche.jpg\" alt=\"\" width=\"230\" height=\"308\"><\/p>\n\n\n\n<p>Die Pauluskirche (Bild: Wikicommons, Tebdi)<\/p>\n\n\n\n<p><img loading=\"lazy\" decoding=\"async\" src=\"https:\/\/familienforschung-tecklenburger-land.de\/files\/Tecklenburger-Familienforschung\/OSNABRUECK\/Osnabrueck%20Stadt\/Schinkel\/Schinkel-Pauluskirche-ev2-z.jpg\" alt=\"\" width=\"230\" height=\"333\"><\/p>\n\n\n\n<p>Die evangelische Pauluskirche<\/p>\n<\/div>\n<\/div>\n","protected":false},"excerpt":{"rendered":"<p>Der Verlauf der Hase an der Bauerschaft Schinkel (Zeichnung: A. Pagenstecher) Evangelische Kirchen: Katholische Kirchen: Die Gnadenkirche (Bild: Wikicommons, Tebdi) Zur Geschichte fr\u00fcher: Germanisches Urdorf und Kultst\u00e4tten Vromelo 1332: Erste urkundliche Erw\u00e4hnung 1575-1577: Die Pest w\u00fctet in unserer Region 17. und 18. Jhd.: Unruhen und Kriege im Osnabr\u00fccker Land 1772: Schinkel hat 321 Einwohner 1801:&#8230;<\/p>\n","protected":false},"author":4,"featured_media":0,"parent":0,"menu_order":36,"comment_status":"closed","ping_status":"closed","template":"","meta":{"_coblocks_attr":"","_coblocks_dimensions":"","_coblocks_responsive_height":"","_coblocks_accordion_ie_support":"","footnotes":""},"class_list":["post-442","page","type-page","status-publish","hentry"],"_links":{"self":[{"href":"https:\/\/familienforschung-tecklenburger-land.de\/index.php?rest_route=\/wp\/v2\/pages\/442","targetHints":{"allow":["GET"]}}],"collection":[{"href":"https:\/\/familienforschung-tecklenburger-land.de\/index.php?rest_route=\/wp\/v2\/pages"}],"about":[{"href":"https:\/\/familienforschung-tecklenburger-land.de\/index.php?rest_route=\/wp\/v2\/types\/page"}],"author":[{"embeddable":true,"href":"https:\/\/familienforschung-tecklenburger-land.de\/index.php?rest_route=\/wp\/v2\/users\/4"}],"replies":[{"embeddable":true,"href":"https:\/\/familienforschung-tecklenburger-land.de\/index.php?rest_route=%2Fwp%2Fv2%2Fcomments&post=442"}],"version-history":[{"count":4,"href":"https:\/\/familienforschung-tecklenburger-land.de\/index.php?rest_route=\/wp\/v2\/pages\/442\/revisions"}],"predecessor-version":[{"id":2584,"href":"https:\/\/familienforschung-tecklenburger-land.de\/index.php?rest_route=\/wp\/v2\/pages\/442\/revisions\/2584"}],"wp:attachment":[{"href":"https:\/\/familienforschung-tecklenburger-land.de\/index.php?rest_route=%2Fwp%2Fv2%2Fmedia&parent=442"}],"curies":[{"name":"wp","href":"https:\/\/api.w.org\/{rel}","templated":true}]}}