{"id":439,"date":"2023-02-26T19:11:40","date_gmt":"2023-02-26T18:11:40","guid":{"rendered":"https:\/\/familienforschung-tecklenburger-land.de\/?page_id=439"},"modified":"2023-05-10T16:44:45","modified_gmt":"2023-05-10T15:44:45","slug":"pye","status":"publish","type":"page","link":"https:\/\/familienforschung-tecklenburger-land.de\/?page_id=439","title":{"rendered":"Pye"},"content":{"rendered":"\n<div class=\"wp-block-columns is-layout-flex wp-container-core-columns-is-layout-9d6595d7 wp-block-columns-is-layout-flex\">\n<div class=\"wp-block-column is-layout-flow wp-block-column-is-layout-flow\" style=\"flex-basis:25%\">\n<h3 class=\"wp-block-heading\">Weiteres vor Ort:<\/h3>\n\n\n\n<p><a href=\"http:\/\/www.wallenhorst.de\/leben-freizeit\/vereine-und-verbaende.html?aktion=Detailanzeige&amp;vereine_Detail=17&amp;cHash=31c100288ea1b5f51f39230556c9974d\">Heimatverein Wallenhorst<\/a><\/p>\n\n\n\n<h3 class=\"wp-block-heading\">Ausfl\u00fcge in die Geschichte:<\/h3>\n\n\n\n<p><a href=\"http:\/\/www.industriekultur-museumos.de\/\">Museum Industriekultur<\/a><\/p>\n\n\n\n<p><a href=\"http:\/\/www.osnabrueck.de\/29160.asp\">F\u00fchrung auf der Aussichtsplattform auf dem Piesberg<\/a>: 50 km Fernsicht sind m\u00f6glich. Erkl\u00e4rungen zur Erdgeschichte, Steinbruchbetrieb, historischem Kohlebergbau und den verschieden Aussichten.<\/p>\n\n\n\n<p><a href=\"http:\/\/www.feldspur.de\/feldbahn\/\">Museum f\u00fcr feldspurige Industriebahnen Osnabr\u00fcck-Piesberg<\/a><\/p>\n\n\n\n<p><img loading=\"lazy\" decoding=\"async\" src=\"https:\/\/familienforschung-tecklenburger-land.de\/files\/Tecklenburger-Familienforschung\/OSNABRUECK\/Osnabrueck%20Stadt\/Pye\/Piesberger-Schuetzenhaus.jpg\" alt=\"\" width=\"230\" height=\"205\"><\/p>\n\n\n\n<p>Das Piesberger Sch\u00fctzenhaus<\/p>\n\n\n\n<p><img loading=\"lazy\" decoding=\"async\" src=\"https:\/\/familienforschung-tecklenburger-land.de\/files\/Tecklenburger-Familienforschung\/OSNABRUECK\/Osnabrueck%20Stadt\/Pye\/Pye-Goesling_1.jpg\" alt=\"\" width=\"230\" height=\"191\"><\/p>\n\n\n\n<p>G\u00f6slings Kotten, in dem der Schulunterricht abgehalten wurde<\/p>\n\n\n\n<p><img loading=\"lazy\" decoding=\"async\" src=\"https:\/\/familienforschung-tecklenburger-land.de\/files\/Tecklenburger-Familienforschung\/OSNABRUECK\/Osnabrueck%20Stadt\/Pye\/Pye-Goesling_2.jpg\" alt=\"\" width=\"230\" height=\"160\"><\/p>\n\n\n\n<p>G\u00f6slings Kotten mit Anbau f\u00fcr ein Klassenzimmer<\/p>\n<\/div>\n\n\n\n<div class=\"wp-block-column is-layout-flow wp-block-column-is-layout-flow\" style=\"flex-basis:50%\">\n<h2 class=\"wp-block-heading\" id=\"-Geschichte\">Zur Geschichte<\/h2>\n\n\n\n<p><strong>um 1100: <\/strong>Obwohl die Pyer seit jeher zum Kirchspiel <a href=\"https:\/\/familienforschung-tecklenburger-land.de\/index.php?id=285\">Wallenhorst<\/a> geh\u00f6rten, wurden nun die Pyer H\u00f6fe, die rechts entlang der Hase lagen, als Lehensg\u00fcter der Grafen von Tecklenburg mit den H\u00f6fen von Wersen, Atter, B\u00fcren und Halen zu einer Pfarre vereinigt, zu der die Kapelle in Wersen geh\u00f6rte.<\/p>\n\n\n\n<p><strong>um 1200:<\/strong> Im Eink\u00fcnfteverzeichnis des Domprobstes Lentfried wird u.a. der Hof Becker in Pye erw\u00e4hnt.<\/p>\n\n\n\n<p><strong>16. Jh.:<\/strong> Die Pyer Bauern waren mehrere hundert Jahre nach <a href=\"https:\/\/familienforschung-tecklenburger-land.de\/index.php?id=161\">Wersen<\/a> zur Kirche gegangen und wandten sich w\u00e4hrend der Zeit der Reformation von dort ab, da sie dem katholischen Glauben treu bleiben wollten. Von nun an gingen sie nach Wallenhorst zur Kirche, die Bewohner des s\u00fcd\u00f6stlichen Teils von Pye auch nach Eversburg. Allerdings hatten sie weiterhin die Pflicht, ihre Abgaben an die Wersener Kirche zu leisten, was sie schlie\u00dflich einstellten.<\/p>\n\n\n\n<p><strong>1556:<\/strong> Die H\u00f6fe G\u00f6sling, Albers, Sch\u00f6ler und Witte geh\u00f6rten zur Stadt Osnabr\u00fcck, und um diese gegen Raub und Pl\u00fcnderung zu sch\u00fctzen, wurden diese H\u00f6fe in die Eversburger Landwehr einbezogen. Noch heute sind die Steinwerke auf den H\u00f6fen Offers und Albers zu sehen.<\/p>\n\n\n\n<p><strong>1568:<\/strong> Seit diesem Jahr wurde am Piesberg Steinkohle abgebaut. Zun\u00e4chst wurde sie nur f\u00fcr die st\u00e4dtischen Kalk\u00f6fen verwendet. Die Kohle wurde durch markberechtigte Bewohner Pyes und Lechtingens abgebaut.<\/p>\n\n\n\n<p><strong>1592:<\/strong> Da die Pyer Bauern keine Abgaben mehr an die Wersener Kirche zahlten, wurde in diesem Jahr schlie\u00dflich eine Verhandlung abgehalten, deren Protokoll bis heute erhalten ist.<\/p>\n\n\n\n<p><strong>1620:<\/strong> Endg\u00fcltige Trennung der Pyer Bauern vom Kirchspiel Wersen. Die Wersener wollten aber noch immer nicht auf die Abgaben verzichten.<\/p>\n\n\n\n<p><strong>1633:<\/strong> Eroberung Osnabr\u00fccks durch die Schweden<\/p>\n\n\n\n<p><strong>1655:<\/strong> Hagener Rezess: Die Pyer Bauern wurde vom Bischof dazu gezwungen, weiterhin Abgaben an Wersen zu zahlen. Dies bedeutete f\u00fcr sie, dass sie doppelte Abgaben zahlen mussten: an das katholische Wallenhorst, wo sie zur Kirche gingen, und an das reformierte Wersen. Sie entschieden sich daf\u00fcr, weiterhin dem katholischen Gottesdienst beizuwohnen und doppelte Abgaben zu zahlen.<\/p>\n\n\n\n<p><strong>1656:<\/strong> Der Osnabr\u00fccker Bischof entschied endg\u00fcltig, dass die Pyer Bauern zur Kirche in Wallenhorst geh\u00f6rten.<\/p>\n\n\n\n<p><strong>1768:<\/strong> Da nun die Steinkohle auch f\u00fcr die Stubenheizung verwendet wurde, wurde ihr Abbau am Piesberg vermehrt gef\u00f6rdert.<\/p>\n\n\n\n<p><strong>1790:<\/strong> erste Erw\u00e4hnung einer Pyer Schule: ein Heuerling Stallkamp soll unterrichtet haben.<\/p>\n\n\n\n<p><strong>1830:<\/strong> An die bestehende, inzwischen bauf\u00e4llige Pyer Schule wurde ein modernes &#8222;Schullocal&#8220; angebaut.<\/p>\n\n\n\n<p><strong>1832:<\/strong> Hungersnot, die zu einer Neuaufteilung der gesamten Gemarkung f\u00fchrte<\/p>\n\n\n\n<p><strong>um 1850:<\/strong> im Piesberg waren ca. 200 Bergleute mit dem Kohleabbau besch\u00e4ftigt.<\/p>\n\n\n\n<p><strong>1850:<\/strong> Lehrer Ossenbeck begann, eine Schulchronik zu f\u00fchren.<\/p>\n\n\n\n<p><strong>1869:<\/strong> Taufe des ersten Tiefbauschachtes der Piesberger Zeche (Haseschacht)<\/p>\n\n\n\n<p><strong>1870:<\/strong> Bau des Piesberger Gesellschaftshauses<\/p>\n\n\n\n<p><strong>1871:<\/strong> Gr\u00fcndung des Gesangvereines &#8222;Gl\u00fcck Auf&#8220; und Bau des Haseschachtgeb\u00e4udes, in dem sich heute das Museum befindet.<\/p>\n\n\n\n<p><strong>1872:<\/strong> Der St\u00fcveschacht wurde angelegt. Wassereinbr\u00fcche gef\u00e4hrdeten immer wieder den Betrieb, so dass er schlie\u00dflich seit 1874 nicht mehr weiter abgeteuft werden konnte. Das Bergwerk wurde dann dem Georgs-Marien-Bergwerk- und H\u00fcttenverein verkauft, der den Zechenausbau wieder aufnahm.<\/p>\n\n\n\n<p><strong>1893:<\/strong> Grubenungl\u00fcck, bei dem neun Bergleute ums Leben kamen<\/p>\n\n\n\n<p><strong>1894:<\/strong> Fertigstellung einer neuen, zweiklassigen Schule<\/p>\n\n\n\n<p><strong>1898:<\/strong> Streik der Piesberger Bergleute, in dessen Folge die Zeche stillgelegt wurde. Die j\u00fcngeren Berglaute wanderten zum Teil ins Ruhrgebiet ab.<\/p>\n\n\n\n<p><strong>1957:<\/strong> Dammbruch und \u00dcberschwemmung einer Neubausiedlung<\/p>\n\n\n\n<p><strong>1965:<\/strong> Gr\u00fcndung des katholischen Kirchbauvereins Pye e.V.<\/p>\n\n\n\n<p><strong>1972:<\/strong> Pye wurde ein Stadtteil von Osnabr\u00fcck.<\/p>\n\n\n\n<p><strong>1978:<\/strong> Seit diesem Jahr bildet Pye ein eigenes Kirchspiel (St. Matthias)<\/p>\n\n\n\n<p><strong>2006:<\/strong> Aufl\u00f6sung der M\u00fclldeponie am Piesberg<\/p>\n<\/div>\n\n\n\n<div class=\"wp-block-column is-layout-flow wp-block-column-is-layout-flow\" style=\"flex-basis:25%\">\n<p><img loading=\"lazy\" decoding=\"async\" src=\"https:\/\/familienforschung-tecklenburger-land.de\/files\/Tecklenburger-Familienforschung\/OSNABRUECK\/Osnabrueck%20Stadt\/Pye\/Pye-Lage-in-OS.jpg\" alt=\"\" width=\"230\" height=\"187\"><\/p>\n\n\n\n<p>Die Lage Pyes in Osnabr\u00fcck (Bild: Wikipedia)<\/p>\n\n\n\n<figure class=\"wp-block-image size-full\"><img loading=\"lazy\" decoding=\"async\" width=\"800\" height=\"571\" src=\"https:\/\/familienforschung-tecklenburger-land.de\/wp-content\/uploads\/2023\/05\/Pyer-Mark-1785.jpg\" alt=\"\" class=\"wp-image-2575\" srcset=\"https:\/\/familienforschung-tecklenburger-land.de\/wp-content\/uploads\/2023\/05\/Pyer-Mark-1785.jpg 800w, https:\/\/familienforschung-tecklenburger-land.de\/wp-content\/uploads\/2023\/05\/Pyer-Mark-1785-300x214.jpg 300w, https:\/\/familienforschung-tecklenburger-land.de\/wp-content\/uploads\/2023\/05\/Pyer-Mark-1785-768x548.jpg 768w\" sizes=\"auto, (max-width: 800px) 100vw, 800px\" \/><\/figure>\n\n\n\n<p><a href=\"https:\/\/familienforschung-tecklenburger-land.de\/files\/Tecklenburger-Familienforschung\/OSNABRUECK\/Osnabrueck%20Stadt\/Pye\/Pyer-Mark-1785.jpg\"><\/a>Landesaufnahme von du Plat (1785)<\/p>\n\n\n\n<p><img loading=\"lazy\" decoding=\"async\" src=\"https:\/\/familienforschung-tecklenburger-land.de\/files\/Tecklenburger-Familienforschung\/OSNABRUECK\/Osnabrueck%20Stadt\/Pye\/Pyer-Mark-1785-Erklaerung.jpg\" alt=\"\" width=\"230\" height=\"380\"><\/p>\n\n\n\n<p>Erkl\u00e4rung zur Karte von 1785<\/p>\n<\/div>\n<\/div>\n\n\n\n<div class=\"wp-block-columns is-layout-flex wp-container-core-columns-is-layout-9d6595d7 wp-block-columns-is-layout-flex\">\n<div class=\"wp-block-column is-layout-flow wp-block-column-is-layout-flow\" style=\"flex-basis:25%\">\n<p><img loading=\"lazy\" decoding=\"async\" src=\"https:\/\/familienforschung-tecklenburger-land.de\/files\/Tecklenburger-Familienforschung\/OSNABRUECK\/Osnabrueck%20Stadt\/Pye\/Pye-Hauerhuetten-Steinbruch_1.jpg\" alt=\"\" width=\"230\" height=\"174\"><\/p>\n\n\n\n<p>Sogenannte Hauerh\u00fctten im Piesberger Steinbruch<\/p>\n\n\n\n<figure class=\"wp-block-image size-full\"><img loading=\"lazy\" decoding=\"async\" width=\"230\" height=\"151\" src=\"https:\/\/familienforschung-tecklenburger-land.de\/wp-content\/uploads\/2023\/05\/Pye-Hauerhuetten-Steinbruch_2.jpg\" alt=\"\" class=\"wp-image-2576\"\/><\/figure>\n<\/div>\n\n\n\n<div class=\"wp-block-column is-layout-flow wp-block-column-is-layout-flow\" style=\"flex-basis:50%\">\n<h2 class=\"wp-block-heading\" id=\"-Weblinks\">Weblinks<\/h2>\n\n\n\n<p>NOZ-Artikel: <a href=\"http:\/\/www.noz.de\/lokales\/71684086\/gebaeude-fuer-das-museum-industriekultur-in-osnabrueck-soll-gerettet-werden--sponsoren-gesucht\">Geb\u00e4ude f\u00fcr das Museum Industriekultur in Osnabr\u00fcck soll gerettet werden \u2013 Sponsoren gesucht<\/a><\/p>\n\n\n\n<p>Fotos aus Pye bei OS-Nachbarn: <a href=\"http:\/\/www.os-nachbarn.de\/MagazinGalerie\/24749\">Rund um den Piesberg<\/a>, <a href=\"http:\/\/www.os-nachbarn.de\/MagazinGalerie\/8684\">der St\u00fcveschacht<\/a><\/p>\n\n\n\n<p><a href=\"http:\/\/de.wikipedia.org\/wiki\/Pye\">Wikipedia-Artikel \u00fcber Pye<\/a><\/p>\n\n\n\n<p><a href=\"http:\/\/de.wikipedia.org\/wiki\/Museum_Industriekultur_%28Osnabr%C3%BCck%29\">Wikipedia-Artikel<\/a> \u00fcberdas Museum Industriekultur<\/p>\n\n\n\n<p><a href=\"http:\/\/de.wikipedia.org\/wiki\/Steinkohlenbergbau_am_Piesberg\">Wikipedia-Artikel<\/a> \u00fcber den Steinkohleabbau am Piesberg<\/p>\n\n\n\n<p><a href=\"http:\/\/www.industriekultur-museumos.de\/\">Internetseite des Museums Industriekultur<\/a><\/p>\n\n\n\n<p>NOZ-Artikel: <a href=\"http:\/\/www.noz.de\/lokales\/49248941\/vom-floez-haben-die-bergleute-nicht-viel-uebrig-gelassen\">Vom Fl\u00f6z haben die Bergleute nicht viel \u00fcbrig gelassen<\/a><\/p>\n\n\n\n<p>NOZ-Artikel: <a href=\"http:\/\/www.noz.de\/lokales\/49248804\/der-piesberg-zeigt-seine-inneren-werte\">Der Piesberg zeigt seine inneren Werte<\/a><\/p>\n\n\n\n<p>Grubenarch\u00e4ologische Gesellschaft: <a href=\"http:\/\/www.untertage.com\/publikationen\/13-niedersachsen\/156-osnabruecker-bergland-steinkohlenzeche-piesberg.html\">Steinkohlenzeche Piesberg<\/a><\/p>\n\n\n\n<p><a href=\"http:\/\/www.7grad.org\/Exkursionen\/Irgendwo\/Osnabruck\/Hasestollen\/hasestollen.html\">Der Hasestollen in Osnabr\u00fcck<\/a><\/p>\n\n\n\n<p><a href=\"http:\/\/www.osnabrueck.de\/29160.asp\">F\u00fchrung auf der Aussichtsplattform auf dem Piesberg<\/a>: 50 km Fernsicht sind m\u00f6glich. Erkl\u00e4rungen zur Erdgeschichte, Steinbruchbetrieb, historischem Kohlebergbau und den verschieden Aussichten.<\/p>\n\n\n\n<p><a href=\"http:\/\/www.feldspur.de\/feldbahn\/\">Museum f\u00fcr feldspurige Industriebahnen Osnabr\u00fcck-Piesberg<\/a><\/p>\n\n\n\n<p><a href=\"http:\/\/www.piesberger-gesellschaftshaus.de\/index.php?article_id=6\">Die Geschichte des Piesberger Gesellschaftshauses<\/a><\/p>\n\n\n\n<p><a href=\"http:\/\/www.drehscheibe-foren.de\/foren\/read.php?17,5402268\">Werkbahn: Die Piesberger Steinindustrie in Osnabr\u00fcck- unbekannte Lok!<\/a><\/p>\n\n\n\n<h3 class=\"wp-block-heading\">Allgemeine Links:<\/h3>\n\n\n\n<p><a href=\"http:\/\/wiki-de.genealogy.net\/Hauptseite\">GenWiki:<\/a> Ein Wiki f\u00fcr Ahnenforscher.<br><br><a href=\"http:\/\/www.fotoerbe.de\/\">Fotoerbe.de<\/a>: In welchen Archiven, Museen, Bibliotheken usw. sind historische Fotografien vorhanden? Hier findet man sie in einer riesigen Datenbank.<br><br><a href=\"http:\/\/www.kirchliche-archive.de\/\">Kirchliche Archive:<\/a> \u00dcbersicht \u00fcber die deutschen Kirchenbucharchive.<br><br><a href=\"http:\/\/christoph.stoepel.net\/geogen\/v3\/\">Geogen<\/a>: Auf dieser Seite kann man Landkarten \u00fcber die Verbreitung von Familiennamen in Deutschland erstellen lassen. Besonders auff\u00e4llige Konzentrationen k\u00f6nnen auf den Ursprungsort des Namens oder der Familie hindeuten.<br><a href=\"http:\/\/www.hbol.de\/\"><br>Heimatbund Osnabr\u00fccker Land:<\/a> Hier gibt es geschichtliches \u00fcber die verschiedenen Orte. Man findet auch viele Adressen und Infos \u00fcber Vereine usw.<br><br><a href=\"http:\/\/www.lwl.org\/westfaelische-geschichte\/portal\/Internet\/haupt.php?urlNeu=\">Internet-Portal &#8222;Westf\u00e4lische Geschichte&#8220;<\/a><br><br><a href=\"http:\/\/www.archive.nrw.de\/\">Internetportal der Archive in Nordrhein-Westfalen<\/a><br><br><a href=\"http:\/\/www.westfalen-adelssitze.de\" target=\"_blank\" rel=\"noreferrer noopener\">Burgen, Schl\u00f6sser und Herrensitze in Westfalen<\/a>: Interessant, wenn man wei\u00df, welchem Herr ein Hof eigenbeh\u00f6rig war.<br><br><a href=\"http:\/\/www.wggf.de\/\">Westf\u00e4lische Gesellschaft f\u00fcr Genealogie und Familienforschung (WGGF)<\/a><\/p>\n<\/div>\n\n\n\n<div class=\"wp-block-column is-layout-flow wp-block-column-is-layout-flow\" style=\"flex-basis:25%\">\n<p><a href=\"https:\/\/familienforschung-tecklenburger-land.de\/files\/Tecklenburger-Familienforschung\/OSNABRUECK\/Osnabrueck%20Stadt\/Pye\/Piesberg-Luftbild.jpg\"><\/a><\/p>\n\n\n\n<figure class=\"wp-block-image size-full\"><img loading=\"lazy\" decoding=\"async\" width=\"792\" height=\"592\" src=\"https:\/\/familienforschung-tecklenburger-land.de\/wp-content\/uploads\/2023\/05\/Piesberg-Luftbild.jpg\" alt=\"\" class=\"wp-image-2577\" srcset=\"https:\/\/familienforschung-tecklenburger-land.de\/wp-content\/uploads\/2023\/05\/Piesberg-Luftbild.jpg 792w, https:\/\/familienforschung-tecklenburger-land.de\/wp-content\/uploads\/2023\/05\/Piesberg-Luftbild-300x224.jpg 300w, https:\/\/familienforschung-tecklenburger-land.de\/wp-content\/uploads\/2023\/05\/Piesberg-Luftbild-768x574.jpg 768w\" sizes=\"auto, (max-width: 792px) 100vw, 792px\" \/><\/figure>\n\n\n\n<p>Bild: Wikicommons<\/p>\n\n\n\n<p><img loading=\"lazy\" decoding=\"async\" src=\"https:\/\/familienforschung-tecklenburger-land.de\/files\/Tecklenburger-Familienforschung\/OSNABRUECK\/Osnabrueck%20Stadt\/Pye\/Baeckerei%20Feldkamp.jpg\" alt=\"\" width=\"230\" height=\"305\"><\/p>\n\n\n\n<p>Bei der B\u00e4ckerei Feldkamp<\/p>\n\n\n\n<p><img loading=\"lazy\" decoding=\"async\" src=\"https:\/\/familienforschung-tecklenburger-land.de\/files\/Tecklenburger-Familienforschung\/OSNABRUECK\/Osnabrueck%20Stadt\/Pye\/Pye-Haseschacht.jpg\" alt=\"\" width=\"230\" height=\"192\"><\/p>\n\n\n\n<p>Das Haseschachtgeb\u00e4ude (Bild: Wikicommons)<\/p>\n<\/div>\n<\/div>\n\n\n\n<div class=\"wp-block-columns is-layout-flex wp-container-core-columns-is-layout-9d6595d7 wp-block-columns-is-layout-flex\">\n<div class=\"wp-block-column is-layout-flow wp-block-column-is-layout-flow\" style=\"flex-basis:25%\">\n<p><strong>Die Eintragungen von Taufen, Hochzeiten und Sterbef\u00e4llen der Pyer Einwohner finden sich haupts\u00e4chlich in den Wallenhorster Kirchenb\u00fcchern.<\/strong><\/p>\n\n\n\n<figure class=\"wp-block-image size-full\"><img loading=\"lazy\" decoding=\"async\" width=\"800\" height=\"730\" src=\"https:\/\/familienforschung-tecklenburger-land.de\/wp-content\/uploads\/2023\/05\/Pyer-Mark.jpg\" alt=\"\" class=\"wp-image-2578\" srcset=\"https:\/\/familienforschung-tecklenburger-land.de\/wp-content\/uploads\/2023\/05\/Pyer-Mark.jpg 800w, https:\/\/familienforschung-tecklenburger-land.de\/wp-content\/uploads\/2023\/05\/Pyer-Mark-300x274.jpg 300w, https:\/\/familienforschung-tecklenburger-land.de\/wp-content\/uploads\/2023\/05\/Pyer-Mark-768x701.jpg 768w\" sizes=\"auto, (max-width: 800px) 100vw, 800px\" \/><\/figure>\n\n\n\n<p><a href=\"https:\/\/familienforschung-tecklenburger-land.de\/files\/Tecklenburger-Familienforschung\/OSNABRUECK\/Osnabrueck%20Stadt\/Pye\/Pyer-Mark.jpg\"><\/a><\/p>\n\n\n\n<p>Karte der Pyer Mark<\/p>\n\n\n\n<p><img loading=\"lazy\" decoding=\"async\" src=\"https:\/\/familienforschung-tecklenburger-land.de\/files\/Tecklenburger-Familienforschung\/OSNABRUECK\/Osnabrueck%20Stadt\/Pye\/Pye-Friedhof.jpg\" alt=\"\" width=\"230\" height=\"153\"><\/p>\n\n\n\n<p>Am Friedhof<\/p>\n\n\n\n<h3 class=\"wp-block-heading\">Karten und Pl\u00e4ne im Staatsarchiv Osnabr\u00fcck:<\/h3>\n\n\n\n<p>K 100 Nr. 1 H (R) IV: Landesaufnahme des F\u00fcrstbistums Osnabr\u00fcck: Bl. 2: Feldmark: Pye (1784 &#8211; 1790)<\/p>\n\n\n\n<p>K 100 Nr. 5 M: Katasterplankarten und -Ausz\u00fcge von nachfolgenden Orten im Regierungsbezirk Osnabr\u00fcck: u.a. Pye (1890 &#8211; 1955)<\/p>\n\n\n\n<p>K 72 Hollage Nr. 2 H: &#8222;Karte von der Hollager Mark&#8220;: Parzellen mit Nummern und Namen: Blatt 1: &#8222;Revier der Strothe-Gegend bei Feldm\u00f6ller Soerwiese&#8220; (n\u00f6rdl. des Barlager Kirchwegs. &#8222;Nr. 1&#8220;), Blatt 2: &#8222;Revier Die Nattenheide&#8220; (an der Grenze der Pyer und der Lechtinger Mark. &#8222;Nr. 5&#8220;), Blatt 3: &#8222;Revier Die Holger Heide&#8220; (n\u00f6rdl. der Grenze der Pyer Mark. &#8222;Nr. 6&#8220;) (1842 &#8211; 1845)<\/p>\n\n\n\n<p>K 72 Pye Nr. 4 H:&nbsp; &#8222;Charte Nr. &#8230; von der Pyer Mark&#8220; &#8211; Teilungskarte<br>Teilungsgrenzen, Besitzer, Flurnamen, Wege, Stollenbach, Steinkuhlen, Sch\u00e4chte (1832 &#8211; 1842)<\/p>\n\n\n\n<p>K 72 Pye Nr. 5 H: Extrakt aus der Teilungskarte Blatt 1 der Pyer Mark (1832 &#8211; 1842)<\/p>\n\n\n\n<p>K 73 Nr. 315 H: Umgebung von Osnabr\u00fcck (bis Gaste, Pye, Powe, Natbergen) (1850 &#8211; 1873)<\/p>\n\n\n\n<p>K Akz. 52\/1999 Nr. 107 H: Teilung der Pyer Mark. Reviere Pyer-Haide, Grutth\u00fcgel, Pyer-Moor, Grosse- und Nasse Haide, Schwarzewasser etc. (1832 &#8211; 1842)<\/p>\n\n\n\n<p>K Akz. 52\/1999 Nr. 138 H: Teilung der Pyer Mark. Reviere: Offers Theile, Schmih\u00fcgel, Bramh\u00fcgel, Sch\u00fcrh\u00fcgel, Voslinke, Horenh\u00fcgel, Nasbergsh\u00fcgel, Pyesberg etc.(1832 &#8211; 1842)<\/p>\n\n\n\n<p><img loading=\"lazy\" decoding=\"async\" src=\"https:\/\/familienforschung-tecklenburger-land.de\/files\/Tecklenburger-Familienforschung\/OSNABRUECK\/Osnabrueck%20Stadt\/Pye\/Zechenbahnhof-Piesberg.jpg\" alt=\"\" width=\"230\" height=\"175\"><\/p>\n\n\n\n<p>Der Zechenbahnhof am Piesberg<\/p>\n<\/div>\n\n\n\n<div class=\"wp-block-column is-layout-flow wp-block-column-is-layout-flow\" style=\"flex-basis:50%\">\n<h2 class=\"wp-block-heading\" id=\"-Quellen\">Genealogische Quellen<\/h2>\n\n\n\n<h3 class=\"wp-block-heading\">Staatsarchiv Osnabr\u00fcck:<\/h3>\n\n\n\n<p>Dep 3 b IV Nr. 5245: Br\u00fcchten der Pyer Mark (1739 &#8211; 1788)<\/p>\n\n\n\n<p>Dep 3 b IV Nr. 5246: Protokolle der Pyer Mark, vorz\u00fcglich die Markteilung (1778 &#8211; 1785)<\/p>\n\n\n\n<p>Dep 3 b IV Nr. 5251: Neue Verhandlungen \u00fcber die Pyer Mark (1819 &#8211; 1858)<\/p>\n\n\n\n<p>Dep 3 b IV Nr. 5252: Holzgr\u00e4fliche Abfindung aus der Pyer Mark (1828 &#8211; 1842)<\/p>\n\n\n\n<p>Dep 3 b IV Nr. 6049: Verpachtung der L\u00e4ndereien auf dem S\u00fcdkampe zu Pye und der Verkauf des auf demselben belegenen Kottens (1849 &#8211; 1871)<\/p>\n\n\n\n<p>Dep 3 b IV Nr. 6268: Austausch von Grundst\u00fccken zwischen dem Magistrate und den Patronaten am Hakenhofe in der Heringer Heide und in der Pyer Mark (1844 &#8211; 1852)<\/p>\n\n\n\n<p>Rep 350 Osn Nr. 1933: Pyer Markteilung (1784 &#8211; 1786<\/p>\n\n\n\n<p>Rep 540 Osn-Land Nr. 277: Grundsteuer-Mutterrolle der Gemarkung Pye des Gemeindebezirks Pye Nr. 37 Artikel-Nr. 1 bis 30 Enth\u00e4lt auch: Originalflurbuch des Gemeindebezirks Pye (1873 &#8211; 1950)<\/p>\n\n\n\n<p>Rep 956 II Nr. 409: Hypothekenbuch mit alphabetischem Register der Hypothekenbesteller der Gemeinde Pye (1829 &#8211; 1865)<\/p>\n\n\n\n<p>Rep 956 II Nr. 495: Hypothekenbuch f\u00fcr Hausbesitzer des Kirchspiels Wallenhorst Gemeinden Hollage, Lechtingen, Pye und Wallenhorst (1866 &#8211; 1884)<\/p>\n\n\n\n<p>Rep 956 II Nr. 496: Hypothekenbuch f\u00fcr Nicht-Hausbesitzer des Kirchspiels Wallenhorst Gemeinden Hollage, Lechtingen, Pye und Wallenhorst (1866 &#8211; 1885)<\/p>\n\n\n\n<h3 class=\"wp-block-heading\">Zivilstandsregister im Staatsarchiv Osnabr\u00fcck<\/h3>\n\n\n\n<p>Os Rep 492 Nr. 436: Geburtenregister (04.11.1874 &#8211; 01.01.1875)<br>Os Rep 492 Nr. 437: Geburtenregister (12.01.1875 &#8211; 28.12.1875)<br>Os Rep 492 Nr. 438: Geburtenregister (05.01.1876 &#8211; 25.11.1876)<br>Os Rep 492 Nr. 439: Geburtenregister (03.01.1877 &#8211; 29.12.1877)<br>Os Rep 492 Nr. 440: Geburtenregister (15.01.1878 &#8211; 26.12.1878)<br>Os Rep 492 Nr. 441: Geburtenregister (14.02.1879 &#8211; 29.12.1879)<br>Os Rep 492 Nr. 442: Geburtenregister (19.01.1880 &#8211; 12.12.1880)<br>Os Rep 492 Nr. 443: Geburtenregister (09.01.1881 &#8211; 10.12.1881)<br>Os Rep 492 Nr. 444: Geburtenregister (22.02.1882 &#8211; 30.12.1882)<br>Os Rep 492 Nr. 445: Geburtenregister (06.01.1883 &#8211; 01.12.1883)<br>Os Rep 492 Nr. 446: Geburtenregister (14.01.1884 &#8211; 14.12.1884)<br>Os Rep 492 Nr. 447: Geburtenregister (06.01.1885 &#8211; 20.12.1885)<br>Os Rep 492 Nr. 448: Geburtenregister (04.01.1886 &#8211; 31.12.1886)<br>Os Rep 492 Nr. 449: Geburtenregister (07.01.1887 &#8211; 17.12.1887)<br>Os Rep 492 Nr. 450: Geburtenregister (15.01.1888 &#8211; 30.12.1888)<br>Os Rep 492 Nr. 451: Geburtenregister (11.01.1889 &#8211; 19.12.1889)<br>Os Rep 492 Nr. 452: Geburtenregister (05.01.1890 &#8211; 31.12.1890)<br>Os Rep 492 Nr. 453: Geburtenregister (06.01.1891 &#8211; 31.12.1891)<br>Os Rep 492 Nr. 454: Geburtenregister (31.12.1891 &#8211; 31.12.1891)<br>Os Rep 492 Nr. 455: Geburtenregister (06.01.1892 &#8211; 30.12.1892)<br>Os Rep 492 Nr. 456: Geburtenregister (05.01.1893 &#8211; 31.12.1893)<br>Os Rep 492 Nr. 457: Geburtenregister (08.01.1894 &#8211; 23.12.1894)<br>Os Rep 492 Nr. 458: Geburtenregister (07.01.1895 &#8211; 06.11.1895)<br>Os Rep 492 Nr. 459: Geburtenregister (06.01.1896 &#8211; 26.12.1896)<br>Os Rep 492 Nr. 4288: Geburtenregister (02.02.1897 &#8211; 31.12.1899)<br>Os Rep 492 Nr. 460: Heiratsregister (1874)<br>Os Rep 492 Nr. 461: Heiratsregister (05.02.1875 &#8211; 25.11.1875)<br>Os Rep 492 Nr. 462: Heiratsregister (30.04.1876 &#8211; 26.11.1876)<br>Os Rep 492 Nr. 463: Heiratsregister (21.01.1877 &#8211; 02.11.1877)<br>Os Rep 492 Nr. 464: Heiratsregister (13.01.1878 &#8211; 20.10.1878)<br>Os Rep 492 Nr. 465: Heiratsregister (11.05.1879 &#8211; 26.10.1879)<br>Os Rep 492 Nr. 466: Heiratsregister (27.01.1880 &#8211; 21.11.1880)<br>Os Rep 492 Nr. 467: Heiratsregister (02.02.1881 &#8211; 16.06.1881)<br>Os Rep 492 Nr. 468: Heiratsregister (15.01.1882 &#8211; 25.09.1882)<br>Os Rep 492 Nr. 469: Heiratsregister (28.01.1883 &#8211; 03.12.1883)<br>Os Rep 492 Nr. 470: Heiratsregister (27.01.1884 &#8211; 16.11.1884)<br>Os Rep 492 Nr. 471: Heiratsregister (19.04.1885 &#8211; 27.10.1885)<br>Os Rep 492 Nr. 472: Heiratsregister (12.01.1886 &#8211; 19.10.1886)<br>Os Rep 492 Nr. 473: Heiratsregister (01.05.1887 &#8211; 06.11.1887)<br>Os Rep 492 Nr. 474: Heiratsregister (22.04.1888 &#8211; 09.11.1888)<br>Os Rep 492 Nr. 475: Heiratsregister (01.03.1889 &#8211; 21.10.1889)<br>Os Rep 492 Nr. 476: Heiratsregister (21.02.1890 &#8211; 23.11.1890)<br>Os Rep 492 Nr. 477: Heiratsregister (11.01.1891 &#8211; 22.11.1891)<br>Os Rep 492 Nr. 478: Heiratsregister (21.02.1892 &#8211; 06.11.1892)<br>Os Rep 492 Nr. 479: Heiratsregister (21.01.1893 &#8211; 24.11.1893)<br>Os Rep 492 Nr. 480: Heiratsregister (14.10.1894 &#8211; 19.11.1894)<br>Os Rep 492 Nr. 481: Heiratsregister (09.05.1895 &#8211; 25.11.1895)<br>Os Rep 492 Nr. 482: Heiratsregister (18.10.1896 &#8211; 22.11.1896)<br>Os Rep 492 Nr. 483: Heiratsregister (04.05.1897 &#8211; 17.07.1899)<br>Os Rep 492 Nr. 484: Heiratsregister (13.01.1900 &#8211; 25.11.1904)<br>Os Rep 492 Nr. 489: Sterberegister (01.10.1874 &#8211; 10.12.1874)<br>Os Rep 492 Nr. 490: Sterberegister (14.01.1875 &#8211; 25.12.1875)<br>Os Rep 492 Nr. 491: Sterberegister (13.01.1876 &#8211; 09.10.1876)<br>Os Rep 492 Nr. 492: Sterberegister (06.01.1877 &#8211; 30.11.1877)<br>Os Rep 492 Nr. 493: Sterberegister (02.01.1878 &#8211; 29.12.1878)<br>Os Rep 492 Nr. 494: Sterberegister (17.03.1879 &#8211; 20.11.1879)<br>Os Rep 492 Nr. 495: Sterberegister (12.01.1880 &#8211; 14.12.1880)<br>Os Rep 492 Nr. 496: Sterberegister (08.02.1881 &#8211; 15.12.1881)<br>Os Rep 492 Nr. 497: Sterberegister (31.01.1882 &#8211; 09.12.1882)<br>Os Rep 492 Nr. 498: Sterberegister (17.01.1883 &#8211; 19.12.1883)<br>Os Rep 492 Nr. 499: Sterberegister (10.02.1884 &#8211; 22.12.1884)<br>Os Rep 492 Nr. 500: Sterberegister (20.01.1885 &#8211; 16.11.1885)<br>Os Rep 492 Nr. 501: Sterberegister (08.01.1886 &#8211; 13.11.1886)<br>Os Rep 492 Nr. 502: Sterberegister (18.01.1887 &#8211; 17.12.1887)<br>Os Rep 492 Nr. 503: Sterberegister (04.02.1888 &#8211; 22.06.1888)<br>Os Rep 492 Nr. 504: Sterberegister (23.02.1889 &#8211; 22.12.1889)<br>Os Rep 492 Nr. 505: Sterberegister (07.01.1890 &#8211; 17.09.1890)<br>Os Rep 492 Nr. 506: Sterberegister (15.02.1891 &#8211; 04.12.1891)<br>Os Rep 492 Nr. 507: Sterberegister (06.01.1892 &#8211; 04.12.1892)<br>Os Rep 492 Nr. 508: Sterberegister (25.01.1893 &#8211; 16.12.1893)<br>Os Rep 492 Nr. 509: Sterberegister (04.01.1894 &#8211; 04.12.1894)<br>Os Rep 492 Nr. 510: Sterberegister (18.12.1894 &#8211; 31.12.1894)<br>Os Rep 492 Nr. 511: Sterberegister (16.02.1895 &#8211; 24.12.1895)<br>Os Rep 492 Nr. 512: Sterberegister (14.01.1896 &#8211; 17.11.1896)<br>Os Rep 492 Nr. 513: Sterberegister (02.01.1897 &#8211; 30.09.1899)<br>Os Rep 492 Nr. 514: Sterberegister (13.01.1900 &#8211; 25.12.1904)<\/p>\n<\/div>\n\n\n\n<div class=\"wp-block-column is-layout-flow wp-block-column-is-layout-flow\" style=\"flex-basis:25%\">\n<h3 class=\"wp-block-heading\">Archive:<\/h3>\n\n\n\n<p><strong><a href=\"http:\/\/www.bistum-osnabrueck.de\/kultur\/dioezesanarchiv.html\">Di\u00f6zesanarchiv in Osnabr\u00fcck<\/a><\/strong><br>Gro\u00dfe Domsfreiheit 10<br>49074 Osnabr\u00fcck<br>Anmeldung erforderlich:<br>Telefon: 0541\/318-416<br>(<a href=\"mailto:kulturundarchiv@bistum-os.de\">Maria Rehnen<\/a>)<br>\u00d6ffnungszeiten f\u00fcr Familienforschung: mittwochs von 8.00 \u2013 12.30 Uhr und 13.30 bis 18.00 sowie auf Anfrage<br><br><a href=\"http:\/\/www.kirchenkreis-osnabrueck.de\/kirchenkreis\/kirchenamt.html\">Ev.-luth. Kirchenbuchamt Osnabr\u00fcck<\/a><br>Eversburger Str. 32<br>49090 Osnabr\u00fcck<br>Anmeldung erforderlich:<br><a href=\"mailto:linda.klingspohn@evlka.de\">Linda Klingspohn<\/a><br>T: 0541 \/ 94049-435<br>Das Kirchenbuchamt ist Di u. Do von 8:30 Uhr bis 13:30 Uhr ge\u00f6ffnet.<br><br>Die <strong>Standesamtsregister<\/strong><em>(ab 1874 &#8211; gesch\u00fctzt sind die Geburtsregister der letzten 110 Jahre, Heiratsregister der letzten 80 Jahre und Sterberegister der letzten 30 Jahre)<\/em> finden Sie im <a href=\"http:\/\/www.nla.niedersachsen.de\/landesarchiv\/gliederung\/standort_osnabrueck\/standort-osnabrueck-85969.html\" target=\"_blank\" rel=\"noreferrer noopener\">Staatsarchiv Osnabr\u00fcck<\/a>, Schlo\u00dfstr.29, 49074 Osnabr\u00fcck,<br>Tel.: 0541\/33162-0.<br><br><strong><a href=\"http:\/\/www.kgverband-meppen.de\/familienforschung.html\">Katholische Familienforschungsstelle in Meppen<\/a><\/strong><br>Haus d. Sozialen Dienste, Domhof 18, 49716 Meppen<br><strong>Anmeldung erforderlich:<\/strong><br>Kath. Propsteigemeinde St. Vitus, Kuhstra\u00dfe 44, 49716 Meppen<br>Telefon: 0 59 31\/1 24 44 \/ Telefax: 0 59 31\/97 03 44, <a href=\"mailto:fam.archive@kgverband-meppen.de\">E-Mail<\/a><br><strong>\u00d6ffnungszeiten f\u00fcr Familienforscher: <\/strong>Do &amp; Fr 8.30 \u2013 12.30 Uhr und 13.30 \u2013 16.00 Uhr<br>sowie an jedem ersten Samstag eines Monats von 8.30 \u2013 12.30 Uhr<br>und an jedem Freitag vor dem ersten Samstag eines Monats von 8.30 \u2013 12.30 Uhr und 13.30 \u2013 18.00 Uhr<br><br><strong>LAV Staats- und Personenstandsarchiv Detmold<\/strong><br>Willi-Hofmann-Stra\u00dfe 2, 32756 Detmold<br>Tel.: 05231\/7660<br>www.archive.nrw.de<br><br><strong>Vereinigte Westf\u00e4lische Adelsarchive e.V.<\/strong><br>Jahnstr. 26, 48147 M\u00fcnster<br>Tel.: 0251-5913890<br>adelsarchive@lwl.org<\/p>\n\n\n\n<p><img loading=\"lazy\" decoding=\"async\" src=\"https:\/\/familienforschung-tecklenburger-land.de\/files\/Tecklenburger-Familienforschung\/OSNABRUECK\/Osnabrueck%20Stadt\/Pye\/Pye-Stueveschacht-1896.jpg\" alt=\"\" width=\"230\" height=\"213\"><\/p>\n\n\n\n<p>Der St\u00fcvseschacht gegen Ende des 19. Jahrhunderts<\/p>\n\n\n\n<h3 class=\"wp-block-heading\">H\u00f6fe und ihre Grundherren im Jahr 1772<\/h3>\n\n\n\n<p><strong>Vollerben:<\/strong><\/p>\n\n\n\n<ul class=\"wp-block-list\">\n<li>G\u00f6sling: Magistrat Osnabr\u00fcck (Stadtarmen)<\/li>\n\n\n\n<li>Becker: Kapitel St. Johann<\/li>\n\n\n\n<li>Stephan to Pye (sive Offers): Kloster Rulle<\/li>\n\n\n\n<li>Berend to Pye (sive Sch\u00f6ler): Magistrat Osnabr\u00fcck (Siechenarmen)<\/li>\n\n\n\n<li>Heinrich to Pye (sive Drees): Landesherr<\/li>\n\n\n\n<li>Gro\u00dfe Siebenb\u00fcrgen: Domkapitel<\/li>\n\n\n\n<li>Berend to S\u00fcven: Magistrat Osnabr\u00fcck (Stadtarmen)<\/li>\n<\/ul>\n\n\n\n<p><strong>Erbk\u00f6tter:<\/strong><\/p>\n\n\n\n<ul class=\"wp-block-list\">\n<li>Kleine Siebenb\u00fcrgen: v. Bussche-Ippenburg<\/li>\n<\/ul>\n\n\n\n<p><strong>Markk\u00f6tter:<\/strong><\/p>\n\n\n\n<ul class=\"wp-block-list\">\n<li>Overien: frei<\/li>\n\n\n\n<li>Wever: frei<\/li>\n\n\n\n<li>Berend in der Heide: frei<\/li>\n\n\n\n<li>Berend (sive Gro\u00dfe Kohlbrecher): frei, Resthof: Riehemann<\/li>\n\n\n\n<li>Tepe (sive Kleine Kohlbrecher): frei<\/li>\n<\/ul>\n<\/div>\n<\/div>\n\n\n\n<div class=\"wp-block-columns is-layout-flex wp-container-core-columns-is-layout-9d6595d7 wp-block-columns-is-layout-flex\">\n<div class=\"wp-block-column is-layout-flow wp-block-column-is-layout-flow\" style=\"flex-basis:25%\">\n<p><a href=\"https:\/\/familienforschung-tecklenburger-land.de\/files\/Tecklenburger-Familienforschung\/OSNABRUECK\/Osnabrueck%20Stadt\/Pye\/Piesberg_3.jpg\"><\/a><\/p>\n\n\n\n<figure class=\"wp-block-image size-full\"><img loading=\"lazy\" decoding=\"async\" width=\"500\" height=\"234\" src=\"https:\/\/familienforschung-tecklenburger-land.de\/wp-content\/uploads\/2023\/05\/Piesberg_3.jpg\" alt=\"\" class=\"wp-image-2579\" srcset=\"https:\/\/familienforschung-tecklenburger-land.de\/wp-content\/uploads\/2023\/05\/Piesberg_3.jpg 500w, https:\/\/familienforschung-tecklenburger-land.de\/wp-content\/uploads\/2023\/05\/Piesberg_3-300x140.jpg 300w\" sizes=\"auto, (max-width: 500px) 100vw, 500px\" \/><\/figure>\n\n\n\n<p>Der Piesberg<\/p>\n\n\n\n<h3 class=\"wp-block-heading\">Aus dem Osnabr\u00fccker Adressbuch von 1868:<\/h3>\n\n\n\n<figure class=\"wp-block-image\"><img decoding=\"async\" src=\"https:\/\/familienforschung-tecklenburger-land.de\/files\/Tecklenburger-Familienforschung\/OSNABRUECK\/OS-Haeuserverzeichnis-1868.jpg\" alt=\"\"\/><\/figure>\n\n\n\n<figure class=\"wp-block-image\"><img decoding=\"async\" src=\"https:\/\/familienforschung-tecklenburger-land.de\/files\/Tecklenburger-Familienforschung\/OSNABRUECK\/Osnabrueck%20Stadt\/Pye\/Pye_OS-Haeuserverzeichnis-1868.jpg\" alt=\"\"\/><\/figure>\n\n\n\n<figure class=\"wp-block-image\"><img decoding=\"async\" src=\"https:\/\/familienforschung-tecklenburger-land.de\/files\/Tecklenburger-Familienforschung\/OSNABRUECK\/Osnabrueck%20Stadt\/Pye\/Piesberg_2.jpg\" alt=\"\"\/><\/figure>\n\n\n\n<p><img loading=\"lazy\" decoding=\"async\" src=\"https:\/\/familienforschung-tecklenburger-land.de\/files\/Tecklenburger-Familienforschung\/OSNABRUECK\/Osnabrueck%20Stadt\/Pye\/Pyer-Schule-1896.jpg\" alt=\"\" width=\"230\" height=\"152\"><\/p>\n\n\n\n<p>Die Pyer Schule im Jahr 1894<\/p>\n<\/div>\n\n\n\n<div class=\"wp-block-column is-layout-flow wp-block-column-is-layout-flow\" style=\"flex-basis:50%\">\n<h2 class=\"wp-block-heading\" id=\"-Fundstuecke\">Fundst\u00fccke<\/h2>\n\n\n\n<h3 class=\"wp-block-heading\">Staatsarchiv Osnabr\u00fcck:<\/h3>\n\n\n\n<p>Dep 100 Nr. 65: Meyerhof zu Bramsche, Klagesachen: Tuchmachermeister Th\u00f6le gegen <strong>Drees<\/strong> zu Pye wegen Schweineh\u00fctens im sog. Baumst\u00fcck (1849)<\/p>\n\n\n\n<p>Dep 3 b IV Nr. 3673: Magistrat .\/. den Kolon <strong>G\u00f6sling<\/strong> zu Pye wegen Besitzst\u00f6rung, Wegnahme einer Br\u00fccke und Entsch\u00e4digung (1862)<\/p>\n\n\n\n<p>Dep 3 b IV Nr. 5552: <strong>Kohlbrecher<\/strong> zu Pye m. Pgmt. Urkunde v. 1710 Sept. 30 (1656 &#8211; 1785)<\/p>\n\n\n\n<p>Dep 3 b IV Nr. 6039: Pacht des Grubenw\u00e4rters <strong>Doremkamp<\/strong> in Pye (1845 &#8211; 1852)<\/p>\n\n\n\n<p>Dep 3 b IV Nr. 6043: \u00dcbernahme der Pacht des Bergmanns <strong>Osterfeld<\/strong> in Pye durch den Schuhmacher Franz Anton Wallenhorst (1847 &#8211; 1858)<\/p>\n\n\n\n<p>Dep 3 b IV Nr. 6287: Ankauf der <strong>Herold<\/strong>schen Besitzung in Pye (1855 &#8211; 1881)<\/p>\n\n\n\n<p>Dep 3 b VIII Nr. 185: Kolon <strong>Sch\u00f6ler<\/strong> zu Pye .\/. den Patron des Hospitals, wegen Sterbfall (1773 &#8211; 1787)<\/p>\n\n\n\n<p>Dep 3 b VIII Nr. 207: Die <strong>Sch\u00f6lers<\/strong> St\u00e4tte zu Pye (1797 &#8211; 1833)<\/p>\n\n\n\n<p>Dep 3 b VIII Nr. 301: Die <strong>Alberts<\/strong> St\u00e4tte zu Pye (1630 &#8211; 1815)<\/p>\n\n\n\n<p>Dep 3 b VIII Nr. 394: <strong>G\u00f6slings<\/strong> Erbe zu Pye (1729 &#8211; 1881)<\/p>\n\n\n\n<p>Rep 335 Nr. 5323: Gesuch des Landmaurermeisters Franz <strong>Bitter<\/strong> zu Pye um Konzessionserteilung zur Aus\u00fcbung des Meisterrechts in der Stadt Osnabr\u00fcck (1857 &#8211; 1867)<\/p>\n\n\n\n<p>Rep 335 Nr. 8353: M\u00fchlenanlage an der Hase durch den Kolon <strong>Drees<\/strong> zu Pye im Amt Osnabr\u00fcck (1842 &#8211; 1843)<\/p>\n\n\n\n<p>Rep 335 Nr. 10706: Steinkohlenbergwerk am Piesberg zu Osnabr\u00fcck: Entsch\u00e4digungsanspr\u00fcche des Kolonen <strong>Kleine Siebenb\u00fcrgen<\/strong> zu Pye f\u00fcr die auf seinen Gr\u00fcnden vorgenommenen Versucharbeiten (1848 &#8211; 1904)<\/p>\n\n\n\n<p>Rep 335 Nr. 11186 Bd. 1 &#8211; 2: Klage der durch Anwalt Syndikus Dyckhoff vertretenen Kl\u00e4ger K\u00f6nigliche Klosterkammer zu Hannover, die Hofbesitzer Gers Barlage zu Hollage, Meyer zu Wackum in Achmer, Holzgrefe zu Heemke, L\u00fcdeke zu Pente, Kiesekamp zu Epe und <strong>G\u00f6sling<\/strong> zu Pye gegen den Magistrat der Stadt Osnabr\u00fcck wegen Unterlassung der Einlassung von salzhaltigem Wasser in die Hase und wegen Schadensersatzes (1877 &#8211; 1891)<\/p>\n\n\n\n<p>Rep 350 Osn Nr. 1551: Von dem Kolon <strong>Albers<\/strong> zu Pye beabsichtigte Begradigung der Hase durch seine sog. Kohfahrtswiese (1842 &#8211; 1850)<\/p>\n\n\n\n<p>Rep 350 Osn Nr. 1619: Vom Kolon <strong>Drees<\/strong> zu Pye und Genossen beabsichtigten Stauanlagen in der Hase (1847 &#8211; 1854)<\/p>\n\n\n\n<p>Rep 350 Osn Nr. 1647: Beschwerde verschiedener Kolonen zu Hollage und Pye wegen \u00dcberschwemmungen ihrer Wiesen durch aus dem Piesberg ablaufendes Kohlenwasser (1870 &#8211; 1876)<\/p>\n\n\n\n<p>Rep 350 Osn Nr. 1839: Abfindungsermittlung der abgehenden Geschwister des Kolon Franz Heinrich <strong>Drees<\/strong> zu Pye (1851 &#8211; 1852)<\/p>\n\n\n\n<p>Rep 350 Osn Nr. 1840: Ermittlung der Abfindung der von <strong>G\u00f6sslings<\/strong> St\u00e4tte zu Pye abgehenden Kinder (1847 &#8211; 1850)<\/p>\n\n\n\n<p>Rep 350 Osn Nr. 1840 a: Auffahrt- und Sterbefall, Freilassung und Fixation der ungewissen Eigentumsgef\u00e4lle beim Kolon <strong>to Pie \/ Topie zu Pye<\/strong> (1815 (1828 &#8211; 1816)<\/p>\n\n\n\n<p>Rep 350 Osn Nr. 2244: Vom Kolon <strong>Drees<\/strong> zu Pye erbetene Erlaubnis zur Anlegung einer \u00d6lbock- und Walkm\u00fchle an der Hase (1841 &#8211; 1843)<\/p>\n\n\n\n<p>Rep 430 Dez 400 Nr. 1327: <strong>Feldkamp, Bernhard<\/strong>, geb. 14.12.1867, Volksschullehrer, Pye (1890 &#8211; 1912)<\/p>\n\n\n\n<p>Rep 556 Nr. 173: <strong>Olfers<\/strong>-St\u00e4tte zu Pye, leibeigen an das Kloster Rulle (1833 &#8211; 1843)<\/p>\n\n\n\n<p>Rep 925 Nr. 254: Kolon <strong>G\u00f6sling<\/strong> zu Pye .\/. Magistrat der Stadt Osnabr\u00fcck wegen Anlage eines Abzugskanals durch das G\u00f6sling\u00b4sche Kolonat am Piesberg Enth\u00e4lt: Situationsskizze (1862 &#8211; 1863)<\/p>\n\n\n\n<p>Rep 925 Nr. 301: Magistrat der Stadt Osnabr\u00fcck .\/. Kolon <strong>Kleine-Siebenb\u00fcrgen<\/strong> zu Pye wegen Sch\u00fcrfrechte innerhalb der Flurmark der Bauerschaft Pye (1866 &#8211; 1870)<\/p>\n<\/div>\n\n\n\n<div class=\"wp-block-column is-layout-flow wp-block-column-is-layout-flow\" style=\"flex-basis:25%\">\n<h3 class=\"wp-block-heading\">Hausnummern der alten H\u00f6fe in Pye<\/h3>\n\n\n\n<ul class=\"wp-block-list\">\n<li>G\u00f6sling Nr. 1<\/li>\n\n\n\n<li>Becker Nr. 2<\/li>\n\n\n\n<li>Offers Nr. 3<\/li>\n\n\n\n<li>Sch\u00f6ler Nr. 4 [heute: N\u00f6lker]<\/li>\n\n\n\n<li>Drees Nr. 5<\/li>\n\n\n\n<li>Gro\u00dfe Siebenb\u00fcrgen Nr. 6<\/li>\n\n\n\n<li>Albers Nr. 7<\/li>\n\n\n\n<li>Kleine Siebenb\u00fcrgen Nr. 8 [bis Ende 2012 Pyer Hofcaf\u00e9, Besitzer: Vedder, jetzt verkauft]<\/li>\n\n\n\n<li>Overin Nr. 9<\/li>\n\n\n\n<li>Meyer Nr. 10 [heute: Meyknecht]<\/li>\n\n\n\n<li>Drees\/Inderheide Nr. 11 [heute: Halbr\u00fcgge]<\/li>\n<\/ul>\n\n\n\n<figure class=\"wp-block-image\"><img decoding=\"async\" src=\"https:\/\/familienforschung-tecklenburger-land.de\/files\/Tecklenburger-Familienforschung\/OSNABRUECK\/Osnabrueck%20Stadt\/Pye\/Pye-to-Pye4.jpg\" alt=\"\"\/><\/figure>\n\n\n\n<h3 class=\"wp-block-heading\">Staatsarchiv Oldenburg:<\/h3>\n\n\n\n<p>Best. 155 Nr. 926: Oldenburgische Pr\u00fcfungskommissionen \/ Juristen: <strong>Siebenb\u00fcrgen, Ferdinand Friedrich<\/strong> aus Pye b. Osnabr\u00fcck (1884)<\/p>\n\n\n\n<p>Best. 160-2 Nr. 3930: Einstellung des Obermusiklehrers <strong>Franz Clausing<\/strong>, geb. 09.10.1875 in Pye am Lehrerseminar in Vechta Enth\u00e4lt u.a.: Personalakte (1897)<\/p>\n\n\n\n<h3 class=\"wp-block-heading\">Weberin auf Hof Offers<\/h3>\n\n\n\n<figure class=\"wp-block-image\"><img decoding=\"async\" src=\"https:\/\/familienforschung-tecklenburger-land.de\/files\/Tecklenburger-Familienforschung\/OSNABRUECK\/Osnabrueck%20Stadt\/Pye\/OS-Medienarchiv_08.jpg\" alt=\"\"\/><\/figure>\n\n\n\n<p><a href=\"http:\/\/www.medienzentrum-osnabrueck.de\/arbeitswelten-auf-dem-lande\/\"><\/a><\/p>\n\n\n\n<p>Das Foto stammt aus dem Osnabr\u00fccker Medienzentrum. Bitte auf das Bild klicken und auf der Seite ggf. herunterscrollen. Dort gibt es auch noch weitere Informationen.<\/p>\n\n\n\n<p>Das Foto zeigt Anna Catharina Offers geb. 17.12.1883 in Pye (oo 30.05.1911 in Wallenhorst mit Franz Joseph Meyer (Wallenhorst im alten Dorf)) an ihrem Webstuhl.<br>Sie ist die Tochter des Colon Joseph Offers geb. Tepe und der Maria Lisette Klumpe. Vermutlich arbeitete sie im Jahre 1910 gerade an ihrer Aussteuer.<\/p>\n<\/div>\n<\/div>\n\n\n\n<div class=\"wp-block-columns is-layout-flex wp-container-core-columns-is-layout-9d6595d7 wp-block-columns-is-layout-flex\">\n<div class=\"wp-block-column is-layout-flow wp-block-column-is-layout-flow\" style=\"flex-basis:25%\"><\/div>\n\n\n\n<div class=\"wp-block-column is-layout-flow wp-block-column-is-layout-flow\" style=\"flex-basis:50%\">\n<h2 class=\"wp-block-heading\" id=\"-Auswanderer\">Auswanderer<\/h2>\n<\/div>\n\n\n\n<div class=\"wp-block-column is-layout-flow wp-block-column-is-layout-flow\" style=\"flex-basis:25%\"><\/div>\n<\/div>\n\n\n\n<div class=\"wp-block-columns is-layout-flex wp-container-core-columns-is-layout-9d6595d7 wp-block-columns-is-layout-flex\">\n<div class=\"wp-block-column is-layout-flow wp-block-column-is-layout-flow\" style=\"flex-basis:25%\"><\/div>\n\n\n\n<div class=\"wp-block-column is-layout-flow wp-block-column-is-layout-flow\" style=\"flex-basis:50%\">\n<h2 class=\"wp-block-heading\" id=\"-Karten\">Karten und Pl\u00e4ne<\/h2>\n<\/div>\n\n\n\n<div class=\"wp-block-column is-layout-flow wp-block-column-is-layout-flow\" style=\"flex-basis:25%\"><\/div>\n<\/div>\n\n\n\n<div class=\"wp-block-columns is-layout-flex wp-container-core-columns-is-layout-9d6595d7 wp-block-columns-is-layout-flex\">\n<div class=\"wp-block-column is-layout-flow wp-block-column-is-layout-flow\" style=\"flex-basis:25%\">\n<h3 class=\"wp-block-heading\">Festschriften:<\/h3>\n\n\n\n<p>80 Jahre Piesberger Sportverein 1932 e. V., Hrsg. Piesberger Sportverein 1932 e. V.<\/p>\n\n\n\n<p>150 Jahre Piesberger Sch\u00fctzenverein von 1858 e. V., Hrsg. Piesberger Sch\u00fctzenverein von 1858 e. V., Text: Dr. J\u00fcrgen Feldkamp<\/p>\n\n\n\n<p>50 Jahre Gesangverein \u201cS\u00e4ngerlust\u201d Pye 1921 \u2013 1971<\/p>\n\n\n\n<p>75 Jahre Gesangverein \u201cS\u00e4ngerlust\u201d Pye e. V. 1921 \u2013 1996<\/p>\n\n\n\n<p>200 Jahre Schule in Pye 1790 \u2013 1990, Hrsg. Lehrer und Elternvertreter der Grundschule Pye<\/p>\n<\/div>\n\n\n\n<div class=\"wp-block-column is-layout-flow wp-block-column-is-layout-flow\" style=\"flex-basis:50%\">\n<h2 class=\"wp-block-heading\" id=\"-Literatur\">Literatur<\/h2>\n\n\n\n<p>Siehe auch in der Literatur \u00fcber <a href=\"https:\/\/familienforschung-tecklenburger-land.de\/index.php?id=496\">Wallenhorst<\/a><\/p>\n\n\n\n<p>Unser Pye. Geschichte unseres Stadtteils (Band I). Herausgegeben vom CDU-Verband Pye<\/p>\n\n\n\n<p>Unser Pye. Museum Industriekultur (Band II). Herausgegeben vom CDU-Verband Pye<\/p>\n\n\n\n<p>Unser Pye. Pye und das 18. Jahrhundert (Band III). Herausgegeben vom CDU-Verband Pye<\/p>\n\n\n\n<p>Piesberger Anthrazit, Reprint der 1896 bei der Buchdruckerei J. G. Kisling, Osnabr\u00fcck, erschienenen Ausgabe, Verlag Rasch, Bramsche ISBN 3-922469-68-X<\/p>\n\n\n\n<p>Felix Trentmann: &#8230; die Spur aufgenommen: Sowjetische Kriegsgefangene am Piesberg in Osnabr\u00fcck. Rasch, Osnabr\u00fcck.<\/p>\n\n\n\n<p>Alt-Osnabr\u00fcck. Bild-Archiv fotografischer Aufnahmen bis 1945, Band 2. Herausgegeben von Wido Spratte. Wenner, Osnabr\u00fcck, 1997<\/p>\n\n\n\n<p>Joseph Martin: Die Vogtei Wallenhorst im Dreissigj\u00e4hrigen Krieg. Steinbacher Druck, 1998<\/p>\n\n\n\n<p>Kulturgeschichtliche Aufs\u00e4tze zur Elfhundertjahrfeier des Kirchspiels Wallenhorst 851 &#8211; 1951. Selbstverlag, 1951<\/p>\n\n\n\n<p>Heimatbund Osnabr\u00fccker Land: Wallenhorst. 1980<\/p>\n\n\n\n<p>Matthias Brinkmann: Unsere Heimat. Heimatbuch des Landkreises Osnabr\u00fcck, 1951<\/p>\n<\/div>\n\n\n\n<div class=\"wp-block-column is-layout-flow wp-block-column-is-layout-flow\" style=\"flex-basis:25%\">\n<figure class=\"wp-block-image\"><img decoding=\"async\" src=\"https:\/\/familienforschung-tecklenburger-land.de\/files\/Tecklenburger-Familienforschung\/OSNABRUECK\/Osnabrueck%20Stadt\/Pye\/Pye_01.jpg\" alt=\"\"\/><\/figure>\n\n\n\n<h3 class=\"wp-block-heading\">In: Heimatjahrbuch Osnabr\u00fccker Land<\/h3>\n\n\n\n<p><strong>1996:<\/strong> Die Rieselwiesen in Wallenhorst und Osnabr\u00fcck-Pye (Andreas Albers), S. 159<\/p>\n\n\n\n<p><img loading=\"lazy\" decoding=\"async\" src=\"https:\/\/familienforschung-tecklenburger-land.de\/files\/Tecklenburger-Familienforschung\/OSNABRUECK\/Osnabrueck%20Stadt\/Pye\/Pye-Haseschacht-1896.jpg\" alt=\"\" width=\"230\" height=\"180\"><\/p>\n\n\n\n<p>Der Haseschacht gegen Ende des 19. Jahrhunderts<\/p>\n<\/div>\n<\/div>\n\n\n\n<div class=\"wp-block-columns is-layout-flex wp-container-core-columns-is-layout-9d6595d7 wp-block-columns-is-layout-flex\">\n<div class=\"wp-block-column is-layout-flow wp-block-column-is-layout-flow\" style=\"flex-basis:25%\"><\/div>\n\n\n\n<div class=\"wp-block-column is-layout-flow wp-block-column-is-layout-flow\" style=\"flex-basis:50%\">\n<h2 class=\"wp-block-heading\" id=\"-Suchanfragen\">Suchanfragen<\/h2>\n\n\n\n<h3 class=\"wp-block-heading\">M\u00f6chten Sie auch eine Anfrage ver\u00f6ffentlichen?<\/h3>\n\n\n\n<p class=\"has-small-font-size\"><strong>Wenn jemand genealogische Kontakte kn\u00fcpfen m\u00f6chte oder Hilfe bei einem schwierigen Fall ben\u00f6tigt, ver\u00f6ffentlichen wir hier gern eine Anfrage.<\/strong><\/p>\n\n\n\n<p class=\"has-small-font-size\">Hier k\u00f6nnen Sie uns Ihre Suchanfrage \u00fcbermitteln:<\/p>\n\n\n\n<p class=\"has-small-font-size\">Sie k\u00f6nnen uns eine E-Mail mit Ihrer Suchanfrage schicken: <a href=\"mailto:admin@te-gen.de\">admin@te-gen.de<\/a> Bitte tragen Sie in die Mail ein, nach welchen Personen oder Namen Sie suchen, in welchem Ort Sie suchen, wenn Sie m\u00f6chten, Ihren Namen, welche Daten (Geburt, Heirat, Tod, andere) Ihnen vorliegen. Wenigstens ein Zeitraum w\u00e4re gut. Wir werden Ihre Anfrage dann an dieser Stelle ver\u00f6ffentlichen. Bitte beachten Sie, dass dies einige Tage dauern kann. Ihre Anfrage wird automatisch auch an unsere Mailingliste weitergeleitet.<\/p>\n<\/div>\n\n\n\n<div class=\"wp-block-column is-layout-flow wp-block-column-is-layout-flow\" style=\"flex-basis:25%\">\n<p><img loading=\"lazy\" decoding=\"async\" src=\"https:\/\/familienforschung-tecklenburger-land.de\/files\/Tecklenburger-Familienforschung\/OSNABRUECK\/Osnabrueck%20Stadt\/Pye\/Pye-Wanderhuette-am-Weissen-Moor.jpg\" alt=\"\" width=\"230\" height=\"162\"><\/p>\n\n\n\n<p>Wanderh\u00fctte am Witten Moor Diek<\/p>\n<\/div>\n<\/div>\n","protected":false},"excerpt":{"rendered":"<p>Weiteres vor Ort: Heimatverein Wallenhorst Ausfl\u00fcge in die Geschichte: Museum Industriekultur F\u00fchrung auf der Aussichtsplattform auf dem Piesberg: 50 km Fernsicht sind m\u00f6glich. Erkl\u00e4rungen zur Erdgeschichte, Steinbruchbetrieb, historischem Kohlebergbau und den verschieden Aussichten. Museum f\u00fcr feldspurige Industriebahnen Osnabr\u00fcck-Piesberg Das Piesberger Sch\u00fctzenhaus G\u00f6slings Kotten, in dem der Schulunterricht abgehalten wurde G\u00f6slings Kotten mit Anbau f\u00fcr ein&#8230;<\/p>\n","protected":false},"author":4,"featured_media":0,"parent":0,"menu_order":35,"comment_status":"closed","ping_status":"closed","template":"","meta":{"_coblocks_attr":"","_coblocks_dimensions":"","_coblocks_responsive_height":"","_coblocks_accordion_ie_support":"","footnotes":""},"class_list":["post-439","page","type-page","status-publish","hentry"],"_links":{"self":[{"href":"https:\/\/familienforschung-tecklenburger-land.de\/index.php?rest_route=\/wp\/v2\/pages\/439","targetHints":{"allow":["GET"]}}],"collection":[{"href":"https:\/\/familienforschung-tecklenburger-land.de\/index.php?rest_route=\/wp\/v2\/pages"}],"about":[{"href":"https:\/\/familienforschung-tecklenburger-land.de\/index.php?rest_route=\/wp\/v2\/types\/page"}],"author":[{"embeddable":true,"href":"https:\/\/familienforschung-tecklenburger-land.de\/index.php?rest_route=\/wp\/v2\/users\/4"}],"replies":[{"embeddable":true,"href":"https:\/\/familienforschung-tecklenburger-land.de\/index.php?rest_route=%2Fwp%2Fv2%2Fcomments&post=439"}],"version-history":[{"count":4,"href":"https:\/\/familienforschung-tecklenburger-land.de\/index.php?rest_route=\/wp\/v2\/pages\/439\/revisions"}],"predecessor-version":[{"id":2580,"href":"https:\/\/familienforschung-tecklenburger-land.de\/index.php?rest_route=\/wp\/v2\/pages\/439\/revisions\/2580"}],"wp:attachment":[{"href":"https:\/\/familienforschung-tecklenburger-land.de\/index.php?rest_route=%2Fwp%2Fv2%2Fmedia&parent=439"}],"curies":[{"name":"wp","href":"https:\/\/api.w.org\/{rel}","templated":true}]}}