{"id":430,"date":"2023-02-26T19:11:10","date_gmt":"2023-02-26T18:11:10","guid":{"rendered":"https:\/\/familienforschung-tecklenburger-land.de\/?page_id=430"},"modified":"2023-05-10T16:25:50","modified_gmt":"2023-05-10T15:25:50","slug":"hafen","status":"publish","type":"page","link":"https:\/\/familienforschung-tecklenburger-land.de\/?page_id=430","title":{"rendered":"Hafen"},"content":{"rendered":"\n<div class=\"wp-block-columns is-layout-flex wp-container-core-columns-is-layout-9d6595d7 wp-block-columns-is-layout-flex\">\n<div class=\"wp-block-column is-layout-flow wp-block-column-is-layout-flow\" style=\"flex-basis:25%\"><\/div>\n\n\n\n<div class=\"wp-block-column is-layout-flow wp-block-column-is-layout-flow\" style=\"flex-basis:50%\">\n<h2 class=\"wp-block-heading\" id=\"-Geschichte\">Zur Geschichte<\/h2>\n\n\n\n<p><strong>1871: <\/strong>Carl Heinrich Hellmann machte sich in Osnabr\u00fcck als Spediteur selbstst\u00e4ndig. Das Unternehmen ist am Hafen ans\u00e4ssig.<\/p>\n\n\n\n<p><strong>1912:<\/strong> Bau des Hafenbeckens und Erschlie\u00dfung des Gel\u00e4ndes<\/p>\n\n\n\n<p><strong>1915:<\/strong> Fertigstellung des Stichkanals, der den Mittellandkanal mit dem Hafen von Osnabr\u00fcck verbindet. Inbetriebnahme des Hafens. Im gleichen Jahr wurde der Hafen auch an das Eisenbahnnetz angeschlossen.<\/p>\n\n\n\n<p><strong>1916:<\/strong> das erste Schiff legte im Osnabr\u00fccker Hafen an. Der Schleppkahn <em>Minden 52<\/em> transportierte 475 Tonnen Hafer.<\/p>\n\n\n\n<p><strong>2009:<\/strong> Die Britischen Streitkr\u00e4fte, die in den Roberts Barracks (ehemalige Winkelhaus-Kaserne) untergebracht waren, verlie\u00dfen Osnabr\u00fcck.<\/p>\n\n\n\n<figure class=\"wp-block-image\"><img decoding=\"async\" src=\"https:\/\/familienforschung-tecklenburger-land.de\/files\/Tecklenburger-Familienforschung\/OSNABRUECK\/Osnabrueck%20Stadt\/Hafen\/Hafen-03.jpg\" alt=\"\"\/><\/figure>\n<\/div>\n\n\n\n<div class=\"wp-block-column is-layout-flow wp-block-column-is-layout-flow\" style=\"flex-basis:25%\">\n<p><img loading=\"lazy\" decoding=\"async\" src=\"https:\/\/familienforschung-tecklenburger-land.de\/files\/Tecklenburger-Familienforschung\/OSNABRUECK\/Osnabrueck%20Stadt\/Hafen\/Hafen-OS.jpg\" alt=\"\" width=\"230\" height=\"177\"><\/p>\n\n\n\n<p>Die Lage des Stadtteils Hafen in Osnabr\u00fcck (Bild: Wikipedia)<\/p>\n\n\n\n<figure class=\"wp-block-image size-full\"><img loading=\"lazy\" decoding=\"async\" width=\"800\" height=\"907\" src=\"https:\/\/familienforschung-tecklenburger-land.de\/wp-content\/uploads\/2023\/05\/Hafen-Grenzen-OS.jpg\" alt=\"\" class=\"wp-image-2566\" srcset=\"https:\/\/familienforschung-tecklenburger-land.de\/wp-content\/uploads\/2023\/05\/Hafen-Grenzen-OS.jpg 800w, https:\/\/familienforschung-tecklenburger-land.de\/wp-content\/uploads\/2023\/05\/Hafen-Grenzen-OS-265x300.jpg 265w, https:\/\/familienforschung-tecklenburger-land.de\/wp-content\/uploads\/2023\/05\/Hafen-Grenzen-OS-768x871.jpg 768w\" sizes=\"auto, (max-width: 800px) 100vw, 800px\" \/><\/figure>\n<\/div>\n<\/div>\n\n\n\n<div class=\"wp-block-columns is-layout-flex wp-container-core-columns-is-layout-9d6595d7 wp-block-columns-is-layout-flex\">\n<div class=\"wp-block-column is-layout-flow wp-block-column-is-layout-flow\" style=\"flex-basis:25%\"><\/div>\n\n\n\n<div class=\"wp-block-column is-layout-flow wp-block-column-is-layout-flow\" style=\"flex-basis:50%\">\n<h2 class=\"wp-block-heading\" id=\"-Weblinks\">Weblinks<\/h2>\n\n\n\n<p>NOZ-Artikel: <a href=\"http:\/\/www.noz.de\/lokales\/65631404\/die-petrusallee--das-kleine-paradies-mitten-im-industriegebiet-hafen\">Die Petrusallee \u2013 das kleine Paradies mitten im Industriegebiet Hafen<\/a><\/p>\n\n\n\n<p>NOZ-Artikel: <a href=\"http:\/\/www.noz.de\/lokales\/65613471\/schotter-schrott-und-schoene-aussicht-mit-der-ms-lyra-unterwegs\">Schotter, Schrott und sch\u00f6ne Aussicht: Mit der MS Lyra unterwegs<\/a><\/p>\n\n\n\n<p><a href=\"http:\/\/de.wikipedia.org\/wiki\/Hafen_%28Osnabr%C3%BCck%29\">Wikipedia-Artikel \u00fcber Osnabr\u00fccks Hafen<\/a><\/p>\n\n\n\n<p><a href=\"http:\/\/www.lebendige-hase.de\/discoursemachine.php?view=detail&amp;id_item=352\">Stichkanal und Kanalhafen \u2013 vor 100 Jahren nur auf dem Papier<\/a><\/p>\n\n\n\n<p><a href=\"http:\/\/www.lebendige-hase.de\/site\/downloads\/__1908_09_24_OT.jpg\">Artikel \u00fcber den Stichkanal im Osnabr\u00fccker Tageblatt von 1908<\/a> (<a href=\"http:\/\/www.lebendige-hase.de\/site\/downloads\/__1908_09_24_Kanalhafen.pdf\">Abschrift<\/a> als pdf)<\/p>\n\n\n\n<p><a href=\"http:\/\/www.lebendige-hase.de\/discoursemachine.php?view=detail&amp;id_item=508\">Vor 100 Jahren im Februar 1912: Der Stichkanal wird gebaut, die Hase verlegt<\/a><\/p>\n\n\n\n<p><a href=\"http:\/\/www.orv.de\/front_content.php?idart=776\">Chronik des Osnabr\u00fccker Rudervereins<\/a><\/p>\n\n\n\n<p><a href=\"https:\/\/www.stadtwerke-osnabrueck.de\/unternehmen\/ueber-uns\/geschichte\/hafen.html\">Kurze Geschichte<\/a> des Osnabr\u00fccker Hafens mit einigen Bildern<\/p>\n\n\n\n<h3 class=\"wp-block-heading\">Allgemeine Links:<\/h3>\n\n\n\n<p><a href=\"http:\/\/wiki-de.genealogy.net\/Hauptseite\">GenWiki:<\/a> Ein Wiki f\u00fcr Ahnenforscher.<br><br><a href=\"http:\/\/www.fotoerbe.de\/\">Fotoerbe.de<\/a>: In welchen Archiven, Museen, Bibliotheken usw. sind historische Fotografien vorhanden? Hier findet man sie in einer riesigen Datenbank.<br><br><a href=\"http:\/\/www.kirchliche-archive.de\/\">Kirchliche Archive:<\/a> \u00dcbersicht \u00fcber die deutschen Kirchenbucharchive.<br><br><a href=\"http:\/\/christoph.stoepel.net\/geogen\/v3\/\">Geogen<\/a>: Auf dieser Seite kann man Landkarten \u00fcber die Verbreitung von Familiennamen in Deutschland erstellen lassen. Besonders auff\u00e4llige Konzentrationen k\u00f6nnen auf den Ursprungsort des Namens oder der Familie hindeuten.<br><a href=\"http:\/\/www.hbol.de\/\"><br>Heimatbund Osnabr\u00fccker Land:<\/a> Hier gibt es geschichtliches \u00fcber die verschiedenen Orte. Man findet auch viele Adressen und Infos \u00fcber Vereine usw.<br><br><a href=\"http:\/\/www.lwl.org\/westfaelische-geschichte\/portal\/Internet\/haupt.php?urlNeu=\">Internet-Portal &#8222;Westf\u00e4lische Geschichte&#8220;<\/a><br><br><a href=\"http:\/\/www.archive.nrw.de\/\">Internetportal der Archive in Nordrhein-Westfalen<\/a><br><br><a href=\"http:\/\/www.westfalen-adelssitze.de\" target=\"_blank\" rel=\"noreferrer noopener\">Burgen, Schl\u00f6sser und Herrensitze in Westfalen<\/a>: Interessant, wenn man wei\u00df, welchem Herr ein Hof eigenbeh\u00f6rig war.<br><br><a href=\"http:\/\/www.wggf.de\/\">Westf\u00e4lische Gesellschaft f\u00fcr Genealogie und Familienforschung (WGGF)<\/a><\/p>\n<\/div>\n\n\n\n<div class=\"wp-block-column is-layout-flow wp-block-column-is-layout-flow\" style=\"flex-basis:25%\">\n<h3 class=\"wp-block-heading\">Luftbilder vom Hafen:<\/h3>\n\n\n\n<p>&#8230; auf der Internetseite der Stadt Osnabr\u00fcck. Ein Klick auf jedes Bild f\u00fchrt zur gro\u00dfen Version.<\/p>\n\n\n\n<figure class=\"wp-block-image\"><img decoding=\"async\" src=\"https:\/\/familienforschung-tecklenburger-land.de\/files\/Tecklenburger-Familienforschung\/OSNABRUECK\/Osnabrueck%20Stadt\/Hafen\/Kaserne-Luftbild_1.jpg\" alt=\"\"\/><\/figure>\n\n\n\n<p><a href=\"http:\/\/www.osnabrueck.de\/images_design\/Grafiken_Inhalt_Britenabzug\/Luftbild_Kaserne_Hafen_4.jpg\"><\/a><\/p>\n\n\n\n<figure class=\"wp-block-image\"><img decoding=\"async\" src=\"https:\/\/familienforschung-tecklenburger-land.de\/files\/Tecklenburger-Familienforschung\/OSNABRUECK\/Osnabrueck%20Stadt\/Hafen\/Kaserne-Luftbild_2.jpg\" alt=\"\"\/><\/figure>\n\n\n\n<p><a href=\"http:\/\/www.osnabrueck.de\/images_design\/Grafiken_Inhalt_Britenabzug\/Luftbild_Hafen_Praesentation.jpg\"><\/a><\/p>\n\n\n\n<figure class=\"wp-block-image\"><img decoding=\"async\" src=\"https:\/\/familienforschung-tecklenburger-land.de\/files\/Tecklenburger-Familienforschung\/OSNABRUECK\/Osnabrueck%20Stadt\/Hafen\/Kaserne-Luftbild_3.jpg\" alt=\"\"\/><\/figure>\n\n\n\n<p><a href=\"http:\/\/www.osnabrueck.de\/images_design\/Grafiken_Inhalt_Britenabzug\/Luftbild_Kaserne_Hafen_2.jpg\"><\/a><\/p>\n\n\n\n<figure class=\"wp-block-image\"><img decoding=\"async\" src=\"https:\/\/familienforschung-tecklenburger-land.de\/files\/Tecklenburger-Familienforschung\/OSNABRUECK\/Osnabrueck%20Stadt\/Hafen\/Kaserne-Luftbild_4.jpg\" alt=\"\"\/><\/figure>\n\n\n\n<p><a href=\"http:\/\/www.osnabrueck.de\/images_design\/Grafiken_Inhalt_Britenabzug\/Luftbild_Kaserne_Hafen_3.jpg\"><\/a><\/p>\n\n\n\n<figure class=\"wp-block-image\"><img decoding=\"async\" src=\"https:\/\/familienforschung-tecklenburger-land.de\/files\/Tecklenburger-Familienforschung\/OSNABRUECK\/Osnabrueck%20Stadt\/Hafen\/Hafen-Spaziergang-02.jpg\" alt=\"\"\/><\/figure>\n<\/div>\n<\/div>\n\n\n\n<div class=\"wp-block-columns is-layout-flex wp-container-core-columns-is-layout-9d6595d7 wp-block-columns-is-layout-flex\">\n<div class=\"wp-block-column is-layout-flow wp-block-column-is-layout-flow\" style=\"flex-basis:25%\"><\/div>\n\n\n\n<div class=\"wp-block-column is-layout-flow wp-block-column-is-layout-flow\" style=\"flex-basis:50%\">\n<h2 class=\"wp-block-heading\" id=\"-Quellen\">Genealogische Quellen<\/h2>\n<\/div>\n\n\n\n<div class=\"wp-block-column is-layout-flow wp-block-column-is-layout-flow\" style=\"flex-basis:25%\"><\/div>\n<\/div>\n\n\n\n<div class=\"wp-block-columns is-layout-flex wp-container-core-columns-is-layout-9d6595d7 wp-block-columns-is-layout-flex\">\n<div class=\"wp-block-column is-layout-flow wp-block-column-is-layout-flow\" style=\"flex-basis:25%\"><\/div>\n\n\n\n<div class=\"wp-block-column is-layout-flow wp-block-column-is-layout-flow\" style=\"flex-basis:50%\">\n<h2 class=\"wp-block-heading\" id=\"-Fundstuecke\">Fundst\u00fccke<\/h2>\n<\/div>\n\n\n\n<div class=\"wp-block-column is-layout-flow wp-block-column-is-layout-flow\" style=\"flex-basis:25%\"><\/div>\n<\/div>\n\n\n\n<div class=\"wp-block-columns is-layout-flex wp-container-core-columns-is-layout-9d6595d7 wp-block-columns-is-layout-flex\">\n<div class=\"wp-block-column is-layout-flow wp-block-column-is-layout-flow\" style=\"flex-basis:25%\"><\/div>\n\n\n\n<div class=\"wp-block-column is-layout-flow wp-block-column-is-layout-flow\" style=\"flex-basis:50%\">\n<h2 class=\"wp-block-heading\" id=\"-Auswanderer\">Auswanderer<\/h2>\n<\/div>\n\n\n\n<div class=\"wp-block-column is-layout-flow wp-block-column-is-layout-flow\" style=\"flex-basis:25%\"><\/div>\n<\/div>\n\n\n\n<div class=\"wp-block-columns is-layout-flex wp-container-core-columns-is-layout-9d6595d7 wp-block-columns-is-layout-flex\">\n<div class=\"wp-block-column is-layout-flow wp-block-column-is-layout-flow\" style=\"flex-basis:25%\"><\/div>\n\n\n\n<div class=\"wp-block-column is-layout-flow wp-block-column-is-layout-flow\" style=\"flex-basis:50%\">\n<h2 class=\"wp-block-heading\" id=\"-Karten\">Karten und Pl\u00e4ne<\/h2>\n<\/div>\n\n\n\n<div class=\"wp-block-column is-layout-flow wp-block-column-is-layout-flow\" style=\"flex-basis:25%\"><\/div>\n<\/div>\n\n\n\n<div class=\"wp-block-columns is-layout-flex wp-container-core-columns-is-layout-9d6595d7 wp-block-columns-is-layout-flex\">\n<div class=\"wp-block-column is-layout-flow wp-block-column-is-layout-flow\" style=\"flex-basis:25%\"><\/div>\n\n\n\n<div class=\"wp-block-column is-layout-flow wp-block-column-is-layout-flow\" style=\"flex-basis:50%\">\n<h2 class=\"wp-block-heading\" id=\"-Literatur\">Literatur<\/h2>\n\n\n\n<p>Lothar H. H\u00fclsmann: Stichkanal Osnabr\u00fcck \u2013 Vom Mittellandkanal zum Hafen Osnabr\u00fcck<\/p>\n\n\n\n<p>Gerd Steinwascher (Hrsg.): Geschichte der Stadt Osnabr\u00fcck. Belm, 2006, Seiten 511, 516, 619, 631, 672, 677 f., 732, 757, 771 f., 773 f., 777, 782, 814, 816, 831, 859, 877<\/p>\n\n\n\n<h3 class=\"wp-block-heading\">In: Heimatjahrbuch Osnabr\u00fccker Land<\/h3>\n\n\n\n<p>2001: Der Osnabr\u00fccker Hafen (Bernhard Feige), S. 73<\/p>\n\n\n\n<p>2001: 85 Jahre Hafenbahn in Osnabr\u00fcck (Lothar H\u00fclsmann), S. 76<\/p>\n<\/div>\n\n\n\n<div class=\"wp-block-column is-layout-flow wp-block-column-is-layout-flow\" style=\"flex-basis:25%\"><\/div>\n<\/div>\n\n\n\n<div class=\"wp-block-columns is-layout-flex wp-container-core-columns-is-layout-9d6595d7 wp-block-columns-is-layout-flex\">\n<div class=\"wp-block-column is-layout-flow wp-block-column-is-layout-flow\" style=\"flex-basis:25%\"><\/div>\n\n\n\n<div class=\"wp-block-column is-layout-flow wp-block-column-is-layout-flow\" style=\"flex-basis:50%\">\n<h2 class=\"wp-block-heading\" id=\"-Suchanfragen\">Suchanfragen<\/h2>\n\n\n\n<h3 class=\"wp-block-heading\">M\u00f6chten Sie auch eine Anfrage ver\u00f6ffentlichen?<\/h3>\n\n\n\n<p class=\"has-small-font-size\"><strong>Wenn jemand genealogische Kontakte kn\u00fcpfen m\u00f6chte oder Hilfe bei einem schwierigen Fall ben\u00f6tigt, ver\u00f6ffentlichen wir hier gern eine Anfrage.<\/strong><\/p>\n\n\n\n<p class=\"has-small-font-size\">Hier k\u00f6nnen Sie uns Ihre Suchanfrage \u00fcbermitteln:<\/p>\n\n\n\n<p class=\"has-small-font-size\">Sie k\u00f6nnen uns eine E-Mail mit Ihrer Suchanfrage schicken: <a href=\"mailto:admin@te-gen.de\">admin@te-gen.de<\/a> Bitte tragen Sie in die Mail ein, nach welchen Personen oder Namen Sie suchen, in welchem Ort Sie suchen, wenn Sie m\u00f6chten, Ihren Namen, welche Daten (Geburt, Heirat, Tod, andere) Ihnen vorliegen. Wenigstens ein Zeitraum w\u00e4re gut. Wir werden Ihre Anfrage dann an dieser Stelle ver\u00f6ffentlichen. Bitte beachten Sie, dass dies einige Tage dauern kann. Ihre Anfrage wird automatisch auch an unsere Mailingliste weitergeleitet.<\/p>\n<\/div>\n\n\n\n<div class=\"wp-block-column is-layout-flow wp-block-column-is-layout-flow\" style=\"flex-basis:25%\"><\/div>\n<\/div>\n","protected":false},"excerpt":{"rendered":"<p>Zur Geschichte 1871: Carl Heinrich Hellmann machte sich in Osnabr\u00fcck als Spediteur selbstst\u00e4ndig. Das Unternehmen ist am Hafen ans\u00e4ssig. 1912: Bau des Hafenbeckens und Erschlie\u00dfung des Gel\u00e4ndes 1915: Fertigstellung des Stichkanals, der den Mittellandkanal mit dem Hafen von Osnabr\u00fcck verbindet. Inbetriebnahme des Hafens. Im gleichen Jahr wurde der Hafen auch an das Eisenbahnnetz angeschlossen. 1916:&#8230;<\/p>\n","protected":false},"author":4,"featured_media":0,"parent":0,"menu_order":32,"comment_status":"closed","ping_status":"closed","template":"","meta":{"_coblocks_attr":"","_coblocks_dimensions":"","_coblocks_responsive_height":"","_coblocks_accordion_ie_support":"","footnotes":""},"class_list":["post-430","page","type-page","status-publish","hentry"],"_links":{"self":[{"href":"https:\/\/familienforschung-tecklenburger-land.de\/index.php?rest_route=\/wp\/v2\/pages\/430","targetHints":{"allow":["GET"]}}],"collection":[{"href":"https:\/\/familienforschung-tecklenburger-land.de\/index.php?rest_route=\/wp\/v2\/pages"}],"about":[{"href":"https:\/\/familienforschung-tecklenburger-land.de\/index.php?rest_route=\/wp\/v2\/types\/page"}],"author":[{"embeddable":true,"href":"https:\/\/familienforschung-tecklenburger-land.de\/index.php?rest_route=\/wp\/v2\/users\/4"}],"replies":[{"embeddable":true,"href":"https:\/\/familienforschung-tecklenburger-land.de\/index.php?rest_route=%2Fwp%2Fv2%2Fcomments&post=430"}],"version-history":[{"count":4,"href":"https:\/\/familienforschung-tecklenburger-land.de\/index.php?rest_route=\/wp\/v2\/pages\/430\/revisions"}],"predecessor-version":[{"id":2568,"href":"https:\/\/familienforschung-tecklenburger-land.de\/index.php?rest_route=\/wp\/v2\/pages\/430\/revisions\/2568"}],"wp:attachment":[{"href":"https:\/\/familienforschung-tecklenburger-land.de\/index.php?rest_route=%2Fwp%2Fv2%2Fmedia&parent=430"}],"curies":[{"name":"wp","href":"https:\/\/api.w.org\/{rel}","templated":true}]}}