{"id":410,"date":"2023-02-26T19:08:54","date_gmt":"2023-02-26T18:08:54","guid":{"rendered":"https:\/\/familienforschung-tecklenburger-land.de\/?page_id=410"},"modified":"2023-05-12T06:08:19","modified_gmt":"2023-05-12T05:08:19","slug":"osnabruecker-stadtteile","status":"publish","type":"page","link":"https:\/\/familienforschung-tecklenburger-land.de\/?page_id=410","title":{"rendered":"Osnabr\u00fccker Stadtteile"},"content":{"rendered":"\n<div class=\"wp-block-columns is-layout-flex wp-container-core-columns-is-layout-9d6595d7 wp-block-columns-is-layout-flex\">\n<div class=\"wp-block-column is-layout-flow wp-block-column-is-layout-flow\" style=\"flex-basis:25%\"><\/div>\n\n\n\n<div class=\"wp-block-column is-layout-flow wp-block-column-is-layout-flow\" style=\"flex-basis:50%\">\n<h2 class=\"wp-block-heading\">Zur Geschichte Osnabr\u00fccks<\/h2>\n\n\n\n<p>Eine Fernhandelsstra\u00dfe durchquerte die Hase an einer Furt, durch die auch die Ochsen der Bauern getrieben wurden. Sp\u00e4ter wurde an nahe gelegener Stelle eine Br\u00fccke gebaut. Der Name entstand dabei aus einer Verbindung der niederdeutschen W\u00f6rter \u201eOssen\u201c (Ochse) und \u201eBr\u00fcgge\u201c (Br\u00fccke) als \u201eOssenbr\u00fcgge\u201c, das sp\u00e4ter zu Osnabr\u00fcck wurde. Nach einer anderen Deutung soll sich der Name vom germanischen Namen der Hase herleiten, germanisch \u201eOsna\u201c oder \u201eOsen\u201c: Br\u00fccke \u00fcber die Hase.<\/p>\n\n\n\n<p>Osnabr\u00fcck entwickelte sich als Markt um den 780 von Karl dem Gro\u00dfen gegr\u00fcndeten Bischofssitz. Im Heiligen R\u00f6mischen Reich geh\u00f6rte Osnabr\u00fcck bis 1803 zum gleichnamigen Hochstift. Die \u00e4lteste Stadtverfassung, die Sate, stammt von 1348. Zu dieser Zeit entstanden auch die Laischaften, von denen die Heger Laischaft und die Herrenteichslaischaft bis heute existieren.<\/p>\n\n\n\n<p>In der Zeit um 1640 bem\u00fchte sich die Stadt vergeblich mehrfach um den Status einer reichsfreien Stadt. Die Regelung \u201eCuius regio, eius religio\u201c, (lateinisch, im damaligen Sprachgebrauc: wes der F\u00fcrst, des der Glaub&#8216;) wurde in Osnabr\u00fcck als Sonderfall gehandhabt. Bis zur S\u00e4kularisierung wechselte jeweils nach dem Tode des Amtsinhabers die Konfessionszugeh\u00f6rigkeit des F\u00fcrstbischofs. Somit l\u00f6sten sich katholische und evangelische F\u00fcrstbisch\u00f6fe als Herrscher ab. Die Konfessionszugeh\u00f6rigkeit der Untertanen blieb davon unber\u00fchrt.<\/p>\n\n\n\n<p>Am 18. Juni 1815 nahmen etwa 400 Osnabr\u00fccker Soldaten an der Schlacht bei Waterloo teil. Zu Ehren dieser Krieger stiftete Gerhard Friedrich von G\u00fclich das Waterloo-Tor am Heger Tor mit der Inschrift: \u201eDen Osnabr\u00fcckischen Kriegern, die bei Waterloo den 18. Juni 1815 deutschen Muth bewiesen, widmet dieses Denkmal G. F. v. G\u00fclich D.R.D.R.\u201c.<br><br>Mit dem K\u00f6nigreich Hannover kam Osnabr\u00fcck 1866 zum K\u00f6nigreich Preu\u00dfen und wurde 1885 Sitz des Regierungsbezirks Osnabr\u00fcck. Diesen Status verlor es erst 1977 bei der Gebietsreform, als der Regierungsbezirk Weser-Ems geschaffen wurde, f\u00fcr den Oldenburg als Sitz bestimmt wurde, wobei jedoch in Osnabr\u00fcck eine Au\u00dfenstelle der Bezirksregierung verblieb. 2004 wurde der Regierungsbezirk Weser-Ems aufgel\u00f6st. Ferner ist die Stadt Osnabr\u00fcck der Sitz des Landkreises Osnabr\u00fcck.<\/p>\n<\/div>\n\n\n\n<div class=\"wp-block-column is-layout-flow wp-block-column-is-layout-flow\" style=\"flex-basis:25%\">\n<p><a href=\"https:\/\/familienforschung-tecklenburger-land.de\/files\/Tecklenburger-Familienforschung\/OSNABRUECK\/Stadtteile.jpg\"><\/a><\/p>\n\n\n\n<p>Die Osnabr\u00fccker Stadtteile (ein Klick auf die Karte vergr\u00f6\u00dfert sie)<\/p>\n\n\n\n<h3 class=\"wp-block-heading\">Heutige Stadtteile:<\/h3>\n\n\n\n<ul class=\"wp-block-list\">\n<li><strong>Innenstadt<\/strong><\/li>\n\n\n\n<li><strong>Weststadt<\/strong><\/li>\n\n\n\n<li><strong>Westerberg<\/strong><\/li>\n\n\n\n<li><strong>Eversburg<\/strong><\/li>\n\n\n\n<li><strong>Hafen<\/strong><\/li>\n\n\n\n<li><strong>Sonnenh\u00fcgel<\/strong><\/li>\n\n\n\n<li><strong>Haste <\/strong>(1940 eingemeindet)<\/li>\n\n\n\n<li><strong>Dodesheide<\/strong><\/li>\n\n\n\n<li><strong>Gartlage<\/strong><\/li>\n\n\n\n<li><strong>Schinkel <\/strong>(1914 eingemeindet)<\/li>\n\n\n\n<li><strong>Widukindland<\/strong><\/li>\n\n\n\n<li><strong>Schinkel-Ost<\/strong><\/li>\n\n\n\n<li><strong>Fledder<\/strong><\/li>\n\n\n\n<li><strong>Sch\u00f6lerberg<\/strong><\/li>\n\n\n\n<li><strong>Kalkh\u00fcgel<\/strong><\/li>\n\n\n\n<li><strong>W\u00fcste<\/strong><\/li>\n\n\n\n<li><strong>Sutthausen <\/strong>(1970 eingemeindet)<\/li>\n\n\n\n<li><strong>Hellern <\/strong>(1972 eingemeindet)<\/li>\n\n\n\n<li><strong>Atter <\/strong>(1972 eingemeindet)<\/li>\n\n\n\n<li><strong>Pye <\/strong>(1972 eingemeindet)<\/li>\n\n\n\n<li><strong>Darum<\/strong>\/Gretesch\/L\u00fcstringen (1972 eingemeindet)<\/li>\n\n\n\n<li><strong>Voxtrup <\/strong>(1972 eingemeindet)<\/li>\n\n\n\n<li><strong>Nahne <\/strong>(1972 eingemeindet)<\/li>\n<\/ul>\n<\/div>\n<\/div>\n\n\n\n<div class=\"wp-block-columns is-layout-flex wp-container-core-columns-is-layout-9d6595d7 wp-block-columns-is-layout-flex\">\n<div class=\"wp-block-column is-layout-flow wp-block-column-is-layout-flow\" style=\"flex-basis:25%\"><\/div>\n\n\n\n<div class=\"wp-block-column is-layout-flow wp-block-column-is-layout-flow\" style=\"flex-basis:50%\">\n<h2 class=\"wp-block-heading\">Literatur<\/h2>\n\n\n\n<p>Siehe auch: Literatur <a href=\"https:\/\/familienforschung-tecklenburger-land.de\/index.php?id=585\">Artland<\/a>, <a href=\"https:\/\/familienforschung-tecklenburger-land.de\/index.php?id=888\">Osnabr\u00fcck Nord<\/a>, <a href=\"https:\/\/familienforschung-tecklenburger-land.de\/index.php?id=526\">Osnabr\u00fcck Stadt<\/a><\/p>\n\n\n\n<h3 class=\"wp-block-heading\">In: Heimatjahrbuch Osnabr\u00fccker Land<\/h3>\n\n\n\n<p><strong>1978<\/strong>: Unterlagen zur b\u00e4uerlichen Hof- und Familiengeschichte des Osnabr\u00fccker Landes im Nieders\u00e4chsischen Staatsarchiv Oldenburg )Dr. Harald Schieckeln), S. 80<\/p>\n\n\n\n<p><strong>1982<\/strong>: Erd\u00f6l und Erdgas im Gebiet des heutigen Landkreises Osnabr\u00fcck (Peter-Christian Wrede), S. 110<\/p>\n\n\n\n<p><strong>1982<\/strong>: Wie entstanden unsere Familiennamen (Paul Burhoff), S. 270<\/p>\n\n\n\n<p><strong>1982<\/strong>: Der Osnabr\u00fccker Trachtenkreis und seine Tracht (Dr. H. Poppe-Marquard), S. 153<\/p>\n\n\n\n<p><strong>1982<\/strong>: Neue Namen f\u00fcr alte H\u00f6fe (Werner Dobelmann), S. 268<\/p>\n\n\n\n<p><strong>1983<\/strong>: Deutung von Ortsnamen im Osnabr\u00fccker Land, 2. Teil (W. Fangmeyer), S. 20<\/p>\n\n\n\n<p><strong>1983<\/strong>: Der Ausklang des Heuerlingswesens (Prof. Dr. E. Ostendorff), S. 46<\/p>\n\n\n\n<p><strong>1983<\/strong>: Das Leinengewerbe im Osnabr\u00fccker Land (Dr. Heinrich Koch), S. 80<\/p>\n\n\n\n<p><strong>1985<\/strong>: Steinkreuze im Osnabr\u00fccker Land (Johannes Schr\u00f6der), S. 70<\/p>\n\n\n\n<p><strong>1985<\/strong>: Dietrich von Bern im Osnabr\u00fccker Land (J\u00fcrgen Espenhorst), S. 98<\/p>\n\n\n\n<p><strong>1985<\/strong>: Wegespuren der Mindener Heerstra\u00dfe zwischen Osnabr\u00fcck und Wehrendorf (Gar Ulrich Piesch), S. 119<\/p>\n\n\n\n<p><strong>1985<\/strong>: Bauernhaus und Haushebung in alt-osnabr\u00fcckischer Zeit (Heinrich Westerfeld), S. 162<\/p>\n\n\n\n<p><strong>1987<\/strong>: Die gewaltsame Soldatenbeschaffung durch Brandenburg-Preu\u00dfen im F\u00fcrstbistum Osnabr\u00fcck (Walter Komber), S. 96<\/p>\n\n\n\n<p><strong>1989<\/strong>: Reise 1561 durch das Stift Osnabr\u00fcck (Karl H. Neufeld SJ), S. 45<\/p>\n\n\n\n<p><strong>1989<\/strong>: Die Wegespuren der Heerstra\u00dfe Osnabr\u00fcck &#8211; Bremen, Teil 4 (Gerd-Ulrich Piesch), S. 50<\/p>\n\n\n\n<p><strong>1990<\/strong>: Bildhauer Prof. Heinrich Pohlmann &#8211; ein K\u00fcnstler des Osnabr\u00fccker Landes (Georg Pohlmann), S. 165<\/p>\n\n\n\n<p><strong>1994<\/strong>: F\u00fcr Zuchthaus- und Stra\u00dfenbau: Geldlotterien im Osnabr\u00fccker Land (Reinhard Krollage), S. 153<\/p>\n\n\n\n<p><strong>1994<\/strong>: Kirchspielv\u00f6gte im Osnabr\u00fccker Land (J\u00fcrgen Espenhorst), S. 101<\/p>\n\n\n\n<p><strong>1995<\/strong>: Der Maler und Graphiker Franz Hecker (1870 &#8211; 1944) &#8211; ein gro\u00dfer Sohn des Osnabr\u00fccker Landes (Dr. Heinrich Koch), S. 177<\/p>\n\n\n\n<p><strong>1998<\/strong>: Landesverteidigung und Milit\u00e4r des Hochstifts Osnabr\u00fcck im 17. Jahrhundert (Lothar Lenski), S. 69<\/p>\n\n\n\n<p><strong>1998<\/strong>: Historische Bauten in der Region Osnabr\u00fcck (Ursula R\u00f6trige), S. 74<\/p>\n\n\n\n<p><strong>1998<\/strong>: Die Postverbindungen f\u00fcr die Friedensverhandlungen in Osnabr\u00fcck (1643 &#8211; 1648) (Gerhard Vollbrecht), S. 102<\/p>\n\n\n\n<p><strong>1998<\/strong>: Wasserzeichen aus dem Osnabr\u00fccker Land (Reinhard Krollage), S. 154<\/p>\n\n\n\n<p><strong>1998<\/strong>: Spurensuche &#8211; Auswanderer aus dem Osnabr\u00fccker Land in den USA (Udo Th\u00f6rner), S. 263<\/p>\n\n\n\n<p><strong>1998<\/strong>: Zur Geschichte der Burg- und Gutskapellen (Edgar F. Warnecke), S. 277<\/p>\n\n\n\n<p><strong>1999<\/strong>: Sch\u00f6nes Osnabr\u00fccker Land (Bernhard Feige), S. 11<\/p>\n\n\n\n<p><strong>1999<\/strong>: Mittelalterliche Schutzanlagen im Osnabr\u00fccker Land (Kaspar M\u00fcller), S. 91<\/p>\n\n\n\n<p><strong>1999<\/strong>: Die Plattdeutschen von Teutonia- Vorfahren verlie\u00dfen vor 130 Jahren die Region (Reinhard Niemann), S. 146<\/p>\n\n\n\n<p><strong>1999<\/strong>: Heimisches Brauchtum zu den Feiertagen im Jahresablauf &#8211; Betrachtet im Zeichen der Osnabr\u00fccker Mundart (Werner Depenthal), S. 212<\/p>\n\n\n\n<p><strong>2000<\/strong>: Sedisvakanz und Sedisvakanztaler des F\u00fcrstbistums Osnabr\u00fcck im Jahre 1698 (Dr. Rolf Schneider M.A.), S. 166<\/p>\n\n\n\n<p><strong>2000<\/strong>: &#8222;Unvermoeden Vleet overwend Alles! Das Hollandgehen im Osnabr\u00fcck&#8217;schen aus zeitgen\u00f6ssischer Sicht um 1850 (Karl-Heinz Kloester), S. 180<\/p>\n\n\n\n<p><strong>2001<\/strong>: Die Hase als verbindendes Element der Region. Deutungsm\u00f6glichkeiten des Flu\u00dfnamens &#8222;Hase&#8220; in Verbindung mit dem Ortsnamen &#8222;Osnabr\u00fcck&#8220; (Bernhard Feige), S. 33<\/p>\n\n\n\n<p><strong>2001<\/strong>: Die zehn interessantesten Stationen der Hase in ihrem Lauf zur Ems (Bernhard Feige), S. 34<\/p>\n\n\n\n<p><strong>2001<\/strong>: Spuren der Hasenutzung &#8211; ein Spaziergang entlang des Osnabr\u00fccker Flusses (Dr. Sigrid Bartelheim), S. 41<\/p>\n\n\n\n<p><strong>2001<\/strong>: Fr\u00fche Siedlungspl\u00e4tze entlang der Hase (Nicole Ellermann), S. 47<\/p>\n\n\n\n<p><strong>2002<\/strong>: Eine Entdeckungsreise zu den Speicherbauten des Osnabr\u00fccker Landes (Ulrike Heuer), S. 94<\/p>\n\n\n\n<p><strong>2002<\/strong>: Bannprozession im Stift Osnabr\u00fcck (Karl-Heinz Neufeld), S. 129<\/p>\n\n\n\n<p><strong>2003<\/strong>: Neue arch\u00e4ologische Ausgrabungen im Osnabr\u00fccker Land (Axel Friedrichs \/ Pilarcyk \/ Bodo Zehm), S. 86<\/p>\n\n\n\n<p><strong>2004<\/strong>: Otto von Guericke im Osnabr\u00fccker Land (Gerta Krell), S. 197<\/p>\n\n\n\n<p><strong>2005<\/strong>: Reformation und Gegenreformation im Osnabr\u00fccker Land (Alex Himmermann), S. 55<\/p>\n\n\n\n<p><strong>2006<\/strong>: Otto von Guericke im Osnabr\u00fccker Land (Gerta Krell), S. 197<\/p>\n\n\n\n<p><strong>2006<\/strong>: 1225 Jahre Stadt und Bistum Osnabr\u00fcck (Bodo Zehm), S. 207<\/p>\n\n\n\n<p><strong>2008<\/strong>: Das Osnabr\u00fccker Land &#8211; ein Zentrum der Beilproduktion vor \u00fcber 5000 Jahren (Bodo Zehm), S. 86<\/p>\n\n\n\n<p><strong>2008<\/strong>: Iroschottische Mission im Osnabr\u00fccker Raum? (Volker Issmer), S. 140<\/p>\n\n\n\n<p><strong>2008<\/strong>: Haus &#8211; und Hofmarken im Osnabr\u00fccker Land (Joachim Vogelpohl), S. 190<\/p>\n\n\n\n<p><strong>2009<\/strong>: Arminius, Varus und das Jahr 2009 &#8211; Europ\u00e4ische Geschichte im Osnabr\u00fccker Land (Joseph Rottmann und Gisela S\u00f6ger), S. 10<\/p>\n\n\n\n<p><strong>2009<\/strong>: R\u00f6mische Funde aus dem Osnabr\u00fccker Land (Joachim Harnecker), S. 18<\/p>\n\n\n\n<p><strong>2009<\/strong>: Friedrich Knoke und die Suche nach dem Ort der Varusschlacht im Osnabr\u00fccker Land (Ulrike Hindersmann), S. 70<\/p>\n\n\n\n<p><strong>2010<\/strong>: 100 Jahre Luftsport in Osnabr\u00fcck und im Osnabr\u00fccker Land &#8211; 100 Jahre Osnabr\u00fccker Verein f\u00fcr Luftfahrt e. V (Manfred Hermeling), S. 121<\/p>\n\n\n\n<p><strong>2010<\/strong>: Sagensammlungen des Osnabr\u00fccker Landes (Rainer Drewes), S. 178<\/p>\n\n\n\n<p><strong>2011<\/strong>: Leibeigenschaft im F\u00fcrstbistum Osnabr\u00fcck (Wilfried Pabst), S. 114<\/p>\n\n\n\n<p><strong>2011<\/strong>: \u201eDes theuren Herrschers Angesicht zu seh\u2019n!\u201c K\u00f6nigsbesuche im Osnabr\u00fccker Land im 19. Jahrhundert (Birgit Kehne), S. 148<\/p>\n<\/div>\n\n\n\n<div class=\"wp-block-column is-layout-flow wp-block-column-is-layout-flow\" style=\"flex-basis:25%\">\n<h3 class=\"wp-block-heading\">Heimatjahrbuch Osnabr\u00fcck Stadt und Land<\/h3>\n\n\n\n<p><strong>1978<\/strong>: Erstes Eisenbahnprojekt im Osnabr\u00fccker Land (Dr. August Schr\u00f6der), S. 47<\/p>\n\n\n\n<p><strong>1978<\/strong>: Die &#8222;Hollandg\u00e4nger&#8220;, die &#8222;Gastarbeiter&#8220; des 18. Jahrhunderts (Heinrich L\u00fchrmann), S. 116<\/p>\n\n\n\n<p><strong>1979<\/strong>: Die Entstehung unserer Landschaft (Dr. Heinrich Koch), S. 35<\/p>\n\n\n\n<p><strong>1982<\/strong>: &#8222;Heil achter Ossenbr\u00fcggen ist aock noch Land!&#8220; (Prof. Dr. E. Ostendorff), S. 82<\/p>\n\n\n\n<p><strong>1981<\/strong>: Meier-und Schultenh\u00f6fe (Kart-Heinz Kloester), S. 45<\/p>\n\n\n\n<p><strong>1981<\/strong>: Irden ware des Osnabr\u00fccker Landes (Andreas Pues), S. 91<\/p>\n\n\n\n<p><strong>1981<\/strong>: Backstein-Sinnbilder an den Bauernh\u00e4usern (Gerhardt Seiffert), S. 73<\/p>\n\n\n\n<p><strong>1983<\/strong>: Entscheidungsschlacht bei Osnabr\u00fcck (Dr. Heinrich Koch), S. 63<\/p>\n\n\n\n<p><strong>1987<\/strong>: Verschwundene Turmh\u00fcgelburgen im Osnabr\u00fccker Land auf alten Karten (Gerd-Ulrich Piesch), S. 59<\/p>\n\n\n\n<p><strong>1988<\/strong>: Die letzte Gro\u00dfe Wolfsjagd im F\u00fcrstbistum Osnabr\u00fcck 1755 (Walter Komber), S. 98<\/p>\n\n\n\n<p><strong>1989<\/strong>: Die Entwicklungsgeschichte des Osnabr\u00fccker Landes (G\u00fcnter Hindersmann), S. 49<\/p>\n\n\n\n<p><strong>1989<\/strong>: Osnabr\u00fcck einst Mittelpunkt des Leinenhandels (Gerhardt Seiffert), S. 105<\/p>\n\n\n\n<p><strong>1991<\/strong>: Der Landkreis einst und jetzt (Dr. H. Poppe-Marquard), S. 71<\/p>\n\n\n\n<p><strong>1991<\/strong>: Die k\u00f6nigliche Landdrostei Osnabr\u00fcck (Otto zu Hoene), S. 94<\/p>\n\n\n\n<p><strong>1991<\/strong>: Alte Getreidema\u00dfe der Landdrostei Osnabr\u00fcck (Otto Schulz), S. 118<\/p>\n\n\n\n<p><strong>1992<\/strong>: Linnen-Legge-Anstalten im Osnabr\u00fccker Land (Otto Schulz), S. 52<\/p>\n\n\n\n<p><strong>1993<\/strong>: Ma\u00dfe und Gewichte im Osnabr\u00fccker Land (Otto Schulz), S. 87<\/p>\n\n\n\n<p><strong>1994<\/strong>: Die R\u00f6mer im Osnabr\u00fccker Land (Antonius Menkhaus), S. 88<\/p>\n\n\n\n<p><strong>1994<\/strong>: Leinweberei in unserer Heimat (Johannes Bramkamp), S. 95<\/p>\n\n\n\n<p><strong>1995<\/strong>: Die R\u00f6mer im Osnabr\u00fccker Land (Franz L\u00f6chte), S. 84<\/p>\n\n\n\n<p><strong>1997<\/strong>: Was die alte Poststra\u00dfe erz\u00e4hlt (Dr. Edgar F. Wamecke), S. 57<\/p>\n\n\n\n<p><strong>1997<\/strong>: Das Heuerlingswesen im Osnabr\u00fccker Land (G\u00fcnter Hindersmann), S. 86<\/p>\n\n\n\n<p><strong>2001<\/strong>: L\u00e4ndliches Wohnen in H\u00e4usem der Gr\u00fcnderzeit (G\u00fcnter Hindersmann), S. 53<\/p>\n\n\n\n<p><strong>2003<\/strong>: Trachten im Osnabr\u00fccker Land (Stephan-Lutz Tobatzsch), S. 47<\/p>\n\n\n\n<p><strong>2004<\/strong>: Die Osnabr\u00fccker Landwehr (Prof. Hartmut Peucker), S. 69<\/p>\n\n\n\n<p><strong>2006<\/strong>: Flachs und Leinen (Paul-W. Wahl), S. 67<\/p>\n<\/div>\n<\/div>\n","protected":false},"excerpt":{"rendered":"<p>Zur Geschichte Osnabr\u00fccks Eine Fernhandelsstra\u00dfe durchquerte die Hase an einer Furt, durch die auch die Ochsen der Bauern getrieben wurden. Sp\u00e4ter wurde an nahe gelegener Stelle eine Br\u00fccke gebaut. Der Name entstand dabei aus einer Verbindung der niederdeutschen W\u00f6rter \u201eOssen\u201c (Ochse) und \u201eBr\u00fcgge\u201c (Br\u00fccke) als \u201eOssenbr\u00fcgge\u201c, das sp\u00e4ter zu Osnabr\u00fcck wurde. Nach einer anderen Deutung&#8230;<\/p>\n","protected":false},"author":4,"featured_media":0,"parent":0,"menu_order":40,"comment_status":"closed","ping_status":"closed","template":"","meta":{"_coblocks_attr":"","_coblocks_dimensions":"","_coblocks_responsive_height":"","_coblocks_accordion_ie_support":"","footnotes":""},"class_list":["post-410","page","type-page","status-publish","hentry"],"_links":{"self":[{"href":"https:\/\/familienforschung-tecklenburger-land.de\/index.php?rest_route=\/wp\/v2\/pages\/410","targetHints":{"allow":["GET"]}}],"collection":[{"href":"https:\/\/familienforschung-tecklenburger-land.de\/index.php?rest_route=\/wp\/v2\/pages"}],"about":[{"href":"https:\/\/familienforschung-tecklenburger-land.de\/index.php?rest_route=\/wp\/v2\/types\/page"}],"author":[{"embeddable":true,"href":"https:\/\/familienforschung-tecklenburger-land.de\/index.php?rest_route=\/wp\/v2\/users\/4"}],"replies":[{"embeddable":true,"href":"https:\/\/familienforschung-tecklenburger-land.de\/index.php?rest_route=%2Fwp%2Fv2%2Fcomments&post=410"}],"version-history":[{"count":2,"href":"https:\/\/familienforschung-tecklenburger-land.de\/index.php?rest_route=\/wp\/v2\/pages\/410\/revisions"}],"predecessor-version":[{"id":2594,"href":"https:\/\/familienforschung-tecklenburger-land.de\/index.php?rest_route=\/wp\/v2\/pages\/410\/revisions\/2594"}],"wp:attachment":[{"href":"https:\/\/familienforschung-tecklenburger-land.de\/index.php?rest_route=%2Fwp%2Fv2%2Fmedia&parent=410"}],"curies":[{"name":"wp","href":"https:\/\/api.w.org\/{rel}","templated":true}]}}