{"id":374,"date":"2023-02-26T19:05:56","date_gmt":"2023-02-26T18:05:56","guid":{"rendered":"https:\/\/familienforschung-tecklenburger-land.de\/?page_id=374"},"modified":"2023-05-17T06:36:34","modified_gmt":"2023-05-17T05:36:34","slug":"soegeln","status":"publish","type":"page","link":"https:\/\/familienforschung-tecklenburger-land.de\/?page_id=374","title":{"rendered":"S\u00f6geln"},"content":{"rendered":"\n<div class=\"wp-block-columns is-layout-flex wp-container-core-columns-is-layout-9d6595d7 wp-block-columns-is-layout-flex\">\n<div class=\"wp-block-column is-layout-flow wp-block-column-is-layout-flow\" style=\"flex-basis:25%\">\n<p><strong>Die Seiten \u00fcber S\u00f6geln wurden zusammengestellt von Heinrich Gosmann.<\/strong><\/p>\n\n\n\n<h3 class=\"wp-block-heading\">Weiteres vor Ort:<\/h3>\n\n\n\n<p><strong>Heimatverein S\u00f6geln e.V.<\/strong><br>Wittefeldweg 16<br>49565 Bramsche-S\u00f6geln<br>Telefon. 05461 \/ 3786<\/p>\n\n\n\n<h3 class=\"wp-block-heading\">Ausfl\u00fcge in die Geschichte:<\/h3>\n\n\n\n<p><a href=\"http:\/\/www.osnabruecker-land.de\/staticsite\/staticsite.php?menuid=96&amp;topmenu=3\">Gut S\u00f6geln<\/a><\/p>\n\n\n\n<h3 class=\"wp-block-heading\">Bauerrichter:<\/h3>\n\n\n\n<p><strong>1590<\/strong> Heinrich Brinkmann<br><strong>1597<\/strong> Gerd Sandman<br><strong>1687<\/strong> Ratike Sandman<br><strong>1717<\/strong> L\u00fcbbecke Buirmann<br><strong>1801<\/strong> Johann B\u00fchrmann<br><strong>1802<\/strong> Hackmann<br><strong>1804<\/strong> Wonning<br><strong>1805<\/strong> B\u00fchrmann im Esch<br><strong>1806<\/strong> K\u00fchl<br><strong>1807<\/strong> Schwankhaus<br><strong>1808<\/strong> Gerding<br><strong>1809<\/strong> Elbring<br><strong>1810<\/strong> Winterspecke<br><strong>1811<\/strong> Verwalter Vogt f\u00fcr Thyeberend St\u00e4tte<br><strong>1812<\/strong> Brinkmann<br><strong>1813<\/strong> Kamlage<br><strong>1814<\/strong> Sch\u00fctte<br><strong>1815<\/strong> Johanns<br><strong>1816<\/strong> Buchtmann<br><strong>1817<\/strong> Wessel<br><strong>1841<\/strong> Sandmann<\/p>\n\n\n\n<h3 class=\"wp-block-heading\">Rothenburg<\/h3>\n\n\n\n<p>Witwen- und Alterssitz von Haus S\u00f6geln. Das \u201eRote Haus\u201c, gelegentlich auch Radeburg genannt, liegt 1 km n\u00f6rdlich auf der Westseite des S\u00f6gelner M\u00fchlenbachs.<\/p>\n\n\n\n<p>1701 verkauft von Langen die Rothenburg an den Regierungs- und Konsistorialrat von Weselau in Osnabr\u00fcck und kauft sie 1706 zur\u00fcck.<\/p>\n\n\n\n<p>Der Hof ist verheuert, 1771 an den Schneider Hermann Heinrich bey den Sundern und um 1800 an Ernst Niemann und Meister Hermann Henrich Hellmich.<\/p>\n\n\n\n<p>1862 erwirbt Ferdinand von Stoltzenberg die Landtagsf\u00e4higkeit f\u00fcr die Rothenburg. Die Karte von 1864 zeigt ein Bauernhaus mit Nebengeb\u00e4uden.<\/p>\n\n\n\n<p>1985 wird die Rothenburg wegen gro\u00dfen Instandsetzungsbedarfs an Karl-Heinz Klose verkauft.<\/p>\n<\/div>\n\n\n\n<div class=\"wp-block-column is-layout-flow wp-block-column-is-layout-flow\" style=\"flex-basis:50%\">\n<h2 class=\"wp-block-heading\" id=\"-Geschichte\">Zur Geschichte<\/h2>\n\n\n\n<p>Der Name S\u00f6geln ist abgeleitet vom alts\u00e4chsischen \u201eswege\u201c und \u201eloh\u201c, was Sumpf, Moor und Wald bedeutet.<\/p>\n\n\n\n<p>S\u00f6geln ist eine um das gleichnamige Rittergut aus dem 14. Jh. gelegene Bauernschaft. Sie ist bis heute eine l\u00e4ndlich strukturierte Ortschaft geblieben.<\/p>\n\n\n\n<p><strong>3350 v. Chr.<\/strong> Fels-Rundbeil.<\/p>\n\n\n\n<p><strong>700 v. Chr.<\/strong> Steinaxt und Hallstattimporte (Fibeln, Spiralscheiben, Armspiralen).<\/p>\n\n\n\n<p><strong>1240<\/strong> erste Erw\u00e4hnung von S\u00f6geln als Soghelen.<\/p>\n\n\n\n<p><strong>1350<\/strong> Haus S\u00f6geln wird erstmals erw\u00e4hnt.<\/p>\n\n\n\n<p><strong>1560<\/strong> gab es 20 viehhaltende Haushaltungen, 6 Gro\u00dfe Knechte, 2 kleine Knechte, 5 kleine M\u00e4gde.<\/p>\n\n\n\n<p><strong>1667<\/strong> gab es in S\u00f6geln 2 Sagensnider.<\/p>\n\n\n\n<p><strong>Um 1720<\/strong> soll es eine Schule gegeben haben.<\/p>\n\n\n\n<p><strong>1756<\/strong> das S\u00f6gelner Bruch wird geteilt.<\/p>\n\n\n\n<p><strong>1768<\/strong> erh\u00e4lt S\u00f6geln eine Feuerspritze.<\/p>\n\n\n\n<p><strong>1788<\/strong> Bau einer neuen Schule.<\/p>\n\n\n\n<p><strong>1796-1797<\/strong> Markenteilung.<\/p>\n\n\n\n<p><strong>1849<\/strong> hatten 40 Heuerleute 146 Morg. Acker gepachtet und hielten 51 K\u00fche.<\/p>\n\n\n\n<p><strong>1876<\/strong> Er\u00f6ffnung der Eisenbahnlinie Quakenbr\u00fcck \u2013 Osnabr\u00fcck.<\/p>\n\n\n\n<p><strong>1877<\/strong> Aufhebung der gemeinsamen Viehweide in der Feldmark.<\/p>\n\n\n\n<p><strong>1883<\/strong> Bau einer neuen Schule.<\/p>\n\n\n\n<p><strong>1900<\/strong> Er\u00f6ffnung der Bahnlinie Bramsche-Vechta-Delmenhorst.<\/p>\n\n\n\n<p><strong>1905<\/strong> S\u00f6geln hat 404 Einwohner, 196 m\u00e4nnlich, 208 weiblich, 376 ev.-luth., 27 kath. 1 reformiert, 284 K\u00fche.<\/p>\n\n\n\n<p><strong>1911<\/strong> S\u00f6geln wird elektrifiziert.<\/p>\n\n\n\n<p><strong>1913<\/strong> erstes Turn- und Sportfest auf einem Platz nahe dem Heseper Bahnhof.<\/p>\n\n\n\n<p><strong>1921<\/strong> Einweihung des Kriegerdenkmal an der Stra\u00dfe nach Rieste, Ende der 60er Jahre verlegt auf den Friedhof.<\/p>\n\n\n\n<p><strong>1927<\/strong> Gr\u00fcndung des \u201eSportverein S\u00f6geln\u201c, Neugr\u00fcndung 1946 als SV S\u00f6geln, 1951 Zusammenschlu\u00df mit Hesepe als SV Hesepe-S\u00f6geln.<\/p>\n\n\n\n<p><strong>1933<\/strong> Gr\u00fcndung des Volkschor S\u00f6geln durch Lehrer Zech.<\/p>\n\n\n\n<p><strong>1934<\/strong> richtet die Reichspost bei Gastwirt Friedrich Sievert eine \u00f6ffentliche Fernsprechstelle ein.<\/p>\n\n\n\n<p><strong>1935<\/strong> Gr\u00fcndung der freiwilligen Feuerwehr S\u00f6geln.<\/p>\n\n\n\n<p><strong>1939<\/strong> In S\u00f6geln gibt es 26 Betriebe von 0,5-5 ha Gr\u00f6\u00dfe, 22 Betriebe von 5-10 ha Gr\u00f6\u00dfe, 16 Betriebe von 10-20 ha Gr\u00f6\u00dfe, 6 Betriebe von 20-100 ha Gr\u00f6\u00dfe und 1 Betrieb mit \u00fcber 100 ha.<\/p>\n\n\n\n<p><strong>1945<\/strong> gab es in S\u00f6geln 65 Landwirte mit 352 Milchk\u00fchen und 565 St\u00fcck weiterem Rindvieh, 42 Pferdehalter mit 145 Pferden.<\/p>\n\n\n\n<p><strong>10. April 1945<\/strong> rollt die Front ohne Wiederstand \u00fcber S\u00f6geln hinweg.<\/p>\n\n\n\n<p><strong>1950<\/strong> Neubau einer Schule.<\/p>\n\n\n\n<p><strong>1950<\/strong> Gr\u00fcndung des Sch\u00fctzenverein S\u00f6geln.<\/p>\n\n\n\n<p><strong>1954<\/strong> S\u00f6geln hat eine Gr\u00f6\u00dfe von 1013 ha und 604 Einwohner.<\/p>\n\n\n\n<p><strong>1946-1960<\/strong> Privatschule auf Gut S\u00f6geln.<\/p>\n\n\n\n<p><strong>1967<\/strong> Einweihung des neuen Friedhofes.<\/p>\n\n\n\n<p><strong>1970<\/strong> gab es 277 Erwerbst\u00e4tige in S\u00f6geln.<\/p>\n\n\n\n<p><strong>1972<\/strong> Bau der Friedhofskapelle.<\/p>\n\n\n\n<p><strong>1972<\/strong> Mit der Gebietsreform geh\u00f6rt S\u00f6geln zur Stadt Bramsche.<\/p>\n\n\n\n<p><strong>1973<\/strong> der Schulbetrieb in S\u00f6geln wird eingestellt. Die AWO richtet hier 1974 einen Kinderspielkreis ein.<\/p>\n\n\n\n<p><strong>1980<\/strong> Das neue Verteilerbauwerk an der Hase ist fertig; 1982 wird der Alfsee geflutet.<\/p>\n\n\n\n<p><strong>1987<\/strong> gab es 8 Vollerwerbslandwirte, 2 Nebenerwerbslandwirte und 21 Zuerwerbslandwirte.<\/p>\n\n\n\n<p><strong>1990<\/strong> 750-Jahr-Feier mit Ver\u00f6ffentlichung einer kleinen Chronik.<\/p>\n\n\n\n<p><strong>1998\/1999<\/strong> im Rahmen der Dorferneuerung wird die alte Schule umgebaut zu Kindergarten und Dorftreff im Obergescho\u00df.<\/p>\n\n\n\n<h3 class=\"wp-block-heading\">Haus S\u00f6geln<\/h3>\n\n\n\n<p>Das Gut S\u00f6geln war im Besitz der Familien von Braken, von Ledebur, von Knehem, von Langen, von der Horst, von Hammerstein, Rathgen und von Stoltzenberg und geh\u00f6rt seit 1850 der Familie von Rappard bzw. von Bock und Polach.<\/p>\n\n\n\n<p><strong>Anfang des 18. Jhd.<\/strong> waren 19 H\u00f6fe aus dem Kirchspiel Bramsche nach S\u00f6geln eigen.<\/p>\n\n\n\n<p><strong>1323<\/strong> Heinrich von Braken verkauft das Gogericht an den Bischof.<\/p>\n\n\n\n<p><strong>1350<\/strong> erh\u00e4lt Dethard Ledebur die \u201eritterliche Wohnung\u201c nebst 4 H\u00f6fen in S\u00f6geln und 2 H\u00f6fe in Strohe zu Lehen.<\/p>\n\n\n\n<p>Erbe wurde Johann Ledebur und seine Frau Woldeke.<\/p>\n\n\n\n<p><strong>1426<\/strong> erste Erw\u00e4hnung einer Burg des Boldewin von Knehem.<\/p>\n\n\n\n<p><strong>1442 und 1460-1476<\/strong> wird Claus van Kehem genannt.<\/p>\n\n\n\n<p><strong>1536<\/strong> Cord von Knehem heiratet Anna von Dincklage und baut eine M\u00fchle die zu einem langen Streit (bis 1793) mit dem Kloster Malgarten wegen der Wasserregelung der Hase beim Hof Dallmann f\u00fchrte.<\/p>\n\n\n\n<p><strong>1556<\/strong> \u00fcbernahm Rudolf von Knehem das Gut.<\/p>\n\n\n\n<p><strong>1560<\/strong> hielt das Gut S\u00f6geln 84 Schafe.<\/p>\n\n\n\n<p><strong>1574<\/strong> brachte Rudolf von Knehem aus dem niederl\u00e4ndischen Krieg die Pest nach S\u00f6geln, die sich im ganzen Land ausbreitete.<\/p>\n\n\n\n<p><strong>1590<\/strong> in einer zwangsweisen Ver\u00e4u\u00dferung erwirbt Heinrich von Langen, Drost von F\u00fcrstenau und V\u00f6rden, das Gut. Er war mit Hille geb. von Aswede verheiratet.<\/p>\n\n\n\n<p><strong>1667<\/strong> mu\u00dfte dem Gutsherrn das Schlagen und Pr\u00fcgeln seiner H\u00f6rigen verboten werden.<\/p>\n\n\n\n<p>Erbe ist der Neffe Heinrich Adam von Langen, verheiratet mit Helene von Aswede, der im 30j\u00e4hrigen Krieg verschleppt wird und sich mit 3000 T. freikauft.<\/p>\n\n\n\n<p>Erbe wird Heinrich Engelbert von Langen, in 1. Ehe mit Sibylla Agneta von Westerholt und in 2. Ehe mit Anna Elisabeth von Steuben verheiratet. Er stiftet der Bramscher Kirche 1669 den Hauptaltar und 1675 eine Altarbibel.<\/p>\n\n\n\n<p><strong>1675<\/strong> Erbe wurde der Sohn Joachim Heinrich von Lagen.<\/p>\n\n\n\n<p><strong>1710<\/strong> hielt das Gut S\u00f6geln ca. 800 Schafe.<\/p>\n\n\n\n<p><strong>1722<\/strong> \u00fcbernam der Sohn Adolf Christoffer von Langen den Besitz.<\/p>\n\n\n\n<p><strong>1750<\/strong> durch Heirat der Erbin Isabella Judith Sophie von Langen kam das Gut an Julius August Friedrich von der Horst. Er wurde 1766 von Friedrich dem Gro\u00dfen zum \u201eWirklichen Geheimen Staats-, Kriegs- und Dirigierenden Minister\u201c ernannt.<\/p>\n\n\n\n<p><strong>1752<\/strong> wurden M\u00fchle und M\u00fcllerhaus neu erbaut.<\/p>\n\n\n\n<p><strong>1792<\/strong> verkaufte der Sohn und Erbe Julius von der Horst Gut S\u00f6geln an den Freiherrn von M\u00fcnster und dieser 1793 sofort weiter an von Hammerstein.<\/p>\n\n\n\n<p><strong>1792<\/strong> die alte Gutsanlage besteht aus Pforte und Pforthaus, Vorwerk, Kuhhaus, Backhaus, Wagenremise, Pferde- und Schweinestall, Torfschuppen, das Wohnhaus und ein Barockgarten.<\/p>\n\n\n\n<p><strong>1793<\/strong> neuer Besitzer ist Landdrost Friedrich Philipp Freiherr von Hammerstein-Equord.<\/p>\n\n\n\n<p>Im gleichen Jahr wurde das Herrenhaus neu erbaut, ebenso das Vorwerk und weitere Wirtschaftsgeb\u00e4ude.<\/p>\n\n\n\n<p>Erbe wird der \u201etolle Hammerstein\u201c der ein unruhiges Leben f\u00fchrt, wird der Universit\u00e4ten verwiesen, entf\u00fchrt eine verheiratete Frau, wird Soldat und l\u00e4sst sich als Generalleutnant 1813 auf dem Gut nieder.<\/p>\n\n\n\n<p><strong>1817<\/strong> verkauf er das Gut f\u00fcr 75000 T. an Generaleinnehmer Rathgen aus Bremen, der 1846 starb. Er baut die Seitenfl\u00fcgel an, verlegt den Hauseingang und legte etwa 400 Morg. Rieselwiesen an.<\/p>\n\n\n\n<p><strong>1846<\/strong> Rathgen vererbte das Gut an seine Stieftochter Amalie von P\u00fcchler, die Ferdinand von Stolzenberg heiratete.<\/p>\n\n\n\n<p><strong>1849<\/strong> hatten 15 Heuerleute des Gutes 76 Morg. Acker gepachtet und hielten 1 Pferd und 24 K\u00fche.<\/p>\n\n\n\n<p><strong>1856<\/strong> wird die gro\u00dfe Scheune gebaut.<\/p>\n\n\n\n<p>Erbe wurde der Sohn Ernst Hermann Georg von Stoltzenberg, der 1871 1000 T. der Kirche vermachte. Die H\u00e4lfte der Zinsen sollte allj\u00e4hrlich den Hilfsbed\u00fcrftigen in S\u00f6geln und die andere H\u00e4lfte den Hilfsbed\u00fcrftigen des Kirchspiels gezahlt werden.<\/p>\n\n\n\n<p><strong>1871<\/strong> wird die Kapelle errichtet.<\/p>\n\n\n\n<p><strong>1871<\/strong> \u00dcber die Erbtochter Adelheid von Stolzenberg, verheiratet mit Hugo von Rappard, kam der Besitz 1875 an den Sohn Georg von Rappard und seine Frau Charlotte geb. von Derenthall.<\/p>\n\n\n\n<p><strong>1875<\/strong> Gut S\u00f6geln hat 56 Stimmen in der Gemeindeversammlung.<\/p>\n\n\n\n<p><strong>1895<\/strong> Erbe wird Werner von Rappard, der mit Dolores Rogalla von Biberstein verheiratet war.<\/p>\n\n\n\n<p><strong>1933<\/strong> Die Gr\u00f6\u00dfe des Gutes betr\u00e4gt 253,96 ha.<\/p>\n\n\n\n<p><strong>1939<\/strong> Werner von Rappard.<\/p>\n\n\n\n<p><strong>1966<\/strong> Erbe wird Gisela&nbsp; von Rappard, geb. von Rappard, verw. Stiewe, verw. Schlabitz<\/p>\n\n\n\n<p><strong>1972<\/strong> Die Glocke aus der alten Erbbegr\u00e4bnisst\u00e4tte von Gut S\u00f6geln, eine Spende f\u00fcr die neue Friedhofskapelle.<\/p>\n\n\n\n<p><strong>1995<\/strong> Erbe wird die Tochter Gisela von Bock und Polach<\/p>\n<\/div>\n\n\n\n<div class=\"wp-block-column is-layout-flow wp-block-column-is-layout-flow\" style=\"flex-basis:25%\">\n<h3 class=\"wp-block-heading\">Bauerschaften:<\/h3>\n\n\n\n<p>Enkelstrotort, Nieders\u00f6geln, S\u00f6geln<\/p>\n\n\n\n<h3 class=\"wp-block-heading\">Die Bramscher Ortsteile:<\/h3>\n\n\n\n<figure class=\"wp-block-image\"><img decoding=\"async\" src=\"https:\/\/familienforschung-tecklenburger-land.de\/assets\/images\/6\/Bramscher%20Ortsteile-75aadea6.jpg\" alt=\"\"\/><\/figure>\n\n\n\n<p><a href=\"https:\/\/familienforschung-tecklenburger-land.de\/files\/Tecklenburger-Familienforschung\/OSNABRUECK\/Bramsche\/Bramscher%20Ortsteile.jpg\"><\/a><\/p>\n\n\n\n<h3 class=\"wp-block-heading\">Bev\u00f6lkerung:<\/h3>\n\n\n\n<ul class=\"wp-block-list\">\n<li>1772 \u2013 325,<\/li>\n\n\n\n<li>1821 \u2013 481,<\/li>\n\n\n\n<li>1848 \u2013 517,<\/li>\n\n\n\n<li>1871 \u2013 417 (385 ev., 32 kath.),<\/li>\n\n\n\n<li>1880 \u2013 451,<\/li>\n\n\n\n<li>1885 \u2013 425,<\/li>\n\n\n\n<li>1890 \u2013 440,<\/li>\n\n\n\n<li>1900 \u2013 403,<\/li>\n\n\n\n<li>1905 \u2013 404 (377 ev., 27 kath.),<\/li>\n\n\n\n<li>1925 \u2013 445,<\/li>\n\n\n\n<li>1933 \u2013 398,<\/li>\n\n\n\n<li>1939 \u2013 395,<\/li>\n\n\n\n<li>1946 \u2013 703,<\/li>\n\n\n\n<li>1950 \u2013 688,<\/li>\n\n\n\n<li>1956 \u2013 573,<\/li>\n\n\n\n<li>1961 \u2013 651,<\/li>\n\n\n\n<li>1970 \u2013 647,<\/li>\n\n\n\n<li>1987 \u2013 535,<\/li>\n\n\n\n<li>1989 \u2013 539 (418 ev., 97 kath., 24 sonst.),<\/li>\n\n\n\n<li>2012 \u2013 809<\/li>\n<\/ul>\n\n\n\n<h3 class=\"wp-block-heading\">Viehbestand:<\/h3>\n\n\n\n<p><strong>1873:<\/strong> 79 Viehhaltende Haushaltungen mit 34 Pferde, 57 Rinder, 198 K\u00fche, 130 Schweine, 66 Schafe, 2 Ziegen, 33 Bienenst\u00f6cke.<\/p>\n\n\n\n<p><strong>1883:<\/strong> 81 Viehhaltende Haushaltungen mit 40 Pferde, 71 Rinder, 214 K\u00fche, 258 Schweine, 15 Schafe, 4 Ziegen, 30 Bienenst\u00f6cke.<\/p>\n\n\n\n<p><strong>1892:<\/strong> 81 Viehhaltende Haushaltungen mit 34 Pferde, 81 Rinder, 233 K\u00fche, 367 Schweine, 4 Schafe, 1 Ziegen, 29 Bienenst\u00f6cke.<\/p>\n\n\n\n<p><strong>1900:<\/strong> 78 Viehhaltende Haushaltungen mit 44 Pferde, 85 Rinder, 246 K\u00fche, 576 Schweine, 2 Schafe, 6 Ziegen, 33 Enten, 1244 H\u00fchner, 51 Bienenst\u00f6cke.<\/p>\n\n\n\n<figure class=\"wp-block-image\"><img decoding=\"async\" src=\"https:\/\/familienforschung-tecklenburger-land.de\/files\/Tecklenburger-Familienforschung\/OSNABRUECK\/Soegeln\/Gosmann-Bild67.jpg\" alt=\"\"\/><\/figure>\n\n\n\n<h3 class=\"wp-block-heading\">Gemeindevorsteher:<\/h3>\n\n\n\n<p><strong>1842<\/strong> Sandmann<br><strong>1853<\/strong> Sandmann<br><strong>1856<\/strong> Elbring<br><strong>1862<\/strong> Gro\u00dfe Huesmann<br><strong>1868<\/strong> Winterspecke<br><strong>1874<\/strong> H. Gerding<br><strong>1877<\/strong> Gerding<br><strong>1880<\/strong> Sandmann<br><strong>1886<\/strong> B\u00fchrmann<br><strong>1891<\/strong> B\u00fchrmann<br><strong>1892 \u2013 1898<\/strong> Schwankhaus<br><strong>1898 \u2013 1904<\/strong> Elbring<br><strong>1904 \u2013 1910<\/strong> Heinrich Hu\u00dfmann<br><strong>1910 \u2013 1915<\/strong> Christian Schwankhaus<br><strong>1915 \u2013 1918<\/strong> Heinrich Hu\u00dfmann<br><strong>1918 \u2013 1934<\/strong> Hermann Wessel<\/p>\n\n\n\n<p><strong>B\u00fcrgermeister<\/strong> :<br><strong>1934 \u2013 1944<\/strong> Heinrich Hackmann<br><strong>1944 \u2013 1946<\/strong> Hermann Determann B\u00fcrgermeister von Hesepe, Epe und S\u00f6geln<br><strong>1946 \u2013 1953<\/strong> Wilhelm M\u00fcller<br><strong>1953 \u2013 1957<\/strong> Heinrich Hu\u00dfmann<br><strong>1957 \u2013 1972<\/strong> Wilhelm Kuhlmann<\/p>\n\n\n\n<p><strong>Ortsb\u00fcrgermeister<\/strong> :<br><strong>1972 \u2013 1991<\/strong> Wilhelm Kuhlmann<br><strong>Seit 1991<\/strong> Gundolf B\u00f6selager<\/p>\n\n\n\n<figure class=\"wp-block-image\"><img decoding=\"async\" src=\"https:\/\/familienforschung-tecklenburger-land.de\/files\/Tecklenburger-Familienforschung\/OSNABRUECK\/Soegeln\/Gosmann-Bild73.jpg\" alt=\"\"\/><\/figure>\n<\/div>\n<\/div>\n\n\n\n<div class=\"wp-block-columns is-layout-flex wp-container-core-columns-is-layout-9d6595d7 wp-block-columns-is-layout-flex\">\n<div class=\"wp-block-column is-layout-flow wp-block-column-is-layout-flow\" style=\"flex-basis:25%\"><\/div>\n\n\n\n<div class=\"wp-block-column is-layout-flow wp-block-column-is-layout-flow\" style=\"flex-basis:50%\">\n<h2 class=\"wp-block-heading\" id=\"-Weblinks\">Weblinks<\/h2>\n\n\n\n<p><a href=\"http:\/\/www.bramsche.de\/staticsite\/staticsite.php?menuid=250&amp;topmenu=75&amp;keepmenu=inactive\">Bramsche Ortsteil S\u00f6geln<\/a><\/p>\n\n\n\n<p><a href=\"http:\/\/de.wikipedia.org\/wiki\/Bramsche#S.C3.B6geln\">S\u00f6geln in Wikipedia<\/a><\/p>\n\n\n\n<p><a href=\"http:\/\/www.gut-soegeln.de\">Gut S\u00f6geln<\/a><\/p>\n\n\n\n<p><a href=\"http:\/\/www.denkmalprojekt.org\/dkm_deutschland\/bramsche-soegeln_frdh_wk1u2_ns.htm\">Gefallene im 1. und 2. Weltkrieg<\/a><\/p>\n\n\n\n<p><a href=\"http:\/\/www.denkmalprojekt.org\/dkm_deutschland\/bramsche-soegeln_frdh_wk1u2_ns.htm\"><\/a><\/p>\n\n\n\n<h3 class=\"wp-block-heading\">Allgemeine Links:<\/h3>\n\n\n\n<p><a href=\"http:\/\/wiki-de.genealogy.net\/Hauptseite\">GenWiki:<\/a> Ein Wiki f\u00fcr Ahnenforscher.<br><br><a href=\"http:\/\/www.fotoerbe.de\/\">Fotoerbe.de<\/a>: In welchen Archiven, Museen, Bibliotheken usw. sind historische Fotografien vorhanden? Hier findet man sie in einer riesigen Datenbank.<br><br><a href=\"http:\/\/www.kirchliche-archive.de\/\">Kirchliche Archive:<\/a> \u00dcbersicht \u00fcber die deutschen Kirchenbucharchive.<br><br><a href=\"http:\/\/christoph.stoepel.net\/geogen\/v3\/\">Geogen<\/a>: Auf dieser Seite kann man Landkarten \u00fcber die Verbreitung von Familiennamen in Deutschland erstellen lassen. Besonders auff\u00e4llige Konzentrationen k\u00f6nnen auf den Ursprungsort des Namens oder der Familie hindeuten.<br><a href=\"http:\/\/www.hbol.de\/\"><br>Heimatbund Osnabr\u00fccker Land:<\/a> Hier gibt es geschichtliches \u00fcber die verschiedenen Orte. Man findet auch viele Adressen und Infos \u00fcber Vereine usw.<br><br><a href=\"http:\/\/www.lwl.org\/westfaelische-geschichte\/portal\/Internet\/haupt.php?urlNeu=\">Internet-Portal &#8222;Westf\u00e4lische Geschichte&#8220;<\/a><br><br><a href=\"http:\/\/www.archive.nrw.de\/\">Internetportal der Archive in Nordrhein-Westfalen<\/a><br><br><a href=\"http:\/\/www.westfalen-adelssitze.de\" target=\"_blank\" rel=\"noreferrer noopener\">Burgen, Schl\u00f6sser und Herrensitze in Westfalen<\/a>: Interessant, wenn man wei\u00df, welchem Herr ein Hof eigenbeh\u00f6rig war.<br><br><a href=\"http:\/\/www.wggf.de\/\">Westf\u00e4lische Gesellschaft f\u00fcr Genealogie und Familienforschung (WGGF)<\/a><\/p>\n<\/div>\n\n\n\n<div class=\"wp-block-column is-layout-flow wp-block-column-is-layout-flow\" style=\"flex-basis:25%\"><\/div>\n<\/div>\n\n\n\n<div class=\"wp-block-columns is-layout-flex wp-container-core-columns-is-layout-9d6595d7 wp-block-columns-is-layout-flex\">\n<div class=\"wp-block-column is-layout-flow wp-block-column-is-layout-flow\" style=\"flex-basis:25%\"><\/div>\n\n\n\n<div class=\"wp-block-column is-layout-flow wp-block-column-is-layout-flow\" style=\"flex-basis:50%\">\n<h2 class=\"wp-block-heading\" id=\"-Quellen\">Genealogische Quellen<\/h2>\n\n\n\n<h3 class=\"wp-block-heading\">Staatsarchiv Osnabr\u00fcck:<\/h3>\n\n\n\n<p>Dep 48 b Nr. 120 &#8211; Teilung der S\u00f6gelner Mark. Verkoppelung, 1796-1866.<\/p>\n\n\n\n<p>Dep 48 b Nr. 43 &#8211; Veranschlagung der G\u00fcter S\u00f6geln und Rothenburg, Verzeichnisse der Grundst\u00fccke, P\u00e4chter und Abgaben, 1708-1795.<\/p>\n\n\n\n<p>Dep 48 b Nr. 68 &#8211; Freibriefe f\u00fcr Eigenbeh\u00f6rige der G\u00fcter S\u00f6geln und Rothenburg (Namensverzeichnis siehe Findbuch), 1629-1734.<\/p>\n\n\n\n<p>Dep 48 b Nr. 69 &#8211; Abgaben, Hand- und Spanndienste der Eigenbeh\u00f6rigen der G\u00fcter S\u00f6geln und Rothenburg, 1690-1802.<\/p>\n\n\n\n<p>Rep 100 a III Nr. 5 a &#8211; Schatzungsregister Kirchspiel Bramsche, Feldmark: S\u00f6geln, Bauerschaft: S\u00f6geln, 1807.<\/p>\n\n\n\n<p>Rep 100 a III Nr. 5 II &#8211; Vermessungsregister Kirchspiel Bramsche (Reinschrift), Feldmark: S\u00f6geln, Bauerschaft: S\u00f6geln, 1785.<\/p>\n\n\n\n<p>Rep 100 Abschnitt 88, Nr. 128 Bd. 2 &#8211; Erneuerte Grundst\u00fccks- und Abgabenverzeichnisse der schatzpflichtigen St\u00e4tten im Amt V\u00f6rden, Kirchspiel Bramsche, Bauerschaften Pente, Rieste und S\u00f6geln, 1723.<\/p>\n\n\n\n<p>Rep 330 III Nr. 1040, Nr. 1041 &#8211; Grundsteuer-Mutterrolle S\u00f6geln, 1826<\/p>\n\n\n\n<p>Rep 330 III Nr. 1045, Nr. 1046 &#8211; Manual des gesamten Grundeigentums S\u00f6geln.<\/p>\n\n\n\n<p>Rep 540 Bers Nr. 238 &#8211; Grundsteuer-Mutterrollen der Gemarkung S\u00f6geln des Gemeindebezirks S\u00f6geln Nr. 106, Urtitel-Nr. 1 bis 73, Enth\u00e4lt auch: Originalflurbuch, 1875-1948.<\/p>\n\n\n\n<p>Rep 540 Bers Nr. 414, Nr. 415 &#8211; Liegenschaftsbuch der Gemarkung S\u00f6geln des Gemeindebezirks S\u00f6geln Nr. 106, Artikel-Nr. 1 bis 169, Enth\u00e4lt auch: Verzeichnis der Anteilsbesitzer gemeinschaftlicher Mutterrollenartikel, 1876-1953.<\/p>\n\n\n\n<p>Rep 540 Bers Nr. 523 &#8211; Geb\u00e4udesteuerrolle der Gemarkung Soegeln des Gemeindebezirks Soegeln Nr. 106, Rollen-Nr. 1 bis 63, 1895-1909.<\/p>\n\n\n\n<p>Rep 540 Bers Nr. 634 &#8211; Geb\u00e4udebuch der Gemarkung S\u00f6geln des Gemeindebezirks S\u00f6geln Nr. 106, Rollen-Nr. 1 bis 120, 1910-1954.<\/p>\n\n\n\n<p>Rep 950 Bers Akz. 2010\/081 Nr. 59 &#8211; Erbh\u00f6ferolle von S\u00f6geln Band 1 Blatt 1 bis 22.<\/p>\n\n\n\n<h3 class=\"wp-block-heading\">H\u00f6fe:<\/h3>\n\n\n\n<p>9 Vollerben, 10 Halberben, 7 Markk\u00f6tter.<\/p>\n\n\n\n<p><strong>Vollerben:<\/strong> 1 B\u00fchrmann \u2013 Piesbergen \u2013 Goldmeyer \u2013 Wamhoff, 2 Sandmann \u2013 Kuhlmann, 3 Schwankhaus \u2013 B\u00fchrmann, 4 Gerding \u2013 Ellermann, 5 Elbring \u2013 Ellermann, 6 Winterspecke \u2013 Meyer zu Astrup \u2013 Temmelmann, 7 Gro\u00dfe B\u00fchrmann \u2013 B\u00fchrmann \u2013 Schwankhaus, 8 Hackmann \u2013 Schulte Uffelage, 9 Gro\u00dfe Husmann \u2013 K\u00f6hne,<\/p>\n\n\n\n<p><strong>Halberben:<\/strong> 10 K\u00fchl &#8211; Schenk, 11 Wohning \u2013 Kuhlmann, 12 Tybernd \u2013 Sievert \u2013 Grube, 13 Mescher (Beym Masche), 14 Brinkmann \u2013 Sachteleben \u2013 Niemann, 15 Kamlage \u2013 Hasemann, 16 Sch\u00fctte \u2013 Wittefeld \u2013 von Gregory, 17 Johann zur Nedders\u00f6geln &#8211; Johanns \u2013 Dallmann \u2013 von Br\u00fchl, 18 Buchtmann \u2013 Augustin, 19 Wessel \u2013 Frese \u2013 Niemann\/B\u00f6selager.<\/p>\n\n\n\n<p><strong>Markk\u00f6tter:<\/strong> 20 Auf der Heide \u2013 L\u00fcbke-Bockweg, 21 Klein Husmann \u2013 Hausfeld \u2013 Eggemann\/Michalowski, 22 Unland \u2013 Mohrmann \u2013 Hasemann, 23 Im Lohe \u2013 Lohmeyer \u2013 Wissmann \u2013 Hackmann\/Rott, 24 Auf der Heide (Hellmich) \u2013 Hellmich, 30 Bipper \u2013 Kiesekamp \u2013 Dallmann \u2013 Auf der Heide \u2013 Freie \u2013 Leismann, 31 Rosk\u00e4mper \u2013 R\u00fc\u00dfkamp.<\/p>\n\n\n\n<p><strong>Neubauern:<\/strong> 26 Dallmann \u2013 Auf dem Berge \u2013 Kuhlmann, 27 Brockmann \u2013 Werner \u2013 Gro\u00df-Klu\u00dfmann, 29 M\u00fcller, 33 Enkelstroth \u2013 Temmelmann \u2013 Harms \u2013 Mehs, 34 Beinke, 38 Brockmann \u2013 Beermann, 39 Hartmann \u2013 Kalscher \u2013 Kiewe \u2013 Walter, 63 Holtgreve \u2013 H\u00f6lscher, 32 Frommeyer \u2013 Wrocklage, 36 Beckmann, 48 Brinkmann, 49 Vor dem Berge \u2013 Winkler \u2013 Herbst, 50 M\u00fcller<\/p>\n<\/div>\n\n\n\n<div class=\"wp-block-column is-layout-flow wp-block-column-is-layout-flow\" style=\"flex-basis:25%\">\n<h3 class=\"wp-block-heading\">Archive:<\/h3>\n\n\n\n<p><strong><a href=\"http:\/\/www.bistum-osnabrueck.de\/kultur\/dioezesanarchiv.html\">Di\u00f6zesanarchiv in Osnabr\u00fcck<\/a><\/strong><br>Gro\u00dfe Domsfreiheit 10<br>49074 Osnabr\u00fcck<br>Anmeldung erforderlich:<br>Telefon: 0541\/318-416<br>(<a href=\"mailto:kulturundarchiv@bistum-os.de\">Maria Rehnen<\/a>)<br>\u00d6ffnungszeiten f\u00fcr Familienforschung: mittwochs von 8.00 \u2013 12.30 Uhr und 13.30 bis 18.00 sowie auf Anfrage<br><br><a href=\"http:\/\/www.kirchenkreis-osnabrueck.de\/kirchenkreis\/kirchenamt.html\">Ev.-luth. Kirchenbuchamt Osnabr\u00fcck<\/a><br>Eversburger Str. 32<br>49090 Osnabr\u00fcck<br>Anmeldung erforderlich:<br><a href=\"mailto:linda.klingspohn@evlka.de\">Linda Klingspohn<\/a><br>T: 0541 \/ 94049-435<br>Das Kirchenbuchamt ist Di u. Do von 8:30 Uhr bis 13:30 Uhr ge\u00f6ffnet.<br><br>Die <strong>Standesamtsregister<\/strong><em>(ab 1874 &#8211; gesch\u00fctzt sind die Geburtsregister der letzten 110 Jahre, Heiratsregister der letzten 80 Jahre und Sterberegister der letzten 30 Jahre)<\/em> finden Sie im <a href=\"http:\/\/www.nla.niedersachsen.de\/landesarchiv\/gliederung\/standort_osnabrueck\/standort-osnabrueck-85969.html\" target=\"_blank\" rel=\"noreferrer noopener\">Staatsarchiv Osnabr\u00fcck<\/a>, Schlo\u00dfstr.29, 49074 Osnabr\u00fcck,<br>Tel.: 0541\/33162-0.<br><br><strong><a href=\"http:\/\/www.kgverband-meppen.de\/familienforschung.html\">Katholische Familienforschungsstelle in Meppen<\/a><\/strong><br>Haus d. Sozialen Dienste, Domhof 18, 49716 Meppen<br><strong>Anmeldung erforderlich:<\/strong><br>Kath. Propsteigemeinde St. Vitus, Kuhstra\u00dfe 44, 49716 Meppen<br>Telefon: 0 59 31\/1 24 44 \/ Telefax: 0 59 31\/97 03 44, <a href=\"mailto:fam.archive@kgverband-meppen.de\">E-Mail<\/a><br><strong>\u00d6ffnungszeiten f\u00fcr Familienforscher: <\/strong>Do &amp; Fr 8.30 \u2013 12.30 Uhr und 13.30 \u2013 16.00 Uhr<br>sowie an jedem ersten Samstag eines Monats von 8.30 \u2013 12.30 Uhr<br>und an jedem Freitag vor dem ersten Samstag eines Monats von 8.30 \u2013 12.30 Uhr und 13.30 \u2013 18.00 Uhr<br><br><strong>LAV Staats- und Personenstandsarchiv Detmold<\/strong><br>Willi-Hofmann-Stra\u00dfe 2, 32756 Detmold<br>Tel.: 05231\/7660<br>www.archive.nrw.de<br><br><strong>Vereinigte Westf\u00e4lische Adelsarchive e.V.<\/strong><br>Jahnstr. 26, 48147 M\u00fcnster<br>Tel.: 0251-5913890<br>adelsarchive@lwl.org<\/p>\n<\/div>\n<\/div>\n\n\n\n<div class=\"wp-block-columns is-layout-flex wp-container-core-columns-is-layout-9d6595d7 wp-block-columns-is-layout-flex\">\n<div class=\"wp-block-column is-layout-flow wp-block-column-is-layout-flow\" style=\"flex-basis:25%\">\n<h3 class=\"wp-block-heading\">Br\u00e4nde in S\u00f6geln:<\/h3>\n\n\n\n<p>30.10.1827: <strong>Margarethe Elisabeth Niemann<\/strong>, Witwe erh\u00e4lt die ganze Vers.-Summe f\u00fcr ihre am 25.6.1825 einge\u00e4scherte Scheune (K\u00f6nigl. Gro\u00dfbritannisch-Hannoversche Landdrostei, gez. L.von Bar 753)<\/p>\n\n\n\n<p><em>Quelle: Osnabr\u00fcckische Anzeigen von allerhand Sachen deren Bekanntmachung dem gemeinen Wesen n\u00f6thig und n\u00fctzlich ist vom Jahre 1827. Ki\u00dflingsche Druckerei, Osnabr\u00fcck<\/em><\/p>\n<\/div>\n\n\n\n<div class=\"wp-block-column is-layout-flow wp-block-column-is-layout-flow\" style=\"flex-basis:50%\">\n<h2 class=\"wp-block-heading\" id=\"-Fundstuecke\">Fundst\u00fccke<\/h2>\n\n\n\n<h3 class=\"wp-block-heading\">Staatsarchiv Osnabr\u00fcck:<\/h3>\n\n\n\n<p>Rep 556 Nr. 2076 &#8211; Brinkmann-St\u00e4tte zu S\u00f6geln, 1830-1848.<\/p>\n\n\n\n<p>Rep 556 Nr. 2099 &#8211; Elberding-St\u00e4tte zu S\u00f6geln, 1847-1848.<\/p>\n\n\n\n<p>Rep 950 Bram Nr.86 (und weitere) \u2013 Testamente: Brockmann, B\u00f6deker, Rathgen, Schr\u00f6der, B\u00fchrmann, Sch\u00fctte, M\u00fcller, von Rappard, K\u00fchl, Gro\u00df B\u00fchrmann, Otto, Elbring, Schwering, Knapke, Hinternesch, Hackmann, von Stoltzenberg, Oevermann, Holzmann, Johanns, Temmelmann, Ballmann.<\/p>\n\n\n\n<h3 class=\"wp-block-heading\">Sterbfall auf dem Hof Schwankhaus, S\u00f6geln Nr.3<\/h3>\n\n\n\n<p>Bestandsaufnahme vom 6. Juli 1740: \u201e3 Pferde, 2 Wagen mit aller zubeh\u00f6rigen Ger\u00e4dtschaft, 2 Pfl\u00fcge, 2 K\u00fche, 1 Schmahlrind, 1 Kalb, 1 Schwein, 4 G\u00e4nse, 1 Ganter, 5 K\u00fcken, 1 Anrichte, 1 Kleiderschap, 2 Laden, 1 Kiste, 1 kleine Futterkiste, 1 Brotschap, 1 Molkenschap, Drinkelfa\u00df, St\u00f6\u00dffa\u00df und Eisen, 1 Pri\u00df pott, 2 Eisenpotte, 1 Panne und Halter, Hahl, lange Hahl, Brandtrohr, 1 Emmer, 3 Waschmohlen, 1 Schneidtlade, 1 Schurfe Kahre, 2 Wannen, 2 Me\u00dfforken, 1 Schottforke, 1 eiserne Sch\u00f6rfel, holten Sch\u00f6rfel, 1 V\u00f6llen Kr\u00fcbbe, 1 Leintonne, 1 Balkenbrett und Hielenbrett, 4 Stohle, 1 langen Disch, 1 gantzen alten grossen Kirtel so aber unbrauchbar ist, 1 Plaggensegt, L\u00f6ster, 1 Stehle mit aller Zubeh\u00f6r, 4 Pahr Spinnraddrey, 1 Jaffel, 1 Kra\u00df, 1 Lampe, 1 Scheffel, 1 Viertel, 2 Sei\u00dfen, 1 Schirrahm, 1 Windel oder Wollratt, 1 Tonne, 1 lehren Emmer, 1 Soldtfa\u00df, 1 Holzstuhl, 1 schlep Brake, noch eine Brake, 1 Dringtrog, 1 grosse Kiste, 1 Trepe, 1 schirlen Hahler, 1 Kr\u00fcbbestohl, 1 alten Disch, 3 Flegels, 1 zu Machte Bettstelle mit dem Bede, 2 alte Bede, 1 Tehrfa\u00df, 1 Kn\u00f6pfe und Blecken Seye, 6 Beckens, 1 Mehltonne, 1 Schlefs, 4 Lepels, 4 K\u00f6pken, 10 V\u00e4tte, 1 Tranpulle, 1 Exte, 1 Egdtschliehe, 2 Egden, 2 j\u00e4hrige Ferckens.\u201c<\/p>\n\n\n\n<h3 class=\"wp-block-heading\">Auszug Ev. Kirchenb\u00fccher Bramsche<\/h3>\n\n\n\n<p>In der Eintragung zu <strong>Johann Friedrich B\u00fcning<\/strong>, Guts- und M\u00fchlenp\u00e4chter auf Gut S\u00f6geln, geboren in Arenshorst bei Ostercappeln, hei\u00dft es: \u201eSie haben von September vorigen Jahres (1812) bis zum heutigen Tage als Eheleute miteinander gelebt, ohne copuliert zu seyn. Die Kopulation wurde wegen eines Streites mit dem dortigen Maire (Ostercappeln) nicht vollzogen. Der Br\u00e4utigam kam nun nach S\u00f6geln und gab vor, copuliert zu seyn. Diese Sache wurde aber entdeckt und ich ging hin, wegen eines solchen Skandals und Ansto\u00dfes Vorstellungen zu machen. Es gelang und am 4.3.1813 wurde die Copulation<\/p>\n\n\n\n<p>in hiesiger Kirche vollzogen\u201c. Am 4.3.1813 heiratete er in Bramsche,Dorothea Sophia Margaretha Knust, geb\u00fcrtig aus Eldagsen im Hannoverschen, deren Bruder zu dieser Zeit F\u00f6rster in Malgarten war.<\/p>\n<\/div>\n\n\n\n<div class=\"wp-block-column is-layout-flow wp-block-column-is-layout-flow\" style=\"flex-basis:25%\"><\/div>\n<\/div>\n\n\n\n<div class=\"wp-block-columns is-layout-flex wp-container-core-columns-is-layout-9d6595d7 wp-block-columns-is-layout-flex\">\n<div class=\"wp-block-column is-layout-flow wp-block-column-is-layout-flow\" style=\"flex-basis:25%\">\n<h3 class=\"wp-block-heading\">Einige Weblinks:<\/h3>\n\n\n\n<p><a href=\"http:\/\/www.ancestry.de\/\">ancestry.de:<\/a> Eine umfangreiche Seite f\u00fcr Ahnenforschung. Man kann sich (gegen Geb\u00fchr) registrieren und hat dann Zugriff auf viele interessante Datenbanken (Auswandererlisten, Passagierlisten, US-Volksz\u00e4hlungen, Telefonb\u00fccher, &#8230;)<\/p>\n\n\n\n<p><a href=\"http:\/\/forum.transoceanic-emigration.net\/\">Forum \u00dcberseeische Auswanderung:<\/a> Ein sehr gut besuchtes Forum \u00fcber Auswanderer. Viele, viele Beitr\u00e4ge, eine wahre Fundgrube.<\/p>\n\n\n\n<p><a href=\"http:\/\/www.ellisisland.org\/\">Ellis Island:<\/a> Informationsseite \u00fcber die Einwanderung in die U.S.A. ab dem Jahr 1892, in dem Ellis Island er\u00f6ffnet wurde. Man kann dort auch in einer Datenbank Daten suchen.<\/p>\n\n\n\n<p><a href=\"http:\/\/www.castlegarden.org\/\">Castle Garden:<\/a> Datenbank mit Einwanderern in die U.S.A. 1820 &#8211; 1892. Hier kamen die Immigranten an, bevor es Ellis Island gab.<\/p>\n\n\n\n<p><a href=\"http:\/\/www.theshipslist.com\/\">The Ships List:<\/a> eine riesige Menge \u00fcber Auswandererschiffe, Passagierlisten, Schiffe allgemein.<\/p>\n\n\n\n<p><a href=\"http:\/\/home.att.net\/%7Ewee-monster\/\">German Roots, German Genealogy:<\/a> Eine amerikanische Seite \u00fcber deutsche Genealogie-Quellen. Sehr, sehr umfangreich.<\/p>\n\n\n\n<p><a href=\"http:\/\/www.findagrave.com\/\">Find a grave:<\/a> Millionen Gr\u00e4ber mit ihren Daten online. Hier fand ich die komplette Lebensgeschichte einer Vorfahrin in den U.S.A. und ihrer Familie.<\/p>\n\n\n\n<p><a href=\"http:\/\/usgenweb.org\/index.shtml\">USGen Web Project:<\/a> Eine riesige Link- und Infosammlung, unterteilt nach Bundessstaaten. Hier die Seite mit einer Einf\u00fchrung in di Ahnenforschung in den USA.<\/p>\n\n\n\n<p><a href=\"http:\/\/www.census-online.us\/\">Census Online:<\/a> Datenbank mit Volksz\u00e4hlungsdaten aus den U.S.A.<\/p>\n\n\n\n<p><a href=\"http:\/\/www.passagierlisten.de\/\">Bremer Passagierlisten:<\/a> Auf der Internetseite des Bremer Ahnenforschervereins &#8222;Die Maus&#8220;.<\/p>\n\n\n\n<p><a href=\"http:\/\/werften.fischtown.de\/archiv\/auswanderung1.html\">Auswandererhafen Bremerhaven:<\/a> Ende des 19. Jahrhunderts hatten Bremen und Bremerhaven sich zum bedeutendsten europ\u00e4ischen Auswanderungshafen entwickelt.<\/p>\n\n\n\n<p><a href=\"http:\/\/www.archive.nrw.de\/LandesarchivNRW\/abteilungWestfalen\/BilderKartenLogosDateien\/Auswanderer.pdf\">Genealogie im Staatsarchiv:<\/a> Quellen zu Auswanderern aus Westfalen (pdf)<\/p>\n<\/div>\n\n\n\n<div class=\"wp-block-column is-layout-flow wp-block-column-is-layout-flow\" style=\"flex-basis:50%\">\n<h2 class=\"wp-block-heading\" id=\"-Auswanderer\">Auswanderer<\/h2>\n\n\n\n<h3 class=\"wp-block-heading\">Staatsarchiv Osnabr\u00fcck:<\/h3>\n\n\n\n<p>Rep 335 Nr. 776 Bd. 1 \u2013 2 &#8211; Erteilung von Auswanderungskonsensen, 1843 \u2013 1844, Enth\u00e4lt u.a.: Bescheinigung \u00fcber die Freisprechung vom Milit\u00e4rdienst: Hermann Heinrich Kamlage, S\u00f6geln (1828).<\/p>\n\n\n\n<p>Rep 335 Nr. 763 &#8211; Helmich, Hermann Heinrich, S\u00f6geln, Eltern (+), ausgewandert 1824 nach Holland.<\/p>\n\n\n\n<p>Rep 335 Nr. 776 &#8211; Kamlage, Hermann Heinrich, geb. 1807, S\u00f6geln, H\u00e4usling, ausgewandert 1843 nach Damme (Oldenburg).<\/p>\n\n\n\n<p>Rep 335 Nr. 777 &#8211; Wermert, Johann Heinrich, geb. 1815, S\u00f6geln, Schuhmacher, ausgewandert 1845 nach Bremen.<\/p>\n\n\n\n<p>Rep 335 Nr. 778 &#8211; Elbring, Wilbrand, geb. 1819, Elt.: Hermann Rudolph Elbring, und Catharine Maria geb. Sandmann, Heuerling in S\u00f6geln, ausgewandert 1846 nach Hamburg.<\/p>\n\n\n\n<p>Rep 335 Nr. 783 &#8211; Knostmann, Carl August Heinrich, geb. 13.01.1831, Elt.: Knostmann, Johann Heinrich, Schmied sp\u00e4ter Heuerling in S\u00f6geln Nr.4, und Catharine Marie, geb. B\u00fchrmann. Konsens nicht erteilt. Der Gro\u00dfvater Knostmann war aus Hesepe. Knostmann ist schon vor 3 Jahren ausgewandert und ist einziger Sohn.<\/p>\n\n\n\n<p>Rep 335 Nr. 786 &#8211; Buddemeyer, Johann Heinrich Diedrich, geb. 12.05.1834, S\u00f6geln, Elt.: Buddemeyer, Hermann Heinrich, und Catherine Maria Elisabeth geb. Borcherding, S\u00f6geln jetzt Hesepe, und sein Bruder Hermann Ludwig geb. 10.11.1836, ausgewandert nach Nordamerika. Ist bereits 1850 nach Amerika ausgewandert (nach Kirchenb\u00fccher 1854). Zwei Br\u00fcder und eine Schwester leben in Amerika. Konsens am 23.06.1854 nicht erteilt. Die Geschwister Johanne Christine Maria, geb. 9.8.1825, Johann Heinrich, geb. 13.3.1827, und Joseph Friedrich, geb. 18.4.1829, sind 1848 nach USA ausgewandert (Kirchenb\u00fccher).<\/p>\n\n\n\n<p>Rep 335 Nr. 786 &#8211; Buddemeyer, Hermann Ludwig, geb. 10.11.1836, Elt.: Buddemeyer, Hermann Heinrich, Heuerling in S\u00f6geln, und Marie Elisabeth, geb. Borcherding, S\u00f6geln jetzt Hesepe, ausgewandert 1854 nach Nordamerika. Drei Br\u00fcder und eine Schwester leben in Amerika. Ein Bruder hat sich der Milit\u00e4rpflicht entzogen.<\/p>\n\n\n\n<p>Rep 335 Nr. 787 &#8211; Dallmann, Johann Heinrich Ernst, geb. 24.10.1834, S\u00f6geln, Zimmerer, Elt.: Dallmann, Gerhard, Heuerling, Zimmermann und Drechsler, und Maria Adelheit geb. Schmidt, S\u00f6geln, ausgewandert nach Cincinnati. Hat sich ein Wanderbuch f\u00fcr Bremen und Bremerhaven ausstellen lassen, ist aber nach Amerika gereist. Ist der einzige Sohn. Er m\u00fc\u00dfte jetzt seiner Milit\u00e4rpflicht gen\u00fcgen. Die Ausstellung wurde abgelehnt, jedoch die Aufrufung zur Losung den Dallmann durch das Konsulat in Cincinnati ausgeh\u00e4ndigt.<\/p>\n\n\n\n<p>Rep 335 Nr. 791 &#8211; Rennecker, Hermann Heinrich, geb. 1838, S\u00f6geln, mit Eltern ausgewandert 1859 nach Nordamerika.<\/p>\n\n\n\n<p>Rep 335 Nr. 791 &#8211; Hermsen, Bernhard Heinrich, geb. 1836, S\u00f6geln, mit Bruder Gerhard Hermann, geb. 1836. Konsense nicht erteilt.<\/p>\n\n\n\n<p>Rep 335 Nr. 796 &#8211; Winklar, Rudolph Heinrich, geb. 04.03.1840, S\u00f6geln, ausgewandert 1865 nach Amerika.<\/p>\n\n\n\n<p>Rep 335 Nr. 797, Rep 350 Bers Nr. 888 &#8211; Henke, Franz Hermann, geb. 27.08.1842, Maurer, Elt.: Johann Heinrich Henke und Catherine Maria Elisabeth geb. Hackmann, Heuermann in S\u00f6geln Nr.3, ausgewandert 1866 nach Cincinnati.<\/p>\n\n\n\n<p>Rep 335 Nr. 797, Rep 350 Bers Nr. 901 &#8211; Krop, Hermann Heinrich, geb. 10.07.1847, S\u00f6geln, unehelich, Elt.: Krop, Hermann Heinrich, senior, Tuchmacher und Freudenberg, Anna Maria, S\u00f6geln, ausgewandert 1866 nach Amerika.<\/p>\n\n\n\n<p>Rep 335 Nr. 797, Rep 350 Bers Nr. 901, Rep 350 Bers Nr. 888 &#8211; Schwankhaus, Johann Diedrich, geb. 25.02.1848, Elt.: Schwankhaus, Johann Heinrich, Heuerling, und Regine Elisabeth, geb. Freudenberg, S\u00f6geln, ausgewandert 1866 nach St. Louis.<\/p>\n\n\n\n<p>Rep 335 Nr. 797, Rep 350 Bers Nr. 888, Rep 350 Bers Nr. 901, Rep 350 Bers Nr. 902 &#8211; Rahe, Hermann Heinrich Rudolph, geb. 01.10.1842, Knecht, Elt.: Rahe, Johann Christian und Maria Elisabeth, geb. Sandmann, Heuerling in S\u00f6geln Nr.2, ausgewandert 1866 nach Cincinnati.<\/p>\n\n\n\n<p>Rep 350 Bers Nr. 902, Rep 335 Nr. 800, Rep 350 Bers Nr. 888 &#8211; Rahe, Philipp Ernst August, geb. 01.10.1842, Elt.: Rahe, Johann Christian und Maria Elisabeth, geb. Sandmann, S\u00f6geln, Zwillingsbruder von Hermann Heinrich Rudolph ist mit den Br\u00fcdern Hermann Diedrich, geb. 13.05.1849, und Hermann Heinrich, geb. 28.02.1840, 1867 nach Nordamerika ausgewandert. Der vor 8 Monaten ausgewanderte Bruder hatte 70 Reichstaler Reisegeld geschickt.<\/p>\n\n\n\n<p>Rep 335 Nr. 798, Rep 350 Bers Nr. 901, Rep 350 Bers Nr. 888 &#8211; Brinkmann, Rudolph Friedrich August, geb. 24.12.1847, Elt.: Brinkmann, Johann Bernhard Friedrich, Hofbesitzer, und Anna Maria, geb. vor der Br\u00fcggen, S\u00f6geln, ausgewandert 1866 nach Baltimore mit 40 Reichstaler. Die Schwester Katherine Maria Lisette, geb. 2.10.1845, ist 1867 nach USA ausgewandert (Kirchenb\u00fccher).<\/p>\n\n\n\n<p>Rep 335 Nr. 799 &#8211; Niemann, Heinrich Rudolph, geb. 09.06.1848, Elt.: Niemann, Diedrich Hermann, Heuerling, und Anna Maria geb. K\u00fchl, S\u00f6geln, wollte nach Amerika. Konsens wurde nicht erteilt, da er noch milit\u00e4rpflichtig ist.<\/p>\n\n\n\n<p>Rep 335 Nr. 804, Rep 350 Bers Nr. 903, Rep 350 Bers Nr. 1010 &#8211; Auf dem Thy, Johann Rudolph, geb. 22.04.1846, Elt.: Auf dem Thy, Johann Rudolph, senior, Heuerling und Schenkwirt in S\u00f6geln Nr.4 (Gerdings Leibzucht) und Ehefrau Anna Maria Adelheit, geb. Auf der Heide, S\u00f6geln, mit Schwestern Anna Maria Elisabeth, geb. 21.05.1831, und Margarethe Maria Caroline, geb. 23.11.1840, und Halbbruder Hermann Heinrich Willbrand, geb. 18.04.1856 in Achmer, ausgewandert 1868 nach Nordamerika.<\/p>\n\n\n\n<p>Rep 335 Nr. 804, Rep 350 Bers Nr. 903 &#8211; Pilgrim, Johann Heinrich, geb. 04.10.1852, S\u00f6geln, Elt.: Pilgrim, Johann Heinrich, senior, Schuhmacher, und Cathrine Margrethe, geb. Voges, Rieste, mit Eltern und Bruder Hermann Friedrich, geb. 28.02.1865, und Schwestern Anne Cathrine, geb. 11.09.1858, und Wilhelmine Amalie, geb. 05.11.1861, ganze Familie, ausgewandert 1868 nach Nordamerika.<\/p>\n\n\n\n<p>Rep 335 Nr. 805, Rep 350 Bers Nr. 903 &#8211; Lindemann, Hermann Ludwig, geb. 03.11.1851, S\u00f6geln, Elt.: Lindemann, Margarethe, S\u00f6geln und Voigt, Conrad Rudolph, S\u00f6geln ausgewandert 1868 nach Nordamerika. Conrad Voigt hat am 20.06.1852 die Vaterschaft anerkannt.<\/p>\n\n\n\n<p>Rep 335 Nr. 6016 &#8211; Schroeder II, Heinrich Friedrich, geb. 1845, S\u00f6geln, Schmied. Ohne Konsens vor dem 05.12.1866 ausgewandert.<\/p>\n\n\n\n<p>Rep 350 Bers Nr. 888 &#8211; Hollmann, S\u00f6geln , ausgewandert 1867 nach Amerika.<\/p>\n\n\n\n<p>Rep 350 Bers Nr. 888 &#8211; Rahe, J., S\u00f6geln, ausgewandert 1867 nach Amerika.<\/p>\n\n\n\n<p>Rep 350 Bers Nr. 888 &#8211; Zur Deveste (Zur Oeveste), Anna Regine Adelheit, geb. 19.8.1848 in Rieste, Elt.: Johann Heinrich, Heuermann in Rieste Nr. 46 und S\u00f6geln Nr. 10 (K\u00fchls Leibzucht), und Catherine Maria geb. Niemann, ausgewandert 1866 nach St. Louis.<\/p>\n\n\n\n<p>Rep 350 Bers Nr. 888 &#8211; Schl\u00fcter, Johanne, S\u00f6geln, ausgewandert 1868 nach Amerika. Dabei handelt es sich offenbar um Johanne Katharine Maria Schl\u00fcter, geb. 30.3.1845, Elt.: Friedrich Wilhelm Schl\u00fcter, Heuermann in Nieders\u00f6geln, und Maria Christine Margarethe geb. Schneider, die nach den Kirchenb\u00fcchern bereits 1866 ausgewandert sein soll.<\/p>\n\n\n\n<p>Rep 350 Bers Nr. 888 &#8211; Rake, S\u00f6geln, ausgewandert 1868 nach Amerika.<\/p>\n\n\n\n<p>Rep 350 Bers Nr. 888 &#8211; Knopp, Herm Heinrich, S\u00f6geln, Ackermann, ausgewandert 1866 nach St. Louis.<\/p>\n\n\n\n<p>Rep 350 Bers Nr. 888 &#8211; Niendieck, Anna, S\u00f6geln, ausgewandert 1867 nach Amerika.<\/p>\n\n\n\n<p>Rep 350 Bers Nr. 888 &#8211; Winkler, Rud. Heinrich, geb. 04.03.1840, Ackermann, Elt.: Heinrich Ludwig Winkler, Neubauer und Feldh\u00fcter in S\u00f6geln, und Catherine Maria Adelheit geb. K\u00f6hler, ausgewandert 1865 nach Cincinnati.<\/p>\n\n\n\n<p>Rep 350 Bers Nr. 888 &#8211; Brinckmann, Lisette, S\u00f6geln, ausgewandert 1867 nach Amerika.<\/p>\n\n\n\n<p>Rep 350 Bers Nr. 901 &#8211; Gerding, Johann Bernhard Friedrich, geb. 19.02.1836, Elt.: Gerding geb. M\u00f6ller, Johann Heinrich, Hofbesitzer in S\u00f6geln Nr.4 und Anna Marie Elisabeth, geb. Fegesack, S\u00f6geln, ausgewandert 1866 nach Amerika.<\/p>\n\n\n\n<p>Rep 350 Bers Nr. 902 Gerding, Johann Bernhard Friedrich, S\u00f6geln, 27 Jahre, ausgewandert nach Bremen. Mitteilung der Pol.-Dir. Bremen an das Amt V\u00f6rden vom 20.06.1867.<\/p>\n\n\n\n<p>Rep 350 Bers Nr. 901 &#8211; Niemann, Heinrich Rudolph, geb. 09.06.1848, Elt.: Niemann, Diedrich Hermann, Heuerling und Anne Maria, geb. K\u00fchl, S\u00f6geln, will nach Nordamerika. Laut Reskript vom 13.11.1866 kann Konsens erst erteilt werden, wenn das im Ausschreiben vom 07.11.1866 vorgeschriebene Zeugnis beigebracht ist.<\/p>\n\n\n\n<p>Rep 350 Bers Nr. 901 &#8211; Kotte, Herm Heinr. Rudolf, S\u00f6geln, geb. 01.10.1842, ausgewandert 1866 nach Amerika.<\/p>\n\n\n\n<p>Rep 350 Bers Nr. 902 &#8211; Schwalenberg, Hermann Rudoph, geb. 15.06.1847, Elt.: Schwalenberg, Anton Gerhard, Heuerling und Maurer, und Schwalenberg, Margrethe Elisabeth, geb. Schneithorst, S\u00f6geln, ist mit Eltern und Geschwister, (Familie von 7 Personen) 1867 nach Nordamerika ausgewandert.<\/p>\n\n\n\n<p>Rep 350 Bers Nr. 903 &#8211; Auf dem Thy, Hermann Heinrich Wilbrand, S\u00f6geln, geb. 18.04.1856, Elt.: Auf dem Thy, Johann Rudolph, Heuerling und Anna Maria, geb. Auf der Heide, S\u00f6geln, ausgewandert 1868 nach Nordamerika.<\/p>\n<\/div>\n\n\n\n<div class=\"wp-block-column is-layout-flow wp-block-column-is-layout-flow\" style=\"flex-basis:25%\">\n<h3 class=\"wp-block-heading\">Auswanderer bei Castle Garden:<\/h3>\n\n\n\n<p><a href=\"http:\/\/www.castlegarden.org\/search_02.php?m_ship=&amp;po_port=&amp;p_first_name=&amp;p_last_name=&amp;o_occ=&amp;co_country=&amp;province=&amp;town=soegeln&amp;m_arr_date_start=1820&amp;m_arr_date_end=1913&amp;submit.x=0&amp;submit.y=0\">10 Passagiere aus S\u00f6geln<\/a> zwischen 1820 und 1913 (teilweise andere Schreibweisen)<\/p>\n\n\n\n<h3 class=\"wp-block-heading\">Forum Ahnenforschung.net<\/h3>\n\n\n\n<p><a href=\"http:\/\/forum.ahnenforschung.net\/showthread.php?t=4775&amp;page=12\">F. Meyer aus S\u00f6geln<\/a>, Passagierliste Schiff Ammerland am 20. Sept. 1850 von Bremen nach New York.<\/p>\n\n\n\n<h3 class=\"wp-block-heading\">Oldenburgische Gesellschaft f\u00fcr Familienkunde e.V.<\/h3>\n\n\n\n<p><a href=\"http:\/\/www.auswanderer-oldenburg.de\/getperson.php?personID=I46057&amp;tree=Auswanderer\">Marie Adelheit Johanns<\/a>, ausgewandert um 1845 nach Amsterdam<\/p>\n\n\n\n<p><a href=\"http:\/\/www.auswanderer-oldenburg.de\/getperson.php?personID=I46057&amp;tree=Auswanderer\"><\/a><\/p>\n\n\n\n<h3 class=\"wp-block-heading\">Personen aus S\u00f6geln in den Niederlanden<\/h3>\n\n\n\n<p><strong>Wir bieten umfangreiche <a href=\"https:\/\/familienforschung-tecklenburger-land.de\/index.php?id=991\">Personenlisten zum Herunterladen<\/a> an:<\/strong><\/p>\n\n\n\n<ul class=\"wp-block-list\">\n<li><a href=\"https:\/\/familienforschung-tecklenburger-land.de\/index.php?id=991\"><strong>Personen in niederl\u00e4ndischen Lidmatenregistern<\/strong><\/a>; aus S\u00f6geln z.B. auf der Heyde, Johan Rudolph; Bemaschke, Johan Rudolph; Bipper, Johan Henrich; Bipper, Herman Henrich; Buhrman (B\u00fchrmann), Johan Rudolph; Dallman, Rudolph; Duncker, Johan Ernst; Elbring, Herman Hendrik; Hackman, Johan Henrich; Husman, Johan Dirk; Husman, Herman Henrich; Kroese (Krusse), Herman Joost; Lohmeyer, Johan Henrich; &#8230;<\/li>\n\n\n\n<li><a href=\"https:\/\/familienforschung-tecklenburger-land.de\/index.php?id=991\"><strong>Heiraten in den Niederlanden<\/strong><\/a>; mit Personen aus S\u00f6geln z.B. Brockmann, Hermann Heinrich; Buhrmann, Johann Heinrich; Buhrmann, Rudolph Heinrich; Endebroek (Endebrock), Herman Hendrik; Johanns, Johann Heinrich; Johanns, Margarethe Maria; Johanns, Margarethe Maria; Niemann, Hermann Heinrich; Quebbemann, Frans Heinrich; Rebber, Herman Heinrich; Sandmann, Hermann Philipp; Schr\u00f6der, Hermann Heinrich; &#8230;<\/li>\n<\/ul>\n<\/div>\n<\/div>\n\n\n\n<div class=\"wp-block-columns is-layout-flex wp-container-core-columns-is-layout-9d6595d7 wp-block-columns-is-layout-flex\">\n<div class=\"wp-block-column is-layout-flow wp-block-column-is-layout-flow\" style=\"flex-basis:25%\"><\/div>\n\n\n\n<div class=\"wp-block-column is-layout-flow wp-block-column-is-layout-flow\" style=\"flex-basis:50%\">\n<h2 class=\"wp-block-heading\" id=\"-Karten\">Karten und Pl\u00e4ne<\/h2>\n\n\n\n<h3 class=\"wp-block-heading\">Staatsarchiv Osnabr\u00fcck:<\/h3>\n\n\n\n<p>K 100 Nr. 1 H III Bl. 5 a \u2013 b &#8211; Landesaufnahme des F\u00fcrstbistums Osnabr\u00fcck, III Amt V\u00f6rden, Bl. 5 a-b, Kirchspiel: Bramsche, Feldmark: S\u00f6geln, Ortschaft: S\u00f6geln, Ausf.-Art: Farbige Zeichnung auf Karton, auf Leinen aufgezogen, Herst.: Johann Wilhelm Du Plat, Format: ca. 70 x 110 cm, Ma\u00dfstab: 1 : 3 840, 1784-1790.<\/p>\n\n\n\n<p>K 100 Nr. 2 H Bl. 73 &#8211; Pl\u00e4ne von G\u00fctern und schatzfreien H\u00f6fen mit ihrer Hovesaat. Bl. 73: Haus S\u00f6geln, Bauerschaft S\u00f6geln (Kreis Bersenbr\u00fcck), Ausf.-Art: Farbige Zeichnung, Format: ca 25 \/ 55 x 35 \/ 105 cm, Ma\u00dfstab 1 : 3 840, 1805.<\/p>\n\n\n\n<p>K 21 S\u00f6geln Nr. 2 H &#8211; &#8222;Situationsplan des Gutes S\u00f6geln.&#8220; 2. H\u00e4lfte 19 Jh., Ausf.-Art: Farbige Zeichnung, Format: 65 x 53 cm, Ma\u00dfstab: 1 : 560.<\/p>\n\n\n\n<p>K 22 S\u00f6geln Nr. 5 H &#8211; &#8222;Grundriss der Reichs-Freiherrlichen G\u00fcter S\u00f6geln und Rotenburg.&#8220; Guts- und Wirtschaftsgeb\u00e4ude, von S\u00f6geln die Wassergr\u00e4ben mit Zu- und Abfluss. Die zu den G\u00fctern geh\u00f6rige Hofesaat nach Acker, Wald und Wiese unterschieden. Ausf.-Art: Farbige Zeichnung auf Leinen gezogen, Herst.: Carl Knust, Format: 42 x 67 cm, Ma\u00dfstab: ca. 1 : 2100, 1807.<\/p>\n\n\n\n<p>K 22 S\u00f6geln Nr. 6 H &#8211; &#8222;Karte von den s\u00e4mtlichen Gr\u00fcnden des Kolon Buchtmann zu S\u00f6geln.&#8220; Hofgeb\u00e4ude und die einzeln liegenden Parzellen. Namen der angrenzenden Besitzer. Ausf.-Art: Farbige Zeichnung, Herst.: H.H. Sanders-Meyer, Format: 52 x 82 cm, Ma\u00dfstab: ca. 1 : 1900, 1826.<\/p>\n\n\n\n<p>K 22 S\u00f6geln Nr. 7 H &#8211; &#8222;Karte von Gro\u00dfe Husmanns Kolonat zu S\u00f6geln.&#8220; Der Hof und 20 einzelne Parzellen. Namen der angrenzenden Besitzer. Ausf.-Art: Farbige Zeichnung, Herst.: H.H. Sanders Meyer, Format: 52 x 78 cm, Ma\u00dfstab: ca. 1 : 1900, 1826.<\/p>\n\n\n\n<p>K 22 S\u00f6geln Nr. 10 H &#8211; &#8222;Plan der Umgegend des Landgutes S\u00f6geln.&#8220; Mitte 19. Jh. Die Bauerschaft S\u00f6geln, Lage des Guts S\u00f6geln, Kloster Malgarten, sowie Teile der Bauerschaften Rieste, Epe, Bramsche und Hesepe. Wege, Gew\u00e4sser, Parzellen, Geb\u00e4ude. Ausf.-Art: Farbige Zeichnung auf Leinen gezogen, Format: 65 x 76 cm, Ma\u00dfstab: 1 : 10166.<\/p>\n\n\n\n<p>K 22 S\u00f6geln Nr. 18 H &#8211; &#8222;Grundriss derer &#8230; G\u00fcter Soegeln und Rothenburg&#8220; mit umliegenden L\u00e4ndereien, Ausf.-Art: Farbige Zeichnung auf Leinen gezogen, Herst.: Carl Friedrich Lemann, Format: 39 x 64 cm, Ma\u00dfstab: ca. 1 : 2000, 1774.<\/p>\n\n\n\n<p>K Akz. 2006\/031 Nr. 120 H &#8211; Lageplan der G\u00fcter mit Angaben zu Wiesen, \u00c4ckern, Holz- und Heidebezirken und Kolonaten. Ausf.-Art: Farbige Handzeichnung auf Karton auf Japanpapier kaschiert, Format: 36,6 x 32 cm, Ma\u00dfstab: 1:750, 1841.<\/p>\n\n\n\n<p>K Akz. 40\/1995 Nr. 620 H &#8211; Karte \u00fcber die Teilung der S\u00f6gelner Mark. Ausf.-Art: Farbige Handzeichnung auf Papier, auf Leinen aufgezogen und mit Leinen ger\u00e4ndelt, Hersteller: Feldmesser A. Hildebrand, kopiert durch Eichhorn, attestiert durch Geometer Siekmann, Format: 124 x 126,5 cm, besteht aus den Teilkarten a \u2013 b, Ma\u00dfstab: 1 : 2500, (1820).<\/p>\n<\/div>\n\n\n\n<div class=\"wp-block-column is-layout-flow wp-block-column-is-layout-flow\" style=\"flex-basis:25%\">\n<h3 class=\"wp-block-heading\">Im Internet:<\/h3>\n\n\n\n<p><a href=\"http:\/\/www.lgn.niedersachsen.de\/portal\/live.php?navigation_id=11004&amp;_psmand=35\">Landesvermessung und Geobasisinformation<\/a><br><br><a href=\"http:\/\/www.niedersachsennavigator.niedersachsen.de\/cgi-bin\/lgnshop\/viewer.pl?src=lgn\">Kartenshop<\/a><\/p>\n<\/div>\n<\/div>\n\n\n\n<div class=\"wp-block-columns is-layout-flex wp-container-core-columns-is-layout-9d6595d7 wp-block-columns-is-layout-flex\">\n<div class=\"wp-block-column is-layout-flow wp-block-column-is-layout-flow\" style=\"flex-basis:25%\"><\/div>\n\n\n\n<div class=\"wp-block-column is-layout-flow wp-block-column-is-layout-flow\" style=\"flex-basis:50%\">\n<h2 class=\"wp-block-heading\" id=\"-Literatur\">Literatur<\/h2>\n\n\n\n<p>Gregory, Lisa, von: Dorfchronik S\u00f6geln 1240\u20132000. Ankum 2000.<\/p>\n\n\n\n<p>Michaelis, Sonja: Haus S\u00f6geln.Ein Beitrag zur Erforschung der Rittersitze im F\u00fcrstentum Osnabr\u00fcck, Landkreis Osnabr\u00fcck, Band 13, ISBN-Nr. 3-9808014-1-1<\/p>\n\n\n\n<p>Dobelmann, Werner: Haus S\u00f6geln bei Bramsche. Ein alter Rittersitz im Wandel der Jahrhunderte, in: Am heimatlichen Herd \u2013 Heimatblatt (1950), Nr. 9 vom 15. Dezember 1950.<\/p>\n\n\n\n<p>Dobelmann, Werner: Die gemeine Mark in S\u00f6geln, in: Am heimatlichen Herd \u2013 Heimatblatt 6 (1955), Nr. 11 (Oktober 1955).<\/p>\n\n\n\n<h3 class=\"wp-block-heading\">Heimatjahrbuch Osnabr\u00fcck Stadt und Land<\/h3>\n\n\n\n<p>1973: Das S\u00f6gelner &#8222;Vlotwerk&#8220;. Von Werner Dobelmann (S. 84)<\/p>\n\n\n\n<h3 class=\"wp-block-heading\">Heimatkalender f\u00fcr den Kreis Bersenbr\u00fcck<\/h3>\n\n\n\n<p><strong>1952:<\/strong> Der tolle Hammerstein auf Gut S\u00f6geln. S. 103<\/p>\n<\/div>\n\n\n\n<div class=\"wp-block-column is-layout-flow wp-block-column-is-layout-flow\" style=\"flex-basis:25%\">\n<h3 class=\"wp-block-heading\">In: Heimatjahrbuch Osnabr\u00fccker Land<\/h3>\n\n\n\n<p><strong>1996:<\/strong> Schmied Winkelmann (Lisa von Gregory), S. 225<\/p>\n\n\n\n<p><strong>1999:<\/strong> Ein Musterlandwirt &#8211; Heinrich L\u00fcbke-Bockweg (Lisa von Gregory), S. 251<\/p>\n\n\n\n<p><strong>1999:<\/strong> Hermann L\u00fcbke-Bockweg &#8211; der Amerikaner (Lisa von Gregory), S. 252<\/p>\n\n\n\n<p><strong>2013:<\/strong> Vor 100 Jahren &#8211; Gedenkfeiern zur V\u00f6lkerschlacht bei Leipzig im Raum Bramsche (Walter Brockmann), S. 82)<\/p>\n\n\n\n<figure class=\"wp-block-image\"><img decoding=\"async\" src=\"https:\/\/familienforschung-tecklenburger-land.de\/files\/Tecklenburger-Familienforschung\/OSNABRUECK\/Soegeln\/Gosmann-Bild70.jpg\" alt=\"\"\/><\/figure>\n<\/div>\n<\/div>\n\n\n\n<div class=\"wp-block-columns is-layout-flex wp-container-core-columns-is-layout-9d6595d7 wp-block-columns-is-layout-flex\">\n<div class=\"wp-block-column is-layout-flow wp-block-column-is-layout-flow\" style=\"flex-basis:25%\"><\/div>\n\n\n\n<div class=\"wp-block-column is-layout-flow wp-block-column-is-layout-flow\" style=\"flex-basis:50%\">\n<h2 class=\"wp-block-heading\" id=\"-Suchanfragen\">Suchanfragen<\/h2>\n\n\n\n<h3 class=\"wp-block-heading\">M\u00f6chten Sie auch eine Anfrage ver\u00f6ffentlichen?<\/h3>\n\n\n\n<p class=\"has-small-font-size\"><strong>Wenn jemand genealogische Kontakte kn\u00fcpfen m\u00f6chte oder Hilfe bei einem schwierigen Fall ben\u00f6tigt, ver\u00f6ffentlichen wir hier gern eine Anfrage.<\/strong><\/p>\n\n\n\n<p class=\"has-small-font-size\">Hier k\u00f6nnen Sie uns Ihre Suchanfrage \u00fcbermitteln:<\/p>\n\n\n\n<p class=\"has-small-font-size\">Sie k\u00f6nnen uns eine E-Mail mit Ihrer Suchanfrage schicken: <a href=\"mailto:admin@te-gen.de\">admin@te-gen.de<\/a> Bitte tragen Sie in die Mail ein, nach welchen Personen oder Namen Sie suchen, in welchem Ort Sie suchen, wenn Sie m\u00f6chten, Ihren Namen, welche Daten (Geburt, Heirat, Tod, andere) Ihnen vorliegen. Wenigstens ein Zeitraum w\u00e4re gut. Wir werden Ihre Anfrage dann an dieser Stelle ver\u00f6ffentlichen. Bitte beachten Sie, dass dies einige Tage dauern kann. Ihre Anfrage wird automatisch auch an unsere Mailingliste weitergeleitet.<\/p>\n<\/div>\n\n\n\n<div class=\"wp-block-column is-layout-flow wp-block-column-is-layout-flow\" style=\"flex-basis:25%\"><\/div>\n<\/div>\n","protected":false},"excerpt":{"rendered":"<p>Die Seiten \u00fcber S\u00f6geln wurden zusammengestellt von Heinrich Gosmann. Weiteres vor Ort: Heimatverein S\u00f6geln e.V.Wittefeldweg 1649565 Bramsche-S\u00f6gelnTelefon. 05461 \/ 3786 Ausfl\u00fcge in die Geschichte: Gut S\u00f6geln Bauerrichter: 1590 Heinrich Brinkmann1597 Gerd Sandman1687 Ratike Sandman1717 L\u00fcbbecke Buirmann1801 Johann B\u00fchrmann1802 Hackmann1804 Wonning1805 B\u00fchrmann im Esch1806 K\u00fchl1807 Schwankhaus1808 Gerding1809 Elbring1810 Winterspecke1811 Verwalter Vogt f\u00fcr Thyeberend St\u00e4tte1812 Brinkmann1813 Kamlage1814&#8230;<\/p>\n","protected":false},"author":4,"featured_media":0,"parent":0,"menu_order":64,"comment_status":"closed","ping_status":"closed","template":"","meta":{"_coblocks_attr":"","_coblocks_dimensions":"","_coblocks_responsive_height":"","_coblocks_accordion_ie_support":"","footnotes":""},"class_list":["post-374","page","type-page","status-publish","hentry"],"_links":{"self":[{"href":"https:\/\/familienforschung-tecklenburger-land.de\/index.php?rest_route=\/wp\/v2\/pages\/374","targetHints":{"allow":["GET"]}}],"collection":[{"href":"https:\/\/familienforschung-tecklenburger-land.de\/index.php?rest_route=\/wp\/v2\/pages"}],"about":[{"href":"https:\/\/familienforschung-tecklenburger-land.de\/index.php?rest_route=\/wp\/v2\/types\/page"}],"author":[{"embeddable":true,"href":"https:\/\/familienforschung-tecklenburger-land.de\/index.php?rest_route=\/wp\/v2\/users\/4"}],"replies":[{"embeddable":true,"href":"https:\/\/familienforschung-tecklenburger-land.de\/index.php?rest_route=%2Fwp%2Fv2%2Fcomments&post=374"}],"version-history":[{"count":4,"href":"https:\/\/familienforschung-tecklenburger-land.de\/index.php?rest_route=\/wp\/v2\/pages\/374\/revisions"}],"predecessor-version":[{"id":2703,"href":"https:\/\/familienforschung-tecklenburger-land.de\/index.php?rest_route=\/wp\/v2\/pages\/374\/revisions\/2703"}],"wp:attachment":[{"href":"https:\/\/familienforschung-tecklenburger-land.de\/index.php?rest_route=%2Fwp%2Fv2%2Fmedia&parent=374"}],"curies":[{"name":"wp","href":"https:\/\/api.w.org\/{rel}","templated":true}]}}