{"id":356,"date":"2023-02-26T19:04:46","date_gmt":"2023-02-26T18:04:46","guid":{"rendered":"https:\/\/familienforschung-tecklenburger-land.de\/?page_id=356"},"modified":"2023-08-04T08:34:41","modified_gmt":"2023-08-04T07:34:41","slug":"epe","status":"publish","type":"page","link":"https:\/\/familienforschung-tecklenburger-land.de\/?page_id=356","title":{"rendered":"Epe"},"content":{"rendered":"\n<div class=\"wp-block-columns is-layout-flex wp-container-core-columns-is-layout-9d6595d7 wp-block-columns-is-layout-flex\">\n<div class=\"wp-block-column is-layout-flow wp-block-column-is-layout-flow\" style=\"flex-basis:25%\">\n<h3 class=\"wp-block-heading\">Ausfl\u00fcge in die Geschichte:<\/h3>\n\n\n\n<p class=\"has-small-font-size\"><a href=\"http:\/\/www.osnabruecker-land.de\/staticsite\/staticsite.php?menuid=32&amp;topmenu=3\">Kloster Malgarten<\/a><\/p>\n\n\n\n<p class=\"has-small-font-size\"><strong>Die Seiten \u00fcber Epe wurden zusammengestellt von Heinrich Gosmann.<\/strong><\/p>\n\n\n\n<p><img loading=\"lazy\" decoding=\"async\" src=\"https:\/\/familienforschung-tecklenburger-land.de\/files\/Tecklenburger-Familienforschung\/OSNABRUECK\/Epe\/111Bild26.jpg\" alt=\"\" width=\"230\" height=\"277\"><\/p>\n\n\n\n<p class=\"has-small-font-size\">Kloster Malgarten (Bild: Wikicommons, Sail over)<\/p>\n<\/div>\n\n\n\n<div class=\"wp-block-column is-layout-flow wp-block-column-is-layout-flow\" style=\"flex-basis:50%\">\n<h2 class=\"wp-block-heading\" id=\"Epe-Geschichte\">Zur Geschichte<\/h2>\n\n\n\n<p class=\"has-small-font-size\">Der Name scheint abgeleitet von &#8222;apa&#8220;, was soviel wie Wasser bedeutet. Die Gemarkung Epe hat eine Gr\u00f6\u00dfe von etwa 1.450 ha und ist heute wie fr\u00fcher landwirtschaftlich gepr\u00e4gt. Von insgesamt 41 landwirtschaftlichen Betrieben waren 1987: 17 Vollerwerbslandwirte, 7 Nebenerwerbslandwirte und 17 Zuerwerbslandwirte. Epe ist Wohnsiedlungsgebiet der Stadt Bramsche und arm an Gewerbebetrieben.<\/p>\n\n\n\n<p class=\"has-small-font-size\"><strong>ca. 1500 v.Chr. &#8211; 1884<\/strong> und 1909 werden im Vallenmoor vorbronzezeitliche Holzschwerter gefunden. Beide Funde sind leider verschollen.<\/p>\n\n\n\n<p class=\"has-small-font-size\"><strong>Um Chr. Geburt<\/strong> &#8211; Nach arch\u00e4ologischen Grabungen war der Klo\u00adsterbereich Malgarten zu dieser Zeit bereits besiedelt.<\/p>\n\n\n\n<p class=\"has-small-font-size\"><strong>1194<\/strong> brennt das 1175 von Graf Simon von Tecklenburg und seiner Mutter Eilika in Essen (Oldb.) gegr\u00fcndete Benediktinerinnenkloster ab. Daraufhin verlegt der Graf das Kloster auf seine Burg Malgarten.<\/p>\n\n\n\n<p class=\"has-small-font-size\"><strong>1188-1209<\/strong> &#8211; Eine undatierte Urkunde erw\u00e4hnt erstmals Malgarten.<\/p>\n\n\n\n<p class=\"has-small-font-size\"><strong>1223<\/strong> &#8211; Erste Erw\u00e4hnung der Bauerschaft Epe.<\/p>\n\n\n\n<p class=\"has-small-font-size\"><strong>1299<\/strong> &#8211; Erste Erw\u00e4hnung des Ortsteil B\u00fchren. Das Kloster erwirbt f\u00fcr 325 Mark den gr\u00f6\u00dften Teil der Eper H\u00f6fe vom Ritter Johann von Lingen.<\/p>\n\n\n\n<p class=\"has-small-font-size\"><strong>1522<\/strong> &#8211; Erste Erw\u00e4hnung der Klosterm\u00fchle.<\/p>\n\n\n\n<p class=\"has-small-font-size\"><strong>1594<\/strong> &#8211; Erste Erw\u00e4hnung von der Befl\u00f6\u00dfung Eper Wiesen.<\/p>\n\n\n\n<p class=\"has-small-font-size\"><strong>1615<\/strong> &#8211; Einf\u00fchrung des Gregorianischen Kalenders beim Kloster Malgarten.<\/p>\n\n\n\n<p class=\"has-small-font-size\"><strong>28.8.1627<\/strong> &#8211; Drei\u00dfig holl\u00e4ndische Reiter \u00fcberfallen das Kloster und mehrere Eper H\u00f6fe.<\/p>\n\n\n\n<p class=\"has-small-font-size\"><strong>1648<\/strong> &#8211; Die Martinskirche in Bramsche wird den evangelischen, das Kloster Malgarten den kath. Christen zugesprochen. Das Kloster hat jedoch keine Pfarrgerechtigkeit in Epe.<\/p>\n\n\n\n<p class=\"has-small-font-size\"><strong>1657<\/strong> &#8211; Erste Erw\u00e4hnung eines Eper Vogelschie\u00dfens (Sch\u00fctzenfest).<\/p>\n\n\n\n<p class=\"has-small-font-size\"><strong>1687<\/strong> &#8211; Erste Erw\u00e4hnung eines Eper Lehrers.<\/p>\n\n\n\n<p class=\"has-small-font-size\"><strong>1738<\/strong> &#8211; Die Malgartener Klostervorsteherin erh\u00e4lt von Rom den Titel einer \u00c4btissin.<\/p>\n\n\n\n<p class=\"has-small-font-size\"><strong>1772<\/strong> &#8211; Epe hat 85 H\u00e4user und 472 Einwohner (\u00fcber 14 Jahre). Neben M\u00fcller, Schmied, Schneider, Schuster, Dachdecker und Wollspinner gibt es 4 Zimmermeister, 33 Landwirte, 49 Tagel\u00f6hner, 13 Witwen die von Handarbeiten leben, eine Witwe die von Almosen lebt, 18 Knechte, 23 M\u00e4gde und einen Schulmeister.<\/p>\n\n\n\n<p class=\"has-small-font-size\"><strong>1787<\/strong> &#8211; Das Kloster h\u00e4lt 8 Pferde, 40 K\u00fche, 40 Schafe und 36 Schweine. 64 H\u00f6fe sind dem Kloster eigenbeh\u00f6rig, 12 pachtpflichtig, 60 zehntpflichtig und 17 kanonpflichtig. An 81 H\u00f6fe, Personen und Bauerschaften sind insgesamt 10277 Taler an Kredite ausgegeben.<\/p>\n\n\n\n<p class=\"has-small-font-size\">Im gleichen Jahr wird die kath. Schule gegr\u00fcndet.<\/p>\n\n\n\n<p class=\"has-small-font-size\"><strong>1803<\/strong> &#8211; Aufl\u00f6sung des Klosters mit Versteigerung des Inventares. Zu dieser Zeit lebten hier noch 9 Nonnen und 6 Laienschwestern.<\/p>\n\n\n\n<p class=\"has-small-font-size\"><strong>1815<\/strong> &#8211; Die Klosterkirche Malgarten wird zur Pfarrkirche erhoben. Zum kath. Kirchspiel geh\u00f6ren die Katholiken von Achmer, Hesepe, S\u00f6geln, Bramsche, Kalkriese und Epe.<\/p>\n\n\n\n<p class=\"has-small-font-size\"><strong>1819\/20<\/strong> &#8211; Das Kloster Malgarten wird Sitz von Verwaltung und Gericht des Amtes V\u00f6rden.<\/p>\n\n\n\n<p class=\"has-small-font-size\"><strong>1833<\/strong> &#8211; Die Teilung der Eper Mark ist abgeschlossen.<\/p>\n\n\n\n<p class=\"has-small-font-size\"><strong>1882<\/strong> &#8211; wird bei Hellmich in Malgarten eine Postagentur eingerichtet.<\/p>\n\n\n\n<p class=\"has-small-font-size\"><strong>1885<\/strong> &#8211; Aufhebung des Amtes V\u00f6rden zu Malgarten und Gr\u00fcndung des Kreises Bersenbr\u00fcck.<\/p>\n\n\n\n<p class=\"has-small-font-size\"><strong>1899<\/strong> &#8211; Erstes Telefon in Malgarten.<\/p>\n\n\n\n<p class=\"has-small-font-size\"><strong>1900<\/strong> &#8211; An der Niederschlagung des Boxeraufstandes in China nehmen auch zwei Eper teil.<\/p>\n\n\n\n<p class=\"has-small-font-size\"><strong>1900-1913<\/strong> &#8211; 20 Eper Familien siedeln in Posen und Westpreu\u00dfen.<\/p>\n\n\n\n<p class=\"has-small-font-size\"><strong>1913<\/strong> &#8211; Erste Erw\u00e4hnung einer Eper Fu\u00dfballmannschaft.<\/p>\n\n\n\n<p class=\"has-small-font-size\"><strong>1914-1918<\/strong> &#8211; Im 1. Weltkrieg sterben 41 Eper den Soldatentod.<\/p>\n\n\n\n<p class=\"has-small-font-size\"><strong>1926-1927<\/strong> &#8211; Epe wird elektrifiziert. Am 18. M\u00e4rz 1927 geht das Netz in Betrieb.<\/p>\n\n\n\n<p class=\"has-small-font-size\"><strong>30.9.1932<\/strong> &#8211; Aufhebung des Amtsgericht Malgarten.<\/p>\n\n\n\n<p class=\"has-small-font-size\"><strong>1939<\/strong> &#8211; Das Kloster Malgarten wird beschlagnahmt und mit Soldaten belegt.<\/p>\n\n\n\n<p class=\"has-small-font-size\"><strong>8.11.1944<\/strong> &#8211; Major Walter Nowotny, einer der h\u00f6chstdekorierten Soldaten des Krieges, st\u00fcrzt in Epe ab.<\/p>\n\n\n\n<p class=\"has-small-font-size\"><strong>1939-1945<\/strong> &#8211; Der 2. Weltkrieg bringt 57 Epern den Soldatentod.<\/p>\n\n\n\n<p class=\"has-small-font-size\"><strong>1945<\/strong> &#8211; Durch die Aufnahme von Fl\u00fcchtlingen aus den deutschen Ostgebieten w\u00e4chst die Gemeindebev\u00f6lkerung um \u00fcber 88 %<\/p>\n\n\n\n<p class=\"has-small-font-size\"><strong>1957<\/strong> &#8211; Die DJO \u00fcbernimmt das Amtsrichterhaus in Malgarten als Jugendheim, bis 1990.<\/p>\n\n\n\n<p class=\"has-small-font-size\"><strong>1961-1962<\/strong> &#8211; Bau des Gemeindezentrums mit Verwaltungsr\u00e4umen, Feuerwehrhaus und Turnhalle.<\/p>\n\n\n\n<p class=\"has-small-font-size\"><strong>1966<\/strong> &#8211; Der Eper B\u00fcrgermeister Fritz Kiesekamp wird Landrat des Kreises Bersenbr\u00fcck.<\/p>\n\n\n\n<p class=\"has-small-font-size\"><strong>1967-1968<\/strong> &#8211; Bau der Grundschule Epe.<\/p>\n\n\n\n<p class=\"has-small-font-size\"><strong>1970<\/strong> &#8211; Das Kloster Malgarten wird unter Denkmalschutz gestellt.<\/p>\n\n\n\n<p class=\"has-small-font-size\"><strong>1975<\/strong> &#8211; Das Wasserwerk Wittenfelde nimmt seinen Betrieb auf.<\/p>\n\n\n\n<p class=\"has-small-font-size\"><strong>1987<\/strong> &#8211; Das Kloster Malgarten geht in Privatbesitz \u00fcber.<\/p>\n\n\n\n<p class=\"has-small-font-size\"><strong>1990<\/strong> &#8211; Epe wird in das Dorferneuerungsprogramm des Landes Niedersachsen aufgenommen.<\/p>\n\n\n\n<p class=\"has-small-font-size\"><strong>1994<\/strong> &#8211; Epe feiert sein 800j\u00e4hriges Jubil\u00e4um mit einem gro\u00dfen Fest.<\/p>\n\n\n\n<p class=\"has-small-font-size\"><strong>1996<\/strong> &#8211; Der neue Friedhof wird in Malgarten eingeweiht.<\/p>\n\n\n\n<p class=\"has-small-font-size\"><strong>1999<\/strong> &#8211; 13 Eper Sch\u00fctzen nehmen an der Steubenparade in New York teil.<\/p>\n\n\n\n<p class=\"has-small-font-size\"><strong>2000<\/strong> &#8211; Silke Schwarz gewinnt bei den Paralympics in Sydney 2 Silber und 1 Bronze Medaille im Rollstuhlfechten.<\/p>\n\n\n\n<p class=\"has-small-font-size\"><strong>2010<\/strong> &#8211; Die drei kath. Gemeinden St. Martinus, Heilig Geist in Bramsche und St. Johannes in Malgarten bilden ab 1. August 2010 einen Gemeindeverbund.<\/p>\n<\/div>\n\n\n\n<div class=\"wp-block-column is-layout-flow wp-block-column-is-layout-flow\" style=\"flex-basis:25%\">\n<h3 class=\"wp-block-heading\">Ortsteile:<\/h3>\n\n\n\n<p class=\"has-small-font-size\">B\u00fchren, Eckelort, Epe, Kn\u00e4ppen, Malgarten, Wittenfelde<\/p>\n\n\n\n<h3 class=\"wp-block-heading\">Die Bramscher Ortsteile:<\/h3>\n\n\n\n<figure class=\"wp-block-image size-full has-lightbox\"><img loading=\"lazy\" decoding=\"async\" width=\"650\" height=\"505\" src=\"https:\/\/familienforschung-tecklenburger-land.de\/wp-content\/uploads\/2023\/08\/Bramscher-Ortsteile-3.jpg\" alt=\"\" class=\"wp-image-3243\" srcset=\"https:\/\/familienforschung-tecklenburger-land.de\/wp-content\/uploads\/2023\/08\/Bramscher-Ortsteile-3.jpg 650w, https:\/\/familienforschung-tecklenburger-land.de\/wp-content\/uploads\/2023\/08\/Bramscher-Ortsteile-3-300x233.jpg 300w\" sizes=\"auto, (max-width: 650px) 100vw, 650px\" \/><\/figure>\n\n\n\n<p><a href=\"https:\/\/familienforschung-tecklenburger-land.de\/files\/Tecklenburger-Familienforschung\/OSNABRUECK\/Bramsche\/Bramscher%20Ortsteile.jpg\"><\/a><\/p>\n\n\n\n<h3 class=\"wp-block-heading\">Bev\u00f6lkerung:<\/h3>\n\n\n\n<ul class=\"wp-block-list\">\n<li class=\"has-small-font-size\">1512 \u2013 115,<\/li>\n\n\n\n<li class=\"has-small-font-size\">1601 \u2013 157,<\/li>\n\n\n\n<li class=\"has-small-font-size\">1628 \u2013 139,<\/li>\n\n\n\n<li class=\"has-small-font-size\">1693 \u2013 249,<\/li>\n\n\n\n<li class=\"has-small-font-size\">1772 \u2013 472,<\/li>\n\n\n\n<li class=\"has-small-font-size\">1821 \u2013 768,<\/li>\n\n\n\n<li class=\"has-small-font-size\">1833 \u2013 777,<\/li>\n\n\n\n<li class=\"has-small-font-size\">1842 \u2013 662,<\/li>\n\n\n\n<li class=\"has-small-font-size\">1848 \u2013 545,<\/li>\n\n\n\n<li class=\"has-small-font-size\">1855 \u2013 567,<\/li>\n\n\n\n<li class=\"has-small-font-size\">1871 \u2013 569,<\/li>\n\n\n\n<li class=\"has-small-font-size\">1885 \u2013 503,<\/li>\n\n\n\n<li class=\"has-small-font-size\">1895 \u2013 592,<\/li>\n\n\n\n<li class=\"has-small-font-size\">1919 \u2013 610,<\/li>\n\n\n\n<li class=\"has-small-font-size\">1933 \u2013 685,<\/li>\n\n\n\n<li class=\"has-small-font-size\">1945 \u2013 745,<\/li>\n\n\n\n<li class=\"has-small-font-size\">1946 \u2013 1401,<\/li>\n\n\n\n<li class=\"has-small-font-size\">1948 \u2013 1448,<\/li>\n\n\n\n<li class=\"has-small-font-size\">1952 \u2013 1306,<\/li>\n\n\n\n<li class=\"has-small-font-size\">1960 \u2013 1224,<\/li>\n\n\n\n<li class=\"has-small-font-size\">1967 \u2013 1350,<\/li>\n\n\n\n<li class=\"has-small-font-size\">1980 \u2013 1476,<\/li>\n\n\n\n<li class=\"has-small-font-size\">1989 \u2013 1324.<\/li>\n<\/ul>\n\n\n\n<p><img loading=\"lazy\" decoding=\"async\" src=\"https:\/\/familienforschung-tecklenburger-land.de\/files\/Tecklenburger-Familienforschung\/OSNABRUECK\/Epe\/111Bild20.jpg\" alt=\"\" width=\"230\" height=\"291\"><\/p>\n\n\n\n<p class=\"has-small-font-size\">Das Kloster Malgarten (Bild: Wikicommons, Corradox)<\/p>\n\n\n\n<h3 class=\"wp-block-heading\">Benediktinerinnen-Kloster Malgarten<\/h3>\n\n\n\n<p class=\"has-small-font-size\">&#8222;Graf Simon von Tecklenburg hatte sich am Bein ein Geschw\u00fcr zugezogen, das ihm gro\u00dfe Schmerzen bereitete. Alle Mittel der \u00c4rzte waren vergebens. Da nahm er zu Gott seine Zuflucht und gelobte, ein <a href=\"http:\/\/wiki-de.genealogy.net\/Epe_%28Bramsche%29\/Kloster_Malgarten\">Benediktinerinnenkloster <\/a>zu gr\u00fcnden, wenn er wieder gesund w\u00fcrde. Seine Bitte wurde erh\u00f6rt. Er erf\u00fcllte sein Gel\u00fcbte und gestaltete seine an der Hase gelegene Burg zu einem Kloster um, das den Namen Mariengarten, sp\u00e4ter Malgarten, erhielt.<\/p>\n\n\n\n<p class=\"has-small-font-size\">Als man sp\u00e4ter die Gebeine des Grafen, der mit seiner Gemahlin in Malgarten begraben liegt, ausgrub, um sie pr\u00e4chtiger zu bestatten, fand man zur Best\u00e4tigung der Sage den Knieknochen von einem roten Ringe umgeben.&#8220;<\/p>\n\n\n\n<figure class=\"wp-block-image\"><img decoding=\"async\" src=\"https:\/\/familienforschung-tecklenburger-land.de\/files\/Tecklenburger-Familienforschung\/OSNABRUECK\/Epe\/Relief-Epe.jpg\" alt=\"\"\/><\/figure>\n<\/div>\n<\/div>\n\n\n\n<h2 class=\"wp-block-heading\" id=\"Epe-Weblinks\">Weblinks<\/h2>\n\n\n\n<div class=\"wp-block-columns is-layout-flex wp-container-core-columns-is-layout-9d6595d7 wp-block-columns-is-layout-flex\">\n<div class=\"wp-block-column is-layout-flow wp-block-column-is-layout-flow\" style=\"flex-basis:25%\">\n<p class=\"has-small-font-size\"><a href=\"http:\/\/www.bramsche.de\/staticsite\/staticsite.php?menuid=250&amp;topmenu=75&amp;keepmenu=inactive\">Stadt Bramsche, Ortsteil Epe<\/a><\/p>\n\n\n\n<p class=\"has-small-font-size\"><a href=\"http:\/\/wiki-de.genealogy.net\/Epe_%28Bramsche%29\">Epe in GenWiki<\/a><\/p>\n\n\n\n<p class=\"has-small-font-size\"><a href=\"http:\/\/www.kloster-malgarten.de\/\">Das Forum Kloster Malgarten<\/a><\/p>\n\n\n\n<p class=\"has-small-font-size\"><a href=\"http:\/\/de.wikipedia.org\/wiki\/Kloster_Malgarten\">Allgemeines zur Klosteranlage Malgarten<\/a><\/p>\n\n\n\n<p class=\"has-small-font-size\"><a href=\"http:\/\/www.iam-ev.de\/00home\/index.php?nav_id=06&amp;lng=de&amp;type=site\">Internationaler Arbeitskreis f\u00fcr Musik e.V.<\/a><\/p>\n\n\n\n<p class=\"has-small-font-size\"><a href=\"http:\/\/www.osnabrueck.de\/tagungsbuero\/11193.asp\">Klosteranlage Malgarten als Tagungsort<\/a><\/p>\n\n\n\n<p class=\"has-small-font-size\"><a href=\"http:\/\/www.gartentraumtour.de\/staticsite\/staticsite.php?menuid=25&amp;topmenu=2\">Stauden- und Kr\u00e4utergarten im Kloster Malgarten<\/a><\/p>\n\n\n\n<p class=\"has-small-font-size\"><a href=\"http:\/\/www.malgartener-klosterkonzerte.de\/index.php?id=4\">Malgartener Klosterkonzerte<\/a><\/p>\n\n\n\n<p class=\"has-small-font-size\"><a href=\"http:\/\/www.denkmalprojekt.org\/dkm_deutschland\/bramsche-epe_wk1u2_ns.htm\">Gefallene 1. und 2. Weltkrieg<\/a><\/p>\n\n\n\n<p class=\"has-small-font-size\"><a href=\"http:\/\/de.wikipedia.org\/wiki\/Walter_Nowotny\">Walter Nowotny<\/a>, <a href=\"http:\/\/www.denkmalprojekt.org\/2008\/bramsche-epe_nowotny_wk2_ns.htm\">Denkmal<\/a><\/p>\n\n\n\n<p class=\"has-small-font-size\"><a href=\"http:\/\/www.gosmann.homepage.t-online.de\/index.htm\">Private Homepage<\/a>: Familienforschung Gosmann-Gausmann aus Westerkappeln, Wichmann aus Voltlage, Imwalle aus Rieste<\/p>\n\n\n\n<p class=\"has-small-font-size\">Weitere <a href=\"http:\/\/www.heinrich-gosmann.de\/?page_id=28\">Homepage<\/a>, u.a. \u00fcber die Geschichte von Epe<\/p>\n<\/div>\n\n\n\n<div class=\"wp-block-column is-layout-flow wp-block-column-is-layout-flow\" style=\"flex-basis:50%\">\n<h3 class=\"wp-block-heading\">Allgemeine Links:<\/h3>\n\n\n\n<p class=\"has-small-font-size\"><a href=\"http:\/\/wiki-de.genealogy.net\/Hauptseite\">GenWiki:<\/a> Ein Wiki f\u00fcr Ahnenforscher.<br><br><a href=\"http:\/\/www.fotoerbe.de\/\">Fotoerbe.de<\/a>: In welchen Archiven, Museen, Bibliotheken usw. sind historische Fotografien vorhanden? Hier findet man sie in einer riesigen Datenbank.<br><br><a href=\"http:\/\/www.kirchliche-archive.de\/\">Kirchliche Archive:<\/a> \u00dcbersicht \u00fcber die deutschen Kirchenbucharchive.<br><br><a href=\"http:\/\/christoph.stoepel.net\/geogen\/v3\/\">Geogen<\/a>: Auf dieser Seite kann man Landkarten \u00fcber die Verbreitung von Familiennamen in Deutschland erstellen lassen. Besonders auff\u00e4llige Konzentrationen k\u00f6nnen auf den Ursprungsort des Namens oder der Familie hindeuten.<br><a href=\"http:\/\/www.hbol.de\/\"><br>Heimatbund Osnabr\u00fccker Land:<\/a> Hier gibt es geschichtliches \u00fcber die verschiedenen Orte. Man findet auch viele Adressen und Infos \u00fcber Vereine usw.<br><br><a href=\"http:\/\/www.lwl.org\/westfaelische-geschichte\/portal\/Internet\/haupt.php?urlNeu=\">Internet-Portal &#8222;Westf\u00e4lische Geschichte&#8220;<\/a><br><br><a href=\"http:\/\/www.archive.nrw.de\/\">Internetportal der Archive in Nordrhein-Westfalen<\/a><br><br><a href=\"http:\/\/www.westfalen-adelssitze.de\" target=\"_blank\" rel=\"noreferrer noopener\">Burgen, Schl\u00f6sser und Herrensitze in Westfalen<\/a>: Interessant, wenn man wei\u00df, welchem Herr ein Hof eigenbeh\u00f6rig war.<br><br><a href=\"http:\/\/www.wggf.de\/\">Westf\u00e4lische Gesellschaft f\u00fcr Genealogie und Familienforschung (WGGF)<\/a><\/p>\n<\/div>\n\n\n\n<div class=\"wp-block-column is-layout-flow wp-block-column-is-layout-flow\" style=\"flex-basis:25%\">\n<p><img loading=\"lazy\" decoding=\"async\" src=\"https:\/\/familienforschung-tecklenburger-land.de\/files\/Tecklenburger-Familienforschung\/OSNABRUECK\/Epe\/111Bild21.jpg\" alt=\"\" width=\"230\" height=\"176\"><\/p>\n\n\n\n<p class=\"has-small-font-size\">Kulturscheune (Bild: Wikicommons, Corradox)<\/p>\n\n\n\n<p><img loading=\"lazy\" decoding=\"async\" src=\"https:\/\/familienforschung-tecklenburger-land.de\/files\/Tecklenburger-Familienforschung\/OSNABRUECK\/Epe\/111Bild27.jpg\" alt=\"\" width=\"230\" height=\"202\"><\/p>\n\n\n\n<p class=\"has-small-font-size\">Kloster Malgarten (Bild: Wikicommons, Sail over)<\/p>\n<\/div>\n<\/div>\n\n\n\n<h2 class=\"wp-block-heading\" id=\"Epe-Quellen\">Genealogische Quellen<\/h2>\n\n\n\n<div class=\"wp-block-columns is-layout-flex wp-container-core-columns-is-layout-9d6595d7 wp-block-columns-is-layout-flex\">\n<div class=\"wp-block-column is-layout-flow wp-block-column-is-layout-flow\" style=\"flex-basis:25%\">\n<p><img loading=\"lazy\" decoding=\"async\" src=\"https:\/\/familienforschung-tecklenburger-land.de\/files\/Tecklenburger-Familienforschung\/OSNABRUECK\/Epe\/Epe-Bild10.jpg\" alt=\"\" width=\"230\" height=\"141\"><\/p>\n\n\n\n<p class=\"has-small-font-size\">Lebensmittelhandlung Kotte (alte Ansichtskarte)<\/p>\n\n\n\n<p class=\"has-small-font-size\"><a href=\"http:\/\/wiki-de.genealogy.net\/Epe_%28Bramsche%29\/H%C3%B6fe_-_Darstellung_und_Quellen\">Epe \/ H\u00f6fe &#8211; Darstellung und Quellen<\/a><\/p>\n\n\n\n<h3 class=\"wp-block-heading\">Zivilstandsregister:<\/h3>\n\n\n\n<p class=\"has-small-font-size\">StA OS Rep 491 Nr. 1367 &#8211; Malgarten, Zivilstandsregister der westf\u00e4lischen Zeit, Geburts-, Heirats- und Sterberegister, 1808-1811.<\/p>\n\n\n\n<p><img loading=\"lazy\" decoding=\"async\" src=\"https:\/\/familienforschung-tecklenburger-land.de\/files\/Tecklenburger-Familienforschung\/OSNABRUECK\/Epe\/Epe-Warning.jpg\" alt=\"\" width=\"230\" height=\"141\"><\/p>\n\n\n\n<p class=\"has-small-font-size\">Die Gastst\u00e4tte Warning auf einer alten Ansichtskarte<\/p>\n\n\n\n<h3 class=\"wp-block-heading\">Karten und Pl\u00e4ne:<\/h3>\n\n\n\n<p><strong>Staatsarchiv Osnabr\u00fcck:<\/strong><\/p>\n\n\n\n<p class=\"has-small-font-size\">K 100 Nr. 1 H III Bl. 4 a, Bl. 4 b, Bl. 4 c &#8211; Landesaufnahme des F\u00fcrstbistums Osnabr\u00fcck, III Amt V\u00f6rden, Bl. 4 a, b, c, Kirchspiel: Bramsche, Feldmark: Epe, Ortschaften: Epe, Malgarten, Ausf.-Art: Farbige Zeichnung auf Karton, auf Leinen aufgezogen, Herst.: Johann Wilhelm Du Plat, Format: ca. 70 x 110 cm, Ma\u00dfstab: 1 : 3 840, 1784-1790.<\/p>\n\n\n\n<p class=\"has-small-font-size\">K 100 Nr. 2 H Bl. 52 &#8211; Pl\u00e4ne von G\u00fctern und schatzfreien H\u00f6fen mit ihrer Hovesaat. Bl. 52: &#8222;Kloster Malgarten&#8220;, Bauerschaft Epe, Ausf.-Art: Farbige Zeichnung, Herst.: Format: ca 25 \/ 55 x 35 \/ 105 cm, Ma\u00dfstab 1 : 3 840, 1805.<\/p>\n\n\n\n<p class=\"has-small-font-size\">K Akz. 40\/1995 Nr. 639 H &#8211; Teilung der Eper Mark: Karte von der Eper Mark, Ausf.-Art: Farbige Handzeichnung auf Karton, auf Leinen aufgezogen, Hersteller: H. H. Sanders-Meyer, Format: 97,5 x 195,5 cm, besteht aus den Teilkarten a-c, Ma\u00dfstab: 1 : 3840, 1825-1831.<\/p>\n\n\n\n<p class=\"has-small-font-size\">Internet:<\/p>\n\n\n\n<p class=\"has-small-font-size\"><a href=\"http:\/\/wiki-de.genealogy.net\/Epe_%28Bramsche%29\/H%C3%B6fe_-_Darstellung_und_Quellen\">Siehe unter Hofgeb\u00e4ude<\/a><\/p>\n\n\n\n<p class=\"has-small-font-size\"><a href=\"http:\/\/www.lgn.niedersachsen.de\/portal\/live.php?navigation_id=11004&amp;_psmand=35\">Landesvermessung und Geobasisinformation<\/a><\/p>\n\n\n\n<p class=\"has-small-font-size\"><a href=\"http:\/\/www.niedersachsennavigator.niedersachsen.de\/cgi-bin\/lgnshop\/viewer.pl?src=lgn\">Kartenshop<\/a><\/p>\n<\/div>\n\n\n\n<div class=\"wp-block-column is-layout-flow wp-block-column-is-layout-flow\" style=\"flex-basis:50%\">\n<h3 class=\"wp-block-heading\">Staatsarchiv Osnabr\u00fcck:<\/h3>\n\n\n\n<p class=\"has-small-font-size\">Rep 100 Abschnitt 338 d, Nr. 21 &#8211; Lagerbuch der Gerechtigkeiten, H\u00f6fe und Eink\u00fcnfte des Klosters Malgarten, 1680-1723.<\/p>\n\n\n\n<p class=\"has-small-font-size\">Rep 100 a III Nr. 1 b &#8211; Schatzungsregister Kirchspiel Bramsche, Feldmark: Epe, Bauerschaft: Epe (fol. 183-217), 1801.<\/p>\n\n\n\n<p class=\"has-small-font-size\">Rep 100 a III Nr. 4 II &#8211; Vermessungsregister Kirchspiel Bramsche (Reinschrift), Feldmark: Epe, Bauerschaft: Epe, 1785.<\/p>\n\n\n\n<p class=\"has-small-font-size\">Rep 330 III Nr. 710, Nr.711 &#8211; Grundsteuer-Mutterrolle Epe, 1826.<\/p>\n\n\n\n<p class=\"has-small-font-size\">Rep 330 III Nr. 714 &#8211; Flurregister aus den Jahren 1884-1890.<\/p>\n\n\n\n<p class=\"has-small-font-size\">Rep 540 Bers Nr. 228 &#8211; Grundsteuer-Mutterrollen der Gemarkung Epe des Gemeindebezirks Epe Nr. 97, Urtitel-Nr. 1 bis 79, Enth\u00e4lt auch: Originalflurbuch und Klassifikationstarif, 1875-1949.<\/p>\n\n\n\n<p class=\"has-small-font-size\">Rep 540 Bers Nr. 396, Nr.397 &#8211; Liegenschaftsbuch der Gemarkung Epe, 1876-1953.<\/p>\n\n\n\n<p class=\"has-small-font-size\">Rep 540 Bers Nr. 625 &#8211; Geb\u00e4udebuch der Gemarkung Epe, 1910-1954.<\/p>\n\n\n\n<p class=\"has-small-font-size\">Rep 950 Bers Akz. 2010\/081 Nr. 22 &#8211; Erbh\u00f6ferolle von Epe Band 1 Blatt 1 bis 30.<br><\/p>\n\n\n\n<h3 class=\"wp-block-heading\">H\u00f6fe:<\/h3>\n\n\n\n<p class=\"has-small-font-size\">Alle H\u00f6fe in Epe waren dem Kloster Malgarten eigenbeh\u00f6rig.<\/p>\n\n\n\n<h4 class=\"wp-block-heading\">Vollerben:<\/h4>\n\n\n\n<p class=\"has-small-font-size\">Nr.1 Hof Fischer, 1449, Iding (1880-1922), K\u00fcnsem\u00fcller (1922-1972), Hotel Idingshof (seit 1973), Landwirtschaft bis 1972<\/p>\n\n\n\n<p class=\"has-small-font-size\">Nr.2 Hof Junge Niemann, 1449, (1853 an Fischer)<\/p>\n\n\n\n<p class=\"has-small-font-size\">Nr.3 Hof Schwegmann, 1449, Landwirtschaft bis 1975<\/p>\n\n\n\n<p class=\"has-small-font-size\">Nr.4 Hof Alte Niemann, 1449, Niemann, Landwirtschaft bis1984<\/p>\n\n\n\n<p class=\"has-small-font-size\">Nr.5 Hof Hackmann, 1449, Landwirtschaft bis 1992<\/p>\n\n\n\n<p class=\"has-small-font-size\">Nr.6 Hof Wermert, 1449, Gastvogel (1945-1962), Westerhaus (seit 1935)<\/p>\n\n\n\n<p class=\"has-small-font-size\">Nr.7 Hof Wessling, 1449, St\u00fcve (seit 1906), Landwirtschaft bis 1973<\/p>\n\n\n\n<p class=\"has-small-font-size\">Nr.8 Hof Kottmann, 1449, Meyer zu T\u00f6mmern (seit 1948), Landwirtschaft bis1979<\/p>\n\n\n\n<p class=\"has-small-font-size\">Nr.9 Hof Warning, 1449, Kuhlmann-Warning (seit 1921)<\/p>\n\n\n\n<p class=\"has-small-font-size\">Nr.10 Hof zur Horst, 1435<\/p>\n\n\n\n<p class=\"has-small-font-size\">Nr.11 Hof Hundeling, 1449<\/p>\n\n\n\n<p class=\"has-small-font-size\">Nr.12 Hof Eckelmann, 1223, K\u00f6tter (seit 1968), Landwirtschaft bis 1968<\/p>\n\n\n\n<p class=\"has-small-font-size\">Nr.13 Hof Frankamp, 1458<\/p>\n\n\n\n<p class=\"has-small-font-size\">Nr.14 Hof Kiesekamp, 1289<\/p>\n\n\n\n<p class=\"has-small-font-size\">Nr.15 Hof Horstmann, 1458, Rothert (1883-1927), Laumann (1927-1939), Grevemeyer\/Bruno (1939-1963), Strahle (seit 1963)<\/p>\n\n\n\n<h4 class=\"wp-block-heading\">Halberben:<\/h4>\n\n\n\n<p class=\"has-small-font-size\">Nr.16 Hof Kampmann, 1458, Kr\u00f6ber (seit 1977), Landwirtschaft bis 1968<\/p>\n\n\n\n<p class=\"has-small-font-size\">Nr.17 Hof Dallmann, 1375, Landwirtschaft bis 1982<\/p>\n\n\n\n<p class=\"has-small-font-size\">Nr.18 Hof Gro\u00df Elhorn, 1478, Kleyb\u00f6cker (1895-1933), Str\u00fcfing (1933-1983), Starke, (1983-1992), Naumann\/Portheine (seit 1992), Landwirtschaft bis 1990<\/p>\n\n\n\n<h4 class=\"wp-block-heading\">Markk\u00f6tter:<\/h4>\n\n\n\n<p class=\"has-small-font-size\">Nr.19 Batke, 1490, Sch\u00e4fer (1913-1935), St\u00fcrenberg (1935-1960), Ossenbeck (seit 1960), Landwirtschaft bis 1968<\/p>\n\n\n\n<p class=\"has-small-font-size\">Nr.20 Hof Winner, 1490, (1836 an Frankamp)<\/p>\n\n\n\n<p class=\"has-small-font-size\">Nr.21 Hof Tackenberg, 1512, Rautenstrauch (1959-1965), Brinkmann (seit 1965)<\/p>\n\n\n\n<p class=\"has-small-font-size\">Nr.22 Hof Schulte, 1490, Warning (1833-1920), Robker (seit 1920), Landwirtschaft bis 1979<\/p>\n\n\n\n<p class=\"has-small-font-size\">Nr.23 Hof Determann, 1601, Borchard (1832-1844), Kotte (seit 1844), Landwirtschaft bis 1965<\/p>\n\n\n\n<p class=\"has-small-font-size\">Nr.24 Hof Temmelmann, 1588, Hedemann (seit 1929), Landwirtschaft bis 1991<\/p>\n\n\n\n<p class=\"has-small-font-size\">Nr.25 Hof Tepker, 1512, (um 1850 an Wessling)<\/p>\n\n\n\n<p class=\"has-small-font-size\">Nr.26 Hof Borchard, 1495, (1844 an Kotte, siehe Determann)<\/p>\n\n\n\n<p class=\"has-small-font-size\">Nr.27 Hof Schr\u00f6der, 1532, (1834 an Kuhlmann)<\/p>\n\n\n\n<p class=\"has-small-font-size\">Nr.28 Hof Klein Elhorn, 1512, Otte (1932-1962), Korswird (1962-1992), Wirth (seit 1992), Landwirtschaft bis 1991<\/p>\n\n\n\n<p class=\"has-small-font-size\">Nr.29 Hof Moorarend, 1577, (1847 an Eckelmann)<\/p>\n\n\n\n<p class=\"has-small-font-size\">Nr.30 Hof Im Lohe, 1532, (1813 an Kottmann)<\/p>\n\n\n\n<p class=\"has-small-font-size\">Nr.31 Hof B\u00fchrmann, 1650, Moormann (1788-1841), Mosting\/Niebur (1841-1913), Nieporte (1914), Nannemann (seit 1914)<\/p>\n\n\n\n<p class=\"has-small-font-size\">Nr.32 Hof Kuhlmann, 1532<\/p>\n\n\n\n<p class=\"has-small-font-size\">Nr.33 Hof Strubbe, 1624, Niemann (seit 1896)<\/p>\n\n\n\n<p class=\"has-small-font-size\">Nr.34 Hof Krelage, 1655<\/p>\n\n\n\n<p class=\"has-small-font-size\">Nr.35 Hof Franz Kuhlmann, 1655, Niebur-Ossenbeck (1932-1982), Tillo (seit 1982), Landwirtschaft bis 1958<\/p>\n\n\n\n<p class=\"has-small-font-size\">Nr.36 Hof Gudenrath, 1656, (1922 an Niebur-Ossenbeck, siehe Franz Kuhlmann)<\/p>\n\n\n\n<h4 class=\"wp-block-heading\">H\u00f6fe ohne Markenberechtigung (Neubauer):<\/h4>\n\n\n\n<p class=\"has-small-font-size\">Nr.42 Hof Revermann, 1799, M\u00f6llmann (1815-1899), Warning (seit 1899), Landwirtschaft bis 1991<\/p>\n\n\n\n<h4 class=\"wp-block-heading\">Vor 1600 aufgegebene H\u00f6fe:<\/h4>\n\n\n\n<p class=\"has-small-font-size\">Hof Meyer zu Epe, 1449, Vollerbe, um 1490 zerschlagen, hier entstanden die K\u00f6tter Franz Kuhlmann, Gudenrath, Tackenberg, Batke, Winner, Schulte, Kuhlmann, Krelage, Strubbe und B\u00fchrmann.<\/p>\n\n\n\n<p class=\"has-small-font-size\">Hof Gartlage, 1323, Vollerbe, (um 1513 an Klostergut Malgarten)<\/p>\n\n\n\n<p class=\"has-small-font-size\">Hof ten Salle, 1478, Vollerbe, (1517 an Klostergut Malgarten als Uthof (Au\u00dfenhof))<\/p>\n<\/div>\n\n\n\n<div class=\"wp-block-column is-layout-flow wp-block-column-is-layout-flow\" style=\"flex-basis:25%\">\n<h3 class=\"wp-block-heading\">Katholische Kirchenb\u00fccher:<\/h3>\n\n\n\n<p class=\"has-small-font-size\"><strong>Kath. Kirchenb\u00fccher der Klosterkirche St. Johannes Ev. Malgarten:<\/strong><\/p>\n\n\n\n<p class=\"has-small-font-size\"><a href=\"http:\/\/wiki-de.genealogy.net\/Epe_%28Bramsche%29\/Kirchenb%C3%BCcher_kath.\">Namen- (kath.) und Ortsregister<\/a><\/p>\n\n\n\n<p class=\"has-small-font-size\"><strong>Geburts- und Taufregister<\/strong>: ab 1669, Trauungsregister: ab 1691, Toten- und Begr\u00e4bnisregister: ab 1787<\/p>\n\n\n\n<p class=\"has-small-font-size\"><strong>Staatsarchiv Osnabr\u00fcck:<\/strong> Erw F 100 Nr. 17 &#8211; Kirchenbuch Malgarten: Taufen 1669-1787, Heiraten 1691-1786 (Kopie).<\/p>\n\n\n\n<p class=\"has-small-font-size\"><strong>Kirchenbuch-Verkartung:<\/strong> Die kath. Kirchenb\u00fccher Malgarten wurden von Heinrich Gosmann in den Jahren 1986-1987 mit Schreibmaschine auf DIN A5 Karton verkartet und alle Eintragungen handschriftlich in Familienbl\u00e4ttern zusammengefasst. Es wurden alle Eintragungen bis zum Jahre 1900 ber\u00fccksichtigt!<\/p>\n\n\n\n<p class=\"has-small-font-size\"><strong>Kirchennebenb\u00fccher:<\/strong> StA OS Rep 491 Nr. 1367 a &#8211; Malgarten, kath. Kirchspiel (starke Wassersch\u00e4den, nicht benutzbar), 1853-1861.<\/p>\n\n\n\n<h3 class=\"wp-block-heading\">Evangelische Kirchenb\u00fccher:<\/h3>\n\n\n\n<p class=\"has-small-font-size\"><a href=\"http:\/\/wiki-de.genealogy.net\/Epe_%28Bramsche%29\/Kirchenb%C3%BCcher_ev.\">Namenregister (ev.)<\/a><\/p>\n\n\n\n<h3 class=\"wp-block-heading\">Archive:<\/h3>\n\n\n\n<p class=\"has-small-font-size\"><strong><a href=\"http:\/\/www.bistum-osnabrueck.de\/kultur\/dioezesanarchiv.html\">Di\u00f6zesanarchiv in Osnabr\u00fcck<\/a><\/strong><br>Gro\u00dfe Domsfreiheit 10<br>49074 Osnabr\u00fcck<br>Anmeldung erforderlich:<br>Telefon: 0541\/318-416<br>(<a href=\"mailto:kulturundarchiv@bistum-os.de\">Maria Rehnen<\/a>)<br>\u00d6ffnungszeiten f\u00fcr Familienforschung: mittwochs von 8.00 \u2013 12.30 Uhr und 13.30 bis 18.00 sowie auf Anfrage<br><br><a href=\"http:\/\/www.kirchenkreis-osnabrueck.de\/kirchenkreis\/kirchenamt.html\">Ev.-luth. Kirchenbuchamt Osnabr\u00fcck<\/a><br>Eversburger Str. 32<br>49090 Osnabr\u00fcck<br>Anmeldung erforderlich:<br><a href=\"mailto:linda.klingspohn@evlka.de\">Linda Klingspohn<\/a><br>T: 0541 \/ 94049-435<br>Das Kirchenbuchamt ist Di u. Do von 8:30 Uhr bis 13:30 Uhr ge\u00f6ffnet.<br><br>Die <strong>Standesamtsregister<\/strong><em>(ab 1874 &#8211; gesch\u00fctzt sind die Geburtsregister der letzten 110 Jahre, Heiratsregister der letzten 80 Jahre und Sterberegister der letzten 30 Jahre)<\/em> finden Sie im <a href=\"http:\/\/www.nla.niedersachsen.de\/landesarchiv\/gliederung\/standort_osnabrueck\/standort-osnabrueck-85969.html\" target=\"_blank\" rel=\"noreferrer noopener\">Staatsarchiv Osnabr\u00fcck<\/a>, Schlo\u00dfstr.29, 49074 Osnabr\u00fcck,<br>Tel.: 0541\/33162-0.<br><br><strong><a href=\"http:\/\/www.kgverband-meppen.de\/familienforschung.html\">Katholische Familienforschungsstelle in Meppen<\/a><\/strong><br>Haus d. Sozialen Dienste, Domhof 18, 49716 Meppen<br><strong>Anmeldung erforderlich:<\/strong><br>Kath. Propsteigemeinde St. Vitus, Kuhstra\u00dfe 44, 49716 Meppen<br>Telefon: 0 59 31\/1 24 44 \/ Telefax: 0 59 31\/97 03 44, <a href=\"mailto:fam.archive@kgverband-meppen.de\">E-Mail<\/a><br><strong>\u00d6ffnungszeiten f\u00fcr Familienforscher: <\/strong>Do &amp; Fr 8.30 \u2013 12.30 Uhr und 13.30 \u2013 16.00 Uhr<br>sowie an jedem ersten Samstag eines Monats von 8.30 \u2013 12.30 Uhr<br>und an jedem Freitag vor dem ersten Samstag eines Monats von 8.30 \u2013 12.30 Uhr und 13.30 \u2013 18.00 Uhr<br><br><strong>LAV Staats- und Personenstandsarchiv Detmold<\/strong><br>Willi-Hofmann-Stra\u00dfe 2, 32756 Detmold<br>Tel.: 05231\/7660<br>www.archive.nrw.de<br><br><strong>Vereinigte Westf\u00e4lische Adelsarchive e.V.<\/strong><br>Jahnstr. 26, 48147 M\u00fcnster<br>Tel.: 0251-5913890<br>adelsarchive@lwl.org<\/p>\n\n\n\n<figure class=\"wp-block-image\"><img decoding=\"async\" src=\"https:\/\/familienforschung-tecklenburger-land.de\/files\/Tecklenburger-Familienforschung\/OSNABRUECK\/Epe\/Malgarten_6.jpg\" alt=\"\"\/><\/figure>\n<\/div>\n<\/div>\n\n\n\n<h2 class=\"wp-block-heading\" id=\"Epe-Fundstuecke\">Fundst\u00fccke<\/h2>\n\n\n\n<div class=\"wp-block-columns is-layout-flex wp-container-core-columns-is-layout-9d6595d7 wp-block-columns-is-layout-flex\">\n<div class=\"wp-block-column is-layout-flow wp-block-column-is-layout-flow\" style=\"flex-basis:25%\">\n<p><img loading=\"lazy\" decoding=\"async\" src=\"https:\/\/familienforschung-tecklenburger-land.de\/files\/Tecklenburger-Familienforschung\/OSNABRUECK\/Epe\/EpeBild14.jpg\" alt=\"\" width=\"230\" height=\"150\"><\/p>\n\n\n\n<p class=\"has-small-font-size\">Die katholische Schule auf einer alten Ansichtskarte<\/p>\n<\/div>\n\n\n\n<div class=\"wp-block-column is-layout-flow wp-block-column-is-layout-flow\" style=\"flex-basis:50%\">\n<h3 class=\"wp-block-heading\">Staatsarchiv Osnabr\u00fcck:<\/h3>\n\n\n\n<p class=\"has-small-font-size\">Rep 556 Nr. 2052 &#8211; Auf der Becke-St\u00e4tte zu Epe, 1823-1870.<br>Rep 556 Nr. 2059 &#8211; Borchard-St\u00e4tte zu Epe, 1794-1844.<br>Rep 556 Nr. 2068 &#8211; Batke-St\u00e4tte zu Epe, 1834-1852.<br>Rep 556 Nr. 2090 &#8211; Determann-St\u00e4tte zu Epe, 1822-1837.<br>Rep 556 Nr. 2091 &#8211; Dallmann-St\u00e4tte zu Epe, 1820-1839.<br>Rep 556 Nr. 2093 &#8211; Kleine Ellhorn-St\u00e4tte zu Epe, 1815-1869.<br>Rep 556 Nr. 2094 &#8211; Gro\u00dfe Ellhorn-St\u00e4tte zu Epe, 1816-1847.<br>Rep 556 Nr. 2097 &#8211; Eckelmann-St\u00e4tte zu Epe, 1805-1847.<br>Rep 556 Nr. 2103 &#8211; Fischer-St\u00e4tte zu Epe, 1823-1854.<br>Rep 556 Nr. 2104 &#8211; Frankamp-St\u00e4tte zu Epe, 1766-1847.<br>Rep 556 Nr. 2111 &#8211; Gutenrath gen. G\u00e4nsehaus-St\u00e4tte zu Epe, 1819-1859.<br>Rep 556 Nr. 2128 &#8211; Horstmann-St\u00e4tte zu Epe, 1806-1846.<br>Rep 556 Nr. 2129 &#8211; Haackmann-St\u00e4tte zu Epe, 1815-1854.<br>Rep 556 Nr. 2134 &#8211; Hundeling-St\u00e4tte zu Epe, 1815-1869.<br>Rep 556 Nr. 2149 &#8211; Johann im Loh gen. Pogge-St\u00e4tte zu Epe, 1836-1847.<br>Rep 556 Nr. 2152 &#8211; Kuhlmann-St\u00e4tte zu Epe, 1814-1836.<br>Rep 556 Nr. 2156 &#8211; Kuhlmann-St\u00e4tte zu Epe, 1826-1870.<br>Rep 556 Nr. 2167 &#8211; Kiesekamp-St\u00e4tte zu Epe, 1834-1847.<br>Rep 556 Nr. 2168 &#8211; Kottmann-St\u00e4tte zu Epe, 1814-1847.<br>Rep 556 Nr. 2186 &#8211; Moorarend-St\u00e4tte zu Epe, 1593-1846.<br>Rep 556 Nr. 2187 &#8211; Moormann-St\u00e4tte zu Epe, 1805-1843.<br>Rep 556 Nr. 2199 &#8211; Niemann-St\u00e4tte zu Epe, 1820-1855.<br>Rep 556 Nr. 2200 &#8211; Niemann, J\u00fcrgen-St\u00e4tte zu Epe, 1806-1854.<br>Rep 556 Nr. 2220 &#8211; Revermann-St\u00e4tte zu Epe, 1864.<br>Rep 556 Nr. 2222 &#8211; Strubbe gen. Hartke-St\u00e4tte zu Epe, 1823-1870.<br>Rep 556 Nr. 2223 &#8211; Schwegmann-St\u00e4tte zu Epe, 1820-1834.<br>Rep 556 Nr. 2227 &#8211; Schulte-St\u00e4tte zu Epe, 1822-1854.<br>Rep 556 Nr. 2241 &#8211; Schr\u00f6der-St\u00e4tte zu Epe, 1822-1835.<br>Rep 556 Nr. 2245 &#8211; Temmelmann-St\u00e4tte zu Epe, 1823-1870.<br>Rep 556 Nr. 2246 &#8211; Tackenberg-St\u00e4tte zu Epe, 1800-1863.<br>Rep 556 Nr. 2252 &#8211; Tepker-St\u00e4tte zu Epe, 1817-1843.<br>Rep 556 Nr. 2274 &#8211; Wesseling-St\u00e4tte zu Epe, 1823-1840.<br>Rep 556 Nr. 2278 &#8211; Warning-St\u00e4tte zu Epe, 1823-1848.<br>Rep 556 Nr. 2279 &#8211; Wermert-St\u00e4tte zu Epe, 1807-1847.<br>Rep 556 Nr. 2282 &#8211; Winner-St\u00e4tte zu Epe, 1823-1837.<br>Rep 556 Nr. 2283 &#8211; Zur Horst-St\u00e4tte zu Epe, 1779-1855.<\/p>\n\n\n\n<p class=\"has-small-font-size\">Rep 950 Bram Nr. &#8230;, &#8211; Testamete: Grothe, Revermann, Kuhlmann, Kiesekamp, Hackmann, Meyer, Im Busch, Kotte, R\u00f6vekamp, Eckelmann, Warning, Moormann, M\u00f6llmann, Dallmann, von Schele, von Uslar-Gleichen, Mee\u00dfmann, Sudendorf, von Einem, Wallmann, Hellmich, Hiep, Kleuker, Hartmann, Schneithorst, Nieporte, Rixmann, B\u00f6ker, Palm.<\/p>\n<\/div>\n\n\n\n<div class=\"wp-block-column is-layout-flow wp-block-column-is-layout-flow\" style=\"flex-basis:25%\">\n<p><img loading=\"lazy\" decoding=\"async\" src=\"https:\/\/familienforschung-tecklenburger-land.de\/files\/Tecklenburger-Familienforschung\/OSNABRUECK\/Epe\/111Bild23.jpg\" alt=\"\" width=\"230\" height=\"227\"><\/p>\n\n\n\n<p class=\"has-small-font-size\">Das Kloster Malgarten und die Hase (Bild: Wikicommons, Corradox)<\/p>\n\n\n\n<p><img loading=\"lazy\" decoding=\"async\" src=\"https:\/\/familienforschung-tecklenburger-land.de\/files\/Tecklenburger-Familienforschung\/OSNABRUECK\/Epe\/Epe-Bild11.jpg\" alt=\"\" width=\"230\" height=\"139\"><\/p>\n\n\n\n<p class=\"has-small-font-size\">Die evangelische Schule auf einer alten Ansichtskarte<\/p>\n<\/div>\n<\/div>\n\n\n\n<h2 class=\"wp-block-heading\" id=\"Epe-Auswanderer\">Auswanderer<\/h2>\n\n\n\n<div class=\"wp-block-columns is-layout-flex wp-container-core-columns-is-layout-9d6595d7 wp-block-columns-is-layout-flex\">\n<div class=\"wp-block-column is-layout-flow wp-block-column-is-layout-flow\" style=\"flex-basis:25%\">\n<h3 class=\"wp-block-heading\">Personen aus Epe in den Niederlanden<\/h3>\n\n\n\n<p class=\"has-small-font-size\"><strong>Wir bieten umfangreiche <a href=\"https:\/\/familienforschung-tecklenburger-land.de\/index.php?id=991\">Personenlisten zum Herunterladen<\/a> an:<\/strong><\/p>\n\n\n\n<ul class=\"wp-block-list\">\n<li class=\"has-small-font-size\"><a href=\"https:\/\/familienforschung-tecklenburger-land.de\/index.php?id=991\"><strong>Personen in niederl\u00e4ndischen Lidmatenregistern<\/strong><\/a>; aus Epe z.B. Balcke, Johan Henrich; Wesseling, Diedrich Herman; Hartcke (Hartke = Strubbe), Rudolph Henrich; Harteke (Hartke = Strubbe), Herman Hendrik; Kreftfaenger (Kriefftfenger), Johan Berend; Strubbe, Herman Henrich; Temmelman, Johan Berend; &#8230;<\/li>\n\n\n\n<li class=\"has-small-font-size\"><a href=\"https:\/\/familienforschung-tecklenburger-land.de\/index.php?id=991\"><strong>Heiraten in den Niederlanden<\/strong><\/a>; mit Personen aus Epe z.B. Burmeister, Catharina Maria; Eggelmeier, Johann Heinrich (Heinr. Rud.); Eggelmeijer, Johann Berend; Fisse, Johann Heinrich; Freudenborg, Johann Heinrich (Herm. Friedr.); Hackmann, Hermann Heinrich; &#8230;<\/li>\n<\/ul>\n<\/div>\n\n\n\n<div class=\"wp-block-column is-layout-flow wp-block-column-is-layout-flow\" style=\"flex-basis:50%\">\n<h3 class=\"wp-block-heading\">Staatsarchiv Osnabr\u00fcck:<\/h3>\n\n\n\n<p class=\"has-small-font-size\">Rep 335 Nr. 766 &#8211; Grimme, Franz Henrich, geb. 02.10.1800, Epe, Schneider, Elt.: Grimme, Johann Caspar, H\u00e4usling und Grimme, Margrethe Maria, geb. Schr\u00f6der, Epe, ausgewandert 1828 nach M\u00fcnster (Preu\u00dfen).<\/p>\n\n\n\n<p class=\"has-small-font-size\">Rep 335 Nr. 772 &#8211; Kuhlmann, Hermann Philipp, geb. 1809, Epe, ausgewandert 1835 nach Tecklenburg (Preu\u00dfen), will dort heiraten.<\/p>\n\n\n\n<p class=\"has-small-font-size\">Rep 350 Bers Nr. 900 &#8211; Goda, Hermann, Epe, geb. 29.07.1815, Malgarten, Barbier und Musikus, Elt.: Goda, Hermann Heinrich und Goda, Maria Elisabeth, geb. Langemeyer, Malgarten, ausgewandert nach Damme (Oldenburg), Naturalisation Gro\u00dfherzogtum Oldenburg vom 11.05.1864.<\/p>\n\n\n\n<h3 class=\"wp-block-heading\">Die Nachnamenliste der Eper Auswanderer:<\/h3>\n\n\n\n<p class=\"has-small-font-size\">(N\u00e4here Angaben finden Sie <a href=\"http:\/\/wiki-de.genealogy.net\/Epe_%28Bramsche%29\/Auswanderung\">hier<\/a>):<\/p>\n\n\n\n<p class=\"has-small-font-size\">Barlage, Beckmann, Beister, Bennewitz, Bergmann, Boldt, Borchhard, Bramsche, Brandewie, Brockmann, Br\u00fcggemann, Burwinkel, Butke, B\u00fchrmann<\/p>\n\n\n\n<p class=\"has-small-font-size\">Dallmann, Decker, Determann, Dresmann<\/p>\n\n\n\n<p class=\"has-small-font-size\">Eckelmann, Elbring, Ellhorn<\/p>\n\n\n\n<p class=\"has-small-font-size\">von Finckh, Frankamp, Franke, Freudenborg<\/p>\n\n\n\n<p class=\"has-small-font-size\">Gleis, Goda, G\u00f6sker, Grimme, Gudenrath<\/p>\n\n\n\n<p class=\"has-small-font-size\">Hackmann, Harmeyer, Hartmann, Hermstein, Hiep, Hitlenk\u00e4mper, Hobelmann, Horstmann<\/p>\n\n\n\n<p class=\"has-small-font-size\">Ibach<\/p>\n\n\n\n<p class=\"has-small-font-size\">Kampmann, Kespohl, Kiesekamp, Knuth, Kotte, Kottmann, Krelage, Kuckuck, Kuhlmann<\/p>\n\n\n\n<p class=\"has-small-font-size\">Laatz, Limber<\/p>\n\n\n\n<p class=\"has-small-font-size\">Maybaum, Mehmert, Meyer, Mohrmann, Moorarend, M\u00f6ller, M\u00f6llmann, Muthert, M\u00fcller<\/p>\n\n\n\n<p class=\"has-small-font-size\">Niemann, Nieporte<\/p>\n\n\n\n<p class=\"has-small-font-size\">Oevermann<\/p>\n\n\n\n<p class=\"has-small-font-size\">Poske<\/p>\n\n\n\n<p class=\"has-small-font-size\">Revermann, Richter, R\u00f6vekamp<\/p>\n\n\n\n<p class=\"has-small-font-size\">Sandmann, Schallenberg, Schilling, Schmidt, Schr\u00f6der, Schulte, Sch\u00fcrmeyer, Schwalenberg, Schwarz, Schwegmann, Sommer, Stelter, Stetefelt, Stuckenberg, Sundermann<\/p>\n\n\n\n<p class=\"has-small-font-size\">Tackenberg, Tellkamp, Temmelmann, Tepker, Thiesing, Timmermann<\/p>\n\n\n\n<p class=\"has-small-font-size\">Vorderhacke<\/p>\n\n\n\n<p class=\"has-small-font-size\">Warning, Weglage, Wessling, Wiehe, Winner, Wirbel, Wonning<\/p>\n\n\n\n<p class=\"has-small-font-size\">zur Horst<\/p>\n<\/div>\n\n\n\n<div class=\"wp-block-column is-layout-flow wp-block-column-is-layout-flow\" style=\"flex-basis:25%\">\n<h3 class=\"wp-block-heading\">Einige Weblinks:<\/h3>\n\n\n\n<p class=\"has-small-font-size\"><a href=\"http:\/\/www.ancestry.de\/\">ancestry.de:<\/a> Eine umfangreiche Seite f\u00fcr Ahnenforschung. Man kann sich (gegen Geb\u00fchr) registrieren und hat dann Zugriff auf viele interessante Datenbanken<\/p>\n\n\n\n<p class=\"has-small-font-size\"><a href=\"http:\/\/forum.transoceanic-emigration.net\/\">Forum \u00dcberseeische Auswanderung:<\/a> Ein sehr gut besuchtes Forum \u00fcber Auswanderer. Viele, viele Beitr\u00e4ge, eine wahre Fundgrube.<\/p>\n\n\n\n<p class=\"has-small-font-size\"><a href=\"http:\/\/www.ellisisland.org\/\">Ellis Island:<\/a> Informationsseite \u00fcber die Einwanderung in die U.S.A. ab dem Jahr 1892, in dem Ellis Island er\u00f6ffnet wurde. Man kann dort auch in einer Datenbank Daten suchen.<\/p>\n\n\n\n<p class=\"has-small-font-size\"><a href=\"http:\/\/www.castlegarden.org\/\">Castle Garden:<\/a> Datenbank mit Einwanderern in die U.S.A. 1820 &#8211; 1892. Hier kamen die Immigranten an, bevor es Ellis Island gab.<\/p>\n\n\n\n<p class=\"has-small-font-size\"><a href=\"http:\/\/www.theshipslist.com\/\">The Ships List:<\/a> eine riesige Menge \u00fcber Auswandererschiffe, Passagierlisten, Schiffe allgemein.<\/p>\n\n\n\n<p class=\"has-small-font-size\"><a href=\"http:\/\/home.att.net\/%7Ewee-monster\/\">German Roots, German Genealogy:<\/a> Eine amerikanische Seite \u00fcber deutsche Genealogie-Quellen. Sehr, sehr umfangreich.<\/p>\n\n\n\n<p class=\"has-small-font-size\"><a href=\"http:\/\/www.findagrave.com\/\">Find a grave:<\/a> Millionen Gr\u00e4ber mit ihren Daten online. Hier fand ich die komplette Lebensgeschichte einer Vorfahrin in den U.S.A. und ihrer Familie.<\/p>\n\n\n\n<p class=\"has-small-font-size\"><a href=\"http:\/\/usgenweb.org\/index.shtml\">USGen Web Project:<\/a> Eine riesige Link- und Infosammlung, unterteilt nach Bundessstaaten. Hier die Seite mit einer Einf\u00fchrung in die Ahnenforschung in den USA.<\/p>\n\n\n\n<p class=\"has-small-font-size\"><a href=\"http:\/\/www.census-online.us\/\">Census Online:<\/a> Datenbank mit Volksz\u00e4hlungsdaten aus den U.S.A.<\/p>\n\n\n\n<p class=\"has-small-font-size\"><a href=\"http:\/\/www.passagierlisten.de\/\">Bremer Passagierlisten:<\/a> Auf der Internetseite des Bremer Ahnenforschervereins &#8222;Die Maus&#8220;.<\/p>\n\n\n\n<p class=\"has-small-font-size\"><a href=\"http:\/\/werften.fischtown.de\/archiv\/auswanderung1.html\">Auswandererhafen Bremerhaven:<\/a> Ende des 19. Jahrhunderts hatten Bremen und Bremerhaven sich zum bedeutendsten europ\u00e4ischen Auswanderungshafen entwickelt.<\/p>\n\n\n\n<p class=\"has-small-font-size\"><a href=\"http:\/\/www.archive.nrw.de\/LandesarchivNRW\/abteilungWestfalen\/BilderKartenLogosDateien\/Auswanderer.pdf\">Genealogie im Staatsarchiv:<\/a> Quellen zu Auswanderern aus Westfalen (pdf)<\/p>\n<\/div>\n<\/div>\n\n\n\n<h2 class=\"wp-block-heading\">Karten und Pl\u00e4ne<\/h2>\n\n\n\n<div class=\"wp-block-columns is-layout-flex wp-container-core-columns-is-layout-9d6595d7 wp-block-columns-is-layout-flex\">\n<div class=\"wp-block-column is-layout-flow wp-block-column-is-layout-flow\" style=\"flex-basis:25%\"><\/div>\n\n\n\n<div class=\"wp-block-column is-layout-flow wp-block-column-is-layout-flow\" style=\"flex-basis:50%\"><\/div>\n\n\n\n<div class=\"wp-block-column is-layout-flow wp-block-column-is-layout-flow\" style=\"flex-basis:25%\"><\/div>\n<\/div>\n\n\n\n<h2 class=\"wp-block-heading\" id=\"Epe-Literatur\">Literatur<\/h2>\n\n\n\n<div class=\"wp-block-columns is-layout-flex wp-container-core-columns-is-layout-9d6595d7 wp-block-columns-is-layout-flex\">\n<div class=\"wp-block-column is-layout-flow wp-block-column-is-layout-flow\" style=\"flex-basis:25%\">\n<h3 class=\"wp-block-heading\">Heimatjahrbuch Osnabr\u00fcck Stadt und Land:<\/h3>\n\n\n\n<p class=\"has-small-font-size\">1978: Kloster Malgarten (Hans Krullmann), S. 57<\/p>\n\n\n\n<p class=\"has-small-font-size\">2006: Ein neues Kloster f\u00fcr die Schwestern (N. Ellermann \/ M. J. Hurst), S. 126<\/p>\n\n\n\n<h3 class=\"wp-block-heading\">Heimatkalender f\u00fcr den Kreis Bersenbr\u00fcck<\/h3>\n\n\n\n<p class=\"has-small-font-size\"><strong>1963:<\/strong> Bei uns daheim klingt eine alte M\u00e4r &#8230; Werner Dobelmann, S. 133<\/p>\n<\/div>\n\n\n\n<div class=\"wp-block-column is-layout-flow wp-block-column-is-layout-flow\" style=\"flex-basis:50%\">\n<p class=\"has-small-font-size\">Eckelmann, Elfi: Eckelmann, Der Versuch einer genealogischen Darstellung, Freiburg 2004<\/p>\n\n\n\n<p class=\"has-small-font-size\">Frankamp, Rudolf (1857-1921): &#8222;Aus der Jugendzeit&#8220;, Erz\u00e4hlungen aus Epe, Dissen<\/p>\n\n\n\n<p class=\"has-small-font-size\">Gosmann, Heinrich: \u201eEpe \u2013 Chronik einer Landgemeinde\u201c, Bramsche 1994<\/p>\n\n\n\n<p class=\"has-small-font-size\">Gosmann, Heinrich und Schneider, Hans-G\u00fcnther: \u201eKloster Malgarten\u201c, Schnell, Kunstf\u00fchrer Nr.1727, 1988<\/p>\n\n\n\n<p class=\"has-small-font-size\">Grahle, H. O. und H. Schneekloth: Der Darnsee bei Bramsche. Bramsche 1963<\/p>\n\n\n\n<p class=\"has-small-font-size\">Piesch, Gerd-Ulrich: Kl\u00f6ster und Stifte im Osnabr\u00fccker Land. Gro\u00dfe Kunstf\u00fchrer, Band 218. Regensburg 2006<\/p>\n\n\n\n<p class=\"has-small-font-size\">Vor dem Berge, Werner: \u201e100 Jahrg\u00e4nge der Eper Schulen\u201c (Geburtsjahre 1887-1987), Eine Schulgeschichte in Bildern zum 800j\u00e4hrigen Jubil\u00e4um der Gemeinde Epe, Bramsche 1994<\/p>\n\n\n\n<p class=\"has-small-font-size\">Wermert, Georg, Dr. phil. (1856-1908): &#8222;Herminnerk&#8220;, autobiographischer Roman, Leipzig 1907<\/p>\n\n\n\n<h3 class=\"wp-block-heading\">Osnabr\u00fccker Mitteilungen:<\/h3>\n\n\n\n<p class=\"has-small-font-size\">Forst, H.: Das Kloster Malgarten vom 15. Jahrhundert bis zu seiner Aufhebung, in: OsnMitt 15, 1890, S. 165<\/p>\n\n\n\n<p class=\"has-small-font-size\">Schuler, Th.: Zur Gr\u00fcndung der Kl\u00f6ster in Essen (Oldenburg) und in Malgarten, in: Osnabr\u00fccker Mitteilungen (OsnMitt) 89, 1983, S. 174<\/p>\n\n\n\n<p class=\"has-small-font-size\">Sudendorf, Julius: Der Darnsee, in: OsnMitt 1, 1848, S. 237<\/p>\n\n\n\n<p class=\"has-small-font-size\">Sudendorf, H.: Die Kl\u00f6ster Essen und Malgarten, in: OsnMitt 1, 1848, S. 27<\/p>\n\n\n\n<p class=\"has-small-font-size\">Sudendorf, H.: Die Kl\u00f6ster Essen und Malgarten. Fortsetzung, in: OsnMitt 2, 1850, S. 20<\/p>\n\n\n\n<p class=\"has-small-font-size\">Sudendorf, Julius: Der Darnsee, in: OsnMitt 1, 1848, S. 237<\/p>\n\n\n\n<h3 class=\"wp-block-heading\">Am heimatlichen Herd \u2013 Heimatblatt<\/h3>\n\n\n\n<p class=\"has-small-font-size\">Dobelmann, Werner: Malgarten \u2013 ein k\u00f6stliches Kleinod, in: Heimatblatt 4 (1953), Nr. 13 (November 1953).<\/p>\n\n\n\n<p class=\"has-small-font-size\">Dobelmann, Werner: Die Markenteilungen im Amte V\u00f6rden, in: Heimatblatt 4 (1953), Nr. 14 (Dezember 1953)<\/p>\n\n\n\n<p class=\"has-small-font-size\">Dobelmann, Werner: Die Eper Mark. Im Mittelalter ein unentbehrlicher Bestandteil der b\u00e4uerlichen Wirtschaft, in: Heimatblatt 7 (1956), Nr. 2 (Februar 1956).<\/p>\n\n\n\n<p class=\"has-small-font-size\">Dobelmann, Werner: Der Besitz des Klosters Malgarten in Epe, in: Heimatblatt 7 (1956), Nr. 3 (M\u00e4rz 1956).<\/p>\n\n\n\n<p class=\"has-small-font-size\">Gosmann, Heinrich: Einige Streiflichter aus der Geschichte des acht Jahrhunderte alten Epe, in: Am heimatlichen Herd, August 1994<\/p>\n<\/div>\n\n\n\n<div class=\"wp-block-column is-layout-flow wp-block-column-is-layout-flow\" style=\"flex-basis:25%\">\n<h3 class=\"wp-block-heading\">In: Heimatjahrbuch Osnabr\u00fccker Land<\/h3>\n\n\n\n<p class=\"has-small-font-size\">Feige, Bernhard: Kloster Malgarten &#8211; eine katholische Enklave in evangelischer Umgebung, 2000, S.29 ff.<\/p>\n\n\n\n<p class=\"has-small-font-size\">Feige, Bernhard: Die Hintergr\u00fcnde der Sage vom versunkenen Teufelskloster in Bramsche oder: Die Geschichte des Darnsees, 2000, S. 201.<\/p>\n\n\n\n<p class=\"has-small-font-size\">Gosmann, Heinrich: Die Aufl\u00f6sung des Klosters Malgarten, 1990, S.61 ff.<\/p>\n\n\n\n<p class=\"has-small-font-size\">Kramer, Monika, Neu entdeckte Arbeiten aus der Werkstatt J\u00f6llemann. Die barocke Innenausstattung der <strong>Malgartener<\/strong> Klosterkirche, 1991, S. 229<\/p>\n\n\n\n<p class=\"has-small-font-size\">Gosmann, Heinrich: Der Uthof in Malgarten, 1991, S. 290 ff.<\/p>\n\n\n\n<p class=\"has-small-font-size\">Gosmann, Heinrich: Die gewaltsame Entf\u00fchrung des ev. Frl. von Breuneck in Quakenbr\u00fcck und ihre Verschleppung ins Kloster Malgarten, 1992, S. 129 ff.<\/p>\n\n\n\n<p class=\"has-small-font-size\">Kramer, Monika, Das Bildprogramm des sp\u00e4tbarocken Stuckreliefs in der Klosterkirche Malgarten, 1992, S. 229<\/p>\n\n\n\n<p class=\"has-small-font-size\">Kramer, Monika, Frauenleben im Damenkonvent Malgarten 1694-1787, 1993, S. 35<\/p>\n\n\n\n<p class=\"has-small-font-size\">Gosmann, Heinrich: Epe &#8211; 800 Jahre alt, 1995, S. 102 ff.<\/p>\n\n\n\n<p class=\"has-small-font-size\">Kramer, Monika, \u00dcber die Entdeckung und Wiederherstellung mittelalterlicher Wandmalereien im Kloster Malgarten, 1995, S. 256 ff.<\/p>\n\n\n\n<p class=\"has-small-font-size\">zu Hoene. Otto, Prof. Dr.: Das Kloster Malgarten und der Schulte zu Langelage, 1996, S. 122 ff.<\/p>\n\n\n\n<p class=\"has-small-font-size\">Feige, Bernhard: Kloster Malgarten &#8211; eine katholische Enklave in evangelischer Umgebung, 2000, S. 29<\/p>\n\n\n\n<p class=\"has-small-font-size\">2013: Vor 100 Jahren &#8211; Gedenkfeiern zur V\u00f6lkerschlacht bei Leipzig im Raum Bramsche (Walter Brockmann), S. 82)<\/p>\n<\/div>\n<\/div>\n\n\n\n<h2 class=\"wp-block-heading\" id=\"Epe-Suchanfragen\">Suchanfragen<\/h2>\n\n\n\n<div class=\"wp-block-columns is-layout-flex wp-container-core-columns-is-layout-9d6595d7 wp-block-columns-is-layout-flex\">\n<div class=\"wp-block-column is-layout-flow wp-block-column-is-layout-flow\" style=\"flex-basis:25%\"><\/div>\n\n\n\n<div class=\"wp-block-column is-layout-flow wp-block-column-is-layout-flow\" style=\"flex-basis:50%\">\n<h3 class=\"wp-block-heading\">M\u00f6chten Sie auch eine Anfrage ver\u00f6ffentlichen?<\/h3>\n\n\n\n<p class=\"has-small-font-size\"><strong>Wenn jemand genealogische Kontakte kn\u00fcpfen m\u00f6chte oder Hilfe bei einem schwierigen Fall ben\u00f6tigt, ver\u00f6ffentlichen wir hier gern eine Anfrage.<\/strong><\/p>\n\n\n\n<p class=\"has-small-font-size\">Hier k\u00f6nnen Sie uns Ihre Suchanfrage \u00fcbermitteln:<\/p>\n\n\n\n<p class=\"has-small-font-size\">Sie k\u00f6nnen uns eine E-Mail mit Ihrer Suchanfrage schicken: <a href=\"mailto:admin@te-gen.de\">admin@te-gen.de<\/a> Bitte tragen Sie in die Mail ein, nach welchen Personen oder Namen Sie suchen, in welchem Ort Sie suchen, wenn Sie m\u00f6chten, Ihren Namen, welche Daten (Geburt, Heirat, Tod, andere) Ihnen vorliegen. Wenigstens ein Zeitraum w\u00e4re gut. Wir werden Ihre Anfrage dann an dieser Stelle ver\u00f6ffentlichen. Bitte beachten Sie, dass dies einige Tage dauern kann. Ihre Anfrage wird automatisch auch an unsere Mailingliste weitergeleitet.<\/p>\n<\/div>\n\n\n\n<div class=\"wp-block-column is-layout-flow wp-block-column-is-layout-flow\" style=\"flex-basis:25%\">\n<p><img loading=\"lazy\" decoding=\"async\" src=\"https:\/\/familienforschung-tecklenburger-land.de\/files\/Tecklenburger-Familienforschung\/OSNABRUECK\/Epe\/111Bild24.jpg\" alt=\"\" width=\"230\" height=\"323\"><\/p>\n\n\n\n<p class=\"has-small-font-size\">Malgarten Klosterkirche (Bild: Wikicommons, Corradox)<\/p>\n<\/div>\n<\/div>\n","protected":false},"excerpt":{"rendered":"<p>Ausfl\u00fcge in die Geschichte: Kloster Malgarten Die Seiten \u00fcber Epe wurden zusammengestellt von Heinrich Gosmann. Kloster Malgarten (Bild: Wikicommons, Sail over) Zur Geschichte Der Name scheint abgeleitet von &#8222;apa&#8220;, was soviel wie Wasser bedeutet. Die Gemarkung Epe hat eine Gr\u00f6\u00dfe von etwa 1.450 ha und ist heute wie fr\u00fcher landwirtschaftlich gepr\u00e4gt. Von insgesamt 41 landwirtschaftlichen&#8230;<\/p>\n","protected":false},"author":4,"featured_media":0,"parent":0,"menu_order":57,"comment_status":"closed","ping_status":"closed","template":"","meta":{"_coblocks_attr":"","_coblocks_dimensions":"","_coblocks_responsive_height":"","_coblocks_accordion_ie_support":"","footnotes":""},"class_list":["post-356","page","type-page","status-publish","hentry"],"_links":{"self":[{"href":"https:\/\/familienforschung-tecklenburger-land.de\/index.php?rest_route=\/wp\/v2\/pages\/356","targetHints":{"allow":["GET"]}}],"collection":[{"href":"https:\/\/familienforschung-tecklenburger-land.de\/index.php?rest_route=\/wp\/v2\/pages"}],"about":[{"href":"https:\/\/familienforschung-tecklenburger-land.de\/index.php?rest_route=\/wp\/v2\/types\/page"}],"author":[{"embeddable":true,"href":"https:\/\/familienforschung-tecklenburger-land.de\/index.php?rest_route=\/wp\/v2\/users\/4"}],"replies":[{"embeddable":true,"href":"https:\/\/familienforschung-tecklenburger-land.de\/index.php?rest_route=%2Fwp%2Fv2%2Fcomments&post=356"}],"version-history":[{"count":5,"href":"https:\/\/familienforschung-tecklenburger-land.de\/index.php?rest_route=\/wp\/v2\/pages\/356\/revisions"}],"predecessor-version":[{"id":3245,"href":"https:\/\/familienforschung-tecklenburger-land.de\/index.php?rest_route=\/wp\/v2\/pages\/356\/revisions\/3245"}],"wp:attachment":[{"href":"https:\/\/familienforschung-tecklenburger-land.de\/index.php?rest_route=%2Fwp%2Fv2%2Fmedia&parent=356"}],"curies":[{"name":"wp","href":"https:\/\/api.w.org\/{rel}","templated":true}]}}