{"id":350,"date":"2023-02-26T19:04:23","date_gmt":"2023-02-26T18:04:23","guid":{"rendered":"https:\/\/familienforschung-tecklenburger-land.de\/?page_id=350"},"modified":"2023-08-02T12:18:14","modified_gmt":"2023-08-02T11:18:14","slug":"bramsche","status":"publish","type":"page","link":"https:\/\/familienforschung-tecklenburger-land.de\/?page_id=350","title":{"rendered":"Bramsche"},"content":{"rendered":"\n<div class=\"wp-block-columns is-layout-flex wp-container-core-columns-is-layout-9d6595d7 wp-block-columns-is-layout-flex\">\n<div class=\"wp-block-column is-layout-flow wp-block-column-is-layout-flow\" style=\"flex-basis:25%\">\n<p class=\"has-small-font-size\"><strong>Die Seiten \u00fcber Bramsche wurden zusammengestellt von Heinrich Gosmann.<\/strong><\/p>\n\n\n\n<h3 class=\"wp-block-heading\">Weiteres vor Ort:<\/h3>\n\n\n\n<p class=\"has-small-font-size\"><a href=\"http:\/\/www.hvv-bramsche.de\">Heimat und Verkehrsverein Bramsche<\/a><\/p>\n\n\n\n<p class=\"has-small-font-size\"><strong>Stadtmarketing Bramsche GmbH<\/strong><br>Maschstr. 9<br>49565 Bramsche<br>Tel. 05461-93550, <a href=\"mailto:stadtmarketing@bramsche.de\">E-Mail<\/a><br><br><strong>Tourist-Info im Tuchmacher Museum<\/strong><br>M\u00fchlenort 6<br>49565 Bramsche<br>Tel. 05461-945116, <a href=\"mailto:tuchmachermuseum@bramsche.de\">E-Mail<\/a><\/p>\n\n\n\n<h3 class=\"wp-block-heading\">Ausfl\u00fcge in die Geschichte:<\/h3>\n\n\n\n<p class=\"has-small-font-size\">Das 1997 er\u00f6ffnete <a href=\"http:\/\/www.tuchmachermuseum.de\">Tuchmachermuseum <\/a>Bramsche zeigt auf eindrucksvolle Weise das fr\u00fchere Wirken der hiesigen Tuchmacher.<br><br>Seit vielen Jahren sammelt <strong>Rolf Hammerschmidt<\/strong>, 2008 mit der Verdienstmedaille der Bundesrepublik Deutschland ausgezeichnet, Exponate aus der Natur und stellt diese in seinem kleinen Museum in einem Anbau seines Hauses aus. Kinder und Jugendliche k\u00f6nnen ihn dort besuchen oder mit ihm Exkursionen ins Bramscher Umland unternehmen.<\/p>\n\n\n\n<p class=\"has-small-font-size\"><a href=\"http:\/\/www.bramsche.de\/staticsite\/staticsite.php?menuid=519&amp;topmenu=78&amp;keepmenu=inactive\">Wanderwege um Bramsche<\/a><br><\/p>\n\n\n\n<h3 class=\"wp-block-heading\">Bramscher Richter:<\/h3>\n\n\n\n<ul class=\"wp-block-list\">\n<li class=\"has-small-font-size\">1318 Johann Blome<\/li>\n\n\n\n<li class=\"has-small-font-size\">1376 L\u00fcbbert Meyer<\/li>\n\n\n\n<li class=\"has-small-font-size\">1441, 1451 Ludeke de Meyger<\/li>\n\n\n\n<li class=\"has-small-font-size\">1514, 1518 Lubbert Meyger<\/li>\n\n\n\n<li class=\"has-small-font-size\">1556 Johann Meyer<\/li>\n\n\n\n<li class=\"has-small-font-size\">1620, 1657 Johann Henrich Molan, Richter und Gograf zu V\u00f6rden und Bramsche<\/li>\n\n\n\n<li class=\"has-small-font-size\">1667, 1680 Dr. Johann Kl\u00f6vekorn, Richter und Gograf zu V\u00f6rden und Bramsche<\/li>\n\n\n\n<li class=\"has-small-font-size\">1683, 1692 Otto Heinrich D\u00fccker, Richter zu Bramsche und V\u00f6rden<\/li>\n\n\n\n<li class=\"has-small-font-size\">1692 Dunker, Richter und Gograf zu V\u00f6rden und Bramsche<\/li>\n\n\n\n<li class=\"has-small-font-size\">1692, 1695 Johann Ameling Kl\u00f6vekorn, Richter zu Bramsche<\/li>\n\n\n\n<li class=\"has-small-font-size\">1731, 1762 Dr. Redeker, Richter und Gograf zu V\u00f6rden und Bramsche<\/li>\n<\/ul>\n\n\n\n<h3 class=\"wp-block-heading\">B\u00fcrgermeister:<\/h3>\n\n\n\n<p><strong>B\u00fcrgermeister (ehrenamtlich)<\/strong><\/p>\n\n\n\n<ul class=\"wp-block-list\">\n<li class=\"has-small-font-size\">1818-1828 Heinrich Rudolph Sanders<\/li>\n\n\n\n<li class=\"has-small-font-size\">1828-1830 Friedrich Wilhelm Wachtmann<\/li>\n\n\n\n<li class=\"has-small-font-size\">1830-1849 Daniel Friedrich Ahlhausen<\/li>\n\n\n\n<li class=\"has-small-font-size\">(1845-1855 Johann Hermann Wilhelm Feldhausen)<\/li>\n\n\n\n<li class=\"has-small-font-size\">1849-1855 Rudolph Wilbrandt P\u00f6rtner<\/li>\n\n\n\n<li class=\"has-small-font-size\">1855-1867 Johann Rudolph Meyer<\/li>\n\n\n\n<li class=\"has-small-font-size\">1867-1873 Johann Gabriel K\u00fcnsem\u00fcller<\/li>\n\n\n\n<li class=\"has-small-font-size\">1873-1894 Heinrich Rudolph Piesbergen<\/li>\n<\/ul>\n\n\n\n<p><strong>B\u00fcrgermeister (hauptamtlich)<\/strong><\/p>\n\n\n\n<ul class=\"wp-block-list\">\n<li class=\"has-small-font-size\">1894-1902 K\u00f6hler<\/li>\n\n\n\n<li class=\"has-small-font-size\">1902-1904 Franz Zitzlaff<\/li>\n\n\n\n<li class=\"has-small-font-size\">1904-1908 Gerloff<\/li>\n\n\n\n<li class=\"has-small-font-size\">1908-1918 Dr. Erich Eckels<\/li>\n\n\n\n<li class=\"has-small-font-size\">1918 Dr. Hans-Wilhelm Schrader (SPD)<\/li>\n\n\n\n<li class=\"has-small-font-size\">1919- 1933 Heinrich Beerbom (parteilos) , 1933 beurlaubt<\/li>\n\n\n\n<li class=\"has-small-font-size\">1934-1945 August Gausmann (NSDAP), 1933 kommissarisch<\/li>\n\n\n\n<li class=\"has-small-font-size\">1945-1946 Heinrich Beerbom (parteilos)<\/li>\n\n\n\n<li class=\"has-small-font-size\">1946-1957 Heinrich Hofrichter (SPD)<\/li>\n\n\n\n<li class=\"has-small-font-size\">1957-1958 Wilhelm Friedrichs (SPD)<\/li>\n\n\n\n<li class=\"has-small-font-size\">1958-1971 Alfred Purmann (SPD)<\/li>\n\n\n\n<li class=\"has-small-font-size\">1971-1985 Lothar Lewandowsky (SPD)<\/li>\n\n\n\n<li class=\"has-small-font-size\">1985-2001 Ewald Fisse (SPD)<\/li>\n\n\n\n<li class=\"has-small-font-size\">2001-2014 Liesel H\u00f6ltermann (SPD)<\/li>\n\n\n\n<li class=\"has-small-font-size\">seit 2014 Heiner Pahlmann (SPD)<\/li>\n<\/ul>\n\n\n\n<figure class=\"wp-block-image\"><img decoding=\"async\" src=\"https:\/\/familienforschung-tecklenburger-land.de\/files\/Tecklenburger-Familienforschung\/OSNABRUECK\/Bramsche\/Gosmann-Bild49.jpg\" alt=\"\"\/><\/figure>\n<\/div>\n\n\n\n<div class=\"wp-block-column is-layout-flow wp-block-column-is-layout-flow\" style=\"flex-basis:50%\">\n<h2 class=\"wp-block-heading\" id=\"Bramsche-Geschichte\">Zur Geschichte<\/h2>\n\n\n\n<p class=\"has-small-font-size\">Bramsche leitet sich von \u201eBram-Esch\u201c ab, wobei \u201eBram\u201c f\u00fcr den gelbbl\u00fchenden Ginster, dem Bramgestr\u00fcpp steht und \u201eEsch\u201c den Acker bezeichnet; Bramsche also die von Ginsterb\u00fcschen umgebenen Ackerflur bedeutet.<br>Die sp\u00e4tere Tuchmacherstadt Bramsche entstand an der Hasefuhrt in der Penter Gemarkung. Mit der Christianisierung um 800 wurde diese wichtige Stra\u00dfen- und Flu\u00dfkreuzung mit einem Meyerhof gesichert. Zu der kleinen Weilersiedlung geh\u00f6rten die H\u00f6fe M\u00f6llman und Frye, die einzigen Bramscher H\u00f6fe.<br>Bramsche, seit 1615\/1617 Flecken Bramsche, eine Bezeichnung f\u00fcr eine kleinere, aber lokal bedeutende Ansiedlung, 1818 Weichbild Bramsche, wurde 1929 Stadt Bramsche.<\/p>\n\n\n\n<p class=\"has-small-font-size\"><strong>8000 v. Chr.<\/strong> Funde von Kleinsteinger\u00e4te zeugen von einem Siedlungsplatz in dieser Zeit.<\/p>\n\n\n\n<p class=\"has-small-font-size\"><strong>1097<\/strong> erste Erw\u00e4hnung des Kirchdorf Bramsche.<\/p>\n\n\n\n<p class=\"has-small-font-size\"><strong>Um 1200<\/strong> Bau der St-Martin-Kirche.<\/p>\n\n\n\n<p class=\"has-small-font-size\"><strong>1275<\/strong> Verlegung des St. Sylvesterkapitels von Quakenbr\u00fcck nach Bramsche. Es bestand hier bis 1489.<\/p>\n\n\n\n<p class=\"has-small-font-size\"><strong>1458<\/strong> nach dem Viehschatzregister gab es 32 viehhaltende Personen.<\/p>\n\n\n\n<p class=\"has-small-font-size\"><strong>1512<\/strong> sind 87 Haushaltungen verzeichnet. Es gab 7 Schneider, 2 Schuhmacher und je einen Holzschuhmacher, B\u00e4cker, B\u00f6ttcher, Redeker, Pelzer, Hutmacher, Messerschmied und Kr\u00e4mer.<\/p>\n\n\n\n<p class=\"has-small-font-size\"><strong>1552<\/strong> stirbt der um 1490 in Bramsche geborene Magister Jacob Gresel, Professor der Universit\u00e4t K\u00f6ln und Kanonikus zu Rees am Rhein, und verf\u00fcgt in seinem Testament Geld f\u00fcr ein Sichenhaus f\u00fcr Bramsche und eine Schule.<\/p>\n\n\n\n<p class=\"has-small-font-size\"><strong>1552<\/strong> bei einem Unwetter bricht der Turm der St. Martin-Kirche zusammen.<\/p>\n\n\n\n<p class=\"has-small-font-size\"><strong>1560<\/strong> werden 69 viehhaltende Haushaltungen und 19 Familien ohne Vieh oder arm genannt. Es sind 15 gro\u00dfe und 5 kleine Knechte sowie 7 gro\u00dfe und eine kleine Magd verzeichnet. Es gab 64 Pferde, 183 K\u00fche, 85 Rinder und 346 Schweine.<\/p>\n\n\n\n<p class=\"has-small-font-size\"><strong>1569<\/strong> ein Brand, beginnend im Pfarrhaus, zerst\u00f6rt 18 Wohnh\u00e4user an der M\u00fcnsterstra\u00dfe.<\/p>\n\n\n\n<p class=\"has-small-font-size\"><strong>1570<\/strong> lie\u00dfen die Bramscher 150 K\u00fche in der Schleptruper Mark weiden.<\/p>\n\n\n\n<p class=\"has-small-font-size\"><strong>1572<\/strong> Um diese Zeit entstand die Innung der Wollweber. 1585 erhielten sie ihren ersten Gildebrief und erlangten 1612 gr\u00f6\u00dftes Ansehen (Meister: 1612-29, 1767-37, 1781-46, 1815-105, 1824-150, 1873-66, 1885-15(?), 1955-13).<\/p>\n\n\n\n<p class=\"has-small-font-size\"><strong>Nach 1574<\/strong> starben 444 Menschen in Bramsche an der Pest.<br>Am 25. Oktober 1590 (1592) \u00fcberfiel Kort Grothaus mit 60 Reitern Bramsche, misshandelte und ermordete Menschen, pl\u00fcnderte die Kirche, den Meyerhof und H\u00e4user in und um Bramsche und raubte 187 K\u00fche, 7 Rinder, 9 Pferde, 3 Fohlen, 40 fette Schweine, viel Geld und anderes Gut, einSchaden von zusammen etwa 3400 T..<\/p>\n\n\n\n<p class=\"has-small-font-size\"><strong>1583<\/strong> bestand bereits die Schuhmachergilde.<\/p>\n\n\n\n<p class=\"has-small-font-size\"><strong>1591<\/strong> Die Schlacht im Gehn. Als sich 900 Bauern den Spaniern entgegenstellten, wurden 300 erschlagen. Bramsche wurde anschlie\u00dfend ausgepl\u00fcndert.<\/p>\n\n\n\n<p class=\"has-small-font-size\"><strong>1599<\/strong> bei 54 Raubz\u00fcgen in diesem Jahr entstand ein Schaden von rund 10.000 T..<\/p>\n\n\n\n<p class=\"has-small-font-size\"><strong>1604<\/strong> \u00fcberfallen 271 staatische Reiter Bramsche und richten einen Schaden von 650 T. an.<\/p>\n\n\n\n<p class=\"has-small-font-size\"><strong>1607<\/strong> fanden schon 2 Jahr- und Viehm\u00e4rkte in Bramsche statt, am 1. Freitag nach Himmelfahrt und im Herbst.<\/p>\n\n\n\n<p class=\"has-small-font-size\"><strong>1609<\/strong> pl\u00fcnderten 50 spanische Reiter und 600 Fu\u00dfknechte Bramsche und erpressten 3000 T..<\/p>\n\n\n\n<p class=\"has-small-font-size\"><strong>1615<\/strong> erhielten die Kaufleute und Kr\u00e4mer ihren Gildebrief. Die Aufhebung des Krameramtes erfolgte 1871.<\/p>\n\n\n\n<p class=\"has-small-font-size\"><strong>1617<\/strong> wird die B\u00e4ckergilde genannt.<\/p>\n\n\n\n<p class=\"has-small-font-size\"><strong>1626<\/strong> starben in Bramsche und den Bauerschaften 600, nach anderer Nachricht 350 Menschen am Blutgange (Ruhr).<\/p>\n\n\n\n<p class=\"has-small-font-size\"><strong>1636<\/strong> Die Pest fordert 1400 Opfer im Kirchspiel Bramsche.<\/p>\n\n\n\n<p class=\"has-small-font-size\"><strong>1648<\/strong> bezeugen 15 achtbare M\u00e4nner der Gemeinde, das am 1. Januar 1624 der Gottesdienst und die \u00f6ffentliche Lehre zu Bramsche in allen Punkten lutherisch gewesen sei. Damit wurde die Bramscher Kirche den lutherischen Christen zugeschlagen.<\/p>\n\n\n\n<p class=\"has-small-font-size\"><strong>1667<\/strong> gab es 149 Haupt- und Nebenfeuerstellen, darunter 95 H\u00e4user von Handwerkern und Kaufleuten. Es gab 9 Kauf- und Handelsleute, 5 Kr\u00e4mer oder H\u00f6ckerer, 25 Bierbrauer, 4 Bierzapfer, 1 Brandweinbrenner, 4 B\u00e4cker, 7 Schmiede, 12 Schuster, 4 Schneider, 16 Wollweber, 2 Zimmerleute, 1 Sagensnider, 1 B\u00f6tticher, 3 Drechsler, 1 Stuhlmacher, 1 Tischler und 1 Schreiner.<\/p>\n\n\n\n<p class=\"has-small-font-size\"><strong>1696<\/strong> entstand f\u00fcr \u00fcber 1836 T. die sogenannte Neue Kirche, die Verbreiterung der St. Martin-Kirche.<\/p>\n\n\n\n<p class=\"has-small-font-size\">1<strong>698-1700<\/strong> Hungersnot in Bramsche.<\/p>\n\n\n\n<p class=\"has-small-font-size\"><strong>1725<\/strong> gab es in Bramsche 18 Wirtsh\u00e4user.<\/p>\n\n\n\n<p class=\"has-small-font-size\"><strong>1726<\/strong> Bau der Hasebr\u00fccke Auf dem Damm.<\/p>\n\n\n\n<p class=\"has-small-font-size\"><strong>17.09.1752<\/strong> gegen 11:00 Uhr brennen innerhalb von 2 Stunden 23 Wohnh\u00e4user in der Bramscher Neustadt&nbsp; ab.<\/p>\n\n\n\n<p class=\"has-small-font-size\"><strong>10.08.1758<\/strong> gegen 14:00 Uhr brannten erneut 23 H\u00e4user in Bramsche ab. Diesmal waren die H\u00e4user jedoch versichert.<\/p>\n\n\n\n<p class=\"has-small-font-size\"><strong>1766<\/strong> Bramsche wird Weichbild (Wigbold).<\/p>\n\n\n\n<p class=\"has-small-font-size\"><strong>1770<\/strong> Er\u00f6ffnung der Bramscher Legge.<\/p>\n\n\n\n<p class=\"has-small-font-size\"><strong>1771:<\/strong> In einem neuen F\u00e4rberhaus der Tuchmachergilde entwickelte und f\u00e4rbte der Sch\u00f6nf\u00e4rber und Lagermeister Andreas Wolff in einem zinnernen F\u00e4rbekessel das leuchtende &#8222;Bramscher Rot&#8220;, das eine gewisse Ber\u00fchmtheit erlangte.<\/p>\n\n\n\n<p class=\"has-small-font-size\"><strong>1778<\/strong> wurden die Z\u00fcnfte der Hutmacher, Wei\u00dfgerber und Tischler zu einem Amt verordnet.<\/p>\n\n\n\n<p class=\"has-small-font-size\"><strong>1779<\/strong> Neubau der Schule f\u00fcr 825 Taler.<\/p>\n\n\n\n<p class=\"has-small-font-size\"><strong>25.\/26.03.1781<\/strong> wurden 18 H\u00e4user in Asche gelegt, wobei 2 Menschen verbrannten.<\/p>\n\n\n\n<p class=\"has-small-font-size\"><strong>1790<\/strong> erh\u00e4lt Bramsche eine Postamt.<\/p>\n\n\n\n<p class=\"has-small-font-size\"><strong>1805<\/strong> die Franzosen ziehen aus Bramsche ab.<\/p>\n\n\n\n<p class=\"has-small-font-size\"><strong>1808 <\/strong>Nach einem Vergleich mit Pente erhielt Bramsche den kleinen Masch und den n\u00f6rdlichen Teil des gro\u00dfen Masches zugesprochen und damit erstmals eigenen Besitz in der Penter Mark.<\/p>\n\n\n\n<p class=\"has-small-font-size\"><strong>1818<\/strong> erh\u00e4lt Bramsche die wirkliche Weichbildsgerechtigkeit.<\/p>\n\n\n\n<p class=\"has-small-font-size\"><strong>1839<\/strong> Gr\u00fcndung des landwirtschaftlichen Vereins Bramsche und die Hauptstra\u00dfe erh\u00e4lt 12 Laternen als Stra\u00dfenbeleuchtung.<\/p>\n\n\n\n<p class=\"has-small-font-size\"><strong>1843<\/strong> errichtete der Kaufmann Piesbergen die erste Tuchfabrik mit Dampfmaschine.<\/p>\n\n\n\n<p class=\"has-small-font-size\"><strong>1847<\/strong> reisen 125 Personen und 1848 weitere 219 Personen aus dem Raum Bramsche nach Port Natal in S\u00fcdafrika und gr\u00fcnden sp\u00e4ter in der N\u00e4he von Durban die Siedlung \u201eNeudeutschland\u201c, sp\u00e4ter New Germany.<\/p>\n\n\n\n<p class=\"has-small-font-size\"><strong>1853-1855<\/strong> Neubau der Volks- und Mittelschule.<\/p>\n\n\n\n<p class=\"has-small-font-size\"><strong>1856<\/strong> gab es in Bramsche 156 K\u00fche.<\/p>\n\n\n\n<p class=\"has-small-font-size\"><strong>1863<\/strong> Er\u00f6ffnung einer Telegrafenstation in Bramsche.<\/p>\n\n\n\n<p class=\"has-small-font-size\"><strong>1868<\/strong> Die erste mechanische Leinenweberei in Bramsche besch\u00e4ftigte 60 Arbeiter an 53 Webst\u00fchlen. Insgesamt arbeiten in der Wollwarenfabrikation etwa 350 Personen, die Waren im gesch\u00e4tzten Wert von 250.000 Taler produzierten.<\/p>\n\n\n\n<p class=\"has-small-font-size\"><strong>1870<\/strong> Errichtung einer Gasanstalt.<\/p>\n\n\n\n<p class=\"has-small-font-size\"><strong>1871\/72<\/strong> Im Deutsch-Franz\u00f6sischen Krieg fielen 12 Bramscher.<\/p>\n\n\n\n<p class=\"has-small-font-size\"><strong>1872<\/strong> Einrichtung eines Krankenhauses, Anbauten 1887, 1889.<\/p>\n\n\n\n<p class=\"has-small-font-size\"><strong>1876<\/strong> Fertigstellung der Eisenbahnstrecke Quakenbr\u00fcck-Bramsche-Osnabr\u00fcck.<br>Gr\u00fcndung einer Ortsgruppe des Allgemeinen Deutschen Arbeitervereins.<\/p>\n\n\n\n<p class=\"has-small-font-size\"><strong>1881<\/strong> Gr\u00fcndung eines Konsumverein, dem sp\u00e4teren Arbeiter-Haushaltsverein.<\/p>\n\n\n\n<p class=\"has-small-font-size\"><strong>1886<\/strong> Errichtung einer kath. Kapelle in Bramsche die 1944 durch Bomben zerst\u00f6rt wurde.<\/p>\n\n\n\n<p class=\"has-small-font-size\"><strong>1891<\/strong> Nach Ankauf des Meyerhofes 1889, entstand hier die Meyerhofschule, 1911 der s\u00fcdliche Anbau und 1903 die Turnhalle.<\/p>\n\n\n\n<p class=\"has-small-font-size\"><strong>1892<\/strong> Gr\u00fcndung der Spar- und Darlehnskasse Bramsche.<\/p>\n\n\n\n<p class=\"has-small-font-size\"><strong>Am 1. Mai 1900<\/strong> er\u00f6ffnete die Bahnlinie nach Vechta und Delmenhorst.<\/p>\n\n\n\n<p class=\"has-small-font-size\"><strong>1905<\/strong> entstand die kath. Volksschule (Martinusschule), Erweiterung 1962.<\/p>\n\n\n\n<p class=\"has-small-font-size\"><strong>1906<\/strong> Der Streik der Bramscher Textilarbeiter dauert 22 Wochen.<\/p>\n\n\n\n<p class=\"has-small-font-size\"><strong>1911<\/strong> Eingemeindung von 105 ha und 610 Einwohner von Pente bis an den Kanal, darunter 65 landwirtschaftliche Betriebe: 56 unter 5 ha, 7 H\u00f6fe auf der Sandwisch 6-10 ha, den Hof Gastvogel bei der Sandwisch (11-20 ha) und den Meyerhof zu Strohe mit \u00fcber 20 ha.<\/p>\n\n\n\n<p class=\"has-small-font-size\"><strong>1913<\/strong> Bau des Wasserwerkes.<br>Mit dem Erwerb eines Grundst\u00fccks zum Bau von 38 H\u00e4usern in den sogenannten \u201eBramscher Tannen\u201c durch den Gemeinn\u00fctzigen Bauverein kam die Geburtsstunde der Gartenstadt.<\/p>\n\n\n\n<p class=\"has-small-font-size\"><strong>1914<\/strong> Beginn der \u00f6ffentlichen Stromversorgung.<\/p>\n\n\n\n<p class=\"has-small-font-size\"><strong>1914-18<\/strong> Im 1. Weltkrieg hatte Bramsche den Verlust von 167 Gefallenen zu beklagen.<\/p>\n\n\n\n<p class=\"has-small-font-size\"><strong>1915<\/strong> Ein Teilst\u00fcck des Mittellandkanals wird eingeweiht und 1917 der Bramscher Hafen in Betrieb genommen.<\/p>\n\n\n\n<p class=\"has-small-font-size\"><strong>1924<\/strong> Neun Monate Streik der Bramscher Textilarbeiter.<\/p>\n\n\n\n<p class=\"has-small-font-size\"><strong>1929<\/strong> Nach der Eingemeindung von Teilen von Hesepe (28 ha), Achmer (28 ha) und Schleptrup (98 ha), hat das Stadtgebiet jetzt eine Gr\u00f6\u00dfe von 566 ha.<\/p>\n\n\n\n<p class=\"has-small-font-size\"><strong>Am 25.10.1929<\/strong> erh\u00e4lt Bramsche das Stadtrecht.<\/p>\n\n\n\n<p class=\"has-small-font-size\"><strong>1933<\/strong> Einrichtung des Amtsgericht Bramsche.<\/p>\n\n\n\n<p class=\"has-small-font-size\"><strong>1937<\/strong> Gr\u00fcndung der Molkereigenossenschaft Bramsche.<\/p>\n\n\n\n<p class=\"has-small-font-size\"><strong>1939-45<\/strong> Der 2. Weltkrieg forderte 218 gefallene und 114 vermi\u00dfte Bramscher. Am 11. April 1945 \u00fcberrollte die Front kampflos die Stadt.<\/p>\n\n\n\n<p class=\"has-small-font-size\"><strong>1951<\/strong> wurde die Gartenstadtschule errichtet.<\/p>\n\n\n\n<p class=\"has-small-font-size\"><strong>1953<\/strong> er\u00f6ffnet in der Gartenstadt ein Zweigpostamt.<\/p>\n\n\n\n<p class=\"has-small-font-size\"><strong>1960<\/strong> Eingemeindung von 9 ha von Epe.<\/p>\n\n\n\n<p class=\"has-small-font-size\"><strong>Am 2. Juni 1960<\/strong> war der letzte Viehmarkt in Bramsche.<\/p>\n\n\n\n<p class=\"has-small-font-size\"><strong>1960-1961<\/strong> Bau der ev. St. Johannis-Kirche in der Gartenstadt.<\/p>\n\n\n\n<p class=\"has-small-font-size\"><strong>1961\/63<\/strong> Bau eines neuen Krankenhauses.<\/p>\n\n\n\n<p class=\"has-small-font-size\"><strong>1963<\/strong> Bau eines neuen Wasserwerks und der Kl\u00e4ranlage.<\/p>\n\n\n\n<p class=\"has-small-font-size\"><strong>1964<\/strong> gab es 295 gewerbliche Unternehmungen darunter 39 Industrieunternehmen, 23 Gro\u00dfhandlungen, 140 Einzelhandelsgesch\u00e4fte und&nbsp; 32 Gastst\u00e4tten und Hotels.<\/p>\n\n\n\n<p class=\"has-small-font-size\"><strong>1969<\/strong> Gr\u00fcndung des Gymnasium Bramsche.<\/p>\n\n\n\n<p class=\"has-small-font-size\"><strong>1970<\/strong> gab es 4378 Erwerbst\u00e4tige in Bramsche.<\/p>\n\n\n\n<p class=\"has-small-font-size\"><strong>1972<\/strong> Gebietsreform, Eingemeindung von Achmer (schon 1971), Balkum, Engter, Epe, Evinghausen, Hesepe, Kalkriese, Pente, Schleptrup, S\u00f6geln und Ueffeln.<\/p>\n\n\n\n<p class=\"has-small-font-size\"><strong>1973<\/strong> 1. Bramscher Woche.<\/p>\n\n\n\n<p class=\"has-small-font-size\"><strong>1975<\/strong> Bau der kath. Heilig-Geist-Kirche in der Gartenstadt.<\/p>\n\n\n\n<p class=\"has-small-font-size\"><strong>1975\/76<\/strong> Bau des Hallenbades.<\/p>\n\n\n\n<p class=\"has-small-font-size\"><strong>1979<\/strong> In Bramsche leben 19.014 ev.-luth., 4.902 r\u00f6m-kath., 110 ev.-ref., 3 alt-kath., 650 anderer Konfessionen, 704 konfessionslose Einwohner.<\/p>\n\n\n\n<p class=\"has-small-font-size\"><strong>14.9.1987<\/strong> Einweihung der Bramscher Fu\u00dfg\u00e4ngerzone.<\/p>\n\n\n\n<p class=\"has-small-font-size\"><strong>1987<\/strong> gab es keine Vollerwerbslandwirte, 2 Nebenerwerbslandwirte und 6 Zuerwerbslandwirte in Bramsche.<\/p>\n\n\n\n<p class=\"has-small-font-size\"><strong>1991<\/strong> wird Lappenstuhl ein eigenst\u00e4ndiger Stadtteil von Bramsche.<\/p>\n\n\n\n<p class=\"has-small-font-size\"><strong>1997<\/strong> Er\u00f6ffnung des Tuchmachermuseum Bramsche.<\/p>\n\n\n\n<p class=\"has-small-font-size\"><strong>1999\/2000<\/strong> Neuer Anbau am Rathaus.<\/p>\n\n\n\n<p class=\"has-small-font-size\"><strong>2011<\/strong> Fertigstellung des Hasesees mit 12,7 ha Wasserfl\u00e4che als Flutmulde und Naherholungsgebiet.<\/p>\n<\/div>\n\n\n\n<div class=\"wp-block-column is-layout-flow wp-block-column-is-layout-flow\" style=\"flex-basis:25%\">\n<figure class=\"wp-block-image\"><img decoding=\"async\" src=\"https:\/\/familienforschung-tecklenburger-land.de\/files\/Tecklenburger-Familienforschung\/OSNABRUECK\/Bramsche\/Bramsche-Wappen.jpg\" alt=\"\"\/><\/figure>\n\n\n\n<h3 class=\"wp-block-heading\">Stadtteile (N\u00e4heres siehe dort):<\/h3>\n\n\n\n<p class=\"has-small-font-size\">Achmer, Balkum, Bramsche-Mitte, Engter, Epe, Evinghausen, Hesepe, Kalkriese, Lappenstuhl (erst seit 1991 eigenst\u00e4ndiger Stadtteil), Pente, Schleptrup, S\u00f6geln, Ueffeln.<br><br><strong>Stadtbezirke von Bramsche-Mitte:<\/strong> Innenstadt, Gartenstadt und Bramscher Berg<\/p>\n\n\n\n<h3 class=\"wp-block-heading\">Die Bramscher Stadtteile:<\/h3>\n\n\n\n<figure class=\"wp-block-image size-full has-lightbox\"><img loading=\"lazy\" decoding=\"async\" width=\"650\" height=\"505\" src=\"https:\/\/familienforschung-tecklenburger-land.de\/wp-content\/uploads\/2023\/08\/Bramscher-Ortsteile-1.jpg\" alt=\"\" class=\"wp-image-3214\" srcset=\"https:\/\/familienforschung-tecklenburger-land.de\/wp-content\/uploads\/2023\/08\/Bramscher-Ortsteile-1.jpg 650w, https:\/\/familienforschung-tecklenburger-land.de\/wp-content\/uploads\/2023\/08\/Bramscher-Ortsteile-1-300x233.jpg 300w\" sizes=\"auto, (max-width: 650px) 100vw, 650px\" \/><\/figure>\n\n\n\n<p><a href=\"https:\/\/familienforschung-tecklenburger-land.de\/files\/Tecklenburger-Familienforschung\/OSNABRUECK\/Bramsche\/Bramscher%20Ortsteile.jpg\"><\/a><\/p>\n\n\n\n<h3 class=\"wp-block-heading\">Verwaltungszugeh\u00f6rigkeit:<\/h3>\n\n\n\n<ul class=\"wp-block-list\">\n<li class=\"has-small-font-size\">13.\/14. Jhd. \u2013 1802: F\u00fcrstbistum Osnabr\u00fcck, Amt V\u00f6rden, Vogtei Bramsche<\/li>\n\n\n\n<li class=\"has-small-font-size\">Juni 1803 bis Oktober 1805: K\u00f6nigreich Frankreich<\/li>\n\n\n\n<li class=\"has-small-font-size\">1.4.bis zum Mai 1806: K\u00f6nigreich Preu\u00dfen<\/li>\n\n\n\n<li class=\"has-small-font-size\">14.5. bis zum 7.12.1807: K\u00f6nigreich Frankreich<\/li>\n\n\n\n<li class=\"has-small-font-size\">7.12.1807 bis Ende 1811: K\u00f6nigreich Westfalen, Weserdepartements Arrondissement Osnabr\u00fcck, Canton Bramsche<\/li>\n\n\n\n<li class=\"has-small-font-size\">Ende 1811 bis Herbst 1813: Kaiserreich Frankreich, Departement Oberems, Canton Bramsche, Mairie Bramsche.<\/li>\n\n\n\n<li class=\"has-small-font-size\">1815-1820: K\u00f6nigreich Hannover, Provinzial-Regierung Osnabr\u00fcck, Amt V\u00f6rden, Vogtei Bramsche.<\/li>\n\n\n\n<li class=\"has-small-font-size\">1820 \u20131866: K\u00f6nigreich Hannover, Landdrostei Osnabr\u00fcck, Amt V\u00f6rden, Vogtei Bramsche.<\/li>\n\n\n\n<li class=\"has-small-font-size\">1866-1885: K\u00f6nigreich Preu\u00dfen, Provinz Hannover, Landdrostei Osnabr\u00fcck, Amt V\u00f6rden.<\/li>\n\n\n\n<li class=\"has-small-font-size\">1885-1947: K\u00f6nigreich Preu\u00dfen, Provinz Hannover, Regierungsbezirk Osnabr\u00fcck, Kreis Bersenbr\u00fcck.<\/li>\n\n\n\n<li class=\"has-small-font-size\">1946-1972: Niedersachsen, Regierungsbezirk Osnabr\u00fcck, Landkreis Osnabr\u00fcck, Stadt Bramsche.<\/li>\n<\/ul>\n\n\n\n<p class=\"has-small-font-size\"><strong>11. Jhd.-1808:<\/strong> Gogericht Bramsche<br><strong>1819-1932:<\/strong> Amtsgericht Malgarten<br><strong>1933-1972:<\/strong> Amtsgericht Bramsche<br><strong>Seit 1972:<\/strong> Amtsgericht Bersenbr\u00fcck<\/p>\n\n\n\n<h3 class=\"wp-block-heading\">Bev\u00f6lkerung:<\/h3>\n\n\n\n<ul class=\"wp-block-list\">\n<li class=\"has-small-font-size\">1848 \u2013 1590,<\/li>\n\n\n\n<li class=\"has-small-font-size\">1871 \u2013 1849 (1804 ev., 45 kath.),<\/li>\n\n\n\n<li class=\"has-small-font-size\">1885 \u2013 2499,<\/li>\n\n\n\n<li class=\"has-small-font-size\">1905 \u2013 3047 (2745 ev., 300 kath.),<\/li>\n\n\n\n<li class=\"has-small-font-size\">1925 \u2013 4419,<\/li>\n\n\n\n<li class=\"has-small-font-size\">1931 \u2013 5023,<\/li>\n\n\n\n<li class=\"has-small-font-size\">1933 \u2013 5041,<\/li>\n\n\n\n<li class=\"has-small-font-size\">1939 \u2013 5266,<\/li>\n\n\n\n<li class=\"has-small-font-size\">1946 \u2013 7486,<\/li>\n\n\n\n<li class=\"has-small-font-size\">1950 \u2013 8882,<\/li>\n\n\n\n<li class=\"has-small-font-size\">1954 \u2013 10000,<\/li>\n\n\n\n<li class=\"has-small-font-size\">1956 \u2013 10269,<\/li>\n\n\n\n<li class=\"has-small-font-size\">1961 \u2013 10376,<\/li>\n\n\n\n<li class=\"has-small-font-size\">1963 \u2013 10.945,<\/li>\n\n\n\n<li class=\"has-small-font-size\">1970 \u2013 10550,<\/li>\n\n\n\n<li class=\"has-small-font-size\">1987 \u2013 10730,<\/li>\n\n\n\n<li class=\"has-small-font-size\">1989 \u2013 11623 (7664 ev., 2781 kath., 1178 sonst.),<\/li>\n\n\n\n<li class=\"has-small-font-size\">2012 \u2013 13671<\/li>\n<\/ul>\n\n\n\n<figure class=\"wp-block-image\"><img decoding=\"async\" src=\"https:\/\/familienforschung-tecklenburger-land.de\/files\/Tecklenburger-Familienforschung\/OSNABRUECK\/Bramsche\/AK-Bramsche-1.jpg\" alt=\"\"\/><\/figure>\n\n\n\n<p><img loading=\"lazy\" decoding=\"async\" src=\"https:\/\/familienforschung-tecklenburger-land.de\/files\/Tecklenburger-Familienforschung\/OSNABRUECK\/Bramsche\/Bramsche-Legge.jpg\" alt=\"\" width=\"230\" height=\"157\"><\/p>\n\n\n\n<p class=\"has-small-font-size\">Stempel der Bramscher Legge<\/p>\n\n\n\n<p><img loading=\"lazy\" decoding=\"async\" src=\"https:\/\/familienforschung-tecklenburger-land.de\/files\/Tecklenburger-Familienforschung\/OSNABRUECK\/Bramsche\/111Bild15.jpg\" alt=\"\" width=\"230\" height=\"251\"><\/p>\n\n\n\n<p class=\"has-small-font-size\">Der Bahnhof bei Nacht (Bild: Wikicommons, Rudko)<\/p>\n\n\n\n<p><img loading=\"lazy\" decoding=\"async\" src=\"https:\/\/familienforschung-tecklenburger-land.de\/files\/Tecklenburger-Familienforschung\/OSNABRUECK\/Bramsche\/AK-Bahnhof.jpg\" alt=\"\" width=\"230\" height=\"195\"><\/p>\n\n\n\n<p class=\"has-small-font-size\">Der Bahnhof auf einer alten Ansichtskarte (ca. 1935)<\/p>\n<\/div>\n<\/div>\n\n\n\n<h2 class=\"wp-block-heading\" id=\"Bramsche-Weblinks\">Weblinks<\/h2>\n\n\n\n<div class=\"wp-block-columns is-layout-flex wp-container-core-columns-is-layout-9d6595d7 wp-block-columns-is-layout-flex\">\n<div class=\"wp-block-column is-layout-flow wp-block-column-is-layout-flow\" style=\"flex-basis:25%\"><\/div>\n\n\n\n<div class=\"wp-block-column is-layout-flow wp-block-column-is-layout-flow\" style=\"flex-basis:50%\">\n<p class=\"has-small-font-size\"><a href=\"http:\/\/www.bramsche.de\">Die offizielle Seite der Stadt Bramsche<\/a><\/p>\n\n\n\n<p class=\"has-small-font-size\"><a href=\"http:\/\/www.bramsche.de\/pics\/medien\/1_1329301309\/Buergerbroschuere_Stadt_Bramsche-Web.pdf\">B\u00fcrgerinformationen<\/a><\/p>\n\n\n\n<p class=\"has-small-font-size\"><a href=\"http:\/\/www.hvv-bramsche.de\">Heimat und Verkehrsverein Bramsche<\/a><\/p>\n\n\n\n<p class=\"has-small-font-size\"><a href=\"http:\/\/www.bramsche.de\/firmen\/branche.php?menuid=171&amp;topmenu=106\">Historischer Arbeitskreis der VHS &#8222;Bramsche in Worten&#8220;<\/a><\/p>\n\n\n\n<p class=\"has-small-font-size\"><a href=\"http:\/\/www.naturpark-terravita.de\">Bramsche im Naturpark TERRA.vita<\/a><\/p>\n\n\n\n<p class=\"has-small-font-size\"><a href=\"http:\/\/de.wikipedia.org\/wiki\/Bramsche\">Infos zu Bramsche<\/a><\/p>\n\n\n\n<p class=\"has-small-font-size\"><a href=\"http:\/\/www.bramsche.de\/pics\/medien\/1_1239008617\/_mage_2008_neu.pdf\">Brosch\u00fcre &#8222;Willkommen in Bramsche&#8220;<\/a><\/p>\n\n\n\n<p class=\"has-small-font-size\"><a href=\"http:\/\/www.bramsche.de\/pics\/medien\/1_1265634445\/_ramsche.pdf\">Artikel \u00fcber Bramsche<\/a>, entnommen aus der Zeitschrift \u201eSchlossallee\u201c, das regionale Lifestyle Magazin, Ausgabe Nr. 6\/2009 (Dezember\/Januar)<\/p>\n\n\n\n<p class=\"has-small-font-size\"><a href=\"http:\/\/www.kirchenkreis-bramsche.de\/start\">Ev. Kirchenkreis Bramsche<\/a> mit 18 Kirchengemeinden (Achmer, Badbergen, Berge, Bersenbr\u00fcck, Bippen, B\u00f6rstel, Bramsche-Johannis, Bramsche-Martin, Engter, F\u00fcrstenau, Gehrde, Hesepe-S\u00f6geln-Rieste, Menslage, Nortrup, Quakenbr\u00fcck-Petrus, Quakenbr\u00fcck-Silvester, Ueffeln, V\u00f6rden).<\/p>\n\n\n\n<p class=\"has-small-font-size\"><a href=\"http:\/\/www.youtube.com\/watch?v=vt-PcK9GWhU&amp;feature=relmfu\">Glockengel\u00e4ut von St. Martin<\/a><\/p>\n\n\n\n<p class=\"has-small-font-size\"><a href=\"http:\/\/www.st-martinus-bramsche.de\">Katolische Kirchengemeinden in Bramsche: St. Martinus<\/a><\/p>\n\n\n\n<p class=\"has-small-font-size\"><a href=\"http:\/\/www.heilig-geist-bramsche.de\">Heilig-Geist-Kirchengemeinde<\/a><\/p>\n\n\n\n<p class=\"has-small-font-size\">Gefallene 1870\/71, 1. und 2. Weltkrieg: <a href=\"http:\/\/www.denkmalprojekt.org\/2012\/bramsche_feuerwehr_lk-osnabrueck_wk1_wk2_ns.html\">Bramsche (Feuerwehr)<\/a>, <a href=\"http:\/\/www.denkmalprojekt.org\/2010\/bramsche_bramscher_berg_1870-71_wk1_ns.htm\">Bramsche (Bramscher Berg)<\/a>, <a href=\"http:\/\/www.denkmalprojekt.org\/dkm_deutschland\/bramsche_eisenbahner_wk2_ns.htm\">Bramscher Bahnhof<\/a>, <a href=\"http:\/\/www.denkmalprojekt.org\/2011\/bramsche-st.martin.html\">Bramsche (St. Martin)<\/a>, <a href=\"http:\/\/www.denkmalprojekt.org\/2008\/bramsche_ev_frdh_st_martin_wk1u2_ns.htm\">ev. Friedhof St. Martin<\/a>.<\/p>\n\n\n\n<p class=\"has-small-font-size\"><a href=\"http:\/\/dallmann-bau.de\/cms\/unternehmen\/firmenchronik\/index.html\">Chronik der Firma Dallmann Stra\u00dfen- und Tiefbau<\/a><\/p>\n\n\n\n<p class=\"has-small-font-size\">NOZ: <a href=\"http:\/\/www.noz.de\/lokales\/72021664\/hobby-genealogin-erforscht-geschichte-der-bramscher-familie-wiemann\">Hobby-Genealogin erforscht Geschichte der Bramscher Familie Wiemann<\/a><\/p>\n<\/div>\n\n\n\n<div class=\"wp-block-column is-layout-flow wp-block-column-is-layout-flow\" style=\"flex-basis:25%\">\n<figure class=\"wp-block-image\"><img decoding=\"async\" src=\"https:\/\/familienforschung-tecklenburger-land.de\/files\/Tecklenburger-Familienforschung\/OSNABRUECK\/Bramsche\/AK-Bramsche-2.jpg\" alt=\"\"\/><\/figure>\n\n\n\n<p><img loading=\"lazy\" decoding=\"async\" src=\"https:\/\/familienforschung-tecklenburger-land.de\/files\/Tecklenburger-Familienforschung\/OSNABRUECK\/Bramsche\/AK-Bramsche_1.jpg\" alt=\"\" width=\"230\" height=\"234\"><\/p>\n\n\n\n<p class=\"has-small-font-size\">Die M\u00fcnsterstra\u00dfe auf einer alten Ansichtskarte (ca. 1930)<\/p>\n<\/div>\n<\/div>\n\n\n\n<h2 class=\"wp-block-heading\" id=\"Bramsche-Quellen\">Genealogische Quellen<\/h2>\n\n\n\n<div class=\"wp-block-columns is-layout-flex wp-container-core-columns-is-layout-9d6595d7 wp-block-columns-is-layout-flex\">\n<div class=\"wp-block-column is-layout-flow wp-block-column-is-layout-flow\" style=\"flex-basis:25%\">\n<h3 class=\"wp-block-heading\">H\u00f6fe:<\/h3>\n\n\n\n<p class=\"has-small-font-size\"><strong>Das Viehschatzregister (der viehhaltenden Haushaltungen) von 1490 (1458) vom Urdorf Bramsche.<\/strong><\/p>\n\n\n\n<p class=\"has-small-font-size\">1 Tebbe Nutte, 5 K\u00fche, 1 Rind, 24 Schweine<\/p>\n\n\n\n<p class=\"has-small-font-size\">2 Claves Koster, 2 K\u00fche, 3 Schweine<\/p>\n\n\n\n<p class=\"has-small-font-size\">3 Ekelmann de Olde, 2 K\u00fche, 1 Rind<\/p>\n\n\n\n<p class=\"has-small-font-size\">4 Johann Drostinck, 4 Pferde, 2 K\u00fche, 2 Rinder, 12 Schweine<\/p>\n\n\n\n<p class=\"has-small-font-size\">5 Herbert de Becker, 3 K\u00fche, 3 Schweine<\/p>\n\n\n\n<p class=\"has-small-font-size\">6 Johann Nutte, 3 K\u00fche, 2 Rinder, 6 Schweine<\/p>\n\n\n\n<p class=\"has-small-font-size\">7 L\u00fcbbert Mestmeker, 3 K\u00fche<\/p>\n\n\n\n<p class=\"has-small-font-size\">8 Johann Behhem, 3 K\u00fche<\/p>\n\n\n\n<p class=\"has-small-font-size\">9 Johann de Scroder, 3 K\u00fche, 2 Rinder, 15 Schafe<\/p>\n\n\n\n<p class=\"has-small-font-size\">10 Henke tor Molen, 6 Pferde, 5 K\u00fche, 11 Schweine (Hof M\u00f6llmann)<\/p>\n\n\n\n<p class=\"has-small-font-size\">11 Bernd de Palser, 2 K\u00fche, 3 Schweine<\/p>\n\n\n\n<p class=\"has-small-font-size\">12 Gerke D\u00fcvel, 1 Kuh<\/p>\n\n\n\n<p class=\"has-small-font-size\">13 Bernd Heket, 6 Pferde, 8 K\u00fche, 4 Rinder, 12 Schafe<\/p>\n\n\n\n<p class=\"has-small-font-size\">14 de olde Vrye, 5 Pferde, 1 Fohlen, 10 K\u00fche, 2 Rinder, 16 Schweine (Hof Frye)<\/p>\n\n\n\n<p class=\"has-small-font-size\">15 Taleke de Bullesche, 4 Pferde, 5 K\u00fche, 1 Rind, 4 Schweine<\/p>\n\n\n\n<p class=\"has-small-font-size\">16 Reyneke Kamlade, 4 Pferde, 1 Fohlen, 5 K\u00fche, 14 Schweine<\/p>\n\n\n\n<p class=\"has-small-font-size\">17 Johannes Hinr., 4 Pferde, 7 K\u00fche, 3 Rinder, 6 Schweine<\/p>\n\n\n\n<p class=\"has-small-font-size\">18 Bernd Scroder, 2 K\u00fche<\/p>\n\n\n\n<p class=\"has-small-font-size\">19 Hermann Scomaker, 1 Kuh<\/p>\n\n\n\n<p class=\"has-small-font-size\">20 Gerd Halter, 4 Pferde, 5 K\u00fche, 14 Schweine<\/p>\n\n\n\n<p class=\"has-small-font-size\">21 Johann van Ozede, 1 Kuh<\/p>\n\n\n\n<p class=\"has-small-font-size\">22 Johann Koke, 6 Pferde, 7 K\u00fche, 3 Rinder, 39 Schweine, 24 Schafe<\/p>\n\n\n\n<p class=\"has-small-font-size\">23 Peter, 1 Pferd, 3 K\u00fche, 1 Rind<\/p>\n\n\n\n<p class=\"has-small-font-size\">24 Beneke de Seger, 2 K\u00fche, 1 Rind<\/p>\n\n\n\n<p class=\"has-small-font-size\">25 Johann Scomaker, 4 K\u00fche, 3 Schweine<\/p>\n\n\n\n<p class=\"has-small-font-size\">26 Reyneke Vrye, 2 K\u00fche<\/p>\n\n\n\n<p class=\"has-small-font-size\">27 Johann von Bremen, 3 K\u00fche<\/p>\n\n\n\n<p class=\"has-small-font-size\">28 Diederik Bulle, 4 Pferde, 7 K\u00fche, 1 Rind, 10 Schweine<\/p>\n\n\n\n<p class=\"has-small-font-size\">29 Gerke van Lo, 4 Pferde, 5 K\u00fche, 2 Rinder, 13 Schweine<\/p>\n\n\n\n<p class=\"has-small-font-size\">30 Gerke Kremer, 3 K\u00fche, 2 Rinder<\/p>\n\n\n\n<p class=\"has-small-font-size\">31 Taleke de Bossesche, 2 K\u00fche<\/p>\n\n\n\n<p class=\"has-small-font-size\">32 Rebeke de Becker, 3 K\u00fche, 2 Rinder, 4 Schweine<\/p>\n\n\n\n<p class=\"has-small-font-size\"><strong>Zusammen: 52 Pferde, 2 Fohlen, 117 K\u00fche, 30 Rinder, 185 Schweine und 60 Schafe. 11 Hofstellen hatten die Viehgr\u00f6\u00dfe von Vollerben anderer Bauerschaften.<\/strong><br><\/p>\n\n\n\n<p><img loading=\"lazy\" decoding=\"async\" src=\"https:\/\/familienforschung-tecklenburger-land.de\/files\/Tecklenburger-Familienforschung\/OSNABRUECK\/Bramsche\/AK-Breuelstr.jpg\" alt=\"\" width=\"230\" height=\"207\"><\/p>\n\n\n\n<p class=\"has-small-font-size\">Die Breuelstra\u00dfe auf einer alten Ansichtskarte (ca. 1910)<\/p>\n<\/div>\n\n\n\n<div class=\"wp-block-column is-layout-flow wp-block-column-is-layout-flow\" style=\"flex-basis:50%\">\n<h3 class=\"wp-block-heading\">Matricula<\/h3>\n\n\n\n<p class=\"has-small-font-size\">Kirchenb\u00fccher online einsehbar:<\/p>\n\n\n\n<p class=\"has-small-font-size\"><a href=\"https:\/\/data.matricula-online.eu\/de\/deutschland\/osnabrueck\/bramsche-st-martinus\/\">Bramsche St. Martinus<\/a><\/p>\n\n\n\n<p class=\"has-small-font-size\"><a href=\"https:\/\/data.matricula-online.eu\/de\/deutschland\/osnabrueck\/malgarten-st-johannes\/\">Malgarten St. Johannes<\/a><\/p>\n\n\n\n<h3 class=\"wp-block-heading\">Evangelische Kirchenb\u00fccher einsehbar:<\/h3>\n\n\n\n<p class=\"has-small-font-size\"><strong>Ev. Kirchenb\u00fccher, St. Martin, Bramsche<\/strong><br>Verfilmt bis 1875<br>Taufregister 1670-1692, 1720-1674 (L\u00fccke 09.1692-1720)<br>Trauregister 1670-1695, 1711-1893 (L\u00fccke 11.1695-1710, 1736)<br>Sterberegister 1670-1689, 1709-1900 (L\u00fccke 1689-1708, 1720, 1736)<br>Konfirmanten 1740-1875 (L\u00fccken 1777, 1778, 1780-1821, 1852, 1874, 1875)<br><br>Die ev. Kirchenb\u00fccher der Kirchengemeinde St. Martin verzeichnen zum Teil auch Eintragungen von Katholiken. Sie wurden von <a href=\"mailto:neander.berlin@googlemail.com\">Udo Niemann<\/a>, Berlin, verdatet und ver\u00f6ffentlicht und k\u00f6nnen bei ihm erworben werden.<\/p>\n\n\n\n<p class=\"has-small-font-size\"><strong>Ev. Kirchspiel Bramsche, Kirchennebenb\u00fccher im StA OS, Rep 491<\/strong><br>1822-1843 (Nr.416-Nr.437), 1844-1845 (Nr.438), 1846-1847 (439), 1848-1849 (440), 1850-1851 (441), 1852 (442), 1853-1856 (443), 1857-1859 (444), 1860-1874 (Nr.445-459), 1874-1875 (Nr.467 a).<\/p>\n\n\n\n<p class=\"has-small-font-size\">Die Kirchengemeinde verf\u00fcgt \u00fcber viele alte Dokumente aus der vorreformierten und nachreformierten Zeit.<\/p>\n\n\n\n<h3 class=\"wp-block-heading\">Standesamtsregister Bramsche<\/h3>\n\n\n\n<p class=\"has-small-font-size\"><strong>Standesamtsregister Bramsche im StA OS, Rep.492<\/strong><br>Geburtsregister 1874-1898 (Nr.3143-3167), 1899 (Nr.4707), 1900 (Nr.6462 Bd.1, Nr.6463 Bd.2), 1901 (Nr.6609, Nr.6610)<br>Heiratsregister 1874-1928 (Nr.3168-3225), 1929 (4708), 1930 (Nr.6466), 1931 (Nr.6611)<br>Sterberegister 1874-1978 (Nr.3226-3334), 1979 (4709), 1980 (Nr.6464), 1981 (Nr.6612)<br><br><strong>Alphabetisches Namensverzeichnis des Standesamt Bramsche:<\/strong> Geburts-Nebenregister, 1928 (Rep 451 Bers Akz. 21A\/1984 Nr. 1037), Sterbe-Nebenregister,1928 (Rep 451 Bers Akz. 21A\/1984 Nr. 1038), Heirats-Nebenregister, 1928 (Rep 451 Bers Akz. 21A\/1984 Nr. 1039).<\/p>\n\n\n\n<p class=\"has-small-font-size\"><strong>Zivilstandsregister der westf\u00e4lischen und franz\u00f6sischen Zeit im StA OS, Rep 491<\/strong><br>1808 Geburtsregister (Nr. 398), Aufgebotsregister (Nr. 399), Heiratsregister (Nr. 400), Sterberegister (Nr. 401).<br>1809 Geburtsregister (Nr. 402), Heiratsregister (Nr. 403), Sterberegister (Nr. 404).<br>1910 Geburtsregister (Nr. 405), Heiratsregister Nr. (406), Sterberegister (Nr. 407).<br>1811 Geburtsregister (Nr. 408), Heiratsregister Nr. (409), Sterberegister (Nr. 410, Nr. 411).<br>1812 Geburtsregister (Nr. 412), Aufgebotsregister (Nr.413), Heiratsregister (Nr.414), Sterberegister (Nr.415).<br><\/p>\n\n\n\n<h3 class=\"wp-block-heading\">Staatsarchiv Osnabr\u00fcck:<\/h3>\n\n\n\n<p class=\"has-small-font-size\"><a href=\"http:\/\/www.staatsarchive.niedersachsen.de\/portal\/live.php?navigation_id=24787&amp;article_id=85969&amp;_psmand=187\">Bramscher Akten im StA OS: Dep 59<\/a><\/p>\n\n\n\n<p class=\"has-small-font-size\"><strong>Ehekontrakte des Wigbolds Bramsche<\/strong>, 1789-1807 (Rep 950 Bram Nr. 58), Staatsarchiv Osnabr\u00fcck.<\/p>\n\n\n\n<p class=\"has-small-font-size\">Dep 14 b Nr. 253 &#8211; Protokolle von Auffahrten, Sterbf\u00e4llen usw. der an das Silvesterstift Quakenbr\u00fcck Eigenbeh\u00f6rigen im Kirchspiel Bramsche, 1748-1809.<\/p>\n\n\n\n<p class=\"has-small-font-size\">Dep 5 b Nr. 49 &#8211; Namenlisten der Bramscher Kinder, f\u00fcr die das Schulgeld aus der Gresel-Stiftung bezahlt wird, 1814-1818.<\/p>\n\n\n\n<p class=\"has-small-font-size\">Dep 59 b Nr. 37, Nr. 38 &#8211; Urw\u00e4hlerliste der Gemeinde Bramsche, 1898.<\/p>\n\n\n\n<p class=\"has-small-font-size\">Dep 59 b Nr. 44 &#8211; W\u00e4hlerliste der Gemeinde Bramsche, 1912.<\/p>\n\n\n\n<p class=\"has-small-font-size\">Dep 59 b Nr. 175 &#8211; Rentengeldregister des Weichbilds Bramsche, 1724-1794.<\/p>\n\n\n\n<p class=\"has-small-font-size\">Dep 59 b Nr. 312 &#8211; Kopfschatzregister des Weichbilds Bramsche, 1642-1752.<\/p>\n\n\n\n<p class=\"has-small-font-size\">Dep 59 b Nr. 313 &#8211; Rauch- und Monatsschatzregister des Weichbilds Bramsche 1709-1712, 1819-1824.<\/p>\n\n\n\n<p class=\"has-small-font-size\">Dep 59 b Nr. 317 &#8211; Rauchschatzregister des Weichbilds Bramsche, 1713-1810.<\/p>\n\n\n\n<p class=\"has-small-font-size\">Dep 59 b Nr. 319 &#8211; Kopf- und Monatsschatzregister des Weichbilds Bramsche, 1757-1762.<\/p>\n\n\n\n<p class=\"has-small-font-size\">StA OS Dep 59 b Nr. 543 &#8211; Verzeichnis des Anschlags der H\u00e4user im Weichbild Bramsche zur Brandkasse, 1764-1780.<\/p>\n\n\n\n<p class=\"has-small-font-size\">Dep 59 b Nr. 902 &#8211; Spende der in New York wohnenden Bramscher f\u00fcr die Hinterbliebenen gefallener Bramscher Soldaten, 1916-1920.<\/p>\n\n\n\n<p class=\"has-small-font-size\">Dep 59 b Nr. 1836 &#8211; Landwehrpflichtige aus Bramsche, 1800-1827.<\/p>\n\n\n\n<p class=\"has-small-font-size\">Rep 100 Abschnitt 203, Nr. 34 &#8211; Brandversicherungsregister des Amts V\u00f6rden &#8211; Kirchspiele Engter, Bramsche und Flecken Bramsche, 1780-1808.<\/p>\n\n\n\n<p class=\"has-small-font-size\">Rep 100 Abschnitt 72, Nr. 1 &#8211; Amtsdienste und Landfolgen, Verzeichnisse von Dienstpflichtigen (16. Jh.) in den Kirchspielen Alfhausen, Badbergen, Berge, Bersenbr\u00fcck, Bippen, Bramsche, Damme, Engter, Gehrde, Menslage, Neuenkirchen bei V\u00f6rden, 1537-1546.<\/p>\n\n\n\n<p class=\"has-small-font-size\">Rep 100 Abschnitt 88, Nr. 3 &#8211; Viehschatzregister der \u00c4mter F\u00fcrstenau und V\u00f6rden (undatiert, um 1458).<\/p>\n\n\n\n<p class=\"has-small-font-size\">Rep 100 Abschnitt 88, Nr. 90 &#8211; Schatzregister des Amts V\u00f6rden, Enth\u00e4lt: Rauchschatzregister (1670); Verzeichnis der Schatzpflichtigen im Kirchspiel Bramsche, 1670-1701.<\/p>\n\n\n\n<p class=\"has-small-font-size\">Rep 100 Abschnitt 88, Nr. 128 Bd. 1 &#8211; Erneuerte Grundst\u00fccks- und Abgabenverzeichnisse der schatzpflichtigen St\u00e4tten im Amt V\u00f6rden, Kirchspiel und Wigbold Bramsche (ohne die Bauerschaften Pente, Rieste und S\u00f6geln), 1723.<\/p>\n\n\n\n<p class=\"has-small-font-size\">Rep 100 Abschnitt 89, Nr. 1 a &#8211; Kopfschatzregister, u.a. Kirchspiel Bramsche ab Bl.34, 1512.<\/p>\n\n\n\n<p class=\"has-small-font-size\">Rep 100 Abschnitt 89, Nr. 17 &#8211; Kopfschatzregister, u.a. Kirchspiel Bramsche ab Bl.51, 1634.<\/p>\n\n\n\n<p class=\"has-small-font-size\">StA OS Rep 100 Abschnitt 92, Nr. 2 &#8211; Verzeichnisse der unverm\u00f6genden und zu stark belasteten Schatzpflichtigen, u.a. Kirchspiel Bramsche, ab Bl.38, 1712.<\/p>\n\n\n\n<p class=\"has-small-font-size\">Rep 100 Abschnitt 92, Nr. 22 &#8211; Vermessungs- und Abgabenverzeichnisse der schatzpflichtigen St\u00e4tten im Kirchspiel Bramsche, 1723.<\/p>\n\n\n\n<p class=\"has-small-font-size\">Rep 150 V\u00f6r Nr. 6 &#8211; Geleitgeldverzeichnisse f\u00fcr das Amt V\u00f6rden und die Kirchspiele Bramsche, Engter und Damme, Amt V\u00f6rden: 1625, 1628-1631, 1675, 1685-1690, 1692-1694, 1716-1717, Kirchspiele Bramsche und Engter: 1672, Kirchspiel Damme: 1678, Enth\u00e4lt auch: 1.) Gildeprivileg f\u00fcr die Kr\u00e4mer und Schneider im Weichbild Bramsche von 1615 (Abschrift), 2.) Verzeichnis der Wirte im Kirchspiel Bramsche von 1718, 3.) Verzeichnis der zur Kr\u00e4mer- und B\u00e4ckergilde Bramsche geh\u00f6renden Personen und von diesen wegen geforderter Geleitegelder erhobene Beschwerden (ca. 1720), 1626-1765.<\/p>\n\n\n\n<p class=\"has-small-font-size\">Rep 150 V\u00f6r Nr. 52 &#8211; Verzeichnisse der Hand- und Spanndienste, aufgestellt f\u00fcr das Amt V\u00f6rden: 1650-1656, 1659, 1681-1682, 1691, 1694-1696, 1704-1714; f\u00fcr das Kirchspiel Bramsche: 1653-1655, 1657-1659; f\u00fcr die Kirchspiele Damme und Engter: 1653-1659; f\u00fcr das Kirchspiel Gehrde:1656-1659; f\u00fcr das Kirchspiel Neuenkirchen: 1651-1652, 1656; 1652-1748.<\/p>\n\n\n\n<p class=\"has-small-font-size\">Rep 150 V\u00f6r Nr. 67 &#8211; Verzeichnis der Eigenbeh\u00f6rigen des Kirchspiels Bramsche, 1730.<\/p>\n\n\n\n<p class=\"has-small-font-size\">Rep 150 V\u00f6r Nr. 126 &#8211; Verzeichnis der auf den Kirchh\u00f6fen zu Bramsche, Damme, Engter, Gehrde und Neuenkirchen wohnenden Personen mit Angabe von Alter, Stand und Beruf, 1657.<\/p>\n\n\n\n<p class=\"has-small-font-size\">Rep 150 V\u00f6r Nr. 164 &#8211; Verzeichnisse des von den Schutzpflichtigen der Kirchspiele Engter und Bramsche und des Amts F\u00fcrstenau in den Jahren 1724, 1727 und 1775 bis 1790 an den Richter in Bramsche abgelieferten Richterkorns und der Richterpfennige, 1721-1790.<\/p>\n\n\n\n<p class=\"has-small-font-size\">Rep 320 Nr. 323 &#8211; Steuerlisten der Kirchspiele Bramsche und Engter f\u00fcr das Jahr 1815.<\/p>\n\n\n\n<p class=\"has-small-font-size\">Rep 321 Nr. 97 &#8211; Liste der Wehrpflichtigen des Kirchspiels Bramsche und der Vogteien Bramsche und Engter des Geburtsjahrgangs 1800, Enth\u00e4lt: Listen mit dem Namen des Wehrpflichtigen, Geburtstag und Ort, Namen der Eltern, Musterungsergebnis, m\u00f6glichen Zur\u00fcckstellungsgr\u00fcnden und Entscheidung \u00fcber die Einsatzf\u00e4higkeit, 1821.<\/p>\n\n\n\n<p class=\"has-small-font-size\">Rep 330 III Nr. 952 &#8211; Flurregister Pente und Bramsche aus den Jahren 1884-1890.<\/p>\n\n\n\n<p class=\"has-small-font-size\">Rep 350 V\u00f6r Nr. 500 &#8211; Abrechnungen der Spanndienste im Kirchspiel Bramsche, Enth\u00e4lt u.a. Listen der Spanndienstpflichtigen, 1827-1841.<\/p>\n\n\n\n<p class=\"has-small-font-size\">Rep 540 Bers Nr. 226 &#8211; Grundsteuer-Mutterrollen der Gemarkung Bramsche des Gemeindebezirks Bramsche Nr. 95, Urtitel-Nr. 1 bis 254, Enth\u00e4lt auch:&nbsp; Originalflurbuch, 1875-1950.<\/p>\n\n\n\n<p class=\"has-small-font-size\">Rep 540 Bers Nr. 621-Nr.623 &#8211; Geb\u00e4udebuch der Gemarkung Bramsche des Gemeindebeziks Bramsche Nr. 95, Rollen-Nr. 1 bis 1234, 1910-1954.<\/p>\n\n\n\n<p class=\"has-small-font-size\">Rep 540 Bers Nr. 386-Nr.393 &#8211; Liegenschaftsbuch der Gemarkung Bramsche des Gemeindebezirks Bramsche Nr. 95, 1876-1955.<\/p>\n\n\n\n<p class=\"has-small-font-size\">Rep 701 II Nr. 77 &#8211; Protokolle \u00fcber ungewisse Eigentumsgef\u00e4lle der an das Stift Quakenbr\u00fcck Eigenbeh\u00f6rigen im Kirchspiel Bramsche, 1760-1787.<\/p>\n\n\n\n<p class=\"has-small-font-size\">Rep 950 Bers Akz. 2010\/081 Nr. 17 &#8211; Erbh\u00f6ferolle von Bramsche, Band 1, Blatt 1 bis 5.<\/p>\n\n\n\n<p class=\"has-small-font-size\">Rep. 950 Bram Nr.203-318 &#8211; Prozesse<\/p>\n\n\n\n<p class=\"has-small-font-size\">Slg 100 III Nr. 135-195, Nr. 1467-1476 &#8211; Bramscher Nachrichten 1894-1997, 2008-2010.<\/p>\n\n\n\n<p class=\"has-small-font-size\">Slg 100 III Nr. 1352-1466 &#8211; Bramscher Nachrichten (Freie Presse) 1956-1967.<\/p>\n<\/div>\n\n\n\n<div class=\"wp-block-column is-layout-flow wp-block-column-is-layout-flow\" style=\"flex-basis:25%\">\n<h3 class=\"wp-block-heading\">Archive:<\/h3>\n\n\n\n<p class=\"has-small-font-size\"><strong><a href=\"http:\/\/www.bistum-osnabrueck.de\/kultur\/dioezesanarchiv.html\">Di\u00f6zesanarchiv in Osnabr\u00fcck<\/a><\/strong><br>Gro\u00dfe Domsfreiheit 10<br>49074 Osnabr\u00fcck<br>Anmeldung erforderlich:<br>Telefon: 0541\/318-416<br>(<a href=\"mailto:kulturundarchiv@bistum-os.de\">Maria Rehnen<\/a>)<br>\u00d6ffnungszeiten f\u00fcr Familienforschung: mittwochs von 8.00 \u2013 12.30 Uhr und 13.30 bis 18.00 sowie auf Anfrage<br><br><a href=\"http:\/\/www.kirchenkreis-osnabrueck.de\/kirchenkreis\/kirchenamt.html\">Ev.-luth. Kirchenbuchamt Osnabr\u00fcck<\/a><br>Eversburger Str. 32<br>49090 Osnabr\u00fcck<br>Anmeldung erforderlich:<br><a href=\"mailto:linda.klingspohn@evlka.de\">Linda Klingspohn<\/a><br>T: 0541 \/ 94049-435<br>Das Kirchenbuchamt ist Di u. Do von 8:30 Uhr bis 13:30 Uhr ge\u00f6ffnet.<br><br>Die <strong>Standesamtsregister<\/strong><em>(ab 1874 &#8211; gesch\u00fctzt sind die Geburtsregister der letzten 110 Jahre, Heiratsregister der letzten 80 Jahre und Sterberegister der letzten 30 Jahre)<\/em> finden Sie im <a href=\"http:\/\/www.nla.niedersachsen.de\/landesarchiv\/gliederung\/standort_osnabrueck\/standort-osnabrueck-85969.html\" target=\"_blank\" rel=\"noreferrer noopener\">Staatsarchiv Osnabr\u00fcck<\/a>, Schlo\u00dfstr.29, 49074 Osnabr\u00fcck,<br>Tel.: 0541\/33162-0.<br><br><strong><a href=\"http:\/\/www.kgverband-meppen.de\/familienforschung.html\">Katholische Familienforschungsstelle in Meppen<\/a><\/strong><br>Haus d. Sozialen Dienste, Domhof 18, 49716 Meppen<br><strong>Anmeldung erforderlich:<\/strong><br>Kath. Propsteigemeinde St. Vitus, Kuhstra\u00dfe 44, 49716 Meppen<br>Telefon: 0 59 31\/1 24 44 \/ Telefax: 0 59 31\/97 03 44, <a href=\"mailto:fam.archive@kgverband-meppen.de\">E-Mail<\/a><br><strong>\u00d6ffnungszeiten f\u00fcr Familienforscher: <\/strong>Do &amp; Fr 8.30 \u2013 12.30 Uhr und 13.30 \u2013 16.00 Uhr<br>sowie an jedem ersten Samstag eines Monats von 8.30 \u2013 12.30 Uhr<br>und an jedem Freitag vor dem ersten Samstag eines Monats von 8.30 \u2013 12.30 Uhr und 13.30 \u2013 18.00 Uhr<br><br><strong>LAV Staats- und Personenstandsarchiv Detmold<\/strong><br>Willi-Hofmann-Stra\u00dfe 2, 32756 Detmold<br>Tel.: 05231\/7660<br>www.archive.nrw.de<br><br><strong>Vereinigte Westf\u00e4lische Adelsarchive e.V.<\/strong><br>Jahnstr. 26, 48147 M\u00fcnster<br>Tel.: 0251-5913890<br>adelsarchive@lwl.org<\/p>\n\n\n\n<p><img loading=\"lazy\" decoding=\"async\" src=\"https:\/\/familienforschung-tecklenburger-land.de\/files\/Tecklenburger-Familienforschung\/OSNABRUECK\/Bramsche\/111Bild10.jpg\" alt=\"\" width=\"230\" height=\"207\"><\/p>\n\n\n\n<p class=\"has-small-font-size\">Fu\u00dfg\u00e4ngerzone bei Nacht (Bild: Wikicommons, Rudko)<\/p>\n<\/div>\n<\/div>\n\n\n\n<h2 class=\"wp-block-heading\" id=\"Bramsche-Fundstuecke\">Fundst\u00fccke<\/h2>\n\n\n\n<div class=\"wp-block-columns is-layout-flex wp-container-core-columns-is-layout-9d6595d7 wp-block-columns-is-layout-flex\">\n<div class=\"wp-block-column is-layout-flow wp-block-column-is-layout-flow\" style=\"flex-basis:25%\">\n<h3 class=\"wp-block-heading\">Auf den Spuren der Wiem\u00e4nner<\/h3>\n\n\n\n<p class=\"has-small-font-size\">NOZ 23.07.2008<br><a href=\"http:\/\/www.noz.de\/lokales\/20359542\/auf-den-spuren-der-wiemaenner\">Auf den Spuren der Wiem\u00e4nner<\/a><br>In Hesepe hat Elfi Eckelmann ein weiteres Kapitel Bramscher Ahnenforschung aufgeschlagen. Im Gasthof Bischof-Reddehase trafen sich auf Einladung der Hobbygenealogin rund 50 Nachfahren von Eberhard J\u00fcrgen Wiemann, der 1756 in Bad Iburg geboren, nach Bramsche \u00fcbergesiedelt und in der Tuchmacherstadt 1820<br>gestorben ist.<\/p>\n<\/div>\n\n\n\n<div class=\"wp-block-column is-layout-flow wp-block-column-is-layout-flow\" style=\"flex-basis:50%\">\n<h3 class=\"wp-block-heading\">Staatsarchiv Osnabr\u00fcck:<\/h3>\n\n\n\n<p class=\"has-small-font-size\">Dep 100 Nr. 62 &#8211; Meyerhof zu Bramsche, Auffahrt, Leibzucht und besitzrechtliche Angelegenheiten des Meyerhofes, 1702-1849.<\/p>\n\n\n\n<p class=\"has-small-font-size\">Dep 3 b IV Nr. 5352 &#8211; Projekt des Maurermeisters Berens einer Schiffahrt auf der Hase von Osnabr\u00fcck bis Bramsche und Verbindung derselben mit dem D\u00fcmmer See, 1799.<\/p>\n\n\n\n<p class=\"has-small-font-size\">Rep.950 Bram Nr.65 \u2013 Nr.196, Nr.448-840 \u2013 Testamente (Namen: Heuer, Heye, H\u00fcning, Klu\u00dfmann, Frommeyer, Koch, Sanders, Piesbergen, Str\u00fcwe, K\u00f6ster, Ahlhausen, Schwegmann, Neddermann, Freegresch, Niemann, Pelster, Meyer, Wiemann, Hugenschutz, Poske, Ekelmann, Petersen, Kiffmeyer, In der Stroth, Gogreve, Ruwe, Hoffmann, Detering, Kuhlmann, Dierkes, Surendorf, Becker, Bergmann, Remme, Twenh\u00f6fel, Breitenbach, Kiffmeyer, Peithmann, Bitter, Meyrau, Sch\u00e4fer, Geilfu\u00df, Bredemeyer, R\u00f6nitz, Schr\u00f6der, H\u00f6lscher, Philipson, B\u00fcde, Strietmann, Howe, Knust, Krafft, Schlinger, Ludowig, Th\u00f6le, Auf der Heide, Maschmeyer, Freese, Haltenhoff, G\u00f6bel, Werkmeister, Detering, Brachmann, Hackmann, Menke, Wieking, Witte, Rieke, Stubbe, Remde, H\u00f6mme, Sostmann, Wehrkamp)<\/p>\n\n\n\n<h3 class=\"wp-block-heading\">Ernst August Seitz in Melle \/Buer<\/h3>\n\n\n\n<p class=\"has-small-font-size\">Zufallsfund aus dem Kirchenbuch Buer bei Melle<\/p>\n\n\n\n<p class=\"has-small-font-size\">oo 1835 Eintrag No. 15<\/p>\n\n\n\n<p class=\"has-small-font-size\">Br\u00e4utigam:<\/p>\n\n\n\n<p class=\"has-small-font-size\">Ernst August<strong> Seitz<\/strong><\/p>\n\n\n\n<p class=\"has-small-font-size\">Lehrer am Progymnasio in Norden<\/p>\n\n\n\n<p class=\"has-small-font-size\">Geburtsort: Bramsche<\/p>\n\n\n\n<p class=\"has-small-font-size\">* 23.10.1806<\/p>\n\n\n\n<p class=\"has-small-font-size\">Beruf: Lehrer am Progymnasio in Norden<\/p>\n\n\n\n<p class=\"has-small-font-size\">Eltern: Heinrich David <strong>Seitz<\/strong>, Friederike <strong>Forstmann<\/strong><\/p>\n\n\n\n<p class=\"has-small-font-size\">Wohnort der Eltern: Bramsche<\/p>\n\n\n\n<p class=\"has-small-font-size\">Braut:<\/p>\n\n\n\n<p class=\"has-small-font-size\">Johanna Charlotte Marie Luise <strong>Voigt<\/strong><\/p>\n\n\n\n<p class=\"has-small-font-size\">Geburtsort: Buer<\/p>\n\n\n\n<p class=\"has-small-font-size\">* 01.05.1810<\/p>\n\n\n\n<p class=\"has-small-font-size\">Eltern: Herr Daniel Victor<strong> Voigt<\/strong>, Johanna Charlotte <strong>Schmerfeld<\/strong><\/p>\n\n\n\n<p class=\"has-small-font-size\">Wohnort der Eltern: Buer<\/p>\n\n\n\n<p class=\"has-small-font-size\">zuk\u00fcnftiger Wohnort des Brautpaares: Norden in Ostfriesland<\/p>\n\n\n\n<p class=\"has-small-font-size\">Bemerkungen: Gleich nach der Copulation verreisete er mit seiner Frau nach Norden und ist zu dem Ende hier zur Hebammenl\u00f6ste? nicht aufgefordert<\/p>\n\n\n\n<p class=\"has-small-font-size\">Dazu passend hier noch der Ausschnitt aus dem Bramscher Ortsfamilienbuch (erst. von Udo Niemann, 2001):<\/p>\n\n\n\n<p class=\"has-small-font-size\"><strong>Seitz<\/strong>, Heinrich David, Kaufh\u00e4ndler in Bramsche, * Osnabr\u00fcck 1775, +\/# Bramsche 23.\/27.09.1820, 45 Jahre. Er kam aber durch Mi\u00dfgeschick und eigenen Leichtsinn um sein ganzes<\/p>\n\n\n\n<p class=\"has-small-font-size\">Verm\u00f6gen und auch um seine Apotheke. Er litt seit Lichtme\u00df diesen Jahres an der Kopfgicht unter uns\u00e4glichen Schmerzen. Durch Erk\u00e4ltung auf der Jagd, besonders durch seine Kurven, sich zugezogen. Ein zwar dienstfertiger, aber h\u00f6chst leichtsinniger Mann, ein Spa\u00dfvogel;<\/p>\n\n\n\n<p class=\"has-small-font-size\">illegitimes Kind 1812 mit <strong>Wollerich<\/strong>, verw. <strong>Gottschalk<\/strong>, Catherine Margarethe, Bramsche,<\/p>\n\n\n\n<p class=\"has-small-font-size\">E.: Simon <strong>Seitz<\/strong> aus Liebenau in Schwaben, Margarethe Catherine <strong>von S\u00fcvern<\/strong>, Sattler in Osnabr\u00fcck<\/p>\n\n\n\n<p class=\"has-small-font-size\">oo 13.08.1800 <strong>Forstmann,<\/strong> Elisabeth Christine Friederike, * Solingen, Hzm. Berg, 1769, E.: Johann Gangolf Wilhelm <strong>Forstmann<\/strong>, Catherina Helena <strong>Winkelhorst<\/strong>, Pastor in Solingen<\/p>\n\n\n\n<p class=\"has-small-font-size\">+\/# Bramsche 31.07.\/ 03.08.1810, 41 Jahre, 1. oo 1789, <strong>Meyer<\/strong>, Johann Rudolph, 2. oo 1791 <strong>L\u00fcning<\/strong>, Diederich Wilhelm, Bramsche,<\/p>\n\n\n\n<p><strong>Kinder:<\/strong><\/p>\n\n\n\n<ul class=\"wp-block-list\">\n<li class=\"has-small-font-size\">Gangolph Carl Heinrich *\/~ Bramsche 21.\/22.07.1804, oo April 1836, <strong>Pfaff<\/strong>, Caroline Elise, aus Kiel, Dr. med. in Buer<\/li>\n\n\n\n<li class=\"has-small-font-size\">August *\/~ Bramsche 23.\/31.10.1806<\/li>\n\n\n\n<li class=\"has-small-font-size\">Johanne Catherine Elisabeth, *\/~ Bramsche, ill., 05.\/12.02.1812, gen. <strong>Gottschalk-Seitz<\/strong>, Vater: David <strong>Seitz<\/strong>, illegitimes Kind mit<strong> Deichmann<\/strong>, Carl August Arthur, *\/~ Bramsche 75, 03.\/ 24.12.1833<\/li>\n<\/ul>\n<\/div>\n\n\n\n<div class=\"wp-block-column is-layout-flow wp-block-column-is-layout-flow\" style=\"flex-basis:25%\">\n<h3 class=\"wp-block-heading\">Hauptstaatsarchiv Hannover:<\/h3>\n\n\n\n<p class=\"has-small-font-size\">Hann. 330 Nr. 564, Hann. 330 Nr. 565, Hann. 330 Nr. 630 &#8211; Brandkassenregister (Hauptkataster) des Kirchspiels Bramsche, Reproduktion: Mikrofiche, 1844-1932.<\/p>\n\n\n\n<figure class=\"wp-block-image\"><img decoding=\"async\" src=\"https:\/\/familienforschung-tecklenburger-land.de\/files\/Tecklenburger-Familienforschung\/OSNABRUECK\/Bramsche\/AK-Bramsche-3.jpg\" alt=\"\"\/><\/figure>\n\n\n\n<h3 class=\"wp-block-heading\">Staatsarchiv Oldenburg:<\/h3>\n\n\n\n<p class=\"has-small-font-size\">Best. 111-1 Nr. 1942 &#8211; Br\u00fcchtenregister des Amtes V\u00f6rden, Enth\u00e4lt: Kirchspiele Bramsche, Engter, Damme, Neuenkirchen, Gehrde, Flecken V\u00f6rden, 1703-1704.<\/p>\n\n\n\n<p><img loading=\"lazy\" decoding=\"async\" src=\"https:\/\/familienforschung-tecklenburger-land.de\/files\/Tecklenburger-Familienforschung\/OSNABRUECK\/Bramsche\/111Bild12.jpg\" alt=\"\" width=\"230\" height=\"182\"><\/p>\n\n\n\n<p class=\"has-small-font-size\">Bild: Wikicommons, Rudko<\/p>\n\n\n\n<h3 class=\"wp-block-heading\">Jacob M\u00f6ller in Lengerich<\/h3>\n\n\n\n<p class=\"has-small-font-size\"><strong>Zufallsfund im Kirchenbuch der evang.-ref. Kirche in Lengerich\/Westf.<\/strong><\/p>\n\n\n\n<p class=\"has-small-font-size\">Jacob M\u00d6LLER von Bramsche heiratete am 04.05.1665 Engel T\u00dcCHTERS<\/p>\n\n\n\n<h3 class=\"wp-block-heading\">Sch\u00fctzenverein im Bramscher Raum?<\/h3>\n\n\n\n<p class=\"has-small-font-size\"><strong>Ein Flohmarktfund:<\/strong><\/p>\n\n\n\n<p class=\"has-small-font-size\">Auf der R\u00fcckseite ist &#8222;1922&#8220; vermerkt, angegeben ist sonst nur noch das Photogesch\u00e4ft Sachteleben in der Schillerstra\u00dfe 5 in Bramsche.<\/p>\n\n\n\n<p class=\"has-small-font-size\">Auf der kleineren Fahne kann man &#8222;Ge&#8230; Emmi Dunker 1927&#8220; lesen.<\/p>\n\n\n\n<figure class=\"wp-block-image size-full has-lightbox\"><img loading=\"lazy\" decoding=\"async\" width=\"1000\" height=\"667\" src=\"https:\/\/familienforschung-tecklenburger-land.de\/wp-content\/uploads\/2023\/08\/unbek-Foto1922-Bramsche_2.jpg\" alt=\"\" class=\"wp-image-3215\" srcset=\"https:\/\/familienforschung-tecklenburger-land.de\/wp-content\/uploads\/2023\/08\/unbek-Foto1922-Bramsche_2.jpg 1000w, https:\/\/familienforschung-tecklenburger-land.de\/wp-content\/uploads\/2023\/08\/unbek-Foto1922-Bramsche_2-300x200.jpg 300w, https:\/\/familienforschung-tecklenburger-land.de\/wp-content\/uploads\/2023\/08\/unbek-Foto1922-Bramsche_2-768x512.jpg 768w, https:\/\/familienforschung-tecklenburger-land.de\/wp-content\/uploads\/2023\/08\/unbek-Foto1922-Bramsche_2-600x400.jpg 600w\" sizes=\"auto, (max-width: 1000px) 100vw, 1000px\" \/><\/figure>\n\n\n\n<h4 class=\"wp-block-heading\"><a href=\"https:\/\/familienforschung-tecklenburger-land.de\/files\/Tecklenburger-Familienforschung\/OSNABRUECK\/unbekannte%20Fotos\/unbek-Foto1922-Bramsche_2.jpg\"><\/a><\/h4>\n\n\n\n<figure class=\"wp-block-image\"><img decoding=\"async\" src=\"https:\/\/familienforschung-tecklenburger-land.de\/files\/Tecklenburger-Familienforschung\/OSNABRUECK\/unbekannte%20Fotos\/unbek-Foto1922-Bramsche.jpg\" alt=\"\"\/><\/figure>\n<\/div>\n<\/div>\n\n\n\n<h2 class=\"wp-block-heading\" id=\"Bramsche-Auswanderer\">Auswanderer<\/h2>\n\n\n\n<div class=\"wp-block-columns is-layout-flex wp-container-core-columns-is-layout-9d6595d7 wp-block-columns-is-layout-flex\">\n<div class=\"wp-block-column is-layout-flow wp-block-column-is-layout-flow\" style=\"flex-basis:25%\">\n<h3 class=\"wp-block-heading\">Auswandereragent M\u00f6llmann<\/h3>\n\n\n\n<p class=\"has-small-font-size\"><em>Aus: Holtmann, Antonius: \u201eFerner thue ich euch zu wissen &#8230;\u201c, Briefe des Johann Heinrich zur Oeveste aus Amerika (1834-1876), Bremen 1995, Seite15-16.<\/em><\/p>\n\n\n\n<p class=\"has-small-font-size\">\u201eDer \u201eobrigkeitliche angestellte und beeidigte Schiffsm\u00e4kler J.D. L\u00fcdering\u201c aus Bremen hatte erstmals am 27 Februar 1833 in den \u201eOsnabr\u00fcckische \u00d6ffentliche Anzeigen\u201c im nichtamtlichen Teil geworben und \u201ezur \u00f6ffentlichen Kunde\u201c gebracht, da\u00df er, \u201eum Entfernteren die kostspielige Reise hieher zur Abschlie\u00dfung eines Contracts zu ersparen &#8230; den Kaufmann J.R. M\u00f6llmann in Bramsche bevollm\u00e4chtigt\u201c habe, \u201esolche Contracte f\u00fcr ganze Gesellschaften sowohl, wie f\u00fcr einzelne Personen zu den auf Billigkeit gegr\u00fcndeten und festen Passagepreisen f\u00fcr die durch mich nach Nordamerika zu expedirenden Schiffe abzuschlie\u00dfen\u201c.\u201c<\/p>\n\n\n\n<figure class=\"wp-block-image\"><img decoding=\"async\" src=\"https:\/\/familienforschung-tecklenburger-land.de\/files\/Tecklenburger-Familienforschung\/OSNABRUECK\/Bramsche\/Gosmann-Bild51.jpg\" alt=\"\"\/><\/figure>\n\n\n\n<h3 class=\"wp-block-heading\">Einige Weblinks:<\/h3>\n\n\n\n<p class=\"has-small-font-size\"><a href=\"http:\/\/www.ancestry.de\/\">ancestry.de:<\/a> Eine umfangreiche Seite f\u00fcr Ahnenforschung. Man kann sich (gegen Geb\u00fchr) registrieren und hat dann Zugriff auf viele interessante Datenbanken (Auswandererlisten, Passagierlisten, US-Volksz\u00e4hlungen, Telefonb\u00fccher, &#8230;)<\/p>\n\n\n\n<p class=\"has-small-font-size\"><a href=\"http:\/\/forum.transoceanic-emigration.net\/\">Forum \u00dcberseeische Auswanderung:<\/a> Ein sehr gut besuchtes Forum \u00fcber Auswanderer. Viele, viele Beitr\u00e4ge, eine wahre Fundgrube.<\/p>\n\n\n\n<p class=\"has-small-font-size\"><a href=\"http:\/\/www.ellisisland.org\/\">Ellis Island:<\/a> Informationsseite \u00fcber die Einwanderung in die U.S.A. ab dem Jahr 1892, in dem Ellis Island er\u00f6ffnet wurde. Man kann dort auch in einer Datenbank Daten suchen.<\/p>\n\n\n\n<p class=\"has-small-font-size\"><a href=\"http:\/\/www.castlegarden.org\/\">Castle Garden:<\/a> Datenbank mit Einwanderern in die U.S.A. 1820 &#8211; 1892. Hier kamen die Immigranten an, bevor es Ellis Island gab.<\/p>\n\n\n\n<p class=\"has-small-font-size\"><a href=\"http:\/\/www.theshipslist.com\/\">The Ships List:<\/a> eine riesige Menge \u00fcber Auswandererschiffe, Passagierlisten, Schiffe allgemein.<\/p>\n\n\n\n<p class=\"has-small-font-size\"><a href=\"http:\/\/home.att.net\/%7Ewee-monster\/\">German Roots, German Genealogy:<\/a> Eine amerikanische Seite \u00fcber deutsche Genealogie-Quellen. Sehr, sehr umfangreich.<\/p>\n\n\n\n<p class=\"has-small-font-size\"><a href=\"http:\/\/www.findagrave.com\/\">Find a grave:<\/a> Millionen Gr\u00e4ber mit ihren Daten online. Hier fand ich die komplette Lebensgeschichte einer Vorfahrin in den U.S.A. und ihrer Familie.<\/p>\n\n\n\n<p class=\"has-small-font-size\"><a href=\"http:\/\/usgenweb.org\/index.shtml\">USGen Web Project:<\/a> Eine riesige Link- und Infosammlung, unterteilt nach Bundessstaaten. Hier die Seite mit einer Einf\u00fchrung in di Ahnenforschung in den USA.<\/p>\n\n\n\n<p class=\"has-small-font-size\"><a href=\"http:\/\/www.census-online.us\/\">Census Online:<\/a> Datenbank mit Volksz\u00e4hlungsdaten aus den U.S.A.<\/p>\n\n\n\n<p class=\"has-small-font-size\"><a href=\"http:\/\/www.passagierlisten.de\/\">Bremer Passagierlisten:<\/a> Auf der Internetseite des Bremer Ahnenforschervereins &#8222;Die Maus&#8220;.<\/p>\n\n\n\n<p class=\"has-small-font-size\"><a href=\"http:\/\/werften.fischtown.de\/archiv\/auswanderung1.html\">Auswandererhafen Bremerhaven:<\/a> Ende des 19. Jahrhunderts hatten Bremen und Bremerhaven sich zum bedeutendsten europ\u00e4ischen Auswanderungshafen entwickelt.<\/p>\n\n\n\n<p class=\"has-small-font-size\"><a href=\"http:\/\/www.archive.nrw.de\/LandesarchivNRW\/abteilungWestfalen\/BilderKartenLogosDateien\/Auswanderer.pdf\">Genealogie im Staatsarchiv:<\/a> Quellen zu Auswanderern aus Westfalen (pdf)<\/p>\n\n\n\n<figure class=\"wp-block-image\"><img decoding=\"async\" src=\"https:\/\/familienforschung-tecklenburger-land.de\/files\/Tecklenburger-Familienforschung\/OSNABRUECK\/Bramsche\/Gosmann-Bild50.jpg\" alt=\"\"\/><\/figure>\n\n\n\n<h3 class=\"wp-block-heading\">Forum Ahnenforschung.net<\/h3>\n\n\n\n<p class=\"has-small-font-size\">Mit dem Passagierschiff \u201eColon\u201c reisten am<a href=\"http:\/\/forum.ahnenforschung.net\/showthread.php?t=4775&amp;page=13\"> 10. Dezember 1850 <\/a>folgende Personen aus Bramsche nach Dona Francisca, S\u00fcd-Brasilien: W. Aulfes, J.H. Bockelmann, C. und R. Morell, Wm. Ulm, W. Brachmann, J.H. M\u00f6rking und J.H. Roskamp.<\/p>\n\n\n\n<p class=\"has-small-font-size\">Carl Fr. Ehlers aus Bramsche, F. Kiesekamp aus Bramsche, Passagier-Liste Schiff Itzstein &amp; Welcker am <a href=\"http:\/\/forum.ahnenforschung.net\/showthread.php?t=4775&amp;page=12\">27. Oct.1850<\/a> von Bremen nach Neworleans.<br><\/p>\n\n\n\n<h3 class=\"wp-block-heading\">Bramscher Nachrichten<\/h3>\n\n\n\n<p class=\"has-small-font-size\">Bramscher Nachrichten 02.01.1929 &#8211; Frida Hackmann, Elt.: B\u00e4ckermeister Hermann Hackmann, ausgewandert Anfang 1929 in die USA, es sind bereits 4 Geschwister in Amerika bzw. Afrika.<br><br>Bramscher Nachrichten 08. Mai 2012<br><a href=\"http:\/\/www.noz.de\/lokales\/63765144\/von-bramsche-in-die-usa-geflohen\">Das Schicksal der j\u00fcdischen Familie Levy<\/a><br>Von Bramsche in die USA geflohen<br>Bramsche. Dem Schicksal, das Juden aus dem Osnabr\u00fccker Land in den 30er-Jahren des vergangenen Jahrhunderts erlitten haben, ist der Bramscher Dieter Przygode mit akribischen Recherchen seit vielen Jahren auf der Spur. Heute berichtet er \u00fcber die Familie Levy, die 1938 aus Bramsche \u00fcber Belgien und Frankreich in die USA fl\u00fcchtete.<br>\u201eThea Salomon und Philipp Levy, beide j\u00fcdischen Glaubens, hatten am 10. September 1936 in Vallendar bei Koblenz geheiratet. Noch im gleichen Monat waren sie nach Bramsche gezogen. Gewohnt haben die Levys zun\u00e4chst in der Bergstra\u00dfe, sp\u00e4ter in der Goethestra\u00dfe beim Tuchmacher Heinrich Heidrich.<br><\/p>\n\n\n\n<p><img loading=\"lazy\" decoding=\"async\" src=\"https:\/\/familienforschung-tecklenburger-land.de\/files\/Tecklenburger-Familienforschung\/OSNABRUECK\/Bramsche\/111Bild13.jpg\" alt=\"\" width=\"230\" height=\"153\"><\/p>\n\n\n\n<p class=\"has-small-font-size\">Der Bahnhof bei Nacht (Bild: Wikicommons, Rudko)<\/p>\n\n\n\n<h3 class=\"wp-block-heading\">Staatsarchiv Osnabr\u00fcck:<\/h3>\n\n\n\n<p class=\"has-small-font-size\">Erw A 100 Nr. 118 &#8211; Unterlagen \u00fcber den \u00fcberwiegend von Bramscher Auswanderern der Jahre 1847\/48 gegr\u00fcndeten Ort &#8222;New Germany&#8220; in S\u00fcdafrika Provinz Natal (heute Stadtteil von Durban), Enth\u00e4lt u.a.: Heiratsregister von New Germany aus den Jahren 1849-1870 in Kopie.<\/p>\n\n\n\n<figure class=\"wp-block-image\"><img decoding=\"async\" src=\"https:\/\/familienforschung-tecklenburger-land.de\/files\/Tecklenburger-Familienforschung\/OSNABRUECK\/Bramsche\/Gosmann-Bild45.jpg\" alt=\"\"\/><\/figure>\n\n\n\n<h3 class=\"wp-block-heading\">Staatsarchiv Osnabr\u00fcck:<\/h3>\n\n\n\n<p class=\"has-small-font-size\">Rep 350 Bers Nr. 900, Rep 350 Bers Nr. 901 &#8211; Kramer, Johann Friedrich August, Bramsche, geb. 26.06.1849, Krukum Pfarre Hoyel, Elt.: Kramer, Heinrich Friedrich Wilhelm, Untervogt jetzt Gerichtsvogt in Bramsche und Kramer, Wilhelmine Louise Amalie, geb. Sch\u00e4kel, Krukum jetzt Bramsche, ausgewandert 1865 nach Nordamerika.<\/p>\n\n\n\n<p class=\"has-small-font-size\">Rep 350 Bers Nr. 903 &#8211; Beverf\u00f6rden, Hermann Heinrich Friedrich, Bramsche, geb. 30.12.1852, Elt.: Beverf\u00f6rden, August Eberhard Maximilian, Tr\u00f6dler und Beverf\u00f6rden, Johanne Marie Margrethe, geb. Reffelt, Bramsche, ausgewandert 1868 nach Nordamerika.<\/p>\n\n\n\n<p class=\"has-small-font-size\"><\/p>\n\n\n\n<p class=\"has-small-font-size\">Rep 350 Bers Nr. 888 &#8211; Gieseler, Bramsche, und Gieseler, m\u00e4nnl., Tischler, Bramsche, ausgewandert 1870 nach Amerika.<br>G\u00f6sker, Regine, Bramsche, ausgewandert 1868 nach Amerika.<br>Kuhlmann, Rud., Bramsche, Tuchmacher, ausgewandert 1866 nach Cincinnati.<br>Henkel, Carl Diedrich, Bramsche, Haussohn, ausgewandert 1866 nach New Orleans.<br>Kramer, Heinrich Eduard, Bramsche, Haussohn, ausgewandert 1866 nach New York.<br>Reichers, Joh. Bernh., Bramsche, Zigarrenmacher, ausgewandert 1864 nach New York.<br>Sostmann, weibl., Bramsche, Witwe und 4 Kinder, ausgewandert 1870 nach Amerika.<br>Becker, Ernst Heinrich Carl, Bramsche, Tuchmacher, ausgewandert 1866 nach New Orleans mit 20 Reichstaler.<br>Strubbe, Anna, Bramsche, Haustochter, ausgewandert 1866 nach New Orleans.<br>Thiele, Dorothea, Bramsche, Witwe, ausgewandert 1866 nach New Orleans 8. 1866.<br>Ehrensing, Wilhelm, Bramsche, ausgewandert 1867 nach Amerika.<br>Wiecking, Auguste, Bramsche, ausgewandert 1868 nach Amerika.<br>Krop, Friedrich August, Bramsche, Tuchmacher, ausgewandert 1865 nach New York mit 50 Reichstaler.<br>Kuhlmann, Caroline, Bramsche, ausgewandert 1870 nach Amerika.<br>Frese, Friedrich, Bramsche, Tuchmacher, ausgewandert 1866 nach Cincinnati.<br>Rott, Anna Catharine, Bramsche, Haustochter, ausgewandert 1865 nach St. Louis.<br>B\u00f6deker, Johanna, Bramsche, Haustochter, ausgewandert 1866 nach New York.<br>Auf dem Brink, Hermine, Bramsche, ausgewandert 1867 nach Amerika.<br>Krafft, Hermann Rudolph, Bramsche, B\u00e4cker u. Brauer, ausgewandert 1864 nach New York.<br>Detering, G. Fr. Wern., Bramsche, F\u00e4rber, ausgewandert 1864 nach Polen.<br>Thorbek, H., Bramsche, ausgewandert 1867 nach Amerika,<br>Meyer, H. C., Bramsche, ausgewandert 1869 nach Baltimore.<br>Frese, Heinrich, Bramsche, Zigarrenmacher, ausgewandert 1864 nach New York.<br>Reffelt, Heinrich Aug., Bramsche, Schlosser, ausgewandert 1866 nach New York.<br>Vor dem Dyke, m\u00e4nnl., Bramsche, und Ehefrau mit Kind, ausgewandert 1868 nach Amerika.<br>Wiemann, Julie Amalie, Bramsche, Ackerfrau mit Sohn und Tochter \u00fcber 14 Jahre, ausgewandert 1866 nach New York mit 100 Reichstaler.<br>Torlage, Christine, Bramsche, Landstreicherin, ausgewandert 1866 nach Nordamerika.<br>Heuermann, Heinrich, Bramsche, ausgewandert 1867 nach Amerika.<br>Koch, Herm Friedrich Gust., Bramsche, F\u00e4rber, ausgewandert 1865 nach New York.<br>K\u00f6ster, Aug., m\u00e4nnl., Bramsche, Kutscher, ausgewandert 1865 nach Nordamerika.<br>Lohmeyer, Ernst, Bramsche, und Ehefrau Catharine mit Kinder Bertha, Theodor, Wilhelm, ausgewandert 1867 nach Amerika.<br>Schl\u00fcsselburg, Henriette Friedr. Charlotte Doroth., Bramsche, Haustochter, ausgewandert 1864 nach New York.<br>Storch, Johanne, Bramsche, ausgewandert 1869 nach New Orleans.<br>Feldhausen, Johanna Maria Margarethe Christiane, Bramsche, Haustochter, ausgewandert 1866 nach New York.<br>Auf dem Brink, Anna, Bramsche, ausgewandert 1867 nach Amerika.<br>B\u00fcnte, Anna Marie, Bramsche, Haustochter, ausgewandert 1864 nach Baltimore.<br>Humbrock, Juliane, Bramsche, ausgewandert 1868 nach Amerika.<br>Meyer, Emma Regine, Bramsche, Haustochter, ausgewandert 1866 nach Pittsburgh.<br>Horn, Bramsche, ausgewandert 1868 nach Amerika.<br>Horn, Henriette Friederike, Bramsche, Haustochter, ausgewandert 1865 nach New York.<br>Suthof, Ernst Heinrich, Bramsche, Ackermann, ausgewandert 1864 nach New York.<br>Wienken, Johanne, Bramsche, Putzmacherin, ausgewandert 1864 nach New York.<br>Brockmann, Cath. Margarethe, Bramsche, Ehefrau mit Sohn unter 14 Jahre, ausgewandert 1866 nach New York.<\/p>\n\n\n\n<p class=\"has-small-font-size\">Rep 350 Bers Nr. 888, Rep 350 Bers Nr. 905 &#8211; Heuermann, Reg. Wilhelmine, Bramsche, Dienstmagd, ausgewandert 1864 nach New York, Wegen Diebst\u00e4hlen im Amt V\u00f6rden angehalten. Teilt mit, da\u00df sie von dem ihr \u00fcbersandten Schein zur freien \u00dcberfahrt nach Nordamerika vorl\u00e4ufig keinen Gebrauch machen kann.<\/p>\n\n\n\n<p class=\"has-small-font-size\">Rep 350 Bers Nr. 899 &#8211; Stichweh, Christian Heinrich, Bramsche, ausgewandert 1862 nach New York. Wird nach Verb\u00fc\u00dfung einer viermonatigen Strafe wegen Landstreicherei im Werkhaus Moringen auf Kosten des Weichbildes Bramsche nach Amerika abgeschoben. \u00dcberfahrt mit dem Segelschiff &#8222;Stella&#8220; von Geestem\u00fcnde. Anbei einen Brief vom 15.09.1863 aus Hospital Wards Island bei New York.<\/p>\n<\/div>\n\n\n\n<div class=\"wp-block-column is-layout-flow wp-block-column-is-layout-flow\" style=\"flex-basis:50%\">\n<h3 class=\"wp-block-heading\">Staatsarchiv Osnabr\u00fcck:<\/h3>\n\n\n\n<p class=\"has-small-font-size\">Dep 3 b III Nr. 492 &#8211; Busse sive Thies, Christian Friedrich Adolph aus Osnabr\u00fcck, geb. 21.04.1849, ausgewandert 1866 nach New York.<\/p>\n\n\n\n<p class=\"has-small-font-size\">Dep 50 b Nr. 1590 &#8211; Hobelmann, Johann Heinrich aus Quakenbr\u00fcck, 46 Jahre alt, geb. in Bramsche, ausgewandert 1856 nach Baltimore.<\/p>\n\n\n\n<p class=\"has-small-font-size\">Dep 59 b Nr. 55 &#8211; Storch, Rudolph aus Bramsche, 30 Jahre alt, Tuchmacher, ausgwandert 1836 nach Amerika.<\/p>\n\n\n\n<p class=\"has-small-font-size\">Dep 59 b Nr. 55 &#8211; Sch\u00e4fer, Friedrich aus Bramsche, 33 Jahre alt, Tuchmacher, ausgewandert 1836 nach Amerika.<\/p>\n\n\n\n<p class=\"has-small-font-size\">Dep 59 b Nr. 55 &#8211; Hoffeld, Louise aus Bramsche, 19 Jahre, Putzmacherin, ausgewandert 1846 nach Amerika.<\/p>\n\n\n\n<p class=\"has-small-font-size\">Dep 59 b Nr. 55 &#8211; Gogrefe, Heinrich Eduard aus Bramsche, 17 Jahre alt, Tuchmacher, ausgewandert 1840 nach Amerika.<\/p>\n\n\n\n<p class=\"has-small-font-size\">Dep 59 b Nr. 55 &#8211; Peters, Johanna aus Bramsche, 19 Jahre alt, Dienstmagd, ausgewandert 1846 nach Amerika.<\/p>\n\n\n\n<p class=\"has-small-font-size\">Dep 59 b Nr. 55 &#8211; Gogrefe, Christian aus Bramsche, 51 Jahre, Tuchmacher, ausgewandert 1846 nach Amerika.<\/p>\n\n\n\n<p class=\"has-small-font-size\">Dep 59 b Nr. 55 &#8211; Storch, Heinrich aus Bramsche, 23 Jahre, Tuchmacher, ausgewandert 1836 nach Amerika.<\/p>\n\n\n\n<p class=\"has-small-font-size\">Dep 59 b Nr. 55 &#8211; Rihnt\/Rilmt, J. H., m\u00e4nnl. aus Bramsche, 30 Jahre, Schlosser mit Ehefrau 37 Jahre und zwei S\u00f6hne 5 und 2 Jahre, ausgewandert 1837 nach Amerika.<\/p>\n\n\n\n<p class=\"has-small-font-size\">Dep 59 b Nr. 55 &#8211; Peter, Michael aus Bramsche, 43 Jahre, T\u00f6pfer, ausgewandert 1837 nach Amerika, S\u00e4ufer,<br>zur\u00fcckbleibende Familienmitglieder: Ehefrau und vier Kinder 17, 15, 10, 1\/2 Jahr alt.<\/p>\n\n\n\n<p class=\"has-small-font-size\">Dep 59 b Nr. 55 &#8211; Gogrefe, Hermann Heinrich aus Bramsche, 22 2\/3 Jahre, Tuchmacher, ausgewandert 1840 nach Amerika.<\/p>\n\n\n\n<p class=\"has-small-font-size\">Dep 59 b Nr. 55 &#8211; Meyer, Rudolph aus Bramsche, 25 Jahre, Lohgerber, ausgewandert 1840 nach Amerika.<\/p>\n\n\n\n<p class=\"has-small-font-size\">Dep 59 b Nr. 55 &#8211; Meyer, Louis aus Bramsche, 19 Jahre, Schlachter, ausgewandert 1846 nach Amerika.<\/p>\n\n\n\n<p class=\"has-small-font-size\">Dep 59 b Nr. 55 &#8211; Hoffeld, Auguste aus Bramsche, 17 Jahre, Putzmacherin, ausgewandert 1846 nach Amerika.<\/p>\n\n\n\n<p class=\"has-small-font-size\">Dep 59 b Nr. 55 &#8211; Holste, Hannchen aus Bramsche, 36 Jahre, Putzmacherin, ausgewandert 1842 nach Baltimore.<\/p>\n\n\n\n<p class=\"has-small-font-size\">Dep 59 b Nr. 55 &#8211; Schwegmann, Hermann Rudolph aus Bramsche, 17 Jahre, Handlungslehrling, ausgewandert 1840 nach Amerika.<\/p>\n\n\n\n<p class=\"has-small-font-size\">Dep 59 b Nr. 55 &#8211; Hoffeld, Rudolph aus Bramsche, 8 Jahre, Schulknabe, ausgewandert 1846 nach Amerika.<\/p>\n\n\n\n<p class=\"has-small-font-size\">Dep 59 b Nr. 55 &#8211; Sander, m\u00e4nnl. aus Bramsche, Schuhmacher, ausgewandert 1834 nach Amerika.<\/p>\n\n\n\n<p class=\"has-small-font-size\">Dep 59 b Nr. 55 &#8211; M\u00f6rking, Hermann Heinrich aus Bramsche, 27 Jahre, Tuchmachergeselle, ausgewandert 1841 nach Amerika.<\/p>\n\n\n\n<p class=\"has-small-font-size\">Dep 59 b Nr. 55 &#8211; Geilfu\u00df, August aus Bramsche, 16 Jahre, B\u00e4ckerlehrling, ausgewandert 1846 nach Amerika.<\/p>\n\n\n\n<p class=\"has-small-font-size\">Dep 59 b Nr. 55 &#8211; Raue, Johanna aus Bramsche, 21 Jahre, Dienstmagd, ausgewandert 1846 nach Amerika.<\/p>\n\n\n\n<p class=\"has-small-font-size\">Dep 59 b Nr. 55 &#8211; Prues, Louise aus Bramsche, 22 Jahre, N\u00e4herin, und Br\u00e4utigam Warnke, Carl Mart. Theodor aus Bevergern Kr. Tecklenburg, ausgewandert 1846 nach Amerika.<\/p>\n\n\n\n<p class=\"has-small-font-size\">Dep 59 b Nr. 55 &#8211; Rethmann, Hermann August aus Bramsche, 24 Jahre, Schlosser, ausgewandert 1840 nach Amerika.<\/p>\n\n\n\n<p class=\"has-small-font-size\">Rep 335 Nr. 764 &#8211; Voigt, Heinrich David, Bramsche, geb. 1803, Tierarzt, ausgewandert 1826 nach Brasilien, hat 2 Jahre in Wien studiert.<\/p>\n\n\n\n<p class=\"has-small-font-size\">Rep 335 Nr. 769 &#8211; B\u00f6decker, Johann Wilhelm, Kupferschmiedegeselle, ausgewandert 1831 nach Dinklage, Kreis Vechta, will sich dort verheiraten.<\/p>\n\n\n\n<p class=\"has-small-font-size\">Rep 335 Nr. 770 &#8211; Hasenpat, Christian Rudolph, Bramsche, geb. 1798, Hutmachergeselle, ausgewandert 1831 nach Baltimore.<\/p>\n\n\n\n<p class=\"has-small-font-size\">Rep 335 Nr. 772 &#8211; Dierkes, Johann Hermann, geb. 27.11.1813, Handlungsdiener, ausgewandert 1837 nach Iserlohn (Preu\u00dfen).<\/p>\n\n\n\n<p class=\"has-small-font-size\">Rep 335 Nr. 776 &#8211; Cammus, Hermann Heinrich, Bramsche, geb. 1813, Schuhmacher, ausgewandert 1844 nach Preu\u00dfen, will sich dort verheiraten.<\/p>\n\n\n\n<p class=\"has-small-font-size\">Rep 335 Nr. 776 &#8211; Schr\u00f6der, Christian Heinrich, Bramsche, ausgewandert 1843 nach Sonneberg (Nassau).<\/p>\n\n\n\n<p class=\"has-small-font-size\">Rep 335 Nr. 777 &#8211; Priemer, Bernhard Heinrich, Bramsche, ausgewandert 1845 nach Vlotho (Preu\u00dfen).<\/p>\n\n\n\n<p class=\"has-small-font-size\">Rep 335 Nr. 779 &#8211; Oellermann, Rudolf Franz, geb. 06.11.1826, ausgewandert 1847 nach Afrika.<\/p>\n\n\n\n<p class=\"has-small-font-size\">Rep 335 Nr. 782 &#8211; Gogrefe, Christian Wilhelm, geb. 01.02.1827, Bramsche, Gogrefe, Albrecht Wilhelm, geb. 1832, Bruder, ausgewandert 1850 nach Amerika.<br>von D\u00f6rsten, Hermann Heinrich, Bramsche, Schuhmacher, ausgewandert nach Amerika.<\/p>\n\n\n\n<p class=\"has-small-font-size\">Rep 335 Nr. 782 &#8211; Lefeber\/Lefevre, Hermann Rudolph, geb. 09.08.1819, Bramsche, Kaufmann, ausgewandert 1850 nach Oldenburg, h\u00e4lt sich bereits dort auf.<\/p>\n\n\n\n<p class=\"has-small-font-size\">Rep 335 Nr. 783 &#8211; Von der Heide, Hermann Heinrich, geb. 06.03.1832, ausgewandert 1851 nach USA.<\/p>\n\n\n\n<p class=\"has-small-font-size\">Rep 335 Nr. 784 &#8211; Strick, Rudolph, geb. 12.08.1832 in Oldendorf und Strick, H., Pastor, Bramsche, ausgewandert 1852 nach Nashville (Amerika), ist bereits am 12.08.1848 nach Nashville ausgewandert.<\/p>\n\n\n\n<p class=\"has-small-font-size\">Rep 335 Nr. 784 &#8211; Wieking, August, geb. 1834, Bramsche, ausgewandert 1852 nach Amerika.<\/p>\n\n\n\n<p class=\"has-small-font-size\">Rep 335 Nr. 784 &#8211; Eckmann, Hermann Jakob Wilhelm, geb. 1832, Bramsche, Eckmann, m\u00e4nnl., Kupferschmied, Bramsche, Mutter ist in 2. Ehe mit Hermann Lund, Kupferschmied, verheiratet, Ziel: New York (Amerika), da noch milit\u00e4rpflichtig, Konsens nicht erteilt.<\/p>\n\n\n\n<p class=\"has-small-font-size\">Rep 335 Nr. 785 &#8211; Wieking, August, geb. 23.03.1834, Bramsche, Elt.: Wieking, Rudolph, Kattunfabrikant, Bramsche, ausgewandert 1853 nach Amerika, ist bereits im Mai oder Juni nach Amerika gereist.<\/p>\n\n\n\n<p class=\"has-small-font-size\">Rep 335 Nr. 786 &#8211; Geilfu\u00df, Hermann Rudolph, geb. 31.12.1835, Bramsche, Kaufmann, Elt.: Geilfu\u00df, m\u00e4nnl., B\u00e4cker u. Ratsherr, Bramsche, ausgewandert 1854 nach Amerika, hat Verwandte in Amerika.<\/p>\n\n\n\n<p class=\"has-small-font-size\">Rep 335 Nr. 786 &#8211; Volger, Gottlieb Wilhelm, geb. 22.10.1836, Bramsche, Elt.: Volger, Heinrich Wilhelm, Amtsvogt und Volger, Clementine Johanne Antoinette, geb. Enk, Bramsche jetzt Hesepe, ausgewandert 1854 nach Baltimore (Amerika), ist im Sommer 1853 zu seinem Onkel nach Baltimore gereist.<\/p>\n\n\n\n<p class=\"has-small-font-size\">Rep 335 Nr. 787 &#8211; Struwe, Diedrich Wilhelm, geb. 16.05.1838, Bramsche, Musiker, Elt.: Struwe, Johann Diedrich, Leineweber, Bramsche, ausgewandert 1855 nach New Orleans, der Vater hat 3 S\u00f6hne und 1 Tochter. Der \u00e4lteste Sohn lebt in Amerika.<\/p>\n\n\n\n<p class=\"has-small-font-size\">Rep 335 Nr. 787 &#8211; Wolters, Ernst Friedrich Conrad, geb. 22.08.1837, Bramsche, Handlungsgehilfe, Elt.: Wolters, m\u00e4nnl., Gastwirt, Bramsche, ausgewandert 1855 nach Cincinnati (Nordamerika), wandert durch Vermittlung eines Verwandten aus.<\/p>\n\n\n\n<p class=\"has-small-font-size\">Rep 335 Nr. 788 &#8211; Priemer, Hermann Rudolph, geb. 03.06.1838, Bramsche, Kaufmann, ausgewandert 1856 nach Nordamerika.<\/p>\n\n\n\n<p class=\"has-small-font-size\">Rep 335 Nr. 789 &#8211; Bockelmann, Ernst Heinrich, geb. 17.08.1838, Bramsche, Tuchmacher will auf Tischler umlernen, Elt.: Bockelmann, Hermann, Tuchmachermeister, Bramsche, Ziel: New York (Nordamerika), sein Vetter Rudolph Reffelt lebt in New York. Da er nicht nachweisen kann, in Amerika ein besseres Fortkommen zu finden, ist ihm der Konsens nicht erteilt.<\/p>\n\n\n\n<p class=\"has-small-font-size\">Rep 335 Nr. 790 &#8211; Ehrensing, Heinrich Rudolph Louis, geb. 07.04.1843, Bramsche, ausgewandert 1858 nach New York oder New Orleans, hat Verwandte dort.<\/p>\n\n\n\n<p class=\"has-small-font-size\">Rep 335 Nr. 791 &#8211; Schade, Rudolph August, geb. 31.05.1844, Bramsche, Schneider, Elt.: Schade, Rudolph, Schneider, Bramsche, ausgewandert 1859 nach Nordamerika, zwei Br\u00fcder und zwei Schwestern leben in Amerika.<\/p>\n\n\n\n<p class=\"has-small-font-size\">Rep 335 Nr. 792 &#8211; Reffelt, Johann Hermann, geb. 25.09.1843, Bramsche, ausgewandert 1860 nach Nordamerika, sein Bruder Hermann lebt seit 4 Jahren in Nordamerika.<\/p>\n\n\n\n<p class=\"has-small-font-size\">Rep 335 Nr. 793 &#8211; Wienken, Johann Christian Friedrich aus Bramsche, geb. 23.04.1847, Osnabr\u00fcck, Elt.: Wienken, Johann Jacob (+), Fabrikarbeiter, Mutter lebt in Bramsche, ausgewandert 1861 nach Nordamerika, seine Schwester und sein Schwager leben in Amerika.<\/p>\n\n\n\n<p class=\"has-small-font-size\">Rep 335 Nr. 796, Rep 350 Bers Nr. 888, Rep 350 Bers Nr. 900 &#8211; H\u00f6lscher, Hermann Rudolph, geb. 06.04.1850, Bramsche, Elt.: H\u00f6lscher, Johann Hermann Rudolph, Uhrmacher und H\u00f6lscher, Margrethe Elise Amalie, geb. Schwarberg, Bramsche, ausgewandert 1865 nach St. Louis.<\/p>\n\n\n\n<p class=\"has-small-font-size\">Rep 335 Nr. 796, Rep 350 Bers Nr. 888, Rep 350 Bers Nr. 902 &#8211; Wieking, Gerhard Diedrich, geb. 16.10.1846, Bramsche, B\u00e4cker, Elt.: Wiecking, Hermann Rudolph, Lohgerber und Wiecking, Hermine Christine, geb. Meyran, Bramsche, ausgewandert 1865 nach New York.<\/p>\n\n\n\n<p class=\"has-small-font-size\">Rep 335 Nr. 796, Rep 350 Bers Nr. 888 &#8211; Wiemann, Heinrich Julius aus Bramsche, geb. 1844, ausgewandert 1865 nach New York.<\/p>\n\n\n\n<p class=\"has-small-font-size\">Rep 335 Nr. 796, Rep 350 Bers Nr. 888 &#8211; Kramer, Johann Friedrich August, geb. 26.06.1849, Bramsche, und Kramer, m\u00e4nnl., Gerichtsvogt a. D., Bramsche, ausgewandert 1865 nach New York.<\/p>\n\n\n\n<p class=\"has-small-font-size\">Rep 335 Nr. 796, Rep 350 Bers Nr. 888, Rep 350 Bers Nr. 900 &#8211; Beverf\u00f6rden, Gerhard Friedrich Carl, geb. 25.05.1847, Bramsche, Elt.: Beverf\u00f6rden, Gerhard Friedrich, Schlachtermeister und Beverf\u00f6rden, Caroline Elise, geb. Aulfes, Bramsche, ausgewandert 1865 nach New York mit 55 Reichstaler.<\/p>\n\n\n\n<p class=\"has-small-font-size\">Rep 335 Nr. 796, Rep 350 Bers Nr. 900 &#8211; Wieking, Heinrich Rudolph Guido, geb. 12.09.1838, Bramsche, Kaufmann, Elt.: Wiecking, Christian Rudolph, B\u00e4cker und Wiecking, Anna Amalie Margrete, geb. Krafft,&nbsp; Bramsche, ausgewandert 1865 nach Bremen, hat in Bremen ein Gesch\u00e4ft \u00fcbernommen.<\/p>\n\n\n\n<p class=\"has-small-font-size\">Rep 335 Nr. 797, Rep 350 Bers Nr. 888 &#8211; Wenninghoff, Christian Heinrich aus Bramsche, geb. 1842, Tabakmacher, ausgewandert 1866 nach Pittsburg, hat einen Stellvertreter gestellt und 125 Reichstaler in die Regimentskasse gezahlt.<\/p>\n\n\n\n<p class=\"has-small-font-size\">Rep 335 Nr. 797, Rep 350 Bers Nr. 888, Rep 350 Bers Nr. 901 &#8211; Lohmeyer, Ernst Heinrich, geb. 21.12.1847, Bramsche, Elt.: Lohmeyer, Ernst Heinrich, senior, F\u00e4rber und Lohmeyer, Helene Kathrine Adelheid, geb. Ackermann, Bramsche, ausgewandert 1866 nach Baltimore.<\/p>\n\n\n\n<p class=\"has-small-font-size\">Rep 335 Nr. 797, Rep 350 Bers Nr. 888, Rep 350 Bers Nr. 901 &#8211; Surendorf, Heinrich Wilhelm, geb. 20.05.1848, Bramsche, Elt.: Surendorf, Johann Heinrich, Tuchmacher und Surendorf, Anne Catharine Maria, geb. Mormann,Bramsche, ausgewandert 1866 nach New Orleans.<\/p>\n\n\n\n<p class=\"has-small-font-size\">Rep 335 Nr. 797, Rep 350 Bers Nr. 901 &#8211; Becker, Ernst Heinrich Carl, geb. 21.07.1848, Bramsche, Elt.:&nbsp; Becker, Johann Christian Friedrich, Glaser und Becker, Margrethe Maria, geb. Lohmeyer, Bramsche, ausgewandert 1866 nach Nordamerika.<\/p>\n\n\n\n<p class=\"has-small-font-size\">Rep 335 Nr. 797, Rep 350 Bers Nr. 888, Rep 350 Bers Nr. 901 &#8211; Sostmann, Hermann Heinrich Adolph, geb. 01.02.1852, Bramsche, Elt.: Sostmann, Hermann Heinrich, Tuchscherer und Sostmann, Helene Margrethe Elise, geb. Salzmann, Bramsche, ausgewandert 1866 nach New York, Nordamerika.<\/p>\n\n\n\n<p class=\"has-small-font-size\">Rep 335 Nr. 797, Rep 350 Bers Nr. 888, Rep 350 Bers Nr. 901 &#8211; Wieking, Hermann Rudolph, geb. 10.05.1849, Bramsche, Tuchmacher, Elt.: Wiecking, Hermann Rudolph, senior, Lohgerber und Wiecking, Hermine Christine, geb. Meyran, Bramsche, ausgewandert 1866 nach Nordamerika.<\/p>\n\n\n\n<p class=\"has-small-font-size\">Rep 335 Nr. 797, Rep 350 Bers Nr. 888, Rep 350 Bers Nr. 901 &#8211; Beverf\u00f6rden, Hermann Heinrich Siegfried, geb. 30.03.1851, Bramsche, Elt.: Beverf\u00f6rden, Eberhard August Maximilian, H\u00e4ndler und Beverf\u00f6rden, Johanne Marie Margarethe, geb. Reffelt, ausgewandert 1866 nach New York.<\/p>\n\n\n\n<p class=\"has-small-font-size\">Rep 335 Nr. 797, Rep 350 Bers Nr. 888, Rep 350 Bers Nr. 901 &#8211; Wiemann, Friedrich Bernhard, geb. 18.04.1853, Bramsche, Elt.: Wiemann, Bernhard Heinrich, B\u00e4cker u. Gastwirt und Wiemann, Julie Amalie, geb. Meyer, Bramsche, ausgewandert 1866 nach Nordamerika.<br>Wiemann, Georg Friedrich, geb. 16.06.1849, Bramsche, und Wiemann, Bernhard Heinrich, Gastwirt und Wiemann, Julie Amalie, geb. Meyer, Bramsche, ausgewandert 1866 nach Amerika.<\/p>\n\n\n\n<p class=\"has-small-font-size\">Rep 335 Nr. 798, Rep 350 Bers Nr. 888, Rep 350 Bers Nr. 901 &#8211; Lohmeyer, Gerhard Heinrich Adolph, geb. 10.11.1849, Bramsche, Elt.: Lohmeyer, Ernst Heinrich, Kattunfabrikant und Lohmeyer, Helene Cathrine Adelheid, geb. Ackermann, ausgewandert 1866 nach Baltimore.<\/p>\n\n\n\n<p class=\"has-small-font-size\">Rep 335 Nr. 798, Rep 350 Bers Nr. 901 &#8211; Henkel, Karl Diedrich G\u00fcnther, geb. 12.09.1852, Bramsche, Elt.: Henkel, Heinrich Louis Otto, F\u00e4rber und Henkel, Caroline Amalie, geb. Lange, Bramsche, ausgewandert 1866 nach Nordamerika.<\/p>\n\n\n\n<p class=\"has-small-font-size\">Rep 335 Nr. 798, Rep 350 Bers Nr. 901 &#8211; Wieking, Johann Christian Gustav, geb. 21.07.1847, Bramsche, Elt.: Wiecking, Diedrich Rudolph, Kammacher und Wiecking, Anna Maria Alwine, geb. Bex, Bramsche, ausgewandert 1866 nach Nordamerika.<\/p>\n\n\n\n<p class=\"has-small-font-size\">Rep 335 Nr. 798, Rep 350 Bers Nr. 888, Rep 350 Bers Nr. 901 &#8211; Strubbe, Heinrich Hermann Rudolph, geb. 27.05.1849, Bramsche, Elt.: Strubbe, Heinrich Ludwig, Tischler und Strubbe, Catharine Amalie Gerhardine, geb. Bargmann, Bramsche, ausgewandert 1866 nach New Orleans.<\/p>\n\n\n\n<p class=\"has-small-font-size\">Rep 335 Nr. 799, Rep 350 Bers Nr. 901 &#8211; Sanders, Carl Georg Emil, geb. 29.12.1849, Bramsche, Kaufmann, Elt.: Sanders, Christian Rudolph, Kaufmann und Sanders, Christiane Agnesa, geb. Sanders, Bramsche, ausgewandert 1866 nach England.<\/p>\n\n\n\n<p class=\"has-small-font-size\">Rep 335 Nr. 799, Rep 350 Bers Nr. 901 &#8211; Rott, Johann Hermann, geb. 27.08.1850, Bramsche, Kaufmann, Elt.: Rott, Heinrich Rudolph, Kaufmann und Rott, Cathrine Maria, geb. Rolf, Bramsche, ausgewandert 1866 nach Amerika.<\/p>\n\n\n\n<p class=\"has-small-font-size\">Rep 335 Nr. 799 &#8211; Bu\u00dfe, Christian Friedrich Adolph, geb. 1849, Bramsche, ausgewandert 1866 nach Amerika.<\/p>\n\n\n\n<p class=\"has-small-font-size\">Rep 335 Nr. 799, Rep 350 Bers Nr. 888, Rep 350 Bers Nr. 901 &#8211; Ehrensing, Hermann Wilhelm, geb. 28.11.1848, Bramsche, Schlosser, Elt.: Ehrensing, Hermann Rudolph, Tuchmacher und Ehrensing, Anna Helene, geb. Priemer, Bramsche, ausgewandert 1866 nach Pittsburg.<\/p>\n\n\n\n<p class=\"has-small-font-size\">Rep 335 Nr. 800, Rep 350 Bers Nr. 902 &#8211; Ortmann, Heinrich Diedrich, geb. 24.03.1849, Bramsche, Elt.: Ortmann, Joh. Diedr. Rudolph Gotmann, Tuchmacher und Ortmann, Anna Marie, geb. Lostmann, Bramsche, ausgewandert 1867 nach Nordamerika, wandert gemeinsam mit seinem \u00e4lteren Bruder Diedr. Friedrich aus.<\/p>\n\n\n\n<p class=\"has-small-font-size\">Rep 335 Nr. 800, Rep 350 Bers Nr. 888, Rep 350 Bers Nr. 902 &#8211; Knostmann, Rudolph August, geb. 18.04.1850, Bramsche, Elt.: Knostmann, Johann Friedrich, Kornh\u00e4ndler und Knostmann, Regine Caroline, geb. Schmidt, Bramsche, ausgewandert 1867 nach New York.<\/p>\n\n\n\n<p class=\"has-small-font-size\">Rep 335 Nr. 801, Rep 350 Bers Nr. 902 &#8211; Tonne, Georg Friedrich Wilhelm aus Bramsche, geb. 10.08.1849, F\u00fcrstenau, Elt.: Tonne, Johann Friedrich Ludwig, Gerichtsdiener und Gefangenenw\u00e4rter und Tonne, Caroline Helene, geb. Freese, F\u00fcrstenau ausgewandert 1867 nach Nordamerika.<\/p>\n\n\n\n<p class=\"has-small-font-size\">Rep 335 Nr. 801, Rep 350 Bers Nr. 902 &#8211; Wenninghoff, Heinrich Rudolph, geb. 03.10.1848, Bramsche, Elt.: Wenninghoff, Lucas Ferdinand (+) Tuchmacher und Wenninghoff, Maria Regine, geb. Hasemann, Bramsche, Wenninghoff, Hermann Ferdinand, geb. 13.02.1850, Bruder; Wenninghoff, Georg Friedrich, geb. 25.03.1852, Bruder; alle Geschwister, ausgewandert 1867 nach Nordamerika.<\/p>\n\n\n\n<p class=\"has-small-font-size\">Rep 335 Nr. 801, Rep 350 Bers Nr. 902 &#8211; Krop, Wilhelm Heinrich, geb. 10.08.1850, Bramsche, Elt.: Krop, Hermann Heinrich, Tuchmacher und Krop, Anna Marie, geb. Freudenburg, ausgewandert 1867 nach St. Louis. Der Onkel Meyer und sein Bruder, der das Reisegeld schickte, leben in Amerika. Hat einen Brief vom 15.04.1867.<\/p>\n\n\n\n<p class=\"has-small-font-size\">Rep 335 Nr. 801, Rep 350 Bers Nr. 902 &#8211; Kester, Hermann Wilhelm Louis, geb. 03.02.1851, Bramsche, Elt.: Kester, Georg, Seiler und Kester, Johanne Cathrine, geb. Schmidt, Bramsche, ausgewandert 1867 nach Nordamerika.<\/p>\n\n\n\n<p class=\"has-small-font-size\">Rep 335 Nr. 801, Rep 350 Bers Nr. 902 &#8211; Wieking, Diedrich Rudolph, geb. 29.06.1850, Bramsche, Elt.: Wiecking, Hermann Rudolph und Wiecking, Hermine Christine (Louise), geb. Meyran, Wieking, Friedrich Wilhelm Aug., geb. 22.12.1851, Bruder, ausgewandert 1867 nach Nordamerika.<\/p>\n\n\n\n<p class=\"has-small-font-size\">Rep 335 Nr. 801, Rep 350 Bers Nr. 902 &#8211; Auf dem Brinke, Carl Ernst Rudolph, geb. 12.10.1859, Bramsche, Elt.: Auf dem Brinke, Anna Dorothea, ledig, Bramsche, ausgewandert 1867 nach Nordamerika.<\/p>\n\n\n\n<p class=\"has-small-font-size\">Rep 335 Nr. 803, Rep 350 Bers Nr. 888, Rep 350 Bers Nr. 903 &#8211; Holste, Hermann Friedrich, geb. 05.02.1851, Bramsche, Elt.: Holste, Christian Friedrich Balthasar (+) Raseur und Holste, Anne Maria Johanne, geb. Rau, ausgewandert 1868 nach Nordamerika.<\/p>\n\n\n\n<p class=\"has-small-font-size\">Rep 335 Nr. 804, Rep 350 Bers Nr. 903, Rep 350 Bers Nr. 1010 &#8211; Nunne, August Heinrich, geb. 09.04.1850, Bramsche, Elt.: Nunne, Heinrich August Theodor, Tuchappreteur und Nunne, Johanne Elise, geb. M\u00f6llmann, Bramsche, ausgewandert 1868 nach New York.<\/p>\n\n\n\n<p class=\"has-small-font-size\">Rep 335 Nr. 804, Rep 350 Bers Nr. 888, Rep 350 Bers Nr. 903 &#8211; Macke, Johann Rudolph Friedrich, geb. 11.10.1852, Bramsche, Elt.: Macke, Johann Friedrich, Tuchmacher und Macke, Maria Margretha, geb. Hetlage, Bramsche, ausgewandert 1868 nach Nordamerika.<\/p>\n\n\n\n<p class=\"has-small-font-size\">Rep 335 Nr. 804, Rep 350 Bers Nr. 903 &#8211; Reffelt, Rudolf Heinrich, geb. 24.12.1853, Bramsche, Reffelt, Elt.: Johann Heinrich, Fabrikarbeiter und Reffelt, Cathrine Louise, geb. Ostendorf, Bramsche, ausgewandert 1868 nach Nordamerika.<\/p>\n\n\n\n<p class=\"has-small-font-size\">Rep 335 Nr. 804, Rep 350 Bers Nr. 903 &#8211; H\u00f6lscher, Ernst Georg Wilhelm, geb. 07.04.1852, Bramsche, Elt.: H\u00f6lscher, Johann Hermann Rudolph, Uhrmacher und H\u00f6lscher, Margrethe Elise Amalie, geb. Schwarberg, Bramsche, ausgewandert 1868 nach Amerika.<\/p>\n\n\n\n<p class=\"has-small-font-size\">Rep 335 Nr. 804, Rep 350 Bers Nr. 903, Rep 350 Bers Nr. 1010 &#8211; Horn, Wilhelm Rudolph, geb. 16.06.1849, Bramsche, Elt.: Horn, Johann Rudolph Tuchmacher, und Horn, Elise Marie, geb. Remme, Bramsche, ausgewandert 1868 nach New York, hat 2 Briefe am 14.06.1868 von Bruder und Schwester aus New York erhalten.<\/p>\n\n\n\n<p class=\"has-small-font-size\">Rep 335 Nr. 804, Rep 350 Bers Nr. 903 &#8211; Meyer, Heinrich Carl, geb. 19.08.1851, Bramsche, Elt.: Meyer, Carl Friedrich, Schuhmacher und Meyer, Marie Caroline Henriette, geb. Busch, Bramsche, ausgewandert 1868 nach Baltimore, hat einen Brief von seinem Vetter H. Fritz Lohmeyer aus Baltimore am 22.06.1868 erhalten.<\/p>\n\n\n\n<p class=\"has-small-font-size\">Rep 335 Nr. 804, Rep 350 Bers Nr. 903 &#8211; Sachteleben, Hermann Heinrich, geb. 16.09.1853, Bramsche, Sachteleben, Hermann Rudolph, geb. 12.10.1857, Bruder; ganze Familie, Bramsche, ausgewandert 1868 nach Nordamerika.<\/p>\n\n\n\n<p class=\"has-small-font-size\">Rep 335 Nr. 804, Rep 350 Bers Nr. 888, Rep 350 Bers Nr. 903, Rep 350 Bers Nr. 1010 &#8211; Haltenhoff, Christian Georg Wilhelm, geb. 21.11.1850, Bramsche, Elt.: Haltenhoff, Johann Georg Wilhelm, Dr. phil. und Lehrer und Haltenhoff, Caroline Marie Henriette, geb. Sanders, Bramsche, ausgewandert 1868 nach Nordamerika.<\/p>\n\n\n\n<p class=\"has-small-font-size\">Rep 335 Nr. 804, Rep 350 Bers Nr. 903 &#8211; Niew\u00f6hner, Carl Friedrich August, geb. 16.01.1852, Bramsche, Elt.: Niew\u00f6hner, Friedrich Wilhelm August, Klempner und Niew\u00f6hner, Catharine Adolphine, geb. Hartmann, Bramsche, ausgewandert 1868 nach Nordamerika.<\/p>\n\n\n\n<p class=\"has-small-font-size\">Rep 335 Nr. 805, Rep 350 Bers Nr. 903, Rep 350 Bers Nr. 1010 &#8211; Gieseler, Heinrich Siegfried, geb. 13.02.1839, Bramsche, Elt.: Gieseler, Christian Friedrich, Tischler und Gieseler, Cathrina Maria, geb. Dinkelmann, Bramsche, ausgewandert 1868 nach New Orleans.<\/p>\n\n\n\n<p class=\"has-small-font-size\">Rep 335 Nr. 806, Rep 350 Bers Nr. 904 &#8211; Rohde, Heinrich Wilhelm, geb. 15.03.1852, Bramsche, Elt.: Rohde, Friedrich Christoph Conrad, Schuhmacher und Rohde, Johanne Wilhelmine, geb. Hackmann, ausgewandert 1869 nach Nordamerika.<\/p>\n\n\n\n<p class=\"has-small-font-size\">Rep 335 Nr. 806 &#8211; Beverf\u00f6rden, Rudolph Heinrich Wilhelm, geb. 04.11.1854, Bramsche, und Beverf\u00f6rden, Georg Hermann Heinrich, geb. 27.09.1856, Bruder; Beverf\u00f6rden, Hermann Heinrich August, geb. 12.03.1865, Bruder; Beverf\u00f6rden, Hermann Wilhelm Bernhard, geb. 06.07.1867, Bruder, ausgewandert 1869 nach Nordamerika, der Vater ist bereits Juni 1868 nach Amerika ausgewandert.<\/p>\n\n\n\n<p class=\"has-small-font-size\">Rep 335 Nr. 809, Rep 350 Bers Nr. 905, Rep 350 Bers Nr. 1010 &#8211; Horn, Friedrich Heinrich, geb. 24.09.1851, Bramsche, Elt.: Horn, Johann Rudolph, Tuchmacher und Horn, Marie Elise, geb. Remme, Bramsche, ausgewandert 1870 nach New York, seine in Nordamerika wohnenden Geschwister haben das \u00dcberfahrtsgeld bezahlt, hat vom 28.02.1870 einen Brief von R. Horn aus New York.<\/p>\n\n\n\n<p class=\"has-small-font-size\">Rep 335 Nr. 810, Rep 350 Bers Nr. 888, Rep 350 Bers Nr. 905, Rep 350 Bers Nr. 1010 &#8211; Gieseler, Johann Friedrich, geb.25.07.1851, Bramsche, Elt.: Gieseler, Christian Friedrich (+) Tischler und Gieseler, Catharine Maria, geb. Dinkelmann (+ 04.11.1869) Bramsche, ausgewandert 1870 nach New Orleans, Verwandte in Nordamerika haben die \u00dcberfahrtskosten bezahlt, hat einen Brief vom 20.03.1870 von Heinrich Gieseler aus New Orleans.<\/p>\n\n\n\n<p class=\"has-small-font-size\">Rep 335 Nr. 810, Rep 350 Bers Nr. 888, Rep 350 Bers Nr. 905 &#8211; Hobelmann, Hermann Christian Arnold, geb. 24.01.1852, Bramsche, Elt.: Hobelmann, August Wilhelm Ludwig (+) M\u00fcller und Hobelmann, Johanne Sophie, geb. Lange, in 2. Ehe mit R. Th\u00f6le verheiratet, ausgewandert 1870 nach Baltimore, hat Verwandte in Nordamerika, hat vom 13.04.1870 einen Brief von Johanne Wehr geb. Hobelmann aus Baltimore.<\/p>\n\n\n\n<p class=\"has-small-font-size\">Rep 335 Nr. 810, Rep 350 Bers Nr. 905 &#8211; Sostmann, Ernst Rudolph Wilhelm, geb. 15.01.1855, Bramsche, Elt.:Sostmann, Hermann Heinrich, senior (+) Tuchscherer, Sostmann, Helene Margrethe Elise, geb. Salzmann, und Sostmann, August Berthold Johannes, geb. 16.12.1856, Bruder, Sostmann, Rudolph Wilhelm Gustav, geb. 06.10.1859, Bruder; Sostmann, Hermann Heinrich, geb. 02.01.1862, Bruder, Sostmann, Amalie Auguste, geb. 13.08.1866 und Sostmann, Margrethe Elise, geb. 14.10.1869, Schwestern, alle geboren in Bramsche, ausgewandert 1870 nach Nordamerika, Verwandte leben in Nordamerika.<\/p>\n<\/div>\n\n\n\n<div class=\"wp-block-column is-layout-flow wp-block-column-is-layout-flow\" style=\"flex-basis:25%\">\n<h3 class=\"wp-block-heading\">Bramscher in den Niederlanden<\/h3>\n\n\n\n<p class=\"has-small-font-size\"><strong>Wir bieten umfangreiche <a href=\"https:\/\/familienforschung-tecklenburger-land.de\/index.php?id=991\">Personenlisten zum Herunterladen<\/a> an:<\/strong><\/p>\n\n\n\n<ul class=\"wp-block-list\">\n<li class=\"has-small-font-size\"><a href=\"https:\/\/familienforschung-tecklenburger-land.de\/index.php?id=991\"><strong>Personen in niederl\u00e4n- dischen Lidmatenregistern<\/strong><\/a>; aus Bramsche z.B. Daalman, Harmen; Daerlage, Jucas; Determan, Gerret; Dollman Harmen, Balthasar; Elberding, Herman Henrich; Endebroek, Jan Hermann; Endebroek, Johan Hendrik; Frye, Jan; Gerrets, Hendrijck; Gerrits, Aeltje; Grohne, Johan Henrich; Gr\u00f6hne, Johan Herman; Guske, Jan; Hardbeek, Juriaan; Harmenze, Roeloff; Hecker, Johan Balthasar; Hoeket, Johan Henrich; Hoffeld, Johan Henrich; Hofman, Johan; Hosfelt, Herman Henrich; Houtgraaf, Hendrik; Hulsman, Johan Henrich; Hundeling, Diderich; Jansse, Heinrich; Jungeling, Gerd; Jungeling, Herman Henrich; &#8230;<\/li>\n\n\n\n<li class=\"has-small-font-size\"><a href=\"https:\/\/familienforschung-tecklenburger-land.de\/index.php?id=991\"><strong>Personen, die in der VOC gedient haben<\/strong><\/a>; aus Bramsche z.B. Jan de Visser, Jan Weetmeijer, Hendrik Gerritsz, Johan Eijman, Jurgen Smit, Jan Langkaemp, Dirk Negeman, Hermanus Boerlage, Otto van Breemen, Johan Meijer, Johan Wibolt, Theunis Wolter, Joost Steeven, Rudolph Eijman, Hendrik Pijl, Harmen Weglagen, Otto Hartman, Jan Meijer, Jan Westhoff, Petrus de Bakker, Johan Burger, Johan Wibolt, Johan Wijnkamp, Herman Rectien, &#8230;<\/li>\n\n\n\n<li class=\"has-small-font-size\"><a href=\"https:\/\/familienforschung-tecklenburger-land.de\/index.php?id=991\"><strong>Heiraten in den Niederlanden<\/strong><\/a>; mit Personen aus Bramsche z.B. Aulfes, Johanna Helena; Bergmann, Johann Hermann Heinrich; Bockwede, Johan Rudolph; Brachmann, Wilhelm Carl; Detering, Catharina Sophia Maria; Fischer, Henri\u00ebtte Wilhelmine; Fischer, Johanne Wilhelmine; Fischer, Regina Marie Elise; Glusenkamp, Dorothea Agnes; Grau, Anna Marie; Gresel, George Friedrich; Gresel, George Friedrich; Gr\u00fcnebaum, Johanna Margaretha; Gr\u00fcnebaum, Maria Christina Klara; Krafft, Cathrine Margrethe Auguste; Meijer (Meyer), Diederich Georg Hermann; Mielng (Mieling), Carl Wilhelm; M\u00f6llmann, Heinrich Wilhelm; Piesbergen, Frans Heinrich; Priemer, Anne Wilhelmine; Rawi, Hermann Heinrich; Remme, Elise Wilhelmine Christine; Remme, Johann Heinrich; Roth (Rott), Friedrich; Rott, Cathrine Wilhelmine; Rott, Johanne Margarethe; Schilling, Johanne Wilhelmine Sophie; Schreck, Christoph Rudolph Wilhelm; Sostmann, Hermann Heinrich; &#8230;<\/li>\n<\/ul>\n\n\n\n<h3 class=\"wp-block-heading\">Passagierlisten auf den Seiten der MAUS e.V.<\/h3>\n\n\n\n<p class=\"has-small-font-size\"><strong><a href=\"http:\/\/www.die-maus-bremen.de\/Datenbanken\/auswanderer\/passagierli\/index.php?lang=de\">Hier<\/a> bzw. unter dem Heimatort Bramsche finden sich folgende Auswanderer (evtl. auch aus Bramsche-Lingen!):<\/strong><\/p>\n\n\n\n<p class=\"has-small-font-size\">Andrzej Bednarz am 19 Mai 1914 auf dem Schiff &#8218;Kaiser Wilhelm II&#8216; von Bremen nach New York.<\/p>\n\n\n\n<p class=\"has-small-font-size\">Anna Beyer am 13 Dezember 1922 auf dem Schiff &#8218;George Washington&#8216; von Bremen nach New York.<\/p>\n\n\n\n<p class=\"has-small-font-size\">Karoline Bornemann am 07 Juni 1932 auf dem Schiff &#8218;Europa&#8216; von Bremen nach New York.<\/p>\n\n\n\n<p class=\"has-small-font-size\">Johanne Buesing am 29 M\u00e4rz 1935 auf dem Schiff &#8218;Europa&#8216; von Bremen nach New York.<\/p>\n\n\n\n<p class=\"has-small-font-size\">Hilde B\u00f6sel am 22 Oktober 1925 auf dem Schiff &#8218;Stuttgart&#8216; von Bremen nach New York.<\/p>\n\n\n\n<p class=\"has-small-font-size\">Ina B\u00f6sel am 13 Oktober 1927 auf dem Schiff &#8218;Columbus&#8216; von Bremen nach New York.<\/p>\n\n\n\n<p class=\"has-small-font-size\">Marie Eggemann am 22 Oktober 1925 auf dem Schiff &#8218;Stuttgart&#8216; von Bremen nach New York.<\/p>\n\n\n\n<p class=\"has-small-font-size\">Carl Fr. Ehlers am 27 Oktober 1850 auf dem Schiff &#8218;Itzstein &amp; Welcker&#8216; von Bremen nach New Orleans, USA.<\/p>\n\n\n\n<p class=\"has-small-font-size\">Anna Ellermann am 28 April 1926 auf dem Schiff &#8218;Sierra Ventana&#8216; von Bremen nach New York.<\/p>\n\n\n\n<p class=\"has-small-font-size\">Karl Fischer am 16 M\u00e4rz 1927 auf dem Schiff &#8218;President Harding&#8216; von Bremen nach New York.<\/p>\n\n\n\n<p class=\"has-small-font-size\">Ernst Hackmann am 18 September 1926 auf dem Schiff &#8218;Derfflinger&#8216; von Bremen nach New York.<\/p>\n\n\n\n<p class=\"has-small-font-size\">Agnes Hackmann am 31 August 1927 auf dem Schiff &#8218;Berlin&#8216; von Bremen nach New York.<\/p>\n\n\n\n<p class=\"has-small-font-size\">Frieda Hackmann am 14 September 1933 auf dem Schiff &#8218;General von Steuben&#8216; von Bremen nach New York.<\/p>\n\n\n\n<p class=\"has-small-font-size\">Ludwig Heidrich am 18 November 1922 auf dem Schiff &#8218;Yorck&#8216; von Bremen nach New York.<\/p>\n\n\n\n<p class=\"has-small-font-size\">John &amp; Elly Heidrich am 24 September 1931 auf dem Schiff &#8218;General von Steuben&#8216; von Bremen nach New York.<\/p>\n\n\n\n<p class=\"has-small-font-size\">Gertrud H\u00fctten am 28 April 1926 auf dem Schiff &#8218;Sierra Ventana&#8216; von Bremen nach New York.<\/p>\n\n\n\n<p class=\"has-small-font-size\">Paul Jebing am 09 Dezember 1927 auf dem Schiff &#8218;Columbus&#8216; von Bremen nach New York.<\/p>\n\n\n\n<p class=\"has-small-font-size\">Fritz &amp; Gertrud Klostermeyer am 19 August 1939 auf dem Schiff &#8218;Orotava&#8216; von Bremen nach Kopenhagen, D\u00e4nemark.<\/p>\n\n\n\n<p class=\"has-small-font-size\">Rudolf Kn\u00f6lker am 14 M\u00e4rz 1925 auf dem Schiff &#8218;Stuttgart&#8216; von Bremen nach New York.<\/p>\n\n\n\n<p class=\"has-small-font-size\">Rudolf Kn\u00f6lker am 13 Mai 1930 auf dem Schiff &#8218;Bremen&#8216; von Bremen nach New York.<\/p>\n\n\n\n<p class=\"has-small-font-size\">Lilly Kuensem\u00fcller am 06 Juni 1931 auf dem Schiff &#8218;Bremen&#8216; von Bremen nach New York.<\/p>\n\n\n\n<p class=\"has-small-font-size\">Maria Leins am 04 August 1923 auf dem Schiff &#8218;Hannover&#8216; von Bremen nach New York.<\/p>\n\n\n\n<p class=\"has-small-font-size\">Ida Lenzing am 19 Oktober 1921 auf dem Schiff &#8218;Potomac&#8216; von Bremen nach New York.<\/p>\n\n\n\n<p class=\"has-small-font-size\">Julius Lenzing am 17 Januar 1926 auf dem Schiff &#8218;Columbus&#8216; von Bremen nach New York.<\/p>\n\n\n\n<p class=\"has-small-font-size\">Lothar Lutte am 17 November 1923 auf dem Schiff &#8218;Sierra Nevada&#8216; von Bremen nach Buenos Aires, Argentinien.<\/p>\n\n\n\n<p class=\"has-small-font-size\">Anna Niederbr\u00fcnning am 02 September 1926 auf dem Schiff &#8218;Berlin&#8216; von Bremen nach New York.<\/p>\n\n\n\n<p class=\"has-small-font-size\">Elisabeth Nonne am 10 April 1930 auf dem Schiff &#8218;Berlin&#8216; von Bremen nach New York.<\/p>\n\n\n\n<p class=\"has-small-font-size\">Wilhelm Nunne am 14 April 1926 auf dem Schiff &#8218;Berlin&#8216; von Bremen nach New York.<\/p>\n\n\n\n<p class=\"has-small-font-size\">Anna, Meta &amp;Amalie Oehne am 14 November 1923 auf dem Schiff &#8218;Sierra Ventana&#8216; von Bremen nach New York.<\/p>\n\n\n\n<p class=\"has-small-font-size\">Wilhelm Oehne am 04 August 1923 auf dem Schiff &#8218;Hannover&#8216; von Bremen nach New York.<\/p>\n\n\n\n<p class=\"has-small-font-size\">August Prager am 21 November 1929 auf dem Schiff &#8218;Berlin&#8216; von Bremen nach New York.<\/p>\n\n\n\n<p class=\"has-small-font-size\">Hertha Rehmann am 22 M\u00e4rz 1927 auf dem Schiff &#8218;M\u00fcnchen&#8216; von Bremen nach New York.<\/p>\n\n\n\n<p class=\"has-small-font-size\">Anneliese Rehmann am 11 Juli 1925 auf dem Schiff &#8218;Bremen&#8216; von Bremen nach New York.<\/p>\n\n\n\n<p class=\"has-small-font-size\">Wilhelmine &amp; Ilse Rehmann am 13 Oktober 1927 auf dem Schiff &#8218;Columbus&#8216; von Bremen nach New York.<\/p>\n\n\n\n<p class=\"has-small-font-size\">Sophie Reichel am 31 Januar 1926 auf dem Schiff &#8218;Berlin&#8216; von Bremen nach New York.<\/p>\n\n\n\n<p class=\"has-small-font-size\">Adele Rethmann am 31 Januar 1926 auf dem Schiff &#8218;Berlin&#8216; von Bremen nach New York.<\/p>\n\n\n\n<p class=\"has-small-font-size\">Gesine Sander am 22 Oktober 1925 auf dem Schiff &#8218;Stuttgart&#8216; von Bremen nach New York.<\/p>\n\n\n\n<p class=\"has-small-font-size\">Margarethe Schroer am 27 November 1931 auf dem Schiff &#8218;Bremen&#8216; von Bremen nach New York.<\/p>\n\n\n\n<p class=\"has-small-font-size\">Marie &amp; Martha Schwegmann am 25 Februar 1925 auf dem Schiff &#8218;George Washington&#8216; von Bremen nach New York.<\/p>\n\n\n\n<p class=\"has-small-font-size\">Louise Spellmeyer am 07 Februar 1931 auf dem Schiff &#8218;Europa&#8216; von Bremen nach New York.<\/p>\n\n\n\n<p class=\"has-small-font-size\">Karoline Stiening am 11 Oktober 1922 auf dem Schiff &#8218;George Washington&#8216; von Bremen nach New York.<\/p>\n\n\n\n<p class=\"has-small-font-size\">Luise Struwe am 07 Juli 1938 auf dem Schiff &#8218;Hamburg&#8216; von Bremen nach New York.<\/p>\n\n\n\n<p class=\"has-small-font-size\">Luise Stuckwisch am 22 Oktober 1925 auf dem Schiff &#8218;Stuttgart&#8216; von Bremen nach New York.<\/p>\n\n\n\n<p class=\"has-small-font-size\">Anna Surendorf am 19 Oktober 1927 auf dem Schiff &#8218;M\u00fcnchen&#8216; von Bremen nach New York.<\/p>\n\n\n\n<p class=\"has-small-font-size\">Erna Surendorf am 27 Februar 1930 auf dem Schiff &#8218;Yorck&#8216; von Bremen nach New York.<\/p>\n\n\n\n<p class=\"has-small-font-size\">Wilhelm Thiesing am 28 Mai 1925 auf dem Schiff &#8218;Columbus&#8216; von Bremen nach New York.<\/p>\n\n\n\n<p class=\"has-small-font-size\">Rudolf Thiesing am 02 April 1925 auf dem Schiff &#8218;Columbus&#8216; von Bremen nach New York.<\/p>\n\n\n\n<p class=\"has-small-font-size\">Karl &amp;&nbsp;Agnesa Thoele am 16 M\u00e4rz 1927 auf dem Schiff &#8218;President Harding&#8216; von Bremen nach New York.<\/p>\n\n\n\n<p class=\"has-small-font-size\">Hermann &amp;&nbsp;Marie Thoele am 18 Mai 1934 auf dem Schiff &#8218;Bremen&#8216; von Bremen nach New York.<\/p>\n\n\n\n<p class=\"has-small-font-size\">Ludwig Thoenebe am 03 Mai 1935 auf dem Schiff &#8218;Bremen&#8216; von Bremen nach New York.<\/p>\n\n\n\n<p class=\"has-small-font-size\">Ernst Weimann am 13 Mai 1930 auf dem Schiff &#8218;Bremen&#8216; von Bremen nach New York.<\/p>\n\n\n\n<p class=\"has-small-font-size\">Dorette Wermeyer am 18 September 1933 auf dem Schiff &#8218;Europa&#8216; von Bremen nach New York.<\/p>\n\n\n\n<p class=\"has-small-font-size\">William &amp;&nbsp;Luise Wessel am 25 Februar 1925 auf dem Schiff &#8218;George Washington&#8216; von Bremen nach New York.<\/p>\n\n\n\n<p class=\"has-small-font-size\">Margarete Wiemann am 04 November 1922 auf dem Schiff &#8218;President Arthur&#8216; von Bremen nach New York.<\/p>\n\n\n\n<p class=\"has-small-font-size\">Margarete Wiemann am 14 Oktober 1926 auf dem Schiff &#8218;Columbus&#8216; von Bremen nach New York.<\/p>\n\n\n\n<p class=\"has-small-font-size\">Frieda Wiemann am 19 Oktober 1927 auf dem Schiff &#8218;M\u00fcnchen&#8216; von Bremen nach New York.<\/p>\n\n\n\n<p class=\"has-small-font-size\">Charlotte Wiemann am 03 Juni 1937 auf dem Schiff &#8218;Hansa&#8216; von Bremen nach New York.<\/p>\n\n\n\n<p class=\"has-small-font-size\">Anna Wiemann am 13 Juni 1936 auf dem Schiff &#8218;Europa&#8216; von Bremen nach New York.<\/p>\n\n\n\n<p class=\"has-small-font-size\">Ernst Wiesmann am 31 Mai 1928 auf dem Schiff &#8218;M\u00fcnchen&#8216; von Bremen nach New York.<\/p>\n\n\n\n<p class=\"has-small-font-size\">Heinrich Wissmann am 16 August 1927 auf dem Schiff &#8218;Sierra Ventana&#8216; von Bremen nach New York.<\/p>\n\n\n\n<p class=\"has-small-font-size\">Frieda Wissmann am 09 September 1933 auf dem Schiff &#8218;Bremen&#8216; von Bremen nach New York.<\/p>\n\n\n\n<p class=\"has-small-font-size\">Wilhelm Wittchen am 11 Oktober 1922 auf dem Schiff &#8218;George Washington&#8216; von Bremen nach New York.<\/p>\n\n\n\n<p class=\"has-small-font-size\">Willy Wrocklage am 13 Oktober 1927 auf dem Schiff &#8218;Columbus&#8216; von Bremen nach New York.<\/p>\n\n\n\n<p class=\"has-small-font-size\">William Wrocklage am 15 M\u00e4rz 1933 auf dem Schiff &#8218;Europa&#8216; von Bremen nach New York.<\/p>\n\n\n\n<p class=\"has-small-font-size\">Clara Wrocklag am 15 M\u00e4rz 1933 auf dem Schiff &#8218;Europa&#8216; von Bremen nach New York.<\/p>\n\n\n\n<figure class=\"wp-block-image\"><img decoding=\"async\" src=\"https:\/\/familienforschung-tecklenburger-land.de\/files\/Tecklenburger-Familienforschung\/OSNABRUECK\/Bramsche\/Gosmann-Bild34.jpg\" alt=\"\"\/><\/figure>\n\n\n\n<h3 class=\"wp-block-heading\">Staatsarchiv Osnabr\u00fcck:<\/h3>\n\n\n\n<p class=\"has-small-font-size\">Rep 350 Bers Nr. 1010 &#8211; Holde, Hermann Friedrich, Bramsche, geb. 05.02.1851, Elt.: Holde, Christian Friedr. Balthasar, Raseur, Bramsche, ausgewandert nach Amerika, Milit\u00e4rzeugnis vom 13.03.1868 im Konzept.<\/p>\n\n\n\n<p class=\"has-small-font-size\">Rep 350 Ibg Nr. 4971 &#8211; Muthert, Franz Heinrich, Dissen, geb. 1796, Bramsche, Lohgerbergeselle, ausgewandert 1845 nach New Orleans. Der mehrmals wegen Vagabundage, Diebstahls u.\u00e4. Straff\u00e4llige wird auf herrschaftliche und Kirchspielskosten nach Amerika abgeschoben.<\/p>\n\n\n\n<p class=\"has-small-font-size\">Rep 350 Ibg Nr. 7897 f vgl.Nr. 7870 &#8211; Olberding, Johanne aus Iburg, geb. Bramsche, 35 Jahre, Ehefrau und 2 T\u00f6chter 10 und 5 Jahre, ausgewandert 1845 nach Nordamerika, folgt ihrem Ehemann.<\/p>\n\n\n\n<p class=\"has-small-font-size\">Rep 335 Nr. 4247 Vol I &#8211; Schwindt, Rudolph aus Bramsche, verheiratet, 39 Jahre, Schmied, ausgewandert 1832\/1833 nach Amerika.<\/p>\n\n\n\n<p class=\"has-small-font-size\">Rep 335 Nr. 4244 Vol III&nbsp; &#8211; Butke, Heinrich aus Bramsche, jetzt Harwich, ausgewandert 1848 nach New Orleans, mit dem amerikanischen Schiff &#8222;Burgundy&#8220; bei Harwich\/Ramsgate gestrandet.<\/p>\n\n\n\n<p class=\"has-small-font-size\">Rep 335 Nr. 4244 Vol III&nbsp; &#8211; Peter, Heinrich aus Bramsche, jetzt Ramsgate, und Ehefrau, ausgewandert 1848 nach New Orleans, mit dem amerikanischen Schiff &#8222;Burgundy&#8220; bei Harwich\/Ramsgate gestrandet.<\/p>\n\n\n\n<p class=\"has-small-font-size\">Rep 335 Nr. 4247 Vol I\u00a0 &#8211; M\u00f6llmann, Johann Rudolph aus Bramsche, verheiratet, 38 Jahre, Kaufmann, Ziel: Amerika, mit 2000 &#8211; 3000 Reichstaler, hat seine Kreditgeber um 2000 &#8211; 3000 Reichstaler betrogen.<\/p>\n\n\n\n<p class=\"has-small-font-size\">Rep 350 Bers Nr. 900 &#8211; Wiemann, Heinrich Julius, Bramsche, geb. 1844, ausgewandert 1865 nach Nordamerika.<\/p>\n<\/div>\n<\/div>\n\n\n\n<h2 class=\"wp-block-heading\" id=\"Bramsche-Karten\">Karten und Pl\u00e4ne<\/h2>\n\n\n\n<div class=\"wp-block-columns is-layout-flex wp-container-core-columns-is-layout-9d6595d7 wp-block-columns-is-layout-flex\">\n<div class=\"wp-block-column is-layout-flow wp-block-column-is-layout-flow\" style=\"flex-basis:25%\">\n<h3 class=\"wp-block-heading\">Im Internet:<\/h3>\n\n\n\n<p class=\"has-small-font-size\"><a href=\"http:\/\/www.lgn.niedersachsen.de\/portal\/live.php?navigation_id=11004&amp;_psmand=35\">Landesvermessung und Geobasisinformation<\/a><br><br><a href=\"http:\/\/www.niedersachsennavigator.niedersachsen.de\/cgi-bin\/lgnshop\/viewer.pl?src=lgn\">Kartenshop<\/a><\/p>\n<\/div>\n\n\n\n<div class=\"wp-block-column is-layout-flow wp-block-column-is-layout-flow\" style=\"flex-basis:50%\">\n<h3 class=\"wp-block-heading\">Staatsarchiv Osnabr\u00fcck:<\/h3>\n\n\n\n<p class=\"has-small-font-size\">K 01 Nr. 33 H&nbsp; &#8211; Musterplan eines Arbeiterwohnhauses in Bramsche, Ausf.-Art: Farbiger Grund- und Aufriss, Herst.: Wilhelm Struwe; K. Senstro, Format: 38 x 30 cm, Ma\u00dfstab: 1 : 100, 1893.<\/p>\n\n\n\n<p class=\"has-small-font-size\">K 23 Nr. 508 H&nbsp; &#8211; Lageplan der geplanten Eisenbahnlinie Bramsche \u2013 F\u00fcrstenau, Ausf.-Art: Farbige Lichtpause, Herst.: Flerlage, Format: 66 x 37 cm, Ma\u00dfstab: 1 : 21000, 1889.<\/p>\n\n\n\n<p class=\"has-small-font-size\">K 300 Nr. 1 M Bl. 25 &#8211; &#8222;Topographische Karte der Landdrostei Osnabr\u00fcck&#8220;, Bl. 25: Bramsche, Ausf.-Art: Druck, Herst.: Gauss, Hofrat; F. Hartmann; C. Tomforde, Format: 33 x 33 cm, Ma\u00dfstab: 1 : 21 333,3, 1834-1852.<\/p>\n\n\n\n<p class=\"has-small-font-size\">K 300 Nr. 23 H Bl. 1110 &#8211; Luftbildaufnahmen aus dem Regierungsbezirk Osnabr\u00fcck, Bl. 1110 Bramsche, Ausf.-Art: Luftbild, Herst.: Format: 40 x 40 cm, Ma\u00dfstab: 1 : 5 000, 1935-1953.<\/p>\n\n\n\n<p class=\"has-small-font-size\">K Akz. 2001\/026 Nr. 98 H&nbsp; &#8211; Topographische Karte 1 : 25 000, 3513 BRAMSCHE, Ausf.-Art: Schwarzwei\u00dfdruck auf Papier, Hersteller: Preu\u00dfische Landesaufnahme 1897, Reichsamt f\u00fcr Landesaufnahme, Nachtr\u00e4ge 1919, Format: 44,5 x 45,5 cm, 1919.<\/p>\n\n\n\n<p class=\"has-small-font-size\">K Akz. 2008\/039 Nr. 3 M, Nr. 4 M&nbsp; &#8211; Gemarkung BRAMSCHE, Bl. 1-26: Gemarkungskarten, Format: 64 cm x 100 cm, Ma\u00dfstab: 1:2000, 1874-1928.<\/p>\n<\/div>\n\n\n\n<div class=\"wp-block-column is-layout-flow wp-block-column-is-layout-flow\" style=\"flex-basis:25%\">\n<h3 class=\"wp-block-heading\">Staatsarchiv Oldenburg:<\/h3>\n\n\n\n<p class=\"has-small-font-size\">Best. 298 Z Nr. 3948 &#8211; Bildflug: Bramsche &#8211; mit \u00dcbersichtskarte (Blatt 1 &#8211; 174), Ma\u00dfstab: 1 : 15.000, 1960.<\/p>\n\n\n\n<figure class=\"wp-block-image\"><img decoding=\"async\" src=\"https:\/\/familienforschung-tecklenburger-land.de\/files\/Tecklenburger-Familienforschung\/OSNABRUECK\/Bramsche\/AK-Bramsche-5.jpg\" alt=\"\"\/><\/figure>\n<\/div>\n<\/div>\n\n\n\n<h2 class=\"wp-block-heading\" id=\"Bramsche-Literatur\">Literatur<\/h2>\n\n\n\n<div class=\"wp-block-columns is-layout-flex wp-container-core-columns-is-layout-9d6595d7 wp-block-columns-is-layout-flex\">\n<div class=\"wp-block-column is-layout-flow wp-block-column-is-layout-flow\" style=\"flex-basis:25%\">\n<h3 class=\"wp-block-heading\">Osnabr\u00fccker Mitteilungen:<\/h3>\n\n\n\n<p class=\"has-small-font-size\">Bd. 1, 1848, S. 27: H. Sudendorf, Die Kl\u00f6ster Essen und Malgarten<\/p>\n\n\n\n<p class=\"has-small-font-size\">Bd. 2, 1850, S. 20: H. Sudendorf, Die Kl\u00f6ster Essen und Malgarten<\/p>\n\n\n\n<p class=\"has-small-font-size\">Nr. 13, 1886, S. 271: Hermann Veltman, Funde von R\u00f6merm\u00fcnzen im freien Germanien und die \u00d6rtlichkeit der Varusschlacht,<\/p>\n\n\n\n<p class=\"has-small-font-size\">Nr. 15, 1890, S. 165: H. Forst, Das Kloster Malgarten vom 15. Jahrhundert bis zu seiner Aufhebung<\/p>\n\n\n\n<p class=\"has-small-font-size\">Nr. 26, 1901, S. 107: E. Bartels, Die Varusschlacht und deren \u00d6rtlichkeit<\/p>\n\n\n\n<p class=\"has-small-font-size\">Nr. 44, 1921, S. 221: W. Fisse-Niewedde, Zur Gr\u00fcndungsurkunde der Kirche Engter<\/p>\n\n\n\n<figure class=\"wp-block-image\"><img decoding=\"async\" src=\"https:\/\/familienforschung-tecklenburger-land.de\/files\/Tecklenburger-Familienforschung\/OSNABRUECK\/Bramsche\/Gosmann-Bild47.jpg\" alt=\"\"\/><\/figure>\n\n\n\n<h3 class=\"wp-block-heading\">Am heimatlichen Herd \u2013 Heimatblatt<\/h3>\n\n\n\n<p class=\"has-small-font-size\"><strong>Dobelmann, Werner:<\/strong><br><br>Bramsche die alte Stadt. Verschiedene Lebenskreise, in gegenseitiger Achtung eng und herzlich verbunden, Ausgabe 2 (1951), Nr. 17 (Oktober 1951).<\/p>\n\n\n\n<p class=\"has-small-font-size\">Bramscher Textilindustrie im Wandel der Geschichte. Aus einem uralten, bodenst\u00e4ndigen Handwerk erwachsen, Ausgabe 2 (1951), Nr. 20 (Dezember 1951)<\/p>\n\n\n\n<p class=\"has-small-font-size\">Bramscher Auswanderer fahren nach S\u00fcdafrika. Weit, weit hinterm Meer liegt die Heimat, Ausgabe 3 (1952), Nr. 5 (April 1952).<\/p>\n\n\n\n<p class=\"has-small-font-size\">100 Jahre Kriegserlebnisse in Bramsche. Nach vielem Leid und Elend zu neuem Wohlstand , Ausgabe 4 (1953), Nr. 7 (Mai 1953).<\/p>\n\n\n\n<p class=\"has-small-font-size\">Eisenbahnen in Bramsche, Ausgabe 10 (1959), Nr. 1 (Januar 1959).<\/p>\n\n\n\n<p class=\"has-small-font-size\">Der Mittelland-Kanal und Bramsche, Ausgabe 10 (1959), Nr. 6 (Juni 1959).<\/p>\n\n\n\n<p class=\"has-small-font-size\">Alte und neue Stadt [Bramsche], Ausgabe 22 (1971), Nr. 3 (Oktober 1971).<\/p>\n\n\n\n<p class=\"has-small-font-size\">Der Bramscher Rat und sein Haus, Ausgabe 36 (1985), Nr. 2 (Mai 1985).<\/p>\n\n\n\n<p class=\"has-small-font-size\">Zinngie\u00dfer in Bramsche, Ausgabe 36 (1985), Nr. 2 (Mai 1985), wiederabgedruckt Ausgabe 49 (1998), Nr. 2 (April 1998).<\/p>\n\n\n\n<p class=\"has-small-font-size\">Eine Salzfaktorei in Bramsche, Ausgabe 36 (1985), Nr. 2 (Mai 1985).<\/p>\n\n\n\n<p class=\"has-small-font-size\">Das Postwesen in Bramsche, Ausgabe 36 (1985), Nr. 4 (September 1985).<\/p>\n\n\n\n<p class=\"has-small-font-size\">Holl\u00e4ndische Uhren und Uhrmacher in Bramsche, Ausgabe 38 (1987), Nr. 1 (M\u00e4rz 1987).<\/p>\n\n\n\n<p class=\"has-small-font-size\">Gastst\u00e4tten und Schenken in Bramsche, Ausgabe 50 (1999), Nr. 1 (Februar 1999).<\/p>\n\n\n\n<p class=\"has-small-font-size\">Bramsche, Ausgabe 4 (1953), Nr. 10 (August 1953).<\/p>\n\n\n\n<p class=\"has-small-font-size\">Der Tod griff nach Bramsche. Ein Bild aus der Pestzeit, Ausgabe 6 (1955), Nr. 12 (November 1955).<\/p>\n\n\n\n<p class=\"has-small-font-size\">Morgen in Bramsche, Ausgabe 7 (1956), Nr. 7 (Juli 1956).<\/p>\n\n\n\n<p class=\"has-small-font-size\">Bramscher im afrikaanschen Velt, Ausgabe 7 (1956), Nr. 8 (August 1956).<\/p>\n\n\n\n<p class=\"has-small-font-size\">Am Marktplatz in Bramsche, Ausgabe 9 (1958), Nr. 2 (Februar 1958).<\/p>\n\n\n\n<p class=\"has-small-font-size\">Die Schlacht im Gehen, Ausgabe 42 (1991), Nr. 2 (April 1991). Wiederabgedruckt, Aus Bramsches Vergangenheit, 2. Auflage Bramsche 1982 (1. Auflage 1964).<\/p>\n\n\n\n<p class=\"has-small-font-size\">Schlimme Zeiten in Bramsche, Ausgabe 45 (1994), Nr. 6 (Dezember 1994).<\/p>\n<\/div>\n\n\n\n<div class=\"wp-block-column is-layout-flow wp-block-column-is-layout-flow\" style=\"flex-basis:50%\">\n<p class=\"has-small-font-size\">1872 &#8211; 1997: 125 Jahre SPD in Bramsche. Ein Lehrst\u00fcck sozialer Demokratie. (Hrsg: Ortsverein Bramsche), 1997<\/p>\n\n\n\n<p class=\"has-small-font-size\">Alfred Gottlieb (Hrsg.): Bramsche &#8211; Eine Stadtgeschichte. Verlag Rudolf Gottlieb, Bramsche, 1979<\/p>\n\n\n\n<p class=\"has-small-font-size\">Horst Verch und Alfred Purmann: 100 Jahre SPD in Bramsche. SPD-OV Bramsche, 1972<\/p>\n\n\n\n<p class=\"has-small-font-size\">Wolfgang und Ingrid Jahn: Arbeiter in der Provinz, Aspekte zur Bramscher Arbeiterbewegung von 1872 bis 1946. Verlag Theodor Thoben, Quakenbr\u00fcck, 1983<\/p>\n\n\n\n<p class=\"has-small-font-size\">Martin Mei\u00dfner: Das Ende der Weimarer Republik und die Nationalsozialistische Machtergreifung am Beispiel der Kleinstadt Bramsche. Magisterarbeit, Universit\u00e4t M\u00fcnster, 1991<\/p>\n\n\n\n<p class=\"has-small-font-size\">Bettina H\u00f6rmeyer: Textilarbeiterstreiks in Bramsche zur Zeit des Kaiserreichs und der Weimarer Republik. Universit\u00e4t Osnabr\u00fcck, Magisterarbeit, 1993<\/p>\n\n\n\n<p class=\"has-small-font-size\">Heinrich Beerbom: Bramsche vor 50 Jahren (maschinengeschriebenes Manuskript von 1961)<\/p>\n\n\n\n<p class=\"has-small-font-size\">Aulfes, Heinz: 125 Jahre SPD in Bramsche. Bramsche 1997<\/p>\n\n\n\n<p class=\"has-small-font-size\">B\u00fchrmann, G\u00fcnther: Unsere Heimat unter dem Kaiserreich Frankreich, aus dem Tagebuch des Pastors D.A. Lange. Bramsche 1996<\/p>\n\n\n\n<p class=\"has-small-font-size\">B\u00fchrmann. G\u00fcnther: H\u00f6lting-Protokolle 1583-1800. Bramsche 1996<\/p>\n\n\n\n<p class=\"has-small-font-size\">Cremer, Folkhard: Geschichte der St.-Martins-Kirche zu Bramsche und ihrer Gemeinde. Bramsche 1997<\/p>\n\n\n\n<p class=\"has-small-font-size\">Dobelmann, Werner: Vergilbte Bl\u00e4tter. Aus Bramsches Vergangenheit, Bramsche, 2. Auflage 1982 (1. Auflage 1964)<\/p>\n\n\n\n<p class=\"has-small-font-size\">Frommeyer, Hermann: Der Bramscher Gau und seine Siedlungen. Bramsche 1955<\/p>\n\n\n\n<p class=\"has-small-font-size\">Frommeyer, Hermann: Gau und Stadt Bramsche. Bramsche 1955<\/p>\n\n\n\n<p class=\"has-small-font-size\">Frommeyer, Oskar: Chronik Bramscher Familien im Spiegel ihrer H\u00e4user. 2 B\u00e4nde, Bramsche 1957<\/p>\n\n\n\n<p class=\"has-small-font-size\">Hasemann, Wilhelm: Norddeutsche Bauernh\u00f6fe in der Geschichte. Bramsche 1933<\/p>\n\n\n\n<p class=\"has-small-font-size\">Hein-Janke, Ewald: Bramsche im II. Weltkrieg. Bramsche 2005<\/p>\n\n\n\n<p class=\"has-small-font-size\">Simon, Hans: Aus Bramsches guter, alter Zeit. Ein Streifzug durch alte Urkunden und Erinnerungen. Bramsche 1950<br>de la Rive Box, Hans&nbsp;: De Hel van Bramsche. Bussum (Niederlande) 1945 (Deutsche \u00dcbersetzung: Hartkemeyer (Hrsg.), Die H\u00f6lle von Bramsche, 1994)<\/p>\n\n\n\n<p class=\"has-small-font-size\">Issmer, Volker: Niederl\u00e4nder im Verdammten Land. Osnabr\u00fcck 1998<\/p>\n\n\n\n<p class=\"has-small-font-size\">Niemann, Hans-Werner: Leinenhandel im Osnabr\u00fccker Land: Die Bramscher Kaufmannsfamilie Sanders, 1780\u20131850. Bramsche 2004.<\/p>\n\n\n\n<p class=\"has-small-font-size\">Meyer, Susanne: Die Tuchmacher von Bramsche, Bramsche 2003<\/p>\n\n\n\n<p class=\"has-small-font-size\">W\u00f6bking, Wilhelm: Chronik der luth. Kirche und Gemeinde St. Martini zu Bramsche von ihrer Gr\u00fcndung bis zum Jahre 1884. Bramsche 1893<\/p>\n\n\n\n<p class=\"has-small-font-size\">Abrahamse, Karin (Bearb.): \u201eAufstehen Kaffee holen\u201c. Hrsg. von den St\u00e4dten Hilversum und Bramsche, Bramsche 1998<\/p>\n\n\n\n<p class=\"has-small-font-size\">Tiede: Bilderbogen aus der Geschichte der Stadt Bramsche, Bramsche 1959<\/p>\n\n\n\n<p class=\"has-small-font-size\">Gottlieb, Alfred (Hrsg.): Bramsche. Zwischen Vergangenheit und Moderne, Bramsche 2002<\/p>\n\n\n\n<p class=\"has-small-font-size\">Broelmann, W.: Buhrmanns Pappe, Bramsche 1931<\/p>\n\n\n\n<p class=\"has-small-font-size\">Gottlieb, Alfred (Hrsg): Bramsche. Die Stadt der Tuche, Leinen und Tapeten, Bramsche 1957<\/p>\n\n\n\n<p class=\"has-small-font-size\">Klu\u00dfmann, Nelly: So war\u2019s einmal, ein altes Nest in den Jahren 1845-1850, Bramsche 1989<\/p>\n\n\n\n<p class=\"has-small-font-size\">Historischer Verein \u201eBramsche in Worten\u201c: Bramsche einst und jetzt, mehrere B\u00e4nde, Bramsche. Band 1, Am Markt, Br\u00fcckenort, Kirchhofstra\u00dfe, Kuhstra\u00dfe, Band 2 Gro\u00dfe Stra\u00dfe, Band 3 Gro\u00dfe Stra\u00dfe, Band 4 M\u00fcnsterstra\u00dfe, Bd. 5, Bd. 6: M\u00fchlen- und Eschstra\u00dfe, Band 7 Hemker Stra\u00dfe.<\/p>\n\n\n\n<p class=\"has-small-font-size\">Hans de la Rive Box: Die H\u00f6lle von Bramsche. Ein Tatsachenroman \u00fcber niederl\u00e4ndische Zwangsarbeit in Deutschland. Herausgegeben von Martina und Johannes F. Hartkemeyer. Rasch-Verlag, Bramsche, 1994<\/p>\n\n\n\n<p class=\"has-small-font-size\">G. Gleba: Reformpraxis und materielle Kultur. Westf\u00e4lische Frauenkl\u00f6ster im sp\u00e4ten Mittelalter. Husum, 2000 (Kloster Malgarten)<br><\/p>\n\n\n\n<h3 class=\"wp-block-heading\">In: Heimatjahrbuch Osnabr\u00fccker Land<\/h3>\n\n\n\n<p class=\"has-small-font-size\"><strong>1975: <\/strong>Offizien und Apotheken im Osnabr\u00fccker Nordlande (W. Dobelmann), S. 107<\/p>\n\n\n\n<p class=\"has-small-font-size\"><strong>1976:<\/strong> Wilhelm Paul Schreiber, ein vergessener &#8222;Pour-le-m\u00e9rite-Flieger&#8220; (Hanns-Gerd Rabe), S. 115<\/p>\n\n\n\n<p class=\"has-small-font-size\"><strong>1977:<\/strong> Historisches Fachwerkhaus 17 Kilometer weit umgesetzt (Kaspar M\u00fcller), S. 93<\/p>\n\n\n\n<p class=\"has-small-font-size\"><strong>1977:<\/strong> Die beiden Inschriftenbalken am Haus Bramsche (Johannes Lorenz), S. 95<\/p>\n\n\n\n<p class=\"has-small-font-size\"><strong>1978:<\/strong> Luftkampf Ober Bramsche (G\u00fcnter Flake), S. 71<\/p>\n\n\n\n<p class=\"has-small-font-size\"><strong>1978:<\/strong> Religi\u00f6se Gilden in Bramsche (Werner Dobelmann), S. 101<\/p>\n\n\n\n<p class=\"has-small-font-size\"><strong>1979:<\/strong> Gemeinden stellen sich vor: Bramsche, S. 11<\/p>\n\n\n\n<p class=\"has-small-font-size\"><strong>1979:<\/strong> Die Gresel-Stittung f\u00fcr die Bramscher Volksschule (H. L\u00fchrmann), S. 19<\/p>\n\n\n\n<p class=\"has-small-font-size\"><strong>1982:<\/strong> Deutung von Ortsnamen im Osnabr\u00fccker Land, 1. Teil (Wilhelm Fangmeyer), S. 78<\/p>\n\n\n\n<p class=\"has-small-font-size\"><strong>1982:<\/strong> Das Projekt: Arbeitskreis &#8222;Stadtgeschichte Bramsche&#8220; (W. Jahn), S. 105<\/p>\n\n\n\n<p class=\"has-small-font-size\"><strong>1984:<\/strong> Zwei Rittersitze in Bramsche (R. Drewes), 65<\/p>\n\n\n\n<p class=\"has-small-font-size\"><strong>1984:<\/strong> Industrialisierung und Konstituierung der organisierten Arbeiterschaft in Bramsche im 19. Jahrhundert (W. Jahn), S.72<\/p>\n\n\n\n<p class=\"has-small-font-size\"><strong>1985:<\/strong> F\u00fcnfzig Jahre Bramscher Ehrenmal &#8211; ein Bauwerk und seine Geschichte (Rainer Drewes), S. 65<\/p>\n\n\n\n<p class=\"has-small-font-size\"><strong>1985:<\/strong> Aus der Geschichte der Bramscher Sch\u00fctzengesellschaft (Wilhelm Janning), S. 77<\/p>\n\n\n\n<p class=\"has-small-font-size\"><strong>1985:<\/strong> Die Nagelung der Bramscher Rose (Reiner Drewes), S. 101<\/p>\n\n\n\n<p class=\"has-small-font-size\"><strong>1986:<\/strong> 75 Jahre Meyerhofschule in Bramsche (K. Dibowski\/R. Drewes), S. 38<\/p>\n\n\n\n<p class=\"has-small-font-size\"><strong>1986:<\/strong> Die technischen Einrichtungen der Bramscher Tuchmacherinnung zwischen 1850 und 1900 (Prof. Dr. K. Hartong), S. 161<\/p>\n\n\n\n<p class=\"has-small-font-size\"><strong>1986:<\/strong> Historismus und Jugendstil &#8211; H\u00e4userfassaden in Bramsche (R. Drewes), S. 210<\/p>\n\n\n\n<p class=\"has-small-font-size\"><strong>1987:<\/strong> &#8222;Mattem\u00e4ntken, goe Mann&#8220; -Anmerkungen zu einem lebendigen Brauch in Bramsche (R. Drewes), S. 155<\/p>\n\n\n\n<p class=\"has-small-font-size\"><strong>1988:<\/strong> Geschichte konkret &#8211; Erinnerungen an den Kolonialismus in Bramsche (R. Drewes), S. 122<\/p>\n\n\n\n<p class=\"has-small-font-size\"><strong>1990:<\/strong> Friedrich Th\u00f6le zum 80. Geburtstag (Rainer Drewes), S. 245<\/p>\n\n\n\n<p class=\"has-small-font-size\"><strong>1990:<\/strong> Vom M\u00fchlenort und den Tuchmachern in Bramsche (F. Th\u00f6le), S. 247<\/p>\n\n\n\n<p class=\"has-small-font-size\"><strong>1991:<\/strong> Die Hase in und bei Bramsche (F. Th\u00f6le), S. 199<\/p>\n\n\n\n<p class=\"has-small-font-size\"><strong>1991:<\/strong> Der M\u00fchlenort bei Bramsche (F. Th\u00f6le), S. 205<\/p>\n\n\n\n<p class=\"has-small-font-size\"><strong>1991:<\/strong> Die Osnabr\u00fccker Ahnen des Schriftstellers Ernst J\u00fcnger (W. Brockmann), S. 271<\/p>\n\n\n\n<p class=\"has-small-font-size\"><strong>1993:<\/strong> Heinrich-Beerbom-Platz in Bramsche (Walter Brockmann), S. 259<\/p>\n\n\n\n<p class=\"has-small-font-size\"><strong>1994:<\/strong> Der Kartoffelaufstand&#8220; von Bramsche (Heinrich Gosmann), S. 110<\/p>\n\n\n\n<p class=\"has-small-font-size\"><strong>1995:<\/strong> Bramsche im letzten Kriegsjahr 1944\/45 &#8211; Tagebuch August-Wilhelm Hake (Walter Brockmann), S. 125<\/p>\n\n\n\n<p class=\"has-small-font-size\"><strong>1997:<\/strong> Das Sylvesterstift in Bramsche. Bramsche war f\u00fcr 214 Jahre von 1276 bis 1489 Sitz des Collegiatstifts Sankt Sylvester (Walter Brockmann), S. 78<\/p>\n\n\n\n<p class=\"has-small-font-size\"><strong>1997:<\/strong> Aus dem Leben eines Auswanderers (Lisa von Gregory), S. 196<\/p>\n\n\n\n<p class=\"has-small-font-size\"><strong>1999:<\/strong> Gedenkjahr Webschule Bramsche 1898 (-1972) 1998 (Friedrich Th\u00f6le), S. 223<\/p>\n\n\n\n<p class=\"has-small-font-size\"><strong>2000:<\/strong> Die Hintergr\u00fcnde der Sage vom versunkenen Teufelsmoor in Bramsche oder: Die Geschichte des Darnsees (Bernhard Feige), S. 201<\/p>\n\n\n\n<p class=\"has-small-font-size\"><strong>2001:<\/strong> Eine bedeutende Bramscher Pers\u00f6nlichkeit wurde 90 Jahre &#8211; Friedrich Th\u00f6le feierte in der Kornm\u00fchle (Walter Brockmann), S. 206<\/p>\n\n\n\n<p class=\"has-small-font-size\"><strong>2005:<\/strong> Das \u201cHecker\u201d-Quartett (1919-1944) &#8211; ein Beitrag zur Biografie des Malers Franz Hecker (Rainer Drewes \/ Herbert Holstein), S. 233<\/p>\n\n\n\n<p class=\"has-small-font-size\"><strong>2009:<\/strong> J\u00fcngersche Wurzeln in Bramsche (Herbert Holstein und Rainer Drewes), S. 254<\/p>\n\n\n\n<p class=\"has-small-font-size\"><strong>2011:<\/strong> \u201eSiegreich woll\u2019n wir Frankreich schlagen, sterben als ein tapfrer Held\u201c Bramscher im Krieg gegen Frankreich 1870\/71 (Herbert Holstein), S. 163<\/p>\n\n\n\n<p class=\"has-small-font-size\"><strong>2011<\/strong>: \u201eDie billigste Zeitung f\u00fcr Arm und Reich\u201c und das Bramscher \u201eLocal- und Inserenten-Blatt\u201c des Ludwig Tonne von 1885 (Rainer Drewes\/Alfred Gottlieb), S. 214<\/p>\n\n\n\n<p class=\"has-small-font-size\"><strong>2013:<\/strong> Vor 100 Jahren &#8211; Gedenkfeiern zur V\u00f6lkerschlacht bei Leipzig im Raum Bramsche (Walter Brockmann), S. 82)<\/p>\n\n\n\n<p class=\"has-small-font-size\">2013: &#8222;Der Webesch\u00fcler&#8220; &#8211; ein Mitteilungsblatt Bramscher Websch\u00fcler von 1930 (Rainer Drewes), S. 100)<\/p>\n<\/div>\n\n\n\n<div class=\"wp-block-column is-layout-flow wp-block-column-is-layout-flow\" style=\"flex-basis:25%\">\n<p><img loading=\"lazy\" decoding=\"async\" src=\"https:\/\/familienforschung-tecklenburger-land.de\/files\/Tecklenburger-Familienforschung\/OSNABRUECK\/Bramsche\/AK-Lindenstr.jpg\" alt=\"\" width=\"230\" height=\"254\"><\/p>\n\n\n\n<p class=\"has-small-font-size\">Die Lindenstra\u00dfe auf einer alten Ansichtskarte<\/p>\n\n\n\n<h3 class=\"wp-block-heading\">Heimatjahrbuch Osnabr\u00fcck Stadt und Land:<\/h3>\n\n\n\n<p class=\"has-small-font-size\">1974: Der Darnsee &#8211; Bramscher Naturschutzgebiet. Von J\u00fcrgen Sudhoff (S. 64)<\/p>\n\n\n\n<p class=\"has-small-font-size\">1974: Saure Wochen, frohe Feste&#8230; So war es in Bramsche und auch anderswo. Von Werner Dobelmann (S. 79)<\/p>\n\n\n\n<p class=\"has-small-font-size\">1977: Die &#8222;Alte Post&#8220; (Hans Krullmann), S. 79<\/p>\n\n\n\n<p class=\"has-small-font-size\">1980: Bramsche und seine B\u00fcrger. Werner Dobelmann (S. 63)<\/p>\n\n\n\n<p class=\"has-small-font-size\">1980: Refugi\u00e9s und Emigranten in Bramsche. Werner Dobelmann (S. 85)<\/p>\n\n\n\n<p class=\"has-small-font-size\">1981: Bramsche (Dr. AUgust Schr\u00f6der), S. 56<\/p>\n\n\n\n<p class=\"has-small-font-size\">1982: Neue Heimat am Kap&nbsp;&nbsp; Werner Dobelmann&nbsp;&nbsp; 114<\/p>\n\n\n\n<p class=\"has-small-font-size\">1985: Der Eiskeller bei Altbarenaue (Gerd-Ulrich Piesch), S. 89<\/p>\n\n\n\n<p class=\"has-small-font-size\">1988: Schimmernde Kleinode unserer Heimat &#8211; Erdfallseen bei Bramsche (Rainer Drewes), S. 102<\/p>\n\n\n\n<p class=\"has-small-font-size\">1991: Zu Besuch in der renovierten St.-Martins-Kirche zu Bramsche (Rainer Drewes), S. 92<\/p>\n\n\n\n<p class=\"has-small-font-size\">1992: Das Tuchmachermuseum in Bramsche (Dr. Rainer Drewes), S. 91<\/p>\n\n\n\n<p class=\"has-small-font-size\">1992: &#8220; .. ein Cantzelist, nunmehr alt&#8220; (Werner Dobelmann), S. 114<\/p>\n\n\n\n<p class=\"has-small-font-size\">2001: Der Stoff aus dem die Tuche sind (Georg Geers), S. 35<\/p>\n\n\n\n<p class=\"has-small-font-size\">2006: Vom Ehrenmal zum Mahnmal (Dr. Rainer Drewes), S. 134<\/p>\n\n\n\n<p class=\"has-small-font-size\">1989: Die Wasserm\u00fchle Riesau wird restauriert (W. Held), S. 57<\/p>\n\n\n\n<p><img loading=\"lazy\" decoding=\"async\" src=\"https:\/\/familienforschung-tecklenburger-land.de\/files\/Tecklenburger-Familienforschung\/OSNABRUECK\/Bramsche\/AK-Denkmal.jpg\" alt=\"\" width=\"230\" height=\"208\"><\/p>\n\n\n\n<p class=\"has-small-font-size\">Denkmal am Kirchplatz (Ansichtskarte, ca. 1900)<\/p>\n\n\n\n<h3 class=\"wp-block-heading\">Heimatkalender f\u00fcr den Kreis Bersenbr\u00fcck<\/h3>\n\n\n\n<p class=\"has-small-font-size\"><strong>1957:<\/strong> Liebe Erinnerungen an Alt-Bramsche. Hermann Frommeyer, S. 65<\/p>\n\n\n\n<p class=\"has-small-font-size\"><strong>1958:<\/strong> Die Armenj\u00e4ger. Werner Dobelmann, S. 93<\/p>\n\n\n\n<p class=\"has-small-font-size\"><strong>1962:<\/strong> Die Entstehung des Darnsees bei Bramsche und seiner Umgebung. Dr. Klaus M\u00fcnzing, S. 69<\/p>\n\n\n\n<p class=\"has-small-font-size\"><strong>1964:<\/strong> Aufstand der Weber. W. Dobelmann, S. 129<\/p>\n\n\n\n<p><img loading=\"lazy\" decoding=\"async\" src=\"https:\/\/familienforschung-tecklenburger-land.de\/files\/Tecklenburger-Familienforschung\/OSNABRUECK\/Bramsche\/Bildccc4.jpg\" alt=\"\" width=\"230\" height=\"157\"><\/p>\n\n\n\n<p class=\"has-small-font-size\">Tuchmachermuseum (Bild: Wikicommons, Corradox)<\/p>\n<\/div>\n<\/div>\n\n\n\n<h2 class=\"wp-block-heading\" id=\"Bramsche-Suchanfragen\">Suchanfragen<\/h2>\n\n\n\n<div class=\"wp-block-columns is-layout-flex wp-container-core-columns-is-layout-9d6595d7 wp-block-columns-is-layout-flex\">\n<div class=\"wp-block-column is-layout-flow wp-block-column-is-layout-flow\" style=\"flex-basis:25%\">\n<h3 class=\"wp-block-heading\">Liening \/ Thiesing<\/h3>\n\n\n\n<p class=\"has-small-font-size\">Ich bin auf der Suche nach den Familien meiner Urgro\u00dfeltern Wilhelm Heinrich Liening verheiratet mit Johanne Luise Thiesing ihre Tochter wurde 1899 in Bramsche geboren-ihr Name war Auguste Wilhelmine Liening. Die Familie war evangelischen Glaubens. Danke f\u00fcr jede Information (<a href=\"mailto:gwausb@t-online.de\">gwausb@t-online.de<\/a> )<\/p>\n\n\n\n<h3 class=\"wp-block-heading\">Dahlberg<\/h3>\n\n\n\n<p class=\"has-small-font-size\">Suche Joann Henrich Dahlberg, geb.: 1773<\/p>\n\n\n\n<p class=\"has-small-font-size\">Stand: vormaliger F\u00fcrstbisch\u00f6flicher m\u00fcnsterscher Soldat<\/p>\n\n\n\n<p class=\"has-small-font-size\">Meine Suche im Bistumsarchiv ergebnislos Wo er her kam bleibt ein R\u00e4tsel. Vieleicht aus Bramsche, Schulzenhof Dahlberg Bramsche. (<a href=\"mailto:manfred.dahlberg@yahoo.de\">Kontakt<\/a>)<\/p>\n\n\n\n<h3 class=\"wp-block-heading\">Sommerfr\u00fcchte<\/h3>\n\n\n\n<p class=\"has-small-font-size\">Ich suche in Lappenstuhl nach Johann Henrich Sommerfr\u00fcchte von 01-12-1748 verheirated 14-07-1765 mit Meyer Anna Margaretha ???, Heuerlingslinie Lappenstuhl (<a href=\"mailto:jonepeer@t-online.de\">Kontakt<\/a>)<\/p>\n<\/div>\n\n\n\n<div class=\"wp-block-column is-layout-flow wp-block-column-is-layout-flow\" style=\"flex-basis:50%\">\n<h3 class=\"wp-block-heading\">M\u00f6chten Sie auch eine Anfrage ver\u00f6ffentlichen?<\/h3>\n\n\n\n<p class=\"has-small-font-size\"><strong>Wenn jemand genealogische Kontakte kn\u00fcpfen m\u00f6chte oder Hilfe bei einem schwierigen Fall ben\u00f6tigt, ver\u00f6ffentlichen wir hier gern eine Anfrage.<\/strong><\/p>\n\n\n\n<p class=\"has-small-font-size\">Hier k\u00f6nnen Sie uns Ihre Suchanfrage \u00fcbermitteln:<\/p>\n\n\n\n<p class=\"has-small-font-size\">Sie k\u00f6nnen uns eine E-Mail mit Ihrer Suchanfrage schicken: <a href=\"mailto:admin@te-gen.de\">admin@te-gen.de<\/a> Bitte tragen Sie in die Mail ein, nach welchen Personen oder Namen Sie suchen, in welchem Ort Sie suchen, wenn Sie m\u00f6chten, Ihren Namen, welche Daten (Geburt, Heirat, Tod, andere) Ihnen vorliegen. Wenigstens ein Zeitraum w\u00e4re gut. Wir werden Ihre Anfrage dann an dieser Stelle ver\u00f6ffentlichen. Bitte beachten Sie, dass dies einige Tage dauern kann. Ihre Anfrage wird automatisch auch an unsere Mailingliste weitergeleitet.<\/p>\n\n\n\n<h3 class=\"wp-block-heading\">Franz Muer<\/h3>\n\n\n\n<p class=\"has-small-font-size\">Ich suche alle Informationen \u00fcber meinen Grossonkel Franz Muer, geboren am 7. Januar 1892 in Essen-Borbeck.<\/p>\n\n\n\n<p class=\"has-small-font-size\">Er starb als Soldat am 19. Oktober 1918 in Chimay, Belgien. Er war Angeh\u00f6riger einer Fliegerabteilung. Wie ich der Internetseite \u201eOnlineprojekt Gefallenendenkm\u00e4ler &#8222;Von Ahnenforscher f\u00fcr Ahnenforscher\u201c entnommen habe, ist sein Name in dem Ehrenmal auf dem Bramscher Berg verewigt. Das deutet darauf hin, dass er vor seiner Einberufung in Bramsche gelebt haben k\u00f6nnte.<\/p>\n\n\n\n<p class=\"has-small-font-size\">Da ich nichts \u00fcber sein Leben weiss, w\u00fcrde mich alles interessieren, was seine Person betrifft.<\/p>\n\n\n\n<p class=\"has-small-font-size\">Mit freundlichen Gr\u00fcssen, <a href=\"mailto:hotclub@gmx.de\">Matthias Muer<\/a><\/p>\n\n\n\n<h3 class=\"wp-block-heading\">Agnes \/ Sweeney<\/h3>\n\n\n\n<p class=\"has-small-font-size\">Hallo, ich suche nach einem Robert (Agnes oder Sweeney). Er hat 1974-75 in Bramsche in der Hemkerstrasse gewohnt,er war als amerikanischer Soldat in Bramsche stationiert. Ich w\u00e4re froh wenn sie mir eine Sicherheit bei dem Nachnamen geben k\u00f6nnten und\/oder mit welchen GI`s er da wohnte. Sein Freund Thomas Mc Fadden kann sich auch nicht mehr an seinen Nachnamen erinnern. Ich versuche Leute von damals zu finden und Robert, stationiert 1974-75 w\u00e4re super wenn Sie mir da was zu schreiben k\u00f6nnten. (<a href=\"mailto:Sibyllabehrens@gmx.de\">Kontakt<\/a>)<\/p>\n\n\n\n<h3 class=\"wp-block-heading\">Frank &amp; Gruneberg<\/h3>\n\n\n\n<p class=\"has-small-font-size\">Haben Sie vielleicht mehr informationen \u00fcber <strong>Max Frank<\/strong> geboren am 07.05.1882 Bramsche? Ich denke, daB er verheiratet war mit <strong>Selma Gruneberg<\/strong>. Sie bekamen ein Sohn in Arnhem: Georges Frank, geboren 04.01.1904. Jede informationen \u00fcber die Eltern von Max Frank und seine Frau sind willkommen. Ich suche auch die Namen der Eltern von Max Frank geboren am 7.5.1882 in Bramsche, 1905: wohnend zu Arnhem Niederlande, 1907: wohnend in Antwerpen (Belgie). Mit freundlichen Gr\u00fcBen, <a href=\"mailto:dave.gerressen@hotmail.com\">Dave Gerressen<\/a>, Niederlande<\/p>\n<\/div>\n\n\n\n<div class=\"wp-block-column is-layout-flow wp-block-column-is-layout-flow\" style=\"flex-basis:25%\">\n<h3 class=\"wp-block-heading\">Ricker, Buddemeyer &amp; Br\u00fcse<\/h3>\n\n\n\n<p class=\"has-small-font-size\">Hallo, ich suche nach ausgewanderter Verwandschaft meiner Gro\u00dfmutter. Sie hie\u00df <strong>Karoline-Marie Ricker, geb. Buddemeyer<\/strong>,* 26.10.1897, Vater: Friedrich-Wilhelm B., Mutter Henrika Bernhardina B., geb. Br\u00fcseke. Sie lebten in Bramsche. Ein Bruder meiner Gro\u00dfmutter soll nach S\u00fcdamerika ausgewandert sein, Name oder Geburtsdaten sind unbekannt. Er war vermutlich \u00e4lter, also vor 1897 geboren. Danke f\u00fcr jede Hilfe. (<a href=\"mailto:lenkeit.privat@web.de\">Kontakt<\/a>)<\/p>\n\n\n\n<p><img loading=\"lazy\" decoding=\"async\" src=\"https:\/\/familienforschung-tecklenburger-land.de\/files\/Tecklenburger-Familienforschung\/OSNABRUECK\/Bramsche\/Bilcccd3.jpg\" alt=\"\" width=\"230\" height=\"172\"><\/p>\n\n\n\n<p class=\"has-small-font-size\">Alte Post (Bild: Wikicommons, TXm)<\/p>\n\n\n\n<h3 class=\"wp-block-heading\">Gausmann\/Gosmann<\/h3>\n\n\n\n<p class=\"has-small-font-size\">Heinrich Gosmann sucht nach der Familie Gausmann\/Gosmann aus Westerkappeln mit Nebenlinien in Wersen, Lotte, Ibbenb\u00fcren, Schale, Lienen, Ledde, Merzen, Neuenkirchen i.H. und Bramsche. <a href=\"mailto:Heinrich.Gosmann@t-online.de\">Kontakt<\/a> und <a href=\"http:\/\/www.gosmann.homepage.t-online.de\">Homepage<\/a><\/p>\n\n\n\n<p><img loading=\"lazy\" decoding=\"async\" src=\"https:\/\/familienforschung-tecklenburger-land.de\/files\/Tecklenburger-Familienforschung\/OSNABRUECK\/Bramsche\/AK-Lindenstr_2.jpg\" alt=\"\" width=\"230\" height=\"229\"><\/p>\n\n\n\n<p class=\"has-small-font-size\">Die Lindenstra\u00dfe auf einer alten Ansichtskarte<\/p>\n<\/div>\n<\/div>\n\n\n\n<h2 class=\"wp-block-heading\" id=\"Bramscher-Schuetzen\">Bramscher Sch\u00fctzengesellschaft von 1586<\/h2>\n\n\n\n<div class=\"wp-block-columns is-layout-flex wp-container-core-columns-is-layout-9d6595d7 wp-block-columns-is-layout-flex\">\n<div class=\"wp-block-column is-layout-flow wp-block-column-is-layout-flow\" style=\"flex-basis:25%\">\n<h3 class=\"wp-block-heading\">Emblem der Bramscher Sch\u00fctzengesellschaft<\/h3>\n\n\n\n<figure class=\"wp-block-image\"><img decoding=\"async\" src=\"https:\/\/familienforschung-tecklenburger-land.de\/files\/Tecklenburger-Familienforschung\/OSNABRUECK\/Bramsche\/Schuetzenverein%201586\/Bild13.jpg\" alt=\"\"\/><\/figure>\n\n\n\n<p class=\"has-small-font-size\">Das Emblem der Bramscher Sch\u00fctzengesellschaft v. 1586 e.V. ist mit ziemlicher Sicherheit auf den Entwurf der K\u00f6niglichen Hofstickerei J.A.Hietel, Leipzig, aus dem Jahre 1876 zur\u00fcckzuf\u00fchren.<\/p>\n\n\n\n<p class=\"has-small-font-size\">Die Fahnenstickerei Reinecke, Hannover, hat die Symbole \u00fcbernommen.<\/p>\n\n\n\n<h3 class=\"wp-block-heading\">Der silberne Vogel<\/h3>\n\n\n\n<figure class=\"wp-block-image\"><img decoding=\"async\" src=\"https:\/\/familienforschung-tecklenburger-land.de\/files\/Tecklenburger-Familienforschung\/OSNABRUECK\/Bramsche\/Schuetzenverein%201586\/Bild6.jpg\" alt=\"\"\/><\/figure>\n\n\n\n<p class=\"has-small-font-size\">Vielleicht ist es das kostbarste St\u00fcck aus der Schatztruhe und dem \u201eSilber\u201c der Bramscher Sch\u00fctzengesellschaft, &#8211; der silberne Vogel an der Kette. Sicherlich ist es jedoch das \u00e4lteste silberne Kleinod in dieser Schatztruhe der Gesellschaft.<\/p>\n\n\n\n<p class=\"has-small-font-size\">Der fr\u00fchere Osnabr\u00fccker Historiker und Leiter des \u201eKulturhistorischen Museums\u201c, Dr. Walter Borchers, erstellte zu dieser kostbaren Silberarbeit in den 1950ziger Jahre eine Expertise. Aufgrund \u00e4hnlicher bekannter Arbeiten sch\u00e4tzte er das Alter des \u201eBramscher Sch\u00fctzenvogels\u201c auf mindestens 250 Jahre. Es ist demnach anzunehmen, das dieser silberne Vogel nach der Anordnung des Landesherren, Reichsf\u00fcrst und F\u00fcrstbischof zu Osnabr\u00fcck, Franz Wilhelm von Wartenberg, vom 29. Mai 1657 zur Ordnung des Vogelschie\u00dfens, angefertigt wurde.<\/p>\n\n\n\n<p class=\"has-small-font-size\">Die Anordnung besagte, das der \u201eSilberne Vogel \u201c vor Beginn des Vogelschie\u00dfens an der Vogelstange aufgeh\u00e4ngt werden mu\u00df. Nach dem K\u00f6nigschu\u00df wurde dieser silberne Vogel an der Kette vom Sieger des Vogelschie\u00dfens, dem Sch\u00fctzenk\u00f6nig, getragen.<\/p>\n\n\n\n<h3 class=\"wp-block-heading\">Madame &#8222;Charlotte&#8220;<\/h3>\n\n\n\n<figure class=\"wp-block-image size-full has-lightbox\"><img loading=\"lazy\" decoding=\"async\" width=\"230\" height=\"290\" src=\"https:\/\/familienforschung-tecklenburger-land.de\/wp-content\/uploads\/2023\/08\/Bild7.jpg\" alt=\"\" class=\"wp-image-3220\"\/><\/figure>\n\n\n\n<p class=\"has-small-font-size\">Bei diesem Bild mu\u00df es sich zwangsl\u00e4ufig um die \u00e4lteste Photographie zur Bramscher Sch\u00fctzengesellschaft handeln. Frau Charlotte Meyer, geb. Struck, war z. Zt. der Aufnahme sicherlich ca. 45 Jahre alt. Geboren wurde Frau Charlotte Meyer im Jahr 1812 in Melle. Demnach mu\u00df es sich um eine Photographie aus den Jahren um 1860 handeln.<\/p>\n\n\n\n<p class=\"has-small-font-size\">Frau Charlotte Sophie Caroline Meyer, geb. Struck, ist die erste uns bekannte Sch\u00fctzenk\u00f6nigin der Bramscher Sch\u00fctzengesellschaft v. 1586. Im Jahr 1841 wurde H. R. Kaiser Sch\u00fctzenk\u00f6nig der Gesellschaft, zu seiner K\u00f6nigin w\u00e4hlte Sch\u00fctzenk\u00f6nig H.R. Kaiser Frau Charlotte Meyer, die Ehefrau des Kaufmanns und Fabrikanten Friedrich Meyer. In Bramsche nannte man Frau Meyer ehrenvoll \u201eMadame Charlotte\u201c<\/p>\n\n\n\n<p class=\"has-small-font-size\">Die Sch\u00fctzengesellschaft verdankt Frau Charlotte Meyer den Besitz der ersten, historischen silbernen K\u00f6nigskette mit Vogel, die sie im Jahr 1841 stiftete. Ebenfalls stiftete sie die erste Erinnerungsplakette, denn seitdem wurde diese Kette von jedem amtierenden Sch\u00fctzenk\u00f6nig um eine K\u00f6nigsplakette erweitert.<\/p>\n\n\n\n<p class=\"has-small-font-size\">Die Familie der Leinen- und Kaufh\u00e4ndler Meyer bewohnte an der Ecke Br\u00fcckenort und Kuhstr. ein zweigeschossiges Wohn- und Gesch\u00e4ftshaus mit herrlicher Sandsteinfassade und gro\u00dfer Freitreppe zum Br\u00fcckenort.<\/p>\n\n\n\n<p class=\"has-small-font-size\">Im Jahr 1915 erfa\u00dfte der Landesbaurat Dr. A. Noldeke das Haus in einer sogen. \u201eInventarisierung der Kunstdenkm\u00e4ler in der Provinz Hannover\u201c, sp\u00e4ter wurde aus dem Geb\u00e4ude das Bramscher Rathaus. Die imposante Freitreppe wurde in das Innere des Geb\u00e4udes verlegt.<\/p>\n\n\n\n<p class=\"has-small-font-size\">Schon im Jahr 1792 gr\u00fcndete die Leinenhandlung Meyer eine Kattunfabrik. Die Maschinen zur Produktion von Bettbez\u00fcgen wurde von Pferden angetrieben.<\/p>\n\n\n\n<h3 class=\"wp-block-heading\">Bramscher Sch\u00fctzengesellschaft um 1876<\/h3>\n\n\n\n<figure class=\"wp-block-image size-full has-lightbox\"><img loading=\"lazy\" decoding=\"async\" width=\"611\" height=\"298\" src=\"https:\/\/familienforschung-tecklenburger-land.de\/wp-content\/uploads\/2023\/08\/Bild8.jpg\" alt=\"\" class=\"wp-image-3221\" srcset=\"https:\/\/familienforschung-tecklenburger-land.de\/wp-content\/uploads\/2023\/08\/Bild8.jpg 611w, https:\/\/familienforschung-tecklenburger-land.de\/wp-content\/uploads\/2023\/08\/Bild8-300x146.jpg 300w\" sizes=\"auto, (max-width: 611px) 100vw, 611px\" \/><\/figure>\n\n\n\n<p class=\"has-small-font-size\">Ein altes, seltenes Bilddokument der Bramscher Sch\u00fctzengesellschaft aus einem Jahr um 1876.<\/p>\n\n\n\n<p class=\"has-small-font-size\">Da auf diesem Bild auch drei Fahnen gezeigt werden, ist die Bestimmung zum Jahr 1876 relativ sicher, da im Jahr 1876 eine dritte Fahne angefertigt wurde. Die bis dahin bekannten Fahnen sind die Fahnen aus dem Jahr 1716 + 1840.<\/p>\n\n\n\n<p class=\"has-small-font-size\">Bekannt sind auf diesem Bild nur einzelne Personen. Ganz oben links im Bild, Johann, Heinrich, Diedrich Hackmann,<\/p>\n\n\n\n<p class=\"has-small-font-size\">In seinen H\u00e4nden h\u00e4lt er h\u00f6chstwahrscheinlich die Teilnehmerliste zum Umzug und K\u00f6nigsschie\u00dfen.<\/p>\n\n\n\n<p class=\"has-small-font-size\">Nach einem Vergleich zur \u201e\u00e4ltesten K\u00f6nigsphotographie\u201c der Bramscher Sch\u00fctzengesellschaft handelt es sich bei dem Sch\u00fctzen in der unteren Reihe, in der Mitte sitzend, wahrscheinlich um die damalige Sch\u00fctzenmajest\u00e4t H. Auf der Heide.<\/p>\n\n\n\n<p class=\"has-small-font-size\">Rechts unten im Bild der Tambourmajor der bei keinem Ausmarsch fehlte. Der Tambourstab, den er in der Hand h\u00e4lt, ist auch im ersten Inventarium der Bramscher Sch\u00fctzengesellschaft aufgef\u00fchrt.<\/p>\n\n\n\n<h3 class=\"wp-block-heading\">Fr\u00fchschoppen 1894<\/h3>\n\n\n\n<figure class=\"wp-block-image\"><img decoding=\"async\" src=\"https:\/\/familienforschung-tecklenburger-land.de\/assets\/images\/6\/Bild9-4f661336.jpg\" alt=\"\"\/><\/figure>\n\n\n\n<p><a href=\"https:\/\/familienforschung-tecklenburger-land.de\/files\/Tecklenburger-Familienforschung\/OSNABRUECK\/Bramsche\/Schuetzenverein%201586\/Bild9.jpg\"><\/a><\/p>\n\n\n\n<p class=\"has-small-font-size\">Dieses Foto wurde zu einem Fr\u00fchschoppen des Jahres 1894 im Garten des Hotels Remde aufgenommen.<\/p>\n\n\n\n<p class=\"has-small-font-size\">Abgebildet sind die Sch\u00fctzen v. l. nach r. stehend, Emil Rasch, Theodor Paesler, Wilhelm Maschmeyer, Carl Remde, unbekannt, B\u00fcrgermeister K\u00f6hler, Hermann M\u00f6rking. Untere Reihe, v. l. nach r. sitzend, Heinrich Auf der Heide, K\u00f6nig Friedrich Ellermann und Heinrich Struwe.<\/p>\n\n\n\n<p class=\"has-small-font-size\">Sp\u00e4ter wurde das Hotel Remde zum Central Hotel. Das Hotel hat in mehrfacher Hinsicht eine ebenfalls interessante Geschichte. Im 18.ten Jahrhundert hatte es den Namen \u201e Zum Bischof \u201c. Im 19.ten Jahrhundert war es Jahrzehnte im Besitz der Familie Wolters. Der Hotelier Ernst Heinrich Wolters war das einzige Mitglied der Bramscher Sch\u00fctzengesellschaft, das die K\u00f6nigsw\u00fcrde dreimal, in den Jahren 1852, 1853 und 1855, errang.<\/p>\n\n\n\n<p class=\"has-small-font-size\">Ernst Heinrich Wolters war Gro\u00dfvater zum Schriftsteller Ernst J\u00fcnger, der hier in seiner Jugend oftmals Ferienzeiten verbrachte.<\/p>\n\n\n\n<h3 class=\"wp-block-heading\">Die historische K\u00f6nigskette<\/h3>\n\n\n\n<figure class=\"wp-block-image\"><img decoding=\"async\" src=\"https:\/\/familienforschung-tecklenburger-land.de\/files\/Tecklenburger-Familienforschung\/OSNABRUECK\/Bramsche\/Schuetzenverein%201586\/Bild12.jpg\" alt=\"\"\/><\/figure>\n\n\n\n<p class=\"has-small-font-size\">Die historische K\u00f6nigskette der Bramscher Sch\u00fctzengesellschaft aus dem Jahr 1841. Den unteren Abschlu\u00df der Kette bildet die silberne Erinnerungsplakette und der silberne Vogel. Die Erinnerungsplakette tr\u00e4gt die Widmung<\/p>\n\n\n\n<p class=\"has-small-font-size\"><em>\u201eDie Sch\u00fctzen K\u00f6nigin<\/em><\/p>\n\n\n\n<p class=\"has-small-font-size\"><em>Charlotte Meyer<\/em><\/p>\n\n\n\n<p class=\"has-small-font-size\"><em>den Bramscher Sch\u00fctzen\u201c<\/em><\/p>\n\n\n\n<p class=\"has-small-font-size\"><em>den 20. u. 21. Juni<\/em><\/p>\n\n\n\n<p class=\"has-small-font-size\"><em>1841<\/em><\/p>\n\n\n\n<p class=\"has-small-font-size\">Zur wertvollen K\u00f6nigskette geh\u00f6rt eine handgeschriebene Schenkungsurkunde. Die Urkunde bescheinigt die Schenkung der \u201esilbernen Kette mit dem silbernen Vogel.\u201c Diese historische K\u00f6nigskette wird heute nicht mehr getragen.<\/p>\n\n\n\n<h3 class=\"wp-block-heading\">Der Ernst-August Pokal<\/h3>\n\n\n\n<figure class=\"wp-block-image\"><img decoding=\"async\" src=\"https:\/\/familienforschung-tecklenburger-land.de\/files\/Tecklenburger-Familienforschung\/OSNABRUECK\/Bramsche\/Schuetzenverein%201586\/Bild15.jpg\" alt=\"\"\/><\/figure>\n\n\n\n<p class=\"has-small-font-size\">Ein kostbarer Silberpokal der Bramscher Sch\u00fctzengesellschaft v. 1586 e.V., ein Geschenk des K\u00f6nigs von Hannover, Ernst-August, aus dem Jahr 1846.<\/p>\n\n\n\n<p class=\"has-small-font-size\">Den Pokal-Deckel ziert das hannoversche Wappenross, der springende Schimmel. Der Kelch des Pokals ist auf einer Seite mit der Krone \u00fcber dem k\u00f6niglichen Monogramm belegt, E-A-R (Ernst-August-Rex), auf der anderen Seite mit der Erinnerungs \u2013 Widmung:<\/p>\n\n\n\n<p class=\"has-small-font-size\"><em>K\u00f6nig<\/em><\/p>\n\n\n\n<p class=\"has-small-font-size\"><em>Ernst August<\/em><\/p>\n\n\n\n<p class=\"has-small-font-size\"><em>von Hannover<\/em><\/p>\n\n\n\n<p class=\"has-small-font-size\"><em>dem<\/em><\/p>\n\n\n\n<p class=\"has-small-font-size\"><em>Sch\u00fctzen Vereine in Bramsche,<\/em><\/p>\n\n\n\n<p class=\"has-small-font-size\"><em>zur Erinnerung<\/em><\/p>\n\n\n\n<p class=\"has-small-font-size\"><em>an den 30. August<\/em><\/p>\n\n\n\n<p class=\"has-small-font-size\"><em>1846<\/em><\/p>\n\n\n\n<h3 class=\"wp-block-heading\">Die \u00e4lteste K\u00f6nigsphotographie<\/h3>\n\n\n\n<figure class=\"wp-block-image\"><img decoding=\"async\" src=\"https:\/\/familienforschung-tecklenburger-land.de\/files\/Tecklenburger-Familienforschung\/OSNABRUECK\/Bramsche\/Schuetzenverein%201586\/Bild14.jpg\" alt=\"\"\/><\/figure>\n\n\n\n<p class=\"has-small-font-size\">Die \u00e4lteste \u201eK\u00f6nigsphotographie\u201c eines Sch\u00fctzenk\u00f6nigs der Bramscher Sch\u00fctzengesellschaft v. 1586.<\/p>\n\n\n\n<p class=\"has-small-font-size\">Sch\u00fctzenk\u00f6nig H. Auf der Heide wurde am 19. Juli 1875 Sch\u00fctzenk\u00f6nig. Als Zeichen seiner Zunft &#8211; H. Auf der Heide war B\u00e4cker und Schankwirt &#8211; zieren zwei gekreuzte Schie\u00dfer und ein Brezel seinen K\u00f6nigsschild.<\/p>\n<\/div>\n\n\n\n<div class=\"wp-block-column is-layout-flow wp-block-column-is-layout-flow\" style=\"flex-basis:50%\">\n<h3 class=\"wp-block-heading\">Geschichte<\/h3>\n\n\n\n<p class=\"has-small-font-size\">Es waren unruhige Zeiten, als sich im 16ten Jahrhundert auch im Kirchspieldorf Bramsche die ersten Sch\u00fctzen (Schutten) in einer Verteidigungsgemeinschaft zusammenfanden.<\/p>\n\n\n\n<p class=\"has-small-font-size\">Am Ende des Mittelalters, in der Sp\u00e4trenaissance, tobten von 1500 \u2013 1599 ca. 30 Kriege in Europa, viele davon im damaligen \u201eHeiligen r\u00f6mischen Reich deutscher Nation\u201c, so auch in unserer engeren Heimat. Stark betroffen war das Hochstift Osnabr\u00fcck vom Spanisch-Niederl\u00e4ndischen Krieg allgemein, von der sogenannten Grothaus Fehde insbesondere. Die Grothaus Fehde war eine Auseinandersetzung zwischen dem Ritter Otto von Grothaus und dem Bischof von Osnabr\u00fcck, der Stadt Osnabr\u00fcck und dem Grafen von Tecklenburg.<\/p>\n\n\n\n<p class=\"has-small-font-size\">Immer wieder zogen spanischen S\u00f6ldnertruppen, auch unter dem Kommando der S\u00f6hne des Ritters, die f\u00fchrende Positionen im spanischen Heer innehatten, pl\u00fcndernd und mordend durch das Osnabr\u00fccker Land. Diese Raubz\u00fcge erfolgten noch bis zum Jahr 1594. Der blutige H\u00f6hepunkt dieser Auseinandersetzung war das \u201eBlutbad im Gehn\u201c am 21. M\u00e4rz 1591, als sich 800 schlecht ausger\u00fcstete Bauern gegen die gut bewaffnete spanische Truppe ein Gefecht lieferten. Ca. 300 Bauern wurden get\u00f6tet.<\/p>\n\n\n\n<h4 class=\"wp-block-heading\">Gr\u00fcndung der Sch\u00fctzengesellschaft<\/h4>\n\n\n\n<p class=\"has-small-font-size\">Der Flecken Bramsche und auch die umliegenden b\u00e4uerlichen Siedlungen waren lohnendes Ziel f\u00fcr herumziehende und pl\u00fcndernde S\u00f6ldnerbanden. Grund daf\u00fcr war auch eine fehlende Befestigung oder Stadtmauer, die in anderen kleineren Ansiedlungen des n\u00f6rdlichen Osnabr\u00fccker Landes schon vorhanden waren. Allein die \u201eKirchburg\u201c um die Kirche St. Martin war mit einer starken Bruchsteinmauer umgeben; Teile davon bestehen noch heute.<\/p>\n\n\n\n<p class=\"has-small-font-size\">Es gab eine Westpforte, \u201eTinne\u201c (Meyerhofpforte), h\u00f6chstwahrscheinlich als Wehrturm, und eine Ostpforte, \u201eAlte Wache\u201c, die sogenannte \u201eSchillingsche Pforte\u201c.<\/p>\n\n\n\n<p class=\"has-small-font-size\">In einem Band der Geschichte der Stadt Osnabr\u00fcck, \u201eGeschichte des F\u00fcrstenthums und Hochstifts Osnabr\u00fcck\u201c, wird im Zusammenhang der Grothaus Fehde und der Umgebung zu Bramsche genaueres berichtet:<\/p>\n\n\n\n<p class=\"has-small-font-size\"><em>\u201e Dann \u00fcberfiel er (Grothaus) im Julius 1558 des Nachts, Lamberts Hof zum Wahrhause in der Bauerschaft Wackum, pl\u00fcnderte ihn und \u00fcbergab ihn der Flamme. Aber ehe er sich entfernte, waren auf schleunige Botschaft die Sch\u00fctzen der Stadt durch den Berg der Flamme folgend herangeeilt, und im brennenden Hause selbst entspann sich ein hitziges Gefecht, in welchem mehrere B\u00fcrger blieben.\u201c<\/em><\/p>\n\n\n\n<p class=\"has-small-font-size\">Ein weiteres Ereignis dieser Art ist um den Meyerhof in Bramsche bekannt:<\/p>\n\n\n\n<p class=\"has-small-font-size\">Im Jahr 1563 war es der Herzog Erich d.J. von Calenberg, der, im Zuge eines Raubzuges gegen das Stift M\u00fcnster, von Wildeshausen kommend, im \u201eFlecken\u201c Bramesche mit zwei Regimentern \u201eQuartier\u201c macht. 12 F\u00e4hnlein Landsknechte errichteten ihr Feldlager f\u00fcr 3 Tage im Geh\u00f6lz des Meyerhofes im \u201eBroisel\u201c (Breuel). Zu den w\u00fcsten Gelagen dieser Truppe wurden vorher die Speck- und Schinkenvorr\u00e4te umliegender B\u00fcrgerh\u00e4user und Bauerngeh\u00f6fte gepl\u00fcndert. Seither tr\u00e4gt der Herzog den Spottnamen \u201cSpeckgerd\u201c, ein Spottlied wurde auf ihn gesungen.<\/p>\n\n\n\n<p class=\"has-small-font-size\">Die Notwendigkeit einer verteidigungsbereiten B\u00fcrgerwehr lag auf der Hand und fand mit den ersten Besitzern von Feuerwaffen im Flecken Bramesche seinen Ursprung.<\/p>\n\n\n\n<p class=\"has-small-font-size\">Beg\u00fcterte \u201eWandtmaker\u201c (Tuchmacher) und Handwerker anderer Gilden waren Besitzer dieser noch unhandlichen Feuerwaffen, und bildeten unter der F\u00fchrung des Gildemeisters den Kern des ersten \u201eSchutten\u201c oder Sch\u00fctzenzuges. Die Geburtsstunde der \u201eBramscher Sch\u00fctzengesellschaft\u201c, wie sie sich im Laufe der folgenden Jahrhunderte entwickelte, lag demnach im Jahr 1586.<\/p>\n\n\n\n<p class=\"has-small-font-size\">Der Osnabr\u00fccker Landtag &#8211; das damalige Dorf Bramsche geh\u00f6rte zum F\u00fcrstbisthum Osnabr\u00fcck &#8211; befasste sich mit der Verteidigung des Landes und gab am 17. Dezember 1591 eine Sch\u00fctzenordnung heraus. Mit dieser Sch\u00fctzenordnung wurde versucht, die Organisation der Landesverteidigung und die der Sch\u00fctzen zu straffen. Es fanden Musterungen statt, altgediente Soldaten wurden als Ausbilder verpflichtet, Exerzier- und Waffen\u00fcbungen angeordnet.<\/p>\n\n\n\n<h4 class=\"wp-block-heading\">Die Aufgaben der Sch\u00fctzen<\/h4>\n\n\n\n<p class=\"has-small-font-size\">Diese Exerzier- und Waffen\u00fcbungen fanden im \u201eKerspel\u201c (Kirchspiel) Bramsche auf dem \u201eGro\u00dfen Masch\u201c statt.<\/p>\n\n\n\n<p class=\"has-small-font-size\">Auf Anordnung der Kirchspiele und Amtsv\u00f6gte hatten die Sch\u00fctzen zus\u00e4tzlich f\u00fcr die Aufrechterhaltung der Ordnung zu Volksversammlungen sowie bei M\u00e4rkten und Prozessionen zu sorgen; sie fingen Verbrecher und Vagabunden und stellten Geleitschutz.<\/p>\n\n\n\n<p class=\"has-small-font-size\">Die Bek\u00e4mpfung von Feuersbr\u00fcnsten &#8211; Bramsche wurde in den Jahren 1569, 1577, 1752, 1758+ 1781 von verheerenden Stadtbr\u00e4nden heimgesucht &#8211; geh\u00f6rte zu den Aufgaben der Sch\u00fctzen. Ebenso leisteten sie Hilfe bei Ungl\u00fccken und Katastrophen und bestatteten die Toten danach.<\/p>\n\n\n\n<p class=\"has-small-font-size\">W\u00e4hrend gro\u00dfer Epidemien starben z. B. im Kirchspiel Bramsche, lt. Aufzeichnung von Pastor Block, St. Martin:<\/p>\n\n\n\n<ul class=\"wp-block-list\">\n<li class=\"has-small-font-size\">Anno 1626 600 Personen an der Cholera,<\/li>\n\n\n\n<li class=\"has-small-font-size\">Anno 1636 \u00fcber 1400 Personen an der Pest,<\/li>\n\n\n\n<li class=\"has-small-font-size\">Anno 1668 \u00fcber 140 Personen an der Tuberkulose<\/li>\n<\/ul>\n\n\n\n<p class=\"has-small-font-size\">Zur schnellen Nachrichten\u00fcbermittlung der Sch\u00fctzen dienten Trommelschl\u00e4ger, die innerhalb des Kirchspiels Signale \u00fcbermittelten. Im Quartier Bramsche waren Trommelschl\u00e4ger in Bramsche, Pente, Achmer, Hesepe, Epe und Rieste eingesetzt.<\/p>\n\n\n\n<p class=\"has-small-font-size\">In den Jahren 1618 \u2013 1648, w\u00e4hrend des 30j\u00e4hrigen Krieges, erforderte der Schutz von Hab und Gut aller Mitb\u00fcrger, der Schutz vor durchziehenden fremden Truppen, die st\u00e4ndige Bereitschaft der Sch\u00fctzen.<\/p>\n\n\n\n<p class=\"has-small-font-size\">Erst nach diesem Krieg wurde vom zur\u00fcckgekehrten Bischof Franz-Wilhelm von Wartenberg am 29. Mai 1657 eine Ordnung des Vogelschie\u00dfens erlassen, die aber erst im Jahr 1658 die Zustimmung des Osnabr\u00fccker Landtages erhielt. Eine Urkundenkopie, einschlie\u00dflich des damaligen Konzeptes, liegt der vom Chronisten Wilhelm Janning handgeschriebenen Chronik der Bramscher Sch\u00fctzengesellschaft bei.<\/p>\n\n\n\n<p class=\"has-small-font-size\">Ab ca. 1735 wurden die Verteidigungsaufgaben der Sch\u00fctzenverb\u00e4nde vielfach aufgehoben, es folgten Ordnungsaufgaben bei Prozessionen, auf M\u00e4rkten, Aufgaben im Feuerl\u00f6sch- und Rettungsdienst und im Eigentumsschutz der B\u00fcrger.<\/p>\n\n\n\n<p class=\"has-small-font-size\">Es gilt als sicher, das bis zum Jahr 1780 Vogelschie\u00dfen und Sch\u00fctzenfeste in Bramsche stattgefunden haben. Aus dieser Zeit und dem 18.ten und 19.ten Jahrhundert verf\u00fcgt die Sch\u00fctzengesellschaft \u00fcber kostbare Exponate, die jedoch an anderer Stelle ausf\u00fchrlich beschrieben werden.<\/p>\n\n\n\n<p class=\"has-small-font-size\">Erst am 12. April 1781 erwidert der Vogt Mues in Bramsche \u2013 Steinburg, der Landdrostei in Osnabr\u00fcck, das in Bramsche kein Sch\u00fctzenk\u00f6nig ausgeschossen worden ist.<\/p>\n\n\n\n<p class=\"has-small-font-size\">Die folgenden Jahre, insbesondere die zwischen 1790 \u2013 1815, mit der allgemein schlechten Wirtschaftslage und den napoleonischen Kriegen, lie\u00dfen kaum noch Freiraum f\u00fcr Aktivit\u00e4ten der Sch\u00fctzen in deutschen L\u00e4ndern, so auch in Bramsche.<\/p>\n\n\n\n<h4 class=\"wp-block-heading\">19. Jahrhundert<\/h4>\n\n\n\n<p class=\"has-small-font-size\">Die Sch\u00fctzenkette der Bramscher Sch\u00fctzengesellschaft mit dem silbernen Vogel und die Fahne aus dem Jahr 1716 wurden in die Obhut der St. Martin Kirche gegeben, wo sie \u00fcber Jahrzehnte sicher verwahrt wurden.<\/p>\n\n\n\n<p class=\"has-small-font-size\">Ab 1803 quartierten sich verschiedene Truppenteile der Koalitionstruppen in Bramsche ein, im Jahr 1805 wurde Bramsche Sitz der Kantonsverwaltung des franz\u00f6sischen Departements Oberems, das F\u00fcrstbisthum Osnabr\u00fcck war dem franz\u00f6sischen K\u00f6nigreich Westphalen zugeteilt worden.<\/p>\n\n\n\n<p class=\"has-small-font-size\">Im November 1813, Napoleons Truppen waren auf dem R\u00fcckzug, wurde die Vorhut der nachr\u00fcckenden Koalitionstruppen, preu\u00dfische Abteilungen und russische Kosaken, mit der aus der Kirche zur\u00fcckgeholten Sch\u00fctzen- u. Tuchmacherfahne von Tuchmachern und Sch\u00fctzen im Raum Kalkriese-Barenaue begr\u00fc\u00dft.<\/p>\n\n\n\n<p class=\"has-small-font-size\">Nach dieser franz\u00f6sischen Besatzungszeit erholten sich Wirtschaft und Bev\u00f6lkerung langsam.<\/p>\n\n\n\n<p class=\"has-small-font-size\">Erst im Jahre 1835 wurde die Sch\u00fctzengesellschaft neu aufgestellt, ein Vorstand gew\u00e4hlt und Statuten neu erstellt.<\/p>\n\n\n\n<p class=\"has-small-font-size\">Zum 1. Juli 1837 wurde durch den k\u00f6niglichen Landdrost W. Dinklage eine Genehmigung zu den neuen Sch\u00fctzenfeststatuten erteilt. Erster provisorischer Pr\u00e4sident wurde R. Meyer, lt. einer Unterschrift vom 01.04.1839.<\/p>\n\n\n\n<p class=\"has-small-font-size\">1842 wurden neue Statuten erlassen, die Pr\u00e4sident F.R. Neddermann abzeichnete.<\/p>\n\n\n\n<p class=\"has-small-font-size\">Leider ist auch nicht bekannt, wer in den Jahren 1835 \u2013 1840 die Sch\u00fctzenk\u00f6nigsw\u00fcrde errang.<\/p>\n\n\n\n<p class=\"has-small-font-size\">Die Liste der K\u00f6nige beginnt mit dem Jahr 1841. Sch\u00fctzenk\u00f6nig des Jahres 1841 war Sch\u00fctzenbruder H. R. Kaiser. Zu seiner K\u00f6nigin w\u00e4hlte er Frau Charlotte Meyer, geb. Struck. Sie war die Ehefrau des Leinenfabrikanten und Kaufmanns Fr. Meyer, und die Stifterin der wertvollen K\u00f6nigskette des Jahres 1841.<\/p>\n\n\n\n<p class=\"has-small-font-size\">Das Dankschreiben zu dieser wertvollen Stiftung unterzeichnete am 18. April 1843 der Pr\u00e4sident C.R. Sanders.<\/p>\n\n\n\n<p class=\"has-small-font-size\">An demselben Tage wurde ein Inventarverzeichnis mit dem Namen eines neuen Pr\u00e4sidenten Herm. Sanders unterzeichnet.<\/p>\n\n\n\n<p class=\"has-small-font-size\">Einen Antrag auf Verlegung des damaligen Schie\u00dfplatzes stellte am 28. Juni 1844 der Pr\u00e4sident August Meyer.<\/p>\n\n\n\n<p class=\"has-small-font-size\">In den ersten Jahren nach Wiedergr\u00fcndung der Bramscher Sch\u00fctzengesellschaft haben die Pr\u00e4sidenten mehrfach gewechselt.<\/p>\n\n\n\n<p class=\"has-small-font-size\">Im Jahre 1846 erhielt die Sch\u00fctzengesellschaft den \u201eK\u00f6nig Ernst-August-Pokal\u201c, eine Schenkung des damaligen K\u00f6nigs von Hannover, K\u00f6nig Ernst-August.<\/p>\n\n\n\n<p class=\"has-small-font-size\">In der Zeit ab 1846 bis zum Jahr 1900 ist in vierzehn Jahren kein Sch\u00fctzenfest gefeiert worden.<\/p>\n\n\n\n<p class=\"has-small-font-size\">F\u00fcr die Jahre 1866, 181870\/71 und 1872 m\u00f6gen die Kriege dieser Jahre und deren Folgen als Erkl\u00e4rung dienen, Gr\u00fcnde zu den anderen Jahren sind nicht bekannt, da erst ab dem Jahr 1883 Protokolle gef\u00fchrt wurden!<\/p>\n\n\n\n<p class=\"has-small-font-size\">Wesentlich erweiterte Statuten wurden im Jahr 1851 erarbeitet, dem k\u00f6niglichen Hannoverschen Amt V\u00f6rden vorgelegt, nachgebessert und im Jahr 1854 genehmigt.<\/p>\n\n\n\n<h4 class=\"wp-block-heading\">Die Zeit um 1900<\/h4>\n\n\n\n<p class=\"has-small-font-size\">Ein zweites, \u00fcberarbeitetes Inventarium der Bramscher Sch\u00fctzengesellschaft wurde im Jahr 1884 vom damaligen Secretair H. Surendorff angelegt.<\/p>\n\n\n\n<p class=\"has-small-font-size\">Mitgliederversammlungen und Vorstandssitzungen sind seit dem Jahr 1883 schriftlich in einem ersten Protokollbuch protokolliert worden.<\/p>\n\n\n\n<p class=\"has-small-font-size\">Im gleichen Jahr wurde beschlossen, Sch\u00fctzenfeste in gewohnter Weise zu feiern, die \u00f6ffentliche Bekanntgabe durch Blasen und Ausrufen vorzunehmen. Als Bl\u00e4ser wurden Herm. Hackmann und Herm. Wiehe bestimmt, Ausrufer wurden Joh. Heinr. Diedrich Hackmann und Georg Obst.<\/p>\n\n\n\n<p class=\"has-small-font-size\">In einer Niederschrift der Vorstandssitzung vom 16. Juli 1894 wird B\u00fcrgermeister K\u00f6hler als Pr\u00e4sident der Sch\u00fctzengesellschaft genannt.<\/p>\n\n\n\n<p class=\"has-small-font-size\">In einer Generalversammlung am 15. August 1898 wird Alex K\u00fcnsem\u00fcller als Pr\u00e4sident wiedergew\u00e4hlt, B\u00fcrgermeister K\u00f6hler wird 2. Vorsitzender.<\/p>\n\n\n\n<p class=\"has-small-font-size\">Im Jahr 1900 wurde der neue, \u00fcberdachte Schie\u00dfstand am Wiederhall seiner Bestimmung \u00fcbergeben.<\/p>\n\n\n\n<p class=\"has-small-font-size\">Zu dieser Zeit bestand die Sch\u00fctzengesellschaft aus drei Kompanien, M\u00fchlenort, Br\u00fcckenort und Neustadt.<\/p>\n\n\n\n<p class=\"has-small-font-size\">Jede Kompanie trug eine Fahne, hatte eigene Fahnentr\u00e4ger, Commandeure, Hauptleute, F\u00e4hnrichs, usw.<\/p>\n\n\n\n<p class=\"has-small-font-size\">Am 15. August des Jahres 1898 erhielt die Sch\u00fctzengesellschaft neue Statuten, die die vom Mai 1851 ersetzten.<\/p>\n\n\n\n<p class=\"has-small-font-size\">Zum Sch\u00fctzenfest im Jahr 1901 wurde erstmals der neue gr\u00fcne Rock (Forstgr\u00fcne R\u00f6cke) und der gr\u00fcne<\/p>\n\n\n\n<p class=\"has-small-font-size\">\u201eSteinklopfer \u2013 Dreispitz\u201c (Kaiserh\u00fcte) mit langer Fasanenfeder getragen, heute schon legend\u00e4r f\u00fcr die Bramscher Sch\u00fctzengesellschaft.<\/p>\n\n\n\n<p class=\"has-small-font-size\">In einer Mitgliederversammlung vom 20. Juni 1904 wurde beschlossen das Pr\u00e4sident Alex K\u00fcnsem\u00fcller durch B\u00fcrgermeister Gerlof als Pr\u00e4sident abgel\u00f6st wird. A. K\u00fcnsem\u00fcller wird als Vizepr\u00e4sident best\u00e4tigt. Ebenfalls wird beschlossen das Sch\u00fctzenfahnen, K\u00f6nigsketten und Pokale ab sofort im Rathaus aufbewahrt werden.<\/p>\n\n\n\n<p class=\"has-small-font-size\">B\u00fcrgermeister Gerlof verl\u00e4\u00dft im Jahr 1909 die Stadt Bramsche. In einer Mitgliederversammlung wird mit Stimmenmehrheit der neue B\u00fcrgermeister Dr. Eckels Pr\u00e4sident der Sch\u00fctzengesellschaft.<\/p>\n\n\n\n<p class=\"has-small-font-size\">Aufgrund verschiedener Differenzen um den Sch\u00fctzenplatz und Vertr\u00e4gen mit dem Festwirt wurden im Jahr 1910 acht Vorstandssitzungen, zwei Generalversammlungen und eine au\u00dferordentliche Mitgliederversammlung abgehalten.<\/p>\n\n\n\n<p class=\"has-small-font-size\">Im Jahr 1913 wird von einigen J\u00e4gern und Mitgliedern der Bramscher Sch\u00fctzengesellschaft der \u201eGro\u00dfkaliber-Club\u201c gegr\u00fcndet.<\/p>\n\n\n\n<h4 class=\"wp-block-heading\">20. Jahrhundert bis heute<\/h4>\n\n\n\n<p class=\"has-small-font-size\">Im Jahr 1914 beginnt im August der leidvolle 1. Weltkrieg, der millionenfachen Tod, Verzweiflung und Elend \u00fcber Europa bringt. Das \u00f6ffentliche Leben, das Vereinsleben, wird bis zum Jahr 1920 unterbrochen. In diesem Krieg fallen elf Mitglieder der Sch\u00fctzengesellschaft.<\/p>\n\n\n\n<p class=\"has-small-font-size\">Heinrich Beerbom wird im Jahr 1920 B\u00fcrgermeister und von der Mitgliederversammlung der Sch\u00fctzengesellschaft zum Pr\u00e4sidenten gew\u00e4hlt, B\u00fcrgermeister B\u00fcrgermeister Dr. Eckels starb w\u00e4hrend seiner Amtszeit im Jahr 1918.<\/p>\n\n\n\n<p class=\"has-small-font-size\">Das erste Sch\u00fctzenfest nach diesem ersten Weltkrieg wird in der beginnenden Inflationszeit im Jahr 1921 gefeiert.<\/p>\n\n\n\n<p class=\"has-small-font-size\">Nach einem Protokoll vom 16. Mai 1923 kostete die Musikkapelle zum Sch\u00fctzenfest 3 Millionen Mark.<\/p>\n\n\n\n<p class=\"has-small-font-size\">Durch die Einf\u00fchrung der Reichsmark im Jahr 1924 wurde die w\u00e4hrungspolitische Lage stabiler.<\/p>\n\n\n\n<p class=\"has-small-font-size\">W\u00e4hrend der Zeit von 1922 \u2013 1924 wurde die Sch\u00fctzengesellschaft vom Pr\u00e4sidenten Georg Hackmann gef\u00fchrt.<\/p>\n\n\n\n<p class=\"has-small-font-size\">Im Jahr 1926 wird ein neues, eigenes Tanzzelt erworben.<\/p>\n\n\n\n<p class=\"has-small-font-size\">Nachdem die Sch\u00fctzengesellschaft in den Jahren von 1924 \u2013 1927 vom Pr\u00e4sidenten Heinrich Struwe gef\u00fchrt wurde, wird im Jahr 1927 wiederum Heinrich Beerbom zum Pr\u00e4sidenten gew\u00e4hlt, der der Sch\u00fctzengesellschaft bis zum Jahr 1932 vorsteht.<\/p>\n\n\n\n<p class=\"has-small-font-size\">Am 19.11.1928 wird die lange vermisste Kette mit dem silberner Vogel vom Superintendenten der evangelischen Kirche, W. Kaune, zur\u00fcckgegeben.<\/p>\n\n\n\n<p class=\"has-small-font-size\">Im Jahr 1928 tritt die Sch\u00fctzengesellschaft dem Osnabr\u00fccker Sch\u00fctzengau bei.<\/p>\n\n\n\n<p class=\"has-small-font-size\">In den Jahren 1931 + 1932 erringt Hermann Bohne in zwei aufeinanderfolgenden Jahren die K\u00f6nigsw\u00fcrde der Bramscher Sch\u00fctzengesellschaft, dazu \u00fcbernahm der Reichspr\u00e4sident und ehem. Generalfeldmarschall Paul v. Hindenburg die Ehrenk\u00f6nigsw\u00fcrde.<\/p>\n\n\n\n<p class=\"has-small-font-size\">Nach der Macht\u00fcbernahme der Nationalsozialisten im Jahr 1933 wurden nach dem Prinzip der sogenannten Gleichschaltung die Vereine &#8222;Bramscher Sch\u00fctzengesellschaft&#8220; und &#8222;Neust\u00e4dter Sch\u00fctzenverein&#8220; zusammengelegt, die \u201eBramscher Sch\u00fctzengilde\u201c entstand. Bew\u00e4hrte Mitglieder beider Vereine bildeten den Vorstand der \u201eBramscher Sch\u00fctzengilde\u201c. Die Sch\u00fctzenfeste wurden in althergebrachter Art und Weise auf dem Wiederhall gefeiert. Wie, und in welcher Form im Jahr 1936 das 350j\u00e4hrige Jubil\u00e4um gefeiert wurde, ist nicht bekannt. In den Vorbereitungen wurde lediglich an das Jubil\u00e4um der ehemaligen Sch\u00fctzengesellschaft erinnert.<\/p>\n\n\n\n<p class=\"has-small-font-size\">Am 1. September 1939 begann der zweite Weltkrieg. Auch dieser Krieg brachte wieder millionenfachen Tod, Not, Elend und Vertreibung. Bis zum Jahre 1949 ruhte das Sch\u00fctzenwesen in Bramsche.<\/p>\n\n\n\n<p class=\"has-small-font-size\">Bei einem Zusammentreffen Bramscher B\u00fcrger, am 21. Juni 1949, wurde beschlossen, zum 29.Juli 1949 eine Sch\u00fctzenversammlung einzuberufen. In dieser Versammlung wurde die Bramscher Sch\u00fctzengesellschaft wiederhergestellt und \u201eBramscher Sch\u00fctzengesellschaft seit 1586\u201c benannt, Pr\u00e4sident wurde Ernst Brockschmidt. Die erste Mitgliederversammlung fand am 9. August 1949 statt, das erste Nachkriegssch\u00fctzenfest wurde am 4. + 5. September 1949 gefeiert.<\/p>\n\n\n\n<p class=\"has-small-font-size\">Die Genehmigung der damaligen Besatzungsmacht zu erhalten war nicht einfach, auch durfte nur mit der Armbrust geschossen werden.<\/p>\n\n\n\n<p class=\"has-small-font-size\">Im Jahr 1950 wurde Heinrich Sachteleben Pr\u00e4sident der Bramscher Sch\u00fctzengesellschaft, Pr\u00e4sident Ernst Brockschmidt war im gleichen Jahr pl\u00f6tzlich verstorben. Auf Initiative des Pr\u00e4sidenten wird im Jahr 1950 die Sch\u00fctzen-Garde gegr\u00fcndet.<\/p>\n\n\n\n<p class=\"has-small-font-size\">Es folgt im Jahre 1951 die Gr\u00fcndung des Spielmannszuges der Bramscher Sch\u00fctzengesellschaft.<\/p>\n\n\n\n<p class=\"has-small-font-size\">Pr\u00e4sident H. Sachteleben legte im Jahr 1958 sein Amt aus Gesundheitsgr\u00fcnden nieder, sein Nachfolger wird Otto Kuhlmann.<\/p>\n\n\n\n<p class=\"has-small-font-size\">Die ehemaligen K\u00f6nige der Bramscher Sch\u00fctzengesellschaft gr\u00fcnden im Jahr 1959 eine Gemeinschaft, um das Sch\u00fctzenwesen noch st\u00e4rker zu f\u00f6rdern!<\/p>\n\n\n\n<p class=\"has-small-font-size\">Im Jahr 1961 feierte die Sch\u00fctzengesellschaft ihr 375-j\u00e4hriges Jubil\u00e4um. Es wurde eine Festschrift und Gedenkmedaille herausgegeben. In einer Konferenzschaltung des norddeutschen Rundfunk wurde vom Sch\u00fctzenfest in Hannover und vom Jubelfest in Bramsche berichtet.<\/p>\n\n\n\n<p class=\"has-small-font-size\">Nach mehr als 125 Jahren mu\u00dfte die Sch\u00fctzengesellschaft im Jahr 1971 den traditionsreichen Sch\u00fctzenplatz am Wiederhall aufgrund ver\u00e4nderter Eigentumsverh\u00e4ltnisse aufgeben. Neuer Sch\u00fctzenplatz wurde ein Platz hinter der \u201eAltdeutschen Bierstube\u201c in der M\u00fchlenstr.<\/p>\n\n\n\n<p class=\"has-small-font-size\">Pr\u00e4sident Otto Kuhlmann legte sein Amt im Jahr 1979 nieder, es folgten bis zum Jahr 1987 die Pr\u00e4sidenten Horst Breithaupt und Horst Nienhaus.<\/p>\n\n\n\n<p class=\"has-small-font-size\">Im Jahr 1988 \u00fcbernahm Erhard Watermeyer als Pr\u00e4sident die Sch\u00fctzengesellschaft und f\u00fchrte diese mit Erfolg bis in das Jahr 1992.<\/p>\n\n\n\n<p class=\"has-small-font-size\">Im Rahmen der st\u00e4dtebaulichen Neuordnung, der Stadtsanierung der Stadt Bramsche, mu\u00df im Jahr 1990 auch der Sch\u00fctzenplatz hinter der \u201eAltdeutschen Bierstube\u201c aufgegeben werden. Die Sch\u00fctzengesellschaft entschlie\u00dft sich das Gel\u00e4nde hinter dem Tuchmacher Museum, in den Hasewiesen, als Festplatz zu nutzen.<\/p>\n\n\n\n<p class=\"has-small-font-size\">Hans Stricker \u00fcbernimmt im Jahr 1993 die Pr\u00e4sidentschaft der Sch\u00fctzengesellschaft, die er mit einer Unterbrechung, vom Jahr 2002 \u2013 2004 ist Raimund Meyer Pr\u00e4sident, bis zum Jahr 2008 beibeh\u00e4lt.<\/p>\n\n\n\n<p class=\"has-small-font-size\">Im Jahr 2009 \u00fcbernimmt Rolf L\u00fcken als Pr\u00e4sident den Vorsitz in der Bramscher Sch\u00fctzengesellschaft.<\/p>\n\n\n\n<p class=\"has-small-font-size\">Im Rahmen der langen Tradition und des Brauchtums wird seither an konzeptionellen Ver\u00e4nderungen gearbeitet.<\/p>\n\n\n\n<p class=\"has-small-font-size\">Im Jahr 2011 feierten Bramscher Sch\u00fctzengesellschaft und Tuchmacher Innung mit gro\u00dfem Erfolg das gemeinsame 425-j\u00e4hrige Bestehen. Die Veranstaltungen standen unter dem Motto \u201eBramscher Rot und gr\u00fcner Rock\u201c, denen eine gleichnamige Ausstellung im Tuchmacher Museum angeschlossen war. Festschriften der Sch\u00fctzengesellschaft, &#8211; \u201e425 Jahre Geschichten aus der Geschichte der BSG\u201c, &#8211; und der Tuchmacher Innung, &#8211; \u201eBramscher Rot und gr\u00fcner Rock\u201c, &#8211; wurden herausgegeben. Die Schirmherrschaft zu den Veranstaltungen der Bramscher Sch\u00fctzengesellschaft \u00fcbernahm der damalige Bundespr\u00e4sident der Bundesrepublik Deutschland, Christian Wulff!<\/p>\n<\/div>\n\n\n\n<div class=\"wp-block-column is-layout-flow wp-block-column-is-layout-flow\" style=\"flex-basis:25%\">\n<p class=\"has-small-font-size\"><strong>Verfasser dieser Seite:<\/strong> J\u00fcrgen Wermeyer<\/p>\n\n\n\n<p class=\"has-small-font-size\">Bramscher Sch\u00fctzengesellschaft &#8211; \u00d6ffentlichkeitsarbeit u. Chronik<\/p>\n\n\n\n<figure class=\"wp-block-image size-full has-lightbox\"><img loading=\"lazy\" decoding=\"async\" width=\"230\" height=\"244\" src=\"https:\/\/familienforschung-tecklenburger-land.de\/wp-content\/uploads\/2023\/08\/Bild2-1.jpg\" alt=\"\" class=\"wp-image-3217\"\/><\/figure>\n\n\n\n<p class=\"has-small-font-size\">Zeichnung aus dem Jahr 1607 (Georg Berger)<\/p>\n\n\n\n<h3 class=\"wp-block-heading\">Die Sch\u00fctzenfahne aus dem Jahr 1716<\/h3>\n\n\n\n<figure class=\"wp-block-image size-full has-lightbox\"><img loading=\"lazy\" decoding=\"async\" width=\"230\" height=\"299\" src=\"https:\/\/familienforschung-tecklenburger-land.de\/wp-content\/uploads\/2023\/08\/Bild4.jpg\" alt=\"\" class=\"wp-image-3218\"\/><\/figure>\n\n\n\n<h4 class=\"wp-block-heading\"><\/h4>\n\n\n\n<figure class=\"wp-block-image size-full has-lightbox\"><img loading=\"lazy\" decoding=\"async\" width=\"230\" height=\"271\" src=\"https:\/\/familienforschung-tecklenburger-land.de\/wp-content\/uploads\/2023\/08\/Bild5.jpg\" alt=\"\" class=\"wp-image-3219\"\/><\/figure>\n\n\n\n<p class=\"has-small-font-size\">Die ersten Fahnen der Sch\u00fctzen (Schutten) waren Kirchspiel \u2013 Fahnen, so auch im fr\u00fcheren kleinen Kirchspiel-Ort Bramsche mit einer dem hl. Martin gewidmeten Kirche! (Kirspel Bramsche). Kirchspiel \u2013 Fahnen wurden zu damaligen Zeiten, bis in die zwanziger Jahre des vorigen Jahrhunderts, stets in der Obhut der Patronatskirchen der Kirchspiele aufbewahrt.<\/p>\n\n\n\n<p class=\"has-small-font-size\">Zu den verschiedensten kirchlichen und weltlichen Festen waren ausschlie\u00dflich die Sch\u00fctzen Tr\u00e4ger und Begleiter dieser Fahnen.<\/p>\n\n\n\n<p class=\"has-small-font-size\">In der Kirchenchronik der St.-Martin Kirche Bramsche schreibt Pastor W\u00f6bking Anno 1893. Seite 104:<\/p>\n\n\n\n<p class=\"has-small-font-size\"><em>\u201eDie R\u00fcckwand des Altars bewahrt eine alte Kirchspielfahne auf. Das Fahnentuch ist nicht mehr ganz erhalten.\u201c<\/em><\/p>\n\n\n\n<p class=\"has-small-font-size\">Nachdem im Jahr 1658 eine neue Ordnung f\u00fcr das \u201eVogelschie\u00dfen\u201c durch den Reichsf\u00fcrsten Franz Wilhelm, Bischof zu Osnabr\u00fcck, erlassen wurde, stiftete zum n\u00e4chsten Regierungswechsel der Kurf\u00fcrst und Bischof zu Osnabr\u00fcck, Ernst August II, im Jahr 1716 dem Kirchspiel Bramsche eine neue Fahne, die seitdem in der Kirche St. Martin verwahrt wurde.<\/p>\n\n\n\n<p class=\"has-small-font-size\">Das Fahnentuch besteht aus weinroter Seide. Auf der einen Seite tr\u00e4gt das Fahnentuch den Namen des Bischofs, Ernst August II, auf der anderen Seite das Osnabr\u00fccker Wappen. Auf zwei Spruchb\u00e4ndern ist vermerkt:<\/p>\n\n\n\n<p class=\"has-small-font-size\"><em>\u201eHoni soit qui mal y pense\u201c<\/em><\/p>\n\n\n\n<p class=\"has-small-font-size\"><em>(Ehrlos sei wer schlechtes dabei denkt.)<\/em><\/p>\n\n\n\n<p class=\"has-small-font-size\"><em>\u201ePro lege et grege \u201e<\/em><\/p>\n\n\n\n<p class=\"has-small-font-size\"><em>(F\u00fcr Gesetz und Untertan)<\/em><\/p>\n\n\n\n<p class=\"has-small-font-size\"><em>Anno 1716<\/em><\/p>\n\n\n\n<p class=\"has-small-font-size\">Als in den napoleonischen Koalitionskriegen die Armee Napoleons im Jahr 1813 auf dem R\u00fcckzug aus Ru\u00dfland nach Frankreich zur\u00fcck fl\u00fcchtete, wurde die franz\u00f6sische Armee von alliierten Truppen verfolgt.<\/p>\n\n\n\n<p class=\"has-small-font-size\">Anfang November 1813 erschienen als Vorhut der Alliierten Truppenverb\u00e4nde preu\u00dfische Truppen und russische Kosaken im Raum Kalkriese-Barenaue.<\/p>\n\n\n\n<p class=\"has-small-font-size\">Es waren die Bramscher Tuchmacher und Sch\u00fctzen, die die Sch\u00fctzenfahne des Kirchspiels aus der Kirche geholt haben, den alliierten Truppen am 05. Nov. 1813 entgegengezogen sind, um sie als Befreier vom franz\u00f6sischem Joch zu begr\u00fc\u00dfen, &#8211; so steht es in der Chronik.<\/p>\n\n\n\n<p class=\"has-small-font-size\">Fahnen waren von je her ein Symbol der Zusammengeh\u00f6rigkeit und ein wichtiges kollektives Identifikationsmerkmal, sowohl im milit\u00e4rischen als auch im zivilen Bereich. Eine Fahne ist nicht einfach austauschbar, wenn sie zerschlissen oder besch\u00e4digt ist. Sie stellt etwas Einmaliges und Unwiderrufliches dar.<\/p>\n\n\n\n<p class=\"has-small-font-size\">Kooperationen wie Gesellschaften, Bruderschaften und Z\u00fcnfte, die in der \u00d6ffentlichkeit geschlossen auftraten, trugen eine Fahne als Zeichen ihrer Zusammengeh\u00f6rigkeit und gemeinsamer Ideale.<\/p>\n\n\n\n<p class=\"has-small-font-size\">Um dieses kostbare und wertvolle Requisit Bramscher Geschichte zu sch\u00fctzen und zu erhalten, &#8211; das Fahnentuch aus Seide war im Laufe der Jahrhunderte zerschlissen, &#8211; wurde diese alte Fahne Ende der 1920er Jahre dem Kreisheimatmuseum in Bersenbr\u00fcck als Leihgabe der Bramscher Sch\u00fctzengesellschaft v. 1586 zur Verf\u00fcgung gestellt.<\/p>\n\n\n\n<h3 class=\"wp-block-heading\">Johann Heinrich Diedrich Hackmann<\/h3>\n\n\n\n<figure class=\"wp-block-image\"><img decoding=\"async\" src=\"https:\/\/familienforschung-tecklenburger-land.de\/files\/Tecklenburger-Familienforschung\/OSNABRUECK\/Bramsche\/Schuetzenverein%201586\/Bild11.jpg\" alt=\"\"\/><\/figure>\n\n\n\n<p class=\"has-small-font-size\">(* 6. Okt. 1832 &#8211; \u2020 15. Sept. 1892)<\/p>\n\n\n\n<p class=\"has-small-font-size\">Bei der Vielfalt unserer heutigen Informations- und Kommunikationstechniken ist es schwer vorstellbar, dass es noch in den Jahrzehnten des 19ten Jahrhunderts \u00f6ffentliche Ausrufer gab, deren Dienste sich die Organe eines Ortes, Vereine und Vereinigungen zu eigen machten, um Bekanntmachungen und andere Informationen den B\u00fcrgern mitzuteilen.<\/p>\n\n\n\n<p class=\"has-small-font-size\">Es gab sie &#8211; auch in Bramsche, und es waren Originale die ihresgleichen suchten, so wird es zumindest in den Publikationen zu ihrer Zeit berichtet.<\/p>\n\n\n\n<p class=\"has-small-font-size\">Auch die \u201eBramscher Sch\u00fctzengesellschaft\u201c bediente sich dieser \u201eAutorit\u00e4ten\u201c, die mit der Trommel oder Glocke an bestimmten Pl\u00e4tzen des Ortes Aufmerksamkeit weckten, und \u201e von Amts wegen\u201c Bekanntmachungen unter die Leute brachten.<\/p>\n\n\n\n<p class=\"has-small-font-size\">Die Glocke, mit der Johann Heinrich Diedrich lang anhaltend und kr\u00e4ftig bimmelnd durch die Luft ruderte, war gro\u00df wie die Glocken am Hals von ihm geh\u00fcteter Rindviecher der Bramscher Kirchh\u00f6fer.<\/p>\n\n\n\n<p class=\"has-small-font-size\">\u00d6ffneten sich an den Pl\u00e4tzen seiner \u201eKundgebungen\u201c Fenster und T\u00fcren und war gen\u00fcgend Publikum zusammengelaufen, verk\u00fcndete er stimmgewaltig die Ankunft gastierender Zirkusleute, iluminierter Panoramen und reisender Musikanten. Er pries die wohlfeilen Angebote der Kr\u00e4mer und Kaufleute, erinnerte an die Versammlung der Badehaus &#8211; Gesellschaft, empfahl die Besichtigung neuer Stra\u00dfenlaternen, und die Ber\u00fccksichtigung zeitgerechter Verordnungen von B\u00fcrgermeister und B\u00fcrgervorstehern.<\/p>\n\n\n\n<p class=\"has-small-font-size\">Johann Heinrich Diedrich Hackmann war, der \u00dcberlieferung nach, ein hagerer Mann, immer dunkel gekleidet, eine \u201eM\u00fctze mit gr\u00fcnem Band\u201c auf dem Kopf, den ein gepflegter \u201eKaiser-Wilhelm-Bart\u201c zierte.<\/p>\n\n\n\n<p class=\"has-small-font-size\">Zum zeremoniellen Ablauf des j\u00e4hrlichen Sch\u00fctzenfestes der \u201eBramscher Sch\u00fctzengesellschaft\u201c trug er wesentlich bei, wenn er w\u00e4hrend der Festfolge mit lauter, dr\u00f6hnender Stimme, die weit \u00fcber den damaligen Festplatz hallte, verk\u00fcndete:<\/p>\n\n\n\n<p class=\"has-small-font-size\"><em>\u201eDas Skie\u00dfen nach dem Vogel f\u00e4ngt bei Nummero Eine wieder an!\u201c<\/em><\/p>\n\n\n\n<p class=\"has-small-font-size\">Lange Zeit nach seinem Ableben mussten seine Nachfolger in dieser Aufgabe die Reihenfolge in der Schie\u00dfordnung zum Vogelschie\u00dfen der \u201eBramscher Sch\u00fctzengesellschaft\u201c mit diesen Worten ank\u00fcndigen.<\/p>\n\n\n\n<p class=\"has-small-font-size\">Auch im weiteren Ablauf des Festes und zum Vogelschie\u00dfen sorgte er f\u00fcr Ordnung, Ruhe und Disziplin. Er war Mitglied der \u201eBramscher Sch\u00fctzengesellschaft\u201c, sprach, nicht selten in damaliger Zeit, nur plattdeutsch.<\/p>\n\n\n\n<p class=\"has-small-font-size\">Wurde es einmal zu laut, auch bei Versteigerungen, wurde er unwirsch, knurrte laut und vernehmlich:<\/p>\n\n\n\n<p class=\"has-small-font-size\"><em>\u201eHaolt jur Mul, ji oallet Snattert\u00fcgs!\u201c<\/em><\/p>\n\n\n\n<p class=\"has-small-font-size\">Nicht allein die Aufgabe des \u201eAusrufers\u201c war Lebensaufgabe f\u00fcr Johann Heinrich Diedrich Hackmann. In Uniform versah er den Dienst als Polizeidiener, zudem verdingte er seinen Lebensunterhalt aus dem H\u00fctelohn als Kuhhirt, er trieb das Vieh Bramscher B\u00fcrger auf den \u201eGro\u00dfen Masch\u201c und zur\u00fcck in die St\u00e4lle.<\/p>\n\n\n\n<p class=\"has-small-font-size\">Bei vielerlei Auktionen im Flecken Bramsche \u00fcbernahm er die Aufgabe als Auktionator, nachts wachte er getreu \u00fcber Leben, Hab und Gut der B\u00fcrger, zu jedem Stundenschlag das Horn blasend, wenn er als Nachtw\u00e4chter seine Runde in den Stra\u00dfen des Ortes machte.<\/p>\n\n\n\n<p class=\"has-small-font-size\">Zu seinen Kontrollg\u00e4ngen ermahnte er sp\u00e4te Zecher den Heimweg anzutreten, fr\u00fchmorgens holte er B\u00e4cker und Fleischer mit seinem Weckruf zur Arbeit aus den Federn.<\/p>\n\n\n\n<p class=\"has-small-font-size\">Er mu\u00df in seiner Zeit ein Multitalent gewesen sein, denn nach dem sonnt\u00e4glichen Kirchgang erwartete er zudem auf den Stufen einer an der Gro\u00dfen Str. liegenden \u201eManufactur- u. Colonialwaaren-Handlung\u201c die aus der Kirche kommenden Kirchg\u00e4nger.<\/p>\n\n\n\n<p class=\"has-small-font-size\">Gest\u00e4rkt durch einige Schn\u00e4pschen, die der H\u00e4ndler spendierte, die Ladet\u00fcr war bereits in Erwartung kaufwilliger Kirchg\u00e4nger weit ge\u00f6ffnet, verk\u00fcndete Johann Heinrich Diedrich Hackmann w\u00fcrdevoll und mit Nachdruck das sonnt\u00e4gliche Angebot des H\u00e4ndlers, und auch die amtlichen Bekanntmachungen, &#8211; danach schlo\u00df er and\u00e4chtig seine Mappe.<\/p>\n\n\n\n<p class=\"has-small-font-size\">Der \u00dcberlieferung und vorhandenem Schriftgut nach, war es ihm jedoch nicht leicht mit den mannigfaltigen Aufgaben allen B\u00fcrgern Zufriedenheit zukommen zu lassen.<\/p>\n\n\n\n<p class=\"has-small-font-size\">Zu all den ehrenvollen Aufgaben von denen berichtet wird, steht jedoch nirgendwo geschrieben wann, zu welcher Zeit tags\u00fcber oder nachts, Johann Heinrich Diedrich nach all dieser Arbeit ruhte.<\/p>\n\n\n\n<p class=\"has-small-font-size\">Wo, &#8211; das steht jedoch im Adressbuch zum Weichbild Bramsche, Jahrgang 1886, dort ist ein Heinr. Hackmann, &#8211; Ausrufer -, wohnhaft in der Meyerstr., Haus 233, verzeichnet.<\/p>\n\n\n\n<p class=\"has-small-font-size\">Geboren wurde er wahrscheinlich im sogenannten Eymann-Spieker, einem kleinen Nebengeb\u00e4ude zum Haus Br\u00fcckenort 27, Ecke Br\u00fcckenort, Kirchhof.<\/p>\n<\/div>\n<\/div>\n\n\n\n<p><\/p>\n","protected":false},"excerpt":{"rendered":"<p>Die Seiten \u00fcber Bramsche wurden zusammengestellt von Heinrich Gosmann. Weiteres vor Ort: Heimat und Verkehrsverein Bramsche Stadtmarketing Bramsche GmbHMaschstr. 949565 BramscheTel. 05461-93550, E-Mail Tourist-Info im Tuchmacher MuseumM\u00fchlenort 649565 BramscheTel. 05461-945116, E-Mail Ausfl\u00fcge in die Geschichte: Das 1997 er\u00f6ffnete Tuchmachermuseum Bramsche zeigt auf eindrucksvolle Weise das fr\u00fchere Wirken der hiesigen Tuchmacher. Seit vielen Jahren sammelt Rolf&#8230;<\/p>\n","protected":false},"author":4,"featured_media":0,"parent":0,"menu_order":55,"comment_status":"closed","ping_status":"closed","template":"","meta":{"_coblocks_attr":"","_coblocks_dimensions":"","_coblocks_responsive_height":"","_coblocks_accordion_ie_support":"","footnotes":""},"class_list":["post-350","page","type-page","status-publish","hentry"],"_links":{"self":[{"href":"https:\/\/familienforschung-tecklenburger-land.de\/index.php?rest_route=\/wp\/v2\/pages\/350","targetHints":{"allow":["GET"]}}],"collection":[{"href":"https:\/\/familienforschung-tecklenburger-land.de\/index.php?rest_route=\/wp\/v2\/pages"}],"about":[{"href":"https:\/\/familienforschung-tecklenburger-land.de\/index.php?rest_route=\/wp\/v2\/types\/page"}],"author":[{"embeddable":true,"href":"https:\/\/familienforschung-tecklenburger-land.de\/index.php?rest_route=\/wp\/v2\/users\/4"}],"replies":[{"embeddable":true,"href":"https:\/\/familienforschung-tecklenburger-land.de\/index.php?rest_route=%2Fwp%2Fv2%2Fcomments&post=350"}],"version-history":[{"count":9,"href":"https:\/\/familienforschung-tecklenburger-land.de\/index.php?rest_route=\/wp\/v2\/pages\/350\/revisions"}],"predecessor-version":[{"id":3222,"href":"https:\/\/familienforschung-tecklenburger-land.de\/index.php?rest_route=\/wp\/v2\/pages\/350\/revisions\/3222"}],"wp:attachment":[{"href":"https:\/\/familienforschung-tecklenburger-land.de\/index.php?rest_route=%2Fwp%2Fv2%2Fmedia&parent=350"}],"curies":[{"name":"wp","href":"https:\/\/api.w.org\/{rel}","templated":true}]}}