{"id":347,"date":"2023-02-26T19:04:13","date_gmt":"2023-02-26T18:04:13","guid":{"rendered":"https:\/\/familienforschung-tecklenburger-land.de\/?page_id=347"},"modified":"2023-08-02T11:34:34","modified_gmt":"2023-08-02T10:34:34","slug":"belm","status":"publish","type":"page","link":"https:\/\/familienforschung-tecklenburger-land.de\/?page_id=347","title":{"rendered":"Belm"},"content":{"rendered":"\n<div class=\"wp-block-columns is-layout-flex wp-container-core-columns-is-layout-9d6595d7 wp-block-columns-is-layout-flex\">\n<div class=\"wp-block-column is-layout-flow wp-block-column-is-layout-flow\" style=\"flex-basis:25%\">\n<h3 class=\"wp-block-heading\">Ausfl\u00fcge in die Geschichte:<\/h3>\n\n\n\n<p class=\"has-small-font-size\"><a href=\"http:\/\/wanderungenimosnabrueckerland.npage.de\/vehrte-gattberg-steinernes-meer-butterstein.html\">Wanderung<\/a> durch das Naturschutzgebiet &#8222;Steinernes Meer&#8220;, vorbei am Gattberg, am s.g. Butterstein, am historische Nachbau eines fr\u00fchgeschichtlichen Grubenhauses und an Spuren historischer Landnutzung.<\/p>\n\n\n\n<p class=\"has-small-font-size\"><a href=\"http:\/\/www.belm.de\/staticsite\/staticsite.php?menuid=334&amp;topmenu=60\">Richtst\u00e4tten-Rundweg<\/a>: vorbei an der \u201eSchwedenschanze\u201c, an den so genannten \u201eSchneitelbuchen\u201c und dem Ort einer ehemaligen Richtst\u00e4tte<\/p>\n\n\n\n<p class=\"has-small-font-size\" id=\"h2_title\"><a href=\"http:\/\/www.heimatkenner.de\/markers\/view\/4ee77699-9ccc-47f2-b5f9-3aef5dbbea27\">Belmer Wasserm\u00fchle<\/a><\/p>\n\n\n\n<p class=\"has-small-font-size\" id=\"h2_title\"><a href=\"http:\/\/www.heimatkenner.de\/markers\/view\/4ee77a31-f900-42a0-b7ef-431c5dbbea27\">Kirche Zur schmerzhaften Mutter<\/a><\/p>\n\n\n\n<p class=\"has-small-font-size\" id=\"h2_title\"><a href=\"http:\/\/www.heimatkenner.de\/markers\/view\/4ee7749f-1498-4c39-9e6f-36a05dbbea27\">Hager Hof in Vehrte<\/a>: das \u00e4lteste Bauernhaus der Gemeinde Belm<\/p>\n\n\n\n<p class=\"has-small-font-size\" id=\"h2_title\"><a href=\"http:\/\/www.heimatkenner.de\/markers\/view\/4ee77bb2-02f0-40aa-9e3f-46f55dbbea27\">Schwarzkreidegrube in Belm-Vehrte<\/a><\/p>\n\n\n\n<p class=\"has-small-font-size\" id=\"h2_title\"><a href=\"http:\/\/www.heimatkenner.de\/markers\/view\/4ee77af3-23ec-404a-ab91-45195dbbea27\">Sloopsteine in Belm-Haltern<\/a><\/p>\n<\/div>\n\n\n\n<div class=\"wp-block-column is-layout-flow wp-block-column-is-layout-flow\" style=\"flex-basis:50%\">\n<h2 class=\"wp-block-heading\" id=\"Belm-Geschichte\">Zur Geschichte<\/h2>\n\n\n\n<p class=\"has-small-font-size\"><strong>1050:<\/strong> Erw\u00e4hnung Vehrtes als &#8222;Fariti&#8220;<\/p>\n\n\n\n<p class=\"has-small-font-size\"><strong>1090: <\/strong>Erw\u00e4hnung Ickers als &#8222;Ickari&#8220;, Erw\u00e4hnung Astrups als &#8222;Asthorpa&#8220;. Edelherr Eberhard und sein Bruder Liudolf trugen einen gro\u00dfen Teil ihres Besitzes der Osnabr\u00fccker Kirche zu Lehn auf, u.a. die G\u00fcter Astrup.<\/p>\n\n\n\n<p class=\"has-small-font-size\"><strong>1190<\/strong>: Erw\u00e4hnung Belms als &#8222;Belehem&#8220;<\/p>\n\n\n\n<p class=\"has-small-font-size\"><strong>1224<\/strong>: Erw\u00e4hnung Belms als &#8222;Belhem&#8220;<\/p>\n\n\n\n<p class=\"has-small-font-size\"><strong>1230 &#8211; 1250: <\/strong>die jetzt noch stehende katholische Kirche wurde erbaut.<\/p>\n\n\n\n<p class=\"has-small-font-size\"><strong>1233<\/strong>: Erw\u00e4hnung Ickers als &#8222;Hichere&#8220;<\/p>\n\n\n\n<p class=\"has-small-font-size\"><strong>1250<\/strong>: Das Kirchspiel Belm hatte ca. 135 Bauernh\u00f6fe mit rund 800 Einwohnern.<\/p>\n\n\n\n<p class=\"has-small-font-size\"><strong>1254<\/strong>: Erw\u00e4hnung Vehrtes als &#8222;Verethe&#8220;<\/p>\n\n\n\n<p class=\"has-small-font-size\"><strong>1483<\/strong>: Erw\u00e4hnung Belms als &#8222;Belham&#8220;<\/p>\n\n\n\n<p class=\"has-small-font-size\"><strong>15. Jh.<\/strong>: Erbauung des Amtshauses des Vogtes an der Ecke Power Weg und Tie.<\/p>\n\n\n\n<p class=\"has-small-font-size\"><strong>1543<\/strong>: Einf\u00fchrung der Reformation durch Hermann Bonnus<\/p>\n\n\n\n<p class=\"has-small-font-size\"><strong>1624<\/strong>: Auch nach dem 30-j\u00e4hrigen Krieg blieb die Kirche St. Dionysus katholisch, auch trotz des Einflusses der Reformation, die insbesondere vom Haus Astrup ausging. Im Jahr 1624 predigte in der Kirche ein katholischer Pfarrer.<\/p>\n\n\n\n<p class=\"has-small-font-size\"><strong>1633<\/strong>: Das schwedische Hauptheer unter Herzog Georg von Calenberg-Grubenhagen nahm das Gut Astrup als Hauptquartier.<\/p>\n\n\n\n<p class=\"has-small-font-size\"><strong>1648<\/strong>: Seit dem Ende des 30j\u00e4hrigen Krieges wurde im Westf\u00e4lischen Frieden beschlossen, dass in einer Kirchengemeinde die Konfession gelten solle, zu der sich der Pastor im Jahr 1624 bekannt hatte. Pastor Hoetmar hatte sich zum katholischen Glauben bekannt, so dass der Kirchenbesitzt und die Pfarrstelle an die katholische Kirche ging, obwohl \u00fcber 90% der Bev\u00f6lkerung evangelisch war.<\/p>\n\n\n\n<p class=\"has-small-font-size\"><strong>1674<\/strong>: Erneuerung der Kapelle in Icker<\/p>\n\n\n\n<p class=\"has-small-font-size\"><strong>1803<\/strong>: Das franz\u00f6sische Heer besetzte Osnabr\u00fcck und seine Umgebung. Seit diesem Jahr durften die Evangelischen die katholische Kirche mitbenutzen.<\/p>\n\n\n\n<p class=\"has-small-font-size\"><strong>1812<\/strong>: Der erste evangelische Pfarrer wurde durch Napoleon I. von Moskau aus ernannt.<\/p>\n\n\n\n<p class=\"has-small-font-size\"><strong>1819<\/strong>: Fertigstellung der evangelischen Kirche.<\/p>\n\n\n\n<p class=\"has-small-font-size\"><strong>1838<\/strong>: K\u00f6nig Wilhelm IV. kam durch Vehrte.<\/p>\n\n\n\n<p class=\"has-small-font-size\"><strong>1848<\/strong>: Gr\u00fcndung des Landwirtschaftlichen Vereins Belm.<\/p>\n\n\n\n<p class=\"has-small-font-size\"><strong>1857<\/strong>: Hinrichtung von Beate Christina Niclaa\u00dfen auf dem Richtplatz in Belm wegen Brandstiftung und Raubmordes.<\/p>\n\n\n\n<p class=\"has-small-font-size\"><strong>1872<\/strong>: Einrichtung des Vehrter Bahnhofes<\/p>\n\n\n\n<p class=\"has-small-font-size\"><strong>1873<\/strong>: Gr\u00fcndung des Kriegervereins Belm<\/p>\n<\/div>\n\n\n\n<div class=\"wp-block-column is-layout-flow wp-block-column-is-layout-flow\" style=\"flex-basis:25%\">\n<figure class=\"wp-block-image\"><img decoding=\"async\" src=\"https:\/\/familienforschung-tecklenburger-land.de\/files\/Tecklenburger-Familienforschung\/OSNABRUECK\/Belm\/Belm-Wappen.jpg\" alt=\"\"\/><\/figure>\n\n\n\n<h3 class=\"wp-block-heading\">Bauerschaften:<\/h3>\n\n\n\n<p class=\"has-small-font-size\">Darum, Gretesch, Haltern, Icker, L\u00fcstringen, Powe, Vehrte, Wellingen<\/p>\n\n\n\n<h3 class=\"wp-block-heading\">Verwaltungszugeh\u00f6rigkeit:<\/h3>\n\n\n\n<ul class=\"wp-block-list\">\n<li class=\"has-small-font-size\">bis 1807: Amt Iburg \/ Vogtei Belm \/ Gogericht Osnabr\u00fcck \/ Archidiakonat Dechant zu St. Johann<\/li>\n\n\n\n<li class=\"has-small-font-size\">1808-1810: Departement Weser \/ Distrikt Osnabr\u00fcck \/ Canton Schledehausen<\/li>\n\n\n\n<li class=\"has-small-font-size\">1811-1813: Departement Ober-Ems \/ Arrondissemont Osnabr\u00fcck \/ Canton Osnabr\u00fcck \/ Mairie Belm<\/li>\n\n\n\n<li class=\"has-small-font-size\">1814: Amt Iburg \/ Vogtei Belm<\/li>\n\n\n\n<li class=\"has-small-font-size\">1814-1852: Amt Osnabr\u00fcck \/ Vogtei Belm<\/li>\n\n\n\n<li class=\"has-small-font-size\">1853-1884: Amt Schledehausen \/ Gogericht Osnabr\u00fcck<\/li>\n\n\n\n<li class=\"has-small-font-size\">ab 1885: Kreis Osnabr\u00fcck (Land) \/ Gogericht Osnabr\u00fcck<\/li>\n<\/ul>\n\n\n\n<p><img loading=\"lazy\" decoding=\"async\" src=\"https:\/\/familienforschung-tecklenburger-land.de\/files\/Tecklenburger-Familienforschung\/OSNABRUECK\/Belm\/Icker_01.jpg\" alt=\"\" width=\"230\" height=\"184\"><\/p>\n\n\n\n<p class=\"has-small-font-size\">Vor dem Gasthaus Gartmann in Icker<\/p>\n\n\n\n<p><img loading=\"lazy\" decoding=\"async\" src=\"https:\/\/familienforschung-tecklenburger-land.de\/files\/Tecklenburger-Familienforschung\/OSNABRUECK\/Belm\/Vehrte_2.jpg\" alt=\"\" width=\"230\" height=\"138\"><\/p>\n\n\n\n<p class=\"has-small-font-size\">Gasthaus Haarmann in Vehrte<\/p>\n<\/div>\n<\/div>\n\n\n\n<h2 class=\"wp-block-heading\" id=\"Belm-Weblinks\">Weblinks<\/h2>\n\n\n\n<div class=\"wp-block-columns is-layout-flex wp-container-core-columns-is-layout-9d6595d7 wp-block-columns-is-layout-flex\">\n<div class=\"wp-block-column is-layout-flow wp-block-column-is-layout-flow\" style=\"flex-basis:25%\">\n<p><img loading=\"lazy\" decoding=\"async\" src=\"https:\/\/familienforschung-tecklenburger-land.de\/files\/Tecklenburger-Familienforschung\/OSNABRUECK\/Belm\/Belm_03.jpg\" alt=\"\" width=\"230\" height=\"326\"><\/p>\n\n\n\n<p class=\"has-small-font-size\">Kriegerdenkmal<\/p>\n<\/div>\n\n\n\n<div class=\"wp-block-column is-layout-flow wp-block-column-is-layout-flow\" style=\"flex-basis:50%\">\n<p class=\"has-small-font-size\"><a href=\"http:\/\/www.belm.de\/staticsite\/staticsite.php?menuid=62&amp;topmenu=60&amp;keepmenu=inactive\">Sagen aus Belm<\/a><\/p>\n\n\n\n<p class=\"has-small-font-size\"><a href=\"http:\/\/www.belm.de\/index.php\">Gemeinde Belm<\/a><\/p>\n\n\n\n<p class=\"has-small-font-size\"><a href=\"http:\/\/de.wikipedia.org\/wiki\/Belm\">Wikipedia-Artikel \u00fcber Belm<\/a><\/p>\n\n\n\n<p class=\"has-small-font-size\">\u00dcber den <a href=\"http:\/\/www.stonepages.de\/db\/stone.php?rcrd=105&amp;menu=Osnabr%C3%BCck\">S\u00fcntelstein<\/a><\/p>\n\n\n\n<p class=\"has-small-font-size\"><a href=\"http:\/\/www.kath-kirche-belm.de\/stdiofuehrer\/stdionysius.html\">Pfarrkirche St.&nbsp;Dionysius in Belm<\/a><\/p>\n\n\n\n<p class=\"has-small-font-size\"><a href=\"http:\/\/www.belm.de\/pics\/medien\/1_1222874228\/Downloads.pdf\">Neub\u00fcrgerbrosch\u00fcre<\/a> Belm<\/p>\n\n\n\n<p class=\"has-small-font-size\"><a href=\"http:\/\/www.belmer-muehle.de\/\">Die Belmer M\u00fchle<\/a><\/p>\n\n\n\n<p class=\"has-small-font-size\"><a href=\"http:\/\/www.sus-vehrte.de\/\">Spiel- und Sport 1920 e.V. Vehrte<\/a><\/p>\n\n\n\n<p class=\"has-small-font-size\"><a href=\"http:\/\/www.hagerhof-vehrte.de\/html\/hager_hof.html\">Hager Hof in Vehrte<\/a><\/p>\n\n\n\n<h3 class=\"wp-block-heading\">Allgemeine Links:<\/h3>\n\n\n\n<p class=\"has-small-font-size\"><a href=\"http:\/\/wiki-de.genealogy.net\/Hauptseite\">GenWiki:<\/a> Ein Wiki f\u00fcr Ahnenforscher.<br><br><a href=\"http:\/\/www.fotoerbe.de\/\">Fotoerbe.de<\/a>: In welchen Archiven, Museen, Bibliotheken usw. sind historische Fotografien vorhanden? Hier findet man sie in einer riesigen Datenbank.<br><br><a href=\"http:\/\/www.kirchliche-archive.de\/\">Kirchliche Archive:<\/a> \u00dcbersicht \u00fcber die deutschen Kirchenbucharchive.<br><br><a href=\"http:\/\/christoph.stoepel.net\/geogen\/v3\/\">Geogen<\/a>: Auf dieser Seite kann man Landkarten \u00fcber die Verbreitung von Familiennamen in Deutschland erstellen lassen. Besonders auff\u00e4llige Konzentrationen k\u00f6nnen auf den Ursprungsort des Namens oder der Familie hindeuten.<br><a href=\"http:\/\/www.hbol.de\/\"><br>Heimatbund Osnabr\u00fccker Land:<\/a> Hier gibt es geschichtliches \u00fcber die verschiedenen Orte. Man findet auch viele Adressen und Infos \u00fcber Vereine usw.<\/p>\n<\/div>\n\n\n\n<div class=\"wp-block-column is-layout-flow wp-block-column-is-layout-flow\" style=\"flex-basis:25%\">\n<p><img loading=\"lazy\" decoding=\"async\" src=\"https:\/\/familienforschung-tecklenburger-land.de\/files\/Tecklenburger-Familienforschung\/OSNABRUECK\/Belm\/Belm_01.jpg\" alt=\"\" width=\"230\" height=\"129\"><\/p>\n\n\n\n<p class=\"has-small-font-size\">Schankwirtschaft Osterhues<\/p>\n\n\n\n<p><img loading=\"lazy\" decoding=\"async\" src=\"https:\/\/familienforschung-tecklenburger-land.de\/files\/Tecklenburger-Familienforschung\/OSNABRUECK\/Belm\/Icker_02.jpg\" alt=\"\" width=\"230\" height=\"270\"><\/p>\n\n\n\n<p class=\"has-small-font-size\">Die Kapelle in Icker<\/p>\n\n\n\n<p><img loading=\"lazy\" decoding=\"async\" src=\"https:\/\/familienforschung-tecklenburger-land.de\/files\/Tecklenburger-Familienforschung\/OSNABRUECK\/Belm\/Belm_02.jpg\" alt=\"\" width=\"230\" height=\"231\"><\/p>\n\n\n\n<p class=\"has-small-font-size\">Lindenstra\u00dfe<\/p>\n<\/div>\n<\/div>\n\n\n\n<h2 class=\"wp-block-heading\" id=\"Belm-Quellen\">Genealogische Quellen<\/h2>\n\n\n\n<div class=\"wp-block-columns is-layout-flex wp-container-core-columns-is-layout-9d6595d7 wp-block-columns-is-layout-flex\">\n<div class=\"wp-block-column is-layout-flow wp-block-column-is-layout-flow\" style=\"flex-basis:25%\">\n<h3 class=\"wp-block-heading\">Ortssippenbuch<\/h3>\n\n\n\n<p class=\"has-small-font-size\">Ortssippenbuch der Katholischen Kirchengemeinde Belm<\/p>\n\n\n\n<ul class=\"wp-block-list\">\n<li class=\"has-small-font-size\">Teil I <a href=\"http:\/\/wiki-de.genealogy.net\/Belm_%281%29,_OFB\">A &#8211; Meinert<\/a><\/li>\n\n\n\n<li class=\"has-small-font-size\">Teil II <a href=\"http:\/\/wiki-de.genealogy.net\/Belm_%282%29,_OFB\">Meinert &#8211; Z<\/a><\/li>\n<\/ul>\n\n\n\n<h3 class=\"wp-block-heading\">Evangelisch-lutherische Kirchenb\u00fccher:<\/h3>\n\n\n\n<p class=\"has-small-font-size\">Tauf- und Konfirmationsb\u00fccher ab 1810, Traub\u00fccher ab 1811, Sterbeb\u00fccher ab 1813<\/p>\n\n\n\n<p><img loading=\"lazy\" decoding=\"async\" src=\"https:\/\/familienforschung-tecklenburger-land.de\/files\/Tecklenburger-Familienforschung\/OSNABRUECK\/Belm\/Belm_04.jpg\" alt=\"\" width=\"230\" height=\"188\"><\/p>\n\n\n\n<p class=\"has-small-font-size\">Am M\u00fchlenteich<\/p>\n\n\n\n<p><img loading=\"lazy\" decoding=\"async\" src=\"https:\/\/familienforschung-tecklenburger-land.de\/files\/Tecklenburger-Familienforschung\/OSNABRUECK\/Belm\/Belm_05.jpg\" alt=\"\" width=\"230\" height=\"184\"><\/p>\n\n\n\n<p class=\"has-small-font-size\">Gastwirtschaft zur Post<\/p>\n\n\n\n<p><img loading=\"lazy\" decoding=\"async\" src=\"https:\/\/familienforschung-tecklenburger-land.de\/files\/Tecklenburger-Familienforschung\/OSNABRUECK\/Belm\/BELM-Bahnhof-Vehrte.jpg\" alt=\"\" width=\"230\" height=\"133\"><\/p>\n\n\n\n<p class=\"has-small-font-size\">Der Bahnhof in Vehrte<\/p>\n\n\n\n<p><img loading=\"lazy\" decoding=\"async\" src=\"https:\/\/familienforschung-tecklenburger-land.de\/files\/Tecklenburger-Familienforschung\/OSNABRUECK\/Belm\/BELM-Gasthof-Fraumann.jpg\" alt=\"\" width=\"230\" height=\"121\"><\/p>\n\n\n\n<p class=\"has-small-font-size\">Gasthof Fraumann<\/p>\n<\/div>\n\n\n\n<div class=\"wp-block-column is-layout-flow wp-block-column-is-layout-flow\" style=\"flex-basis:50%\">\n<h3 class=\"wp-block-heading\">Staatsarchiv Osnabr\u00fcck:<\/h3>\n\n\n\n<p class=\"has-small-font-size\">Rep 350 Osn Nr. 2408: Nervenfieberepidemie zu Belm sowie Blatternkrankheit im Dienstbezirk (1858 &#8211; 1859)<\/p>\n\n\n\n<p class=\"has-small-font-size\">Rep 956 II Nr. 476: Hypothekenbuch f\u00fcr Hausbesitzer des Kirchspiels Belm, Band I Gemeinden Belm, Darum, Gretesch, Haltern und Icker (1866 &#8211; 1885)<\/p>\n\n\n\n<p class=\"has-small-font-size\">Rep 956 II Nr. 477: Hypothekenbuch f\u00fcr Hausbesitzer des Kirchspiels Belm, Band II Gemeinden L\u00fcstringen, Powe, Vehrte und Wellingen (1866 &#8211; 1884)<\/p>\n\n\n\n<p class=\"has-small-font-size\">Rep 956 II Nr. 478: Hypothekenbuch f\u00fcr Nicht-Hausbesitzer des gesamten Kirchspiels Belm (1866 &#8211; 1885)<\/p>\n\n\n\n<p class=\"has-small-font-size\">Rep 563 Nr. 147: Rechnungen \u00fcber Monats- und Rauchschatz Enth\u00e4lt u.a.: Restantenverzeichnisse aus dem Amt Gr\u00f6nenberg sowie den Kirchspielen Belm, Wallenhorst und Bissendorf (1690 &#8211; 1757)<\/p>\n\n\n\n<p class=\"has-small-font-size\">Rep 360 Akz. 2010\/058 Nr. 1422: Erfassung der 1819 geborenen Milit\u00e4rpflichtigen Enth\u00e4lt u.a.: Liste der Milit\u00e4rpflichtigen in den Gemeinden Belm, Wallenhorst und Rulle (1839 &#8211; 1840)<\/p>\n\n\n\n<p class=\"has-small-font-size\">Rep 360 Akz. 2010\/058 Nr. 1419: Erfassung der 1811 geborenen Milit\u00e4rpflichtigen Enth\u00e4lt u.a.: Liste der Milit\u00e4rpflichtigen in den Gemeinden Belm, Wallenhorst und Rulle (1831 &#8211; 1832)<\/p>\n\n\n\n<p class=\"has-small-font-size\">Rep 350 Osn Nr. 2474: Brandassekuranzkataster des Kirchspiels Belm (1831 &#8211; 1843)<\/p>\n\n\n\n<p class=\"has-small-font-size\">Rep 350 Osn Nr. 2086: Heberegister \u00fcber die Rauchh\u00fchner aus den vier Stadtkirchspielen, den Kirchspielen Wallenhorst, Rulle, Bissendorf, Schledehausen und Belm und ihre Abl\u00f6sung (1864 &#8211; 1873)<\/p>\n\n\n\n<p class=\"has-small-font-size\">Rep 350 Osn Nr. 871: Hauptrolle der Personen-, Gewerbe-, Einkommens- und Besoldungssteuer f\u00fcr das Rechnungsjahr 1838\/39. Amt Osnabr\u00fcck, Ortschaft Belm (1837 &#8211; 1839)<\/p>\n\n\n\n<p class=\"has-small-font-size\">Rep 350 Osn Nr. 878: Steuerrolle, enthaltend die Gemeinden Belm, Darum, Gretesch, Haltern, L\u00fcstringen, Icker, Powe, Vehrte, Wellingen (1892 &#8211; 1893)<\/p>\n\n\n\n<p class=\"has-small-font-size\">Rep 350 Osn Nr. 741: Von Kolonaten verweigerte Zahlung von Beitr\u00e4gen zur Reparatur der Belmer Schule (1862 &#8211; 1863)<\/p>\n\n\n\n<p class=\"has-small-font-size\">Rep 350 Osn Nr. 564: Kirchen- und Armenrechnungen zu Belm (1867 &#8211; 1874)<\/p>\n\n\n\n<p class=\"has-small-font-size\">Rep 350 Osn Nr. 397: Kirchen- und Schulrechnungen \/ Armenrechnungen des Kirchspiels Belm (1874 &#8211; 1880)<\/p>\n\n\n\n<p class=\"has-small-font-size\">Rep 350 Ibg Nr. 4303 I: Verzeichnis der Holzgerichte (1580); Holzungsprotokolle zu &#8230;, des Meyerhofes zu Belm (1580 &#8211; 1769)<\/p>\n\n\n\n<p class=\"has-small-font-size\">Rep 350 Ibg Nr. 433 III: Von den V\u00f6gten j\u00e4hrlich eingesandte Listen der verbrauchten&nbsp; Rundefuhren. Enth\u00e4lt u. a.: Tabelle der Spann- und Handdienste: Kirchspiel Belm 1785<\/p>\n\n\n\n<p class=\"has-small-font-size\">Rep 350 Ibg Nr. 685: Lieferungen f\u00fcr preu\u00dfische Truppen. Enth\u00e4lt u. a.: Verzeichnisse der Eingesessenen in den Kirchspielen &#8230; Belm, die bis zu und \u00fcber 3 Scheffel Saatlandes besitzen (1806 &#8211; 1807)<\/p>\n\n\n\n<p class=\"has-small-font-size\">Dep 6 b Nr. 442: Enth\u00e4lt u.a.: Kontributions- und Schatzregister der Kirchspiele &#8230; Belm; Armen- und Restantenverzeichnisse der \u00c4mter Gr\u00f6nenberg, Wittlage und Iburg (1631 &#8211; 1650)<\/p>\n\n\n\n<p class=\"has-small-font-size\">Rep 100 Abschnitt 203, Nr. 41: Brandversicherungsregister des Amts Iburg &#8211; Obervogtei Osnabr\u00fcck, Kirchspiele Belm, Rulle und Wallenhorst (1780 &#8211; 1808)<\/p>\n\n\n\n<p class=\"has-small-font-size\">Rep 100 Abschnitt 88, Nr. 24: Schatz- und Kontributionsregister der \u00c4mter Gr\u00f6nenberg, Iburg und Wittlage (1628 &#8211; 1634)<\/p>\n\n\n\n<p class=\"has-small-font-size\">Rep 100 Abschnitt 88, Nr. 168 Bd. 2: Monats- und Rauchschatzregister des Amts Iburg (mit Nachtr\u00e4gen bis ca. 1800) Enth\u00e4lt: Kirchspiele &#8230;, Belm (1773 &#8211; 1775)<\/p>\n\n\n\n<p class=\"has-small-font-size\">Rep 100 Abschnitt 88, Nr. 183: Kommissionsakten zur Untersuchung des Schatzwesens, insbesondere der freien G\u00fcter und verschiedener Exemtionen &#8211; Osnabr\u00fccker Stadtkirchspiele und Kirchspiel Belm. Enth\u00e4lt u.a.: Berichte mit \u00e4lteren Anlagen im Original oder in Abschrift; Beschreibung des Kirchspiels Belm (1773 &#8211; 1779)<\/p>\n\n\n\n<p class=\"has-small-font-size\">Rep 110 I Nr. 454: Verpachtung der M\u00fchlen in Belm, bei Quakenbr\u00fcck und Melle, des Vorwerks zu Iburg, des Zehnten zu F\u00fcrstenau sowie der H\u00e4user Scheventorf und Schleppenburg (1675 &#8211; 1697)<\/p>\n\n\n\n<p class=\"has-small-font-size\">Rep 110 II Nr. 409: Ausschreibung der Erbpacht an den M\u00fchlen in Belm und Venne (1775 &#8211; 1777)<\/p>\n\n\n\n<p class=\"has-small-font-size\">Rep 150 Ibg Nr. 4: Lagerbuch (Konskriptionsregister) \u00fcber die Mark- und &#8222;Wink\u00f6tter&#8220; im Amt Iburg, mit \u00e4lteren Nachrichten und Fortschreibung der Besitzer Enth\u00e4lt: Osnabr\u00fccker Stadtkirchspiele; Kirchspiele &#8230; und Belm (1710 &#8211; 1759)<\/p>\n\n\n\n<p class=\"has-small-font-size\">Rep 320 Nr. 238: Steuerquittungen f\u00fcr die Kirchspiele Belm, Rulle und Wallenhorst f\u00fcr das Jahr 1814<\/p>\n\n\n\n<h3 class=\"wp-block-heading\">Zivilstandsregister im Staatsarchiv Osnabr\u00fcck<\/h3>\n\n\n\n<p class=\"has-small-font-size\">OS Rep 492 Nr. 4865: Geburtenregister 01.01.1876 &#8211; 31.12.1876<br>OS Rep 492 Nr. 4866: Geburtenregister 01.01.1877 &#8211; 31.12.1877<br>OS Rep 492 Nr. 4867: Geburtenregister 01.01.1878 &#8211; 31.12.1878<br>OS Rep 492 Nr. 4868: Geburtenregister 01.01.1879 &#8211; 31.12.1879<br>OS Rep 492 Nr. 4869: Geburtenregister 01.01.1880 &#8211; 31.12.1880<br>OS Rep 492 Nr. 4870: Geburtenregister 01.01.1881 &#8211; 31.12.1881<br>OS Rep 492 Nr. 4871: Geburtenregister 01.01.1882 &#8211; 31.12.1882<br>OS Rep 492 Nr. 4872: Geburtenregister 01.10.1874 &#8211; 31.12.1874<br>OS Rep 492 Nr. 4873: Geburtenregister 01.01.1883 &#8211; 31.12.1883<br>OS Rep 492 Nr. 4874: Geburtenregister 01.01.1884 &#8211; 31.12.1884<br>OS Rep 492 Nr. 4875: Geburtenregister 01.01.1885 &#8211; 31.12.1885<br>OS Rep 492 Nr. 4876: Geburtenregister 01.01.1886 &#8211; 31.12.1886<br>OS Rep 492 Nr. 4877: Geburtenregister 01.01.1887 &#8211; 31.12.1887<br>OS Rep 492 Nr. 4878: Geburtenregister 01.01.1888 &#8211; 31.12.1888<br>OS Rep 492 Nr. 4879: Geburtenregister 01.01.1889 &#8211; 31.12.1889<br>OS Rep 492 Nr. 4880: Geburtenregister 01.01.1890 &#8211; 31.12.1890<br>OS Rep 492 Nr. 4881: Geburtenregister 01.01.1891 &#8211; 31.12.1891<br>OS Rep 492 Nr. 4882: Geburtenregister 01.01.1892 &#8211; 31.12.1892<br>OS Rep 492 Nr. 4883: Geburtenregister 01.01.1875 &#8211; 31.12.1875<br>OS Rep 492 Nr. 4884: Geburtenregister 01.01.1893 &#8211; 31.12.1893<br>OS Rep 492 Nr. 4885: Geburtenregister 01.01.1894 &#8211; 31.12.1894<br>OS Rep 492 Nr. 4886: Geburtenregister 01.01.1895 &#8211; 31.12.1895<br>OS Rep 492 Nr. 4887: Geburtenregister 01.01.1896 &#8211; 31.12.1896<br>OS Rep 492 Nr. 4888: Geburtenregister 01.01.1897 &#8211; 31.12.1899<\/p>\n\n\n\n<p class=\"has-small-font-size\">OS Rep 492 Nr. 4889: Heiratsregister 01.10.1874 &#8211; 31.12.1874<br>OS Rep 492 Nr. 4890: Heiratsregister 01.01.1875 &#8211; 31.12.1875<br>OS Rep 492 Nr. 4891: Heiratsregister 01.01.1876 &#8211; 31.12.1876<br>OS Rep 492 Nr. 4892: Heiratsregister 01.01.1877 &#8211; 31.12.1877<br>OS Rep 492 Nr. 4893: Heiratsregister 01.01.1878 &#8211; 31.12.1878<br>OS Rep 492 Nr. 4894: Heiratsregister 01.01.1879 &#8211; 31.12.1879<br>OS Rep 492 Nr. 4895: Heiratsregister 01.01.1880 &#8211; 31.12.1880<br>OS Rep 492 Nr. 4896: Heiratsregister 01.01.1881 &#8211; 31.12.1881<br>OS Rep 492 Nr. 4897: Heiratsregister 01.01.1882 &#8211; 31.12.1882<br>OS Rep 492 Nr. 4898: Heiratsregister 01.01.1883 &#8211; 31.12.1883<br>OS Rep 492 Nr. 4899: Heiratsregister 01.01.1884 &#8211; 31.12.1884<br>OS Rep 492 Nr. 4900: Heiratsregister 01.01.1885 &#8211; 31.12.1885<br>OS Rep 492 Nr. 4901: Heiratsregister 01.01.1886 &#8211; 31.12.1886<br>OS Rep 492 Nr. 4902: Heiratsregister 01.01.1887 &#8211; 31.12.1887<br>OS Rep 492 Nr. 4903: Heiratsregister 01.01.1888 &#8211; 31.12.1888<br>OS Rep 492 Nr. 4904: Heiratsregister 01.01.1889 &#8211; 31.12.1889<br>OS Rep 492 Nr. 4905: Heiratsregister 01.01.1890 &#8211; 31.12.1890<br>OS Rep 492 Nr. 4906: Heiratsregister 01.01.1891 &#8211; 31.12.1891<br>OS Rep 492 Nr. 4907: Heiratsregister 01.01.1892 &#8211; 11.12.1882<br>OS Rep 492 Nr. 4908: Heiratsregister 12.12.1892 &#8211; 31.12.1892<br>OS Rep 492 Nr. 4909: Heiratsregister 01.01.1893 &#8211; 31.12.1893<br>OS Rep 492 Nr. 4910: Heiratsregister 01.01.1894 &#8211; 31.12.1894<br>OS Rep 492 Nr. 4911: Heiratsregister 01.01.1895 &#8211; 31.12.1895<br>OS Rep 492 Nr. 4912: Heiratsregister 01.01.1896 &#8211; 31.12.1896<br>OS Rep 492 Nr. 4913: Heiratsregister 01.01.1897 &#8211; 31.12.1899<br>OS Rep 492 Nr. 4914: Heiratsregister 01.01.1900 &#8211; 31.12.1904<\/p>\n\n\n\n<p class=\"has-small-font-size\">OS Rep 492 Nr. 4919: Sterberegister 01.01.1874 &#8211; 31.12.1874<br>OS Rep 492 Nr. 4920: Sterberegister 01.01.1875 &#8211; 31.12.1875<br>OS Rep 492 Nr. 4921: Sterberegister 01.01.1876 &#8211; 31.12.1876<br>OS Rep 492 Nr. 4922: Sterberegister 01.01.1877 &#8211; 31.12.1877<br>OS Rep 492 Nr. 4923: Sterberegister 01.01.1878 &#8211; 31.12.1878<br>OS Rep 492 Nr. 4924: Sterberegister 01.01.1879 &#8211; 31.12.1879<br>OS Rep 492 Nr. 4925: Sterberegister 01.01.1880 &#8211; 31.12.1880<br>OS Rep 492 Nr. 4926: Sterberegister 01.01.1881 &#8211; 31.12.1881<br>OS Rep 492 Nr. 4927: Sterberegister 01.01.1882 &#8211; 31.12.1882<br>OS Rep 492 Nr. 4928: Sterberegister 01.01.1883 &#8211; 31.12.1883<br>OS Rep 492 Nr. 4929: Sterberegister 01.01.1884 &#8211; 31.12.1884<br>OS Rep 492 Nr. 4930: Sterberegister 01.01.1885 &#8211; 31.12.1885<br>OS Rep 492 Nr. 4931: Sterberegister 01.01.1886 &#8211; 31.12.1886<br>OS Rep 492 Nr. 4932: Sterberegister 01.01.1887 &#8211; 31.12.1887<br>OS Rep 492 Nr. 4933: Sterberegister 01.01.1888 &#8211; 31.12.1888<br>OS Rep 492 Nr. 4934: Sterberegister 01.01.1889 &#8211; 31.12.1889<br>OS Rep 492 Nr. 4935: Sterberegister 01.01.1890 &#8211; 31.12.1890<br>OS Rep 492 Nr. 4936: Sterberegister 01.01.1891 &#8211; 31.12.1891<br>OS Rep 492 Nr. 4937: Sterberegister 01.01.1892 &#8211; 31.12.1892<br>OS Rep 492 Nr. 4938: Sterberegister 01.01.1893 &#8211; 31.12.1893<br>OS Rep 492 Nr. 4939: Sterberegister 01.01.1894 &#8211; 31.12.1894<br>OS Rep 492 Nr. 4940: Sterberegister 01.01.1895 &#8211; 31.12.1895<br>OS Rep 492 Nr. 4941: Sterberegister 01.01.1896 &#8211; 31.12.1896<br>OS Rep 492 Nr. 4942: Sterberegister 01.01.1897 &#8211; 31.12.1899<br>OS Rep 492 Nr. 4943: Sterberegister 01.01.1900 &#8211; 31.12.1904<\/p>\n\n\n\n<p class=\"has-small-font-size\">Konferenzraum Belm, G, Nr. 1: Namensverzeichnis zum Geburtenregister des Standesamts Belm (1874 &#8211; 1899)<\/p>\n\n\n\n<p class=\"has-small-font-size\">Konferenzraum Belm, H, Nr. 2: Namensverzeichnis zum Heiratsregister des Standesamts Belm (1874 &#8211; 1919)<\/p>\n\n\n\n<p class=\"has-small-font-size\">Konferenzraum Belm, S, Nr. 4: Namensverzeichnis zum Sterberegister des Standesamts Belm (1874 &#8211; 1919)<\/p>\n<\/div>\n\n\n\n<div class=\"wp-block-column is-layout-flow wp-block-column-is-layout-flow\" style=\"flex-basis:25%\">\n<h3 class=\"wp-block-heading\">Matricula Online<\/h3>\n\n\n\n<p class=\"has-small-font-size\">Kirchenb\u00fccher online einsehbar:<\/p>\n\n\n\n<p class=\"has-small-font-size\"><a href=\"https:\/\/data.matricula-online.eu\/de\/deutschland\/osnabrueck\/belm-st-dionysius\/\">Belm St. Dionysius und St. Josef<\/a><\/p>\n\n\n\n<p class=\"has-small-font-size\"><a href=\"https:\/\/data.matricula-online.eu\/de\/deutschland\/osnabrueck\/icker-schmerzhafte-mutter\/\">Icker Schmerzhafte Mutter<\/a><\/p>\n\n\n\n<h3 class=\"wp-block-heading\">Archive:<\/h3>\n\n\n\n<p class=\"has-small-font-size\"><strong><a href=\"http:\/\/www.bistum-osnabrueck.de\/kultur\/dioezesanarchiv.html\">Di\u00f6zesanarchiv in Osnabr\u00fcck<\/a><\/strong><br>Gro\u00dfe Domsfreiheit 10<br>49074 Osnabr\u00fcck<br>Anmeldung erforderlich:<br>Telefon: 0541\/318-416<br>(<a href=\"mailto:kulturundarchiv@bistum-os.de\">Maria Rehnen<\/a>)<br>\u00d6ffnungszeiten f\u00fcr Familienforschung: mittwochs von 8.00 \u2013 12.30 Uhr und 13.30 bis 18.00 sowie auf Anfrage<br><br><a href=\"http:\/\/www.kirchenkreis-osnabrueck.de\/kirchenkreis\/kirchenamt.html\">Ev.-luth. Kirchenbuchamt Osnabr\u00fcck<\/a><br>Eversburger Str. 32<br>49090 Osnabr\u00fcck<br>Anmeldung erforderlich:<br><a href=\"mailto:linda.klingspohn@evlka.de\">Linda Klingspohn<\/a><br>T: 0541 \/ 94049-435<br>Das Kirchenbuchamt ist Di u. Do von 8:30 Uhr bis 13:30 Uhr ge\u00f6ffnet.<br><br>Die <strong>Standesamtsregister<\/strong><em>(ab 1874 &#8211; gesch\u00fctzt sind die Geburtsregister der letzten 110 Jahre, Heiratsregister der letzten 80 Jahre und Sterberegister der letzten 30 Jahre)<\/em> finden Sie im <a rel=\"noreferrer noopener\" href=\"http:\/\/www.nla.niedersachsen.de\/landesarchiv\/gliederung\/standort_osnabrueck\/standort-osnabrueck-85969.html\" target=\"_blank\">Staatsarchiv Osnabr\u00fcck<\/a>, Schlo\u00dfstr.29, 49074 Osnabr\u00fcck,<br>Tel.: 0541\/33162-0.<br><br><strong><a href=\"http:\/\/www.kgverband-meppen.de\/familienforschung.html\">Katholische Familienforschungsstelle in Meppen<\/a><\/strong><br>Haus d. Sozialen Dienste, Domhof 18, 49716 Meppen<br><strong>Anmeldung erforderlich:<\/strong><br>Kath. Propsteigemeinde St. Vitus, Kuhstra\u00dfe 44, 49716 Meppen<br>Telefon: 0 59 31\/1 24 44 \/ Telefax: 0 59 31\/97 03 44, <a href=\"mailto:fam.archive@kgverband-meppen.de\">E-Mail<\/a><br><strong>\u00d6ffnungszeiten f\u00fcr Familienforscher: <\/strong>Do &amp; Fr 8.30 \u2013 12.30 Uhr und 13.30 \u2013 16.00 Uhr<br>sowie an jedem ersten Samstag eines Monats von 8.30 \u2013 12.30 Uhr<br>und an jedem Freitag vor dem ersten Samstag eines Monats von 8.30 \u2013 12.30 Uhr und 13.30 \u2013 18.00 Uhr<br><br><strong>LAV Staats- und Personenstandsarchiv Detmold<\/strong><br>Willi-Hofmann-Stra\u00dfe 2, 32756 Detmold<br>Tel.: 05231\/7660<br>www.archive.nrw.de<br><br><strong>Vereinigte Westf\u00e4lische Adelsarchive e.V.<\/strong><br>Jahnstr. 26, 48147 M\u00fcnster<br>Tel.: 0251-5913890<br>adelsarchive@lwl.org<\/p>\n<\/div>\n<\/div>\n\n\n\n<h2 class=\"wp-block-heading\" id=\"Belm-Karten\">Karten und Pl\u00e4ne<\/h2>\n\n\n\n<div class=\"wp-block-columns is-layout-flex wp-container-core-columns-is-layout-9d6595d7 wp-block-columns-is-layout-flex\">\n<div class=\"wp-block-column is-layout-flow wp-block-column-is-layout-flow\" style=\"flex-basis:25%\"><\/div>\n\n\n\n<div class=\"wp-block-column is-layout-flow wp-block-column-is-layout-flow\" style=\"flex-basis:50%\">\n<h3 class=\"wp-block-heading\">Karten und Pl\u00e4ne im Staatsarchiv Osnabr\u00fcck:<\/h3>\n\n\n\n<p class=\"has-small-font-size\"><strong>K 100 Nr. 1 H (R) IV: Landesaufnahme des F\u00fcrstbistums Osnabr\u00fcck (1784)<\/strong><\/p>\n\n\n\n<ul class=\"wp-block-list\">\n<li class=\"has-small-font-size\">Bl. 5 a &#8211; b: Kirchspiel: Belm, Feldmark: Icker, Ortschaft: Icker<\/li>\n\n\n\n<li class=\"has-small-font-size\">Bl. 6 a &#8211; c: Kirchspiel: Belm, Feldmarken: Powe, Vehrte, Ortschaften: Powe, Vehrte<\/li>\n\n\n\n<li class=\"has-small-font-size\">Bl. 7: Kirchspiel: Belm, Feldmark: Belm, Ortschaft: Belm<\/li>\n<\/ul>\n\n\n\n<p class=\"has-small-font-size\"><strong>K Akz. 52\/1999 Nr. 134 H &amp; 135 H:<\/strong><br><strong>Karte von der Belmer Mark (1831 &#8211; 1834)<\/strong><br>Reviere: Sundern, Haide, Westerteich, Heuelplacke,<br>Buchenbrink, Auf der Sand- und Lehmkuhle, Ansch\u00fcsse vor den<br>Bruchwiesen bei Meyers Dickkotten und bei der Schule<\/p>\n\n\n\n<p class=\"has-small-font-size\"><strong>Rep 100 a bzw. K 100 Nr. 1 H IV, V:\u00a0\u00a0 \u00a0<\/strong><br>Landesvermessung: Vermess- und Schatzungsregister bzw. Karten (Einzelsignaturen siehe Findbuch)<br>3. Lieferung: u.a. Belm (1784 &#8211; 1791)<\/p>\n<\/div>\n\n\n\n<div class=\"wp-block-column is-layout-flow wp-block-column-is-layout-flow\" style=\"flex-basis:25%\">\n<p><img loading=\"lazy\" decoding=\"async\" src=\"https:\/\/familienforschung-tecklenburger-land.de\/files\/Tecklenburger-Familienforschung\/OSNABRUECK\/Belm\/BELM-Kirche-Icker.jpg\" alt=\"\" width=\"230\" height=\"244\"><\/p>\n\n\n\n<p class=\"has-small-font-size\">Katholische Kirche in Icker<\/p>\n<\/div>\n<\/div>\n\n\n\n<h2 class=\"wp-block-heading\" id=\"Belm-Fundstuecke\">Fundst\u00fccke<\/h2>\n\n\n\n<div class=\"wp-block-columns is-layout-flex wp-container-core-columns-is-layout-9d6595d7 wp-block-columns-is-layout-flex\">\n<div class=\"wp-block-column is-layout-flow wp-block-column-is-layout-flow\" style=\"flex-basis:25%\">\n<h3 class=\"wp-block-heading\">Staatsarchiv Oldenburg:<\/h3>\n\n\n\n<p class=\"has-small-font-size\">Best. 272-17 Nr. 1006: Die Marquart-Stelle in Icker bei Belm (1733 &#8211; 1744)<\/p>\n\n\n\n<p><img loading=\"lazy\" decoding=\"async\" src=\"https:\/\/familienforschung-tecklenburger-land.de\/files\/Tecklenburger-Familienforschung\/OSNABRUECK\/Belm\/BELM-zur-Post.jpg\" alt=\"\" width=\"230\" height=\"191\"><\/p>\n\n\n\n<p class=\"has-small-font-size\">Gasthof zur Post<\/p>\n\n\n\n<h3 class=\"wp-block-heading\">Maria Elisabeth Wilcker:<\/h3>\n\n\n\n<figure class=\"wp-block-image\"><img decoding=\"async\" src=\"https:\/\/familienforschung-tecklenburger-land.de\/files\/Tecklenburger-Familienforschung\/OSNABRUECK\/Osnabrueckische-Anzeigen-Ueberschrift.jpg\" alt=\"\"\/><\/figure>\n\n\n\n<p class=\"has-small-font-size\">1.3.1827: Maria Elisabeth Wilcker wurde aufgegriffen wegen Bettelei und dem K\u00f6nigl. Amte \u00fcberantwortet (K\u00f6nigl. Policei-Direction zu Osnabr\u00fcck, gez. Thorbecke 132)<\/p>\n\n\n\n<p class=\"has-small-font-size\"><em>Quelle: Osnabr\u00fcckische Anzeigen von allerhand Sachen deren Bekanntmachung dem gemeinen Wesen n\u00f6thig und n\u00fctzlich ist vom Jahre 1827. Ki\u00dflingsche Druckerei, Osnabr\u00fcck<\/em><\/p>\n<\/div>\n\n\n\n<div class=\"wp-block-column is-layout-flow wp-block-column-is-layout-flow\" style=\"flex-basis:50%\">\n<h3 class=\"wp-block-heading\">Staatsarchiv Osnabr\u00fcck:<\/h3>\n\n\n\n<p class=\"has-small-font-size\">Rep 335 Nr. 3488 Bd. 1 &#8211; 2: Gewerbliche Anlagen im Amts- und Stadtbezirk Osnabr\u00fcck: Ziegelei des Postverwalters Meyer auf dem Gut Astrup im Kirchspiel Belm (1816 &#8211; 1870)<\/p>\n\n\n\n<p class=\"has-small-font-size\">Dep 3 b VI Nr. 191: Marie Engel F\u00e4nger aus Powe .\/. Carl Degener aus Belm, wegen Eheversprechens (1829 &#8211; 1832)<\/p>\n\n\n\n<p class=\"has-small-font-size\">Dep 3 b VI Nr. 365: Georg Wilhelm Vincke, Osnabr\u00fcck .\/. Louise K\u00fcstering aus Belm, wegen Eheversprechens (1823 &#8211; 1826)<\/p>\n\n\n\n<p class=\"has-small-font-size\">Erw B 4 Nr. 243: Von Spiegelsche Angelegenheiten, bes. Prozess gegen Meyer zu Belm (1691 &#8211; 1819)<\/p>\n\n\n\n<p class=\"has-small-font-size\">Rep 110 I Nr. 266: Korrespondenz mit den Osnabr\u00fccker R\u00e4ten \u00fcber Appellationen und Beschwerden in Zivilsachen, teilweise mit Eingaben und Vorakten. Enth\u00e4lt u.a.: Verpf\u00e4ndung des Meierhofes und des Hofes Meckinghaus in Belm an Nikolaus von Bar (1680 &#8211; 1691)<\/p>\n\n\n\n<p class=\"has-small-font-size\">Rep 350 Osn Nr. 562: Abl\u00f6sung der Kolonen Wiesehahn, Schwarze und Meyer zu Icker von den Lasten der lutherischen Kirche zu Belm (1858 &#8211; 1859)<\/p>\n\n\n\n<p class=\"has-small-font-size\">Rep 350 Osn Nr. 684: Ermittlungen gegen den Lehrer Kn\u00f6bber zu Belm \/ Icker wegen Trunkenheit in der \u00d6ffentlichkeit (1880 &#8211; 1894)<\/p>\n\n\n\n<p class=\"has-small-font-size\">Rep 350 Osn Nr. 1004: Beeintr\u00e4chtigung des durch das Dorf Belm f\u00fchrenden Gemeindeweges seitens des Kolonen Osterhues zu Powe und entsprechende Verhandlungen. Einziehung der ergangenen Prozesskosten (1866 &#8211; 1867)<\/p>\n\n\n\n<p class=\"has-small-font-size\">Rep 350 Osn Nr. 2217: Beschwerde des M\u00fchlen-Erbp\u00e4chters Kunert zu Astrup, Kirchspiel Belm wider die Kolonen Kasting, Eilert und L\u00fcbker zu Haltern wegen Verbreiterung eines M\u00fchlenweges von Haren nach der Voxtruper M\u00fchle (1841 &#8211; 1842)<\/p>\n\n\n\n<p class=\"has-small-font-size\">Rep 430 Dez 400 Nr. 1285: L\u00f6ffler, Johann, geb. 03.10.1840, Volksschullehrer, Belm (1862 &#8211; 1906)<\/p>\n\n\n\n<p class=\"has-small-font-size\">Rep 556 Nr. 1173: Zulassung der Margarethe Dreier aus Belm auf das Billen-Erbe zu Aschendorf (1824 &#8211; 1859)<\/p>\n\n\n\n<p class=\"has-small-font-size\">Rep 924 I Nr. 334: Testament des Steuereinnehmers C.D. Buddendieck, Belm (1837 &#8211; 1838)<\/p>\n\n\n\n<h3 class=\"wp-block-heading\">Landesarchiv NRW Abteilung Westfalen<\/h3>\n\n\n\n<p class=\"has-small-font-size\"><strong>A 136 I Kloster Gravenhorst &#8211; Urkunden, Nr. 174<\/strong><br>15. Dezember 1498: B\u00fcrgermeister, Sch\u00f6ffen und Rat des Wigboldes Bevergern (Beuergerne) bekunden, da\u00df vor ihrem Gerichte Godert Wolters, Pastor der Kirche zu Belm (Belem), gelegen im Stift Osnabr\u00fcck, dem Hermann Wolters und seiner Frau Hilken eine Wiese verkauft habe. Diese liege im Heenbroke bei Haghemans Haus. Sie ist frei und unbelastet. Der Pastor l\u00e4\u00dft die Wiese auf und verspricht W\u00e4hrschaft.<\/p>\n\n\n\n<p class=\"has-small-font-size\"><strong>A 190,2 Grafschaft Tecklenburg &#8211; Freibriefe, Nr. 20<\/strong><br>Freilassung des Johann Heinrich (Hendrik) Str\u00fcve, Sohn des Adam Str\u00fcve und seiner Frau Catharina aus Haltern, Kirchspiel Belm, durch das Domkapitel zu Osnabr\u00fcck<\/p>\n\n\n\n<p class=\"has-small-font-size\"><strong>Tat.Uk &#8211; Archiv Tatenhausen, Urkunden, Nr. 4<\/strong><br>20. Oktober 1387: Dyderich, Bischof von Osnabr\u00fcck, belehnt Herman Korf, Sohn des Ritters Hinrich Korff, und dessen Frau Sophie sowie ihre Erben wegen der Verdienste, die sich Herman um das Stift erworben hat, mit dem Stenhus und Tygmans hus geheten to Lusteringen in der Bauerschaft L\u00fcstringen im Kirchspiel Belm (Belhem) und Henken hus ton Zuthove in der Bauerschaft Achmer (Achghenburen) im Kirchspiel Bramsche samt den zugeh\u00f6rigen Leuten in Dienstmannstatt. Siegelank\u00fcndigung des Ausstellers.<\/p>\n<\/div>\n\n\n\n<div class=\"wp-block-column is-layout-flow wp-block-column-is-layout-flow\" style=\"flex-basis:25%\">\n<p><img loading=\"lazy\" decoding=\"async\" src=\"https:\/\/familienforschung-tecklenburger-land.de\/files\/Tecklenburger-Familienforschung\/OSNABRUECK\/Belm\/Belm_06.jpg\" alt=\"\" width=\"230\" height=\"156\"><\/p>\n\n\n\n<p class=\"has-small-font-size\">Gastwirtschaft Sch\u00e4per<\/p>\n\n\n\n<h3 class=\"wp-block-heading\">Vereinigte Westf\u00e4lische Adelsarchive:<\/h3>\n\n\n\n<p class=\"has-small-font-size\"><strong>Archiv Tatenhausen, Urkunden, Nr. 133:<\/strong><br><strong>13. Februar 1576:<\/strong> Vor Jurgen Ribbe, Richter der Neustadt Osnabr\u00fcck, erscheint Anna Smisingk, Witwe des Drosten Asschen von Langen, mit Herrn Johan Smisingk, Domdechant zu Osnabr\u00fcck, der zusammen mit Johan von Langen, Drost zu Schauenburg, Clawes van Langen zu Hasel\u00fcnne und Hinrich Smisingk zu Tatenhausen die Vormundschaft \u00fcber sie und ihre Kinder f\u00fchrt, und erkl\u00e4rt, da\u00df der genannte Hinrich Smisingk zu Tatenhausen f\u00fcr sie gegen\u00fcber dem Obersten Christoffer von Wriszborgk und dem Jasper Schele als Vorm\u00fcndern der Kinder des + Boldewin von Knehem B\u00fcrge geworden ist wegen eines Kapitals von 500 Talern, f\u00fcr das die Witwe eine Rente von 30 Talern aus ihren und ihrer Kinder Erben Wulves zu Darum (Dornum), Vosz zu L\u00fcstringen (Lusteringen) im Kirchspiel Belm (Belhem) und Amt Iburg verschrieben hat, da\u00df er weiterhin auch in einem f\u00fcr die Witwe vom Bussche ausgestellten Rentbrief \u00fcber 500 Taler, f\u00fcr die eine Rente von 30 Talern aus den Erben Johan Marqwardtz in der Bauerschaft Allendorf (Oldendorpe) im Kirchspiel Borgloh und Jurgen Dreiers in der Bauerschaft Wellingen im Kirchspiel Belm zu zahlen ist, f\u00fcr sie geb\u00fcrgt hat. Die Witwe von Langen verspricht, den Hinrich Smisingk wegen dieser B\u00fcrgschaften schadlos zu halten. Der Richter, der Domdechant, Johan von Langen und Clawes van Langen siegeln. Die letzteren drei und die Witwe unterschreiben.<br>Zeugen: Bernhardus Bremer, Ludolph Gresell und Conradt Glandorp zu Osnabr\u00fcck.<\/p>\n<\/div>\n<\/div>\n\n\n\n<h2 class=\"wp-block-heading\" id=\"Belm-Auswanderer\">Auswanderer<\/h2>\n\n\n\n<div class=\"wp-block-columns is-layout-flex wp-container-core-columns-is-layout-9d6595d7 wp-block-columns-is-layout-flex\">\n<div class=\"wp-block-column is-layout-flow wp-block-column-is-layout-flow\" style=\"flex-basis:25%\"><\/div>\n\n\n\n<div class=\"wp-block-column is-layout-flow wp-block-column-is-layout-flow\" style=\"flex-basis:50%\">\n<h3 class=\"wp-block-heading\" id=\"-Fundstuecke\">Belmer in den Niederlanden<\/h3>\n\n\n\n<p class=\"has-small-font-size\"><strong>Wir bieten umfangreiche <a href=\"https:\/\/familienforschung-tecklenburger-land.de\/index.php?id=991\">Personenlisten zum Herunterladen<\/a> an:<\/strong><\/p>\n\n\n\n<ul class=\"wp-block-list\">\n<li class=\"has-small-font-size\"><a href=\"https:\/\/familienforschung-tecklenburger-land.de\/index.php?id=991\"><strong>Personen in niederl\u00e4ndischen Lidmatenregistern<\/strong><\/a>; aus Belm z.B. Hackman, Gerrit Hendrik; Hespe, Adam; Negengerdts, Maria Margaretha; Rotert, Claas Welmer; Schwanighaus, Frans Wilhelm; Vellman, Christiaan Henrich; Vrenning, Christian Wilhelm; Bruggeman, Bals Adam; &#8230;<\/li>\n\n\n\n<li class=\"has-small-font-size\"><a href=\"https:\/\/familienforschung-tecklenburger-land.de\/index.php?id=991\"><strong>Personen, die in der VOC gedient haben<\/strong><\/a>; aus Belm z.B. Frans Gesker, Johan Meijer, Hendrik van Dijck, Balthasar Borte<\/li>\n\n\n\n<li class=\"has-small-font-size\"><a href=\"https:\/\/familienforschung-tecklenburger-land.de\/index.php?id=991\"><strong>Heiraten in den Niederlanden<\/strong><\/a>; mit Personen aus Belm z.B. Bauta, Johan Heinrich; Bettenbroeck, Johannes Eberhardus; Grimmedahl, Elise Wilhelmine; L\u00fcpker, Evert Hindriks; Lupker, Johannes Wilhelmus; Mehring, Franz Heinrich; Meijer, Johann Heinrich; Mittendorf, Johan Everhard; Mollenbrok, Johannes Frederik; Rothert, Adam Heinrich; Sollman, Joannes Fredericus<\/li>\n<\/ul>\n<\/div>\n\n\n\n<div class=\"wp-block-column is-layout-flow wp-block-column-is-layout-flow\" style=\"flex-basis:25%\">\n<p><img loading=\"lazy\" decoding=\"async\" src=\"https:\/\/familienforschung-tecklenburger-land.de\/files\/Tecklenburger-Familienforschung\/OSNABRUECK\/Belm\/Belm_08.jpg\" alt=\"\" width=\"230\" height=\"141\"><\/p>\n\n\n\n<p class=\"has-small-font-size\">Gasthof Tiemeyer<\/p>\n<\/div>\n<\/div>\n\n\n\n<h2 class=\"wp-block-heading\" id=\"Belm-Literatur\">Literatur<\/h2>\n\n\n\n<div class=\"wp-block-columns is-layout-flex wp-container-core-columns-is-layout-9d6595d7 wp-block-columns-is-layout-flex\">\n<div class=\"wp-block-column is-layout-flow wp-block-column-is-layout-flow\" style=\"flex-basis:25%\">\n<p><img loading=\"lazy\" decoding=\"async\" src=\"https:\/\/familienforschung-tecklenburger-land.de\/files\/Tecklenburger-Familienforschung\/OSNABRUECK\/Belm\/Belm_09.jpg\" alt=\"\" width=\"230\" height=\"139\"><\/p>\n\n\n\n<p class=\"has-small-font-size\">Gastwirtschaft Niegengert<\/p>\n\n\n\n<h3 class=\"wp-block-heading\">Kislings Kalender<\/h3>\n\n\n\n<p class=\"has-small-font-size\">1972: 100 Jahre Bahnstation Vehrte. Von Konrad Hinze (S. 89)<\/p>\n\n\n\n<figure class=\"wp-block-image\"><img decoding=\"async\" src=\"https:\/\/familienforschung-tecklenburger-land.de\/files\/Tecklenburger-Familienforschung\/OSNABRUECK\/Belm\/Belm_10.jpg\" alt=\"\"\/><\/figure>\n\n\n\n<p><img loading=\"lazy\" decoding=\"async\" src=\"https:\/\/familienforschung-tecklenburger-land.de\/files\/Tecklenburger-Familienforschung\/OSNABRUECK\/Belm\/Belm_11.jpg\" alt=\"\" width=\"230\" height=\"237\"><\/p>\n\n\n\n<p class=\"has-small-font-size\">Die evangelische Kirche<\/p>\n<\/div>\n\n\n\n<div class=\"wp-block-column is-layout-flow wp-block-column-is-layout-flow\" style=\"flex-basis:50%\">\n<h3 class=\"wp-block-heading\">J\u00fcrgen Schlumbohm: Lebensl\u00e4ufe, Familien, H\u00f6fe. Die Bauern und Heuerleute des Osnabr\u00fccker Kirchspiels Belm in proto-industrieller Zeit, 1650 &#8211; 1860. G\u00f6ttingen, 1994.<\/h3>\n\n\n\n<p class=\"has-small-font-size\">Wolfgang Hesse: Der Meyerhof zu Hage: Die Geschichte eines Hofes und seiner Menschen 1511 &#8211; 2011<\/p>\n\n\n\n<p class=\"has-small-font-size\">Irmgard Spang: Heimatbuch Belm. Gemeinde Belm, 1980<\/p>\n\n\n\n<p class=\"has-small-font-size\">G.U. Piesch: Belm in alten Ansichten. Zaltbommel, Europ. Bibl., 1986.<\/p>\n\n\n\n<p class=\"has-small-font-size\">Albrecht. Leben und Dienst der Liebfrauenschwestern zu Belm. 1984<\/p>\n\n\n\n<p class=\"has-small-font-size\">Der Belmer Kesselhaken. 25 Jahre Gemeinde Belm. Ausgabe 1. 1997<\/p>\n\n\n\n<p class=\"has-small-font-size\">Der Belmer Kesselhaken Nr. 3. 100 Jahre Belmer Geschichte. 2001<\/p>\n\n\n\n<p class=\"has-small-font-size\">Johann Wilhelm DuPlat, G\u00fcnther Wrede: Die Landesvermessung des F\u00fcrstbistums Osnabr\u00fcck. Lfg. 3. Die Kirchspiele Wallenhorst, Rulle und Belm. Verein f. Geschichte u. Landeskunde von Osnabr\u00fcck (1961)<\/p>\n\n\n\n<p class=\"has-small-font-size\">Schlumbohm, J\u00fcrgen: \u2019zu schreiben und die ganze Beschaffenheit der Sache\u2019: Signierf\u00e4higkeit und Schriftgebrauch bei Bauern und Heuerleuten des Kirchspiels Belm, ca. 1770-1840. In: B\u00f6deker, Hans Erich; Hinrichs, Ernst (Hrsg.): Alphabetisierung und Literalisierung in Deutschland in der Fr\u00fchen Neuzeit (Wolfenb\u00fctteler Studien zur Aufkl\u00e4rung 26), T\u00fcbingen 1999, S. 163-180<\/p>\n\n\n\n<p class=\"has-small-font-size\">Festschrift &#8222;100 Jahre KAB Belm&#8220; (2011)<\/p>\n\n\n\n<h3 class=\"wp-block-heading\">Heimatjahrbuch Osnabr\u00fcck Stadt und Land:<\/h3>\n\n\n\n<p class=\"has-small-font-size\"><strong>1976<\/strong>: Landschaft mit Geschichte zwischen Belm und Ostercappeln (Gerd-Ulrich Piesch), S. 41)<\/p>\n\n\n\n<p class=\"has-small-font-size\"><strong>1977<\/strong>: Icker, Dorf an einer alten Grenze (Hanns-Gerd Rabe), S. 120<\/p>\n\n\n\n<p class=\"has-small-font-size\"><strong>1978<\/strong>: Des Teufels Teigtrog und Backofen (Vehrte) (Konrad Hinze), S. 59<\/p>\n\n\n\n<p class=\"has-small-font-size\"><strong>1980<\/strong>: Vom Sch\u00fctzenwesen in alter Zeit. Konrad Hinze (S. 51)<\/p>\n\n\n\n<p class=\"has-small-font-size\"><strong>1995<\/strong>: Einige bemerkenswerte Bodenfunde (Gerd-Ulrich Piesch), S. 78<\/p>\n\n\n\n<p class=\"has-small-font-size\"><strong>1996<\/strong>: Ein neuentdecktes fr\u00fchbarockes Tafelgem\u00e4lde der Himmelfahrt Christi aus der katholischen Kirche zu Belm (Gerd-Ulrich Piesch), S. 102<\/p>\n\n\n\n<p class=\"has-small-font-size\"><strong>2001<\/strong>: Tongef\u00e4\u00dfscherben und Kachelreste aus der Zeit um 1500 auf einem Belmer Bauernhof (Dr. Gerd-Ulrich Piesch), S. 106<\/p>\n\n\n\n<p class=\"has-small-font-size\"><strong>2002<\/strong>: Der fr\u00fchneuzeitliche Hofplatz des Hofes Mehrpohl in Haltem bei Belm (Dr. Gerd-Ulrich Piesch), S. 98<\/p>\n\n\n\n<h3 class=\"wp-block-heading\">In: Heimatjahrbuch Osnabr\u00fccker Land:<\/h3>\n\n\n\n<p class=\"has-small-font-size\"><strong>1982<\/strong>: Deutung von Ortsnamen im Osnabr\u00fccker Land, 1. Teil (Wilhelm Fangmeyer), S. 78<\/p>\n\n\n\n<p class=\"has-small-font-size\"><strong>1982<\/strong>: Zur Baugeschichte der katholischen Kirche in Belm (Gerd-Ulrich Piesch), S. 175<\/p>\n\n\n\n<p class=\"has-small-font-size\"><strong>1983<\/strong>: Ein Fachwerkhaus mit eingeh\u00e4lsten Ankerbalken in Astrup bei Belm (Gerd-Ulrich Piesch), S. 215<\/p>\n\n\n\n<p class=\"has-small-font-size\"><strong>1988<\/strong>: Geschichte, die die Eisenbahn schreibt (Vehrte) (Lothar H. H\u00fclsmann), S. 28<\/p>\n\n\n\n<p class=\"has-small-font-size\"><strong>1989<\/strong>: Von Powe nach Amerika&nbsp;&nbsp; &nbsp;Franz-Josef Tegenkamp), S. 212<\/p>\n\n\n\n<p class=\"has-small-font-size\"><strong>1995<\/strong>: Gemeinden stellen sich vor: Belm (Holger Jansing), S. 9<\/p>\n\n\n\n<p class=\"has-small-font-size\"><strong>2001<\/strong>: Vor 300 Jahren: Fossiliensuche in Vehrte, Gemeinde Belm (Helge Jarecki), S. 86<\/p>\n\n\n\n<p class=\"has-small-font-size\"><strong>2006<\/strong>: Die Figuren im Gew\u00f6lbe von St. Dionys in Belm (Friedrich Sprang), S. 170<\/p>\n\n\n\n<p class=\"has-small-font-size\"><strong>1999<\/strong>: Kultsteine und teuflische Sagen aus Vehrte (Helge Jarecki), S. 184<\/p>\n\n\n\n<p class=\"has-small-font-size\"><strong>2007<\/strong>: Ein zweites zerst\u00f6rtes Gro\u00dfsteingrab in Icker (Gerd-Ulrich Piesch), S. 53<\/p>\n\n\n\n<p class=\"has-small-font-size\"><strong>2012<\/strong>: Kinderzeit am Bahnhof Vehrte 1942 bis 1945 (Heinrich Schomborg), S. 154<\/p>\n\n\n\n<p class=\"has-small-font-size\"><strong>2013<\/strong>: Der Bahnhof Belm (Joachim Behrens), S. 192<\/p>\n<\/div>\n\n\n\n<div class=\"wp-block-column is-layout-flow wp-block-column-is-layout-flow\" style=\"flex-basis:25%\">\n<figure class=\"wp-block-image\"><img decoding=\"async\" src=\"https:\/\/familienforschung-tecklenburger-land.de\/files\/Tecklenburger-Familienforschung\/OSNABRUECK\/Belm\/Belm_13.jpg\" alt=\"\"\/><\/figure>\n\n\n\n<h3 class=\"wp-block-heading\">Osnabr\u00fccker Mitteilungen:<\/h3>\n\n\n\n<p class=\"has-small-font-size\">J. UDOLPH, Flur-, Orts- und Gew\u00e4ssernamen im Norden der Gemeinde Belm, Nr. 104, 1999, S. 57<\/p>\n\n\n\n<p class=\"has-small-font-size\">Johannes VINCKE, Die Hausinschriften des Kirchspiels Belm. Eine Einf\u00fchrung in das Hausinschriftenwesen des Osnabr\u00fccker Landes, Nr. 63, 1948, S. 152<\/p>\n\n\n\n<p class=\"has-small-font-size\">H. JARECKI, &#8222;\u2026 da hausete noch der Teufel im Vehrter Bruche&#8220;. Ein Diskussionsbeitrag zur Frage der bearbeiteten und sagenhaften Findlinge anhand von Beispielen aus dem Osnabr\u00fccker Land, Nr. 104, 1999, S. 11<\/p>\n\n\n\n<figure class=\"wp-block-image\"><img decoding=\"async\" src=\"https:\/\/familienforschung-tecklenburger-land.de\/files\/Tecklenburger-Familienforschung\/OSNABRUECK\/Belm\/Belmer-Kesselhaken.jpg\" alt=\"\"\/><\/figure>\n\n\n\n<p><img loading=\"lazy\" decoding=\"async\" src=\"https:\/\/familienforschung-tecklenburger-land.de\/files\/Tecklenburger-Familienforschung\/OSNABRUECK\/Belm\/Belm_12.jpg\" alt=\"\" width=\"230\" height=\"117\"><\/p>\n\n\n\n<p class=\"has-small-font-size\">Evangelische Schule<\/p>\n\n\n\n<p><img loading=\"lazy\" decoding=\"async\" src=\"https:\/\/familienforschung-tecklenburger-land.de\/files\/Tecklenburger-Familienforschung\/OSNABRUECK\/Belm\/Belm_14.jpg\" alt=\"\" width=\"230\" height=\"309\"><\/p>\n\n\n\n<p class=\"has-small-font-size\">Kriegerdenkmal<\/p>\n<\/div>\n<\/div>\n\n\n\n<h2 class=\"wp-block-heading\" id=\"Belm-Suchanfragen\">Suchanfragen<\/h2>\n\n\n\n<div class=\"wp-block-columns is-layout-flex wp-container-core-columns-is-layout-9d6595d7 wp-block-columns-is-layout-flex\">\n<div class=\"wp-block-column is-layout-flow wp-block-column-is-layout-flow\" style=\"flex-basis:25%\">\n<p><img loading=\"lazy\" decoding=\"async\" src=\"https:\/\/familienforschung-tecklenburger-land.de\/files\/Tecklenburger-Familienforschung\/OSNABRUECK\/Belm\/Belm_07.jpg\" alt=\"\" width=\"230\" height=\"318\"><\/p>\n\n\n\n<p class=\"has-small-font-size\">Die katholische Dyonisuskirche<\/p>\n<\/div>\n\n\n\n<div class=\"wp-block-column is-layout-flow wp-block-column-is-layout-flow\" style=\"flex-basis:50%\">\n<h3 class=\"wp-block-heading\" id=\"-Suchanfragen\">M\u00f6chten Sie auch eine Anfrage ver\u00f6ffentlichen?<\/h3>\n\n\n\n<p class=\"has-small-font-size\"><strong>Wenn jemand genealogische Kontakte kn\u00fcpfen m\u00f6chte oder Hilfe bei einem schwierigen Fall ben\u00f6tigt, ver\u00f6ffentlichen wir hier gern eine Anfrage.<\/strong><\/p>\n\n\n\n<p class=\"has-small-font-size\">Hier k\u00f6nnen Sie uns Ihre Suchanfrage \u00fcbermitteln:<\/p>\n\n\n\n<p class=\"has-small-font-size\">Sie k\u00f6nnen uns eine E-Mail mit Ihrer Suchanfrage schicken: <a href=\"mailto:admin@te-gen.de\">admin@te-gen.de<\/a> Bitte tragen Sie in die Mail ein, nach welchen Personen oder Namen Sie suchen, in welchem Ort Sie suchen, wenn Sie m\u00f6chten, Ihren Namen, welche Daten (Geburt, Heirat, Tod, andere) Ihnen vorliegen. Wenigstens ein Zeitraum w\u00e4re gut. Wir werden Ihre Anfrage dann an dieser Stelle ver\u00f6ffentlichen. Bitte beachten Sie, dass dies einige Tage dauern kann. Ihre Anfrage wird automatisch auch an unsere Mailingliste weitergeleitet.<\/p>\n\n\n\n<h3 class=\"wp-block-heading\">Zwei Silberhochzeiten:<\/h3>\n\n\n\n<p class=\"has-small-font-size\">&#8230; der Familie Riehemann? Da auf beiden Bildern meine Urgro\u00dfeltern Riehemann sind, werden es sich um ihre Eltern handeln. Aber welches Bild geh\u00f6rt zu welcher Familie? Erkennt jemand, wo die Bilder aufgenommen wurden? Eines m\u00fcsste ja in Belm (Powe?) aufgenommen worden sein. <\/p>\n\n\n\n<p class=\"has-small-font-size\"><figure class=\"wp-block-image size-full has-lightbox\"><img loading=\"lazy\" decoding=\"async\" width=\"800\" height=\"557\" class=\"wp-image-2671\" src=\"https:\/\/familienforschung-tecklenburger-land.de\/wp-content\/uploads\/2023\/05\/grafik-26.png\" alt=\"\" srcset=\"https:\/\/familienforschung-tecklenburger-land.de\/wp-content\/uploads\/2023\/05\/grafik-26.png 800w, https:\/\/familienforschung-tecklenburger-land.de\/wp-content\/uploads\/2023\/05\/grafik-26-300x209.png 300w, https:\/\/familienforschung-tecklenburger-land.de\/wp-content\/uploads\/2023\/05\/grafik-26-768x535.png 768w\" sizes=\"auto, (max-width: 800px) 100vw, 800px\" \/><\/figure><\/p>\n\n\n\n<h4 class=\"wp-block-heading\"><\/h4>\n\n\n\n<p> <figure class=\"wp-block-image size-full has-lightbox\"><img loading=\"lazy\" decoding=\"async\" width=\"800\" height=\"497\" class=\"wp-image-2672\" src=\"https:\/\/familienforschung-tecklenburger-land.de\/wp-content\/uploads\/2023\/05\/grafik-27.png\" alt=\"\" srcset=\"https:\/\/familienforschung-tecklenburger-land.de\/wp-content\/uploads\/2023\/05\/grafik-27.png 800w, https:\/\/familienforschung-tecklenburger-land.de\/wp-content\/uploads\/2023\/05\/grafik-27-300x186.png 300w, https:\/\/familienforschung-tecklenburger-land.de\/wp-content\/uploads\/2023\/05\/grafik-27-768x477.png 768w, https:\/\/familienforschung-tecklenburger-land.de\/wp-content\/uploads\/2023\/05\/grafik-27-400x250.png 400w\" sizes=\"auto, (max-width: 800px) 100vw, 800px\" \/><\/figure><\/p>\n<\/div>\n\n\n\n<div class=\"wp-block-column is-layout-flow wp-block-column-is-layout-flow\" style=\"flex-basis:25%\">\n<p><img loading=\"lazy\" decoding=\"async\" src=\"https:\/\/familienforschung-tecklenburger-land.de\/files\/Tecklenburger-Familienforschung\/OSNABRUECK\/Belm\/Powe_1.jpg\" alt=\"\" width=\"230\" height=\"105\"><\/p>\n\n\n\n<p class=\"has-small-font-size\">Gastwirtschaft Seeger in Powe<\/p>\n\n\n\n<p><img loading=\"lazy\" decoding=\"async\" src=\"https:\/\/familienforschung-tecklenburger-land.de\/files\/Tecklenburger-Familienforschung\/OSNABRUECK\/Belm\/Vehrte_1.jpg\" alt=\"\" width=\"230\" height=\"138\"><\/p>\n\n\n\n<p class=\"has-small-font-size\">Der Bahnhof in Vehrte<\/p>\n\n\n\n<p><img loading=\"lazy\" decoding=\"async\" src=\"https:\/\/familienforschung-tecklenburger-land.de\/files\/Tecklenburger-Familienforschung\/OSNABRUECK\/Belm\/Vehrte_3.jpg\" alt=\"\" width=\"230\" height=\"120\"><\/p>\n\n\n\n<p class=\"has-small-font-size\">Gastwirtschaft Balgenort in Vehrte<\/p>\n<\/div>\n<\/div>\n","protected":false},"excerpt":{"rendered":"<p>Ausfl\u00fcge in die Geschichte: Wanderung durch das Naturschutzgebiet &#8222;Steinernes Meer&#8220;, vorbei am Gattberg, am s.g. Butterstein, am historische Nachbau eines fr\u00fchgeschichtlichen Grubenhauses und an Spuren historischer Landnutzung. Richtst\u00e4tten-Rundweg: vorbei an der \u201eSchwedenschanze\u201c, an den so genannten \u201eSchneitelbuchen\u201c und dem Ort einer ehemaligen Richtst\u00e4tte Belmer Wasserm\u00fchle Kirche Zur schmerzhaften Mutter Hager Hof in Vehrte: das \u00e4lteste&#8230;<\/p>\n","protected":false},"author":4,"featured_media":0,"parent":0,"menu_order":54,"comment_status":"closed","ping_status":"closed","template":"","meta":{"_coblocks_attr":"","_coblocks_dimensions":"","_coblocks_responsive_height":"","_coblocks_accordion_ie_support":"","footnotes":""},"class_list":["post-347","page","type-page","status-publish","hentry"],"_links":{"self":[{"href":"https:\/\/familienforschung-tecklenburger-land.de\/index.php?rest_route=\/wp\/v2\/pages\/347","targetHints":{"allow":["GET"]}}],"collection":[{"href":"https:\/\/familienforschung-tecklenburger-land.de\/index.php?rest_route=\/wp\/v2\/pages"}],"about":[{"href":"https:\/\/familienforschung-tecklenburger-land.de\/index.php?rest_route=\/wp\/v2\/types\/page"}],"author":[{"embeddable":true,"href":"https:\/\/familienforschung-tecklenburger-land.de\/index.php?rest_route=\/wp\/v2\/users\/4"}],"replies":[{"embeddable":true,"href":"https:\/\/familienforschung-tecklenburger-land.de\/index.php?rest_route=%2Fwp%2Fv2%2Fcomments&post=347"}],"version-history":[{"count":5,"href":"https:\/\/familienforschung-tecklenburger-land.de\/index.php?rest_route=\/wp\/v2\/pages\/347\/revisions"}],"predecessor-version":[{"id":3204,"href":"https:\/\/familienforschung-tecklenburger-land.de\/index.php?rest_route=\/wp\/v2\/pages\/347\/revisions\/3204"}],"wp:attachment":[{"href":"https:\/\/familienforschung-tecklenburger-land.de\/index.php?rest_route=%2Fwp%2Fv2%2Fmedia&parent=347"}],"curies":[{"name":"wp","href":"https:\/\/api.w.org\/{rel}","templated":true}]}}