{"id":341,"date":"2023-02-26T19:03:54","date_gmt":"2023-02-26T18:03:54","guid":{"rendered":"https:\/\/familienforschung-tecklenburger-land.de\/?page_id=341"},"modified":"2023-08-02T08:18:06","modified_gmt":"2023-08-02T07:18:06","slug":"achmer","status":"publish","type":"page","link":"https:\/\/familienforschung-tecklenburger-land.de\/?page_id=341","title":{"rendered":"Achmer"},"content":{"rendered":"\n<div class=\"wp-block-columns is-layout-flex wp-container-core-columns-is-layout-9d6595d7 wp-block-columns-is-layout-flex\">\n<div class=\"wp-block-column is-layout-flow wp-block-column-is-layout-flow\" style=\"flex-basis:25%\">\n<p class=\"has-small-font-size\"><strong>Die Seiten \u00fcber Achmer wurden zusammengestellt von Heinrich Gosmann.<\/strong><\/p>\n\n\n\n<h3 class=\"wp-block-heading\">Weiteres vor Ort:<\/h3>\n\n\n\n<p class=\"has-small-font-size\"><a href=\"http:\/\/www.heimatverein-achmer.de\">Heimatverein Achmer<\/a> mit Heimathaus \u201eWackumer Dannen\u201c<\/p>\n\n\n\n<p class=\"has-small-font-size\">Die Jahreshefte &#8222;Achmer zwischen Gehn und Hase&#8220; sind die kontinuierliche Publikation der Erkenntnisse zur Ortsgeschichte und Heimatkunde.<\/p>\n\n\n\n<h3 class=\"wp-block-heading\">B\u00fcrgermeister:<\/h3>\n\n\n\n<ul class=\"wp-block-list\">\n<li class=\"has-small-font-size\">1872-1884 W. M\u00f6llmann<\/li>\n\n\n\n<li class=\"has-small-font-size\">1884-1902 H. Jakob<\/li>\n\n\n\n<li class=\"has-small-font-size\">1902-1915 Theodor Meyer zu Wackum<\/li>\n\n\n\n<li class=\"has-small-font-size\">1915-1917 W. Fr\u00f6lke<\/li>\n\n\n\n<li class=\"has-small-font-size\">1917-1920 Theodor Meyer zu Wackum<\/li>\n\n\n\n<li class=\"has-small-font-size\">1920-1933 Hermann Herm-Larberg<\/li>\n\n\n\n<li class=\"has-small-font-size\">1933-1944 Friedrich Gausmann<\/li>\n\n\n\n<li class=\"has-small-font-size\">1944-1946 ?<\/li>\n\n\n\n<li class=\"has-small-font-size\">1946-1948 Gustav Beckermann<\/li>\n\n\n\n<li class=\"has-small-font-size\">1948-1956 Otto Stehr<\/li>\n\n\n\n<li class=\"has-small-font-size\">1956-1959 Gustav Beckermann<\/li>\n\n\n\n<li class=\"has-small-font-size\">1959-1964 Friedrich St\u00fcckemann<\/li>\n\n\n\n<li class=\"has-small-font-size\">1964-1971 Lothar Lewandowsky<\/li>\n<\/ul>\n\n\n\n<p><strong>Ortsb\u00fcrgermeister<\/strong><\/p>\n\n\n\n<ul class=\"wp-block-list\">\n<li class=\"has-small-font-size\">1971-1985 Lothar Lewandowsky<\/li>\n\n\n\n<li class=\"has-small-font-size\">1985-(1993) Heinz Lewandowsky<\/li>\n\n\n\n<li class=\"has-small-font-size\">2007 Heiner Pahlmann<\/li>\n<\/ul>\n\n\n\n<figure class=\"wp-block-image\"><img decoding=\"async\" src=\"https:\/\/familienforschung-tecklenburger-land.de\/files\/Tecklenburger-Familienforschung\/OSNABRUECK\/Achmer\/Gosmann-Bild11.jpg\" alt=\"\"\/><\/figure>\n<\/div>\n\n\n\n<div class=\"wp-block-column is-layout-flow wp-block-column-is-layout-flow\" style=\"flex-basis:50%\">\n<h2 class=\"wp-block-heading\" id=\"Achmer-Geschichte\">Zur Geschichte<\/h2>\n\n\n\n<p class=\"has-small-font-size\"><strong>Ortsbeschreibung: <\/strong>1160 wurde ein Lachenbure unbekannter Lage beurkundet; 1186 ein Achenbure. M\u00f6glicherweise handelt es sich um dieselbe Ansiedlung. \u201eLache\u201c, auch \u201eLake\u201c, ist eine seichte Stelle, ein Wasserpfuhl. Eine \u201eAche\u201c ist insbesondere im s\u00fcddeutschen Raum ein (Gebirgs-)fluss. \u201eBure\u201c bedeutet Bauernschaft.<em> (Wikipedia)<\/em><\/p>\n\n\n\n<p class=\"has-small-font-size\"><strong>9000 v. Chr.<\/strong>: Am F\u00fcrstenauer Damm in Achmer wird ein Rastplatz sp\u00e4tsteinzeitlicher J\u00e4ger mit Steinger\u00e4ten aus der Zeit 9000 v. Chr. gefunden.<\/p>\n\n\n\n<p class=\"has-small-font-size\"><strong>1700 v. Chr.<\/strong>: Keramikbecherfund der Einzelgrabkultur.<\/p>\n\n\n\n<p class=\"has-small-font-size\"><strong>700 v. Chr.<\/strong>: Funde von Kleinbronze.<\/p>\n\n\n\n<p class=\"has-small-font-size\"><strong>375 n. Chr.<\/strong>: F\u00fc\u00dfchenurne der Brandbestattungskultur.<\/p>\n\n\n\n<p class=\"has-small-font-size\"><strong>1238<\/strong>: Erste Erw\u00e4hnung als \u201eHakenburen\u201c und 1243 als \u201eAchenburgen\u201c.<\/p>\n\n\n\n<p class=\"has-small-font-size\"><strong>1560<\/strong>: In Achmer gibt es 51 Familien mit Viehhaltung, 30 Gro\u00dfknechte, 8 Kleinknechte, 1 Gro\u00dfmagd, 6 Kleinm\u00e4gde.<\/p>\n\n\n\n<p class=\"has-small-font-size\"><strong>1634<\/strong> sind 36 Vollerben, 2 Erbk\u00f6tter, 20 Markk\u00f6tter, 25 Leibz\u00fcchter, 1 Heuerling, insgesamt 190 schatzpflichtige Personen verzeichnet.<\/p>\n\n\n\n<p class=\"has-small-font-size\"><strong>1667<\/strong> gab es in Achmer 1 Bierzapfer, 1 Schuster, 7 Sagensnider und 1 Holschen-Molltenhauer.<\/p>\n\n\n\n<p class=\"has-small-font-size\"><strong>1718<\/strong> werden 38 Vollerben, 2 Erbk\u00f6tter, 22 Markk\u00f6tter und 77 Heuerlinge genannt.<\/p>\n\n\n\n<p class=\"has-small-font-size\"><strong>1763<\/strong> erste Nachricht von der Nebenschule Achmer.<\/p>\n\n\n\n<p class=\"has-small-font-size\"><strong>1763<\/strong> hatte Achmer 1300 T. Kriegsschulden.<\/p>\n\n\n\n<p class=\"has-small-font-size\"><strong>1772<\/strong> sind 38 Vollerben, 2 Erbk\u00f6tter, 22 Markk\u00f6tter, 92 Heuerlinge verzeichnet.<\/p>\n\n\n\n<p class=\"has-small-font-size\"><strong>1797<\/strong> die Gemeinde kauft f\u00fcr 200 T. von Bauer Helmich ein Leibzuchthaus und baut es zur Schule um.<\/p>\n\n\n\n<p class=\"has-small-font-size\"><strong>1829-1843:<\/strong> Teilung der Achmer Mark mit einer Gr\u00f6\u00dfe von \u00fcber 5.552 Morgen.<\/p>\n\n\n\n<p class=\"has-small-font-size\"><strong>1849<\/strong> hatten 112 Heuerleute 532 Morgen Pachtland Acker, 85 Morgen Pachtland Wiese, und 172 K\u00fche.<\/p>\n\n\n\n<p class=\"has-small-font-size\"><strong>1873<\/strong> gab es in Achmer 96 Pferde, 445 K\u00fche, 185 Rinder, 290 Schweine und 99 Schafe.<\/p>\n\n\n\n<p class=\"has-small-font-size\"><strong>1876<\/strong> f\u00e4hrt der erste Zug durch Achmer.<\/p>\n\n\n\n<p class=\"has-small-font-size\"><strong>1883<\/strong> gab es in Achmer 104 Pferde, 448 K\u00fche, 130 Rinder, 483 Schweine und 281 Schafe.<\/p>\n\n\n\n<p class=\"has-small-font-size\"><strong>1887:<\/strong> Schulneubau an der Neuenkirchener Stra\u00dfe, Betrieb bis 1966.<\/p>\n\n\n\n<p class=\"has-small-font-size\"><strong>1892<\/strong> gab es in Achmer 103 Pferde, 448 K\u00fche, 173 Rinder, 591 Schweine und 163 Schafe.<\/p>\n\n\n\n<p class=\"has-small-font-size\"><strong>1896:<\/strong> Gr\u00fcndung des Sch\u00fctzenverein Achmer<\/p>\n\n\n\n<p class=\"has-small-font-size\"><strong>1900<\/strong> gab es in Achmer 146 Wohngeb\u00e4ude, 170 Haushaltungen, 903 Einwohner,112 Pferde, 534 K\u00fche, 220 Rinder, 778 Schweine, 4 Schafe, 22 Ziegen, 3127 St\u00fcck Federvieh und 224 Bienenst\u00f6cke.<\/p>\n\n\n\n<p class=\"has-small-font-size\"><strong>1904<\/strong>: Gr\u00fcndung des Kriegerverein Achmer.<\/p>\n\n\n\n<p class=\"has-small-font-size\"><strong>1909-1911<\/strong>: Bau des Mittellandkanals, Er\u00f6ffnung am 15.02.1915.<\/p>\n\n\n\n<p class=\"has-small-font-size\"><strong>1934-1935<\/strong>: Bau der Kreisstra\u00dfe von Achmer nach Ueffeln.<\/p>\n\n\n\n<p class=\"has-small-font-size\"><strong>1935-1940<\/strong>: Bau eines Flugplatzes.<\/p>\n\n\n\n<p class=\"has-small-font-size\"><strong>21. Februar 1944<\/strong>: Bombenangriff auf Achmer und Hesepe.<\/p>\n\n\n\n<p class=\"has-small-font-size\"><strong>1949:<\/strong> Gr\u00fcndung der Freiwilligen Feuerwehr Achmer.<\/p>\n\n\n\n<p class=\"has-small-font-size\"><strong>1954<\/strong>: Achmer hat eine Gr\u00f6\u00dfe von 2828 ha und 1830 Einwohner.<\/p>\n\n\n\n<p class=\"has-small-font-size\"><strong>1961<\/strong>: Achmer bekommt erste Wasserversorgung und Kanalisation.<\/p>\n\n\n\n<p class=\"has-small-font-size\"><strong>1961<\/strong>: Bau des ev. Gemeindehauses mit Pfarrhaus.<\/p>\n\n\n\n<p class=\"has-small-font-size\"><strong>1962<\/strong>: Gr\u00fcndung der selbst\u00e4ndigen ev. Kirchengemeinde Achmer.<\/p>\n\n\n\n<p class=\"has-small-font-size\"><strong>1967-1968:<\/strong> Neubau einer Schule.<\/p>\n\n\n\n<p class=\"has-small-font-size\"><strong>1968<\/strong>: Bau der Verbrennungsanlage Achmer.<\/p>\n\n\n\n<p class=\"has-small-font-size\"><strong>1969:<\/strong> Bau der Dorfgemeinschaftsanlage.<\/p>\n\n\n\n<p class=\"has-small-font-size\"><strong>1971<\/strong>: Achmer wird nach Bramsche eingemeindet.<\/p>\n\n\n\n<p class=\"has-small-font-size\"><strong>1972<\/strong>: Mit der Gebietsreform geh\u00f6rt Achmer zur Stadt Bramsche.<\/p>\n\n\n\n<p class=\"has-small-font-size\"><strong>1975<\/strong>: Bau des Kindergarten.<\/p>\n\n\n\n<p class=\"has-small-font-size\"><strong>1976-1977<\/strong>: Bau des gr\u00f6\u00dften Flu\u00dftunnels, die Hase unterquert den Mittellandkanal, 80 m lang und 20 m breit.<\/p>\n\n\n\n<p class=\"has-small-font-size\"><strong>1985<\/strong>: Achmer hat 669 ha Ackerland, 444 ha Wiesen und 744 ha Holzungen, Zusammen 1857 ha.<\/p>\n\n\n\n<p class=\"has-small-font-size\"><strong>1987<\/strong>: Achmer hat 17 Vollerwerbslandwirte, 6 Nebenerwerbslandwirte und 23 Zuerwerbslandwirte mit 451 Milchk\u00fche, 1337 Rinder und 3263 Schweine.<\/p>\n\n\n\n<p class=\"has-small-font-size\"><strong>1989<\/strong>: Gr\u00fcndung des Heimatverein Achmer.<\/p>\n<\/div>\n\n\n\n<div class=\"wp-block-column is-layout-flow wp-block-column-is-layout-flow\" style=\"flex-basis:25%\">\n<figure class=\"wp-block-image\"><img decoding=\"async\" src=\"https:\/\/familienforschung-tecklenburger-land.de\/files\/Tecklenburger-Familienforschung\/OSNABRUECK\/Achmer\/Gosmann-Bild2.jpg\" alt=\"\"\/><\/figure>\n\n\n\n<h3 class=\"wp-block-heading\">Ortsteile:<\/h3>\n\n\n\n<p class=\"has-small-font-size\">Achmer, Gr\u00fcnegras, Hemke, Larberge, T\u00f6mmern, Wackum, Westerhausen<\/p>\n\n\n\n<h3 class=\"wp-block-heading\">Die Bramscher Ortsteile:<\/h3>\n\n\n\n<figure class=\"wp-block-image\"><img decoding=\"async\" src=\"https:\/\/familienforschung-tecklenburger-land.de\/assets\/images\/6\/Bramscher%20Ortsteile-75aadea6.jpg\" alt=\"\"\/><\/figure>\n\n\n\n<p><a href=\"https:\/\/familienforschung-tecklenburger-land.de\/files\/Tecklenburger-Familienforschung\/OSNABRUECK\/Bramsche\/Bramscher%20Ortsteile.jpg\"><\/a><\/p>\n\n\n\n<h3 class=\"wp-block-heading\">Bev\u00f6lkerung:<\/h3>\n\n\n\n<ul class=\"wp-block-list\">\n<li class=\"has-small-font-size\">1848 \u2013 985,<\/li>\n\n\n\n<li class=\"has-small-font-size\">1871 \u2013 889 (885 ev, 4 kath.),<\/li>\n\n\n\n<li class=\"has-small-font-size\">1885 \u2013 886,<\/li>\n\n\n\n<li class=\"has-small-font-size\">1905 \u2013 910 (903 ev., 7 kath.),<\/li>\n\n\n\n<li class=\"has-small-font-size\">1925 \u2013 1026,<\/li>\n\n\n\n<li class=\"has-small-font-size\">1933 \u2013 963,<\/li>\n\n\n\n<li class=\"has-small-font-size\">1939 \u2013 967,<\/li>\n\n\n\n<li class=\"has-small-font-size\">1946 \u2013 1547,<\/li>\n\n\n\n<li class=\"has-small-font-size\">1950 \u2013 1701,<\/li>\n\n\n\n<li class=\"has-small-font-size\">1956 \u2013 1771,<\/li>\n\n\n\n<li class=\"has-small-font-size\">1961 \u2013 1904,<\/li>\n\n\n\n<li class=\"has-small-font-size\">1970 \u2013 2050,<\/li>\n\n\n\n<li class=\"has-small-font-size\">1987 \u2013 2630,<\/li>\n\n\n\n<li class=\"has-small-font-size\">1989 \u2013 2702 (1965 ev., 543 kath., 194 sonst.),<\/li>\n\n\n\n<li class=\"has-small-font-size\">2012 \u2013 3384.<\/li>\n<\/ul>\n<\/div>\n<\/div>\n\n\n\n<h2 class=\"wp-block-heading\" id=\"Achmer-Weblinks\">Weblinks<\/h2>\n\n\n\n<div class=\"wp-block-columns is-layout-flex wp-container-core-columns-is-layout-9d6595d7 wp-block-columns-is-layout-flex\">\n<div class=\"wp-block-column is-layout-flow wp-block-column-is-layout-flow\" style=\"flex-basis:25%\"><\/div>\n\n\n\n<div class=\"wp-block-column is-layout-flow wp-block-column-is-layout-flow\" style=\"flex-basis:50%\">\n<p class=\"has-small-font-size\"><a href=\"http:\/\/www.bramsche.de\/staticsite\/staticsite.php?menuid=250&amp;topmenu=75\">Bramsche-Achmer<\/a><\/p>\n\n\n\n<p class=\"has-small-font-size\"><a href=\"http:\/\/www.heimatverein-achmer.de\">Heimatverein Achmer<\/a> mit Heimathaus \u201eWackumer Dannen\u201c<\/p>\n\n\n\n<p class=\"has-small-font-size\"><a href=\"http:\/\/de.wikipedia.org\/wiki\/Flugplatz_Achmer\">Flugplatz Achmer<\/a><\/p>\n\n\n\n<p class=\"has-small-font-size\"><a href=\"http:\/\/www.ovfl.de\">Osnabr\u00fccker Verein f\u00fcr Luftfahrt e.V.<\/a><\/p>\n\n\n\n<p class=\"has-small-font-size\"><a href=\"http:\/\/www.relikte.com\/achmer\">Der Fliegerhorst Achmer<\/a><\/p>\n\n\n\n<p class=\"has-small-font-size\"><a href=\"http:\/\/de.wikipedia.org\/wiki\/Friedenskirche_%28Achmer%29\">Ev.-luth. Friedenskirche Achmer<\/a><\/p>\n\n\n\n<p class=\"has-small-font-size\"><a href=\"http:\/\/www.denkmalprojekt.org\/2010\/bramsche-achmer_frdh_wk1_ns.htm\">Gefallene 1. Weltkrieg<\/a><\/p>\n\n\n\n<p class=\"has-small-font-size\"><a href=\"http:\/\/www.luftschutzbunker-osnabrueck.de\/bu_sites\/achmerbeton.html\">Betontr\u00fcmmer beim Fliegerhorst &#8222;Ahnenkult&#8220; Achmer<\/a><\/p>\n\n\n\n<p class=\"has-small-font-size\"><a href=\"http:\/\/bunkergeschichten.de\/10609\/16439.html\">Fliegerhorst &#8222;Ahnenkult&#8220;<\/a><\/p>\n\n\n\n<p class=\"has-small-font-size\"><a href=\"http:\/\/www.luftschutzbunker-osnabrueck.de\/bu_sites\/achmermun.html\">Munitionsbunker in N\u00e4he Fliegerhorst &#8222;Ahnenkult&#8220; Achmer<\/a><\/p>\n\n\n\n<p class=\"has-small-font-size\"><a href=\"http:\/\/www.lexikon-der-wehrmacht.de\/Gliederungen\/Luftgaue\/Luftgau6.htm\">Luftgau-Kommando VI M\u00fcnster<\/a> im Lexikon der Wehrmacht<\/p>\n\n\n\n<p class=\"has-small-font-size\"><a href=\"http:\/\/www.relikte.com\/achmer\/index.htm\">Der Fliegerhorst Achmer<\/a><\/p>\n<\/div>\n\n\n\n<div class=\"wp-block-column is-layout-flow wp-block-column-is-layout-flow\" style=\"flex-basis:25%\"><\/div>\n<\/div>\n\n\n\n<h2 class=\"wp-block-heading\" id=\"Achmer-Quellen\">Genealogische Quellen<\/h2>\n\n\n\n<div class=\"wp-block-columns is-layout-flex wp-container-core-columns-is-layout-9d6595d7 wp-block-columns-is-layout-flex\">\n<div class=\"wp-block-column is-layout-flow wp-block-column-is-layout-flow\" style=\"flex-basis:25%\"><\/div>\n\n\n\n<div class=\"wp-block-column is-layout-flow wp-block-column-is-layout-flow\" style=\"flex-basis:50%\">\n<h3 class=\"wp-block-heading\">H\u00f6fe:<\/h3>\n\n\n\n<p class=\"has-small-font-size\">38 Vollerben, 2 Erbk\u00f6tter, (22) Markk\u00f6tter.<\/p>\n\n\n\n<h4 class=\"wp-block-heading\">Vollerben:<\/h4>\n\n\n\n<p class=\"has-small-font-size\">1 Meyer zu Wackum \u2013 Wermers, 2 Str\u00fcve \u2013 Schuhmacher, 3 Wahrhaus \u2013 Dr\u00f6ge, 4 Kassen-Larberg \u2013 Hackmann, 5 Hasemann, 6 Heinrich S\u00fcdhof (Garlich), 7 Johann S\u00fcdhof (Tebbe) \u2013 L\u00fcdecke, 8 Hellmich, 9 W\u00fcbbeling, 10 Bohnenkamp, 11 Gau\u00dfmann, 12 Macke \u2013 Lange, 13 Meyer zu T\u00f6mern, 14 Budke, 15 Frye \u2013 Hermes, 16 Niemann im Holte, 17 Schwarberg, 18 Stehr, 19 Westerhaus \u2013 Eggemann, 20 Rothert \u2013 Wiebke-Laumann \u2013 Rothert \u2013 Grevemeyer, 21 Jacob \u2013 Wiebke-Laumann \u2013 Rothert \u2013 Grevemeyer, 22 Laumann \u2013 Wiebke-Laumann \u2013 Rothert \u2013 Grevemeyer, 23 Gogreve \u2013 Schulte-Freckling, 24 Kreyenhagen \u2013 Fr\u00f6lke, 25 Rahe \u2013 Gastvogel \u2013 Pohl, 26 Holzgr\u00e4fe, 27 Ammerink \u2013 Horstmann \u2013 Weitkamp, 28 Schuhmacher, 29 Ploes \u2013 Stehr, 30 Fr\u00f6hlke, 31 Erfmann, 32 Gerken-Larberg, 33 Bussendiek \u2013 Meyer zu Lecker \u2013 Garlich S\u00fcdhof, 34 Brinkmann, 35 M\u00f6llmann, 36 Heinrich Larberg, 37 Fregres, 38 Halter \u2013 Schroder.<\/p>\n\n\n\n<h4 class=\"wp-block-heading\">Erbk\u00f6tter:<\/h4>\n\n\n\n<p class=\"has-small-font-size\">39 Mues, 40 Frederek \u2013 Hermann.<\/p>\n\n\n\n<h4 class=\"wp-block-heading\">Markk\u00f6tter:<\/h4>\n\n\n\n<p class=\"has-small-font-size\">41 Feldkamp \u2013 Br\u00fcggemann, 42 Thomas, 43 Go\u00dfker \u2013 Droste, 44 Stienker \u2013 Stockdiek, 45 Pohlmann \u2013 J\u00fcrgens, 46 Bredewater &#8211; Bockstiegel, 47 Niebaum, 48 Sch\u00e4fer, 49 Gr\u00fcnegras \u2013 Sch\u00e4fer \u2013 H\u00f6pker, 50 Engelke, 51 B\u00fcngeler, 52 Koch \u2013 Bei der Kellen, 53 Schr\u00f6der, 54 Schoo \u2013 Schowessel, 55 Beckmann \u2013 Sch\u00e4fer, 56 B\u00fchnert \u2013 St\u00f6lting, 57 Auf der Heyde \u2013 Sch\u00e4chter, 58 H\u00f6lscher, 59 Fisse \u2013 G\u00f6sker, 60 Holzmann, 61 Redecker &#8211; Budke, 62 B\u00fchner, 63 M\u00f6llmann, 64 Renzenbrink, 65 Schule, 66 Buddemeyer, 67 Diekmann, 73 Kaiser, 74 Horstmann, 75 Stratemeyer, 77 Bente, 79 Remme, Go\u00dfmann, B\u00f6tiker, Dalberg, Werrenkamp (W\u00fcbbeling), Berlekamp.<br><\/p>\n<\/div>\n\n\n\n<div class=\"wp-block-column is-layout-flow wp-block-column-is-layout-flow\" style=\"flex-basis:25%\">\n<h3 class=\"wp-block-heading\">Archive:<\/h3>\n\n\n\n<p class=\"has-small-font-size\"><strong><a href=\"http:\/\/www.bistum-osnabrueck.de\/kultur\/dioezesanarchiv.html\">Di\u00f6zesanarchiv in Osnabr\u00fcck<\/a><\/strong><br>Gro\u00dfe Domsfreiheit 10<br>49074 Osnabr\u00fcck<br>Anmeldung erforderlich:<br>Telefon: 0541\/318-416<br><br><a href=\"http:\/\/www.kirchenkreis-osnabrueck.de\/kirchenkreis\/kirchenamt.html\">Ev.-luth. Kirchenbuchamt Osnabr\u00fcck<\/a><br>Eversburger Str. 32<br>49090 Osnabr\u00fcck<br>Anmeldung erforderlich:<br><a href=\"mailto:linda.klingspohn@evlka.de\">Linda Klingspohn<\/a><br>T: 0541 \/ 94049-435<br><br>Die <strong>Standesamtsregister<\/strong><em>(ab 1874 &#8211; gesch\u00fctzt sind die Geburtsregister der letzten 110 Jahre, Heiratsregister der letzten 80 Jahre und Sterberegister der letzten 30 Jahre)<\/em> finden Sie im <a rel=\"noreferrer noopener\" href=\"http:\/\/www.nla.niedersachsen.de\/landesarchiv\/gliederung\/standort_osnabrueck\/standort-osnabrueck-85969.html\" target=\"_blank\">Staatsarchiv Osnabr\u00fcck<\/a>, Schlo\u00dfstr.29, 49074 Osnabr\u00fcck,<br>Tel.: 0541\/33162-0.<br><br><strong><a href=\"http:\/\/www.kgverband-meppen.de\/familienforschung.html\">Katholische Familienforschungsstelle in Meppen<\/a><\/strong><br>Haus d. Sozialen Dienste, Domhof 18, 49716 Meppen<br><strong>Anmeldung erforderlich:<\/strong><br>Kath. Propsteigemeinde St. Vitus, Kuhstra\u00dfe 44, 49716 Meppen<br>Telefon: 0 59 31\/1 24 44 \/ Telefax: 0 59 31\/97 03 44, <a href=\"mailto:fam.archive@kgverband-meppen.de\">E-Mail<\/a><br><br><strong>LAV Staats- und Personenstandsarchiv Detmold<\/strong><br>Willi-Hofmann-Stra\u00dfe 2, 32756 Detmold<br>Tel.: 05231\/7660<br>www.archive.nrw.de<br><br><strong>Vereinigte Westf\u00e4lische Adelsarchive e.V.<\/strong><br>Jahnstr. 26, 48147 M\u00fcnster<br>Tel.: 0251-5913890<br>adelsarchive@lwl.org<\/p>\n<\/div>\n<\/div>\n\n\n\n<h2 class=\"wp-block-heading\" id=\"Achmer-Karten\">Karten und Pl\u00e4ne<\/h2>\n\n\n\n<div class=\"wp-block-columns is-layout-flex wp-container-core-columns-is-layout-9d6595d7 wp-block-columns-is-layout-flex\">\n<div class=\"wp-block-column is-layout-flow wp-block-column-is-layout-flow\" style=\"flex-basis:25%\"><\/div>\n\n\n\n<div class=\"wp-block-column is-layout-flow wp-block-column-is-layout-flow\" style=\"flex-basis:50%\">\n<p><strong>Staatsarchiv Osnabr\u00fcck:<\/strong><\/p>\n\n\n\n<p class=\"has-small-font-size\">K 100 Nr. 1 H (R) III &#8211; Johann Wilhelm Du Plat, Ma\u00dfstab: 1 : 3 840, Landesaufnahme des F\u00fcrstbistums Osnabr\u00fcck, III Amt V\u00f6rden, Bl. 2 Kirchspiel: Bramsche, Feldmark\/Ortschaft: Achmer.<br><br>K Akz. 2005\/001 Nr. 1 M &#8211; Karte vom Lauf der Hase durch das F\u00fcrstentum Osnabr\u00fcck in 25 Bl\u00e4ttern mit einer \u00dcbersichtskarte, 1816.<\/p>\n<\/div>\n\n\n\n<div class=\"wp-block-column is-layout-flow wp-block-column-is-layout-flow\" style=\"flex-basis:25%\"><\/div>\n<\/div>\n\n\n\n<h2 class=\"wp-block-heading\" id=\"Achmer-Fundstuecke\">Fundst\u00fccke<\/h2>\n\n\n\n<div class=\"wp-block-columns is-layout-flex wp-container-core-columns-is-layout-9d6595d7 wp-block-columns-is-layout-flex\">\n<div class=\"wp-block-column is-layout-flow wp-block-column-is-layout-flow\" style=\"flex-basis:25%\">\n<h3 class=\"wp-block-heading\">Staatsarchiv Oldenburg:<\/h3>\n\n\n\n<p class=\"has-small-font-size\">Best. 229 Nr. 1124 &#8211; Otto H\u00f6lscher, Bauer, Achmer-Nord Nr. 46, Post Bramsche, Krs. Bersenbr\u00fcck, wegen Nichterf\u00fcllung des Ablieferungssolls von Eiern 1946.<br><\/p>\n\n\n\n<figure class=\"wp-block-image\"><img decoding=\"async\" src=\"https:\/\/familienforschung-tecklenburger-land.de\/files\/Tecklenburger-Familienforschung\/OSNABRUECK\/Achmer\/Gosmann-Bild13.jpg\" alt=\"\"\/><\/figure>\n\n\n\n<h3 class=\"wp-block-heading\">Vagabund in Achmer:<\/h3>\n\n\n\n<figure class=\"wp-block-image\"><img decoding=\"async\" src=\"https:\/\/familienforschung-tecklenburger-land.de\/files\/Tecklenburger-Familienforschung\/OSNABRUECK\/Osnabrueckische-Anzeigen-Ueberschrift.jpg\" alt=\"\"\/><\/figure>\n\n\n\n<p class=\"has-small-font-size\">7.6.1827: <strong>Regina Reinkes<\/strong> wurde wegen Vagabondirens eingezogen, bestraft und in ihre Heimath dirigirt (Amt lLingen 401\/458)<\/p>\n\n\n\n<p class=\"has-small-font-size\">1.2.1827: <strong>Johann Friedrich Tepe<\/strong>, Schneider, wurde bestraft wegen Vagabondirens mit 24-st\u00fcndigem Arrest (Amt V\u00f6rden 80)<\/p>\n\n\n\n<p class=\"has-small-font-size\"><em>Quelle: Osnabr\u00fcckische Anzeigen von allerhand Sachen deren Bekanntmachung dem gemeinen Wesen n\u00f6thig und n\u00fctzlich ist vom Jahre 1827. Ki\u00dflingsche Druckerei, Osnabr\u00fcck<\/em><\/p>\n<\/div>\n\n\n\n<div class=\"wp-block-column is-layout-flow wp-block-column-is-layout-flow\" style=\"flex-basis:50%\">\n<h3 class=\"wp-block-heading\">Staatsarchiv Osnabr\u00fcck:<\/h3>\n\n\n\n<p class=\"has-small-font-size\">Dep 3 b VIII Nr. 304 &#8211; Die Gausmann St\u00e4tte zu Achmer, 1664-1826.<\/p>\n\n\n\n<p class=\"has-small-font-size\">Erw A7 Nr. 21 &#8211; Teilung der Achmer Mark, 1741-1854.<\/p>\n\n\n\n<p class=\"has-small-font-size\">Erw A7 Nr. 27 &#8211; Holzungsprotokoll und Holzbr\u00fcchtenregister der Achmer Mark, 1815-1840.<\/p>\n\n\n\n<p class=\"has-small-font-size\">Rep 100 a III Nr. 1 b&nbsp; &#8211; Schatzungsregister Kirchspiel Bramsche 1801, Feldmark: Achmer, Bauerschaft: Achmer (fol. 71-122).<\/p>\n\n\n\n<p class=\"has-small-font-size\">Rep 150 V\u00f6r Nr. 97 &#8211; Verzeichnis der Markgenossen aus den Bauerschaften Achmer, Hesepe und Pente, 1727.<\/p>\n\n\n\n<p class=\"has-small-font-size\">Rep 150 V\u00f6r Nr. 121 &#8211; Streitigkeiten zwischen den Einwohnern von Timmern, Westerhausen, Hemke und Larberg &#8211; s\u00e4mtliche Teile der Bauerschaft Achmer &#8211; wegen Aufteilung des Witten Moores und Torfstechens in demselben, 1729-1755.<\/p>\n\n\n\n<p class=\"has-small-font-size\">Rep 330 III Nr. 512 bis Nr. 516 &#8211; Grundsteuer-Mutterrolle Achmer, 1826.<\/p>\n\n\n\n<p class=\"has-small-font-size\">Rep 330 III Nr. 521, Nr.522 &#8211; Flurregister Achmer, 1884-1890.<\/p>\n\n\n\n<p class=\"has-small-font-size\">Rep 330 III Nr. 523, Nr. 524 &#8211; Manual des gesamten Grundeigentums Achmer.<\/p>\n\n\n\n<p class=\"has-small-font-size\">Rep 335 Nr. 1078 &#8211; Feststellung der Grenze zwischen der osnabr\u00fcckischen Achmer Mark und der tecklenburgischen Seester Mark, 1827.<\/p>\n\n\n\n<p class=\"has-small-font-size\">Rep 335 Nr. 4974 &#8211; Strafregister des Achmer H\u00f6ltingsgerichts, 1809-1814.<\/p>\n\n\n\n<p class=\"has-small-font-size\">Rep 335 Nr. 13152 &#8211; Gemeindeverh\u00e4ltnisse der Gemeinden Achmer, 1856-1909.<\/p>\n\n\n\n<p class=\"has-small-font-size\">Rep 350 V\u00f6r Nr. 369 &#8211; Erneuerung der Grundsteuer-Mutterrolle von Achmer mit Verzeichnissen der Grundbesitzer 1854-1857.<\/p>\n\n\n\n<p class=\"has-small-font-size\">Rep 350 V\u00f6r Nr. 563 &#8211; Abl\u00f6sung der ungewissen Eigentumsgef\u00e4lle von Lahmanns St\u00e4tte zu Achmer, 1826-1881.<br>430 Dez 108 Akz. 11\/67 II Nr. 73 &#8211; Friedhof f\u00fcr gefallene gegnerische Soldaten in Achmer (Landkreis Bersenbr\u00fcck), 1939-1943.<\/p>\n\n\n\n<p class=\"has-small-font-size\">Rep 430 Dez 207 Akz. 14\/43 Nr. 7 &#8211; Anlegung des Flugplatzes in Achmer bei Bramsche (Kreis Bersenbr\u00fcck), 1935-1940.<\/p>\n\n\n\n<p class=\"has-small-font-size\">Rep 540 Bers Nr. 222 &#8211; Originalflurbuch der Gemarkung Achmer des Gemeindebezirks Achmer Nr. 93, 1881-1950.<\/p>\n\n\n\n<p class=\"has-small-font-size\">Rep 540 Bers Nr. 223 &#8211; Grundsteuer-Mutterrollen der Gemarkung Achmer, 1875-1914.<\/p>\n\n\n\n<p class=\"has-small-font-size\">Rep 540 Bers Nr. 382, Nr. 383, Nr. 384 &#8211; Liegenschaftsbuch der Gemarkung Achmer, 1876-1956.<\/p>\n\n\n\n<p class=\"has-small-font-size\">Rep 540 Bers Nr. 618 &#8211; Geb\u00e4udebuch der Gemarkung Achmer des Gemeindebeziks Achmer Nr. 93, 1910-1955.<\/p>\n\n\n\n<p class=\"has-small-font-size\">Rep 556 Nr. 2137 &#8211; Holtgreve-St\u00e4tte zu Achmer, 1873.<\/p>\n\n\n\n<p class=\"has-small-font-size\">Rep 556 Nr. 2145 &#8211; Helmich-St\u00e4tte zu Achmer, 1864-1865.<\/p>\n\n\n\n<p class=\"has-small-font-size\">Rep 556 Nr. 2160 &#8211; Kreyenhagen-St\u00e4tte zu Achmer, 1843-1844.<\/p>\n\n\n\n<p class=\"has-small-font-size\">Rep 556 Nr. 2197 &#8211; M\u00f6llmann-St\u00e4tte zu Achmer, 1865.<\/p>\n\n\n\n<p class=\"has-small-font-size\">Rep 556 Nr. 2211 &#8211; Plois-St\u00e4tte zu Achmer, 1845.<\/p>\n\n\n\n<p class=\"has-small-font-size\">Rep 560 III Nr. 720 &#8211; Halters Pr\u00e4dium zu Achmer, 1721-1729.<\/p>\n\n\n\n<p class=\"has-small-font-size\">Rep 560 III Nr. 725 &#8211; Kochs Pr\u00e4dium zu Achmer. 1788.<\/p>\n\n\n\n<p class=\"has-small-font-size\">Rep 950 Bers Akz. 2010\/081 Nr. 6, Nr. 7 &#8211; Erbh\u00f6ferolle von Achmer Band 1 Blatt 1 bis 40 und Band 2 Blatt 41 bis 77.<\/p>\n\n\n\n<p class=\"has-small-font-size\">Rep 950 Bram Nr. 85 bis Nr. 813 \u2013 Testamente: Gr\u00fcnegras, Sutthof, Schoe, Larberg, Renzenbrinck, Opper, Pl\u00fcmer, Brockschmidt, G\u00f6sker, Freese, Hasemann, Gausmann.<\/p>\n<\/div>\n\n\n\n<div class=\"wp-block-column is-layout-flow wp-block-column-is-layout-flow\" style=\"flex-basis:25%\">\n<h3 class=\"wp-block-heading\">Gefallenendenkmal 1. Weltkrieg<\/h3>\n\n\n\n<figure class=\"wp-block-image size-full has-lightbox\"><img loading=\"lazy\" decoding=\"async\" width=\"230\" height=\"306\" src=\"https:\/\/familienforschung-tecklenburger-land.de\/wp-content\/uploads\/2023\/08\/Bild46.jpg\" alt=\"\" class=\"wp-image-3176\" srcset=\"https:\/\/familienforschung-tecklenburger-land.de\/wp-content\/uploads\/2023\/08\/Bild46.jpg 230w, https:\/\/familienforschung-tecklenburger-land.de\/wp-content\/uploads\/2023\/08\/Bild46-225x300.jpg 225w\" sizes=\"auto, (max-width: 230px) 100vw, 230px\" \/><\/figure>\n\n\n\n<h2 class=\"wp-block-heading\"><\/h2>\n\n\n\n<figure class=\"wp-block-image size-full\"><img loading=\"lazy\" decoding=\"async\" width=\"230\" height=\"269\" src=\"https:\/\/familienforschung-tecklenburger-land.de\/wp-content\/uploads\/2023\/08\/Bild47.jpg\" alt=\"\" class=\"wp-image-3177\"\/><\/figure>\n\n\n\n<h2 class=\"wp-block-heading\"><\/h2>\n\n\n\n<figure class=\"wp-block-image size-full\"><img loading=\"lazy\" decoding=\"async\" width=\"230\" height=\"297\" src=\"https:\/\/familienforschung-tecklenburger-land.de\/wp-content\/uploads\/2023\/08\/Bild48.jpg\" alt=\"\" class=\"wp-image-3178\"\/><\/figure>\n\n\n\n<h2 class=\"wp-block-heading\"><\/h2>\n\n\n\n<figure class=\"wp-block-image size-full\"><img loading=\"lazy\" decoding=\"async\" width=\"230\" height=\"266\" src=\"https:\/\/familienforschung-tecklenburger-land.de\/wp-content\/uploads\/2023\/08\/Bild49.jpg\" alt=\"\" class=\"wp-image-3179\"\/><\/figure>\n<\/div>\n<\/div>\n\n\n\n<h2 class=\"wp-block-heading\" id=\"Achmer-Auswanderer\">Auswanderer<\/h2>\n\n\n\n<div class=\"wp-block-columns is-layout-flex wp-container-core-columns-is-layout-9d6595d7 wp-block-columns-is-layout-flex\">\n<div class=\"wp-block-column is-layout-flow wp-block-column-is-layout-flow\" style=\"flex-basis:25%\">\n<h3 class=\"wp-block-heading\">Einige Weblinks:<\/h3>\n\n\n\n<p class=\"has-small-font-size\"><a href=\"http:\/\/www.ancestry.de\/\">ancestry.de:<\/a> Eine umfangreiche Seite f\u00fcr Ahnenforschung. Man kann sich (gegen Geb\u00fchr) registrieren und hat dann Zugriff auf viele interessante Datenbanken (Auswandererlisten, Passagierlisten, US-Volksz\u00e4hlungen, Telefonb\u00fccher, &#8230;)<\/p>\n\n\n\n<p class=\"has-small-font-size\"><a href=\"http:\/\/forum.transoceanic-emigration.net\/\">Forum \u00dcberseeische Auswanderung:<\/a> Ein sehr gut besuchtes Forum \u00fcber Auswanderer. Viele, viele Beitr\u00e4ge, eine wahre Fundgrube.<\/p>\n\n\n\n<p class=\"has-small-font-size\"><a href=\"http:\/\/www.ellisisland.org\/\">Ellis Island:<\/a> Informationsseite \u00fcber die Einwanderung in die U.S.A. ab dem Jahr 1892, in dem Ellis Island er\u00f6ffnet wurde. Man kann dort auch in einer Datenbank Daten suchen.<\/p>\n\n\n\n<p class=\"has-small-font-size\"><a href=\"http:\/\/www.castlegarden.org\/\">Castle Garden:<\/a> Datenbank mit Einwanderern in die U.S.A. 1820 &#8211; 1892. Hier kamen die Immigranten an, bevor es Ellis Island gab.<\/p>\n\n\n\n<p class=\"has-small-font-size\"><a href=\"http:\/\/www.theshipslist.com\/\">The Ships List:<\/a> eine riesige Menge \u00fcber Auswandererschiffe, Passagierlisten, Schiffe allgemein.<\/p>\n\n\n\n<p class=\"has-small-font-size\"><a href=\"http:\/\/home.att.net\/%7Ewee-monster\/\">German Roots, German Genealogy:<\/a> Eine amerikanische Seite \u00fcber deutsche Genealogie-Quellen. Sehr, sehr umfangreich.<\/p>\n\n\n\n<p class=\"has-small-font-size\"><a href=\"http:\/\/www.findagrave.com\/\">Find a grave:<\/a> Millionen Gr\u00e4ber mit ihren Daten online. Hier fand ich die komplette Lebensgeschichte einer Vorfahrin in den U.S.A. und ihrer Familie.<\/p>\n\n\n\n<p class=\"has-small-font-size\"><a href=\"http:\/\/usgenweb.org\/index.shtml\">USGen Web Project:<\/a> Eine riesige Link- und Infosammlung, unterteilt nach Bundessstaaten. Hier die Seite mit einer Einf\u00fchrung in di Ahnenforschung in den USA.<\/p>\n\n\n\n<p class=\"has-small-font-size\"><a href=\"http:\/\/www.census-online.us\/\">Census Online:<\/a> Datenbank mit Volksz\u00e4hlungsdaten aus den U.S.A.<\/p>\n\n\n\n<p class=\"has-small-font-size\"><a href=\"http:\/\/www.passagierlisten.de\/\">Bremer Passagierlisten:<\/a> Auf der Internetseite des Bremer Ahnenforschervereins &#8222;Die Maus&#8220;.<\/p>\n\n\n\n<p class=\"has-small-font-size\"><a href=\"http:\/\/werften.fischtown.de\/archiv\/auswanderung1.html\">Auswandererhafen Bremerhaven:<\/a> Ende des 19. Jahrhunderts hatten Bremen und Bremerhaven sich zum bedeutendsten europ\u00e4ischen Auswanderungshafen entwickelt.<\/p>\n\n\n\n<p class=\"has-small-font-size\"><a href=\"http:\/\/www.archive.nrw.de\/LandesarchivNRW\/abteilungWestfalen\/BilderKartenLogosDateien\/Auswanderer.pdf\">Genealogie im Staatsarchiv:<\/a> Quellen zu Auswanderern aus Westfalen (pdf)<\/p>\n\n\n\n<figure class=\"wp-block-image\"><img decoding=\"async\" src=\"https:\/\/familienforschung-tecklenburger-land.de\/files\/Tecklenburger-Familienforschung\/OSNABRUECK\/Achmer\/Gosmann-Bild15.jpg\" alt=\"\"\/><\/figure>\n<\/div>\n\n\n\n<div class=\"wp-block-column is-layout-flow wp-block-column-is-layout-flow\" style=\"flex-basis:50%\">\n<h3 class=\"wp-block-heading\">Staatsarchiv Osnabr\u00fcck:<\/h3>\n\n\n\n<p class=\"has-small-font-size\">Rep 335 Nr. 772 &#8211; Holzmann, Johann Heinrich, geb. 02.01.1800, Ackermann, ausgewandert 1836 nach Minden.<\/p>\n\n\n\n<p class=\"has-small-font-size\">Rep 335 Nr. 788 &#8211; Meyer, Hermann Balthasar aus Achmer, geb. 29.12.1839 in Pente, Arbeiter in einer Zuckerfabrik, ausgewandert 1856 nach St. Louis. Eine verheiratete Schwester wohnt in St. Louis.<\/p>\n\n\n\n<p class=\"has-small-font-size\">Rep 335 Nr. 788 &#8211; B\u00fcngeler, Hermann Heinrich, geb. 22.11.1841, B\u00e4cker, Elt.: B\u00fcngeler, Ernst Heinrich, Kolon, Gr\u00fcnegras, ausgewandert 1856 nach Pittsburg. Sein Bruder lebt in Pittsburg<\/p>\n\n\n\n<p class=\"has-small-font-size\">Rep 335 Nr. 788 &#8211; Meyer, Hermann Heinrich, geb. 08.10.1837, Achmer, Dienstknecht, Elt.: Meyer, Hermann Rudolph, Heuerling, Achmer, ausgewandert 1856 nach St. Louis. Zwei Schwestern leben seit Jahren in St. Louis.<\/p>\n\n\n\n<p class=\"has-small-font-size\">Rep 335 Nr. 789 &#8211; G\u00f6sker, Johann Heinrich, geb. 19.08.1839, Achmer, Elt.: G\u00f6sker, J.H., mannl., Kolon, Achmer, ausgewandert 1857 nach Amerika.<\/p>\n\n\n\n<p class=\"has-small-font-size\">Rep 335 Nr. 789 &#8211; Busch, Heinrich Wilhelm, geb. 11.01.1838, Achmer, Ackerbauer, Elt.: Busch, m\u00e4nnl. Schullehrer, Achmer, will nach Baltimore, da nicht nachgewiesen werden konnte, da\u00df er ein besseres Fortkommen findet, wurde Konsens nicht erteilt.<\/p>\n\n\n\n<p class=\"has-small-font-size\">Rep 335 Nr. 793 &#8211; Rothert, Hermann Heinrich, geb. 1838, Achmer, ausgewandert 1861 nach Nordamerika.<\/p>\n\n\n\n<p class=\"has-small-font-size\">Rep 335 Nr. 794, Rep 350 Bers Nr. 902 &#8211; Tackenberg, Ernst Heinrich, geb. 13.03.1846, Achmer, ausgewandert 1862 nach New York. Sein Onkel Heinrich Pottebaum lebt in New York und ist z. Zt. wegen einer Badekur in Deutschland und will ihn mitnehmen.<\/p>\n\n\n\n<p class=\"has-small-font-size\">Rep 335 Nr. 794 &#8211; Sch\u00e4uffler, Hermann Friedrich, geb. 25.07.1848, Achmer, Elt.: Sch\u00e4uffler, Friedrich, Heuerling, Achmer, ausgewandert 1863 nach USA.<\/p>\n\n\n\n<p class=\"has-small-font-size\">Rep 335 Nr. 795, Rep 335 Nr. 797 &#8211; Bohnenkamp, Hermann Heinrich Rudolf, geb. 1842, Achmer, Elt.: Bohnenkamp, Franz Heinrich, Heuerling, Achmer, will nach Nordamerika. Sein Zwillingsbruder Johann Heinrich Diedrich dient beim Milit\u00e4r. Konsens nur bei Stellung eines Stellvertreters. Vater stellt einen Stellvertreter.<\/p>\n\n\n\n<p class=\"has-small-font-size\">Rep 335 Nr. 795 &#8211; W\u00fcbbeling, Hermann Friedrich, geb. 14.03.1843, Achmer, Elt.: W\u00fcbbeling, Johann Heinrich, Kolon, Achmer, ausgewandert 1864 nach Amerika.<\/p>\n\n\n\n<p class=\"has-small-font-size\">Rep 335 Nr. 795, Rep 350 Bers Nr. 900 &#8211; Suthof, Ernst Heinrich, geb. 21.03.1847, Achmer, Elt.: S\u00fcthof, Johann Rudolph, Kolon und S\u00fcthof, Margarethe Maria, geb. Meyer, Achmer, ausgewandert 1864 nach Amerika.<\/p>\n\n\n\n<p class=\"has-small-font-size\">Rep 335 Nr. 797, Rep 350 Bers Nr. 888, Rep 350 Bers Nr. 901, Rep 350 Bers Nr. 902 &#8211; Bohnenkamp, Heinrich Rudolph, geb. 09.12.1846, Achmer, Ackermann, Elt.: Bohnenkamp, Heinrich Franz, Heuerling und Bohnenkamp, Anna Maria, geb. J\u00fcngling, Wachum, ausgewandert 1866 nach Cincinnati.<\/p>\n\n\n\n<p class=\"has-small-font-size\">Rep 335 Nr. 797, Rep 350 Bers Nr. 888, Rep 350 Bers Nr. 901 &#8211; Rentzenbrink, Hermann Georg, geb. 29.02.1848, Achmer, Elt.: Rentzenbrink, Hermann Heinrich, K\u00f6tter und Rentzenbrink, Anna Maria, geb. Brinkmann, Achmer, ausgewandert 1866 nach Baltimore mit 30 Reichstaler.<\/p>\n\n\n\n<p class=\"has-small-font-size\">Rep 335 Nr. 798, Rep 350 Bers Nr. 888, Rep 350 Bers Nr. 901 &#8211; M\u00f6llmann, Hermann Willbrand, geb. 05.07.1848, Achmer, Elt.: M\u00f6llmann, Hermann Friedrich Rudolph, Hofbesitzer und M\u00f6llmann, Anne Margarethe, geb. Butke, Dallberg, ausgewandert 1866 nach St. Louis mit 400 Reichstaler.<\/p>\n\n\n\n<p class=\"has-small-font-size\">Rep 335 Nr. 798, Rep 350 Bers Nr. 901 &#8211; Niemann, Hermann Heinrich, geb. 11.04.1849, Achmer, Elt.: Niemann, Johann Rudolph, Hofbesitzer und Niemann, Anne Maria Adelheid, geb. Wehrenberg, Gr\u00fcnengras, ausgewandert 1866 nach Nordamerika.<\/p>\n\n\n\n<p class=\"has-small-font-size\">Rep 335 Nr. 801, Rep 350 Bers Nr. 902 &#8211; Thomann, Hermann Johann Heinrich, geb. 30.05.1850, Achmer, Elt.: Thomann, Johann Rudolph, K\u00f6tter und Thomann, Cathrine Regine, geb. Brockmann, Barberg, ausgewandert 1867 nach St. Louis.<\/p>\n\n\n\n<p class=\"has-small-font-size\">Rep 335 Nr. 803, Rep 350 Bers Nr. 903 \u2013 Gr\u00fcnegans (Gr\u00fcnegras), Rudolf Heinrich, geb. 05.11.1851, Achmer, Elt.: Gr\u00fcnegras, Hermann Heinrich, Hofbesitzer und Gr\u00fcnegras, Margrethe Charlotte, geb. Rothert,Gr\u00fcnegras, und Bevernf\u00f6rden, Hermann Heinrich Friedrich, geb. 30.12.1852, Bramsche, ausgewandert 1868 nach Nordamerika.<\/p>\n\n\n\n<p class=\"has-small-font-size\">Rep 335 Nr. 803, Rep 350 Bers Nr. 903 &#8211; Renzenbrink, Hermann Wilhelm, geb. 03.02.1850, Achmer, Musikus, Elt.: Renzenbrink, Hermann, K\u00f6tter und Renzenbrink, Anne Marie, geb. Brinkmann, Achme ausgewandert 1868 nach Pittsburg. Hat einen Brief seines Bruders Georg aus Pittsburgh vom 28.07.1867.<\/p>\n\n\n\n<p class=\"has-small-font-size\">Rep 335 Nr. 804, Rep 350 Bers Nr. 903 &#8211; Larberg, Heinrich Wilhelm, geb. 29.10.1853, Achmer, Elt.: Larberg sive Gerken-Larberg, Johann Heinrich (+) Hofbesitzer und Larberg, Anne Maria, geb. Heckert, Achmer, ausgewandert 1868 nach Nordamerika.<\/p>\n\n\n\n<p class=\"has-small-font-size\">Rep 335 Nr. 804 &#8211; Auf dem Thy, Johann Rudolph, geb. 22.04.1846 in S\u00f6geln, Elt.: Auf dem Thy, Joh. Rudolph, Heuerling, S\u00f6geln, und Auf dem Thy, Hermann Heinrich Willbrand, geb. 18.04.1856, Bruder, Achmer, mit ganzer Familie ausgewandert 1868 nach Nordamerika.<\/p>\n\n\n\n<p class=\"has-small-font-size\">Rep 335 Nr. 804, Rep 350 Bers Nr. 903 &#8211; Hoffeld, Hermann Heinrich, geb. 13.03.1853, Achmer, Elt.: Hoffeld, Johann Heinrich, Heuerling und Hoffeld, Helene Charlotte, geb. Sch\u00e4fer, T\u00f6mmern, mit Hoffeld, Johann Heinrich, geb. 06.02.1855, Bruder, und Eltern ausgewandert 1868 nach Nordamerika.<\/p>\n\n\n\n<p class=\"has-small-font-size\">Rep 335 Nr. 804, Rep 350 Bers Nr. 903, Rep 350 Bers Nr. 1010 &#8211; Grotthaus, Hermann Heinrich, geb. 27.05.1851, Achmer, Elt.: Grotthaus, Hermann Wilhelm und Grotthaus, Anna Catharina, geb. Beckmann, ausgewandert 1868 nach Nordamerika. Vater ist 1860 nach Nordamerika ausgewandert.<\/p>\n\n\n\n<p class=\"has-small-font-size\">Rep 335 Nr. 804, Rep 350 Bers Nr. 903, Rep 350 Bers Nr. 1010 &#8211; Hoffeld, Friedrich Wilhelm, geb. 14.09.1848, Achmer, Elt.: Hoffeld, Johann Heinrich, Heuerling und Hoffeld, Helene Charlotte, geb. Sch\u00e4fer, Achmer, ausgewandert mit Eltern und Geschwistern 1868 nach Nordamerika.<\/p>\n\n\n\n<p class=\"has-small-font-size\">Rep 335 Nr. 805, Rep 350 Bers Nr. 903, Rep 350 Bers Nr. 1010 &#8211; Heuermann, Hermann Rudolph, geb. 30.07.1850 (22.09.1850), Achmer, Elt.: Heuermann, Friedrich Wilhelm und Heuermann, Anna Margaretha Maria, geb. Sander, Achmer, ausgewandert mit Mutter und Geschwister 1868 nach Baltimore oder Bonn\/Wash. County. Hat einen Brief am 02.02.1868 von H. Heuermann aus Baltimore erhalten.<\/p>\n\n\n\n<p class=\"has-small-font-size\">Rep 335 Nr. 6016 &#8211; Borchert, Rudolf, geb. 1841, Achmer, durch Auswanderung 1866 der Milit\u00e4rpflicht entzogen.<\/p>\n\n\n\n<p class=\"has-small-font-size\">Rep 335 Nr. 6016 &#8211; Gogrefe, Johann Heinrich, aus Achmer, geb. 1839, ausgewandert 1866 und 1868 nach Achmer zur\u00fcckgekehrt; wohnt bei seinem Vater und soll gem\u00fctskrank sein.<\/p>\n\n\n\n<p class=\"has-small-font-size\">Rep 350 Bers Nr. 888 &#8211; Schwankhaus, m\u00e4nnl., Heuerling, mit Frau und 2 Kinder, ausgewandert 1867 nach Amerika.<\/p>\n\n\n\n<p class=\"has-small-font-size\">Rep 350 Bers Nr. 888 &#8211; Sachtleben, Joh. Heinr., Achmer, ausgewandert mit 8 Personen 1868 nach Amerika.<\/p>\n\n\n\n<p class=\"has-small-font-size\">Rep 350 Bers Nr. 888 &#8211; Burlage, Elise Margarethe, Achmer, Haustochter, ausgewandert 1866 nach New Orleans.<\/p>\n\n\n\n<p class=\"has-small-font-size\">Rep 350 Bers Nr. 888 &#8211; Schemme, Wilhelmine, Achmer, Haustochter, ausgewandert 1866 nach St. Louis.<\/p>\n\n\n\n<p class=\"has-small-font-size\">Rep 350 Bers Nr. 888 &#8211; V\u00f6geding, Ch. D., m\u00e4nnl., ausgewandert mit Ehefrau 1868 nach Amerika.<\/p>\n\n\n\n<p class=\"has-small-font-size\">Rep 350 Bers Nr. 888 &#8211; Thomann, Herm Rud., Ackermann, ausgewandert 1866 nach Baltimore mit 80 Reichstaler.<\/p>\n\n\n\n<p class=\"has-small-font-size\">Rep 350 Bers Nr. 888 &#8211; Bohnenkamp, Herm Heinrich Rudolph, Achmer, Haussohn, ausgewandert 1866 nach New York.<\/p>\n\n\n\n<p class=\"has-small-font-size\">Rep 350 Bers Nr. 888 &#8211; B\u00fcngeler, Joh. Heinrich, Achmer, Ackermann, ausgewandert 1866 nach Baltimore.<\/p>\n\n\n\n<p class=\"has-small-font-size\">Rep 350 Bers Nr. 888 &#8211; Stinker, Herm. Rud., Achmer, Ackermann, ausgewandert 1865 nach New York.<\/p>\n\n\n\n<p class=\"has-small-font-size\">Rep 350 Bers Nr. 888 &#8211; Hofeld, Annemarie, Achmer, Haustochter, ausgewandert 1866 nach Cincinnati.<\/p>\n\n\n\n<p class=\"has-small-font-size\">Rep 350 Bers Nr. 888 &#8211; Stehr, Johann Rudolph, Achmer, Ackermann, ausgewandert 1865 nach Baltimore.<\/p>\n\n\n\n<p class=\"has-small-font-size\">Rep 350 Bers Nr. 888 &#8211; Stienker, Joh. Heinr., Achmer, Ackermann, ausgewandert 1864 nach Baltimore.<\/p>\n\n\n\n<p class=\"has-small-font-size\">Rep 350 Bers Nr. 888 &#8211; Stenker, Christ. Heinr., Achmer, Ackermann, ausgewandert mit Frau und 3 Kindern 1864 nach Baltimore.<\/p>\n\n\n\n<p class=\"has-small-font-size\">Rep 350 Bers Nr. 888 &#8211; Sch\u00e4uflen, Andreas, Achmer, Arbeiter, mit Ehefrau ausgewandert 1864 nach New York.<\/p>\n\n\n\n<p class=\"has-small-font-size\">Rep 350 Bers Nr. 888 &#8211; Stenker, Christ. Heinr., ausgewandert mit Frau 1864 nach New York.<\/p>\n\n\n\n<p class=\"has-small-font-size\">Rep 350 Bers Nr. 888 &#8211; Sch\u00e4fer, Marie Ad., Achmer, ausgewandert 1868 nach Amerika.<\/p>\n\n\n\n<p class=\"has-small-font-size\">Rep 350 Bers Nr. 888 &#8211; Winkelmann, Cath. Marie, Achmer, Haustochter, ausgewandert 1866 nach Cincinnati.<\/p>\n\n\n\n<p class=\"has-small-font-size\">Rep 350 Bers Nr. 888 &#8211; Schl\u00fcter, Anna Regine, Achmer, ausgewandert 1870 nach Amerika.<\/p>\n\n\n\n<p class=\"has-small-font-size\">Rep 350 Bers Nr. 888 &#8211; Linnenberg, Joh. Frdr., m\u00e4nnl., Achmer, Ackermann, ausgewandert mit 3 Kinder 1870 nach Cincinnati.<\/p>\n\n\n\n<p class=\"has-small-font-size\">Rep 350 Bers Nr. 888 &#8211; Hollenbeck, weibl., Achmer, Heuerfrau, ausgewandert mit 4 Kindern 1864 nach Baltimore.<\/p>\n\n\n\n<p class=\"has-small-font-size\">Rep 350 Bers Nr. 888 &#8211; Kelners, Lisette, Achmer, Haustochter, ausgewandert 1866 nach New York.<\/p>\n\n\n\n<p class=\"has-small-font-size\">Rep 350 Bers Nr. 888 &#8211; Kn\u00f6lker, Margarethe, Achmer, Haustochter, ausgewandert 1866 nach Cincinnati.<\/p>\n\n\n\n<p class=\"has-small-font-size\">Rep 350 Bers Nr. 888 &#8211; Niemann, Joh. Herm. Heinrich, Achmer, Ackermann, ausgewandert 1866 nach St Louis.<\/p>\n\n\n\n<p class=\"has-small-font-size\">Rep 350 Bers Nr. 888 &#8211; Ladberg, Wilh. Gecke, Achmer, ausgewandert 1868 nach Amerika.<\/p>\n\n\n\n<p class=\"has-small-font-size\">Rep 350 Bers Nr. 888, Rep 350 Bers Nr. 903 &#8211; Hoffeld, Johann Heinrich, Achmer, geb. 06.02.1855, Elt.: Hoffeld, Johann Heinrich, senior, Heuerling und Hoffeld, Helene Charlotte, geb. Sch\u00e4fer, T\u00f6mmern, ausgewandert mit 7 Personen 1868 nach Nordamerika.<\/p>\n\n\n\n<p class=\"has-small-font-size\">Rep 350 Bers Nr. 903 &#8211; Sachteleben, Hermann Heinrich, geb. 16.09.1853, Elt.: Sachteleben, Johann Heinrich, geb. 15.12.1822, Heuerling, Engter und Sachteleben, Maria Wilhelmine, geb. M\u00f6llmann, geb. 03.08.1824, Hemke, getraut am 16.05.1850 in Bramsche, und Sachteleben, Hermann Rudolph, geb. 12.10.1857, Bruder, Sachteleben, Johann Ernst, Heuerling und Sachteleben, Cathrine Elisabeth, geb. Tappe, Eltern des Vaters, M\u00f6llmann-Dallberg, Hermann Friedrich Rudolph, Hofbesitzer und M\u00f6llmann-Dallberg, Anna Marie, geb. Butke, Eltern der Mutter, alle ausgewandert 1868 nach Nordamerika.<\/p>\n\n\n\n<p class=\"has-small-font-size\">Rep 350 Bers Nr. 903 &#8211; Heye, weibl., Witwe, Achmer, ausgewandert nach Amerika. Hat ihre Abreise nicht bekanntgemacht und stellt daher 2 B\u00fcrgen f\u00fcr etwaige Forderungen an sie.<\/p>\n<\/div>\n\n\n\n<div class=\"wp-block-column is-layout-flow wp-block-column-is-layout-flow\" style=\"flex-basis:25%\">\n<h3 class=\"wp-block-heading\">Personen aus Achmer in den Niederlanden<\/h3>\n\n\n\n<p class=\"has-small-font-size\"><strong>Wir bieten umfangreiche <a href=\"https:\/\/familienforschung-tecklenburger-land.de\/index.php?id=991\">Personenlisten zum Herunterladen<\/a> an:<\/strong><\/p>\n\n\n\n<ul class=\"wp-block-list\">\n<li class=\"has-small-font-size\"><a href=\"https:\/\/familienforschung-tecklenburger-land.de\/index.php?id=991\"><strong>Personen in niederl\u00e4ndischen Lidmatenregistern<\/strong><\/a>; aus Achmer z.B. Johan Arend Broeksmid (Brockschmidt)<\/li>\n\n\n\n<li class=\"has-small-font-size\"><a href=\"https:\/\/familienforschung-tecklenburger-land.de\/index.php?id=991\"><strong>Heiraten in den Niederlanden<\/strong><\/a>; mit Personen aus Achmer z.B. Goesman, Johan Hindrik; Grotthaus, Heinrich Rudolf; Schwarberg, Hermann Heinrich; Stehr, Anna Elise<\/li>\n<\/ul>\n\n\n\n<h3 class=\"wp-block-heading\">Hermann Knoelker<\/h3>\n\n\n\n<p class=\"has-small-font-size\"><a href=\"http:\/\/www.die-maus-bremen.de\/Datenbanken\/auswanderer\/passagierli\/index.php?lang=de\">Hermann <\/a><strong><a href=\"http:\/\/www.die-maus-bremen.de\/Datenbanken\/auswanderer\/passagierli\/index.php?lang=de\">Knoelker<\/a>,<\/strong> 26 Jahre, ledig, Schlossergeselle, fuhr am 03 Oktober 1925 auf dem Schiff &#8218;M\u00fcnchen&#8216; von Bremen nach New York.<\/p>\n\n\n\n<h3 class=\"wp-block-heading\">Auswanderer aus Achmer bei Castle Garden:<\/h3>\n\n\n\n<p class=\"has-small-font-size\"><a href=\"http:\/\/www.castlegarden.org\/search_02.php?m_ship=&amp;po_port=&amp;p_first_name=&amp;p_last_name=&amp;o_occ=&amp;co_country=&amp;province=&amp;town=achmer&amp;m_arr_date_start=1820&amp;m_arr_date_end=1913&amp;submit.x=0&amp;submit.y=0\">16 Passagiere <\/a>aus Achmer zwischen 1820 und 1913 (teilweise andere Schreibweisen)<\/p>\n\n\n\n<h3 class=\"wp-block-heading\">Schwarbach in New York<\/h3>\n\n\n\n<p class=\"has-small-font-size\"><a href=\"http:\/\/forum.ahnenforschung.net\/showthread.php?t=4775&amp;page=12\">Schwarbach<\/a> aus Achmer, Passagier-Liste Schiff Ammerland am 20.Sept. 1850 von Bremen nach New York<\/p>\n\n\n\n<h3 class=\"wp-block-heading\">Schumacher-Hardy in der NOZ:<\/h3>\n\n\n\n<p class=\"has-small-font-size\"><strong>Neue Osnabr\u00fccker Zeitung 03. August 2004:<\/strong><br><a href=\"http:\/\/www.noz.de\/lokales\/6700040\/amerikaner-auf-den-spuren-seiner-vorfahren\"><strong>Amerikaner auf den Spuren seiner Vorfahren<\/strong><\/a><br>Aus Lancaster im US-Bundesstaat Massachussets ist John Charles Schumacher-Hardy angereist, um im Bramscher Raum nach Spuren seiner deutschen Vorfahren zu suchen, und wurde in Achmers Bauerschaft Hemke f\u00fcndig.<br>Die Vorfahren des Amerikaners stammen von dem Vollerbenhof Schuhmacher in Achmer-Hemke. Der Heuermann Hermann Heinrich Schuhmacher wanderte im Jahre 1846 zusammen mit seiner zweiten Ehefrau Maria Agnes, geborene Wilcker, und seinen sechs Kindern aus erster Ehe nach Amerika aus. Diese Informationen hatte John Schumacher-Hardy bereits \u00fcber einen von ihm beauftragten deutschen Genealogen in Erfahrung gebracht.<\/p>\n<\/div>\n<\/div>\n\n\n\n<h2 class=\"wp-block-heading\">Karten und Pl\u00e4ne<\/h2>\n\n\n\n<div class=\"wp-block-columns is-layout-flex wp-container-core-columns-is-layout-9d6595d7 wp-block-columns-is-layout-flex\">\n<div class=\"wp-block-column is-layout-flow wp-block-column-is-layout-flow\" style=\"flex-basis:25%\"><\/div>\n\n\n\n<div class=\"wp-block-column is-layout-flow wp-block-column-is-layout-flow\" style=\"flex-basis:50%\"><\/div>\n\n\n\n<div class=\"wp-block-column is-layout-flow wp-block-column-is-layout-flow\" style=\"flex-basis:25%\"><\/div>\n<\/div>\n\n\n\n<h2 class=\"wp-block-heading\" id=\"Achmer-Literatur\">Literatur<\/h2>\n\n\n\n<div class=\"wp-block-columns is-layout-flex wp-container-core-columns-is-layout-9d6595d7 wp-block-columns-is-layout-flex\">\n<div class=\"wp-block-column is-layout-flow wp-block-column-is-layout-flow\" style=\"flex-basis:25%\"><\/div>\n\n\n\n<div class=\"wp-block-column is-layout-flow wp-block-column-is-layout-flow\" style=\"flex-basis:50%\">\n<p class=\"has-small-font-size\">Persicke, G\u00fcnter: 750 Jahre Achmer. Zwischen Gehen und Hase. Jubil\u00e4umsjahr 1993, Bramsche 1993.<\/p>\n\n\n\n<p class=\"has-small-font-size\">Dorfgemeinschaftsanlage Achmer 1969<\/p>\n\n\n\n<p class=\"has-small-font-size\">Heimatverein Achmer: Jahreshefte \u201eAchmer zwischen Gehen und Hase\u201c, seit 1992.<\/p>\n\n\n\n<p class=\"has-small-font-size\">Fundplatz von Achmer, in Ausgrabungen in Niedersachsen Arch\u00e4ologische Denkmalpflege 1979 &#8211; 1984, Stuttgart 1985.<\/p>\n<\/div>\n\n\n\n<div class=\"wp-block-column is-layout-flow wp-block-column-is-layout-flow\" style=\"flex-basis:25%\">\n<h3 class=\"wp-block-heading\">Beitr\u00e4ge in Zeitungen:<\/h3>\n\n\n\n<p class=\"has-small-font-size\">Dobelmann, Werner: Aus der Geschichte der Bauerschaft Achmer, in: Am heimatlichen Herd \u2013 Heimatblatt 5 (1954), Nr. 5 (April 1954).<\/p>\n<\/div>\n<\/div>\n\n\n\n<h2 class=\"wp-block-heading\" id=\"Achmer-Suchanfragen\">Suchanfragen<\/h2>\n\n\n\n<div class=\"wp-block-columns is-layout-flex wp-container-core-columns-is-layout-9d6595d7 wp-block-columns-is-layout-flex\">\n<div class=\"wp-block-column is-layout-flow wp-block-column-is-layout-flow\" style=\"flex-basis:25%\">\n<h3 class=\"wp-block-heading\">Hasemann<\/h3>\n\n\n\n<p class=\"has-small-font-size\">Ich suche f\u00fcr Franz Johann Hasemann. Ich glaube dass ihren Eltern k\u00f6nnte Marieke Hasemann und Joann Weichmann sein. Marieke 1641-1711. Leben in Achmer nr. 5. Franz war vielleicht im Oldendorf geburen, aber dass weiss ich nicht genau.<\/p>\n\n\n\n<p class=\"has-small-font-size\">Hertzliche Gr\u00fcsse Ib <a href=\"mailto:Ibhasemannryden@gmail.com\">Hasemann Ryd\u00e9n<\/a>, D\u00e4nemark<\/p>\n<\/div>\n\n\n\n<div class=\"wp-block-column is-layout-flow wp-block-column-is-layout-flow\" style=\"flex-basis:50%\">\n<h3 class=\"wp-block-heading\">M\u00f6chten Sie auch eine Anfrage ver\u00f6ffentlichen?<\/h3>\n\n\n\n<p class=\"has-small-font-size\"><strong>Wenn jemand genealogische Kontakte kn\u00fcpfen m\u00f6chte oder Hilfe bei einem schwierigen Fall ben\u00f6tigt, ver\u00f6ffentlichen wir hier gern eine Anfrage.<\/strong><\/p>\n\n\n\n<p class=\"has-small-font-size\">Hier k\u00f6nnen Sie uns Ihre Suchanfrage \u00fcbermitteln:<\/p>\n\n\n\n<p class=\"has-small-font-size\">Sie k\u00f6nnen uns eine E-Mail mit Ihrer Suchanfrage schicken: <a href=\"mailto:admin@te-gen.de\">admin@te-gen.de<\/a> Bitte tragen Sie in die Mail ein, nach welchen Personen oder Namen Sie suchen, in welchem Ort Sie suchen, wenn Sie m\u00f6chten, Ihren Namen, welche Daten (Geburt, Heirat, Tod, andere) Ihnen vorliegen. Wenigstens ein Zeitraum w\u00e4re gut. Wir werden Ihre Anfrage dann an dieser Stelle ver\u00f6ffentlichen. Bitte beachten Sie, dass dies einige Tage dauern kann. Ihre Anfrage wird automatisch auch an unsere Mailingliste weitergeleitet.<\/p>\n<\/div>\n\n\n\n<div class=\"wp-block-column is-layout-flow wp-block-column-is-layout-flow\" style=\"flex-basis:25%\">\n<h3 class=\"wp-block-heading\">Bremer<\/h3>\n\n\n\n<p class=\"has-small-font-size\">Ich suche mehr \u00fcber Familie Bremer (Achmer\/Hemke) Gru\u00df, <a href=\"mailto:h.bremer@osnanet.de\">H.Bremer<\/a><\/p>\n\n\n\n<h3 class=\"wp-block-heading\">Stehr &amp; M\u00f6llmann<\/h3>\n\n\n\n<p class=\"has-small-font-size\">Guten Tag, ich suche Geschwister und Nachfahren von: Wilhelm Stehr, *02.09.1830 in Achmer, +12.02.1905 in Achmer: Hochzeit am? mit Marie M\u00f6llmann, *13.09.1846 in Kalkriese, + ca. 1918 in Achmer. Er ist mein Ur-Urgro\u00dfvater. Vielen Dank f\u00fcr eine kurze Nachricht.<\/p>\n\n\n\n<p class=\"has-small-font-size\">Mit freundlichen, Gr\u00fc\u00dfen <a href=\"mailto:gisi.karrer@gmx.de\">Gisela Karrer<\/a><\/p>\n<\/div>\n<\/div>\n","protected":false},"excerpt":{"rendered":"<p>Die Seiten \u00fcber Achmer wurden zusammengestellt von Heinrich Gosmann. Weiteres vor Ort: Heimatverein Achmer mit Heimathaus \u201eWackumer Dannen\u201c Die Jahreshefte &#8222;Achmer zwischen Gehn und Hase&#8220; sind die kontinuierliche Publikation der Erkenntnisse zur Ortsgeschichte und Heimatkunde. B\u00fcrgermeister: Ortsb\u00fcrgermeister Zur Geschichte Ortsbeschreibung: 1160 wurde ein Lachenbure unbekannter Lage beurkundet; 1186 ein Achenbure. M\u00f6glicherweise handelt es sich um&#8230;<\/p>\n","protected":false},"author":4,"featured_media":0,"parent":0,"menu_order":52,"comment_status":"closed","ping_status":"closed","template":"","meta":{"_coblocks_attr":"","_coblocks_dimensions":"","_coblocks_responsive_height":"","_coblocks_accordion_ie_support":"","footnotes":""},"class_list":["post-341","page","type-page","status-publish","hentry"],"_links":{"self":[{"href":"https:\/\/familienforschung-tecklenburger-land.de\/index.php?rest_route=\/wp\/v2\/pages\/341","targetHints":{"allow":["GET"]}}],"collection":[{"href":"https:\/\/familienforschung-tecklenburger-land.de\/index.php?rest_route=\/wp\/v2\/pages"}],"about":[{"href":"https:\/\/familienforschung-tecklenburger-land.de\/index.php?rest_route=\/wp\/v2\/types\/page"}],"author":[{"embeddable":true,"href":"https:\/\/familienforschung-tecklenburger-land.de\/index.php?rest_route=\/wp\/v2\/users\/4"}],"replies":[{"embeddable":true,"href":"https:\/\/familienforschung-tecklenburger-land.de\/index.php?rest_route=%2Fwp%2Fv2%2Fcomments&post=341"}],"version-history":[{"count":5,"href":"https:\/\/familienforschung-tecklenburger-land.de\/index.php?rest_route=\/wp\/v2\/pages\/341\/revisions"}],"predecessor-version":[{"id":3180,"href":"https:\/\/familienforschung-tecklenburger-land.de\/index.php?rest_route=\/wp\/v2\/pages\/341\/revisions\/3180"}],"wp:attachment":[{"href":"https:\/\/familienforschung-tecklenburger-land.de\/index.php?rest_route=%2Fwp%2Fv2%2Fmedia&parent=341"}],"curies":[{"name":"wp","href":"https:\/\/api.w.org\/{rel}","templated":true}]}}