{"id":338,"date":"2023-02-26T19:03:34","date_gmt":"2023-02-26T18:03:34","guid":{"rendered":"https:\/\/familienforschung-tecklenburger-land.de\/?page_id=338"},"modified":"2023-08-02T08:04:36","modified_gmt":"2023-08-02T07:04:36","slug":"osnabrueck-nord","status":"publish","type":"page","link":"https:\/\/familienforschung-tecklenburger-land.de\/?page_id=338","title":{"rendered":"Osnabr\u00fcck Nord"},"content":{"rendered":"\n<div class=\"wp-block-columns is-layout-flex wp-container-core-columns-is-layout-9d6595d7 wp-block-columns-is-layout-flex\">\n<div class=\"wp-block-column is-layout-flow wp-block-column-is-layout-flow\" style=\"flex-basis:25%\">\n<h3 class=\"wp-block-heading\">Ausfl\u00fcge in die Geschichte:<\/h3>\n\n\n\n<p class=\"has-small-font-size\"><a href=\"http:\/\/www.osnabruecker-land.de\/staticsite\/staticsite.php?menuid=119&amp;topmenu=3\">Die Nieders\u00e4chsische M\u00fchlen-Tour<\/a>: an der 365 km langen Strecke liegen historische M\u00fchlen.<\/p>\n\n\n\n<p class=\"has-small-font-size\"><a href=\"http:\/\/www.osnabruecker-land.de\/staticsite\/staticsite.php?menuid=125&amp;topmenu=3\">Die Schl\u00f6sser-Tour<\/a>: f\u00fchrt durch das \u00f6stliche Osnabr\u00fccker Land<\/p>\n\n\n\n<p class=\"has-small-font-size\"><a href=\"http:\/\/www.osnabruecker-land.de\/staticsite\/staticsite.php?menuid=130&amp;topmenu=3\">Die Friedensroute Osnabr\u00fcck-M\u00fcnster<\/a>: mit dem Fahrrad auf historischen Reiterpfaden<\/p>\n\n\n\n<p class=\"has-small-font-size\"><a href=\"http:\/\/www.osnabruecker-land.de\/staticsite\/staticsite.php?menuid=208&amp;topmenu=3\">Die Grenzg\u00e4ngerroute<\/a>: man passiert Kreis- und Gemeindegrenzen, Konfessionsgrenzen, Landesgrenzen.<\/p>\n\n\n\n<p class=\"has-small-font-size\"><a href=\"http:\/\/www.osnabruecker-land.de\/staticsite\/staticsite.php?menuid=144&amp;topmenu=3\">Der H\u00fcnenweg<\/a>: 208 km entlang vieler Megalithgr\u00e4ber<\/p>\n\n\n\n<p class=\"has-small-font-size\"><a href=\"http:\/\/www.osnabruecker-land.de\/staticsite\/staticsite.php?menuid=145&amp;topmenu=3\">Der M\u00fchlenweg<\/a>: durch Wersen, Engter, Venne, Ostercappeln, Vehrte, Belm, Rulle, Lechtingen, Wallenhorst und Hollage.<\/p>\n\n\n\n<p class=\"has-small-font-size\"><a href=\"http:\/\/www.handelsweg.com\/\">Der Handelsweg<\/a>: Wandern im deutsch-niederl\u00e4ndischen Grenzgebiet, von Osnabr\u00fcck nach Deventer auf den Spuren reisender H\u00e4ndler.<\/p>\n\n\n\n<p class=\"has-small-font-size\">Historische Eisenbahnfahrten mit dem <a href=\"http:\/\/www.eisenbahn-tradition.de\/Start-Deutsch.htm\">Haller Willem<\/a><\/p>\n\n\n\n<h3 class=\"wp-block-heading\">Die Bramscher Stadtteile:<\/h3>\n\n\n\n<figure class=\"wp-block-image\"><img decoding=\"async\" src=\"https:\/\/familienforschung-tecklenburger-land.de\/assets\/images\/6\/Bramscher%20Ortsteile-9e430c06.jpg\" alt=\"\"\/><\/figure>\n<\/div>\n\n\n\n<div class=\"wp-block-column is-layout-flow wp-block-column-is-layout-flow\" style=\"flex-basis:50%\">\n<h2 class=\"wp-block-heading\">Zur Geschichte Osnabr\u00fccks<\/h2>\n\n\n\n<p class=\"has-small-font-size\">Eine Fernhandelsstra\u00dfe durchquerte die Hase an einer Furt, durch die auch die Ochsen der Bauern getrieben wurden. Sp\u00e4ter wurde an nahe gelegener Stelle eine Br\u00fccke gebaut. Der Name entstand dabei aus einer Verbindung der niederdeutschen W\u00f6rter \u201eOssen\u201c (Ochse) und \u201eBr\u00fcgge\u201c (Br\u00fccke) als \u201eOssenbr\u00fcgge\u201c, das sp\u00e4ter zu Osnabr\u00fcck wurde. Nach einer anderen Deutung soll sich der Name vom germanischen Namen der Hase herleiten, germanisch \u201eOsna\u201c oder \u201eOsen\u201c: Br\u00fccke \u00fcber die Hase.<\/p>\n\n\n\n<p class=\"has-small-font-size\">Osnabr\u00fcck entwickelte sich als Markt um den 780 von Karl dem Gro\u00dfen gegr\u00fcndeten Bischofssitz. Im Heiligen R\u00f6mischen Reich geh\u00f6rte Osnabr\u00fcck bis 1803 zum gleichnamigen Hochstift. Die \u00e4lteste Stadtverfassung, die Sate, stammt von 1348. Zu dieser Zeit entstanden auch die Laischaften, von denen die Heger Laischaft und die Herrenteichslaischaft bis heute existieren.<\/p>\n\n\n\n<p class=\"has-small-font-size\">In der Zeit um 1640 bem\u00fchte sich die Stadt vergeblich mehrfach um den Status einer reichsfreien Stadt. Die Regelung \u201eCuius regio, eius religio\u201c, (lateinisch, im damaligen Sprachgebrauch: wes der F\u00fcrst, des der Glaub&#8216;) wurde in Osnabr\u00fcck als Sonderfall gehandhabt. Bis zur S\u00e4kularisierung wechselte jeweils nach dem Tode des Amtsinhabers die Konfessionszugeh\u00f6rigkeit des F\u00fcrstbischofs. Somit l\u00f6sten sich katholische und evangelische F\u00fcrstbisch\u00f6fe als Herrscher ab. Die Konfessionszugeh\u00f6rigkeit der Untertanen blieb davon unber\u00fchrt.<\/p>\n\n\n\n<p class=\"has-small-font-size\">Am 18. Juni 1815 nahmen etwa 400 Osnabr\u00fccker Soldaten an der Schlacht bei Waterloo teil. Zu Ehren dieser Krieger stiftete Gerhard Friedrich von G\u00fclich das Waterloo-Tor am Heger Tor mit der Inschrift: \u201eDen Osnabr\u00fcckischen Kriegern, die bei Waterloo den 18. Juni 1815 deutschen Muth bewiesen, widmet dieses Denkmal G. F. v. G\u00fclich D.R.D.R.\u201c.<br><br>Mit dem K\u00f6nigreich Hannover kam Osnabr\u00fcck 1866 zum K\u00f6nigreich Preu\u00dfen und wurde 1885 Sitz des Regierungsbezirks Osnabr\u00fcck. Diesen Status verlor es erst 1977 bei der Gebietsreform, als der Regierungsbezirk Weser-Ems geschaffen wurde, f\u00fcr den Oldenburg als Sitz bestimmt wurde, wobei jedoch in Osnabr\u00fcck eine Au\u00dfenstelle der Bezirksregierung verblieb. 2004 wurde der Regierungsbezirk Weser-Ems aufgel\u00f6st. Ferner ist die Stadt Osnabr\u00fcck der Sitz des Landkreises Osnabr\u00fcck.<\/p>\n\n\n\n<h3 class=\"wp-block-heading\">\u00c4mter:<\/h3>\n\n\n\n<p class=\"has-small-font-size\">Das Hochstift war in die \u00c4mter<\/p>\n\n\n\n<ul class=\"wp-block-list\">\n<li class=\"has-small-font-size\">F\u00fcrstenau,<\/li>\n\n\n\n<li class=\"has-small-font-size\">Iburg,<\/li>\n\n\n\n<li class=\"has-small-font-size\">Gr\u00f6nenberg,<\/li>\n\n\n\n<li class=\"has-small-font-size\">V\u00f6rden,<\/li>\n\n\n\n<li class=\"has-small-font-size\">Wittlage,<\/li>\n\n\n\n<li class=\"has-small-font-size\">Hunteburg,<\/li>\n\n\n\n<li class=\"has-small-font-size\">Reckenberg<\/li>\n\n\n\n<li class=\"has-small-font-size\">und die autonome Landstadt Osnabr\u00fcck unterteilt.<\/li>\n<\/ul>\n\n\n\n<figure class=\"wp-block-image\"><img decoding=\"async\" src=\"https:\/\/familienforschung-tecklenburger-land.de\/assets\/images\/5\/Osnabrueck-1794-32abc055.jpg\" alt=\"\"\/><\/figure>\n\n\n\n<p class=\"has-small-font-size\"><strong><a href=\"http:\/\/commons.wikimedia.org\/wiki\/File:Reilly_277.jpg\">Das Hochstift Osnabr\u00fcck<\/a><\/strong>. Nro. 277. Franz Johann Joseph von Reilly, 1794\/95<\/p>\n\n\n\n<p><a href=\"https:\/\/familienforschung-tecklenburger-land.de\/files\/Tecklenburger-Familienforschung\/OSNABRUECK\/Bramsche\/Bramscher%20Ortsteile.jpg\"><\/a><\/p>\n<\/div>\n\n\n\n<div class=\"wp-block-column is-layout-flow wp-block-column-is-layout-flow\" style=\"flex-basis:25%\">\n<p><a href=\"https:\/\/familienforschung-tecklenburger-land.de\/files\/Tecklenburger-Familienforschung\/OSNABRUECK\/Fuerstentum%20Osnabrueck-Karte.jpg\"><\/a><\/p>\n\n\n\n<figure class=\"wp-block-image size-full has-lightbox\"><img loading=\"lazy\" decoding=\"async\" width=\"600\" height=\"710\" src=\"https:\/\/familienforschung-tecklenburger-land.de\/wp-content\/uploads\/2023\/05\/grafik-44.png\" alt=\"\" class=\"wp-image-2743\" srcset=\"https:\/\/familienforschung-tecklenburger-land.de\/wp-content\/uploads\/2023\/05\/grafik-44.png 600w, https:\/\/familienforschung-tecklenburger-land.de\/wp-content\/uploads\/2023\/05\/grafik-44-254x300.png 254w\" sizes=\"auto, (max-width: 600px) 100vw, 600px\" \/><\/figure>\n\n\n\n<p class=\"has-small-font-size\">Das F\u00fcrstbistum Osnabr\u00fcck <\/p>\n\n\n\n<p><a href=\"https:\/\/familienforschung-tecklenburger-land.de\/files\/Tecklenburger-Familienforschung\/OSNABRUECK\/Bersenbrueck\/Landkreis-Bersenbrueck-1972.jpg\"><\/a><\/p>\n\n\n\n<figure class=\"wp-block-image size-full has-lightbox\"><img loading=\"lazy\" decoding=\"async\" width=\"800\" height=\"860\" src=\"https:\/\/familienforschung-tecklenburger-land.de\/wp-content\/uploads\/2023\/05\/grafik-45.png\" alt=\"\" class=\"wp-image-2745\" srcset=\"https:\/\/familienforschung-tecklenburger-land.de\/wp-content\/uploads\/2023\/05\/grafik-45.png 800w, https:\/\/familienforschung-tecklenburger-land.de\/wp-content\/uploads\/2023\/05\/grafik-45-279x300.png 279w, https:\/\/familienforschung-tecklenburger-land.de\/wp-content\/uploads\/2023\/05\/grafik-45-768x826.png 768w\" sizes=\"auto, (max-width: 800px) 100vw, 800px\" \/><\/figure>\n\n\n\n<p class=\"has-small-font-size\">Der Landkreis Bersenbr\u00fcck bis 1972<\/p>\n\n\n\n<h3 class=\"wp-block-heading\">Verwaltungszugeh\u00f6rigkeit des Hochstifts Osnabr\u00fcck:<\/h3>\n\n\n\n<p class=\"has-small-font-size\"><strong>4.11.1802-1806:<\/strong><br>Kurf\u00fcrstentum Hannover<br><strong>14.11.1806-1807:<\/strong><br>Administrationskollegium M\u00fcnster<br><strong>18.8.1807-1808:<\/strong><br>K\u00f6nigreich Westphalen<br><strong>18.4.1808-1811:<\/strong><br>Departement der Weser<br><strong>4.7.1811-1813:<\/strong><br>Departement der Oberems<br><strong>9.11.1813-1823:<\/strong><br>Provinzialregierung Osnabr\u00fcck<br><strong>15.5.1823-1867:<\/strong><br>Landdrostei Osnabr\u00fcck<\/p>\n\n\n\n<p><img loading=\"lazy\" decoding=\"async\" src=\"https:\/\/familienforschung-tecklenburger-land.de\/assets\/images\/6\/Fuerstbistum-OS-Wappen-0fb5e356.png\" alt=\"\" width=\"230\" height=\"302\"><\/p>\n\n\n\n<p class=\"has-small-font-size\">Wappen des Hochstifts Osnabr\u00fcck<\/p>\n<\/div>\n<\/div>\n\n\n\n<h2 class=\"wp-block-heading\">Literatur<\/h2>\n\n\n\n<div class=\"wp-block-columns is-layout-flex wp-container-core-columns-is-layout-9d6595d7 wp-block-columns-is-layout-flex\">\n<div class=\"wp-block-column is-layout-flow wp-block-column-is-layout-flow\" style=\"flex-basis:25%\">\n<figure class=\"wp-block-image size-full\"><img loading=\"lazy\" decoding=\"async\" width=\"230\" height=\"379\" src=\"https:\/\/familienforschung-tecklenburger-land.de\/wp-content\/uploads\/2023\/05\/grafik-46.png\" alt=\"\" class=\"wp-image-2747\" srcset=\"https:\/\/familienforschung-tecklenburger-land.de\/wp-content\/uploads\/2023\/05\/grafik-46.png 230w, https:\/\/familienforschung-tecklenburger-land.de\/wp-content\/uploads\/2023\/05\/grafik-46-182x300.png 182w\" sizes=\"auto, (max-width: 230px) 100vw, 230px\" \/><\/figure>\n\n\n\n<h3 class=\"wp-block-heading\">Heimatkalender f\u00fcr den Kreis Bersenbr\u00fcck<\/h3>\n\n\n\n<p class=\"has-small-font-size\"><strong>1952:<\/strong> Brand, Unwetter und Not im Osnabr\u00fccker Nordlande. Werner Dobelmann, S. 113<\/p>\n\n\n\n<p class=\"has-small-font-size\"><strong>1953:<\/strong> Der Wald im Osnabr\u00fccker Nordlande nach altem Volksrecht, S. 95<\/p>\n\n\n\n<p class=\"has-small-font-size\"><strong>1962:<\/strong> Menschenhandel. Aus vergilbten Urkunden. H. Middendorf, Renslage 78-80 Anf\u00e4nge des kommunalen Sparkassenwesens im Osnabr\u00fccker Nordland. Dr. August Schr\u00f6der, S. 82<\/p>\n\n\n\n<p class=\"has-small-font-size\"><strong>1962:<\/strong> Das B\u00f6kern, ein Neujahrsbrauch im Osnabr\u00fccker Nordland. Dr. H. Clau\u00df, S. 91<\/p>\n\n\n\n<p class=\"has-small-font-size\"><strong>1965:<\/strong> Packentr\u00e4ger und Pl\u00fcnker im Osnabr. Nordland. Werner Dobelmann, S. 73<\/p>\n<\/div>\n\n\n\n<div class=\"wp-block-column is-layout-flow wp-block-column-is-layout-flow\" style=\"flex-basis:50%\">\n<p class=\"has-small-font-size\">Siehe auch in der <a href=\"https:\/\/familienforschung-tecklenburger-land.de\/index.php?id=585\">Literaturliste<\/a> \u00fcber das Artland.<\/p>\n\n\n\n<h3 class=\"wp-block-heading\">Heimatjahrbuch Osnabr\u00fccker Land<\/h3>\n\n\n\n<p class=\"has-small-font-size\"><strong>1974:<\/strong> Das Osnabr\u00fccker Land und die Wiedert\u00e4ufer (W. Dobelmann), S. 55<\/p>\n\n\n\n<p class=\"has-small-font-size\"><strong>1975:<\/strong> Offizien und Apotheken im Osnabr\u00fccker Nordlande (W. Dobelmann), S. 107<\/p>\n\n\n\n<p class=\"has-small-font-size\"><strong>1975:<\/strong> 90 Jahre Ortskrankenkasse im Osnabr\u00fccker Nordlande (W. Brockmann), S. 112<\/p>\n\n\n\n<p class=\"has-small-font-size\"><strong>1975:<\/strong> Altes Brauchtum im Osnabr\u00fccker Nordland (G. Koll), S. 136<\/p>\n\n\n\n<p class=\"has-small-font-size\"><strong>1975:<\/strong> N\u00e4rrisches Treiben im Osnabr\u00fccker Nordland (W. Dobelmann), S. 144<\/p>\n\n\n\n<p class=\"has-small-font-size\"><strong>1976:<\/strong> 90 Jahre Ortskrankenkasse im Osnabr\u00fccker Nordlande, 2. Teil (Walter Brockmann), S. 107<\/p>\n\n\n\n<p class=\"has-small-font-size\"><strong>1976:<\/strong> Orgelbauer aus dem Osnabr\u00fccker Nordland (Werner Dobelmann), S. 91<\/p>\n\n\n\n<p class=\"has-small-font-size\"><strong>1977:<\/strong> Vorgeschichtliche Kultst\u00e4tten und Versammlungspl\u00e4tze im Osnabr\u00fccker Nordland (Paul Buettner), S. 100<\/p>\n\n\n\n<p class=\"has-small-font-size\"><strong>1981:<\/strong> Von Kiepenkerlen, T\u00f6pfern und Trafikanten. Zur Geschichte des T\u00f6ddenwesens im Osnabr\u00fccker Nordland (Dr. A. Schr\u00f6der), S. 69<\/p>\n\n\n\n<p class=\"has-small-font-size\"><strong>1981:<\/strong> &#8222;&#8230; zu Kriege gegangen.&#8220;. Der 30j\u00e4hrige Krieg im Osnabr\u00fccker Nordland (W. Dobelmann), S. 73<\/p>\n\n\n\n<p class=\"has-small-font-size\"><strong>1982:<\/strong> Kirchh\u00f6fer des Osnabr\u00fccker Nordlandes (W. Dobelmann), S. 73<\/p>\n\n\n\n<p class=\"has-small-font-size\"><strong>1987:<\/strong> Vor 150 Jahren &#8211; erster Aufruf zur Sparkassengr\u00fcndung im Osnabr\u00fccker Nordland (Dr. A. Schr\u00f6der), S. 41<\/p>\n\n\n\n<p class=\"has-small-font-size\"><strong>1988:<\/strong> Die Karwoche im Osnabr\u00fccker Nordland (Werner Dobelmann), S. 180<\/p>\n\n\n\n<p class=\"has-small-font-size\"><strong>1993:<\/strong> Das Schinkenessen und die Gartenrente &#8211; von alten Bauernschaftsrechten im Osnabr\u00fccker Nordland (J\u00fcrgen Espenhorst), S. 161<\/p>\n<\/div>\n\n\n\n<div class=\"wp-block-column is-layout-flow wp-block-column-is-layout-flow\" style=\"flex-basis:25%\">\n<h3 class=\"wp-block-heading\">Heimatjahrbuch Osnabr\u00fcck Stadt und Land<\/h3>\n\n\n\n<p class=\"has-small-font-size\"><strong>1974:<\/strong> Alte Fastnachtsbr\u00e4uche im Osnabr\u00fccker Nordland. Von Dr. August Schr\u00f6der (S. 75)<\/p>\n\n\n\n<p class=\"has-small-font-size\"><strong>1979:<\/strong> Nachrichtenbl\u00e4tter im Osnabr\u00fccker Nordland vor hundert Jahren&nbsp; (Dr. Aug. Schr\u00f6der), S. 123<\/p>\n\n\n\n<p class=\"has-small-font-size\"><strong>1980:<\/strong> Von den &#8222;Papas&#8220; der Inkas bis zum Kartoffelanbau im Osnabr\u00fccker Nordland. Ferdinand Nieberg auf dem Koldehof zu T\u00fctingen und Ferdinand Franz Nieberg zu F\u00fcrstenau als F\u00f6rderer des Kartoffelanbaus. Dr. August Schr\u00f6der (S. 127)<\/p>\n\n\n\n<p class=\"has-small-font-size\"><strong>2003:<\/strong> Eine R\u00fcckschau auf die Zeiten der Fehde im Osnabr\u00fccker Nordland (Prof. Dr. Otto zu Hoene), S. 71<br><\/p>\n<\/div>\n<\/div>\n\n\n\n<h2 class=\"wp-block-heading\">Unbekannte Fotos<\/h2>\n\n\n\n<div class=\"wp-block-columns is-layout-flex wp-container-core-columns-is-layout-9d6595d7 wp-block-columns-is-layout-flex\">\n<div class=\"wp-block-column is-layout-flow wp-block-column-is-layout-flow\" style=\"flex-basis:25%\"><\/div>\n\n\n\n<div class=\"wp-block-column is-layout-flow wp-block-column-is-layout-flow\" style=\"flex-basis:50%\">\n<h3 class=\"wp-block-heading\">Drei Fotos aus dem Bramscher Raum<\/h3>\n\n\n\n<p class=\"has-small-font-size\">Alle Fotos stammen aus einem alten Fotoalbum des Urgro\u00dfvaters von Telse Kiebelstein, der aus der Gegend von Engter stammt. Die Seiten des Albums, aus denen auch diese Fotos stammen, waren alle unter &#8222;um Bramsche, Osnabr\u00fcck&#8220; zusammengefasst. Wei\u00df jemand, welche H\u00e4user hier abgebildet sind? (<a href=\"mailto:info@te-gen.de\">Kontakt<\/a>)<\/p>\n\n\n\n<figure class=\"wp-block-image size-full has-lightbox\"><img loading=\"lazy\" decoding=\"async\" width=\"1000\" height=\"461\" src=\"https:\/\/familienforschung-tecklenburger-land.de\/wp-content\/uploads\/2023\/08\/Telse-Kiebelstein-Bramsche-01.jpg\" alt=\"\" class=\"wp-image-3171\" srcset=\"https:\/\/familienforschung-tecklenburger-land.de\/wp-content\/uploads\/2023\/08\/Telse-Kiebelstein-Bramsche-01.jpg 1000w, https:\/\/familienforschung-tecklenburger-land.de\/wp-content\/uploads\/2023\/08\/Telse-Kiebelstein-Bramsche-01-300x138.jpg 300w, https:\/\/familienforschung-tecklenburger-land.de\/wp-content\/uploads\/2023\/08\/Telse-Kiebelstein-Bramsche-01-768x354.jpg 768w\" sizes=\"auto, (max-width: 1000px) 100vw, 1000px\" \/><\/figure>\n\n\n\n<h2 class=\"wp-block-heading\"><\/h2>\n\n\n\n<figure class=\"wp-block-image size-full has-lightbox\"><img loading=\"lazy\" decoding=\"async\" width=\"1000\" height=\"665\" src=\"https:\/\/familienforschung-tecklenburger-land.de\/wp-content\/uploads\/2023\/08\/Telse-Kiebelstein-Bramsche-02.jpg\" alt=\"\" class=\"wp-image-3172\" srcset=\"https:\/\/familienforschung-tecklenburger-land.de\/wp-content\/uploads\/2023\/08\/Telse-Kiebelstein-Bramsche-02.jpg 1000w, https:\/\/familienforschung-tecklenburger-land.de\/wp-content\/uploads\/2023\/08\/Telse-Kiebelstein-Bramsche-02-300x200.jpg 300w, https:\/\/familienforschung-tecklenburger-land.de\/wp-content\/uploads\/2023\/08\/Telse-Kiebelstein-Bramsche-02-768x511.jpg 768w, https:\/\/familienforschung-tecklenburger-land.de\/wp-content\/uploads\/2023\/08\/Telse-Kiebelstein-Bramsche-02-820x545.jpg 820w, https:\/\/familienforschung-tecklenburger-land.de\/wp-content\/uploads\/2023\/08\/Telse-Kiebelstein-Bramsche-02-600x400.jpg 600w\" sizes=\"auto, (max-width: 1000px) 100vw, 1000px\" \/><\/figure>\n\n\n\n<h2 class=\"wp-block-heading\"><\/h2>\n\n\n\n<figure class=\"wp-block-image size-full has-lightbox\"><img loading=\"lazy\" decoding=\"async\" width=\"1000\" height=\"665\" src=\"https:\/\/familienforschung-tecklenburger-land.de\/wp-content\/uploads\/2023\/08\/Telse-Kiebelstein-Bramsche-03.jpg\" alt=\"\" class=\"wp-image-3173\" srcset=\"https:\/\/familienforschung-tecklenburger-land.de\/wp-content\/uploads\/2023\/08\/Telse-Kiebelstein-Bramsche-03.jpg 1000w, https:\/\/familienforschung-tecklenburger-land.de\/wp-content\/uploads\/2023\/08\/Telse-Kiebelstein-Bramsche-03-300x200.jpg 300w, https:\/\/familienforschung-tecklenburger-land.de\/wp-content\/uploads\/2023\/08\/Telse-Kiebelstein-Bramsche-03-768x511.jpg 768w, https:\/\/familienforschung-tecklenburger-land.de\/wp-content\/uploads\/2023\/08\/Telse-Kiebelstein-Bramsche-03-820x545.jpg 820w, https:\/\/familienforschung-tecklenburger-land.de\/wp-content\/uploads\/2023\/08\/Telse-Kiebelstein-Bramsche-03-600x400.jpg 600w\" sizes=\"auto, (max-width: 1000px) 100vw, 1000px\" \/><\/figure>\n<\/div>\n\n\n\n<div class=\"wp-block-column is-layout-flow wp-block-column-is-layout-flow\" style=\"flex-basis:25%\">\n<h3 class=\"wp-block-heading\">Sch\u00fctzenverein im Bramscher Raum?<\/h3>\n\n\n\n<p class=\"has-small-font-size\"><strong>Ein weiterer Flohmarktfund:<\/strong><\/p>\n\n\n\n<p class=\"has-small-font-size\">Auf der R\u00fcckseite ist &#8222;1922&#8220; vermerkt, angegeben ist sonst nur noch das Photogesch\u00e4ft Sachteleben in der Schillerstra\u00dfe 5 in Bramsche.<\/p>\n\n\n\n<p class=\"has-small-font-size\">Auf der kleineren Fahne kann man &#8222;Ge&#8230; Emmi Dunker 1927&#8220; lesen.<\/p>\n\n\n\n<figure class=\"wp-block-image\"><img decoding=\"async\" src=\"https:\/\/familienforschung-tecklenburger-land.de\/assets\/images\/d\/unbek-Foto1922-Bramsche_2-1573b69d.jpg\" alt=\"\"\/><\/figure>\n\n\n\n<p><a href=\"https:\/\/familienforschung-tecklenburger-land.de\/files\/Tecklenburger-Familienforschung\/OSNABRUECK\/unbekannte%20Fotos\/unbek-Foto1922-Bramsche_2.jpg\"><\/a><\/p>\n\n\n\n<figure class=\"wp-block-image\"><img decoding=\"async\" src=\"https:\/\/familienforschung-tecklenburger-land.de\/files\/Tecklenburger-Familienforschung\/OSNABRUECK\/unbekannte%20Fotos\/unbek-Foto1922-Bramsche.jpg\" alt=\"\"\/><\/figure>\n<\/div>\n<\/div>\n","protected":false},"excerpt":{"rendered":"<p>Ausfl\u00fcge in die Geschichte: Die Nieders\u00e4chsische M\u00fchlen-Tour: an der 365 km langen Strecke liegen historische M\u00fchlen. Die Schl\u00f6sser-Tour: f\u00fchrt durch das \u00f6stliche Osnabr\u00fccker Land Die Friedensroute Osnabr\u00fcck-M\u00fcnster: mit dem Fahrrad auf historischen Reiterpfaden Die Grenzg\u00e4ngerroute: man passiert Kreis- und Gemeindegrenzen, Konfessionsgrenzen, Landesgrenzen. Der H\u00fcnenweg: 208 km entlang vieler Megalithgr\u00e4ber Der M\u00fchlenweg: durch Wersen, Engter, Venne,&#8230;<\/p>\n","protected":false},"author":4,"featured_media":0,"parent":0,"menu_order":67,"comment_status":"closed","ping_status":"closed","template":"","meta":{"_coblocks_attr":"","_coblocks_dimensions":"","_coblocks_responsive_height":"","_coblocks_accordion_ie_support":"","footnotes":""},"class_list":["post-338","page","type-page","status-publish","hentry"],"_links":{"self":[{"href":"https:\/\/familienforschung-tecklenburger-land.de\/index.php?rest_route=\/wp\/v2\/pages\/338","targetHints":{"allow":["GET"]}}],"collection":[{"href":"https:\/\/familienforschung-tecklenburger-land.de\/index.php?rest_route=\/wp\/v2\/pages"}],"about":[{"href":"https:\/\/familienforschung-tecklenburger-land.de\/index.php?rest_route=\/wp\/v2\/types\/page"}],"author":[{"embeddable":true,"href":"https:\/\/familienforschung-tecklenburger-land.de\/index.php?rest_route=\/wp\/v2\/users\/4"}],"replies":[{"embeddable":true,"href":"https:\/\/familienforschung-tecklenburger-land.de\/index.php?rest_route=%2Fwp%2Fv2%2Fcomments&post=338"}],"version-history":[{"count":6,"href":"https:\/\/familienforschung-tecklenburger-land.de\/index.php?rest_route=\/wp\/v2\/pages\/338\/revisions"}],"predecessor-version":[{"id":3174,"href":"https:\/\/familienforschung-tecklenburger-land.de\/index.php?rest_route=\/wp\/v2\/pages\/338\/revisions\/3174"}],"wp:attachment":[{"href":"https:\/\/familienforschung-tecklenburger-land.de\/index.php?rest_route=%2Fwp%2Fv2%2Fmedia&parent=338"}],"curies":[{"name":"wp","href":"https:\/\/api.w.org\/{rel}","templated":true}]}}