{"id":335,"date":"2023-02-26T19:03:11","date_gmt":"2023-02-26T18:03:11","guid":{"rendered":"https:\/\/familienforschung-tecklenburger-land.de\/?page_id=335"},"modified":"2023-05-20T15:51:03","modified_gmt":"2023-05-20T14:51:03","slug":"die-kirchen","status":"publish","type":"page","link":"https:\/\/familienforschung-tecklenburger-land.de\/?page_id=335","title":{"rendered":"Die Kirchen"},"content":{"rendered":"\n<div class=\"wp-block-columns is-layout-flex wp-container-core-columns-is-layout-9d6595d7 wp-block-columns-is-layout-flex\">\n<div class=\"wp-block-column is-layout-flow wp-block-column-is-layout-flow\" style=\"flex-basis:25%\">\n<h3 class=\"wp-block-heading\">Stadtf\u00fchrungen rund um Osnabr\u00fccks Kirchen:<\/h3>\n\n\n\n<p class=\"has-small-font-size\"><a href=\"http:\/\/www.osnabrueck-fuehrungen.de\/f%C3%BChrungen-zu-fu%C3%9F-stadt-osnabr%C3%BCck\/altstadt-rathausf%C3%BChrung-spaziergang-durch-alt-osnabr%C3%BCck\/\">Spaziergang durch Alt-Osnabr\u00fcck<\/a><\/p>\n\n\n\n<p class=\"has-small-font-size\"><a href=\"http:\/\/www.osnabrueck-fuehrungen.de\/f%C3%BChrungen-zu-fu%C3%9F-stadt-osnabr%C3%BCck\/marienkirchturm-rathaus-bucksturm\/\">Marienkirchturm, Rathaus und Bucksturm<\/a><\/p>\n\n\n\n<p class=\"has-small-font-size\"><a href=\"http:\/\/www.osnabrueck-fuehrungen.de\/f%C3%BChrungen-zu-fu%C3%9F-stadt-osnabr%C3%BCck\/der-gertrudenberg-erz%C3%A4hlt\/\">Stadtteilf\u00fchrung Gertrudenberg mit der Gertrudenkirche<\/a><\/p>\n\n\n\n<p class=\"has-small-font-size\"><a href=\"http:\/\/www.osnabrueck-fuehrungen.de\/f%C3%BChrungen-fahrrad-stadt-osnabr%C3%BCck\/moderne-kirchenlandschaften\/\">Fahrradtour: Moderne \u201eKirchenLandschaften\u201c<\/a><\/p>\n\n\n\n<p class=\"has-small-font-size\"><a href=\"http:\/\/www.osnabrueck-fuehrungen.de\/f%C3%BChrungen-fahrrad-stadt-osnabr%C3%BCck\/osnabr%C3%BCcker-campanili\/\">Fahrradtour: Heilig Kreuz Kirche, Themoteuskirche, St. Franziskus, St. Barbara, Bonnuskirche und weitere<\/a><\/p>\n\n\n\n<p class=\"has-small-font-size\"><a href=\"http:\/\/www.osnabrueck-stadtfuehrungen.de\/oeffentliche-stadtfuehrungen\/mit-dem-nachtwaechter-durch-osnabrueck\/index.html\">Mit dem Nachtw\u00e4chter durch Osnabr\u00fcck (mit Marienturmbesteigung)<\/a><\/p>\n\n\n\n<p class=\"has-small-font-size\"><a href=\"http:\/\/www.osnabrueck-stadtfuehrungen.de\/gruppenfuehrungen-fuer-erwachsene\/rathaus--und-altstadtfuehrung\/index.html\">Rathaus- und Altstadtf\u00fchrung &#8222;Osnabr\u00fcck-Quer&#8220;<\/a><\/p>\n\n\n\n<p class=\"has-small-font-size\"><a href=\"http:\/\/www.osnabrueck-stadtfuehrungen.de\/gruppenfuehrungen-fuer-erwachsene\/kunst-in-der-kirche\/index.html\">Kunst in der Kirche<\/a><\/p>\n<\/div>\n\n\n\n<div class=\"wp-block-column is-layout-flow wp-block-column-is-layout-flow\" style=\"flex-basis:50%\">\n<h3 class=\"wp-block-heading\">Katholische Kirchen im Osnabr\u00fccker Raum:<\/h3>\n\n\n\n<ul class=\"wp-block-list\">\n<li class=\"has-small-font-size\"><strong>Dom St. Petrus:<\/strong> Osnabr\u00fcck-Innenstadt<\/li>\n\n\n\n<li class=\"has-small-font-size\"><strong>Herz-Jesu-Kirche:<\/strong> Osnabr\u00fcck-Innenstadt<\/li>\n\n\n\n<li class=\"has-small-font-size\"><strong>St. Barbara<\/strong>: Osnabr\u00fcck-Westerberg<\/li>\n\n\n\n<li class=\"has-small-font-size\"><strong>Gertrudenkirche:<\/strong> Osnabr\u00fcck-Sonnenh\u00fcgel<\/li>\n\n\n\n<li class=\"has-small-font-size\"><strong>Liebfrauenkirche:<\/strong> Osnabr\u00fcck-Eversburg<\/li>\n\n\n\n<li class=\"has-small-font-size\"><strong>Burgkapelle Maria Trost:<\/strong> Osnabr\u00fcck-Eversburg<\/li>\n\n\n\n<li class=\"has-small-font-size\"><strong>Kapelle Gut Leye:<\/strong> Osnabr\u00fcck-Atter<\/li>\n\n\n\n<li class=\"has-small-font-size\"><strong>St. Matthias:<\/strong> Osnabr\u00fcck-Pye<\/li>\n\n\n\n<li class=\"has-small-font-size\"><strong>Christus-K\u00f6nig-Kirche:<\/strong> Osnabr\u00fcck-Haste<\/li>\n\n\n\n<li class=\"has-small-font-size\"><strong>St. Franzkisus:<\/strong> Osnabr\u00fcck-Dodesheide<\/li>\n\n\n\n<li class=\"has-small-font-size\"><strong>Heilig-Geist-Kirche:<\/strong> Osnabr\u00fcck-Sonnenh\u00fcgel<\/li>\n\n\n\n<li class=\"has-small-font-size\"><strong>St. Elisabeth:<\/strong> Osnabr\u00fcck-Weststadt<\/li>\n\n\n\n<li class=\"has-small-font-size\"><strong>St. Josef:<\/strong> Hasbergen<\/li>\n\n\n\n<li class=\"has-small-font-size\"><strong>St. Wiho:<\/strong> Osnabr\u00fcck-Hellern<\/li>\n\n\n\n<li class=\"has-small-font-size\"><strong>Heilig-Kreuz-Kirche:<\/strong> Osnabr\u00fcck-Schinkel<\/li>\n\n\n\n<li class=\"has-small-font-size\"><strong>St. Maria Rosenkranz:<\/strong> Osnabr\u00fcck-Schinkel-Ost<\/li>\n\n\n\n<li class=\"has-small-font-size\"><strong>St. Bonifatius:<\/strong> Osnabr\u00fcck-Widukindland, Schinkel<\/li>\n\n\n\n<li class=\"has-small-font-size\"><strong>St. Johann:<\/strong> Osnabr\u00fcck-Innenstadt<\/li>\n\n\n\n<li class=\"has-small-font-size\"><strong>St. Pius:<\/strong> Osnabr\u00fcck-Kalkh\u00fcgel<\/li>\n\n\n\n<li class=\"has-small-font-size\"><strong>Maria K\u00f6nigin des Friedens:<\/strong> Osnabr\u00fcck-Sutthausen<\/li>\n\n\n\n<li class=\"has-small-font-size\"><strong>St. Joseph:<\/strong> Osnabr\u00fcck-Sch\u00f6lerberg<\/li>\n\n\n\n<li class=\"has-small-font-size\"><strong>St. Ansgar: <\/strong>Osnabr\u00fcck-Nahne<\/li>\n\n\n\n<li class=\"has-small-font-size\"><strong>Heilige Familie:<\/strong> Osnabr\u00fcck-Sch\u00f6lerberg<\/li>\n\n\n\n<li class=\"has-small-font-size\"><strong>Maria-Hilfe der Christen:<\/strong> Osnabr\u00fcck-L\u00fcstringen<\/li>\n\n\n\n<li class=\"has-small-font-size\"><strong>St. Antonius:<\/strong> Osnabr\u00fcck-Voxtrup<\/li>\n<\/ul>\n\n\n\n<h3 class=\"wp-block-heading\">Evangelische Kirchen im Osnabr\u00fccker Raum:<\/h3>\n\n\n\n<ul class=\"wp-block-list\">\n<li class=\"has-small-font-size\"><strong>Andreaskirche:<\/strong> Wallenhorst-Hollage<\/li>\n\n\n\n<li class=\"has-small-font-size\"><strong>Bonnuskirche:<\/strong> Osnabr\u00fcck-Weststadt<\/li>\n\n\n\n<li class=\"has-small-font-size\"><strong>Jakobuskirche:<\/strong> Osnabr\u00fcck-Schinkel-Ost<\/li>\n\n\n\n<li class=\"has-small-font-size\"><strong>Markuskirche:<\/strong> Osnabr\u00fcck-Westerberg<\/li>\n\n\n\n<li class=\"has-small-font-size\"><strong>Martinskirche:<\/strong> Osnabr\u00fcck-Hellern<\/li>\n\n\n\n<li class=\"has-small-font-size\"><strong>Matth\u00e4uskirche:<\/strong> Osnabr\u00fcck-Sonnenh\u00fcgel<\/li>\n\n\n\n<li class=\"has-small-font-size\"><strong>Paul-Gerhardt-Kirche:<\/strong> Osnabr\u00fcck-Haste<\/li>\n\n\n\n<li class=\"has-small-font-size\"><strong>Pauluskirche:<\/strong> Osnabr\u00fcck-Schinkel<\/li>\n\n\n\n<li class=\"has-small-font-size\"><strong>St. Katharinen: <\/strong>Osnabr\u00fcck-Innenstadt<\/li>\n\n\n\n<li class=\"has-small-font-size\"><strong>St. Marien:<\/strong> Osnabr\u00fcck-Innenstadt<\/li>\n\n\n\n<li class=\"has-small-font-size\"><strong>St. Michaelis:<\/strong> Osnabr\u00fcck-Eversburg<\/li>\n\n\n\n<li class=\"has-small-font-size\"><strong>Stephanuskirche:<\/strong> Osnabr\u00fcck-Atter<\/li>\n\n\n\n<li class=\"has-small-font-size\"><strong>Lukaskirche:<\/strong> Osnabr\u00fcck-Sch\u00f6lerberg<\/li>\n\n\n\n<li class=\"has-small-font-size\"><strong>Lutherkirche:<\/strong> Osnabr\u00fcck-Sch\u00f6lerberg<\/li>\n\n\n\n<li class=\"has-small-font-size\"><strong>Margaretenkirche:<\/strong> Osnabr\u00fcck-Voxtrup<\/li>\n\n\n\n<li class=\"has-small-font-size\"><strong>Melanchthonkirche:<\/strong> Osnabr\u00fcck-Kalkh\u00fcgel<\/li>\n\n\n\n<li class=\"has-small-font-size\"><strong>Thomaskirche:<\/strong> Osnabr\u00fcck-Dodesheide<\/li>\n\n\n\n<li class=\"has-small-font-size\"><strong>Timotheuskirche:<\/strong> Osnabr\u00fcck-Widukindland<\/li>\n<\/ul>\n<\/div>\n\n\n\n<div class=\"wp-block-column is-layout-flow wp-block-column-is-layout-flow\" style=\"flex-basis:25%\">\n<figure class=\"wp-block-image size-full has-lightbox\"><img loading=\"lazy\" decoding=\"async\" width=\"800\" height=\"477\" src=\"https:\/\/familienforschung-tecklenburger-land.de\/wp-content\/uploads\/2023\/05\/OS-von-oben-800px_1.jpg\" alt=\"\" class=\"wp-image-2715\" srcset=\"https:\/\/familienforschung-tecklenburger-land.de\/wp-content\/uploads\/2023\/05\/OS-von-oben-800px_1.jpg 800w, https:\/\/familienforschung-tecklenburger-land.de\/wp-content\/uploads\/2023\/05\/OS-von-oben-800px_1-300x179.jpg 300w, https:\/\/familienforschung-tecklenburger-land.de\/wp-content\/uploads\/2023\/05\/OS-von-oben-800px_1-768x458.jpg 768w\" sizes=\"auto, (max-width: 800px) 100vw, 800px\" \/><\/figure>\n\n\n\n<p class=\"has-small-font-size\">Im Mittelalter gab es in Osnabr\u00fcck vier Stadtkirchen: die Johanniskirche, den Dom, die Marienkirche und die Katharinenkirche.<\/p>\n\n\n\n<figure class=\"wp-block-image size-full has-lightbox\"><img loading=\"lazy\" decoding=\"async\" width=\"800\" height=\"672\" src=\"https:\/\/familienforschung-tecklenburger-land.de\/wp-content\/uploads\/2023\/05\/OS-von-oben-800px_2.jpg\" alt=\"\" class=\"wp-image-2716\" srcset=\"https:\/\/familienforschung-tecklenburger-land.de\/wp-content\/uploads\/2023\/05\/OS-von-oben-800px_2.jpg 800w, https:\/\/familienforschung-tecklenburger-land.de\/wp-content\/uploads\/2023\/05\/OS-von-oben-800px_2-300x252.jpg 300w, https:\/\/familienforschung-tecklenburger-land.de\/wp-content\/uploads\/2023\/05\/OS-von-oben-800px_2-768x645.jpg 768w\" sizes=\"auto, (max-width: 800px) 100vw, 800px\" \/><\/figure>\n\n\n\n<p><\/p>\n\n\n\n<figure class=\"wp-block-image size-full has-lightbox\"><img loading=\"lazy\" decoding=\"async\" width=\"800\" height=\"611\" src=\"https:\/\/familienforschung-tecklenburger-land.de\/wp-content\/uploads\/2023\/05\/OS-von-oben-800px_3.jpg\" alt=\"\" class=\"wp-image-2717\" srcset=\"https:\/\/familienforschung-tecklenburger-land.de\/wp-content\/uploads\/2023\/05\/OS-von-oben-800px_3.jpg 800w, https:\/\/familienforschung-tecklenburger-land.de\/wp-content\/uploads\/2023\/05\/OS-von-oben-800px_3-300x229.jpg 300w, https:\/\/familienforschung-tecklenburger-land.de\/wp-content\/uploads\/2023\/05\/OS-von-oben-800px_3-768x587.jpg 768w\" sizes=\"auto, (max-width: 800px) 100vw, 800px\" \/><\/figure>\n\n\n\n<p><\/p>\n\n\n\n<figure class=\"wp-block-image size-full has-lightbox\"><img loading=\"lazy\" decoding=\"async\" width=\"468\" height=\"301\" src=\"https:\/\/familienforschung-tecklenburger-land.de\/wp-content\/uploads\/2023\/05\/OS-von-oben-800px_4.jpg\" alt=\"\" class=\"wp-image-2718\" srcset=\"https:\/\/familienforschung-tecklenburger-land.de\/wp-content\/uploads\/2023\/05\/OS-von-oben-800px_4.jpg 468w, https:\/\/familienforschung-tecklenburger-land.de\/wp-content\/uploads\/2023\/05\/OS-von-oben-800px_4-300x193.jpg 300w, https:\/\/familienforschung-tecklenburger-land.de\/wp-content\/uploads\/2023\/05\/OS-von-oben-800px_4-150x95.jpg 150w\" sizes=\"auto, (max-width: 468px) 100vw, 468px\" \/><\/figure>\n<\/div>\n<\/div>\n\n\n\n<h2 class=\"wp-block-heading\" id=\"Johanniskirche\">Johanniskirche<\/h2>\n\n\n\n<div class=\"wp-block-columns is-layout-flex wp-container-core-columns-is-layout-9d6595d7 wp-block-columns-is-layout-flex\">\n<div class=\"wp-block-column is-layout-flow wp-block-column-is-layout-flow\" style=\"flex-basis:25%\">\n<h3 class=\"wp-block-heading\">Matricula<\/h3>\n\n\n\n<p class=\"has-small-font-size\">Kirchenb\u00fccher online einsehbar:<\/p>\n\n\n\n<p class=\"has-small-font-size\"><a href=\"https:\/\/data.matricula-online.eu\/de\/deutschland\/osnabrueck\/osnabruck-st-johann\/\">Osnabr\u00fcck St. Johann &#8211; Neustadt<\/a><\/p>\n\n\n\n<figure class=\"wp-block-image\"><img decoding=\"async\" src=\"https:\/\/familienforschung-tecklenburger-land.de\/files\/Tecklenburger-Familienforschung\/OSNABRUECK\/Osnabrueck%20Stadt\/OS-Johanneskirche\/St-Johann-sw.jpg\" alt=\"\"\/><\/figure>\n\n\n\n<p><strong>Di\u00f6zesanarchiv:<\/strong><\/p>\n\n\n\n<p class=\"has-small-font-size\"><strong>\u00d6ffnungszeiten f\u00fcr Familienforscher:<br><\/strong>mittwochs von 8 bis 12.30 Uhr und 13:30 bis 18 Uhr und auf Anfrage<\/p>\n\n\n\n<p class=\"has-small-font-size\">Gro\u00dfe Domsfreiheit 10, 49074 Osnabr\u00fcck&nbsp;<br>Telefon: 0541\/318-415<\/p>\n\n\n\n<p class=\"has-small-font-size\"><a href=\"http:\/\/www.bistum-osnabrueck.de\/kultur\/dioezesanarchiv.html\">Webseite<\/a><\/p>\n\n\n\n<p class=\"has-small-font-size\"><strong>Fr\u00fcher geh\u00f6rten zum Kirchspiel Harderberg, Holzhausen, Malbergen, Nahne und Voxtrup-Hickingen-D\u00fcstrup.<\/strong><\/p>\n\n\n\n<h4 class=\"wp-block-heading\">Heimatjahrbuch Osnabr\u00fcck Stadt und Land<\/h4>\n\n\n\n<p class=\"has-small-font-size\">1976: Geheimnisvolle Spuren alten Aberglaubens. R\u00e4tselhafte Schleifrillen im Domportikus und im Kreuzgang von St. Johann. Von Johannes Lorenz (S. 67)<\/p>\n\n\n\n<p class=\"has-small-font-size\">2000: Die St.-Johannis-Kirche in Osnabr\u00fcck (Dr. Reinhard Karrenbrock), S. 41<\/p>\n<\/div>\n\n\n\n<div class=\"wp-block-column is-layout-flow wp-block-column-is-layout-flow\" style=\"flex-basis:50%\">\n<p class=\"has-small-font-size\">Die St.-Johann-Kirche ist neben dem Dom, St. Marien und St. Katharinen eine der vier mittelalterlichen Innenstadtkirchen in Osnabr\u00fcck und gilt als eine der fr\u00fchesten gro\u00dfen gotischen Hallenkirchen Deutschlands. Das ehemalige Stift Sankt Johann wurde im Jahre 1011 von Bischof Dietmar gegr\u00fcndet. Um das Stift und seine Lateinschule herum entwickelte sich die Neustadt, die bis 1306 getrennt von der Altstadt verwaltet wurde. 1256 legte Bischof Bruno den Grundstein f\u00fcr den Neubau der zweiten Stifts- und Pfarrkirche. Diese steht heute noch und ist ein fr\u00fchgotisches Bauwerk, dessen hoher lichter Innenraum beeindruckt. Die Osnabr\u00fccker Patrizierfamilie von Bar stiftete Anfang des 14. Jahrhunderts die Andachtskapelle, die auch Kreuzkapelle genannt wird.<\/p>\n\n\n\n<h3 class=\"wp-block-heading\">Aus dem Osnabr\u00fccker Adressbuch von 1868:<\/h3>\n\n\n\n<figure class=\"wp-block-image\"><img decoding=\"async\" src=\"https:\/\/familienforschung-tecklenburger-land.de\/files\/Tecklenburger-Familienforschung\/OSNABRUECK\/Osnabrueck%20Stadt\/OS-Johanneskirche\/Johanniskirche-1868-Zustaendigkeit.jpg\" alt=\"\"\/><\/figure>\n\n\n\n<h3 class=\"wp-block-heading\">Literatur:<\/h3>\n\n\n\n<p class=\"has-small-font-size\">Dehio, Georg; Wei\u00df, Gerd: Handbuch der Deutschen Kunstdenkm\u00e4ler. Bremen, Niedersachsen, M\u00fcnchen 1992.<\/p>\n\n\n\n<p class=\"has-small-font-size\">Karrenbrock, Reinhard: Evert van Roden: der Meister des Hochaltars der Osnabr\u00fccker Johanniskirche. Ein Beitrag zur westf\u00e4lischen Skulptur der Sp\u00e4tgotik, Osnabr\u00fcck 1992; aus der Schriftenreihe: Osnabr\u00fccker Geschichtsquellen und Forschungen. Verein f\u00fcr Geschichte und Landeskunde, Bd. 31.<\/p>\n\n\n\n<p class=\"has-small-font-size\">Poppe, Hermann: Die Baugeschichte der Johanniskirche in Osnabr\u00fcck. Ein Beitrag zur Erforschung mittelalterlicher Baukunst im nieders\u00e4chsisch-westf\u00e4lischen Raum, Osnabr\u00fcck 1936.<\/p>\n\n\n\n<p class=\"has-small-font-size\">Poppe, Roswitha; Klimek, Lothar: Osnabr\u00fcck, M\u00fcnchen und Berlin 1972; S. 33\u201337; aus der Schriftenreihe: Deutsche Lande, deutsche Kunst. Deutscher Kunstverlag<\/p>\n\n\n\n<p class=\"has-small-font-size\">Poppe, Roswitha: Die mittelalterlichen Kirchen Osnabr\u00fccks, in: F\u00fchrer zu vor- und fr\u00fchgeschichtlichen Denkm\u00e4lern 43, Mainz 1979, S. 44\u201398.<\/p>\n\n\n\n<p class=\"has-small-font-size\">Dr. Poppe-Marquard, Hermann: Sankt Johann in Osnabr\u00fcck mit seinen Kunstsch\u00e4tzen, Osnabr\u00fcck 1983. Herausgegeben von der Katholischen Kirchengemeinde St. Johann.<\/p>\n\n\n\n<p class=\"has-small-font-size\">Dr. Poppe-Marquardt, Hermann: Osnabr\u00fccker Kirchenchronik: Baugeschichte und Kunstwerke aller Osnabr\u00fccker Kirchen der gro\u00dfen Konfessionen, Osnabr\u00fcck, 1990. Meinders &amp; Elstermann<\/p>\n<\/div>\n\n\n\n<div class=\"wp-block-column is-layout-flow wp-block-column-is-layout-flow\" style=\"flex-basis:25%\">\n<figure class=\"wp-block-image size-full\"><img loading=\"lazy\" decoding=\"async\" width=\"230\" height=\"307\" src=\"https:\/\/familienforschung-tecklenburger-land.de\/wp-content\/uploads\/2023\/05\/grafik-36.png\" alt=\"\" class=\"wp-image-2734\" srcset=\"https:\/\/familienforschung-tecklenburger-land.de\/wp-content\/uploads\/2023\/05\/grafik-36.png 230w, https:\/\/familienforschung-tecklenburger-land.de\/wp-content\/uploads\/2023\/05\/grafik-36-225x300.png 225w\" sizes=\"auto, (max-width: 230px) 100vw, 230px\" \/><\/figure>\n\n\n\n<h3 class=\"wp-block-heading\">Kirchenb\u00fccher:<\/h3>\n\n\n\n<ul class=\"wp-block-list\">\n<li class=\"has-small-font-size\">Taufen ab 1628<\/li>\n\n\n\n<li class=\"has-small-font-size\">Heiraten ab 1628 (L\u00fccke 1694 &#8211; 1704)<\/li>\n\n\n\n<li class=\"has-small-font-size\">Sterbef\u00e4lle ab 1651 (L\u00fccke 1694 &#8211; 1704)<\/li>\n<\/ul>\n\n\n<div class=\"wp-block-image\">\n<figure class=\"alignleft size-full is-resized\"><img loading=\"lazy\" decoding=\"async\" src=\"https:\/\/familienforschung-tecklenburger-land.de\/wp-content\/uploads\/2023\/05\/OS-Johanniskirche-Zeichnung.jpg\" alt=\"\" class=\"wp-image-2711\" width=\"230\" height=\"164\"\/><\/figure>\n<\/div>\n\n\n<p><\/p>\n<\/div>\n<\/div>\n\n\n\n<h2 class=\"wp-block-heading\" id=\"Bergkirche\">Bergkirche<\/h2>\n\n\n\n<div class=\"wp-block-columns is-layout-flex wp-container-core-columns-is-layout-9d6595d7 wp-block-columns-is-layout-flex\">\n<div class=\"wp-block-column is-layout-flow wp-block-column-is-layout-flow\" style=\"flex-basis:25%\">\n<figure class=\"wp-block-image\"><img decoding=\"async\" src=\"https:\/\/familienforschung-tecklenburger-land.de\/files\/Tecklenburger-Familienforschung\/OSNABRUECK\/Osnabrueck%20Stadt\/OS-Bergkirche\/OS-bergkirche-1910.jpg\" alt=\"\"\/><\/figure>\n<\/div>\n\n\n\n<div class=\"wp-block-column is-layout-flow wp-block-column-is-layout-flow\" style=\"flex-basis:50%\">\n<p class=\"has-small-font-size\">Die Bergkirche ist der erste reformierte Kirchenneubau in Osnabr\u00fcck. Architekt war 1892\/93 der damals ber\u00fchmte Berliner Regierungsbaumeister Otto March. Er brach mit dem in der reformierten Kirche streng beachteten Bilderverbot und malte das Innere mit Blumenmustern, Schriftz\u00fcgen und den Symbolen der vier Evangelisten aus.<\/p>\n\n\n\n<h3 class=\"wp-block-heading\">Heimatjahrbuch Osnabr\u00fcck Stadt und Land<\/h3>\n\n\n\n<p class=\"has-small-font-size\">1993: 100 Jahre Bau der evangelisch-reformierten Bergkirche Osnabr\u00fcck (Monika Kramer), S. 193<\/p>\n<\/div>\n\n\n\n<div class=\"wp-block-column is-layout-flow wp-block-column-is-layout-flow\" style=\"flex-basis:25%\">\n<figure class=\"wp-block-image size-full\"><img loading=\"lazy\" decoding=\"async\" width=\"230\" height=\"330\" src=\"https:\/\/familienforschung-tecklenburger-land.de\/wp-content\/uploads\/2023\/05\/grafik-37.png\" alt=\"\" class=\"wp-image-2735\" srcset=\"https:\/\/familienforschung-tecklenburger-land.de\/wp-content\/uploads\/2023\/05\/grafik-37.png 230w, https:\/\/familienforschung-tecklenburger-land.de\/wp-content\/uploads\/2023\/05\/grafik-37-209x300.png 209w\" sizes=\"auto, (max-width: 230px) 100vw, 230px\" \/><\/figure>\n<\/div>\n<\/div>\n\n\n\n<h2 class=\"wp-block-heading\" id=\"Marienkirche\">Marienkirche<\/h2>\n\n\n\n<div class=\"wp-block-columns is-layout-flex wp-container-core-columns-is-layout-9d6595d7 wp-block-columns-is-layout-flex\">\n<div class=\"wp-block-column is-layout-flow wp-block-column-is-layout-flow\" style=\"flex-basis:25%\">\n<h3 class=\"wp-block-heading\">Marienturmbesteigung:<\/h3>\n\n\n\n<p class=\"has-small-font-size\">Sonntags 11:30 &#8211; 13:00 Uhr<\/p>\n\n\n\n<p class=\"has-small-font-size\">(2,- Euro Eintritt)<\/p>\n\n\n\n<figure class=\"wp-block-image\"><img decoding=\"async\" src=\"https:\/\/familienforschung-tecklenburger-land.de\/files\/Tecklenburger-Familienforschung\/OSNABRUECK\/Osnabrueck%20Stadt\/OS-Marienkirche\/Marienkirche-SW.jpg\" alt=\"\"\/><\/figure>\n\n\n\n<p><\/p>\n\n\n\n<figure class=\"wp-block-image\"><img decoding=\"async\" src=\"https:\/\/familienforschung-tecklenburger-land.de\/files\/Tecklenburger-Familienforschung\/OSNABRUECK\/Osnabrueck%20Stadt\/OS-Marienkirche\/OS-Marienkirche_1905.jpg\" alt=\"\"\/><\/figure>\n\n\n\n<p><\/p>\n\n\n<div class=\"wp-block-image\">\n<figure class=\"alignleft size-full\"><img loading=\"lazy\" decoding=\"async\" width=\"230\" height=\"181\" src=\"https:\/\/familienforschung-tecklenburger-land.de\/wp-content\/uploads\/2023\/05\/OS-Marienkirche_1920.jpg\" alt=\"\" class=\"wp-image-2714\"\/><\/figure>\n<\/div>\n\n\n<p><\/p>\n\n\n\n<figure class=\"wp-block-image\"><img decoding=\"async\" src=\"https:\/\/familienforschung-tecklenburger-land.de\/files\/Tecklenburger-Familienforschung\/OSNABRUECK\/Osnabrueck%20Stadt\/OS-Marienkirche\/OS-Marienkirche_1900.jpg\" alt=\"\"\/><\/figure>\n<\/div>\n\n\n\n<div class=\"wp-block-column is-layout-flow wp-block-column-is-layout-flow\" style=\"flex-basis:50%\">\n<p class=\"has-small-font-size\">Die evangelisch-lutherische Marienkirche ist eine von den vier mittelalterlichen Kirchen Osnabr\u00fcck.<\/p>\n\n\n\n<p class=\"has-small-font-size\">Die erste urkundliche Erw\u00e4hnung der Marienkirche als Kirche \u201eUnserer Lieben Frau\u201c fand im Jahr 1177 statt. Sp\u00e4ter wurde sie zun\u00e4chst Marktkirche genannt. Im 1324 wurde die neue dreischiffige Hallenkirche geweiht. Im Februar 1543 hielt Hermann Bonnus den ersten reformierten Gottesdienst.<\/p>\n\n\n\n<h3 class=\"wp-block-heading\">Aus dem Osnabr\u00fccker Adressbuch von 1868:<\/h3>\n\n\n\n<figure class=\"wp-block-image\"><img decoding=\"async\" src=\"https:\/\/familienforschung-tecklenburger-land.de\/files\/Tecklenburger-Familienforschung\/OSNABRUECK\/Osnabrueck%20Stadt\/OS-Marienkirche\/Marienkirche-1868-Zustaendigkeit.jpg\" alt=\"\"\/><\/figure>\n\n\n\n<h3 class=\"wp-block-heading\">Literatur:<\/h3>\n\n\n\n<p class=\"has-small-font-size\">Abeken, W., Die Marienkirche zu Osnabr\u00fcck, Osnabr\u00fcck 1842<\/p>\n\n\n\n<p class=\"has-small-font-size\">Dr. Jacob Regula: Die St. Marienkirche zu Osnabr\u00fcck. Ein Gedenkblatt f\u00fcr die gemeinde, Osnabr\u00fcck, 1903<\/p>\n\n\n\n<p class=\"has-small-font-size\">Heinrich Siebern, Erich Fink: Die Kunstdenkm\u00e4ler der Provinz Hannover, IV Reg. Bez. Osnabr\u00fcck. Hannover, 1907 (S. 117-1554)<\/p>\n\n\n\n<p class=\"has-small-font-size\">St. Marien zu Osnabr\u00fcck. Ein kleiner Kunstf\u00fchrer.<\/p>\n\n\n\n<h4 class=\"wp-block-heading\">Osnabr\u00fccker Mitteilungen:<\/h4>\n\n\n\n<p class=\"has-small-font-size\">Regula, Die Grabsteine in der St. Marienkirche, Nr. 30, 1905, S. 218<\/p>\n\n\n\n<p class=\"has-small-font-size\">Regula, Der Altar in der St. Marienkirche in Osnabr\u00fcck, Nr. 32, 1907, S. 319<\/p>\n\n\n\n<p class=\"has-small-font-size\">Wilhelm J\u00e4necke, Die Neudeckung des Turms der Marienkirche in Osnabr\u00fcck und dabei an der Wetterfahne entdeckte Inschriften, Nr. 37, 1912, S. 307<\/p>\n\n\n\n<p class=\"has-small-font-size\">F. Knoke, Inschriftliche Mitteilungen aus der Spitze des Marien-Kirchturms zu Osnabr\u00fcck, Nr. 37, 1912, S. 312<\/p>\n\n\n\n<p class=\"has-small-font-size\">Roswitha Poppe, Die \u00e4ltere Baugeschichte der Marienkirche zu Osnabr\u00fcck. Forschungen der Denkmalpflege im Zuge des Wiederaufbaues, Nr. 65, 1952, S. 75<\/p>\n\n\n\n<p class=\"has-small-font-size\">Roswitha Poppe: Die Vorg\u00e4ngerbauten der heutigen Marienkirche des 13. Jahrhunderts. Ergebnisse der Notgrabungen 1949, 1985. Nr. 92, 1987<\/p>\n\n\n\n<p class=\"has-small-font-size\">Gerd Steinwascher, Zwei Inventarien der Sakristei der Marienkirche zu Osnabr\u00fcck aus dem 16. Jahrhundert, Nr. 98, 1993, S. 205<\/p>\n<\/div>\n\n\n\n<div class=\"wp-block-column is-layout-flow wp-block-column-is-layout-flow\" style=\"flex-basis:25%\">\n<figure class=\"wp-block-image size-full\"><img loading=\"lazy\" decoding=\"async\" width=\"230\" height=\"343\" src=\"https:\/\/familienforschung-tecklenburger-land.de\/wp-content\/uploads\/2023\/05\/grafik-38.png\" alt=\"\" class=\"wp-image-2736\" srcset=\"https:\/\/familienforschung-tecklenburger-land.de\/wp-content\/uploads\/2023\/05\/grafik-38.png 230w, https:\/\/familienforschung-tecklenburger-land.de\/wp-content\/uploads\/2023\/05\/grafik-38-201x300.png 201w\" sizes=\"auto, (max-width: 230px) 100vw, 230px\" \/><\/figure>\n\n\n\n<h3 class=\"wp-block-heading\">Kirchenb\u00fccher:<\/h3>\n\n\n\n<ul class=\"wp-block-list\">\n<li class=\"has-small-font-size\">Taufen ab 1691 (L\u00fccke 1853-1874)<\/li>\n\n\n\n<li class=\"has-small-font-size\">Trauungen ab 1685 (L\u00fccke 1864-1870)<\/li>\n\n\n\n<li class=\"has-small-font-size\">Beerdigungen ab 1801<\/li>\n<\/ul>\n\n\n\n<p class=\"has-small-font-size\"><a href=\"http:\/\/www.kirchenkreis-osnabrueck.de\/kirchenkreis\/kirchenamt.html\">Ev.-luth. Kirchenbuchamt Osnabr\u00fcck<\/a><br>Eversburger Str. 32<br>49090 Osnabr\u00fcck<br>Anmeldung erforderlich:<br><a href=\"mailto:linda.klingspohn@evlka.de\">Linda Klingspohn<\/a><br>T: 0541 \/ 94049-435<br>Das Kirchenbuchamt ist Di u. Do von 8:30 Uhr bis 13:30 Uhr ge\u00f6ffnet.<\/p>\n\n\n\n<p class=\"has-small-font-size\"><em>Siehe auch:<\/em> Garbe, Fritz, Die Kirchenb\u00fccher der Ev.-luth. Landeskirche Hannovers. Hannover 1960<\/p>\n\n\n\n<figure class=\"wp-block-image\"><img decoding=\"async\" src=\"https:\/\/familienforschung-tecklenburger-land.de\/files\/Tecklenburger-Familienforschung\/OSNABRUECK\/Osnabrueck%20Stadt\/OS-Marienkirche\/Marienkirche-SW1.jpg\" alt=\"\"\/><\/figure>\n\n\n\n<p><\/p>\n<\/div>\n<\/div>\n\n\n\n<h2 class=\"wp-block-heading\" id=\"Dom\">Dom St. Petrus<\/h2>\n\n\n\n<div class=\"wp-block-columns is-layout-flex wp-container-core-columns-is-layout-9d6595d7 wp-block-columns-is-layout-flex\">\n<div class=\"wp-block-column is-layout-flow wp-block-column-is-layout-flow\" style=\"flex-basis:25%\">\n<h3 class=\"wp-block-heading\">Matricula<\/h3>\n\n\n\n<p class=\"has-small-font-size\">Kirchenb\u00fccher online einsehbar:<\/p>\n\n\n\n<p class=\"has-small-font-size\"><a href=\"https:\/\/data.matricula-online.eu\/de\/deutschland\/osnabrueck\/osnabruck-dom-st\/\">Osnabr\u00fcck Dom St. Petrus<\/a><\/p>\n\n\n\n<h3 class=\"wp-block-heading\">Di\u00f6zesanmuseum:<\/h3>\n\n\n\n<p class=\"has-small-font-size\">Domhof 12, 49074 Osnabr\u00fcck<br>\u00d6ffnungszeiten: dienstags bis sonntags von 10 bis 18 Uhr.<\/p>\n\n\n\n<p class=\"has-small-font-size\"><a href=\"http:\/\/www.bistum-osnabrueck.de\/kultur\/dioezesanmuseum.html\">Webseite<\/a><\/p>\n\n\n\n<p><img loading=\"lazy\" decoding=\"async\" src=\"https:\/\/familienforschung-tecklenburger-land.de\/files\/Tecklenburger-Familienforschung\/OSNABRUECK\/Osnabrueck%20Stadt\/OS-Dom\/OS-Dom-kleine-Kirche_1-z.jpg\" alt=\"\" width=\"230\" height=\"307\"><\/p>\n\n\n\n<p class=\"has-small-font-size\">Die Kleine Kirche am Dom<\/p>\n\n\n\n<h4 class=\"wp-block-heading\">In: Heimatjahrbuch Osnabr\u00fccker Land<\/h4>\n\n\n\n<p class=\"has-small-font-size\">Karrenbrock, Reinhard, Eine Josephsfigur des Bildhauers Johann Heinrich K\u00f6nig (1705-1784) im Osnabr\u00fccker Dom, in: Osnabr\u00fccker Land, 1995, Heimat-Jahrbuch, Bd.22, S.263-272<\/p>\n\n\n\n<p><\/p>\n<\/div>\n\n\n\n<div class=\"wp-block-column is-layout-flow wp-block-column-is-layout-flow\" style=\"flex-basis:50%\">\n<p class=\"has-small-font-size\">Der r\u00f6misch-katholische Dom St. Peter (auch Dom St. Petrus) in Osnabr\u00fcck ist die Kathedrale des Bistums Osnabr\u00fcck. Der Dom ist ein sp\u00e4tromanisches Bauwerk und pr\u00e4gt seit seiner Entstehung die Silhouette der Stadt.<br><br>Im Jahr 785 \u2013 also 15 Jahre nach Bistumsgr\u00fcndung durch Karl den Gro\u00dfen \u2013 entstand die erste Kirche. Normannen zerst\u00f6rten sie 100 Jahre sp\u00e4ter. Die heutige Gestalt der Kirche entwickelte sich erst allm\u00e4hlich nach einem Brand um 1100.<br>Die \u00e4ltesten Bauteile sind der romanische Vierungsturm, die Nordfront und die romanisch-gotische Westfassade. Die \u00e4ltesten Ausstattungsst\u00fccke sind das Taufbecken von 1220 und das Triumphkreuz von 1230.<\/p>\n\n\n\n<h3 class=\"wp-block-heading\">Aus dem Osnabr\u00fccker Adressbuch von 1868:<\/h3>\n\n\n\n<figure class=\"wp-block-image\"><img decoding=\"async\" src=\"https:\/\/familienforschung-tecklenburger-land.de\/files\/Tecklenburger-Familienforschung\/OSNABRUECK\/Osnabrueck%20Stadt\/OS-Dom\/Dom-1868-Zustaendigkeit.jpg\" alt=\"\"\/><\/figure>\n\n\n\n<h3 class=\"wp-block-heading\">Literatur:<\/h3>\n\n\n\n<p class=\"has-small-font-size\">Heinrich Feldwisch-Dentrup und Andreas Jung: Osnabr\u00fcck &#8211; Dom und Domschatz (Die Blauen B\u00fccher). K\u00f6nigstein im Taunus 1980<br><br>Hans Th\u00fcmmler: Der Dom zu Osnabr\u00fcck (Deutsche Lande &#8211; Deutsche Kunst). M\u00fcnchen\/Berlin 1954<\/p>\n\n\n\n<p class=\"has-small-font-size\">Stephan L\u00fctke Glanemann: Der Osnabr\u00fccker Dom. Die Bau- und Restaurierungsgeschichte seit 1748. Lit-Verlag, M\u00fcnster, 1996<\/p>\n\n\n\n<p class=\"has-small-font-size\">Baldus, Josef, \u00c4ltere Nachrichten betr. die Kreuzkapelle des Osnabr\u00fccker Domes, in: Heimat\u00adblatt, Beilage der Osnabr\u00fccker Volkszeitung, Nr.lO, 6. Nov. 1932<\/p>\n\n\n\n<p class=\"has-small-font-size\">Berning, Wilhelm, Das Bistum Osnabr\u00fcck vor Einf\u00fchrung der Reformation (1543), Osnabr\u00fcck 1940<\/p>\n\n\n\n<p class=\"has-small-font-size\">Borchers, Walter, Kirchliche Kunst des Mittelalters aus dem F\u00fcrstbistum Osnabr\u00fcck, St\u00e4dt. Museum Osnabr\u00fcck, Ausstellungskatalog 1950<\/p>\n\n\n\n<p class=\"has-small-font-size\">Breuer, Hans-Hermann, Das Osnabr\u00fccker Triumphkreuz, Das Triumphkreuz im Dom zu Osna\u00adbr\u00fcck, Osnabr\u00fccker Geschichtsquellen und Forschungen, hrsg. v. Verein f\u00fcr Geschichte und Landeskunde in Osnabr\u00fcck, Bd. IX, Osnabr\u00fcck 1967<\/p>\n\n\n\n<p class=\"has-small-font-size\">Campe, H., Der Dom zu Osnabr\u00fcck in Westphalen, in: Die mittelalterlichen Baudenkm\u00e4ler Nie\u00addersachsens , hrsg. v. Architekten-und Ingenieur-Verein zu Hannover, H .14, Bd. 3, Hannover 1869, S.15 -20<\/p>\n\n\n\n<p class=\"has-small-font-size\">Deutgen, Rudolf, Jubelgeschichte des Bistums Osnabr\u00fcck zum tausendj\u00e4hrigen Bestehen, 1772 Dolfen, Christian, Der Altar des Domdechanten Lambert von Snetlage im Osnabr\u00fccker Dom, in: Neue Tagespost 16, Nr.36, (Osnabr\u00fcck 2.2.1961)<\/p>\n\n\n\n<p class=\"has-small-font-size\">Dolfen, Christian, Die Bischofsgruft des Osnabr\u00fccker Domes 1475 und 1960, in: Silvester 1960<\/p>\n\n\n\n<p class=\"has-small-font-size\">Dolfen, Christian, Das perspektivische Gitterwerk von 1664 im Dom zu Osnabr\u00fcck, in: Beitr\u00e4ge zur Geschichte und Kulturgeschichte des Bistums Osnabr\u00fcck, Osnabr\u00fcck 1939, Seite 1 -13<\/p>\n\n\n\n<p class=\"has-small-font-size\">Dolfen, Christian, Osnabr\u00fcck, Kleiner Domf\u00fchrer , Ankum, o. J.<\/p>\n\n\n\n<p class=\"has-small-font-size\">Dolfen, Christian, Das Taufbecken des Domes zu Osnabr\u00fcck, in: OM 1964, Bd. 72, S.25 -37<\/p>\n\n\n\n<p class=\"has-small-font-size\">Dolfen, Christian, Das Vesperbild des Domes zu Osnabr\u00fcck, in: Jahresbericht das Di\u00f6zesanmuseums Osnabr\u00fcck, Sonderdruck 1930\/31<\/p>\n\n\n\n<p class=\"has-small-font-size\">Feldwisch-Drentrup, Heinrich Jung, Andreas, Dom und Domschatz in Osnabr\u00fcck, 1980<br>Fritz, Rolf, Das \u00d6lbergbild im Dome zu Osnabr\u00fcck, in: Westfalen 21, 1936, S. 72 -76<br>&nbsp;<br>Karrenbrock, Reinhard, Ein sp\u00e4tgotischer Sandsteinengel des Schn\u00fctgen-Museums, Zum Sakra mentshaus des Osnabr\u00fccker Domes und seiner fig\u00fcrlichen Ausstattung, in: K\u00f6lner Museums\u00ad Bulletin 3\/1994, S.24-34<\/p>\n\n\n\n<p class=\"has-small-font-size\">Kaufmann, Walter, Beitr\u00e4ge zu einer Orgeltopographie Nordwestdeutschlands in der Renaissance\u00ad und Barockzeit besonderer Ber\u00fccksichtigung des Osnabr\u00fccker Landes, in: OM, 67, 1957, S. 175ff<\/p>\n\n\n\n<p class=\"has-small-font-size\">Rabe, Hanns-Gerd, Osnabr\u00fccker Kunst und K\u00fcnstler 1900 -1970, in: OM, 81, 1974, S. 1 -127 Rohling, Ludwig, Die \u00e4ltere Baugeschichte des Domes zu Osnabr\u00fcck, Emsdetten 1937<\/p>\n\n\n\n<p class=\"has-small-font-size\">Rhotert, Johannes, Die Kreuzkapellenstiftung im Dome zu Osnabr\u00fcck, in: Das Heilige Land, Heft 2, 1918<\/p>\n\n\n\n<p class=\"has-small-font-size\">Rhotert, Johannes, Ein Rundgang durch den Dom zu Osnabr\u00fcck, in: Hauskalender auf das Jahr 1925 f\u00fcr das Bistum Osnabr\u00fcck und das Gro\u00dfherzog turn Oldenburg, Osnabr\u00fcck 1925<\/p>\n\n\n\n<p class=\"has-small-font-size\">Schriever, Ludwig, Der Dom zu Osnabr\u00fcck und seine Kunstsch\u00e4tze, Osnabr\u00fcck 1901<\/p>\n\n\n\n<p class=\"has-small-font-size\">Th\u00fcmmler, Hans, Der Dom zu Osnabr\u00fcck, Osnabr\u00fcck 1954<\/p>\n\n\n\n<p class=\"has-small-font-size\">von Walde, Fritz, Der Dom zu Osnabr\u00fcck, in: Vaterl\u00e4ndische Geschichten und Denkw\u00fcrdig\u00ad keiten der Vorzeit der Lande Braunschweig und Hannover, 3. Bd. Hannover, Hansest\u00e4dte etc. hrsg. v. Wilhelm G\u00f6rges, Braunschweig 1881, S. 152 -159<\/p>\n\n\n\n<p class=\"has-small-font-size\">Witte, Fritz, Der Domschatz zu Osnabr\u00fcck, Berlin 1925<\/p>\n\n\n\n<p class=\"has-small-font-size\">Witte, Fritz, Kunsthistorische Notizen aus den Ausgaben-und Einnahmeregistern der Domfabrik zu Osnabr\u00fcck 1415 -1550, in: Zeitschrift f\u00fcr christliche Kunst, 24. Jg. 12. Heft, S. 378 -384<\/p>\n\n\n\n<h4 class=\"wp-block-heading\">Osnabr\u00fccker Mitteilungen:<\/h4>\n\n\n\n<p class=\"has-small-font-size\">Henry, Robert, Der Dom zu Osnabr\u00fcck, in: Das M\u00fcnster, 1958, Jg. 11, S~ 221 -232 H\u00fcdepohl, C., Leben des Bruder Reyner, in: OM, 1, 1848, S. 288 -297<\/p>\n\n\n\n<p class=\"has-small-font-size\">Goebel, Heinrich, Ein Wandteppich im Dome zu Osnabr\u00fcck, in: OM, 64, 1950, S. 98 -102 Goldene und silberne Kunstwerke bis zum Jahre 1633 im Dome zu Osnabr\u00fcck, in: OM, 7, 1864, S. 288 -296<\/p>\n\n\n\n<p class=\"has-small-font-size\">Berlage, Franz Karl, Mitteilungen \u00fcber die kirchlichen Altert\u00fcmer Osnabr\u00fccks, III Der Dom, in: OM, 1878, Bd. 11, S. 278 -363<\/p>\n\n\n\n<p class=\"has-small-font-size\">Berlage, Franz Karl, Osnabr\u00fcck im Jahre 1646, Nach dem Berichte des Abbe Joly, Canonikus in Paris, in: OM, 11, 1878, S. 269ff<\/p>\n\n\n\n<p class=\"has-small-font-size\">Bergmann, Der Dom zu Osnabr\u00fcck, in: OM, 15, 1890, S. 401 -408<\/p>\n\n\n\n<p class=\"has-small-font-size\">Veltmann, Hermann, Handschriftliche Aufzeichnungen \u00fcber einige alte, jetzt verschwundene Uhrwerke der Stadt Osnabr\u00fcck, insbesondere \u00fcber die vormalige astronomische Uhr im Dome daselbst, in: OM, 15, 1890, S. 232ff<\/p>\n\n\n\n<p class=\"has-small-font-size\">Kirchhoff, Johann, Die Organisation des Osnabr\u00fccker Kirchenverm\u00f6gens in der Zeit vom 12 -14. Jahrhundert, in: OM, 34, 1909, S. 44 -114<\/p>\n\n\n\n<p class=\"has-small-font-size\">Krusch, B.; Buchbesprechung H. Moretus, S.J., Les reliques de la Cathedrale d&#8217;Osnabruck en 1343, (Analecta Bollandiana XXVIII. S. 281 -298, Br\u00fcssel 1909), in: OM, 34, 1909, S. 426f<\/p>\n\n\n\n<p class=\"has-small-font-size\">Becksch\u00e4fer, Bernhard, Geschichte des Dominikanerklosters zum hl.Kreuz in Osnabr\u00fcck, in: OM, 37, 1912, S.<\/p>\n\n\n\n<p class=\"has-small-font-size\">Rhotert, Johannes, Die ehemaligen Stiftskurien in der Stadt Osnabr\u00fcck nach dem Bestande vom Jahre 1802, in: OM, 38, 1913, S. 48 -83<\/p>\n\n\n\n<p class=\"has-small-font-size\">Rhotert, Johannes, Die \u00e4lteste erhaltene Strukturrechnung des Domes von 1415, in: OM, 39, 1916, S. 303 -316<\/p>\n\n\n\n<p class=\"has-small-font-size\">Bindel, D., Geistliche Polizei-Ordnung des F\u00fcrstentums Osnabr\u00fcck vom Jahre 1662, in: OM, 46, 1924, S. 49ff<\/p>\n\n\n\n<p class=\"has-small-font-size\">Becksch\u00e4fer, Evangelische Domherren im Osnabr\u00fccker Domkapitel, Nr. 52, 1930, S. 177<\/p>\n\n\n\n<p class=\"has-small-font-size\">Kr\u00fcger, Hilde, Die Stadt Osnabr\u00fcck zur Zeit der Schwedenherrschaft 1633 -1643, in: OM, 56, 1936, S. 1 -107<\/p>\n\n\n\n<p class=\"has-small-font-size\">della Valle, Hennann, Ein Osnabr\u00fccker Pal\u00e4stina-Pilgerbericht aus dem Jahre 1420, in: OM, 59, 1939, S. 99 -115<\/p>\n\n\n\n<p class=\"has-small-font-size\">Berning, WilheIm, Die RELATIO STATUS des Osnabr\u00fccker Bischofs Franz Wilhelm von Warten berg aus dem Jahre 1641, in: OM, 60, 1940, S. 133 -152<\/p>\n\n\n\n<p class=\"has-small-font-size\">B\u00f6sken, Edmund, Melchior Bernhard Veltmann und die Begr\u00fcndung der \u00f6ffentlichen Musikpflege in Osnabr\u00fcck, in: OM, 62, 1947, S. 167 -211<\/p>\n\n\n\n<p class=\"has-small-font-size\">Poppe, Roswitha, Denkmalpflege im Regierungsbezirk Osnabr\u00fcck w\u00e4hrend und nach dem Krieg, in: OM, 1947, Bd. 62, S. 221 -232<\/p>\n\n\n\n<p class=\"has-small-font-size\">Crusius, Eberhard, Die Land-und Justizkanzlei in Osnabr\u00fcck, in: OM, 65, 1951, S. 1 -74<\/p>\n\n\n\n<p class=\"has-small-font-size\">Crusius, Eberhard, Ein Chorpult des Louis XVI aus dem Dom, Beitr\u00e4ge zur Geschichte der Osnabr\u00fccker M\u00f6beltischler des 18. Jahrhunderts, in: OM, 66, 1954, S. 166 -180<\/p>\n\n\n\n<p class=\"has-small-font-size\">Borchers, Walter, Zum Schaffen Johann Conrad Schlauns und seines K\u00fcnstlerstabes im Osna\u00ad br\u00fccker Raum, in: OM, 68, 1959, S. 133 -220<\/p>\n\n\n\n<p class=\"has-small-font-size\">Christian Dolfen, Das Taufbecken des Domes zu Osnabr\u00fcck, Nr. 72, 1964, S. 25<\/p>\n\n\n\n<p class=\"has-small-font-size\">Niehues, Laurenz, Gregorius-Altar und -Kapelle sowie Beneficium Requini und Vicaria Custodis des Domes zu Osnabr\u00fcck, in: OM, 1964, Bd. 72, S. 46 -50<\/p>\n\n\n\n<p class=\"has-small-font-size\">Dolfen, Christian, Zur Datierung der Osnabr\u00fccker Reliquienschreine, in: OM, 1964, Bd. 72, Seite 38 -45<\/p>\n\n\n\n<p class=\"has-small-font-size\">Borchers, Walter, Von der alten Ausstattung der Dominikanerkirche in Osnabr\u00fcck, in: OM, Bd.80, 1973, S.l92 -201<\/p>\n\n\n\n<p class=\"has-small-font-size\">D\u00e4uper, Margret, Untersuchungen zum Kerssenbrock-Epitaph im zu Osnabr\u00fcck, in: OM, 88, 1982, S. 157 -187<\/p>\n\n\n\n<p class=\"has-small-font-size\">Poppe, Roswitha, Neuere Forschungen \u00fcber den mittelalterlichen Sakralbau in Osnabr\u00fcck, in: OM, 92, 1987, S. 67 -104<\/p>\n\n\n\n<p class=\"has-small-font-size\">J. Niebaum, Studien zum Osnabr\u00fccker Domkreuzgang, Nr. 100, 1995, S. 267<\/p>\n<\/div>\n\n\n\n<div class=\"wp-block-column is-layout-flow wp-block-column-is-layout-flow\" style=\"flex-basis:25%\">\n<figure class=\"wp-block-image size-full\"><img loading=\"lazy\" decoding=\"async\" width=\"230\" height=\"325\" src=\"https:\/\/familienforschung-tecklenburger-land.de\/wp-content\/uploads\/2023\/05\/grafik-39.png\" alt=\"\" class=\"wp-image-2737\" srcset=\"https:\/\/familienforschung-tecklenburger-land.de\/wp-content\/uploads\/2023\/05\/grafik-39.png 230w, https:\/\/familienforschung-tecklenburger-land.de\/wp-content\/uploads\/2023\/05\/grafik-39-212x300.png 212w\" sizes=\"auto, (max-width: 230px) 100vw, 230px\" \/><\/figure>\n\n\n\n<h3 class=\"wp-block-heading\">Di\u00f6zesanarchiv:<\/h3>\n\n\n\n<p class=\"has-small-font-size\"><strong>\u00d6ffnungszeiten f\u00fcr Familienforscher:<br><\/strong>mittwochs von 8 bis 12.30 Uhr und 13:30 bis 18 Uhr und auf Anfrage<\/p>\n\n\n\n<p class=\"has-small-font-size\">Gro\u00dfe Domsfreiheit 10, 49074 Osnabr\u00fcck&nbsp;<br>Telefon: 0541\/318-415<\/p>\n\n\n\n<p class=\"has-small-font-size\"><a href=\"http:\/\/www.bistum-osnabrueck.de\/kultur\/dioezesanarchiv.html\">Webseite<\/a><\/p>\n\n\n\n<figure class=\"wp-block-image\"><img decoding=\"async\" src=\"https:\/\/familienforschung-tecklenburger-land.de\/files\/Tecklenburger-Familienforschung\/OSNABRUECK\/Osnabrueck%20Stadt\/OS-Dom\/1DOM_2.jpg\" alt=\"\"\/><\/figure>\n\n\n\n<h3 class=\"wp-block-heading\">Katholische Kirchenb\u00fccher einsehbar:<\/h3>\n\n\n\n<p class=\"has-small-font-size\">im <a href=\"http:\/\/www.bistum-osnabrueck.de\/kultur\/dioezesanarchiv.html\">Di\u00f6zesanarchiv in Osnabr\u00fcck<\/a><\/p>\n\n\n\n<ul class=\"wp-block-list\">\n<li class=\"has-small-font-size\">Taufregister ab 1653<\/li>\n\n\n\n<li class=\"has-small-font-size\">Heiratsregister ab 1654 (L\u00fccke 1676 &#8211; 1695)<\/li>\n\n\n\n<li class=\"has-small-font-size\">Sterberegister ab 1654 (L\u00fccke 1680 &#8211; 1695)<\/li>\n<\/ul>\n\n\n\n<p><img loading=\"lazy\" decoding=\"async\" src=\"https:\/\/familienforschung-tecklenburger-land.de\/files\/Tecklenburger-Familienforschung\/OSNABRUECK\/Osnabrueck%20Stadt\/OS-Dom\/Zeichnung-Hasekamp.jpg\" alt=\"\" width=\"230\" height=\"199\"><\/p>\n\n\n\n<p class=\"has-small-font-size\">Zeichnung von Hans Hasekamp um 1850<\/p>\n\n\n\n<figure class=\"wp-block-image\"><img decoding=\"async\" src=\"https:\/\/familienforschung-tecklenburger-land.de\/assets\/images\/1\/OS-Dom-Luftbild-z-45c717c1.jpg\" alt=\"\"\/><\/figure>\n\n\n\n<h3 class=\"wp-block-heading\">Heimatjahrbuch Osnabr\u00fcck Stadt und Land<\/h3>\n\n\n\n<p class=\"has-small-font-size\">1976: Geheimnisvolle Spuren alten Aberglaubens. R\u00e4tselhafte Schleifrillen im Domportikus und im Kreuzgang von St. Johann. Von Johannes Lorenz (S. 67)<\/p>\n\n\n\n<p><img loading=\"lazy\" decoding=\"async\" src=\"https:\/\/familienforschung-tecklenburger-land.de\/files\/Tecklenburger-Familienforschung\/OSNABRUECK\/Osnabrueck%20Stadt\/Dom_sw.jpg\" alt=\"\" width=\"230\" height=\"254\"><\/p>\n\n\n\n<p class=\"has-small-font-size\">R\u00fcckansicht des Domes<\/p>\n\n\n\n<figure class=\"wp-block-image\"><img decoding=\"async\" src=\"https:\/\/familienforschung-tecklenburger-land.de\/files\/Tecklenburger-Familienforschung\/OSNABRUECK\/Osnabrueck%20Stadt\/OS-Dom\/1DOM_5.jpg\" alt=\"\"\/><\/figure>\n\n\n\n<h4 class=\"wp-block-heading\"><\/h4>\n\n\n\n<figure class=\"wp-block-image\"><img decoding=\"async\" src=\"https:\/\/familienforschung-tecklenburger-land.de\/files\/Tecklenburger-Familienforschung\/OSNABRUECK\/Osnabrueck%20Stadt\/OS-Dom\/OS-Dom-Seite-1905-z.jpg\" alt=\"\"\/><\/figure>\n\n\n\n<h4 class=\"wp-block-heading\"><\/h4>\n\n\n\n<figure class=\"wp-block-image\"><img decoding=\"async\" src=\"https:\/\/familienforschung-tecklenburger-land.de\/files\/Tecklenburger-Familienforschung\/OSNABRUECK\/Osnabrueck%20Stadt\/OS-Dom\/1DOM_1.jpg\" alt=\"\"\/><\/figure>\n\n\n\n<h4 class=\"wp-block-heading\"><\/h4>\n\n\n\n<figure class=\"wp-block-image\"><img decoding=\"async\" src=\"https:\/\/familienforschung-tecklenburger-land.de\/files\/Tecklenburger-Familienforschung\/OSNABRUECK\/Osnabrueck%20Stadt\/OS-Dom\/OS-Dom-Seite-1920-z.jpg\" alt=\"\"\/><\/figure>\n\n\n\n<h4 class=\"wp-block-heading\"><\/h4>\n\n\n\n<figure class=\"wp-block-image\"><img decoding=\"async\" src=\"https:\/\/familienforschung-tecklenburger-land.de\/files\/Tecklenburger-Familienforschung\/OSNABRUECK\/Osnabrueck%20Stadt\/OS-Dom\/1DOM_3.jpg\" alt=\"\"\/><\/figure>\n\n\n\n<h4 class=\"wp-block-heading\"><\/h4>\n\n\n\n<figure class=\"wp-block-image\"><img decoding=\"async\" src=\"https:\/\/familienforschung-tecklenburger-land.de\/files\/Tecklenburger-Familienforschung\/OSNABRUECK\/Osnabrueck%20Stadt\/OS-Dom\/1DOM_4.jpg\" alt=\"\"\/><\/figure>\n\n\n\n<p><\/p>\n\n\n\n<figure class=\"wp-block-image\"><img decoding=\"async\" src=\"https:\/\/familienforschung-tecklenburger-land.de\/files\/Tecklenburger-Familienforschung\/OSNABRUECK\/Osnabrueck%20Stadt\/OS-Dom\/OS-Dom-Seite-1920a-z.jpg\" alt=\"\"\/><\/figure>\n\n\n\n<p><\/p>\n\n\n\n<figure class=\"wp-block-image\"><img decoding=\"async\" src=\"https:\/\/familienforschung-tecklenburger-land.de\/files\/Tecklenburger-Familienforschung\/OSNABRUECK\/Osnabrueck%20Stadt\/OS-Dom\/OS-Dom-Luftbild-1927-z.jpg\" alt=\"\"\/><\/figure>\n\n\n\n<p><\/p>\n\n\n\n<figure class=\"wp-block-image\"><img decoding=\"async\" src=\"https:\/\/familienforschung-tecklenburger-land.de\/files\/Tecklenburger-Familienforschung\/OSNABRUECK\/Osnabrueck%20Stadt\/OS-Dom\/Osnabrueck_Dom_1.jpg\" alt=\"\"\/><\/figure>\n<\/div>\n<\/div>\n\n\n\n<h2 class=\"wp-block-heading\" id=\"Katharinen\">St. Katharinen<\/h2>\n\n\n\n<div class=\"wp-block-columns is-layout-flex wp-container-core-columns-is-layout-9d6595d7 wp-block-columns-is-layout-flex\">\n<div class=\"wp-block-column is-layout-flow wp-block-column-is-layout-flow\" style=\"flex-basis:25%\">\n<figure class=\"wp-block-image size-full\"><img loading=\"lazy\" decoding=\"async\" width=\"230\" height=\"362\" src=\"https:\/\/familienforschung-tecklenburger-land.de\/wp-content\/uploads\/2023\/05\/grafik-41.png\" alt=\"\" class=\"wp-image-2739\" srcset=\"https:\/\/familienforschung-tecklenburger-land.de\/wp-content\/uploads\/2023\/05\/grafik-41.png 230w, https:\/\/familienforschung-tecklenburger-land.de\/wp-content\/uploads\/2023\/05\/grafik-41-191x300.png 191w\" sizes=\"auto, (max-width: 230px) 100vw, 230px\" \/><\/figure>\n\n\n\n<h4 class=\"wp-block-heading\"><\/h4>\n\n\n\n<figure class=\"wp-block-image size-full\"><img loading=\"lazy\" decoding=\"async\" width=\"230\" height=\"382\" src=\"https:\/\/familienforschung-tecklenburger-land.de\/wp-content\/uploads\/2023\/05\/grafik-42.png\" alt=\"\" class=\"wp-image-2740\" srcset=\"https:\/\/familienforschung-tecklenburger-land.de\/wp-content\/uploads\/2023\/05\/grafik-42.png 230w, https:\/\/familienforschung-tecklenburger-land.de\/wp-content\/uploads\/2023\/05\/grafik-42-181x300.png 181w\" sizes=\"auto, (max-width: 230px) 100vw, 230px\" \/><\/figure>\n\n\n\n<h4 class=\"wp-block-heading\">In: Heimatjahrbuch Osnabr\u00fccker Land<\/h4>\n\n\n\n<p class=\"has-small-font-size\">1996: Der Zentralbau unter der Osnabr\u00fccker Katharinenkirche (Gerd-Ulrich Piesch), S. 91<\/p>\n\n\n\n<p class=\"has-small-font-size\">1987: Die Alt\u00e4re von St. Katharinen zu Osnabr\u00fcck nach dem Drei\u00dfigj\u00e4hrigen Kriege (Dr. Heinrich Koch), S. 221<\/p>\n\n\n\n<p class=\"has-small-font-size\">1985: Der Turm von St. Katharinen zu Osnabr\u00fcck (Dr. Heinrich Koch), S. 197<\/p>\n<\/div>\n\n\n\n<div class=\"wp-block-column is-layout-flow wp-block-column-is-layout-flow\" style=\"flex-basis:50%\">\n<p class=\"has-small-font-size\">Die evangelisch-lutherische Kirche St. Katharinen ist eine sp\u00e4tgotische Hallenkirche in der Osnabr\u00fccker Altstadt.<\/p>\n\n\n\n<p class=\"has-small-font-size\">1248: erstmalige Erw\u00e4hnung als j\u00fcngste der vier mittelalterlichen Pfarrkirchen.<\/p>\n\n\n\n<p class=\"has-small-font-size\">In der ersten H\u00e4lfte des 13. Jahrhunderts entstand vor den Mauern der Osnabr\u00fccker Binnenburg im Bereich der Stadth\u00f6fe des Adels eine kleine Kirche, die anfangs noch zum Kirchspiel des Domes geh\u00f6rte und 1248 erstmals namentlich als \u201eSt. Katharinen\u201c erw\u00e4hnt wird. Als Verwendungszweck k\u00f6nnen Sie am besten die Artikelnummer oder den Titel des Artikels und den Namen des K\u00e4ufers eingeben.06 die Altstadt und die Neustadt zusammengelegt wurden, wurde St. Katharinen zu einem eigenst\u00e4ndigen Kirchspiel. Der heutige Bau wurde ab etwa 1300 mit mehreren Unterbrechungen errichtet und um 1500 weitgehend vollendet. 1543 wurde in St. Katharinen die Reformation eingef\u00fchrt.<\/p>\n\n\n\n<h3 class=\"wp-block-heading\">Aus dem Osnabr\u00fccker Adressbuch von 1868:<\/h3>\n\n\n\n<figure class=\"wp-block-image\"><img decoding=\"async\" src=\"https:\/\/familienforschung-tecklenburger-land.de\/files\/Tecklenburger-Familienforschung\/OSNABRUECK\/Osnabrueck%20Stadt\/OS-Katharinenkirche\/Katharinenkirche-1868-Zustaendigkeit.jpg\" alt=\"\"\/><\/figure>\n\n\n\n<h3 class=\"wp-block-heading\">Literatur:<\/h3>\n\n\n\n<p class=\"has-small-font-size\">Karsten Igel: Die Heilige Katharina, das Rad, die B\u00fcrger und der Bischof. Das Osnabr\u00fccker Stadtsiegel und die Katharinenkirche \u2013 auch in Osnabr\u00fcck war Jerusalem. In: Osnabr\u00fccker Mitteilungen, 2006, 111, S. 27\u201360.<\/p>\n\n\n\n<p class=\"has-small-font-size\">Dehio: Handbuch der Deutschen Kunstdenkm\u00e4ler, Niedersachsen<\/p>\n\n\n\n<p class=\"has-small-font-size\">D\u00fchne: Geschichte der Kirchen und Reformation im F\u00fcrstbistum Osnabr\u00fcck.<\/p>\n\n\n\n<p class=\"has-small-font-size\">Koch: Der kleine Kunstf\u00fchrer, St. Katharinen in Osnabr\u00fcck.<\/p>\n\n\n\n<p class=\"has-small-font-size\">Weichsler, Hans: Handbuch des Sprengels Osnabr\u00fcck (Handbuch der ev. luth. Pfarrgemeinden). Osnabr\u00fcck, 1996.<\/p>\n\n\n\n<h4 class=\"wp-block-heading\">Osnabr\u00fccker Mitteilungen:<\/h4>\n\n\n\n<p class=\"has-small-font-size\">Hermann Veltman, Regesten und Notizen zur Geschichte der Catharinenkirche in Osnabr\u00fcck, Nr. 14, 1889, S. 136<\/p>\n\n\n\n<p class=\"has-small-font-size\">Walter Kaufmann, Die St.-Marien- und die St.-Katharinen-Kirche zu Osnabr\u00fcck w\u00e4hrend des Drei\u00dfigj\u00e4hrigen Krieges und der Friedensverhandlungen, Nr. 63, 1948, S. 74<\/p>\n\n\n\n<h4 class=\"wp-block-heading\"><br><\/h4>\n<\/div>\n\n\n\n<div class=\"wp-block-column is-layout-flow wp-block-column-is-layout-flow\" style=\"flex-basis:25%\">\n<figure class=\"wp-block-image size-full\"><img loading=\"lazy\" decoding=\"async\" width=\"230\" height=\"461\" src=\"https:\/\/familienforschung-tecklenburger-land.de\/wp-content\/uploads\/2023\/05\/grafik-40.png\" alt=\"\" class=\"wp-image-2738\" srcset=\"https:\/\/familienforschung-tecklenburger-land.de\/wp-content\/uploads\/2023\/05\/grafik-40.png 230w, https:\/\/familienforschung-tecklenburger-land.de\/wp-content\/uploads\/2023\/05\/grafik-40-150x300.png 150w\" sizes=\"auto, (max-width: 230px) 100vw, 230px\" \/><\/figure>\n\n\n\n<h3 class=\"wp-block-heading\">Kirchenb\u00fccher:<\/h3>\n\n\n\n<ul class=\"wp-block-list\">\n<li class=\"has-small-font-size\">Taufen ab 1678<\/li>\n\n\n\n<li class=\"has-small-font-size\">Trauungen ab 1687<\/li>\n\n\n\n<li class=\"has-small-font-size\">Beerdigungen ab 1801<\/li>\n<\/ul>\n\n\n\n<p class=\"has-small-font-size\"><a href=\"http:\/\/www.kirchenkreis-osnabrueck.de\/kirchenkreis\/kirchenamt.html\">Ev.-luth. Kirchenbuchamt Osnabr\u00fcck<\/a><br>Eversburger Str. 32<br>49090 Osnabr\u00fcck<br>Anmeldung erforderlich:<br><a href=\"mailto:linda.klingspohn@evlka.de\">Linda Klingspohn<\/a><br>T: 0541 \/ 94049-435<br>Das Kirchenbuchamt ist Di u. Do von 8:30 Uhr bis 13:30 Uhr ge\u00f6ffnet.<\/p>\n\n\n\n<p class=\"has-small-font-size\"><em>Siehe auch:<\/em> Garbe, Fritz, Die Kirchenb\u00fccher der Ev.-luth. Landeskirche Hannovers. Hannover 1960<\/p>\n\n\n\n<figure class=\"wp-block-image\"><img decoding=\"async\" src=\"https:\/\/familienforschung-tecklenburger-land.de\/assets\/images\/c\/OS-Katharinenkirche-Luftbild-441be62c.jpg\" alt=\"\"\/><\/figure>\n\n\n\n<p><a href=\"https:\/\/familienforschung-tecklenburger-land.de\/files\/Tecklenburger-Familienforschung\/OSNABRUECK\/Osnabrueck%20Stadt\/OS-Katharinenkirche\/OS-Katharinenkirche-Luftbild.jpg\"><\/a><\/p>\n\n\n\n<figure class=\"wp-block-image\"><img decoding=\"async\" src=\"https:\/\/familienforschung-tecklenburger-land.de\/files\/Tecklenburger-Familienforschung\/OSNABRUECK\/Osnabrueck%20Stadt\/OS-Katharinenkirche\/1Kathkirche.jpg\" alt=\"\"\/><\/figure>\n<\/div>\n<\/div>\n\n\n\n<h2 class=\"wp-block-heading\" id=\"Lutherkirche\">Lutherkirche<\/h2>\n\n\n\n<div class=\"wp-block-columns is-layout-flex wp-container-core-columns-is-layout-9d6595d7 wp-block-columns-is-layout-flex\">\n<div class=\"wp-block-column is-layout-flow wp-block-column-is-layout-flow\" style=\"flex-basis:25%\">\n<figure class=\"wp-block-image size-full\"><img loading=\"lazy\" decoding=\"async\" width=\"230\" height=\"245\" src=\"https:\/\/familienforschung-tecklenburger-land.de\/wp-content\/uploads\/2023\/05\/grafik-43.png\" alt=\"\" class=\"wp-image-2741\"\/><\/figure>\n<\/div>\n\n\n\n<div class=\"wp-block-column is-layout-flow wp-block-column-is-layout-flow\" style=\"flex-basis:50%\">\n<p class=\"has-small-font-size\">Die Lutherkirche ist eine evangelisch-lutherische Kirche in der Neustadt von Osnabr\u00fcck (Niedersachsen). Sie wurde von 1907 bis 1909 von dem Architekten Karl B\u00f6rgemann in Anlehnung an das Wiesbadener Programm im Rundbogenstil erbaut.<\/p>\n\n\n\n<p class=\"has-small-font-size\">Mit dem Bau wurde am 23. September 1907 begonnen; am 14. November 1909 wurde die Kirche als Tochtergemeinde von St. Katharinen eingeweiht. Erster Pastor der Lutherkirche war Hugo Blitz.<br>Ihre Unabh\u00e4ngigkeit erhielt die Gemeinde der Lutherkirche im Jahr 1927.<\/p>\n\n\n\n<h3 class=\"wp-block-heading\">Literatur:<\/h3>\n\n\n\n<p class=\"has-small-font-size\">G\u00fcnter Hindersmann: Der Jugendstil in Osnabr\u00fcck. In: Heimat-Jahrbuch f\u00fcr das Osnabr\u00fccker Land. Meinders &amp; Elstermann, Osnabr\u00fcck 2002, ZDB-ID 1226420-9.<br><br>Ingeborg Hagedorn: Lutherkirche Osnabr\u00fcck. (= Kleine Kunstf\u00fchrer, Nr. 2118.) Schnell &amp; Steiner, Regensburg 1994.<\/p>\n\n\n\n<p class=\"has-small-font-size\">Poppe-Marquard: Osnabr\u00fccker Kirchenchronik.<\/p>\n<\/div>\n\n\n\n<div class=\"wp-block-column is-layout-flow wp-block-column-is-layout-flow\" style=\"flex-basis:25%\">\n<p><img loading=\"lazy\" decoding=\"async\" src=\"https:\/\/familienforschung-tecklenburger-land.de\/files\/Tecklenburger-Familienforschung\/OSNABRUECK\/Osnabrueck%20Stadt\/OS-Lutherkirche\/Lutherkirche-heute.jpg\" alt=\"\" width=\"230\" height=\"306\"><\/p>\n\n\n\n<p class=\"has-small-font-size\">(Bild: BangertNo, Wikipedia)<\/p>\n<\/div>\n<\/div>\n\n\n\n<h2 class=\"wp-block-heading\" id=\"Herz-Jesu-Kirche\">Herz-Jesu-Kirche<\/h2>\n\n\n\n<div class=\"wp-block-columns is-layout-flex wp-container-core-columns-is-layout-9d6595d7 wp-block-columns-is-layout-flex\">\n<div class=\"wp-block-column is-layout-flow wp-block-column-is-layout-flow\" style=\"flex-basis:25%\">\n<h3 class=\"wp-block-heading\">Matricula<\/h3>\n\n\n\n<p class=\"has-small-font-size\">Kirchenb\u00fccher online einsehbar:<\/p>\n\n\n\n<p class=\"has-small-font-size\"><a href=\"https:\/\/data.matricula-online.eu\/de\/deutschland\/osnabrueck\/osnabruck-herz-jesu-innenstadt\/\">Osnabr\u00fcck Herz Jesu &#8211; Innenstadt<\/a><\/p>\n\n\n\n<figure class=\"wp-block-image\"><img decoding=\"async\" src=\"https:\/\/familienforschung-tecklenburger-land.de\/files\/Tecklenburger-Familienforschung\/OSNABRUECK\/Osnabrueck%20Stadt\/OS-Herz-Jesu-Kirche\/HJKirche-2009.jpg\" alt=\"\"\/><\/figure>\n\n\n\n<p class=\"has-small-font-size\">Die Herz-Jesu-Kirche heute (Bild: OS Meyer, Wikipedia)<\/p>\n<\/div>\n\n\n\n<div class=\"wp-block-column is-layout-flow wp-block-column-is-layout-flow\" style=\"flex-basis:50%\">\n<p class=\"has-small-font-size\">Die Herz-Jesu-Kirche war die erste r\u00f6misch-katholische Kirche, die in Osnabr\u00fcck nach der Reformation gebaut wurde.<br>1898 entwarf der Architekt Alex Behnes die Pl\u00e4ne f\u00fcr die dreischiffige neugotische Kirche. Errichtet wurde sie aus Ibbenb\u00fcrener Sandstein, der mit Pferdefuhrwerken nach Osnabr\u00fcck geschafft wurde. Der Rohbau war im Dezember 1899 vollendet, die T\u00fcrme folgten etwas sp\u00e4ter. Am 13. M\u00e4rz 1902 wurde die Kirche gesegnet und seither f\u00fcr Gottesdienste genutzt.<br><br>Kunsthistorisch wertvollstes Ausstattungsst\u00fcck ist eine sp\u00e4tgotische Kreuzigungsgruppe aus dem 16. Jahrhundert des Bildhauers Evert van Roden aus M\u00fcnster.<\/p>\n\n\n\n<h3 class=\"wp-block-heading\">Literatur:<\/h3>\n\n\n\n<p class=\"has-small-font-size\">Neue Domgemeinde St. Petrus (Hrsg.): 100 Jahre Herz-Jesu-Kirche Osnabr\u00fcck. Sonderausgabe eines Teils einer Festschrift zur Geschichte der Herz-Jesu-Kirche anl\u00e4sslich des 97. Deutschen Katholikentags Mai 2008. Osnabr\u00fcck 2008<\/p>\n<\/div>\n\n\n\n<div class=\"wp-block-column is-layout-flow wp-block-column-is-layout-flow\" style=\"flex-basis:25%\">\n<p><img loading=\"lazy\" decoding=\"async\" src=\"https:\/\/familienforschung-tecklenburger-land.de\/files\/Tecklenburger-Familienforschung\/OSNABRUECK\/Osnabrueck%20Stadt\/OS-Herz-Jesu-Kirche\/HJKirche-1899.jpg\" alt=\"\" width=\"230\" height=\"298\"><\/p>\n\n\n\n<p class=\"has-small-font-size\">Die Herz-Jesu-Kirche auf einer Postkarte kurz nach der Fertigstellung, noch bevor die T\u00fcrme fertiggestellt waren.<\/p>\n\n\n\n<figure class=\"wp-block-image\"><img decoding=\"async\" src=\"https:\/\/familienforschung-tecklenburger-land.de\/files\/Tecklenburger-Familienforschung\/OSNABRUECK\/Osnabrueck%20Stadt\/OS-Herz-Jesu-Kirche\/OS-Herz-Jesu-Kirche-kath.jpg\" alt=\"\"\/><\/figure>\n\n\n\n<p class=\"has-small-font-size\"><\/p>\n<\/div>\n<\/div>\n","protected":false},"excerpt":{"rendered":"<p>Stadtf\u00fchrungen rund um Osnabr\u00fccks Kirchen: Spaziergang durch Alt-Osnabr\u00fcck Marienkirchturm, Rathaus und Bucksturm Stadtteilf\u00fchrung Gertrudenberg mit der Gertrudenkirche Fahrradtour: Moderne \u201eKirchenLandschaften\u201c Fahrradtour: Heilig Kreuz Kirche, Themoteuskirche, St. Franziskus, St. Barbara, Bonnuskirche und weitere Mit dem Nachtw\u00e4chter durch Osnabr\u00fcck (mit Marienturmbesteigung) Rathaus- und Altstadtf\u00fchrung &#8222;Osnabr\u00fcck-Quer&#8220; Kunst in der Kirche Katholische Kirchen im Osnabr\u00fccker Raum: Evangelische Kirchen im&#8230;<\/p>\n","protected":false},"author":4,"featured_media":0,"parent":0,"menu_order":68,"comment_status":"closed","ping_status":"closed","template":"","meta":{"_coblocks_attr":"","_coblocks_dimensions":"","_coblocks_responsive_height":"","_coblocks_accordion_ie_support":"","footnotes":""},"class_list":["post-335","page","type-page","status-publish","hentry"],"_links":{"self":[{"href":"https:\/\/familienforschung-tecklenburger-land.de\/index.php?rest_route=\/wp\/v2\/pages\/335","targetHints":{"allow":["GET"]}}],"collection":[{"href":"https:\/\/familienforschung-tecklenburger-land.de\/index.php?rest_route=\/wp\/v2\/pages"}],"about":[{"href":"https:\/\/familienforschung-tecklenburger-land.de\/index.php?rest_route=\/wp\/v2\/types\/page"}],"author":[{"embeddable":true,"href":"https:\/\/familienforschung-tecklenburger-land.de\/index.php?rest_route=\/wp\/v2\/users\/4"}],"replies":[{"embeddable":true,"href":"https:\/\/familienforschung-tecklenburger-land.de\/index.php?rest_route=%2Fwp%2Fv2%2Fcomments&post=335"}],"version-history":[{"count":18,"href":"https:\/\/familienforschung-tecklenburger-land.de\/index.php?rest_route=\/wp\/v2\/pages\/335\/revisions"}],"predecessor-version":[{"id":2832,"href":"https:\/\/familienforschung-tecklenburger-land.de\/index.php?rest_route=\/wp\/v2\/pages\/335\/revisions\/2832"}],"wp:attachment":[{"href":"https:\/\/familienforschung-tecklenburger-land.de\/index.php?rest_route=%2Fwp%2Fv2%2Fmedia&parent=335"}],"curies":[{"name":"wp","href":"https:\/\/api.w.org\/{rel}","templated":true}]}}