{"id":329,"date":"2023-02-26T19:01:09","date_gmt":"2023-02-26T18:01:09","guid":{"rendered":"https:\/\/familienforschung-tecklenburger-land.de\/?page_id=329"},"modified":"2023-05-19T19:44:07","modified_gmt":"2023-05-19T18:44:07","slug":"voltlage","status":"publish","type":"page","link":"https:\/\/familienforschung-tecklenburger-land.de\/?page_id=329","title":{"rendered":"Voltlage"},"content":{"rendered":"\n<div class=\"wp-block-columns is-layout-flex wp-container-core-columns-is-layout-9d6595d7 wp-block-columns-is-layout-flex\">\n<div class=\"wp-block-column is-layout-flow wp-block-column-is-layout-flow\" style=\"flex-basis:25%\">\n<p class=\"has-small-font-size\"><strong>Die Seiten \u00fcber Voltlage wurden zusammengestellt von Heinrich Gosmann.<\/strong><\/p>\n\n\n\n<h3 class=\"wp-block-heading\">Weiteres vor Ort:<\/h3>\n\n\n\n<p class=\"has-small-font-size\"><strong>Heimatverein Voltlage e.V.<\/strong><br>Hauptstr. 12<br>49599 Voltlage<br>Telefon: 05467 \/ 616<br>MariaKnuf@web.de<\/p>\n\n\n\n<h3 class=\"wp-block-heading\">Ausfl\u00fcge in die Geschichte:<\/h3>\n\n\n\n<p class=\"has-small-font-size\"><a href=\"http:\/\/www.noz.de\/lokales\/4111121\/heimatverein-voltlage-richtet-in-hoeckel-ein-museum-ein\">Heimatmuseum in H\u00f6ckel<\/a><\/p>\n\n\n\n<p class=\"has-small-font-size\">Radrundweg &#8222;Auf den Spuren von <a href=\"http:\/\/de.wikipedia.org\/wiki\/Bernhard_Heinrich_Overberg\">Bernhard Overberg<\/a>&#8220; (siehe rechte Spalte).<\/p>\n<\/div>\n\n\n\n<div class=\"wp-block-column is-layout-flow wp-block-column-is-layout-flow\" style=\"flex-basis:50%\">\n<h2 class=\"wp-block-heading\" id=\"Voltlage-Geschichte\">Zur Geschichte<\/h2>\n\n\n\n<p class=\"has-small-font-size\">Die drei Siedlungen Voltlage, H\u00f6ckel und Weese sind s\u00e4chsischen Ursprungs.<\/p>\n\n\n\n<p class=\"has-small-font-size\">Der Name Voltlage, fr\u00fcher Folt-la (890), Veltlo (1265), Vultlo (1271), Voltlohe und Voltlage (1556), deutet auf urspr\u00fcnglichen Waldbestand hin.<\/p>\n\n\n\n<p class=\"has-small-font-size\">Der Name H\u00f6ckel, 1240 und 1271 Hokele, wird ebenfalls fr\u00fch erw\u00e4hnt und ist die Ableitung vom s\u00e4chsischen \u201ehukele\u201c, gleich H\u00fcgel.<\/p>\n\n\n\n<p class=\"has-small-font-size\">Weese wird erstmals in der Liste der Osnabr\u00fccker Tafelg\u00fcter von 1240 als Wese und in der Heberolle des Klosters Korvey als Wysi genannt.<\/p>\n\n\n\n<p class=\"has-small-font-size\"><strong>1271<\/strong> Als Geistlicher des Kirchspiels wird ein Henricus de Voltlo genannt.<\/p>\n\n\n\n<p class=\"has-small-font-size\"><strong>1624<\/strong> In einem Visitationsprotokoll hei\u00dft es zu Voltlage: \u201eEs sind dort 19 Familien und viele andere H\u00fctten\u201c.<\/p>\n\n\n\n<p class=\"has-small-font-size\"><strong>1652<\/strong> sind 328 Kommunikanten und 17 Protestanten nachgewiesen.<\/p>\n\n\n\n<p class=\"has-small-font-size\"><strong>1688<\/strong> die alte romanische Kirche ist zu klein und bauf\u00e4llig.<\/p>\n\n\n\n<p class=\"has-small-font-size\"><strong>1688<\/strong> erste Erw\u00e4hnung einer Schule in Voltlage.<\/p>\n\n\n\n<p class=\"has-small-font-size\"><strong>1695<\/strong> Das Seelenregister aus diesem Jahr ist leider unvollst\u00e4ndig und stark besch\u00e4digt.<\/p>\n\n\n\n<p class=\"has-small-font-size\"><strong>1709<\/strong> Das von Pastor Zumbrink (1688-1736) erstellte Seelenregister notiert f\u00fcr Voltlage 240, f\u00fcr H\u00f6ckel 314 und f\u00fcr Weese 270, zusammen 824 Personen.<\/p>\n\n\n\n<p class=\"has-small-font-size\"><strong>1752-1755<\/strong> Bau der neuen Kirche als ungegliederte Saalkirche. Der Turm der alten Kirche bleibt bestehen.<\/p>\n\n\n\n<p class=\"has-small-font-size\"><strong>1790<\/strong> H\u00f6ckel erh\u00e4lt eine eigene Schule.<\/p>\n\n\n\n<p class=\"has-small-font-size\"><strong>1837<\/strong> Anschaffung einer Feuerspritze f\u00fcr das Kirchspiel Voltlage.<\/p>\n\n\n\n<p class=\"has-small-font-size\"><strong>1845<\/strong> Am 5. Januar brennt die zur Kirche geh\u00f6rige Windm\u00fchle in Voltlage ab.<\/p>\n\n\n\n<p class=\"has-small-font-size\"><strong>1854<\/strong> Erh\u00f6hung des Kirchturm und Bau des Helm in Form einer achtseitigen Pyramide.<\/p>\n\n\n\n<p class=\"has-small-font-size\"><strong>1865<\/strong> Neubau des Pfarrhauses.<\/p>\n\n\n\n<p class=\"has-small-font-size\"><strong>1890<\/strong> in Weese wird eine Schule eingerichtet.<\/p>\n\n\n\n<p class=\"has-small-font-size\"><strong>1972<\/strong> Die bisher selbst\u00e4ndigen Gemeinden Voltlage, H\u00f6ckel und Weese bilden nun die Gemeinde Voltlage und schlie\u00dfen sich mit Merzen und Neuenkirchen zur Samtgemeinde Neuenkirchen zusammen.<\/p>\n\n\n\n<p class=\"has-small-font-size\"><strong>2002<\/strong> Er\u00f6ffnung des Heimatmuseum in H\u00f6ckel.<\/p>\n<\/div>\n\n\n\n<div class=\"wp-block-column is-layout-flow wp-block-column-is-layout-flow\" style=\"flex-basis:25%\">\n<figure class=\"wp-block-image size-full\"><img loading=\"lazy\" decoding=\"async\" width=\"230\" height=\"276\" src=\"https:\/\/familienforschung-tecklenburger-land.de\/wp-content\/uploads\/2023\/05\/Voltlage-Wappen.jpg\" alt=\"\" class=\"wp-image-2425\"\/><\/figure>\n\n\n\n<h3 class=\"wp-block-heading\">Bauerschaften:<\/h3>\n\n\n\n<p class=\"has-small-font-size\">H\u00f6ckel, Voltlage, Weese<\/p>\n\n\n\n<h3 class=\"wp-block-heading\">Verwaltungszugeh\u00f6rigkeit:<\/h3>\n\n\n\n<ul class=\"wp-block-list\">\n<li class=\"has-small-font-size\">bis 1807: Amt F\u00fcrstenau \/ Vogtei Merzen \/ Gogericht F\u00fcrstenau \/ Archidiakonat Domscholaster<\/li>\n\n\n\n<li class=\"has-small-font-size\">1808-1810: Departement Weser \/ Distrikt Osnabr\u00fcck \/ Canton F\u00fcrstenau<\/li>\n\n\n\n<li class=\"has-small-font-size\">1811-1813: Departement Ober-Ems \/ Arrondissemont Lingen \/ Canton F\u00fcrstenau \/ Mairie Voltlage<\/li>\n\n\n\n<li class=\"has-small-font-size\">1814-1852: Amt F\u00fcrstenau \/ Vogtei Merzen<\/li>\n\n\n\n<li class=\"has-small-font-size\">1853-1884: Amt F\u00fcrstenau \/ Gogericht F\u00fcrstenau<\/li>\n\n\n\n<li class=\"has-small-font-size\">ab 1885: Kreis Bersenbr\u00fcck \/ Gogericht F\u00fcrstenau<\/li>\n<\/ul>\n\n\n\n<h3 class=\"wp-block-heading\">Bev\u00f6lkerung:<\/h3>\n\n\n\n<ul class=\"wp-block-list\">\n<li class=\"has-small-font-size\">1709 \u2013 824,<\/li>\n\n\n\n<li class=\"has-small-font-size\">1848 \u2013 1400,<\/li>\n\n\n\n<li class=\"has-small-font-size\">1853 \u2013 1367,<\/li>\n\n\n\n<li class=\"has-small-font-size\">1885 \u2013 1250,<\/li>\n\n\n\n<li class=\"has-small-font-size\">1990 \u2013 1683,<\/li>\n\n\n\n<li class=\"has-small-font-size\">1995 \u2013 1739,<\/li>\n\n\n\n<li class=\"has-small-font-size\">2000 \u2013 1769,<\/li>\n\n\n\n<li class=\"has-small-font-size\">2005 \u2013 1825,<\/li>\n\n\n\n<li class=\"has-small-font-size\">2010 \u2013 1782<\/li>\n<\/ul>\n<\/div>\n<\/div>\n\n\n\n<h2 class=\"wp-block-heading\" id=\"Voltlage-Weblinks\">Weblinks<\/h2>\n\n\n\n<div class=\"wp-block-columns is-layout-flex wp-container-core-columns-is-layout-9d6595d7 wp-block-columns-is-layout-flex\">\n<div class=\"wp-block-column is-layout-flow wp-block-column-is-layout-flow\" style=\"flex-basis:25%\">\n<figure class=\"wp-block-image size-full\"><img loading=\"lazy\" decoding=\"async\" width=\"230\" height=\"172\" src=\"https:\/\/familienforschung-tecklenburger-land.de\/wp-content\/uploads\/2023\/05\/Gosmann-Bild106-1.jpg\" alt=\"\" class=\"wp-image-2429\"\/><\/figure>\n<\/div>\n\n\n\n<div class=\"wp-block-column is-layout-flow wp-block-column-is-layout-flow\" style=\"flex-basis:50%\">\n<p class=\"has-small-font-size\"><a href=\"http:\/\/www.voltlage.de\">Voltlage<\/a><\/p>\n\n\n\n<p class=\"has-small-font-size\"><a href=\"http:\/\/de.wikipedia.org\/wiki\/Voltlage\">Voltlage bei Wikipedia<\/a><\/p>\n\n\n\n<p class=\"has-small-font-size\"><a href=\"http:\/\/de.wikipedia.org\/wiki\/Bernhard_Heinrich_Overberg\">Bernhard Heinrich Overberg<\/a> (1754-1826) Reformator der katholischen Volksschule im westlichen Deutschland<\/p>\n\n\n\n<p class=\"has-small-font-size\"><a href=\"http:\/\/overbergschule-voltlage.de\">Overbergschule Voltlage<\/a><\/p>\n\n\n\n<p class=\"has-small-font-size\"><a href=\"http:\/\/pfarrblick.de\/pfarreiengemeinschaft\/voltlage\">Pfarreiengemeinschaft Merzen, Neuenkirchen, Voltlage<\/a><\/p>\n\n\n\n<p class=\"has-small-font-size\"><a href=\"http:\/\/de.wikipedia.org\/wiki\/St._Katharina_%28Voltlage%29\">St. Katharina Voltlage<\/a><\/p>\n\n\n\n<h3 class=\"wp-block-heading\">Allgemeine Links:<\/h3>\n\n\n\n<p class=\"has-small-font-size\"><a href=\"http:\/\/wiki-de.genealogy.net\/Hauptseite\">GenWiki:<\/a> Ein Wiki f\u00fcr Ahnenforscher.<br><br><a href=\"http:\/\/www.fotoerbe.de\/\">Fotoerbe.de<\/a>: In welchen Archiven, Museen, Bibliotheken usw. sind historische Fotografien vorhanden? Hier findet man sie in einer riesigen Datenbank.<br><br><a href=\"http:\/\/www.kirchliche-archive.de\/\">Kirchliche Archive:<\/a> \u00dcbersicht \u00fcber die deutschen Kirchenbucharchive.<br><br><a href=\"http:\/\/christoph.stoepel.net\/geogen\/v3\/\">Geogen<\/a>: Auf dieser Seite kann man Landkarten \u00fcber die Verbreitung von Familiennamen in Deutschland erstellen lassen. Besonders auff\u00e4llige Konzentrationen k\u00f6nnen auf den Ursprungsort des Namens oder der Familie hindeuten.<br><a href=\"http:\/\/www.hbol.de\/\"><br>Heimatbund Osnabr\u00fccker Land:<\/a> Hier gibt es geschichtliches \u00fcber die verschiedenen Orte. Man findet auch viele Adressen und Infos \u00fcber Vereine usw.<br><br><a href=\"http:\/\/www.lwl.org\/westfaelische-geschichte\/portal\/Internet\/haupt.php?urlNeu=\">Internet-Portal &#8222;Westf\u00e4lische Geschichte&#8220;<\/a><br><br><a href=\"http:\/\/www.archive.nrw.de\/\">Internetportal der Archive in Nordrhein-Westfalen<\/a><br><br><a href=\"http:\/\/www.westfalen-adelssitze.de\" target=\"_blank\" rel=\"noreferrer noopener\">Burgen, Schl\u00f6sser und Herrensitze in Westfalen<\/a>: Interessant, wenn man wei\u00df, welchem Herr ein Hof eigenbeh\u00f6rig war.<br><br><a href=\"http:\/\/www.wggf.de\/\">Westf\u00e4lische Gesellschaft f\u00fcr Genealogie und Familienforschung (WGGF)<\/a><\/p>\n<\/div>\n\n\n\n<div class=\"wp-block-column is-layout-flow wp-block-column-is-layout-flow\" style=\"flex-basis:25%\">\n<figure class=\"wp-block-image size-full\"><img loading=\"lazy\" decoding=\"async\" width=\"230\" height=\"363\" src=\"https:\/\/familienforschung-tecklenburger-land.de\/wp-content\/uploads\/2023\/05\/Voltlage-1.jpg\" alt=\"\" class=\"wp-image-2427\" srcset=\"https:\/\/familienforschung-tecklenburger-land.de\/wp-content\/uploads\/2023\/05\/Voltlage-1.jpg 230w, https:\/\/familienforschung-tecklenburger-land.de\/wp-content\/uploads\/2023\/05\/Voltlage-1-190x300.jpg 190w\" sizes=\"auto, (max-width: 230px) 100vw, 230px\" \/><\/figure>\n\n\n\n<p class=\"has-small-font-size\">Buswarteh\u00e4uschen in Weese (Bild: Wikicommons, J.-H. Jan\u00dfen)<\/p>\n\n\n\n<figure class=\"wp-block-image size-full\"><img loading=\"lazy\" decoding=\"async\" width=\"230\" height=\"331\" src=\"https:\/\/familienforschung-tecklenburger-land.de\/wp-content\/uploads\/2023\/05\/Voltlage-2.jpg\" alt=\"\" class=\"wp-image-2428\" srcset=\"https:\/\/familienforschung-tecklenburger-land.de\/wp-content\/uploads\/2023\/05\/Voltlage-2.jpg 230w, https:\/\/familienforschung-tecklenburger-land.de\/wp-content\/uploads\/2023\/05\/Voltlage-2-208x300.jpg 208w\" sizes=\"auto, (max-width: 230px) 100vw, 230px\" \/><\/figure>\n\n\n\n<p class=\"has-small-font-size\">Radrundweg &#8222;Auf den Spuren von Bernhard Overberg&#8220; (Bild: Wikicommons, J.-H. Jan\u00dfen)<\/p>\n<\/div>\n<\/div>\n\n\n\n<h2 class=\"wp-block-heading\" id=\"Voltlage-Quellen\">Genealogische Quellen<\/h2>\n\n\n\n<div class=\"wp-block-columns is-layout-flex wp-container-core-columns-is-layout-9d6595d7 wp-block-columns-is-layout-flex\">\n<div class=\"wp-block-column is-layout-flow wp-block-column-is-layout-flow\" style=\"flex-basis:25%\">\n<h3 class=\"wp-block-heading\">Matricula<\/h3>\n\n\n\n<p class=\"has-small-font-size\">Kirchenb\u00fccher online einsehbar:<\/p>\n\n\n\n<p class=\"has-small-font-size\"><a href=\"https:\/\/data.matricula-online.eu\/de\/deutschland\/osnabrueck\/voltlage-st-katharina\/\">Voltlage St. Katharina<\/a><\/p>\n\n\n\n<h3 class=\"wp-block-heading\">H\u00f6fe in H\u00f6ckel<\/h3>\n\n\n\n<h4 class=\"wp-block-heading\">Vollerben<\/h4>\n\n\n\n<p class=\"has-small-font-size\">Nr.1 Schwiergerdes (Schwierling), Nr.2 Overberg, Nr.3 Amelink, Nr.4 Gohmann, Nr.5 Wiehage, Nr.6 Nohring, Nr.7 Helmich \u2013 Hengehold, Nr.8 B\u00f6ing, Nr.9 Steinken \u2013 Friemerding.<\/p>\n\n\n\n<h4 class=\"wp-block-heading\">Erbk\u00f6tter<\/h4>\n\n\n\n<p class=\"has-small-font-size\">Nr.10 Gro\u00dfe Berg, Nr.11 Griese.<\/p>\n\n\n\n<h4 class=\"wp-block-heading\">Markk\u00f6tter<\/h4>\n\n\n\n<p class=\"has-small-font-size\">Nr.12 Kleine Berg, Nr.13 Schmutzen \u2013 von Holle, Nr.14 Vennetepe \u2013 Wulfern, Nr.15 Suerkamp \u2013 Agternkamp, Nr. 16 Heid Engelbert, Nr.17 Achteresch \u2013 Rolfes, Nr.18 Heid Schnieders \u2013 Heidmann, Nr.19 Wellen, Nr.20 Go\u00dfling, Nr.21 Poggen \u2013 Berens.<\/p>\n\n\n\n<h3 class=\"wp-block-heading\">H\u00f6fe in Voltlage und Weese: (Haus Nr. im 17. Jhd.)<\/h3>\n\n\n\n<h4 class=\"wp-block-heading\">Vollerben<\/h4>\n\n\n\n<p class=\"has-small-font-size\">Nr.1 Ostendorf (Weese), Nr.2 Schwiermann (Weese), Nr.3 Johanningmann (Weese), Nr.4 Middendorf (Weese), Nr.5 H\u00fclsmann (Weese), Nr.6 Egbert (Voltlage), Nr.7 Robbersmann (Voltlage), Nr.8 Reinersmann (Voltlage), Nr.9 R\u00f6tger (Voltlage)<\/p>\n\n\n\n<h4 class=\"wp-block-heading\">Halberben<\/h4>\n\n\n\n<p class=\"has-small-font-size\">Nr.10 Rencke Wibbelt (Voltlage), Nr.11 Dirich Wibbelt (Voltlage)<\/p>\n\n\n\n<h4 class=\"wp-block-heading\">Erbk\u00f6tter<\/h4>\n\n\n\n<p class=\"has-small-font-size\">Nr.12 Wibbeldt Poelmann, Nr.13 Schr\u00f6der (Voltlage), Nr.14 Busch (Weese)<\/p>\n\n\n\n<h6 class=\"wp-block-heading\">Markk\u00f6tter<\/h6>\n\n\n\n<p class=\"has-small-font-size\">Nr.15 Tepe (Weese), Nr.16 Thomas Herman (Voltlage), Nr.17 Spillen Drees (Voltlage), Nr.18 Middendorf (Weese), Nr.19 Kleine (Weese), Nr.20 Tebbe im Wulften (Voltlage), Nr.21 Arendt zur Ahe (Weese), Nr.22 Schweer (Weese), Nr.23 Tebben Gerd (Weese), Nr.24 Schr\u00f6der (Voltlage), Nr.25 Arndt von R\u00fcssel (Voltlage), Nr.26 Meier (Voltlage), Nr.27 Winkel Herman (Weese), Nr.28 Sahl (Weese), Nr.29 Busch Gerdt (Weese), Nr.30 Hartke Hoppe (Weese), Nr.31 Vos Lubbeke (Weese), Nr.32 Wrocklage (Voltlage), Nr.33 Auf der Heide (Weese), Nr.34 Feye (Voltlage), Nr.35 R\u00f6tger (Voltlage), Nr.36 aufn H\u00f6vell (Voltlage), Nr.37 Schmidt zu Weese (Weese), Nr.38 M\u00fcller zu Voltlage (Voltlage), Nr.39 Winkel Johan (Weese)<\/p>\n\n\n\n<figure class=\"wp-block-image size-full\"><img loading=\"lazy\" decoding=\"async\" width=\"230\" height=\"172\" src=\"https:\/\/familienforschung-tecklenburger-land.de\/wp-content\/uploads\/2023\/05\/Gosmann-Bild112.jpg\" alt=\"\" class=\"wp-image-2430\"\/><\/figure>\n\n\n\n<p><\/p>\n\n\n\n<figure class=\"wp-block-image size-full\"><img loading=\"lazy\" decoding=\"async\" width=\"230\" height=\"172\" src=\"https:\/\/familienforschung-tecklenburger-land.de\/wp-content\/uploads\/2023\/05\/Gosmann-Bild114-1.jpg\" alt=\"\" class=\"wp-image-2431\"\/><\/figure>\n\n\n\n<p><\/p>\n\n\n\n<figure class=\"wp-block-image size-full\"><img loading=\"lazy\" decoding=\"async\" width=\"230\" height=\"167\" src=\"https:\/\/familienforschung-tecklenburger-land.de\/wp-content\/uploads\/2023\/05\/Gosmann-Bild115.jpg\" alt=\"\" class=\"wp-image-2432\"\/><\/figure>\n\n\n\n<p><\/p>\n\n\n\n<figure class=\"wp-block-image size-full\"><img loading=\"lazy\" decoding=\"async\" width=\"230\" height=\"161\" src=\"https:\/\/familienforschung-tecklenburger-land.de\/wp-content\/uploads\/2023\/05\/Gosmann-Bild116.jpg\" alt=\"\" class=\"wp-image-2433\"\/><\/figure>\n\n\n\n<p><\/p>\n\n\n\n<figure class=\"wp-block-image size-full\"><img loading=\"lazy\" decoding=\"async\" width=\"230\" height=\"345\" src=\"https:\/\/familienforschung-tecklenburger-land.de\/wp-content\/uploads\/2023\/05\/Voltlage-3.jpg\" alt=\"\" class=\"wp-image-2435\" srcset=\"https:\/\/familienforschung-tecklenburger-land.de\/wp-content\/uploads\/2023\/05\/Voltlage-3.jpg 230w, https:\/\/familienforschung-tecklenburger-land.de\/wp-content\/uploads\/2023\/05\/Voltlage-3-200x300.jpg 200w\" sizes=\"auto, (max-width: 230px) 100vw, 230px\" \/><\/figure>\n\n\n\n<p class=\"has-small-font-size\">Bernard Overberg-Denkmal (Bild: Wikicommons, J.-H. Jan\u00dfen)<\/p>\n<\/div>\n\n\n\n<div class=\"wp-block-column is-layout-flow wp-block-column-is-layout-flow\" style=\"flex-basis:50%\">\n<h3 class=\"wp-block-heading\">Standesamtsregister:<\/h3>\n\n\n\n<p class=\"has-small-font-size\"><strong>Voltlage im Staatsarchiv Osnabr\u00fcck<\/strong><br>Rep 492 Nr. 4491-4512 Geburtsregister 1874-1896<br>Rep 492 Nr. 4513 Geburtsregister 1897-1899<br>Rep 492 Nr. 4514-4536 Heiratsregister 1874-1896<br>Rep 492 Nr. 4537 Heiratsregister 1897-1899<br>Rep 492 Nr. 4538 Heiratsregister 1900-1904<br>Rep 492 Nr. 4539 Heiratsregister 1905-1909<br>Rep 492 Nr. 4540 Heiratsregister 1910-1914<br>Rep 492 Nr. 4541 Heiratsregister 1915-1919<br>Rep 492 Nr. 4542 Heiratsregister 1920-1925<br>Rep 492 Nr. 4543-4565 Sterberegister 1874-1896<br>Rep 492 Nr. 4566 Sterberegister 1897-1898<br>Rep 492 Nr. 4567 Sterberegister 1899<br>Rep 492 Nr. 4568 Sterberegister 1900-1904<br>Rep 492 Nr. 4569 Sterberegister 1905-1909<br>Rep 492 Nr. 4570 Sterberegister 1910-1914<br>Rep 492 Nr. 4571 Sterberegister 1915-1919<br>Rep 492 Nr. 4572 Sterberegister 1920-1925<br>Rep 492 Nr. 4573 Sterberegister 1926-1932<br>Rep 492 Nr. 4574 Sterberegister 1933-30.6.1938<br>Rep 492 Nr. 4575 Sterberegister 1938<br>Rep 492 Nr. 4576 Sterberegister 1939-1943<br>Rep 492 Nr. 4577 Sterberegister 1944-1950<br>Rep 492 Nr. 4578 Sterberegister 1951-1957<br>Rep 492 Nr. 4579 Sterberegister 1958-1965<br>Rep 492 Nr. 4580 Sterberegister 1966-1972<\/p>\n\n\n\n<p class=\"has-small-font-size\">Rep 451 Bers Akz. 21A\/1984 Nr. 964 &#8211; Berichtigung von Standesamtsurkunden des Standesamts Voltlage, Enth\u00e4lt: u.a. Berichtigung von Namen, Daten, Wohnort, Familienstand, Nachtr\u00e4ge wie Anerkennung der Vaterschaft, Scheidungen, 1910-1912.<\/p>\n\n\n\n<p class=\"has-small-font-size\">Rep 451 Bers Akz. 21A\/1984 Nr. 991 &#8211; Nachtr\u00e4gliche Beurkundung von Geburts- und Sterbef\u00e4llen sowie die Beurkundung von Todesf\u00e4llen mit amtlicher Ermittlung des Standesamts Voltlage, 1912-1938.<\/p>\n\n\n\n<h3 class=\"wp-block-heading\">Staatsarchiv Osnabr\u00fcck:<\/h3>\n\n\n\n<p class=\"has-small-font-size\">Rep 100 a II Nr. 9 a &#8211; Schatzungsregister der Kirchspiele Merzen und Voltlage, Feldmark: Westermark, Bauerschaften: H\u00f6ckel, Weese, Voltlage, 1793.<\/p>\n\n\n\n<p class=\"has-small-font-size\">Rep 100 a II Nr. 9 I &#8211; Vermessungsregister der Kirchspiele Merzen und Voltlage (Brouillon\/Entwurf mit Nachtr\u00e4gen), Feldmark: Westermark, Bauerschaften: Osteroden, Westeroden, Plaggenschale, D\u00f6llinghausen, Engelern, Schlichthorst, H\u00f6ckel, Weese, Voltlage, 1788-1789.<\/p>\n\n\n\n<p class=\"has-small-font-size\">Rep 100 Abschnitt 159, Nr. 36 &#8211; Visitation der St\u00e4tten im Amt F\u00fcrstenau, Kirchspiele Neuenkirchen, Ueffeln und Voltlage, Enth\u00e4lt: Protokolle mit genauen Angaben \u00fcber die Besitzerfamilie, den Verm\u00f6gensstand des Hofes usw., 1717.<\/p>\n\n\n\n<p class=\"has-small-font-size\">Rep 100 Abschnitt 362, Nr. 18 &#8211; Kirchenvisitation und Dekrete des Bischofs Franz Wilhelm, Enth\u00e4lt u.a.: Verzeichnis der Gemeindeangeh\u00f6rigen (catalogus animarum, mit Vornamen der Familienmitglieder) des Kirchspiels Voltlage 1659 (Bl. 36-41 bzw. nach anderer Z\u00e4hlung 44-49), 1651-1652.<\/p>\n\n\n\n<p class=\"has-small-font-size\">Rep 100 Abschnitt 88, Nr. 169 Bd. 2 &#8211; Monats- und Rauchschatzregister des Amts F\u00fcrstenau (mit Nachtr\u00e4gen bis ca. 1800), Enth\u00e4lt: Kirchspiele Badbergen, Menslage, Merzen, Alfhausen, Neuenkirchen, Ueffeln, Voltlage, 1773-1776.<\/p>\n\n\n\n<p class=\"has-small-font-size\">Rep 100 Abschnitt 89, Nr. 1 &#8211; Kopfschatz- bzw. T\u00fcrkensteuerregister (?) und Erhebung der Gelder durch den Stiftspfennigmeister (teilweise undatiert), Voltlage Bl. 8-9, 1532.<\/p>\n\n\n\n<p class=\"has-small-font-size\">Rep 100 Abschnitt 89, Nr. 1 a &#8211; Kopfschatzregister, Voltlage ab Bl.50, 1512<\/p>\n\n\n\n<p class=\"has-small-font-size\">Rep 100 Abschnitt 92, Nr. 7 &#8211; Vermessungs- und Abgabenverzeichnisse der schatzpflichtigen St\u00e4tten im Kirchspiel Voltlage, 1722-1724.<\/p>\n\n\n\n<p class=\"has-small-font-size\">Rep 330 III Nr. 1109 &#8211; Grundsteuer-Mutterrolle Voltlage, 1826.<\/p>\n\n\n\n<p class=\"has-small-font-size\">Rep 330 III Nr. 1111 &#8211; Flurregister Voltlage, 1884-1890.<\/p>\n\n\n\n<p class=\"has-small-font-size\">Rep 350 F\u00fc Nr. 969 &#8211; Spezialteilung der Voltlager Heimschnat, Enth\u00e4lt u.a.: Generalakten; Kopie des Rezesses, 1862-1869.<\/p>\n\n\n\n<p class=\"has-small-font-size\">Rep 450 Bers Nr. 733 &#8211; Getreideumlagelisten des Kirchspiels Voltlage, 1922-1923.<\/p>\n\n\n\n<p class=\"has-small-font-size\">Rep 540 Bers Nr. 220 &#8211; Grundsteuer-Mutterrollen der Gemarkung Voltlage des Gemeindebezirks Voltlage Nr. 91, Urtitel-Nr. 1 bis 79, Enth\u00e4lt auch: Originalflurbuch und vergleichendes Nummernverzeichnis, 1875-1949.<\/p>\n\n\n\n<p class=\"has-small-font-size\">Rep 540 Bers Nr. 379, 380 &#8211; Liegenschaftsbuch der Gemarkung Voltlage des Gemeindebezirks Voltlage Nr. 91, Artikel-Nr. 1 bis 306, Enth\u00e4lt auch: Verzeichnis der Anteilsbesitzer gemeinschaftlicher Mutterrollenartikel, 1876-1954.<\/p>\n\n\n\n<p class=\"has-small-font-size\">Rep 540 Bers Nr. 510 &#8211; Geb\u00e4udesteuerrolle der Gemarkung Voltlage des Gemeindebezirks Voltlage Nr.91, Rollen-Nr. 1 bis 64, 1895-1909.<\/p>\n\n\n\n<p class=\"has-small-font-size\">Rep 540 Bers Nr. 616 &#8211; Geb\u00e4udebuch der Gemarkung Voltlage des Gemeindebeziks Voltlage Nr. 91, Rollen-Nr. 1 bis 171, 1910-1954.<\/p>\n\n\n\n<p class=\"has-small-font-size\">Rep 560 III Nr. 737 &#8211; Register des Blutzehnten zu Alfhausen, Thiene, Voltlage, Neuenkirchen bei V\u00f6rden und Schwagstorf, 1724-1800.<\/p>\n\n\n\n<p class=\"has-small-font-size\">Rep 956 II Nr. 88 &#8211; Hypothekenbuch f\u00fcr Hausbesitzer des Kirchspiels Voltlage, Gemeinden H\u00f6ckel, Voltlage und Weese, 1866-1885.<\/p>\n\n\n\n<p class=\"has-small-font-size\">Rep 956 II Nr. 89 &#8211; Hypothekenbuch f\u00fcr Nicht-Hausbesitzer des Kirchspiels Voltlage, 1867-1882.<\/p>\n\n\n\n<p class=\"has-small-font-size\">Dep 121 b Akz. 2007\/046 Nr. 171 &#8211; Munizipalit\u00e4tsrechnungen des Kantons F\u00fcrstenau, Enth\u00e4lt: Br\u00fcchtenbelege &#8211; Wrogeprotokoll &#8211; Viehsteuerregister der Gemeinden Stadt F\u00fcrstenau, Dorf Schwagdorf, Dorf Voltlage, Bauerschaften Settrup, H\u00f6ne, Hollenstede, L\u00fctkeberge, Kellinghausen, Bokern, Dalum, Lonnerbecke, Vechtel, Weese, H\u00f6ckel &#8211; Nachtw\u00e4chtergeld der Stadt F\u00fcrstenau &#8211; Haussteuerrolle (Verzeichnis) der Hausbesitzer in den Gemeinden des Kantons F\u00fcrstenau &#8211; Anweisungen der Pr\u00e4fektur \u2013 Rechnungsbelege, 1810-1811.<\/p>\n\n\n\n<p class=\"has-small-font-size\">Rep 330 III Nr. 1134 &#8211; Grundsteuer-Mutterrolle Weese, 1826.<\/p>\n\n\n\n<p class=\"has-small-font-size\">Rep 330 III Nr. 1136 &#8211; Flurregister Weese, 1884-1890.<\/p>\n\n\n\n<p class=\"has-small-font-size\">Rep 540 Bers Nr. 221 &#8211; Grundsteuer-Mutterrollen der Gemarkung Weese des Gemeindebezirks Weese Nr. 92, Urtitel-Nr. 1 bis 42, Enth\u00e4lt auch: Originalflurbuch und vergleichendes Nummmernverzeichnis, 1875-1932.<\/p>\n\n\n\n<p class=\"has-small-font-size\">Rep 540 Bers Nr. 381 &#8211; Liegenschaftsbuch der Gemarkung Weese des Gemeindebezirks Weese Nr. 92, Artikel-Nr. 1 bis 139, Enth\u00e4lt auch: Verzeichnis der Anteilsbesitzer, 1876-1955.<\/p>\n\n\n\n<p class=\"has-small-font-size\">Rep 540 Bers Nr. 511 &#8211; Geb\u00e4udesteuerrolle der Gemarkung Weese des Gemeindebezirks Weese Nr.92, Rollen-Nr. 1 bis 33, 1895-1910.<\/p>\n\n\n\n<p class=\"has-small-font-size\">Rep 540 Bers Nr. 617 &#8211; Geb\u00e4udebuch der Gemarkung Weese des Gemeindebeziks Weese Nr. 92 Rollen-Nr. 1 bis 95, 1910-1955.<\/p>\n\n\n\n<p class=\"has-small-font-size\">Rep 540 Bers Nr. 644 &#8211; Alphabetisches Namenverzeichnis der Grund- und Geb\u00e4udeeigent\u00fcmer des Gemeindebezirks Weese Nr. 92 (Laufzeit gesch\u00e4tzt), 1890-1960.<\/p>\n\n\n\n<p class=\"has-small-font-size\">Rep 330 III Nr. 824, Grundsteuer-Mutterrolle H\u00f6ckel, 1826.<\/p>\n\n\n\n<p class=\"has-small-font-size\">Rep 330 III Nr. 826 &#8211; Flurregister H\u00f6ckel, 1884-1890.<\/p>\n\n\n\n<p class=\"has-small-font-size\">Rep 336 Nr. 613 &#8211; Schule zu H\u00f6ckel, 1849-1907.<\/p>\n\n\n\n<p class=\"has-small-font-size\">Rep 350 F\u00fc Nr. 533 &#8211; Erfassung der in den Bauerschaften H\u00f6ckel und Ueffeln ehedem dem Domkapitel Blutzehntpflichtigen, 1820-1821.<\/p>\n\n\n\n<p class=\"has-small-font-size\">Rep 350 F\u00fc Nr. 971 \/ 1, Nr.971 \/ 2 &#8211; Teilung der H\u00f6ckeler Heimschnat, 1856-1862.<\/p>\n\n\n\n<p class=\"has-small-font-size\">Rep 540 Bers Nr. 201 &#8211; Grundsteuer-Mutterrollen der Gemarkung H\u00f6ckel des Gemeindebezirks H\u00f6ckel Nr. 71, Urtitel-Nr. 1 bis 70, Enth\u00e4lt auch: Originalflurbuch und vergleichendes Nummernverzeichnis, 1886-1949.<\/p>\n\n\n\n<p class=\"has-small-font-size\">Rep 540 Bers Nr. 360, 362 &#8211; Liegenschaftsbuch der Gemarkung H\u00f6ckel des Gemeindebezirks H\u00f6ckel Nr. 71, Artikel-Nr. 1 bis 281, Enth\u00e4lt auch: Verzeichnis der Anteilsbesitzer gemeinschaftlicher Mutterrollenartikel, 1876-1954.<\/p>\n\n\n\n<p class=\"has-small-font-size\">Rep 540 Bers Nr. 491 &#8211; Geb\u00e4udesteuerrolle der Gemarkung H\u00f6ckel des Gemeindebezirks H\u00f6ckel Nr.71, Rollen-Nr. 1 bis 38, 1895-1909.<\/p>\n\n\n\n<p class=\"has-small-font-size\">Rep 540 Bers Nr. 597 &#8211; Geb\u00e4udebuch der Gemarkung H\u00f6ckel des Gemeindebeziks H\u00f6ckel Nr. 71, Rollen-Nr. 1 bis 156, 1910-1954.<\/p>\n\n\n\n<p class=\"has-small-font-size\">Rep 560 III Nr. 474 &#8211; Der H\u00f6ckeler Zehnte, 1651.<\/p>\n<\/div>\n\n\n\n<div class=\"wp-block-column is-layout-flow wp-block-column-is-layout-flow\" style=\"flex-basis:25%\">\n<h3 class=\"wp-block-heading\">Archive:<\/h3>\n\n\n\n<p class=\"has-small-font-size\"><strong><a href=\"http:\/\/www.bistum-osnabrueck.de\/kultur\/dioezesanarchiv.html\">Di\u00f6zesanarchiv in Osnabr\u00fcck<\/a><\/strong><br>Gro\u00dfe Domsfreiheit 10<br>49074 Osnabr\u00fcck<br>Anmeldung erforderlich:<br>Telefon: 0541\/318-416<br>(<a href=\"mailto:kulturundarchiv@bistum-os.de\">Maria Rehnen<\/a>)<br>\u00d6ffnungszeiten f\u00fcr Familienforschung: mittwochs von 8.00 \u2013 12.30 Uhr und 13.30 bis 18.00 sowie auf Anfrage<br><br><a href=\"http:\/\/www.kirchenkreis-osnabrueck.de\/kirchenkreis\/kirchenamt.html\">Ev.-luth. Kirchenbuchamt Osnabr\u00fcck<\/a><br>Eversburger Str. 32<br>49090 Osnabr\u00fcck<br>Anmeldung erforderlich:<br><a href=\"mailto:linda.klingspohn@evlka.de\">Linda Klingspohn<\/a><br>T: 0541 \/ 94049-435<br>Das Kirchenbuchamt ist Di u. Do von 8:30 Uhr bis 13:30 Uhr ge\u00f6ffnet.<br><br>Die <strong>Standesamtsregister<\/strong><em>(ab 1874 &#8211; gesch\u00fctzt sind die Geburtsregister der letzten 110 Jahre, Heiratsregister der letzten 80 Jahre und Sterberegister der letzten 30 Jahre)<\/em> finden Sie im <a href=\"http:\/\/www.nla.niedersachsen.de\/landesarchiv\/gliederung\/standort_osnabrueck\/standort-osnabrueck-85969.html\" target=\"_blank\" rel=\"noreferrer noopener\">Staatsarchiv Osnabr\u00fcck<\/a>, Schlo\u00dfstr.29, 49074 Osnabr\u00fcck,<br>Tel.: 0541\/33162-0.<br><br><strong><a href=\"http:\/\/www.kgverband-meppen.de\/familienforschung.html\">Katholische Familienforschungsstelle in Meppen<\/a><\/strong><br>Haus d. Sozialen Dienste, Domhof 18, 49716 Meppen<br><strong>Anmeldung erforderlich:<\/strong><br>Kath. Propsteigemeinde St. Vitus, Kuhstra\u00dfe 44, 49716 Meppen<br>Telefon: 0 59 31\/1 24 44 \/ Telefax: 0 59 31\/97 03 44, <a href=\"mailto:fam.archive@kgverband-meppen.de\">E-Mail<\/a><br><strong>\u00d6ffnungszeiten f\u00fcr Familienforscher: <\/strong>Do &amp; Fr 8.30 \u2013 12.30 Uhr und 13.30 \u2013 16.00 Uhr<br>sowie an jedem ersten Samstag eines Monats von 8.30 \u2013 12.30 Uhr<br>und an jedem Freitag vor dem ersten Samstag eines Monats von 8.30 \u2013 12.30 Uhr und 13.30 \u2013 18.00 Uhr<br><br><strong>LAV Staats- und Personenstandsarchiv Detmold<\/strong><br>Willi-Hofmann-Stra\u00dfe 2, 32756 Detmold<br>Tel.: 05231\/7660<br>www.archive.nrw.de<br><br><strong>Vereinigte Westf\u00e4lische Adelsarchive e.V.<\/strong><br>Jahnstr. 26, 48147 M\u00fcnster<br>Tel.: 0251-5913890<br>adelsarchive@lwl.org<\/p>\n\n\n\n<h3 class=\"wp-block-heading\">Katholische Kirchenb\u00fccher:<\/h3>\n\n\n\n<p class=\"has-small-font-size\">im <a href=\"http:\/\/www.bistum-osnabrueck.de\/kultur\/dioezesanarchiv.html\">Di\u00f6zesanarchiv in Osnabr\u00fcck<\/a><\/p>\n\n\n\n<p class=\"has-small-font-size\">Und in der <a href=\"http:\/\/www.kgverband-meppen.de\/familienforschung.html\">katholischen Familienforschungsstelle in Meppen<\/a><\/p>\n\n\n\n<p class=\"has-small-font-size\">Kath. Kirchenb\u00fccher St. Katharina<\/p>\n\n\n\n<ul class=\"wp-block-list\">\n<li class=\"has-small-font-size\">Taufregister ab 1683<\/li>\n\n\n\n<li class=\"has-small-font-size\">Heiratsregister ab 1689<\/li>\n\n\n\n<li class=\"has-small-font-size\">Sterberegister ab 1689<\/li>\n<\/ul>\n\n\n\n<p class=\"has-small-font-size\"><strong>Kirchennebenb\u00fccher <\/strong>(Staatsarchiv Osnabr\u00fcck)<\/p>\n\n\n\n<ul class=\"wp-block-list\">\n<li class=\"has-small-font-size\">Rep 491 Nr. 2001 &#8211; kath. Kirchspiel Voltlage, Kirchennebenb\u00fccher, 1853-1860.<\/li>\n\n\n\n<li class=\"has-small-font-size\">Rep 491 Nr. 2002 \u2013 Voltlage, Kirchennebenb\u00fccher (nicht benutzbar), 1861-1874.<\/li>\n<\/ul>\n\n\n\n<h3 class=\"wp-block-heading\">Hauptstaatsarchiv Hannover:<\/h3>\n\n\n\n<p class=\"has-small-font-size\">Hann. 330 Nr. 624 &#8211; Brandkassenregister (Hauptkataster) des Kirchspiels Voltlage, Reproduktion: Mikrofiche, 1844-1878.<\/p>\n\n\n\n<p><\/p>\n\n\n\n<figure class=\"wp-block-image size-full\"><img loading=\"lazy\" decoding=\"async\" width=\"230\" height=\"278\" src=\"https:\/\/familienforschung-tecklenburger-land.de\/wp-content\/uploads\/2023\/05\/Voltlage-6.jpg\" alt=\"\" class=\"wp-image-2434\"\/><\/figure>\n\n\n\n<p class=\"has-small-font-size\">Bernhard Overberg<\/p>\n<\/div>\n<\/div>\n\n\n\n<h2 class=\"wp-block-heading\" id=\"Voltlage-Fundstuecke\">Fundst\u00fccke<\/h2>\n\n\n\n<div class=\"wp-block-columns is-layout-flex wp-container-core-columns-is-layout-9d6595d7 wp-block-columns-is-layout-flex\">\n<div class=\"wp-block-column is-layout-flow wp-block-column-is-layout-flow\" style=\"flex-basis:25%\"><\/div>\n\n\n\n<div class=\"wp-block-column is-layout-flow wp-block-column-is-layout-flow\" style=\"flex-basis:50%\">\n<h3 class=\"wp-block-heading\">Staatsarchiv Oldenburg:<\/h3>\n\n\n\n<p class=\"has-small-font-size\">Best. 229 Best. 229 Nr. 1131 &#8211; Josef H\u00f6veler, Bauer, Voltlage \u00fcber Bramsche, Krs. Bersenbr\u00fcck, wegen Nichterf\u00fcllung des Ablieferungssolls einer Gans 1946\/47.<\/p>\n\n\n\n<h3 class=\"wp-block-heading\">Staatsarchiv Osnabr\u00fcck:<\/h3>\n\n\n\n<p class=\"has-small-font-size\">Rep 556 Nr. 2213 &#8211; Reinermann-St\u00e4tte zu Voltlage, 1830-1869.<\/p>\n<\/div>\n\n\n\n<div class=\"wp-block-column is-layout-flow wp-block-column-is-layout-flow\" style=\"flex-basis:25%\">\n<figure class=\"wp-block-image size-full\"><img loading=\"lazy\" decoding=\"async\" width=\"230\" height=\"135\" src=\"https:\/\/familienforschung-tecklenburger-land.de\/wp-content\/uploads\/2023\/05\/Gosmann-Bild119.jpg\" alt=\"\" class=\"wp-image-2436\"\/><\/figure>\n<\/div>\n<\/div>\n\n\n\n<h2 class=\"wp-block-heading\" id=\"Voltlage-Auswanderer\">Auswanderer<\/h2>\n\n\n\n<div class=\"wp-block-columns is-layout-flex wp-container-core-columns-is-layout-9d6595d7 wp-block-columns-is-layout-flex\">\n<div class=\"wp-block-column is-layout-flow wp-block-column-is-layout-flow\" style=\"flex-basis:25%\">\n<figure class=\"wp-block-image size-full\"><img loading=\"lazy\" decoding=\"async\" width=\"230\" height=\"172\" src=\"https:\/\/familienforschung-tecklenburger-land.de\/wp-content\/uploads\/2023\/05\/Gosmann-Bild120.jpg\" alt=\"\" class=\"wp-image-2437\"\/><\/figure>\n\n\n\n<h3 class=\"wp-block-heading\">Einige Weblinks:<\/h3>\n\n\n\n<p class=\"has-small-font-size\"><a href=\"http:\/\/www.ancestry.de\/\">ancestry.de:<\/a> Eine umfangreiche Seite f\u00fcr Ahnenforschung. Man kann sich (gegen Geb\u00fchr) registrieren und hat dann Zugriff auf viele interessante Datenbanken (Auswandererlisten, Passagierlisten, US-Volksz\u00e4hlungen, Telefonb\u00fccher, &#8230;)<\/p>\n\n\n\n<p class=\"has-small-font-size\"><a href=\"http:\/\/forum.transoceanic-emigration.net\/\">Forum \u00dcberseeische Auswanderung:<\/a> Ein sehr gut besuchtes Forum \u00fcber Auswanderer. Viele, viele Beitr\u00e4ge, eine wahre Fundgrube.<\/p>\n\n\n\n<p class=\"has-small-font-size\"><a href=\"http:\/\/www.ellisisland.org\/\">Ellis Island:<\/a> Informationsseite \u00fcber die Einwanderung in die U.S.A. ab dem Jahr 1892, in dem Ellis Island er\u00f6ffnet wurde. Man kann dort auch in einer Datenbank Daten suchen.<\/p>\n\n\n\n<p class=\"has-small-font-size\"><a href=\"http:\/\/www.castlegarden.org\/\">Castle Garden:<\/a> Datenbank mit Einwanderern in die U.S.A. 1820 &#8211; 1892. Hier kamen die Immigranten an, bevor es Ellis Island gab.<\/p>\n\n\n\n<p class=\"has-small-font-size\"><a href=\"http:\/\/www.theshipslist.com\/\">The Ships List:<\/a> eine riesige Menge \u00fcber Auswandererschiffe, Passagierlisten, Schiffe allgemein.<\/p>\n\n\n\n<p class=\"has-small-font-size\"><a href=\"http:\/\/home.att.net\/%7Ewee-monster\/\">German Roots, German Genealogy:<\/a> Eine amerikanische Seite \u00fcber deutsche Genealogie-Quellen. Sehr, sehr umfangreich.<\/p>\n\n\n\n<p class=\"has-small-font-size\"><a href=\"http:\/\/www.findagrave.com\/\">Find a grave:<\/a> Millionen Gr\u00e4ber mit ihren Daten online. Hier fand ich die komplette Lebensgeschichte einer Vorfahrin in den U.S.A. und ihrer Familie.<\/p>\n\n\n\n<p class=\"has-small-font-size\"><a href=\"http:\/\/usgenweb.org\/index.shtml\">USGen Web Project:<\/a> Eine riesige Link- und Infosammlung, unterteilt nach Bundessstaaten. Hier die Seite mit einer Einf\u00fchrung in di Ahnenforschung in den USA.<\/p>\n\n\n\n<p class=\"has-small-font-size\"><a href=\"http:\/\/www.census-online.us\/\">Census Online:<\/a> Datenbank mit Volksz\u00e4hlungsdaten aus den U.S.A.<\/p>\n\n\n\n<p class=\"has-small-font-size\"><a href=\"http:\/\/www.passagierlisten.de\/\">Bremer Passagierlisten:<\/a> Auf der Internetseite des Bremer Ahnenforschervereins &#8222;Die Maus&#8220;.<\/p>\n\n\n\n<p class=\"has-small-font-size\"><a href=\"http:\/\/werften.fischtown.de\/archiv\/auswanderung1.html\">Auswandererhafen Bremerhaven:<\/a> Ende des 19. Jahrhunderts hatten Bremen und Bremerhaven sich zum bedeutendsten europ\u00e4ischen Auswanderungshafen entwickelt.<\/p>\n\n\n\n<p class=\"has-small-font-size\"><a href=\"http:\/\/www.archive.nrw.de\/LandesarchivNRW\/abteilungWestfalen\/BilderKartenLogosDateien\/Auswanderer.pdf\">Genealogie im Staatsarchiv:<\/a> Quellen zu Auswanderern aus Westfalen (pdf)<\/p>\n\n\n\n<figure class=\"wp-block-image size-full\"><img loading=\"lazy\" decoding=\"async\" width=\"230\" height=\"307\" src=\"https:\/\/familienforschung-tecklenburger-land.de\/wp-content\/uploads\/2023\/05\/Gosmann-Bild117.jpg\" alt=\"\" class=\"wp-image-2438\" srcset=\"https:\/\/familienforschung-tecklenburger-land.de\/wp-content\/uploads\/2023\/05\/Gosmann-Bild117.jpg 230w, https:\/\/familienforschung-tecklenburger-land.de\/wp-content\/uploads\/2023\/05\/Gosmann-Bild117-225x300.jpg 225w\" sizes=\"auto, (max-width: 230px) 100vw, 230px\" \/><\/figure>\n\n\n\n<h3 class=\"wp-block-heading\">Staatsarchiv Osnabr\u00fcck:<\/h3>\n\n\n\n<p class=\"has-small-font-size\">Rep 335 Nr. 806, Rep 350 Bers Nr. 913, Rep 350 Bers Nr. 1009, Rep 350 Bers Nr. 1010 &#8211; Steinke, Johann Heinrich, geb. 29.02.1852, H\u00f6ckel, Kaufmannslehrling, Elt.: Steinke, Johann Heinrich, senior, Heuerling und Schenkwirt und Maria Elisabeth, geb. Schwierling, H\u00f6ckel, ausgewandert 1869 nach Heerenveen, Niederlande. Ein Vetter des Vaters hat in Holland ein Handelsgesch\u00e4ft. Hat einen Brief vom 13.03.1869 von J. H. Steinke, Vaters Vetter in Heerenveen.<\/p>\n\n\n\n<p class=\"has-small-font-size\">Rep 335 Nr. 806, Rep 350 Bers Nr. 913 &#8211; B\u00f6rgel, Johann Theodor Heinrich, geb. 02.10.1852, H\u00f6ckel, Elt.: B\u00f6rgel, Johann Heinrich, Heuerling, H\u00f6ckel, ausgewandert 1869 mit Vater und 2 Geschwister, ganze Familie, nach Cincinnati.<\/p>\n\n\n\n<p class=\"has-small-font-size\">Rep 335 Nr. 806, Rep 350 Bers Nr. 913 &#8211; B\u00f6rger, Hermann Mathias, geb. 19.04.1852, Voltlage, Zimmermann, ausgewandert 1869 nach Ohio (Amerika). Eine Schwester lebt seit 2 Jahren im Staat Ohio.<\/p>\n\n\n\n<p class=\"has-small-font-size\">Rep 335 Nr. 807, Rep 350 Bers Nr. 913 &#8211; Schwierjohann, Johannes, geb. 29.06.1852, Weese, Kaufmann, Elt.: Schwierjohann, m\u00e4nnl., K\u00f6tter und Gemeindevorsteher, ausgewandert 1869 nach Alphen (Niederlande). Tritt in Alphen in das Manufakturwarengesch\u00e4ft von Joseph Berg ein.<\/p>\n\n\n\n<p class=\"has-small-font-size\">Rep 335 Nr. 808, Rep 350 Bers Nr. 913 &#8211; Rolfes, Joseph Heinrich, geb. 16.04.1853, Voltlage, ausgewandert 1869 nach Cincinnati.<\/p>\n\n\n\n<p class=\"has-small-font-size\">Rep 335 Nr. 809 &#8211; H\u00f6veler vel Wrocklage, Gerhard Johann Heinrich, geb. 15.06.1854, Voltlage, ausgewandert 1870 nach Gouda (Niederlande). Der Vater h\u00e4lt sich gesch\u00e4ftlich in Gouda auf.<\/p>\n\n\n\n<p class=\"has-small-font-size\">Rep 335 Nr. 810 &#8211; Bedinghaus, Johann Hermann, geb. 30.10.1865, Voltlage, Elt.: Bedinghaus, Bernhard, Heuerling, Voltlage, ausgewandert 1870 mit dem Vater und dem Bruder Bernhard Joseph, geb. 01.07.1869, ganze Familie, nach Amerika.<\/p>\n\n\n\n<p class=\"has-small-font-size\">Rep 335 Nr. 800, Rep 350 Bers Nr. 912, Rep 350 Bers Nr. 1009 &#8211; Wulf, Johann Heinrich, geb. 24.07.1850, Voltlage, Elt.: Wulf, Joh. Heinrich und Marie Engel, geb. Dierkes, ausgewandert 1867 nach Amerika.<\/p>\n\n\n\n<p class=\"has-small-font-size\">Rep 335 Nr. 802, Rep 350 Bers Nr. 912 &#8211; R\u00f6ttger, Johann Bernhard Joseph, geb. 28.09.1851, Voltlage, ausgewandert 1867 nach Amerika.<\/p>\n\n\n\n<p class=\"has-small-font-size\">Rep 335 Nr. 803, Rep 350 Bers Nr. 912 &#8211; Achteresch, Johann Heinrich Theodor, geb. 20.01.1842, H\u00f6ckel, Theologiestudent, Elt.: Athmer geb. Achteresch, Johann Heinrich, K\u00f6tter, ausgewandert 1868 nach Amerika. Hat sich beim Bisch\u00f6flichen General-Vikar H\u00f6ting in Osnabr\u00fcck auf das Theologie Studium vorbereitet. W\u00fcnscht sein in Osnabr\u00fcck abgebrochenes Theologiestudium in Amerika fortzusetzen.<\/p>\n\n\n\n<p class=\"has-small-font-size\">Rep 335 Nr. 799 &#8211; Thole, Carl Hermann Jos., Voltlage, geb. 05.04.1846, Elt.: Thole, Joseph, K\u00fcster u. Lehrer und Marie Agnes, geb. Beckering, Voltlage, ausgewandert 1866 nach Niederlande.<\/p>\n<\/div>\n\n\n\n<div class=\"wp-block-column is-layout-flow wp-block-column-is-layout-flow\" style=\"flex-basis:50%\">\n<h3 class=\"wp-block-heading\">Staatsarchiv Osnabr\u00fcck:<\/h3>\n\n\n\n<p class=\"has-small-font-size\">Rep 335 Nr. 763, Rep 350 F\u00fc Nr. 131 &#8211; Schr\u00f6der, Friedrich Johann, Voltlage, geb. 10.07.1796 (16.12.1796), ausgewandert 1824 nach Hopsten (Preu\u00dfen). Will dort heiraten.<\/p>\n\n\n\n<p class=\"has-small-font-size\">Rep 335 Nr. 772, Rep 350 F\u00fc Nr. 131 &#8211; Tepe, Gerd Heinrich Anton, geb. 25.09.1806, H\u00f6ckel, ausgewandert 1837 nach Recke, Kreis Tecklenburg (Preu\u00dfen). Will sich in Recke mit Kremer, Anna Catharina verheiraten.<\/p>\n\n\n\n<p class=\"has-small-font-size\">Rep 335 Nr. 778, Rep 350 F\u00fc Nr. 131 &#8211; Steinke, Heinrich Bernhard, geb. 01.05.1827, H\u00f6ckel, ausgewandert 1846 nach Amerika.<\/p>\n\n\n\n<p class=\"has-small-font-size\">Rep 335 Nr. 778, Rep 350 F\u00fc Nr. 131 &#8211; Pohlmann, Carl Heinrich, geb. 11.01.1829, Voltlage, ausgewandert 1846 nach Nordamerika.<\/p>\n\n\n\n<p class=\"has-small-font-size\">Rep 335 Nr. 780, Rep 350 F\u00fc Nr. 131 &#8211; Schwierjohann, Johann Bernhard Heinrich, Voltlage, Heuerling, ausgewandert 1848 nach Halverde, Kreis Tecklenburg (Preu\u00dfen). Ist am 27.03.1842 nach 11 1\/2 Monaten Dienstzeit als dienstunf\u00e4hig entlassen worden.<\/p>\n\n\n\n<p class=\"has-small-font-size\">Rep 335 Nr. 784, Rep 350 F\u00fc Nr. 132 &#8211; Ausdemmoore, Johann Gerd, geb. 23.12.1834, Elt.: Ausdemmoore, Johann Theodor (+) und Anna Maria, geb. von der Haar, ausgewandert 1852 mit den Bruder Hermann Henrich, 04.07.1836, und dem Onkel Bernhard Hartke, H\u00f6ckel, nach Cincinnati (USA). Die Vornamen sind dem Kirchenbuchaustrag entnommen, der amtliche Schriftwechsel nennt die Vornamen &#8222;Johann Heinrich&#8220; und &#8222;Johann Hermann&#8220;;haben in Cincinnati bereits Verwandte.<\/p>\n\n\n\n<p class=\"has-small-font-size\">Rep 335 Nr. 784, Rep 350 F\u00fc Nr. 132 &#8211; Helmig, Heinrich Joseph, geb. 26.08.1834 (1832), H\u00f6ckel, Elt.: Helmig, Johann (+) und Elisabeth, geb. Hartke, H\u00f6ckel, ausgewandert 1852 nach Cincinnati. Sein \u00e4lterer Bruder ist dort als Stuhlmacher etabliert, seine \u00e4ltere Schwester dient dort als Magd.<\/p>\n\n\n\n<p class=\"has-small-font-size\">Rep 335 Nr. 786, Rep 350 F\u00fc Nr. 132 &#8211; Surkamp, Johann Hermann Joseph, geb. 16.11.1835, Voltlage, Elt.: S\u00fcrkamp, Johann Heinrich, Heuerling und Anna Maria, geb. Gr\u00fcnkemeyer, Voltlage, ausgewandert 1854 nach Cincinnati. Sein Oheim Gr\u00fcnkemeyer ist Bauer in der N\u00e4he von Cincinnati.<\/p>\n\n\n\n<p class=\"has-small-font-size\">Rep 335 Nr. 786, Rep 350 F\u00fc Nr. 132 &#8211; Losekamp, Johann Theodor, geb. 07.10.1835, H\u00f6ckel, Stuhlmacher, Elt.: Losecamp, Gerhard, Eigenwohner und Maria Anna, geb. Dyckhoff, H\u00f6ckel, ausgewandert 1854 nach Cincinnati. Zwei Br\u00fcder leben in Cincinnati.<\/p>\n\n\n\n<p class=\"has-small-font-size\">Rep 335 Nr. 786, Rep 350 F\u00fc Nr. 132 &#8211; Winkeljohann, Johann Heinrich August, geb. 24.06.1835, Weese, Elt.: Winkeljoann, Johann Hermann, Kolon und Maria Elisabeth, geb. Johanningman, Weese, ausgewandert 1854 nach Cincinnati. Zwei Schwager betreiben in Cincinnati eine Kalkbrennerei.<\/p>\n\n\n\n<p class=\"has-small-font-size\">Rep 335 Nr. 786, Rep 350 F\u00fc Nr. 132 &#8211; Tebbe, Hermann Heinrich Ignatz, geb. 25.05.1834, Weese, Schneidergeselle, Elt.: Tebbe, Johann Hermann, Kolon und Margaretha Elisabeth, geb. Albers, Weese, ausgewandert 1854 nach Cincinnati. Verwandte wohnen in Cincinnati.<\/p>\n\n\n\n<p class=\"has-small-font-size\">Rep 335 Nr. 786, Rep 350 F\u00fc Nr. 132 &#8211; Surkamp, Johann Heinrich, geb. 08.04.1835, Weese, Elt.: Surkamp, Johann Friedrich und Angela, geb. Boing, Weese, ausgewandert 1854 nach Cincnnati. Schwester: Maria Catharina geb. 04.05.1832, Br\u00fcder: Johann Heinrich geb. 24.01.1841, Johann Joseph geb. 12.05.1844. Sein Oheim Gerh. Middendorf ist Eisengie\u00dfer in Cincinnati.<\/p>\n\n\n\n<p class=\"has-small-font-size\">Rep 335 Nr. 786, Rep 350 F\u00fc Nr. 132 &#8211; Wernke, Johann Gerhard Joseph, geb. 30.09.1834, Weese, Elt.: Wernke, Johann Hermann (+), Heuerling, Weese, ausgewandert 1854 nach Cincinnati. Die Schwester der Mutter und ihr Mann, Ziegelbrenner Johann Heinrich Middendorf, leben in Amerika und wollen ihn an Kindesstatt annehmen. Die Mutter ist damit einverstanden. Zur Zeit befindet er sich in Holland. Hat einen Brief von seinem Onkel Johann Hinrich Middendorf aus Cincinnati vom 04.06.1854.<\/p>\n\n\n\n<p class=\"has-small-font-size\">Rep 335 Nr. 786, Rep 350 F\u00fc Nr. 132 &#8211; Heitbrink, Gerhard Heinrich, geb. 14.05.1836, Voltlage, Elt.: tot, ausgewandert 1854 nach Cincinnati. Seine Geschwister sind teils verheiratet und teils Dienstboten. Seine Tante und sein Vetter, der amerikanische B\u00fcrger Joseph Pohlmeyer in Cincinnati, zahlen die Reisekosten.<\/p>\n\n\n\n<p class=\"has-small-font-size\">Rep 335 Nr. 786 &#8211; von Holle, Johann Theodor, geb. 15.03.1835, H\u00f6ckel, Elt.: von Holle, Johann Hermann, K\u00f6tter, H\u00f6ckel, ausgewandert 1854 nach Cincinnati. Joseph Pohlmeyer ist aus Cincinnati hier zu Besuch und will ihn mitnehmen. Eine Schwester ist in Cincinnati mit einem Schneidermeister verheiratet.<\/p>\n\n\n\n<p class=\"has-small-font-size\">Rep 335 Nr. 787, Rep 350 F\u00fc Nr. 133 &#8211; Griese, Bernhard Heinrich, geb. 23.03.1835, H\u00f6ckel, will nach Cincinnati. Sein Schwager Heinrich Wellen wohnt in Cincinnati. Dessen Bruder will ihn mitnehmen. Konsens abgelehnt, da er seiner Milit\u00e4rpflicht noch gen\u00fcgen mu\u00df. Ist 1855 ausgewandert.<\/p>\n\n\n\n<p class=\"has-small-font-size\">Rep 335 Nr. 787, Rep 350 F\u00fc Nr. 133 &#8211; Hengehold, Eugen Joseph Anton, geb. 11.01.1838, H\u00f6ckel, Elt.: Hengehold, m\u00e4nnl., Heuerling, H\u00f6ckel, ausgewandert 1855 nach Cincinnati. Seine Halbschwester Engel Wellen und der Schwager des Vaters, Wilm Kreimer, leben in Cincinnati.<\/p>\n\n\n\n<p class=\"has-small-font-size\">Rep 335 Nr. 788 &#8211; Egbert, Johann Franz Joseph, geb. 02.05.1830, Voltlage, Lehrergehilfe, ausgewandert 1856 nach Nordamerika. Hat Verwandte in Amerika.<\/p>\n\n\n\n<p class=\"has-small-font-size\">Rep 335 Nr. 788, Rep 350 F\u00fc Nr. 133 &#8211; Heidt, Anton Heinrich Theodor, geb. 03.04.1837, Voltlage, Elt.: Heidt, Johann Theodor, Heuerling, Voltlage, ausgewandert 1856 nach Cincinnati. Der Bruder des Vaters lebt in Cincinnati und hat k\u00fcrzlich seinen Sohn verloren.<\/p>\n\n\n\n<p class=\"has-small-font-size\">Rep 335 Nr. 789, Rep 350 F\u00fc Nr. 133 &#8211; Schmidts, Johann Bernhard, geb. 10.09.1838, Voltlage, Tischler, Elt.: Schmidts, Hermann Heinrich, Tischler und Maria Catharina, geb. Dierkes, Voltlage, ausgewandert 1857 nach Cincinnati. Sein \u00e4lterer Bruder Laurentz Schmidts lebt in Cincinnati, die Eltern wollen im kommenden Fr\u00fchjahr folgen.<\/p>\n\n\n\n<p class=\"has-small-font-size\">Rep 335 Nr. 790, Rep 350 F\u00fc Nr. 133 &#8211; Gr\u00fcnckemeyer, Heinrich Joseph, geb. 06.09.1839, H\u00f6ckel, Elt.: Gr\u00fcnckemeyer, Heinrich, H\u00f6ckel, ausgewandert 1858 nach Cincinnati. Geschwister und sein Schwager Schlarmann wohnt in Cincinnati.<\/p>\n\n\n\n<p class=\"has-small-font-size\">Rep 335 Nr. 791, Rep 350 F\u00fc Nr. 133 &#8211; Helmig, Johann Gerhard, geb. 03.10.1839 (30.10.1839), H\u00f6ckel, Elt.: Helmig, m\u00e4nnl., Heuerling, H\u00f6ckel, ausgewandert 1859 nach Cincinnati. Seine Schwester Cathrina Helmig in Cincinnati hat das Reisegeld gesandt.<\/p>\n\n\n\n<p class=\"has-small-font-size\">Rep 335 Nr. 791, Rep 350 F\u00fc Nr. 133 &#8211; R\u00f6schen, Gerhard Heinrich, geb. 1832, Voltlage, Elt.: R\u00f6schen, Johann Heinrich, Heuerling, Voltlage, ausgewandert 1859 mit Eltern und 2 Geschwistern nach Amerika.<\/p>\n\n\n\n<p class=\"has-small-font-size\">Rep 335 Nr. 792, Rep 350 F\u00fc Nr. 134 &#8211; Segers, Hermann Joseph, geb. 11.04.1841, Voltlage, Elt.: Segers, Johann Hermann (+) und Segers, weibl., geb. Wiegmann, Mutter, ausgewandert 1860 (1866) nach Nordamerika. Die Br\u00fcder der Mutter, Johann Gerd und Joseph, haben in Cincinnati eine Seifenfabrik.<\/p>\n\n\n\n<p class=\"has-small-font-size\">Rep 335 Nr. 793, Rep 350 F\u00fc Nr. 134 &#8211; Roter, Heinrich Wilhelm aus Voltlage, geb. 10.04.1841, ausgewandert mit der Mutter nach Nordamerika. Ein Bruder lebt in Nordamerika.<\/p>\n\n\n\n<p class=\"has-small-font-size\">Rep 335 Nr. 795, Rep 350 F\u00fc Nr. 134 &#8211; Schwierjohann, Heinrich, geb. 05.09.1845, Weese, Elt.: Schwierjohann, Johann Hermann, Heuerling und Maria Elisabeth, geb. Schr\u00f6der, Weese, ausgewandert 1864 nach Cincinnati. Seine Schwester ist in Cincinnati mit Bernh. Pleimann verheiratet.<\/p>\n\n\n\n<p class=\"has-small-font-size\">Rep 335 Nr. 795, Rep 350 F\u00fc Nr. 134 &#8211; Schmidts, Hermann Heinrich, geb. 15.04.1845, Voltlage, ausgewandert 1864 nach Cincinnati. Der Bruder Laurenz wohnt in Amerika.<\/p>\n\n\n\n<p class=\"has-small-font-size\">Rep 335 Nr. 797, Rep 350 F\u00fc Nr. 134 &#8211; Hartke, Anton Joseph, geb. 12.09.1847, Voltlage, ausgewandert 1866 nach Amerika.<\/p>\n\n\n\n<p class=\"has-small-font-size\">Rep 335 Nr. 798, Rep 350 F\u00fc Nr. 134 &#8211; Drees, Johann Gerhard, Voltlage, geb. 16.10.1848, Elt.: Westerlage sive Drees, Joh. Math., und Drees, Maria Catharine, Voltlage, ausgewandert 1866 nach Amerika.<\/p>\n\n\n\n<p class=\"has-small-font-size\">Rep 335 Nr. 798, Rep 350 F\u00fc Nr. 133 &#8211; Briede, Bernhard Hermann, geb. 19.12.1848, Voltlage, Elt.: Briede, Johann Theodor und Maria Franziska, geb. Wulf, Voltlage, ausgewandert 1866 nach Amerika.<\/p>\n\n\n\n<p class=\"has-small-font-size\">Rep 335 Nr. 798, Rep 350 F\u00fc Nr. 134 &#8211; Rolfes, Johann Hermann Heinrich, geb. 06.12.1846, H\u00f6ckel, Elt.: Rolfes, Johann Heinrich und Anna Maria Christine, geb. Sander, will nach Nordamerika. Konsens nach \u00a7 3 vom 14.02.1863 nicht erteilt. Konsens am 26.07.1866 abgelehnt.<\/p>\n\n\n\n<p class=\"has-small-font-size\">Rep 335 Nr. 798, Rep 350 F\u00fc Nr. 134 &#8211; Rolfes, Gerhard Hermann aus Voltlage, geb. 31.10.1848, Elt.: Rolfes, Johann Heinrich und Anna Maria Christina, geb. Sander, Voltlage, ausgewandert 1866 nach Nordamerika.<\/p>\n\n\n\n<p class=\"has-small-font-size\">Rep 335 Nr. 798, Rep 350 F\u00fc Nr. 134 &#8211; Klinkhammer, Johann Bernhard aus Voltlage, geb. 05.12.1847, Elt.: Klinkhammer, Johann Friedrich und Maria Elisabeth, geb. Egbers, Voltlage, ausgewandert 1866 nach Nordamerika.<\/p>\n\n\n\n<p class=\"has-small-font-size\">Rep 335 Nr. 798, Rep 350 F\u00fc Nr. 134 &#8211; Middendorf, Johann Bernhard Heinrich aus Weese, geb. 19.11.1848, Elt.: Menke genannt Middendorf, Bernhard Heinrich und Middendorf, Anna Maria Christine, Weese, ausgewandert 1866 nach Amerika.<\/p>\n\n\n\n<p class=\"has-small-font-size\">Rep 335 Nr. 798, Rep 350 F\u00fc Nr. 134 &#8211; R\u00f6ttger, Johann Anton Heinrich, Voltlage, geb. 13.06.1849, Elt.: R\u00f6ttger, Johann Bernhard Heinrich und Maria Catharina Juliana, geb. B\u00f6ing, ausgewandert 1866 nach Amerika.<\/p>\n\n\n\n<p class=\"has-small-font-size\">Rep 335 Nr. 799, Rep 350 F\u00fc Nr. 134 &#8211; Winkeljohann, Johann Heinrich, geb. 28.04.1847, Weese ausgewandert 1866 nach Amerika.<\/p>\n\n\n\n<p class=\"has-small-font-size\">Rep 335 Nr. 799, Rep 350 F\u00fc Nr. 134 &#8211; Thole, Carl Hermann Joseph, geb. 1846, Voltlage, Kaufmann, Elt.: Thole, Joseph, K\u00fcster und Lehrer und Maria Agnes, geb. Beckering, Voltlage, ausgewandert 1866 nach Gorinchem (Niederlande). Tritt als Teilhaber in die Fa. J. van Stouten ein.<\/p>\n\n\n\n<p class=\"has-small-font-size\">Rep 335 Nr. 799, Rep 350 Bers Nr. 1009, Rep 350 F\u00fc Nr. 134 &#8211; Wernke, Johann Heinrich, geb. 28.08.1850, Voltlage, Elt.: Wernke, Johann Joseph und Maria Cath., geb. Sander, Voltlage, ausgewandert 1866 nach Amerika.<\/p>\n\n\n\n<p class=\"has-small-font-size\">Rep 335 Nr. 799, Rep 350 F\u00fc Nr. 134 &#8211; Drees, Johann Theodor Maria, Voltlage, geb. 21.10.1845 (1855), Zwilling, Elt.: Drees geb. Westerlage, Johann Mathias und Maria Catharina geb. Drees, ausgewandert mit dem Zwillingsbruder Johann Heinrich Franziskus, geb. 21.10.1845, nach Niederlande. Halten sich schon in den Niederlanden auf. Laut Reskript vom 26.09.1866 wird Konsens nur bei Stellung eines B\u00fcrgen erteilt.<\/p>\n<\/div>\n\n\n\n<div class=\"wp-block-column is-layout-flow wp-block-column-is-layout-flow\" style=\"flex-basis:25%\">\n<figure class=\"wp-block-image size-full\"><img loading=\"lazy\" decoding=\"async\" width=\"230\" height=\"310\" src=\"https:\/\/familienforschung-tecklenburger-land.de\/wp-content\/uploads\/2023\/05\/Gosmann-Bild122.jpg\" alt=\"\" class=\"wp-image-2439\" srcset=\"https:\/\/familienforschung-tecklenburger-land.de\/wp-content\/uploads\/2023\/05\/Gosmann-Bild122.jpg 230w, https:\/\/familienforschung-tecklenburger-land.de\/wp-content\/uploads\/2023\/05\/Gosmann-Bild122-223x300.jpg 223w\" sizes=\"auto, (max-width: 230px) 100vw, 230px\" \/><\/figure>\n\n\n\n<h3 class=\"wp-block-heading\">Franz Pohlkany<\/h3>\n\n\n\n<p class=\"has-small-font-size\">Aus Hoeckel ausgewandert:<strong> Franz Pohlkany<\/strong> <a href=\"http:\/\/hotel432.server4you.de\/passagierlisten\/listen.php?ArchivIdent=AIII15-14.03.1925-1_N&amp;pass=Pohlkany&amp;abreisehafen=Bremen&amp;ankunftshafen=New%20York&amp;ID=16832&amp;lang=de\">am 14 M\u00e4rz 1925 auf dem Schiff &#8218;Stuttgart&#8216; von Bremen nach New York<\/a><\/p>\n\n\n\n<figure class=\"wp-block-image size-full\"><img loading=\"lazy\" decoding=\"async\" width=\"230\" height=\"172\" src=\"https:\/\/familienforschung-tecklenburger-land.de\/wp-content\/uploads\/2023\/05\/Gosmann-Bild110.jpg\" alt=\"\" class=\"wp-image-2440\"\/><\/figure>\n\n\n\n<h3 class=\"wp-block-heading\">Auswanderer bei Castle Garden:<\/h3>\n\n\n\n<p class=\"has-small-font-size\"><a href=\"http:\/\/www.castlegarden.org\/search_02.php?m_ship=&amp;po_port=&amp;p_first_name=&amp;p_last_name=&amp;o_occ=&amp;co_country=&amp;province=&amp;town=hoeckel&amp;m_arr_date_start=1820&amp;m_arr_date_end=1913&amp;submit.x=0&amp;submit.y=0\">Auswanderer aus H\u00f6ckel bei Castle Garden<\/a><\/p>\n\n\n\n<p class=\"has-small-font-size\"><a href=\"http:\/\/www.castlegarden.org\/search_02.php?m_ship=&amp;po_port=&amp;p_first_name=&amp;p_last_name=&amp;o_occ=&amp;co_country=&amp;province=&amp;town=weese&amp;m_arr_date_start=1820&amp;m_arr_date_end=1913&amp;submit.x=0&amp;submit.y=0\">Auswanderer aus Weese bei Castle Garden<\/a><\/p>\n\n\n\n<figure class=\"wp-block-image size-full\"><img loading=\"lazy\" decoding=\"async\" width=\"230\" height=\"396\" src=\"https:\/\/familienforschung-tecklenburger-land.de\/wp-content\/uploads\/2023\/05\/Voltlage-4.jpg\" alt=\"\" class=\"wp-image-2441\" srcset=\"https:\/\/familienforschung-tecklenburger-land.de\/wp-content\/uploads\/2023\/05\/Voltlage-4.jpg 230w, https:\/\/familienforschung-tecklenburger-land.de\/wp-content\/uploads\/2023\/05\/Voltlage-4-174x300.jpg 174w\" sizes=\"auto, (max-width: 230px) 100vw, 230px\" \/><\/figure>\n\n\n\n<h3 class=\"wp-block-heading\">Voltlager in den Niederlanden<\/h3>\n\n\n\n<p class=\"has-small-font-size\"><strong>Wir bieten umfangreiche <a href=\"https:\/\/familienforschung-tecklenburger-land.de\/index.php?id=991\">Personenlisten zum Herunterladen<\/a> an:<\/strong><\/p>\n\n\n\n<ul class=\"wp-block-list\">\n<li class=\"has-small-font-size\"><a href=\"https:\/\/familienforschung-tecklenburger-land.de\/index.php?id=991\"><strong>Personen, die in der VOC gedient haben<\/strong><\/a>; aus Voltlage z.B. Jan Harmeijer<\/li>\n\n\n\n<li class=\"has-small-font-size\"><a href=\"https:\/\/familienforschung-tecklenburger-land.de\/index.php?id=991\"><strong>Heiraten in den Niederlanden<\/strong><\/a>; mit Personen aus Voltlage z.B. Albers, Joan Conrad; Athmer, Bernard; Berg, Bernard Joseph Heinrich; Berg, Bernard Joseph Heinrich Rutgers; Borger, Anton Heinrich; Borger, Hermann Matthias; Bungenstock, Johann Bernard; Dening, Johan Heinrich; Dennig genannt Renken, Frans Friedrich; Hassig, Johann Hermann; Heidjohanns (Heitman), Bernhard Hendrik; &#8230;<\/li>\n<\/ul>\n\n\n\n<h3 class=\"wp-block-heading\">Staatsarchiv Osnabr\u00fcck:<\/h3>\n\n\n\n<p class=\"has-small-font-size\">Rep 335 Nr. 6016 &#8211; Rolfes, Johann Heinrich aus Voltlage, geb. 24.1.1839, Knecht, ausgewandert vor dem 5.12.1866. Durch Auswanderung der Mil.-Pflicht entzogen.<\/p>\n\n\n\n<p class=\"has-small-font-size\">Rep 335 Nr. 6016 &#8211; von Holle, Hermann Mathias, geb. 24.07.1839, H\u00f6ckel, Knecht. Ist als Reservist ohne Konsens vor dem 05.12.1866 ausgewandert. Durch Auswanderung der Mil.-Pflicht entzogen<\/p>\n\n\n\n<p class=\"has-small-font-size\">Rep 335 Nr. 6016 &#8211; Rolfes, Johann Heinrich, geb. 24.01.1839, Voltlage, Knecht. Ist als Reservist ohne Konsens vor dem 05.12.1866 ausgewandert.<\/p>\n\n\n\n<p class=\"has-small-font-size\">Rep 335 Nr. 6016 &#8211; Corrmannn, Bernhard Heinrich Josef, geb. 12.02.1845, H\u00f6ckel, Knecht. Ist als Reservist ohne Konsens vor dem 05.12.1866 ausgewandert.<\/p>\n\n\n\n<p class=\"has-small-font-size\">Rep 350 F\u00fc Nr. 134 &#8211; Drees, Johann Heinrich Franziskus, Voltlage, geb. 21.10.1855, Elt.: Drees, geb. Westerlage, Johann Mathias und Maria Cathrina, geb. Drees, Voltlage, ausgewandert 1866. Zwillingsbruder siehe Drees, Johann Theodor Maria, Voltlage.<\/p>\n\n\n\n<p class=\"has-small-font-size\">Rep 335 Nr. 799, Rep 350 F\u00fc Nr. 134 &#8211; Schr\u00f6der, Gerhard Heinrich, Weese, geb. 03.11.1848, Elt.: Schr\u00f6der, Gerhard Heinrich, senior und Maria Berhardine, geb. Achterkamp, Weese, ausgewandert 1866 nach Amerika.<\/p>\n\n\n\n<p class=\"has-small-font-size\">Rep 350 F\u00fc Nr. 131 &#8211; Ostendorff, Johann Heinrich, Weese, ausgewandert 1834 nach Preu\u00dfen.<\/p>\n\n\n\n<p class=\"has-small-font-size\">Rep 350 Lin Nr. 561 &#8211; Walkotte, August Moritz, Weese, geb. 1834, ausgewandert 1864 nach Preu\u00dfen.<\/p>\n\n\n\n<p class=\"has-small-font-size\">Rep 350 Bers Nr. 913 &#8211; Schweer, Johann Theodor, Plaggenschale jetzt H\u00f6ckel, geb. 24.06.1852, Elt.: Schweer, Johann Theodor, senior, Heuerling, H\u00f6ckel, ausgewandert 1869 nach mit Vater nach Chicago.<\/p>\n\n\n\n<p class=\"has-small-font-size\">Rep 335 Nr. 804, Rep 350 Bers Nr. 912 &#8211; Thole, Hermann Bernhard Egbert, geb. 14.03.1852, Voltlage, Elt.: Thole, Lehrer und K\u00fcster, Voltlage, ausgewandert 1868 nach Gorinchem, Provinz S\u00fcdholland. Sein \u00e4lterer Bruder Carl lebt in Gorinchem.<\/p>\n\n\n\n<p class=\"has-small-font-size\">Rep 335 Nr. 805, Rep 350 Bers Nr. 912 &#8211; Middendorf, Johann Bernhard Theodor, geb. 27.08.1852, Weese, ausgewandert 1868 nach Nordamerika.<\/p>\n\n\n\n<p class=\"has-small-font-size\">Rep 335 Nr. 805, Rep 350 Bers Nr. 912, Rep 350 Bers Nr. 1010 &#8211; Thy\u00dfen, Gerhard Heinrich Clemens, geb. 07.11.1849, Voltlage, Kaufmann, Elt.: Thy\u00dfen, Johann Bernhard Clemens, Eigenwohner und Josephine, geb. Stallvort, Voltlage, ausgewandert 1868 nach Gouda (Holland). Hat einen Onkel in Gouda. Tritt nach dem Tode seines Vaters in die von seinem Onkel und vormals seinem Vater gef\u00fchrte Manufakturwarenhandlung H.A.Thy\u00dfen+Co in Gouda ein.<\/p>\n\n\n\n<p class=\"has-small-font-size\">Rep 335 Nr. 806, Rep 350 Bers Nr. 913 &#8211; Thyssen, Hermann Friedrich Haverius, geb. 07.06.1844, Voltlage, Elt.: Thyssen, Johann Heinrich Ignatius (+), Kaufmann, Anna Maria, geb. Fisse, Voltlage, ausgewandert 1869 mit dem Bruder Servatius Hermann Clemens, geb. 13.05.1852, Voltlage, nach Gouda (Holland). Hat einen Brief vom 04.05.1869 von H. F. Thy\u00dfen aus Oudewater.<\/p>\n\n\n\n<p class=\"has-small-font-size\">Rep 335 Nr. 799, Rep 350 Bers Nr. 912, Rep 350 Bers Nr. 1009 &#8211; Hartke, Johann Hermann Bernhard, geb. 17.04.1850, Voltlage, Elt.: Hartke, Johann Heinrich, Heuerling, Voltlage, ausgewandert 1866\/1867.<\/p>\n<\/div>\n<\/div>\n\n\n\n<h2 class=\"wp-block-heading\" id=\"Voltlage-Karten\">Karten und Pl\u00e4ne<\/h2>\n\n\n\n<div class=\"wp-block-columns is-layout-flex wp-container-core-columns-is-layout-9d6595d7 wp-block-columns-is-layout-flex\">\n<div class=\"wp-block-column is-layout-flow wp-block-column-is-layout-flow\" style=\"flex-basis:25%\"><\/div>\n\n\n\n<div class=\"wp-block-column is-layout-flow wp-block-column-is-layout-flow\" style=\"flex-basis:50%\">\n<h3 class=\"wp-block-heading\">Staatsarchiv Osnabr\u00fcck:<\/h3>\n\n\n\n<p class=\"has-small-font-size\">K 100 Nr. 1 H II Bl. 10 a-f &#8211; Landesaufnahme des F\u00fcrstbistums Osnabr\u00fcck, II Amt F\u00fcrstenau, Bl. 10 a-f, Kirchspiele: Merzen, Voltlage, Feldmark: Salm, Ortschaften: Merzen, S\u00fcdmerzen, Lechtrup, Voltlage, Ausf.-Art: Farbige Zeichnung auf Karton, auf Leinen aufgezogen, Herst.: Johann Wilhelm Du Plat, Format: ca. 70 x 110 cm, Ma\u00dfstab: 1 : 3 840, 1784-1790.<\/p>\n\n\n\n<p class=\"has-small-font-size\">K 100 Nr. 1 H II Bl. 9 a-k &#8211; Landesaufnahme des F\u00fcrstbistums Osnabr\u00fcck, II Amt F\u00fcrstenau, Bl. 9 a-k, Kirchspiele: Merzen, Voltlage; Feldmark: Westermark; Ortschaften: Osteroden, Westeroden, Plaggenschale, D\u00f6llinghausen, Engelern, Schlichthorst, H\u00f6ckel, Weese, Voltlage; Ausf.-Art: Farbige Zeichnung auf Karton, auf Leinen aufgezogen, Herst.: Johann Wilhelm Du Plat, Format: ca. 70 x 110 cm, Ma\u00dfstab: 1 : 3 840, 1784-1790.<\/p>\n\n\n\n<p class=\"has-small-font-size\">K 300 Nr. 1 M Bl. 23 &#8211; &#8222;Topographische Karte der Landdrostei Osnabr\u00fcck&#8220;. Teil 1: F\u00fcrstentum Osnabr\u00fcck, Bl. 23: Voltlage, Ausf.-Art: Druck, Herst.: Gauss, Hofrat; F. Hartmann; C. Tomforde, Format: 33 x 33 cm, Ma\u00dfstab: 1 : 21 333,3, 1834-1852.<\/p>\n\n\n\n<p class=\"has-small-font-size\">K 300 Nr. 23 H Bl. 1121, 1215, 1216 &#8211; Luftbildaufnahmen aus dem Regierungsbezirk Osnabr\u00fcck. Bl. 1121 Voltlager Moor, Format: 40 x 40 cm, Ma\u00dfstab: 1 : 5 000, 1935-1953.<\/p>\n\n\n\n<p class=\"has-small-font-size\">K Akz. 40\/1995 Nr. 546 H &#8211; Spezialteilung der Voltlager Heimschnat: Karte von der Voltlager Heimschnat, Ausf.-Art: Farbige Handzeichnung auf Karton und auf Leinen aufgezogen, Hersteller: H. Eggers, kopiert von Geometer I. F. A. Meier, verglichen durch Landes\u00f6konomiekommissar Meyer, Format: 124,5 x 137 cm, besteht aus den Teilkarten a \u2013 b, Ma\u00dfstab: 1 : 3200, 1858-1869.<\/p>\n<\/div>\n\n\n\n<div class=\"wp-block-column is-layout-flow wp-block-column-is-layout-flow\" style=\"flex-basis:25%\">\n<figure class=\"wp-block-image size-large\"><img loading=\"lazy\" decoding=\"async\" width=\"1024\" height=\"768\" src=\"https:\/\/familienforschung-tecklenburger-land.de\/wp-content\/uploads\/2023\/05\/Voltlage-6-1-1024x768.jpg\" alt=\"\" class=\"wp-image-2442\" srcset=\"https:\/\/familienforschung-tecklenburger-land.de\/wp-content\/uploads\/2023\/05\/Voltlage-6-1-1024x768.jpg 1024w, https:\/\/familienforschung-tecklenburger-land.de\/wp-content\/uploads\/2023\/05\/Voltlage-6-1-300x225.jpg 300w, https:\/\/familienforschung-tecklenburger-land.de\/wp-content\/uploads\/2023\/05\/Voltlage-6-1-768x576.jpg 768w, https:\/\/familienforschung-tecklenburger-land.de\/wp-content\/uploads\/2023\/05\/Voltlage-6-1-1536x1152.jpg 1536w, https:\/\/familienforschung-tecklenburger-land.de\/wp-content\/uploads\/2023\/05\/Voltlage-6-1.jpg 1600w\" sizes=\"auto, (max-width: 1024px) 100vw, 1024px\" \/><\/figure>\n\n\n\n<h3 class=\"wp-block-heading\">Im Internet:<\/h3>\n\n\n\n<p class=\"has-small-font-size\"><a href=\"http:\/\/www.lgn.niedersachsen.de\/portal\/live.php?navigation_id=11004&amp;_psmand=35\">Landesvermessung und Geobasisinformation<\/a><\/p>\n\n\n\n<p class=\"has-small-font-size\"><a href=\"http:\/\/www.niedersachsennavigator.niedersachsen.de\/cgi-bin\/lgnshop\/viewer.pl?src=lgn\">Kartenshop<\/a><\/p>\n\n\n\n<figure class=\"wp-block-image size-full\"><img loading=\"lazy\" decoding=\"async\" width=\"230\" height=\"172\" src=\"https:\/\/familienforschung-tecklenburger-land.de\/wp-content\/uploads\/2023\/05\/Gosmann-Bild109-1.jpg\" alt=\"\" class=\"wp-image-2443\"\/><\/figure>\n<\/div>\n<\/div>\n\n\n\n<h2 class=\"wp-block-heading\" id=\"Voltlage-Literatur\">Literatur<\/h2>\n\n\n\n<div class=\"wp-block-columns is-layout-flex wp-container-core-columns-is-layout-9d6595d7 wp-block-columns-is-layout-flex\">\n<div class=\"wp-block-column is-layout-flow wp-block-column-is-layout-flow\" style=\"flex-basis:25%\">\n<h3 class=\"wp-block-heading\">In: Heimatjahrbuch Osnabr\u00fccker Land<\/h3>\n\n\n\n<p class=\"has-small-font-size\">1979: Bernhard Heinrich Overberg (Dr. A. Schr\u00f6der), S. 177<\/p>\n\n\n\n<p class=\"has-small-font-size\">1995: &#8222;Erb\u00f6rmlich um sein Leben gekamen&#8220; (Paul Casser), S. 94<\/p>\n\n\n\n<figure class=\"wp-block-image size-full\"><img loading=\"lazy\" decoding=\"async\" width=\"230\" height=\"153\" src=\"https:\/\/familienforschung-tecklenburger-land.de\/wp-content\/uploads\/2023\/05\/Voltlage-5.jpg\" alt=\"\" class=\"wp-image-2444\"\/><\/figure>\n\n\n\n<p class=\"has-small-font-size\">St Katharina (Bild: Wikicommons, J.-H. Jan\u00dfen)<\/p>\n<\/div>\n\n\n\n<div class=\"wp-block-column is-layout-flow wp-block-column-is-layout-flow\" style=\"flex-basis:50%\">\n<p class=\"has-small-font-size\">Riebartsch, Erwin: Geschichte des Kirchspiels Voltlage und seiner n\u00e4heren Umgebung, 1925<\/p>\n\n\n\n<p class=\"has-small-font-size\">Dobelmann, Werner: Die Riesenfrauen in Weese, in: Am heimatlichen Herd \u2013 Heimatblatt 4 (1953), Nr. 4.<\/p>\n\n\n\n<p class=\"has-small-font-size\">Dobelmann, Werner: Woher stammt das Altarkreuz in der Voltlager Kirche? in: Am heimatlichen Herd \u2013 Heimatblatt 5 (1954), Nr. 14.<\/p>\n\n\n\n<p class=\"has-small-font-size\">Dobelmann, Werner: Vom Kruzifix der Voltlager Kirche, in: Am heimatlichen Herd \u2013 Heimatblatt 8 (1957), Nr. 11.<\/p>\n\n\n\n<p class=\"has-small-font-size\">Osnabr\u00fccker Land. Bildarchiv fotografischer Aufnahmen bis 1945.&nbsp;Band 2: Samtgemeinde Artland: Quakenbr\u00fcck, Badbergen, Menslage, Nortrup; Samtgemeinde Bersenbr\u00fcck: Bersenbr\u00fcck, Alfhausen, Ankum, Eggerm\u00fchlen, Gehrde, Kettenkamp, Rieste; Samtgemeinde F\u00fcrstenau: F\u00fcrstenau, Berge, Bippen; Samtgemeinde Neuenkirchen: Neuenkirchen, Merzen, Voltlage. Herausgegeben von Heinrich B\u00f6ning.<\/p>\n\n\n\n<h3 class=\"wp-block-heading\">Heimatkalender f\u00fcr den Kreis Bersenbr\u00fcck<\/h3>\n\n\n\n<p class=\"has-small-font-size\"><strong>1954:<\/strong> Der Stapelberg in Weese. G. Sander, S. 124<\/p>\n\n\n\n<p class=\"has-small-font-size\"><strong>1955:<\/strong> Die Voltlager Klapper-und Windm\u00fchle. G. Sander, S. 136<\/p>\n<\/div>\n\n\n\n<div class=\"wp-block-column is-layout-flow wp-block-column-is-layout-flow\" style=\"flex-basis:25%\">\n<h3 class=\"wp-block-heading\">Heimatjahrbuch Osnabr\u00fcck Stadt und Land:<\/h3>\n\n\n\n<p class=\"has-small-font-size\">1983: Der T\u00f6ddensohn Bernhard Heinrich Overberg aus H\u00f6ckel (Dr. August Schr\u00f6der), S. 83<\/p>\n\n\n\n<h3 class=\"wp-block-heading\">In: Westf\u00e4lischer Heimatkalender<\/h3>\n\n\n\n<p class=\"has-small-font-size\">1977: Erfolgreicher Erzieher und Menschenfreund. Bernhard Overberg, der &#8222;Lehrer der Lehrer&#8220;. August Schr\u00f6der (S. 23)<\/p>\n<\/div>\n<\/div>\n\n\n\n<h2 class=\"wp-block-heading\" id=\"Voltlage-Suchanfragen\">Suchanfragen<\/h2>\n\n\n\n<div class=\"wp-block-columns is-layout-flex wp-container-core-columns-is-layout-9d6595d7 wp-block-columns-is-layout-flex\">\n<div class=\"wp-block-column is-layout-flow wp-block-column-is-layout-flow\" style=\"flex-basis:25%\">\n<h3 class=\"wp-block-heading\">Vroklage<\/h3>\n\n\n\n<p class=\"has-small-font-size\">Ich suche die Eltern von Hendrik Jans Vroklage aus Voltlage *06.07.1787 Voltlage. Name in Holland auch geschrieben als Froklage, Vruklage, Vrokelage.<\/p>\n\n\n\n<p class=\"has-small-font-size\">Heirat am 23.10.1810 in Weststellingerwerf. Vermeldet als seine Eltern Jan Hendriks Hielker Froklage und Maria Anna Catharina Vroklage. Vielleicht noch ein Verbindnis met &#8222;Wrocklage&#8220;? (<a href=\"mailto:j.bisschop@lijbrandt.nl\">Kontakt<\/a>)<\/p>\n<\/div>\n\n\n\n<div class=\"wp-block-column is-layout-flow wp-block-column-is-layout-flow\" style=\"flex-basis:50%\">\n<h3 class=\"wp-block-heading\">M\u00f6chten Sie auch eine Anfrage ver\u00f6ffentlichen?<\/h3>\n\n\n\n<p class=\"has-small-font-size\"><strong>Wenn jemand genealogische Kontakte kn\u00fcpfen m\u00f6chte oder Hilfe bei einem schwierigen Fall ben\u00f6tigt, ver\u00f6ffentlichen wir hier gern eine Anfrage.<\/strong><\/p>\n\n\n\n<p class=\"has-small-font-size\">Hier k\u00f6nnen Sie uns Ihre Suchanfrage \u00fcbermitteln:<\/p>\n\n\n\n<p class=\"has-small-font-size\">Sie k\u00f6nnen uns eine E-Mail mit Ihrer Suchanfrage schicken: <a href=\"mailto:admin@te-gen.de\">admin@te-gen.de<\/a> Bitte tragen Sie in die Mail ein, nach welchen Personen oder Namen Sie suchen, in welchem Ort Sie suchen, wenn Sie m\u00f6chten, Ihren Namen, welche Daten (Geburt, Heirat, Tod, andere) Ihnen vorliegen. Wenigstens ein Zeitraum w\u00e4re gut. Wir werden Ihre Anfrage dann an dieser Stelle ver\u00f6ffentlichen. Bitte beachten Sie, dass dies einige Tage dauern kann. Ihre Anfrage wird automatisch auch an unsere Mailingliste weitergeleitet.<\/p>\n\n\n\n<h3 class=\"wp-block-heading\">Heidt<\/h3>\n\n\n\n<p class=\"has-small-font-size\">Rep 335 Nr. 788, Rep 350 F\u00fc Nr. 133 &#8211; Heidt, Anton Heinrich Theodor, geb. 03.04.1837, Voltlage, Elt.: Heidt, Johann Theodor, Heuerling, Voltlage, ausgewandert 1856 nach Cincinnati. Der Bruder des Vaters lebt in Cincinnati und hat k\u00fcrzlich seinen Sohn verloren.<\/p>\n\n\n\n<p class=\"has-small-font-size\">This is my great-great grandfather. How can I find the name of his uncle who immigrated to Cincinnati? <a href=\"mailto:jmrohio@yahoo.com\">Julie M. Ross<\/a>, Cincinnati, Ohio<\/p>\n<\/div>\n\n\n\n<div class=\"wp-block-column is-layout-flow wp-block-column-is-layout-flow\" style=\"flex-basis:25%\">\n<h3 class=\"wp-block-heading\">Kramer<\/h3>\n\n\n\n<p class=\"has-small-font-size\">I am looking for any information related to Herman Kramer (Kremer) in Voltlage, around the year 1700. He had a son Albert that was born in 1729 in Voltlage. (<a href=\"mailto:bmoertle@gmail.com\">Kontakt<\/a>)<\/p>\n\n\n\n<figure class=\"wp-block-image size-full\"><img loading=\"lazy\" decoding=\"async\" width=\"230\" height=\"373\" src=\"https:\/\/familienforschung-tecklenburger-land.de\/wp-content\/uploads\/2023\/05\/Gosmann-Bild108.jpg\" alt=\"\" class=\"wp-image-2445\" srcset=\"https:\/\/familienforschung-tecklenburger-land.de\/wp-content\/uploads\/2023\/05\/Gosmann-Bild108.jpg 230w, https:\/\/familienforschung-tecklenburger-land.de\/wp-content\/uploads\/2023\/05\/Gosmann-Bild108-185x300.jpg 185w\" sizes=\"auto, (max-width: 230px) 100vw, 230px\" \/><\/figure>\n<\/div>\n<\/div>\n","protected":false},"excerpt":{"rendered":"<p>Die Seiten \u00fcber Voltlage wurden zusammengestellt von Heinrich Gosmann. Weiteres vor Ort: Heimatverein Voltlage e.V.Hauptstr. 1249599 VoltlageTelefon: 05467 \/ 616MariaKnuf@web.de Ausfl\u00fcge in die Geschichte: Heimatmuseum in H\u00f6ckel Radrundweg &#8222;Auf den Spuren von Bernhard Overberg&#8220; (siehe rechte Spalte). Zur Geschichte Die drei Siedlungen Voltlage, H\u00f6ckel und Weese sind s\u00e4chsischen Ursprungs. Der Name Voltlage, fr\u00fcher Folt-la (890),&#8230;<\/p>\n","protected":false},"author":4,"featured_media":0,"parent":0,"menu_order":83,"comment_status":"closed","ping_status":"closed","template":"","meta":{"_coblocks_attr":"","_coblocks_dimensions":"","_coblocks_responsive_height":"","_coblocks_accordion_ie_support":"","footnotes":""},"class_list":["post-329","page","type-page","status-publish","hentry"],"_links":{"self":[{"href":"https:\/\/familienforschung-tecklenburger-land.de\/index.php?rest_route=\/wp\/v2\/pages\/329","targetHints":{"allow":["GET"]}}],"collection":[{"href":"https:\/\/familienforschung-tecklenburger-land.de\/index.php?rest_route=\/wp\/v2\/pages"}],"about":[{"href":"https:\/\/familienforschung-tecklenburger-land.de\/index.php?rest_route=\/wp\/v2\/types\/page"}],"author":[{"embeddable":true,"href":"https:\/\/familienforschung-tecklenburger-land.de\/index.php?rest_route=\/wp\/v2\/users\/4"}],"replies":[{"embeddable":true,"href":"https:\/\/familienforschung-tecklenburger-land.de\/index.php?rest_route=%2Fwp%2Fv2%2Fcomments&post=329"}],"version-history":[{"count":13,"href":"https:\/\/familienforschung-tecklenburger-land.de\/index.php?rest_route=\/wp\/v2\/pages\/329\/revisions"}],"predecessor-version":[{"id":2808,"href":"https:\/\/familienforschung-tecklenburger-land.de\/index.php?rest_route=\/wp\/v2\/pages\/329\/revisions\/2808"}],"wp:attachment":[{"href":"https:\/\/familienforschung-tecklenburger-land.de\/index.php?rest_route=%2Fwp%2Fv2%2Fmedia&parent=329"}],"curies":[{"name":"wp","href":"https:\/\/api.w.org\/{rel}","templated":true}]}}