{"id":309,"date":"2023-02-26T18:46:37","date_gmt":"2023-02-26T17:46:37","guid":{"rendered":"https:\/\/familienforschung-tecklenburger-land.de\/?page_id=309"},"modified":"2023-05-05T20:28:03","modified_gmt":"2023-05-05T19:28:03","slug":"westerkappeln","status":"publish","type":"page","link":"https:\/\/familienforschung-tecklenburger-land.de\/?page_id=309","title":{"rendered":"Westerkappeln"},"content":{"rendered":"\n<div class=\"wp-block-columns is-layout-flex wp-container-core-columns-is-layout-9d6595d7 wp-block-columns-is-layout-flex\">\n<div class=\"wp-block-column is-layout-flow wp-block-column-is-layout-flow\" style=\"flex-basis:25%\">\n<h3 class=\"wp-block-heading\">Weiteres vor Ort:<\/h3>\n\n\n\n<p class=\"has-small-font-size\"><a href=\"http:\/\/www.cappelner-ringweg.de\">Kultur- und Heimatverein Westerkappeln e.V.<\/a><br>Merschweg 3, 49492 Westerkappeln<\/p>\n\n\n\n<h3 class=\"wp-block-heading\">Ausfl\u00fcge in die Geschichte:<\/h3>\n\n\n\n<p class=\"has-small-font-size\"><a href=\"http:\/\/westerkappelnnet.de\/sights\/sloopsteine.html\">Die Gro\u00dfen Sloopsteene<\/a><\/p>\n\n\n\n<p class=\"has-small-font-size\"><a href=\"http:\/\/westerkappelnnet.de\/sights\/judenfriedhof.html\">J\u00fcdischer Friedhof<\/a> mit Grabsteinen von 1812 bis 1937.<\/p>\n\n\n\n<p class=\"has-small-font-size\"><strong><a href=\"http:\/\/www.westerkappeln.de\/Traktor\/index.htm\">Traktorenmuseum<\/a><\/strong><br>Lotter Stra\u00dfe 20, 49492 Westerkappeln<br><em>Entwicklung von Lanz-Lokmobilen; Traktoren u. Schlepper<\/em><\/p>\n\n\n\n<p class=\"has-small-font-size\"><strong>Evangelische Pfarrkirche<\/strong><br><em>\u00c4ltester Teil der Kirche ist der wehrhafte romanische Turm; reiche Innenausstattung.<\/em><\/p>\n\n\n\n<p class=\"has-small-font-size\"><strong>Haus Cappeln<\/strong><br>Im 13. Jh. Sitz der Herren von Cappeln. Wasseranlage auf zwei Inseln mit mehreren Gr\u00e4ften.<\/p>\n\n\n\n<p class=\"has-small-font-size\"><a href=\"http:\/\/www.heimatkenner.de\/markers\/view\/4ee877b5-0530-4f4e-8c36-5b945dbbea27\"><strong>Wasserm\u00fchle Velpe<\/strong><\/a><br>Laggenbecker Stra\u00dfe 6, 49492 Westerkappeln &#8211; Velpe<br><em>Die Wasserm\u00fchle mit oberschl\u00e4chtigem Wasserrad u. Steing\u00e4ngen ist eine ehemalige Gutsm\u00fchle. Im oberen Stockwerk der M\u00fchle werden Bilder des Velper Malers Gustav K\u00fcnnemann ausgestellt.<\/em><\/p>\n\n\n\n<figure class=\"wp-block-image size-full\"><img loading=\"lazy\" decoding=\"async\" width=\"230\" height=\"184\" src=\"https:\/\/familienforschung-tecklenburger-land.de\/wp-content\/uploads\/2023\/04\/Westerkappeln-2012_6.jpg\" alt=\"\" class=\"wp-image-1902\"\/><\/figure>\n\n\n\n<p><\/p>\n\n\n\n<figure class=\"wp-block-image size-full\"><img loading=\"lazy\" decoding=\"async\" width=\"230\" height=\"287\" src=\"https:\/\/familienforschung-tecklenburger-land.de\/wp-content\/uploads\/2023\/04\/Westerkappeln-2012_1.jpg\" alt=\"\" class=\"wp-image-1904\"\/><\/figure>\n\n\n\n<h3 class=\"wp-block-heading\">Rittergut Langenbr\u00fcck<\/h3>\n\n\n\n<p class=\"has-small-font-size\">Das Rittergut Langenbr\u00fcck, westlich vom Ort Westerkappeln gelegen, war von alters her ein landtagsf\u00e4higes adeliges Gut. Es wurde um 1350 erbaut von einem Rudolf von Langen, der auch Erbauer des Hauses Langewiese bei Ibbenb\u00fcren war. Bei der Namengebung spielte in beiden F\u00e4llen offenbar der Familienname eine Rolle. Ein Christoph von Langen verkaufte das Gut Langenbr\u00fcck an einen von Ledebur, der am 8. April 1574 sein Gut Esterwegen an den Ritter von H\u00f6vel ver\u00e4u\u00dferte.<br>Die Geschichte der Ritter von Ledebur f\u00fchrt bis in das 13. Jahrhun\u00addert zur\u00fcck. Um 1220 werden Wiebert von Ledebur und sein Sohn Diethard als Zeugen in Recke genannt. Die von Ledebur waren da\u00admals Gr\u00f6nenberger Burgmannen. Das Gut blieb bis zur Mitte des 18. Jahrhunderts im Familienbesitz.<\/p>\n<\/div>\n\n\n\n<div class=\"wp-block-column is-layout-flow wp-block-column-is-layout-flow\" style=\"flex-basis:50%\">\n<h3 class=\"wp-block-heading\" id=\"Westerkappeln-Geschichte\">Zur Geschichte<\/h3>\n\n\n\n<p class=\"has-small-font-size\">In Westerkappeln-Westerbeck konnte man den Nachweis f\u00fcr eine sehr fr\u00fche Besiedlung nach der letzten Eiszeit, in der W\u00e4rmephase der Aller\u00f6dzeit (ca. 11800 \u2013 10700 v. Chr.), erbringen. Auf einem ehemals sehr langen D\u00fcnenzug, der zwei Moorgebiete (im S\u00fcden die D\u00fcsterdieker Niederung und im Norden das Vinter Moor) voneinander trennte, fand man Feuersteinwerkzeuge die der \u201eFedermesserkultur\u201c zuzurechnen sind. (Federmesser bekamen ihren Namen wegen ihrer Bearbeitungsform, dienten jedoch \u00fcberwiegend als Pfeilspitzen)<\/p>\n\n\n\n<p class=\"has-small-font-size\">Zur Zeit der jungsteinzeitlichen Trichterbecher-Kultur im 4.\/3. Jt. v. Chr. wurden die Gro\u00dfsteingr\u00e4ber\/Sloopstene in Wersen auf dem S\u00fcdufer eines 10 x 7 km gro\u00dfen Sees erbaut, der von der Hase gespeist und entw\u00e4ssert, sehr fischreich war. Arch\u00e4ologisch Funde von Fischerbooten und Fischfangger\u00e4ten zeugen davon. Man kann heute noch rund um das Seester Feld das weite Sumpfgebiet erkennen, welches davon \u00fcbrig geblieben ist: von der D\u00fcsterdiecker Niederung, abgegrenzt durch die Haar \u00fcber die Brockwiesen und Dieckwallwiesen bis Brockhausen und Moorland. Der Mittellandkanal wurde seinerzeit exakt \u00fcber das Nordufer des Sees gezogen, um \u00fcber 100 km von H\u00f6rstel bis Minden keine einzige Schleuse zu ben\u00f6tigen: Dieser Kanal ist eine Wasserwaage.<br><br>Das Megalith-Ganggrab liegt auf 75 m \u00fc. NN, Niederseeste auf 58 m; dieser Frischwassersee-Boden lag also 10 bis 20 m unter der umliegenden Geest, was erkl\u00e4rt, warum die Hase beim Durchflie\u00dfen dieser nacheiszeitlichen Senke erst das Becken f\u00fcllen musste, um nach Norden abflie\u00dfen zu k\u00f6nnen.<\/p>\n\n\n\n<p class=\"has-small-font-size\">Nachdem das D\u00fcnengel\u00e4nde n\u00f6rdlich des Seester Weges in den 50-ziger Jahren in landwirtschaftliche Nutzfl\u00e4chen umgewandelt wurde, fanden dort Hobby-Arch\u00e4ologen gro\u00dfe Mengen an Flintmaterial als Oberfl\u00e4chenfunde. Auch fand 1967 eine Grabung unter der Leitung von Dr. K. G\u00fcnther statt, die bewies, dass \u00fcber einen l\u00e4ngeren Zeitraum diese Gegend als Rastplatz f\u00fcr durchziehende J\u00e4gergruppen gedient hatte. S\u00fcdlich des Seester Weges glaubte er auch drei Grundrisse von Behausungen nachweisen zu k\u00f6nnen.<\/p>\n\n\n\n<p class=\"has-small-font-size\">Auch aus den sp\u00e4teren Zeiten ist eine fast durchgehende Besiedlung um Westerkappeln feststellbar und durch Bodendenkm\u00e4ler und Funde belegt.<\/p>\n\n\n\n<p class=\"has-small-font-size\">Das Westerkappelner Gemeindegebiet umfasst neben dem eigentlichen Ortskern die neun Bauernschaften Seeste, Osterbeck, Westerbeck, Metten, D\u00fcte, Sennlich, Handarpe, Hamb\u00fcren und Lada. Die drei letzt genannten Bauernschaften bilden zusammen mit der Siedlung Ortfeld den Ortsteil Velpe.<br>Der ehemalige Name &#8222;Capelun&#8220; = Cappeln ist auf den Bau einer Kapelle oder Kirche zur\u00fcckzuf\u00fchren, die nach 800 entstanden sein mu\u00df. Als Kirchspiel taucht Westerkappeln 1188 als \u00bbparrochia Kappe\u00adlen prope Thekeneborch\u00ab auf.<br>In der Zeit nach 1120, als die Grafen von Tecklenburg auf der Tecklenburger Bergh\u00f6he ans\u00e4ssig waren, geh\u00f6rte Westerkappeln zur Grafschaft Ravensberg. Die Herren von Cappeln, von denen ein Heinricus de Cappele zuerst 1158 und 1178 genannt wird, waren deshalb Ravensberger Ritter. Die Herren von Cappeln sind noch bis 1326 als Verwalter der Freigrafschaft Cappeln nachweisbar. Dabei steht aber nicht fest, ob diese Freigrafschaft ihr freies Eigentum oder ein Lehen der Grafen von Ravensberg (aus der Zeit vor 1246) oder der Grafen von Tecklenburg (aus der Zeit nach 1246) war.<br>Etwa um 1723 ist das Dorf Cappeln durch K\u00f6nig Friedrich Wilhelm I. zur Stadt erhoben worden.<br>Bis 1939 wurde noch als offizielle Schreibweise \u201eWestercappeln\u201c gepflegt.<\/p>\n\n\n\n<h3 class=\"wp-block-heading\">Haus Velpe<\/h3>\n\n\n\n<p class=\"has-small-font-size\">F\u00fcnf Kilometer s\u00fcdlich des Ortsmittelpunkts der Gemeinde Westerkappeln befindet sich das in der Bauerschaft Hamb\u00fcren gelegene ehemalige Rittergut Haus Velpe. Der Name Velpe taucht erstmalig um 1200 in einem Eink\u00fcnfteregister des Domprobstes von Osnabr\u00fcck auf. Auch in den Jahren 1298 und 1299 werden Angeh\u00f6rige der Familie von Velpe urkundlich erw\u00e4hnt. Es ist daher wahrscheinlich, da\u00df der Herrensitz im 13. Jh. durch Zusammenlegung von mehreren kleineren Bauernh\u00f6fen entstanden ist. Nachweislich waren die von Velpe Burgm\u00e4nner (Ministeriale) des Grafen von Tecklenburg. Die Burgm\u00e4nner, urspr\u00fcnglich unfreie Ritter, hatten in der Hauptsache milit\u00e4rische Dienste zu leisten. Sp\u00e4ter wurden einige von ihnen in den Hofdienst (Verwaltungsbeamte, Hofrichter, Notare) berufen. Als Gegenleistung wurden die Burgm\u00e4nner mit G\u00fctern belehnt und in den Adelsstand des niederen Landadels erhoben. 1562 befanden sich unter den zehn Burgm\u00e4nnern, die den Landtag der Grafschaft Tecklenburg bildeten, Johann Ledebur auf Langenbr\u00fcck, Heinrich L\u00fcninck zu Cappeln und Erich von Velpe. Rund 300 Jahre blieb das Gut im Besitz der Familie Velpe, bis es 1565 von dem oben genannten Erich von Velpe an J\u00fcrgen von Holle auf Haus Marck verkauft wurde.<\/p>\n<\/div>\n\n\n\n<div class=\"wp-block-column is-layout-flow wp-block-column-is-layout-flow\" style=\"flex-basis:25%\">\n<figure class=\"wp-block-image size-full\"><img loading=\"lazy\" decoding=\"async\" width=\"230\" height=\"273\" src=\"https:\/\/familienforschung-tecklenburger-land.de\/wp-content\/uploads\/2023\/04\/Wappen-Westerkappeln.jpg\" alt=\"\" class=\"wp-image-1906\"\/><\/figure>\n\n\n\n<h5 class=\"wp-block-heading\">Bauerschaften:<\/h5>\n\n\n\n<p class=\"has-small-font-size\">Seeste, Osterbeck, Westerbeck, Metten, D\u00fcte, Sennlich, Handarpe, Hamb\u00fcren und Lada<\/p>\n\n\n\n<figure class=\"wp-block-image size-full\"><img loading=\"lazy\" decoding=\"async\" width=\"230\" height=\"359\" src=\"https:\/\/familienforschung-tecklenburger-land.de\/wp-content\/uploads\/2023\/04\/Westerkappeln-2012_21.jpg\" alt=\"\" class=\"wp-image-1907\" srcset=\"https:\/\/familienforschung-tecklenburger-land.de\/wp-content\/uploads\/2023\/04\/Westerkappeln-2012_21.jpg 230w, https:\/\/familienforschung-tecklenburger-land.de\/wp-content\/uploads\/2023\/04\/Westerkappeln-2012_21-192x300.jpg 192w\" sizes=\"auto, (max-width: 230px) 100vw, 230px\" \/><\/figure>\n\n\n\n<p><\/p>\n\n\n\n<figure class=\"wp-block-image size-full\"><img loading=\"lazy\" decoding=\"async\" width=\"230\" height=\"287\" src=\"https:\/\/familienforschung-tecklenburger-land.de\/wp-content\/uploads\/2023\/04\/Westerkappeln-2012_1-1.jpg\" alt=\"\" class=\"wp-image-1908\"\/><\/figure>\n\n\n\n<h3 class=\"wp-block-heading\">Gut Berstenhorst<\/h3>\n\n\n\n<p class=\"has-small-font-size\">Gutshof im Ortsteil Lada aus dem 17. Jhd.. Besitzer: von L\u00fcning, von der Horst, von Elmendorff, Meyer, Schwake. Keine eigenbeh\u00f6rige H\u00f6fe. Das Berstenhorst-Hauptgeb\u00e4ude war am 1. Weihnachtstag 2000 abgebrannt<\/p>\n\n\n\n<figure class=\"wp-block-image size-full\"><img loading=\"lazy\" decoding=\"async\" width=\"230\" height=\"150\" src=\"https:\/\/familienforschung-tecklenburger-land.de\/wp-content\/uploads\/2023\/04\/Westerkappeln-2012_2.jpg\" alt=\"\" class=\"wp-image-1909\"\/><\/figure>\n\n\n\n<h3 class=\"wp-block-heading\">Haus Cappeln<\/h3>\n\n\n\n<p class=\"has-small-font-size\">Am nordwestlichen Ortsrand von Westerkappeln liegt das ehemalige Rittergut Haus Cappeln. Um 1100 lie\u00df Graf Hermann von Ravensberg neben der Hauptburg bei Borgholzhausen eine Nebenburg in Westerkappeln errichten. Nach 1200 gab es Streitigkeiten zwischen den Grafen von Ravensberg und den Grafen von Tecklenburg. Im Friedensvertrag von 1246 wurde Westerkappeln mit der Burg endg\u00fcltig der Grafschaft Tecklenburg zugesprochen. Nach Streitigkeiten mit dem Bischof von Osnabr\u00fcck wurde die Burg 1382 zerst\u00f6rt. Sp\u00e4ter wurde der Aufbau als Rittergut vorangetrieben.<\/p>\n<\/div>\n<\/div>\n\n\n\n<h2 class=\"wp-block-heading\" id=\"Westerkappeln-Weblinks\">Weblinks<\/h2>\n\n\n\n<div class=\"wp-block-columns is-layout-flex wp-container-core-columns-is-layout-9d6595d7 wp-block-columns-is-layout-flex\">\n<div class=\"wp-block-column is-layout-flow wp-block-column-is-layout-flow\" style=\"flex-basis:25%\">\n<figure class=\"wp-block-image size-full\"><img loading=\"lazy\" decoding=\"async\" width=\"230\" height=\"174\" src=\"https:\/\/familienforschung-tecklenburger-land.de\/wp-content\/uploads\/2023\/04\/Westerkappeln-2012_17.jpg\" alt=\"\" class=\"wp-image-1912\"\/><\/figure>\n\n\n\n<p><\/p>\n\n\n\n<figure class=\"wp-block-image size-full\"><img loading=\"lazy\" decoding=\"async\" width=\"230\" height=\"155\" src=\"https:\/\/familienforschung-tecklenburger-land.de\/wp-content\/uploads\/2023\/04\/Westerkappeln-2012_19.jpg\" alt=\"\" class=\"wp-image-1913\"\/><\/figure>\n<\/div>\n\n\n\n<div class=\"wp-block-column is-layout-flow wp-block-column-is-layout-flow\" style=\"flex-basis:50%\">\n<p class=\"has-small-font-size\">Mayr, A.; Stonjek, D. u. Temlitz, K. (Hg.): <a href=\"http:\/\/www.lwl.org\/geko-download\/SuG\/Steinfurt\/Westerkappeln.pdf\">Der Kreis Steinfurt<\/a>. M\u00fcnster 1994<\/p>\n\n\n\n<p class=\"has-small-font-size\"><a href=\"http:\/\/www.m-esch.de\/westerkappeln.htm\">Private Homepage<\/a> von Manfred Esch, unter anderem \u00fcber Westerkappeln<\/p>\n\n\n\n<p class=\"has-small-font-size\"><a href=\"http:\/\/olschewski-ahnenforschung.de.tl\/\">Genealogische Homepage<\/a> von Britta Olschewski geb. Holke<\/p>\n\n\n\n<p class=\"has-small-font-size\"><a href=\"http:\/\/www.westerkappeln.de\/\">Internetpr\u00e4senz der Gemeinde Westerkappeln<\/a><\/p>\n\n\n\n<p class=\"has-small-font-size\"><a href=\"http:\/\/de.wikipedia.org\/wiki\/Westerkappeln\">Wikipedia \u00fcber Westerkappeln<\/a><\/p>\n\n\n\n<p class=\"has-small-font-size\"><a href=\"http:\/\/westerkappelnnet.de\/\">Westerkappeln NET<\/a> (private Website)<\/p>\n\n\n\n<p class=\"has-small-font-size\"><a href=\"http:\/\/www.gemeinde-westerkappeln.de\">Gemeinde Westerkappeln<\/a><\/p>\n\n\n\n<p class=\"has-small-font-size\"><a href=\"http:\/\/www.thc-westerkappeln.de\/\">THC Westerkappeln e.V.<\/a><\/p>\n\n\n\n<p class=\"has-small-font-size\"><a href=\"http:\/\/www.westfalia-westerkappeln.de\/\">TSV Westfalia Westerkappeln<\/a><\/p>\n\n\n\n<p class=\"has-small-font-size\"><a href=\"http:\/\/www.seeste.de\/\">Ortsteil Seeste<\/a><\/p>\n\n\n\n<p class=\"has-small-font-size\"><a href=\"http:\/\/heritage.freese.net\/family\/\">Heritage.Freese.net<\/a>: Eine sehr umfangreiche genealogische Seite \u00fcber Auswanderer aus Westerkappeln und den Ort <a href=\"http:\/\/heritage.freese.net\/family\/Capp\/capindex.htm\">Cappeln<\/a> in Missouri. Dort gibt es viele Bilder von Grabsteinen, Namenslisten, Stammb\u00e4ume usw.<\/p>\n\n\n\n<h3 class=\"wp-block-heading\">Allgemeine Links:<\/h3>\n\n\n\n<p class=\"has-small-font-size\"><a href=\"http:\/\/wiki-de.genealogy.net\/Hauptseite\">GenWiki:<\/a> Ein Wiki f\u00fcr Ahnenforscher.<br><br><a href=\"http:\/\/www.fotoerbe.de\/\">Fotoerbe.de<\/a>: In welchen Archiven, Museen, Bibliotheken usw. sind historische Fotografien vorhanden? Hier findet man sie in einer riesigen Datenbank.<br><br><a href=\"http:\/\/www.kirchliche-archive.de\/\">Kirchliche Archive:<\/a> \u00dcbersicht \u00fcber die deutschen Kirchenbucharchive.<br><br><a href=\"http:\/\/christoph.stoepel.net\/geogen\/v3\/\">Geogen<\/a>: Auf dieser Seite kann man Landkarten \u00fcber die Verbreitung von Familiennamen in Deutschland erstellen lassen. Besonders auff\u00e4llige Konzentrationen k\u00f6nnen auf den Ursprungsort des Namens oder der Familie hindeuten.<br><a href=\"http:\/\/www.hbol.de\/\"><br>Heimatbund Osnabr\u00fccker Land:<\/a> Hier gibt es geschichtliches \u00fcber die verschiedenen Orte. Man findet auch viele Adressen und Infos \u00fcber Vereine usw.<br><br><a href=\"http:\/\/www.lwl.org\/westfaelische-geschichte\/portal\/Internet\/haupt.php?urlNeu=\">Internet-Portal &#8222;Westf\u00e4lische Geschichte&#8220;<\/a><br><br><a href=\"http:\/\/www.archive.nrw.de\/\">Internetportal der Archive in Nordrhein-Westfalen<\/a><br><br><a href=\"http:\/\/www.westfalen-adelssitze.de\" target=\"_blank\" rel=\"noreferrer noopener\">Burgen, Schl\u00f6sser und Herrensitze in Westfalen<\/a>: Interessant, wenn man wei\u00df, welchem Herr ein Hof eigenbeh\u00f6rig war.<br><br><a href=\"http:\/\/www.wggf.de\/\">Westf\u00e4lische Gesellschaft f\u00fcr Genealogie und Familienforschung (WGGF)<\/a><\/p>\n<\/div>\n\n\n\n<div class=\"wp-block-column is-layout-flow wp-block-column-is-layout-flow\" style=\"flex-basis:25%\">\n<p class=\"has-small-font-size\"><a href=\"http:\/\/www.ladbergenlengerich.com\/browsemedia.php?mediatypeID=documents\">Namensverzeichnis der Sterbeurkunden<\/a> aus dem Tecklenburger Land. Menno de Lange hat diese Listen traskribiert. Insgesamt 16.814 Sterbeurkunden aus den Jahren 1901-1938 sind in dieser Weise schnell zug\u00e4nglich gemacht. Jede Liste enth\u00e4lt: Jahr und Nr. der Sterbeurkunde, Familienname, Vornamen, Alter und Sterbedatum.<\/p>\n\n\n\n<figure class=\"wp-block-image size-full\"><img loading=\"lazy\" decoding=\"async\" width=\"230\" height=\"311\" src=\"https:\/\/familienforschung-tecklenburger-land.de\/wp-content\/uploads\/2023\/04\/Westerkappeln-2012_20.jpg\" alt=\"\" class=\"wp-image-1914\" srcset=\"https:\/\/familienforschung-tecklenburger-land.de\/wp-content\/uploads\/2023\/04\/Westerkappeln-2012_20.jpg 230w, https:\/\/familienforschung-tecklenburger-land.de\/wp-content\/uploads\/2023\/04\/Westerkappeln-2012_20-222x300.jpg 222w\" sizes=\"auto, (max-width: 230px) 100vw, 230px\" \/><\/figure>\n\n\n\n<p><\/p>\n\n\n\n<figure class=\"wp-block-image size-full\"><img loading=\"lazy\" decoding=\"async\" width=\"230\" height=\"162\" src=\"https:\/\/familienforschung-tecklenburger-land.de\/wp-content\/uploads\/2023\/04\/Westerkappeln-2012_18.jpg\" alt=\"\" class=\"wp-image-1915\"\/><\/figure>\n<\/div>\n<\/div>\n\n\n\n<h2 class=\"wp-block-heading\" id=\"Westerkappeln-Quellen\">Genealogische Quellen<\/h2>\n\n\n\n<div class=\"wp-block-columns is-layout-flex wp-container-core-columns-is-layout-9d6595d7 wp-block-columns-is-layout-flex\">\n<div class=\"wp-block-column is-layout-flow wp-block-column-is-layout-flow\" style=\"flex-basis:25%\">\n<h3 class=\"wp-block-heading\">Batchnummern der Mormonen (ev.)<\/h3>\n\n\n\n<p class=\"has-small-font-size\">ev. H 1672-1703 <a href=\"https:\/\/familysearch.org\/search\/records\/index#count=20&amp;query=%2Bbatch_number%3AM970411\">970411<\/a><br>ev. T 1672-1749 <a href=\"https:\/\/familysearch.org\/search\/records\/index#count=20&amp;query=%2Bbatch_number%3AC970411\">970411<br><\/a> ev. T 1750-1809 <a href=\"https:\/\/familysearch.org\/search\/records\/index#count=20&amp;query=%2Bbatch_number%3AJ970412\">970412<br><\/a> ev. T 1750-1809 <a href=\"https:\/\/familysearch.org\/search\/records\/index#count=20&amp;query=%2Bbatch_number%3AK970412\">970412<br><\/a> ev. H 1750-1809 <a href=\"https:\/\/familysearch.org\/search\/records\/index#count=20&amp;query=%2Bbatch_number%3AM970412\">970412<br><\/a> ev. T 1810-1818 <a href=\"https:\/\/familysearch.org\/search\/records\/index#count=20&amp;query=%2Bbatch_number%3AJ970413\">970413<br><\/a> ev. T 1810-1818 <a href=\"https:\/\/familysearch.org\/search\/records\/index#count=20&amp;query=%2Bbatch_number%3AK970413\">970413<br><\/a> ev. H 1810-1818 <a href=\"https:\/\/familysearch.org\/search\/records\/index#count=20&amp;query=%2Bbatch_number%3AM970413\">970413<br><\/a> ev. T 1847-1871 <a href=\"https:\/\/familysearch.org\/search\/records\/index#count=20&amp;query=%2Bbatch_number%3AC970416\">970416<br><\/a> ev. T 1758-1800 <a href=\"https:\/\/familysearch.org\/search\/records\/index#count=20&amp;query=%2Bbatch_number%3AC970419\">970419<\/a><br>ev. H 1819-1854 <a href=\"https:\/\/familysearch.org\/search\/records\/index#count=20&amp;query=%2Bbatch_number%3AM970418\">970418<\/a><\/p>\n\n\n\n<p class=\"has-small-font-size\"><a href=\"https:\/\/familysearch.org\/search\/record\/results#count=20&amp;query=%2Bbatch_number%3AC970417\">ev. T 1872 \u2013 1885<\/a><\/p>\n\n\n\n<p class=\"has-small-font-size\"><a href=\"https:\/\/familysearch.org\/search\/record\/results#count=20&amp;query=%2Bbatch_number%3AC008100%20%2Bbirth_place%3AWesterkappeln~\">T 1839 \u2013 1846<\/a><\/p>\n\n\n\n<p class=\"has-small-font-size\"><a href=\"https:\/\/familysearch.org\/search\/record\/results#count=20&amp;query=%2Bbatch_number%3AC970415%20%2Bbirth_place%3AWesterkappeln~\">T 1827 \u2013 1839<\/a><\/p>\n\n\n\n<h3 class=\"wp-block-heading\">Findbuch Personenstandsarchiv Detmold<\/h3>\n\n\n\n<p class=\"has-small-font-size\"><a href=\"http:\/\/www.archive.nrw.de\/LAV_NRW\/jsp\/findbuch.jsp?archivNr=409&amp;id=0802&amp;tektId=1312\">P 9 \/ 15 Westerkappeln:<\/a> Der Bestand P 9 des Personenstandsarchivs Detmold umfasst die standesamtlichen Nebenregister des Regierungsbezirks M\u00fcnster f\u00fcr die Zeit vom 01.10.1874 bis 30.06.1938.<\/p>\n\n\n\n<h3 class=\"wp-block-heading\">Preu\u00dfische Verlustliste 1866<\/h3>\n\n\n\n<p class=\"has-small-font-size\">Ausz\u00fcge aus der <a href=\"http:\/\/wiki-de.genealogy.net\/Preu%C3%9Fische_Verlustliste_1866\">Preu\u00dfischen Verlustliste von 1866<\/a> f\u00fcr die Regionen Westfalen, Niederrhein, Ruhrgebiet, Sauerland.<br>Transkribiert von Dirk Fuisting.<br><a href=\"http:\/\/www.bibliotekacyfrowa.eu\/dlibra\/docmetadata?id=16279\">Hier<\/a> findet man Digitalisate der originalen Liste (rechts auf &#8222;Show publication content&#8220; klicken)<\/p>\n<\/div>\n\n\n\n<div class=\"wp-block-column is-layout-flow wp-block-column-is-layout-flow\" style=\"flex-basis:50%\">\n<h3 class=\"wp-block-heading\">Evangelische Kirchenb\u00fccher<\/h3>\n\n\n\n<p class=\"has-small-font-size\">Die Kirchenb\u00fccher finden Sie auf Mikrofiche im Kreiskirchenamt Tecklenburg in Lengerich (Benutzung nur nach Voranmeldung m\u00f6glich) sowie beim <a href=\"http:\/\/www.ekvw.de\/\">Landeskirchenamt in Bielefeld<\/a>, auch hier empfiehlt sich eine Voranmeldung.<\/p>\n\n\n\n<p class=\"has-small-font-size\"><strong>Taufen: 1672 &#8211; ca. 1873<\/strong><br><strong>Heiraten: <\/strong><strong>1672 <\/strong><strong>&#8211; ca. 1873<\/strong><br><strong>Beerdigungen: <\/strong><strong>1672 <\/strong><strong>&#8211; ca. 1873<\/strong><\/p>\n\n\n\n<h3 class=\"wp-block-heading\">Landesarchiv NRW Abteilung Westfalen:<\/h3>\n\n\n\n<p class=\"has-small-font-size\">1575: Eintragungen zu Schatzpflichtigen in Cappeln, Wersen, Lotte, Schale, Leeden, Ledde, Ladbergen, Lengerich, Lienen, Rheda (Nordrheda, Emsbauerschaft), Clarholtz, Herzebrock, Lette und Neunkirchen; Besteuerung anch Viehbesitz, Knechten und M\u00e4gden.,<br>Bestellsignatur: A 196 II Grafschaft Tecklenburg, Landst\u00e4nde (Ritterschaft) &#8211; Akten Nr. 14<br><br>1580: Eintragungen zu Schatzpflichtigen in Lengerich, Leeden, Cappeln, Schale, Wersen, Lotte, Ledde, Ladbergen, Lienen.Darin:Auszug aus der Rechnung von Rentmeister Johann Gildemeister f\u00fcr 1584\/85 sowie weitere Rechnungsfragmente (1580-1627).,<br>Bestellsignatur: A 196 II Grafschaft Tecklenburg, Landst\u00e4nde (Ritterschaft) &#8211; Akten Nr. 15<br><br>1643: Verzeichnisse des Viehs nach Einwohnern in den Kirchspielen Lotte, Wersen, Leeden, Lienen, Ladbergen, Lengerich, Cappeln.<br>Bestellsignatur: A 196 II Grafschaft Tecklenburg, Landst\u00e4nde (Ritterschaft) &#8211; Akten Nr. 16<br><br>1773: Teilung der Gemeinheiten im Kirchspiel Cappeln.<br>Bestellsignatur: Kriegs- und Dom\u00e4nenkammer M\u00fcnster, Nr. 14 Nr. 10 &amp; 11<\/p>\n\n\n\n<h3 class=\"wp-block-heading\">Staatsarchiv Osnabr\u00fcck:<\/h3>\n\n\n\n<p class=\"has-small-font-size\">Rep 335 Nr. 10593 &#8211; Abfohlungslisten der Kreise Osnabr\u00fcck, Melle und Bersenbr\u00fcck. Listen der Besch\u00e4lstationen S\u00fcdholz, Westerkappeln und Sennlich (1869)<\/p>\n\n\n\n<h3 class=\"wp-block-heading\">Landesarchiv NRW Abteilung Rheinland Standort D\u00fcsseldorf:<\/h3>\n\n\n\n<p class=\"has-small-font-size\">1929: Berichte aus Ibbenb\u00fcren, Lienen, Lotte, Tecklenburg, Westercappeln, Lengerich \u00fcber die Besatzungszeit.<br>Bestellsignatur: 470.03.00 Sammlung Melcher, RW 0009 Nr. 67<\/p>\n<\/div>\n\n\n\n<div class=\"wp-block-column is-layout-flow wp-block-column-is-layout-flow\" style=\"flex-basis:25%\">\n<h3 class=\"wp-block-heading\">Archive:<\/h3>\n\n\n\n<p class=\"has-small-font-size\"><a href=\"http:\/\/www.archive.nrw.de\">Bistumsarchiv M\u00fcnster<\/a><br>Georgskommende 19, 48143 M\u00fcnster<br>Telefon: 0251\/495-518<br><a href=\"mailto:bistumsarchiv@bistum-muenster.de\">E-Mail<\/a><br><br><strong>Hunsche-Archiv<\/strong><br>Brochterbecker Str. 60, 49525 Lengerich<br>F\u00f6rderverein Talaue s\u00fcdl. Tecklenburger Land<br>Tel.: 05482-1680<br><a href=\"mailto:foerderverein.talaue@osnanet.de\">E-Mail<\/a><br><br><a href=\"http:\/\/www.kreis-steinfurt.de\">Kreisarchiv Steinfurt<\/a><br>Tecklenburger Str. 10<br>48565 Steinfurt<br>Tel. 02551-692086<br><br><a href=\"http:\/\/www.der-kirchenkreis.de\">Kirchenkreis Steinfurt-Coesfeld-Borken<\/a><br>Bohlenstiege 34, 48565 Steinfurt<br>Tel.: 02551-1440 \/ <a href=\"mailto:info@das-kirchenportal.de\">E-Mail<\/a><br><br><strong>Kreisdekanat Steinfurt<\/strong><br>Europaring 1, 48565 Steinfurt<br>Tel.: 02551-1420 \/ <a href=\"mailto:kd-steinfurt@bistum-muenster.de\">E-Mail<\/a><br><br><strong><a href=\"http:\/\/www.archive.nrw.de\">Landesarchiv NRW<\/a><\/strong><br><strong>Abteilung Westfalen<\/strong><br>Bohlweg 2, 48147 M\u00fcnster<br>Telefon: 0521-48850, <a href=\"mailto:westfalen@lav.nrw.de\">E-Mail<\/a><br>\u00d6ffnungszeiten:<br>Mo &#8211; Mi, Fr. 8.30 &#8211; 16 Uhr<br>Do 8.30 &#8211; 18 Uhr<br>Aushebungen um 9, 11.30 und 14 Uhr<br><br><a href=\"http:\/\/www.archive.nrw.de\">LAV Staats- und Personenstandsarchiv Detmold<\/a><br>und Landesarchiv Nordrhein-Westfalen Abteilung Ostwestfalen-Lippe<br>Willi-Hofmann-Stra\u00dfe 2, 32756 Detmold \/ <a href=\"mailto:owl@lav.nrw.de\">E-Mail<\/a><br>Tel.: 05231\/7660<br>\u00d6ffnungszeiten:<br>Mo: 8 &#8211; 19 Uhr, Di &#8211; Do: 8 &#8211; 16 Uhr<br>Fr: 8 &#8211; 13 Uhr<br>Aushebungen: Mo &#8211; Do: 9, 10, 11, 12, 13:30, 14:30 Uhr<br>Fr: 9, 10, 11:30 Uhr<br><br><strong>Landeskirchliches Archiv der Evangelischen Kirche von Westfalen<\/strong><br>Bethelplatz 2, 33617 Bielefeld<br>Telefon: 0521 594-164 \/ <a href=\"mailto:Archiv@LkA.EKvW.de\">E-Mail<\/a><br><br><strong>Vereinigte Westf\u00e4lische Adelsarchive e.V.<\/strong><br><strong><a href=\"http:\/\/www.lwl-archivamt.de\">LWL-Archivamt f\u00fcr Westfalen<\/a><\/strong><br>Jahnstr. 26, 48147 M\u00fcnster<br>Tel.: 0251-5913890 \/ <a href=\"mailto:adelsarchive@lwl.org\">E-Mail<\/a><br>\u00d6ffnungszeiten:<br>Mo &#8211; Fr: 8.30 &#8211; 18 Uhr<\/p>\n\n\n\n<p class=\"has-small-font-size\"><a href=\"http:\/\/www.westerkappeln.de\"><strong>Gemeindearchiv Westerkappeln<\/strong><\/a> &#8211; Rathaus, Gro\u00dfe Stra\u00dfe 13, Tel.: 05404\/8870<\/p>\n\n\n\n<p class=\"has-small-font-size\">Best\u00e4nde: ca. 25,5 m, darin Steuerregister ab 1769, Chronik ab 1796, Zeitungsberichte und Protokollb\u00fccher ab 1878. Zeitungen ab 1970<\/p>\n<\/div>\n<\/div>\n\n\n\n<h2 class=\"wp-block-heading\" id=\"Westerkappeln-Fundstuecke\">Fundst\u00fccke<\/h2>\n\n\n\n<div class=\"wp-block-columns is-layout-flex wp-container-core-columns-is-layout-9d6595d7 wp-block-columns-is-layout-flex\">\n<div class=\"wp-block-column is-layout-flow wp-block-column-is-layout-flow\" style=\"flex-basis:25%\">\n<h3 class=\"wp-block-heading\">Hauptstaatsarchiv Hannover:<\/h3>\n\n\n\n<p class=\"has-small-font-size\">Hann. 86 Celle Acc. 142\/90 (Karteikarte) Nr. 43\/78 &#8211; Gefangenenkarteikarte f\u00fcr <strong>Tespe oder Teepe, Wilhelm, geb. 31.07.1917 in Westerkappeln<\/strong> (1943)<\/p>\n\n\n\n<figure class=\"wp-block-image size-full\"><img loading=\"lazy\" decoding=\"async\" width=\"230\" height=\"164\" src=\"https:\/\/familienforschung-tecklenburger-land.de\/wp-content\/uploads\/2023\/04\/Westerkappeln-2012_15.jpg\" alt=\"\" class=\"wp-image-1919\"\/><\/figure>\n\n\n\n<h3 class=\"wp-block-heading\">Staatsarchiv Oldenburg:<\/h3>\n\n\n\n<p class=\"has-small-font-size\">StA OL, Best. 262-1 A Nr. 1799 &#8211; Streitigkeiten und andere Vorf\u00e4lle auf den Pferde- und Viehm\u00e4rkten. Enth\u00e4lt u.a.: Hinweise auf j\u00fcd. Viehh\u00e4ndler, darunter <strong>Philip Lewi aus Westerkappeln<\/strong> (Grfs. Tecklenburg), 1786 (Fasz. 16)<br><br>StA OS, Dep. 3 b IV Nr. 2159 &#8211; Steuerkraft der Juden der Synagogengemeinde Osnabr\u00fcck-Ostercappeln, Bd. 1. Enth\u00e4lt u.a.: Widerspruch des Kaufmanns <strong>Samson David (Westerkappeln)<\/strong> gegen seine Heranziehung zur Synagogensteuer in Osnabr\u00fcck, 1874-1875 (Bl. 82-92)<br><br>StA OS, Dep. 58 b Nr. 359 &#8211; Zeugnisse des Ratsgymnasiums Osnabr\u00fcck f\u00fcr den einj\u00e4hrig-freiwilligen Milit\u00e4rdienst. Enth\u00e4lt u.a.: Zeugnisse (mit Angabe des Berufs des Vaters) f\u00fcr die j\u00fcd. Sch\u00fcler <strong>Siegmund Samson David aus Westerkappeln<\/strong> (1904)<br><br>StA OS, Rep. 100\/189 B Nr. 11 &#8211; Verordnung wegen Beschr\u00e4nkung der karrenf\u00fchrenden Kr\u00e4mer und Packentr\u00e4ger, imgleichen Hausierhandel der Juden. Enth\u00e4lt u.a.: Bittschrift des Juden <strong>Levi Baruch aus Westerkappeln <\/strong>um Erlaubnis zum Aufenthalt in der Stadt Osnabr\u00fcck nebst Berichten, 1803 (Bl. 433-437)<br><br>StA OS, Rep. 350 Bers Nr. 989 &#8211; Restantenliste des Kreises Bersenbr\u00fcck f\u00fcr 1871. Enth\u00e4lt u.a.: Angaben zur Familie, zum Beruf und zum Musterungsergebnis des j\u00fcd. Milit\u00e4rpflichtigen <strong>Levi David aus Westerkappeln<\/strong><br><br>StA OS, Rep. 450 Wit Nr. 280 &#8211; Polizeiliches Meldewesen im Kreis Wittlage. Spezialia. Enth\u00e4lt u.a.: Anfrage des Finanzamtes Gelsenkirchen-S\u00fcd vom 29.6.1938 betr. den Aufenthalt der in Bremen geborenen J\u00fcdin Grete L\u00f6wenstein bei ihrer Tante Frau Stern in Bohmte mit Vermerk des Landrats zum Aufenthalt der L. auf dem <strong>Hof Stern in Westerkappeln<\/strong><br><br>StA OS, Rep. 900 Nr. 480 &#8211; Verfahren: <strong>Levi Baruch, Schutzjude zu Westerkappeln<\/strong> in der Grafschaft Tecklenburg, und Salmon Samuel aus Arolsen (Kl.) wider Jude Elias Friedlander zu Osen (b. Herford) und Joseph Zadick aus Pommern (f\u00fcr Gebr\u00fcder Zadick), Handelskompagnons (Bekl.) (1795)<\/p>\n\n\n\n<figure class=\"wp-block-image size-full\"><img loading=\"lazy\" decoding=\"async\" width=\"230\" height=\"153\" src=\"https:\/\/familienforschung-tecklenburger-land.de\/wp-content\/uploads\/2023\/04\/Westerkappeln-2012_16.jpg\" alt=\"\" class=\"wp-image-1920\"\/><\/figure>\n\n\n\n<p><\/p>\n\n\n\n<figure class=\"wp-block-image size-full\"><img loading=\"lazy\" decoding=\"async\" width=\"230\" height=\"214\" src=\"https:\/\/familienforschung-tecklenburger-land.de\/wp-content\/uploads\/2023\/04\/Westerkappeln-2012_12.jpg\" alt=\"\" class=\"wp-image-1921\"\/><\/figure>\n<\/div>\n\n\n\n<div class=\"wp-block-column is-layout-flow wp-block-column-is-layout-flow\" style=\"flex-basis:50%\">\n<h3 class=\"wp-block-heading\">Deserteure im Jahr 1851<\/h3>\n\n\n\n<p class=\"has-small-font-size\">Gefunden im <a href=\"http:\/\/sammlungen.ulb.uni-muenster.de\/hd\/periodical\/pageview\/1129225\">Amtsblatt f\u00fcr den Regierungsbezirk M\u00fcnster<\/a> (Seite 76 ff.)<\/p>\n\n\n\n<figure class=\"wp-block-image size-large has-lightbox\"><img loading=\"lazy\" decoding=\"async\" width=\"421\" height=\"1024\" src=\"https:\/\/familienforschung-tecklenburger-land.de\/wp-content\/uploads\/2023\/04\/Deserteure-1851-Westerkappeln-421x1024.jpg\" alt=\"\" class=\"wp-image-1918\" srcset=\"https:\/\/familienforschung-tecklenburger-land.de\/wp-content\/uploads\/2023\/04\/Deserteure-1851-Westerkappeln-421x1024.jpg 421w, https:\/\/familienforschung-tecklenburger-land.de\/wp-content\/uploads\/2023\/04\/Deserteure-1851-Westerkappeln-123x300.jpg 123w, https:\/\/familienforschung-tecklenburger-land.de\/wp-content\/uploads\/2023\/04\/Deserteure-1851-Westerkappeln.jpg 480w\" sizes=\"auto, (max-width: 421px) 100vw, 421px\" \/><\/figure>\n\n\n\n<h3 class=\"wp-block-heading\">Landesarchiv NRW Abteilung Westfalen:<\/h3>\n\n\n\n<p class=\"has-small-font-size\">Dr. jur. Henrich Holtermann, Richter zu Tecklenburg, bezeugt, da\u00df Elisabeth Cappels, Ehefrau des Wilhelm Harde, u. ihr Sohn Alhard dem Osnabr\u00fccker Gildemeister Wilhelm von Lengerke eine Rente von 12 Rthlr. aus dem <strong>Lagemanserbe, Ksp. Westerkappeln, Bsch. Hamb\u00fcren<\/strong>, [gegenw\u00e4rtiger Besitzer: <strong>Henrich Lageman<\/strong>] f\u00fcr 200 Rthlr. verkauft haben. <em>Bestellsignatur: Verein f\u00fcr Geschichte und Altertumskunde Westfalens, Abteilung M\u00fcnster (Dep.) &#8211; Urkunden, Nr. 1200<\/em><br><br>1465: Cord Scherer, Richter des Grafen Claes zu Tekenneburg, urkundet \u00fcber den Verkauf des <strong>Gutes Logemans Haus <\/strong>in der Bauerschaft <strong>Honburen (Hamb\u00fcren)<\/strong>, Kirchspiel Westerkappeln von Sweder de Harde, Knappe, an Bertold de Harde, Knappe, seinem Vetter, f\u00fcr 68 rheinische Goldgulden. <em>Bestellsignatur: Verein f\u00fcr Geschichte und Altertumskunde Westfalens, Abteilung M\u00fcnster (Dep.) &#8211; Urkunden, Nr. 303<\/em><br><br>1636: Wilhelm Landgraf zu Hessen an Alexander von Velen, Enth\u00e4lt: u.a. <strong>Bitte um die Gefangenen bei Westerkappeln,<\/strong> Mai 1636. <em>Bestellsignatur: Gesamtarchiv von Landsberg-Velen (Dep.) &#8211; Akten, Nr. 33850<\/em><br><br>1779: Georg III., K\u00f6nig von Gro\u00dfbritannien etc., belehnt Anna von Spaen zu Hardenstein mit &#8230;, <strong>D\u00f6rings Erbe und Johanns Haus zum Tackenberg Ksp. Westerkappeln<\/strong>, mit dem Zehnten zu Handorf \u00fcber Hillmanns Haus, \u00fcber das Fossen-Haus, Gevegels oder Nagels Haus im Dorf und Ksp. Lengerich Bsch. Handorf, mit Brinkmanns Erbe zu Haien Ksp. Weesen. <em>Bestellsignatur: Familie von Ledebur (z. T. Dep.) &#8211; Urkunden, Nr. 352<\/em><br><br>1921: T\u00f6dlicher <strong>Unfall auf der P\u00e4chtergrube Ernst in Westerkappeln<\/strong> am 25.04.1921.<em> Bestellsignatur: Oberbergamt Dortmund, Nr. 5689<\/em><br><br>ca. 1612: Kl\u00e4ger: Erben der Anna Quadt, Witwe des Wilhelm von Neuhof, &#8230;<br>Beklagter: Erben des<strong> Heinrich L\u00fcninck, n\u00e4mlich &#8230; Bertram (zu Westerkappeln,<\/strong> Grafschaft Tecklenburg), Bernhard (Westerkappeln, Grafschaft Tecklenburg). Streitgegenstand: Erb\u2013 und Besitzrecht. <em>Bestellsignatur: 115.05.07 Reichskammergericht, Teil VII: P-R, Nr. 4489, Aktenzeichen : Q 24\/35<\/em><br><br>Hermann von Diepenbrock, Erbgesessen zu Buldern und Mark, verkauft der Ehefrau Albrechts von dem Bussche, Heilewig, eine j\u00e4hrlich auf dem Hause Ippenburg zahlbare Geldrente aus dem Meierhofe zu Holte, Kirchspiel Osterkappeln, sowie aus dem Meierhofe zu Osterbeche und aus <strong>Neuhauses-Erbe<\/strong> zu Soest [Seist] in der Grafschaft Tecklenburg, Kirchspiel <strong>Westerkappeln<\/strong>. <em>Bestellsignatur: Gesamtarchiv von Romberg, Haus Buldern &#8211; Urkunden, Nr. 582<\/em><br><br>[Johann], Postulierter des Stifts Osnabr\u00fcck, belehnt Jaen Ledebur, Sohn des Ledebur zu Langenbr\u00fcck, [&#8230;] -Erbe und Johans Haus zu Tecklenburg, mit [&#8230;] Ksp. <strong>Westerkappeln<\/strong>, mit dem Zehnt zu Handorf, mit [&#8230;] \u00fcber [&#8230;] mans Haus, des <strong>Fossen Haus, Gevogels Haus<\/strong> im Dorf und Ksp. [&#8230;] Bsch. <strong>Handorf<\/strong>, alles im Stift Osnabr\u00fcck gelegen.1561 montags nach Franciscus.<em> Bestellsignatur: Familie von Ledebur (z. T. Dep.) &#8211; Urkunden, Nr. 64<\/em><br><br>1907: Enteignung von Grundst\u00fccken des Landwirts <strong>Hermann Wahlbrink aus Metten bei Westerkappeln<\/strong> zu Betriebszwecken des Erzbergwerks Hector. <em>Bestellsignatur: Oberbergamt Dortmund, Nr. 6465<\/em><br><br>Heinrich, postulierter Erzbischof zu Bremen etc., belehnt Gerdt Ledebur d. J. mit &#8230;, mit <strong>Dorings Erbe und Johans Haus zu Tecklenburg Ksp. Westerkappeln,<\/strong> mit dem Zehnt zu Handorf \u00fcber <strong>Hillemans <\/strong>Haus, \u00fcber das <strong>Fossenhaus<\/strong>, <strong>Gevogels <\/strong>Haus im Dorf und Ksp. Lengerich Bsch. Handorf, mit Brinckmans Erbe zu Halen Ksp. Wersen, die zuvor der Vater Jaen Ledebur inne gehabt hat. <em>Bestellsignatur: Familie von Ledebur (z. T. Dep.) &#8211; Urkunden, Nr. 94<\/em><br><br>1644: Maria Alberts, Ehefrau des Heinr. v. Asbeck, Olfen, Bekl. gegen &#8230; 5. <strong>Gertrud Stalforth, Wwe. des Cord Schr\u00f6der, Westerkappeln<\/strong>; &#8230;, M\u00fcnster, Kl.Streit um den Nachla\u00df der Agnes v. d. Ruhr, Wwe. des Bernh. Mersmann, M\u00fcnster.1. Bgm. und Rat zu M\u00fcnster 1639 (1637)2. RKG 1644. Enth\u00e4lt: Zeugenverh\u00f6r. <em>Bestellsignatur: Reichskammergericht, Nr. A 231<\/em><br><br>1622: Heinr. Korff zu Harkotten, Kl. gegen Gebr\u00fcder Gerh. Joh. und Adolf Kaspar Ledebur zu Langenbr\u00fcck, Bekl.Zahlung von 400 T., die die Eheleute Jobst Korff und Ursula v. Neheim 1576 und 1577 den Eheleuten Joh. Ledebur und Gertrud v. Leden verschrieben haben, bzw. Immission in die verpf\u00e4ndeten <strong>G\u00fcter Eismann und Wesselmann im Ksp. Westerkappeln, Bsch. Westerbeck<\/strong>. <em>Bestellsignatur: Reichskammergericht, Nr. K 900<\/em><br><br>1807: <strong>M\u00fcller A\u00dfmann zu Cappeln<\/strong> .\/. M\u00fcller Br\u00fcning und Heuermann Niemeyer zu Velpe, Grafschaft Tecklenburg. <em>Bestellsignatur: Kriegs- und Dom\u00e4nenkammer M\u00fcnster, Nr. 13 Nr. 10<\/em><br><br>1746: Obligation v. Schilder zu Sassenberg gegen\u00fcber <strong>Schade zu Cappeln<\/strong>.<em> Bestellsignatur: Haus K\u00fcchen (Dep.) &#8211; Akten, Nr. 120<\/em><br><br>1745: <strong>Kolonat Suthe,<\/strong> Kirchspiel Cappeln. Enth\u00e4lt : u.a.: Widerrechtlicher Verkauf von Ackerland 1745-1750; Auffahrtsbrief 1776. <em>Bestellsignatur: Stift Leeden &#8211; Akten, Nr. 104<\/em><br><br>1802: Vererbpachtung einiger Grundst\u00fccke von <strong>Twiehus, Bauerschaft Senlich, Kirchspiel Cappeln<\/strong>, an den Heuerling Schulte zu Meckelwege. <em>Bestellsignatur: Kriegs- und Dom\u00e4nenkammer M\u00fcnster, Nr. 21 Nr. 249<\/em><br><br>1802: Die Anlegung einer Neubauerei vom Heuerling <strong>Steffen Hackmann im Kirchspiel Cappeln.<\/strong> <em>Bestellsignatur: Kriegs- und Dom\u00e4nenkammer M\u00fcnster, Nr. 21 Nr. 75<\/em><br><br>1798: Austausch der Grundst\u00fccke zwischen dem <strong>Kolon Harte, Bsch. Hamb\u00fcren<\/strong> und dem <strong>Heuermann Simon oder Gausmann im Kirchspiel Cappeln<\/strong>, item Harte und Lagemann. <em>Bestellsignatur: Kriegs- und Dom\u00e4nenkammer M\u00fcnster, Nr. 21 Nr. 80&nbsp;<\/em><br><br>1782: Der Zustand und die Verheuerung der <strong>Rottwerths-St\u00e4tte zu Cappeln<\/strong>. <em>Bestellsignatur: Kriegs- und Dom\u00e4nenkammer M\u00fcnster, Nr. 21 Nr. 201<\/em><br><br>1799: Das <strong>Marcuswerthes-Kolonat im Kirchspiel Cappeln.<\/strong> <em>Bestellsignatur: Kriegs- und Dom\u00e4nenkammer M\u00fcnster, Nr. 21 Nr. 153<\/em><br><br>1802: Frhr. von Korff zu Harkotten und dessen Eigenbeh\u00f6riger <strong>Kleine L\u00fcdinghaus zu Sennlich, Ksp. Cappeln,<\/strong> .\/. Kolon Riemeyer zu Cappeln. <em>Bestellsignatur: Kriegs- und Dom\u00e4nenkammer M\u00fcnster, Nr. 14 Nr. 8<\/em><br><br>1480: Vor Hinrick Borger, Richter zu Quakenbr\u00fcck, verzichten<strong> Herman Brawe, <\/strong>Knappe, seine Frau Elseke und ihre Kinder Johan und Engel auf die Wohnung und das Dyckhus mit Zubeh\u00f6r in den Kirchspielen Cappeln und Emstek, das der Schwester der <strong>Elseke Hinrike<\/strong> bei der Heirat mit <strong>Alhard v. d. Bussche <\/strong>von ihrem Vater Johann von Elmendorf als Brautschatz \u00fcberlassen wurde. <em>Bestellsignatur: A 433b Haus Campe, Nr. 29<\/em><br><br>17. &#8211; 18. Jh.: Gesammelte Nachrichten \u00fcber den Adel der Familien<strong> v. Hane und v. L\u00fcninck <\/strong>(Ahnentafeln, Ausz\u00fcge aus dem Ritterbuch des Emsl\u00e4ndischen Landtags 1589-1697, Aufschw\u00f6rungen, Ehepakten, Stammtafeln, Grabsteine zu Cappeln. <em>Bestellsignatur: Sta.Ak &#8211; Archiv Stapel, Akten, Nr. 314<\/em><br><br>1691: Obligation des Grafen Johann Adolf v. Bentheim Tecklenburg und der Landst\u00e4nde der Grafschaft Tecklenburg bei Gr\u00e4fin Johanna Sophia v. Bentheim-Tecklenburg, mit Zessionsvermerk an <strong>Elisabeth v. Harde<\/strong> und durch <strong>Wilhelm Everwin v. Harde <\/strong>an Pastor <strong>Johann Adolph Saatkampf zu Cappeln<\/strong>. <em>Bestellsignatur: Verein f\u00fcr Geschichte und Altertumskunde Westfalens, Abteilung M\u00fcnster (Dep.) &#8211; Manuskripte, Nr. 388 Bd. 5<\/em><br><br>1808: Erteilung der Schuldkonsense f\u00fcr die <strong>Bauerschaft Senlich<\/strong>, Kirchspiel Cappeln, auf 750 Reichsthaler und f\u00fcr die Bauerschaft Dannebrock, Kirchspiel Ledde, auf 300 Reichsthaler behuf des Beitrags zur 2. extraordin\u00e4ren Kriegssteuer. <em>Bestellsignatur: Gro\u00dfherzogtum Berg, D 1 Nr. 295<\/em><\/p>\n<\/div>\n\n\n\n<div class=\"wp-block-column is-layout-flow wp-block-column-is-layout-flow\" style=\"flex-basis:25%\">\n<h3 class=\"wp-block-heading\">Staatsarchiv Osnabr\u00fcck:<\/h3>\n\n\n\n<p class=\"has-small-font-size\">Dep 48 b Nr. 185 &#8211; Eberhard Molan gegen von <strong>Wehrdum zu Westerkappeln<\/strong> wegen Kapitalschuld (1671)<\/p>\n\n\n\n<p class=\"has-small-font-size\">Erw A 7 Akz. 30\/84 Nr. 103 &#8211; Vollmachten, Proze\u00dfvollmachten: <strong>Kolon Goede, Westerkappeln <\/strong>1818<br><br>Rep 900 Nr. 480 &#8211; Jude <strong>Levi Baruch, Schutzjude zu Westerkappeln<\/strong> in der Grafschaft Tecklenburg und Salmon Samuel aus Arolsen (Kl.) (um 1800)<br><br>Rep 900 Nr. 178 &#8211; Stammtafel der <strong>von Langen in Westerkappeln<\/strong> und Ostercappeln (Q 15) (um 1700)<\/p>\n\n\n\n<figure class=\"wp-block-image size-full\"><img loading=\"lazy\" decoding=\"async\" width=\"230\" height=\"230\" src=\"https:\/\/familienforschung-tecklenburger-land.de\/wp-content\/uploads\/2023\/04\/Westerkappeln-2012_13.jpg\" alt=\"\" class=\"wp-image-1923\" srcset=\"https:\/\/familienforschung-tecklenburger-land.de\/wp-content\/uploads\/2023\/04\/Westerkappeln-2012_13.jpg 230w, https:\/\/familienforschung-tecklenburger-land.de\/wp-content\/uploads\/2023\/04\/Westerkappeln-2012_13-150x150.jpg 150w\" sizes=\"auto, (max-width: 230px) 100vw, 230px\" \/><\/figure>\n\n\n\n<h3 class=\"wp-block-heading\">Vereinigte Westf\u00e4lische Adelsarchive e.V.:<\/h3>\n\n\n\n<p class=\"has-small-font-size\">1670: Vor &#8220;Eberhardt Georg Nehem&#8220;, Richter des Bischofs von M\u00fcnster zu L\u00f6ningen, verkauft &#8220;Margareta Gertraudt Schrader&#8220; mit Beistand des Dr. jur. &#8220;Johan Christoph Modeman&#8220;, der ihr von dem aus zweiter Ehe erzeugten Sohn &#8220;Herman Gottfridt von Muntzebruch&#8220; gegeben wurde, dem &#8220;Frantz Wilhelm&#8220; Freiherrn &#8220;von Gahlen&#8220;, Herrn zu Enniger und Dinklage, Erbk\u00e4mmerer, das <strong>Erbe &#8220;Strotman&#8220; zu Mintewede im Kirchspiel Cappeln<\/strong> sowie<strong> &#8220;B\u00fcnekers&#8220; Kotten vor dem &#8220;Schwegerdam&#8220; <\/strong>im selben Kirchspiel samt allem Zubeh\u00f6r. &#8220;Strotman&#8220;, seine Frau und alle Kinder sind leibeigen. &#8220;B\u00fcneker&#8220;, seine Frau und Kinder sind leibeigen, an Pacht sind vom Kotten j\u00e4hrlich ein Rtl. zu zahlen sowie der Leibdienst zu leisten. <em>Bestellsignatur: Ass.Uk &#8211; Archiv Assen, Urkunden, Nr. 2414<\/em><br><br>1709: &#8220;Anna Catharina&#8220; Witwe &#8220;von Falck&#8220;, geb. Freiin &#8220;von Leutterssam&#8220;, Frau zur Welpe, befreit &#8220;<strong>Anneke<\/strong>&#8222;, <strong>Tochter des &#8220;L\u00fcdeke Meyer&#8220; &#8220;zu Elsten&#8220; im Kirchspiel Cappeln<\/strong> und seiner Frau &#8220;<strong>Liesebet<\/strong>&#8222;, von der Leibeigenschaft, da sich ihr Vater eigen gegeben hat und f\u00fcr eines seiner Kinder die Freiheit pr\u00e4tendiert hat. <em>Bestellsignatur: Ass.Uk &#8211; Archiv Assen, Urkunden, Nr. 2561<\/em><\/p>\n\n\n\n<figure class=\"wp-block-image size-full\"><img loading=\"lazy\" decoding=\"async\" width=\"230\" height=\"194\" src=\"https:\/\/familienforschung-tecklenburger-land.de\/wp-content\/uploads\/2023\/04\/Westerkappeln-2012_14.jpg\" alt=\"\" class=\"wp-image-1924\"\/><\/figure>\n\n\n\n<h3 class=\"wp-block-heading\">Stadtarchiv Greven:<\/h3>\n\n\n\n<p class=\"has-small-font-size\">Verweigerung von P\u00e4ssen f\u00fcr Milit\u00e4rpflichtige: u.a. <strong>Alberti, Ferdinand<\/strong> (* 14. 1. 1858) <strong>in Westerkappeln<\/strong>, \u00dcbersendung der Entlassungsurkunde durch den Landrath M\u00fcnster v. 15. 6. 1872 zur Auswanderung nach Holland. <em>Bestellsignatur: StaG A Stadtarchiv Greven, Bestand A , Amt Greven und Vorl\u00e4ufer bis 1932, Nr. 1582<\/em><\/p>\n\n\n\n<h3 class=\"wp-block-heading\">3. westf\u00e4lisch-ostfriesisches Landwehr-Infanterie-Regiment<\/h3>\n\n\n\n<p class=\"has-small-font-size\">In: &#8222;Die Ostfriesen im deutschen Befreiungskriege: Geschichte des ehemaligen dritten Westph\u00e4lisch-Ostfriesischen Landwehr-Infanterie-Regiments, der freiwilligen J\u00e4ger, der Cavallerie&#8230;. seit ihrer Entstehung bis zur Aufl\u00f6sung in den Kriegsjahren 1813, 1814 und 1815&#8220; von G. A. von Garrelts, Verlag W. Bock, 1856<br>finden sich folgende Namen:<\/p>\n\n\n\n<p class=\"has-small-font-size\">Namentliche Nachweisung der freiwilligen J\u00e4ger f\u00fcr die Jahre 1814 und 1815:<\/p>\n\n\n\n<p class=\"has-small-font-size\">Hr. <strong>ELSTROT <\/strong>aus Cappeln<br>Joh. <strong>HACKMANN <\/strong>aus Cappeln<br>Ernst <strong>SCHL\u00dcTER <\/strong>aus Cappeln<br>Heinr. <strong>WESTERMANN <\/strong>aus Cappeln<br>Heinr. <strong>WILLIGMANN <\/strong>aus Cappeln<br>Joh. <strong>WOLF <\/strong>aus Cappeln<br>Fr. <strong>WOLF <\/strong>aus Cappeln<\/p>\n<\/div>\n<\/div>\n\n\n\n<h2 class=\"wp-block-heading\" id=\"Westerkappeln-Auswanderer\">Auswanderer<\/h2>\n\n\n\n<div class=\"wp-block-columns is-layout-flex wp-container-core-columns-is-layout-9d6595d7 wp-block-columns-is-layout-flex\">\n<div class=\"wp-block-column is-layout-flow wp-block-column-is-layout-flow\" style=\"flex-basis:25%\">\n<h3 class=\"wp-block-heading\">Friedrich Schnarre<\/h3>\n\n\n\n<p class=\"has-small-font-size\">Der Heuerlingssohn aus Westerkappeln, <strong>Friedrich Schnarre,<\/strong> wanderte im Jahr 1854 aus, arbeitete ein Jahr lang in Cappeln und holte schlie\u00dflich mit dem verdienten Geld seine Eltern und sechs Geschwister nach. (&#8222;<strong>Von Heuerleuten und Farmern<\/strong>&#8220; von Kamphoefner, Marschalck, Nolte-Schuster; ISBN <a href=\"https:\/\/familienforschung-tecklenburger-land.de\/%3Ca%20href=\">978-3934005112<\/a>)<\/p>\n\n\n\n<p class=\"has-small-font-size\"><a href=\"http:\/\/heritage.freese.net\/Family\/Schnarre\/JonMa.htm\">Amerikanische genealogische Seite \u00fcber die Familie Schnarre<\/a><\/p>\n\n\n\n<h3 class=\"wp-block-heading\">Einige Weblinks:<\/h3>\n\n\n\n<p class=\"has-small-font-size\"><a href=\"http:\/\/www.ancestry.de\/\">ancestry.de:<\/a> Eine umfangreiche Seite f\u00fcr Ahnenforschung. Man kann sich (gegen Geb\u00fchr) registrieren und hat dann Zugriff auf viele interessante Datenbanken (Auswandererlisten, Passagierlisten, US-Volksz\u00e4hlungen, Telefonb\u00fccher, &#8230;)<\/p>\n\n\n\n<p class=\"has-small-font-size\"><a href=\"http:\/\/forum.transoceanic-emigration.net\/\">Forum \u00dcberseeische Auswanderung:<\/a> Ein sehr gut besuchtes Forum \u00fcber Auswanderer. Viele, viele Beitr\u00e4ge, eine wahre Fundgrube.<\/p>\n\n\n\n<p class=\"has-small-font-size\"><a href=\"http:\/\/www.ellisisland.org\/\">Ellis Island:<\/a> Informationsseite \u00fcber die Einwanderung in die U.S.A. ab dem Jahr 1892, in dem Ellis Island er\u00f6ffnet wurde. Man kann dort auch in einer Datenbank Daten suchen.<\/p>\n\n\n\n<p class=\"has-small-font-size\"><a href=\"http:\/\/www.castlegarden.org\/\">Castle Garden:<\/a> Datenbank mit Einwanderern in die U.S.A. 1820 &#8211; 1892. Hier kamen die Immigranten an, bevor es Ellis Island gab.<\/p>\n\n\n\n<p class=\"has-small-font-size\"><a href=\"http:\/\/www.theshipslist.com\/\">The Ships List:<\/a> eine riesige Menge \u00fcber Auswandererschiffe, Passagierlisten, Schiffe allgemein.<\/p>\n\n\n\n<p class=\"has-small-font-size\"><a href=\"http:\/\/home.att.net\/%7Ewee-monster\/\">German Roots, German Genealogy:<\/a> Eine amerikanische Seite \u00fcber deutsche Genealogie-Quellen. Sehr, sehr umfangreich.<\/p>\n\n\n\n<p class=\"has-small-font-size\"><a href=\"http:\/\/www.findagrave.com\/\">Find a grave:<\/a> Millionen Gr\u00e4ber mit ihren Daten online. Hier fand ich die komplette Lebensgeschichte einer Vorfahrin in den U.S.A. und ihrer Familie.<\/p>\n\n\n\n<p class=\"has-small-font-size\"><a href=\"http:\/\/usgenweb.org\/index.shtml\">USGen Web Project:<\/a> Eine riesige Link- und Infosammlung, unterteilt nach Bundessstaaten. Hier die Seite mit einer Einf\u00fchrung in di Ahnenforschung in den USA.<\/p>\n\n\n\n<p class=\"has-small-font-size\"><a href=\"http:\/\/www.census-online.us\/\">Census Online:<\/a> Datenbank mit Volksz\u00e4hlungsdaten aus den U.S.A.<\/p>\n\n\n\n<p class=\"has-small-font-size\"><a href=\"http:\/\/www.passagierlisten.de\/\">Bremer Passagierlisten:<\/a> Auf der Internetseite des Bremer Ahnenforschervereins &#8222;Die Maus&#8220;.<\/p>\n\n\n\n<p class=\"has-small-font-size\"><a href=\"http:\/\/werften.fischtown.de\/archiv\/auswanderung1.html\">Auswandererhafen Bremerhaven:<\/a> Ende des 19. Jahrhunderts hatten Bremen und Bremerhaven sich zum bedeutendsten europ\u00e4ischen Auswanderungshafen entwickelt.<\/p>\n\n\n\n<p class=\"has-small-font-size\"><a href=\"http:\/\/www.archive.nrw.de\/LandesarchivNRW\/abteilungWestfalen\/BilderKartenLogosDateien\/Auswanderer.pdf\">Genealogie im Staatsarchiv:<\/a> Quellen zu Auswanderern aus Westfalen (pdf)<\/p>\n\n\n\n<h3 class=\"wp-block-heading\">Deutsche in Brasilien:<\/h3>\n\n\n\n<p class=\"has-small-font-size\">Ein sch\u00f6ner zweisprachiger Film \u00fcber eine deutsche Familie, die nach Brasilien ausgewandert ist: <a href=\"https:\/\/www.youtube.com\/watch?v=3L-RKdy9vY0\">Glaube, Liebe, Hoffnung<\/a><\/p>\n<\/div>\n\n\n\n<div class=\"wp-block-column is-layout-flow wp-block-column-is-layout-flow\" style=\"flex-basis:50%\">\n<h3 class=\"wp-block-heading\">Westerkappelner in Quincy, Illinois (USA)<\/h3>\n\n\n\n<p class=\"has-small-font-size\">In: &#8222;Quincy, Illinois. Immigrants from M\u00fcnsterland Vol.II (M.K. Brinkmann, ISBN <a href=\"https:\/\/familienforschung-tecklenburger-land.de\/%3Ca%20href=\">9780788450471<\/a>). Zu jeder Person sind ausf\u00fchrliche Informationen \u00fcber den Werdegang enthalten.<\/p>\n\n\n\n<p class=\"has-small-font-size\">Friedrich Wilhelm FELDMANN, * 9.2.1820 (Eltern unbekannt)<\/p>\n\n\n\n<p class=\"has-small-font-size\">Catharina Christina HOLTMANN, * 12.3.1824 (Eltern unbekannt)<\/p>\n\n\n\n<p class=\"has-small-font-size\">Hermann Heinrich MERTEN, * 9.7.1823 (Eltern: Philip Arnold Merten und Cath. Margaret Br\u00fcggemeier)<\/p>\n\n\n\n<p class=\"has-small-font-size\">Johann Heinrich WALLENBR\u00dcCK, * 5.5.1830 (Eltern unbekannt)<\/p>\n\n\n\n<h3 class=\"wp-block-heading\">Westerkappelner in den Niederlanden<\/h3>\n\n\n\n<p class=\"has-small-font-size\"><strong>Wir bieten umfangreiche <a href=\"https:\/\/familienforschung-tecklenburger-land.de\/index.php?id=991\">Personenlisten zum Herunterladen<\/a> an:<\/strong><\/p>\n\n\n\n<p class=\"has-small-font-size\"><a href=\"https:\/\/familienforschung-tecklenburger-land.de\/index.php?id=991\"><strong>Personen, die in der VOC gedient haben<\/strong><\/a>; aus Westerkappeln z.B. Johan Berkmeijer, Gerad Stoel, Adolph Holman, Jurge Lubink, Jan Schreuder, Hendrik Borgman, Steven Jurriaansz, Willem Wilsman, &#8230;<\/p>\n\n\n\n<p class=\"has-small-font-size\"><a href=\"https:\/\/familienforschung-tecklenburger-land.de\/index.php?id=991\"><strong>Heiraten in den Niederlanden<\/strong><\/a>; mit Personen aus Westerkappeln z.B. Barlage, Hermann Heinrich; Barlage, Johann Henrich; B\u00fcnemann, Stephan Heinrich; Dieckmann, Karoline Emma; Eidermann, Hermann Heinrich; Feldmann, Jorgen Heinrich; Freese, Johann Heinrich; Gaas, Johan Frederik; Hackmann, J\u00f6rgen Heinrich; Hakman, Harm; Holtgrave, Johann Heinrich; Kopadt, Johann Heinrich; Kopadt, Stephan Heinrich; Kr\u00e4mer, Georg Wilhelm; Landwehr, Hermann Heinrich; Lange, Bernhard Georg; Meijer, Gerhard Wilhelm; &#8230;<\/p>\n\n\n\n<h3 class=\"wp-block-heading\">Schroer &amp; Freese<\/h3>\n\n\n<div class=\"wp-block-image\">\n<figure class=\"alignleft size-full has-lightbox\"><img loading=\"lazy\" decoding=\"async\" width=\"230\" height=\"140\" src=\"https:\/\/familienforschung-tecklenburger-land.de\/wp-content\/uploads\/2023\/04\/Auswanderer-Freese-Grab.jpg\" alt=\"\" class=\"wp-image-1926\"\/><figcaption class=\"wp-element-caption\">Grabstein auf dem St. Johns UCC Cemetery, Cappeln, MO<\/figcaption><\/figure>\n<\/div>\n\n\n<p class=\"has-text-align-left has-small-font-size\">Die Familien von <strong>Johann Heinrich Schroer<\/strong> und <strong>Steffen Heinrich Freese<\/strong> wanderten 1832 nach Missouri aus. Sie waren Handwerker ohne Land. Ein Jahr sp\u00e4ter folgten ihnen andere Westerkappelner Familien (&#8222;<strong>Von Heuerleuten und Farmern<\/strong>&#8220; von Kamphoefner, Marschalck, Nolte-Schuster; ISBN <a href=\"https:\/\/familienforschung-tecklenburger-land.de\/%3Ca%20href=\">978-3934005112<\/a>)<\/p>\n\n\n\n<h3 class=\"wp-block-heading\">Rudolph M\u00f6nster als Auswandereragent<\/h3>\n\n\n\n<p class=\"has-small-font-size\">In Westerkappeln war in den 1830er Jahren der Gastwirt <strong>Rudolph M\u00f6nster<\/strong> als Auswandereragent t\u00e4tig. (F. Hunsche, Auswanderungen aus dem Kreis Steinfurt, ISBN <a href=\"https:\/\/familienforschung-tecklenburger-land.de\/<a href=\">978-3926619020<\/a>, Staatsarchiv M\u00fcnster, Rep. Reg. M\u00fcnster, A I, B 201, 3, Nr. 181\/I)<\/p>\n\n\n\n<h3 class=\"wp-block-heading\">Auswanderer in verschiedenen Orten in den USA:<\/h3>\n\n\n\n<p class=\"has-small-font-size\"><strong>Gefunden in: Heimatjahrbuch Osnabr\u00fccker Land 1998, S. 266 ff.<\/strong><\/p>\n\n\n\n<p class=\"has-small-font-size\"><strong>Mees<\/strong> (White Creek, Bartholomew County)<br><strong>Sparenberg<\/strong> (Huntersville, Franklin County)<br><strong>Schroer<\/strong> (Dudleytown, Jackson County)<\/p>\n\n\n\n<h3 class=\"wp-block-heading\">Staatsarchiv Osnabr\u00fcck:<\/h3>\n\n\n\n<p class=\"has-small-font-size\">Rep 335 Nr. 771 &#8211; <strong>Salge, Johannes Gerd, Westerkappeln<\/strong>, Will sich dort verheiraten. Die Mutter ist wieder verheiratet mit dem Schuhmacher Hoffmann, Georg aus Westerkappeln<\/p>\n\n\n\n<p class=\"has-small-font-size\">Internetseite der <a href=\"http:\/\/heritage.freese.net\/family\/Capp\/capindex.htm\"><strong>St. John&#8217;s Church, Cappeln, MO<\/strong><\/a><\/p>\n\n\n\n<p class=\"has-small-font-size\">Hier gibt es genealogische Datenbanken zum Durchsuchen.<\/p>\n\n\n\n<h3 class=\"wp-block-heading\">Westerkappelner in Brasilien<\/h3>\n\n\n\n<p class=\"has-small-font-size\"><em><strong>Die brasilianische genealogische <a href=\"https:\/\/www.facebook.com\/groups\/308019863072084\/\">Organisation CAPEF<\/a>, die ihren Sitz bei Teutonia hat, hat bereits viele Daten \u00fcber deutsche Einwanderer zusammengetragen. Marco Kreimeier war so freundlich, uns Listen mit den Nachnamen zur Verf\u00fcgung zu stellen. Bei R\u00fcckfragen wird er sicher gern Auskunft geben.<\/strong><\/em><\/p>\n\n\n\n<p class=\"has-small-font-size\">Catahrine Guilhermine Cord verh. Howeler \u2013 Christine Elisabeth Richter verh. Hunsche \u2013 Cristine Elise Windm\u00f6ler verh. Bergesch \u2013 Cristine Lisette Edermann verh. Spellmeyer \u2013 Cristine Wilhelmine verh. Brune \u2013 Chrisisn Friedrich Drebes&nbsp; \u2013 Friederike Sophie Gausmann verh. Thiemann \u2013 Gehard Heinrich&nbsp; Cord \u2013 Hermann Wilsmann \u2013 Lisette Stagemeyer verh. Koste \u2013 Luise Katrine Driemeyer verh. Wahlbrinck \u2013 Wilhelm&nbsp; Koste &#8211;&nbsp; Heinnrich Wilsmann.<\/p>\n\n\n\n<h3 class=\"wp-block-heading\">Einige B\u00fccher:<\/h3>\n\n\n\n<p class=\"has-small-font-size\">Friedrich E. Hunsche: Auswanderungen aus dem Kreis Steinfurt. (Schriftenreihe des Kreises Steinfurt, Bd. 3), 1983<\/p>\n\n\n\n<p class=\"has-small-font-size\">Gert Schumann: Lengericher Auswanderer 1828 &#8211; 1867. Heft Lengerich (Westfalen), Juli 1974<\/p>\n\n\n\n<p class=\"has-small-font-size\">Becker, Klaus. Die Gr\u00fcndung und die ersten 30 Jahre von Teut\u00f4nia. In: I. Kolloquium der deutsch-brasilianischen Studien. Porto Alegre: UFRGS, 1974.<br><br>Hessel, Lothar. Die Stadt Estrela\/RS: Geschichte und Chronik. Porto Alegre: Martins Livreiro\/Editora da Universidade\/UFRGS, 1984.<br><br>Lang, Guido. Die Kolonie Teut\u00f4nia: Geschichte und Chronik (1858-1908). S\u00e3o Leopoldo: Sinodal, 1995.<br><br>Lang, Guido. Jacob Lang: Die Geschichte eines Einwanderers und Pioniers. S\u00e3o Leopoldo: Rotermund, 1992.<br><br>Sulzbach, Elena. Teut\u00f4nia: 15 Jahre lautet die Schlagzeile in den Zeitungen. Folha Popular (Sonderbeilage), 25\/05\/1996.<br><br>&#8222;Wir, die Teuto-Ga\u00fachos&#8220;, Seiten 15 bis 20, von der University Press (1996).<\/p>\n<\/div>\n\n\n\n<div class=\"wp-block-column is-layout-flow wp-block-column-is-layout-flow\" style=\"flex-basis:25%\">\n<h3 class=\"wp-block-heading\">Familie T\u00fcpker<\/h3>\n\n\n\n<p class=\"has-small-font-size\"><a href=\"http:\/\/heritage.freese.net\/Cemetery\/StCharles\/DoeblinTuepker\/index.htm\">Amerikanische Seite \u00fcber die Familie T\u00fcpker<\/a><\/p>\n\n\n\n<figure class=\"wp-block-image size-full\"><img loading=\"lazy\" decoding=\"async\" width=\"230\" height=\"101\" src=\"https:\/\/familienforschung-tecklenburger-land.de\/wp-content\/uploads\/2023\/04\/Auswanderer-ETuepker-Grab.jpg\" alt=\"\" class=\"wp-image-1928\"\/><\/figure>\n\n\n\n<p><\/p>\n\n\n\n<figure class=\"wp-block-image size-full\"><img loading=\"lazy\" decoding=\"async\" width=\"230\" height=\"99\" src=\"https:\/\/familienforschung-tecklenburger-land.de\/wp-content\/uploads\/2023\/04\/Auswanderer-WTuepker-Grab.jpg\" alt=\"\" class=\"wp-image-1929\"\/><\/figure>\n\n\n\n<h3 class=\"wp-block-heading\">Grabsteine auf dem St. Johns UCC Cemetery, Cappeln, MO<\/h3>\n\n\n\n<figure class=\"wp-block-image size-full\"><img loading=\"lazy\" decoding=\"async\" width=\"230\" height=\"148\" src=\"https:\/\/familienforschung-tecklenburger-land.de\/wp-content\/uploads\/2023\/04\/Auswanderer-Borgmann-Grab.jpg\" alt=\"\" class=\"wp-image-1930\"\/><\/figure>\n\n\n\n<p><\/p>\n\n\n\n<figure class=\"wp-block-image size-full\"><img loading=\"lazy\" decoding=\"async\" width=\"230\" height=\"233\" src=\"https:\/\/familienforschung-tecklenburger-land.de\/wp-content\/uploads\/2023\/04\/Auswanderer-Dieckmann-Grab.jpg\" alt=\"\" class=\"wp-image-1931\"\/><\/figure>\n\n\n\n<h3 class=\"wp-block-heading\">Grabstein auf dem Mt Zion Cemetery,&nbsp; O&#8217;Fallon, MO<\/h3>\n\n\n\n<figure class=\"wp-block-image size-full\"><img loading=\"lazy\" decoding=\"async\" width=\"230\" height=\"166\" src=\"https:\/\/familienforschung-tecklenburger-land.de\/wp-content\/uploads\/2023\/04\/Auswanderer-Mette-Grab.jpg\" alt=\"\" class=\"wp-image-1932\"\/><\/figure>\n\n\n\n<h3 class=\"wp-block-heading\">Grabstein auf dem City Cemetery in Augusta, MO<\/h3>\n\n\n\n<figure class=\"wp-block-image size-full\"><img loading=\"lazy\" decoding=\"async\" width=\"230\" height=\"188\" src=\"https:\/\/familienforschung-tecklenburger-land.de\/wp-content\/uploads\/2023\/04\/Auswanderer-Gaussmann-Grab.jpg\" alt=\"\" class=\"wp-image-1933\"\/><\/figure>\n\n\n\n<h3 class=\"wp-block-heading\">Pfarrer Gerdemann<\/h3>\n\n\n\n<p class=\"has-small-font-size\">Im Jahr 1845 gr\u00fcndete Heinrich Wilhelm Gerdemann das Dorf Cappeln in Missouri. (&#8222;<strong>Von Heuerleuten und Farmern<\/strong>&#8220; von Kamphoefner, Marschalck, Nolte-Schuster; ISBN <a href=\"https:\/\/familienforschung-tecklenburger-land.de\/%3Ca%20href=\">978-3934005112<\/a>)<\/p>\n\n\n\n<figure class=\"wp-block-image size-full\"><img loading=\"lazy\" decoding=\"async\" width=\"313\" height=\"498\" src=\"https:\/\/familienforschung-tecklenburger-land.de\/wp-content\/uploads\/2023\/04\/Brasilien-LANG-Buch-1.jpg\" alt=\"\" class=\"wp-image-1934\" srcset=\"https:\/\/familienforschung-tecklenburger-land.de\/wp-content\/uploads\/2023\/04\/Brasilien-LANG-Buch-1.jpg 313w, https:\/\/familienforschung-tecklenburger-land.de\/wp-content\/uploads\/2023\/04\/Brasilien-LANG-Buch-1-189x300.jpg 189w\" sizes=\"auto, (max-width: 313px) 100vw, 313px\" \/><\/figure>\n\n\n\n<p><\/p>\n\n\n\n<figure class=\"wp-block-image size-full\"><img loading=\"lazy\" decoding=\"async\" width=\"216\" height=\"340\" src=\"https:\/\/familienforschung-tecklenburger-land.de\/wp-content\/uploads\/2023\/04\/Brasilien-LANG-Buch-2.jpg\" alt=\"\" class=\"wp-image-1935\" srcset=\"https:\/\/familienforschung-tecklenburger-land.de\/wp-content\/uploads\/2023\/04\/Brasilien-LANG-Buch-2.jpg 216w, https:\/\/familienforschung-tecklenburger-land.de\/wp-content\/uploads\/2023\/04\/Brasilien-LANG-Buch-2-191x300.jpg 191w\" sizes=\"auto, (max-width: 216px) 100vw, 216px\" \/><\/figure>\n<\/div>\n<\/div>\n\n\n\n<h2 class=\"wp-block-heading\" id=\"Westerkappeln-Karten\">Karten und Pl\u00e4ne<\/h2>\n\n\n\n<div class=\"wp-block-columns is-layout-flex wp-container-core-columns-is-layout-9d6595d7 wp-block-columns-is-layout-flex\">\n<div class=\"wp-block-column is-layout-flow wp-block-column-is-layout-flow\" style=\"flex-basis:25%\">\n<figure class=\"wp-block-image size-full\"><img loading=\"lazy\" decoding=\"async\" width=\"230\" height=\"316\" src=\"https:\/\/familienforschung-tecklenburger-land.de\/wp-content\/uploads\/2023\/04\/Westerkappeln-Reklamemarke.jpg\" alt=\"\" class=\"wp-image-1938\" srcset=\"https:\/\/familienforschung-tecklenburger-land.de\/wp-content\/uploads\/2023\/04\/Westerkappeln-Reklamemarke.jpg 230w, https:\/\/familienforschung-tecklenburger-land.de\/wp-content\/uploads\/2023\/04\/Westerkappeln-Reklamemarke-218x300.jpg 218w\" sizes=\"auto, (max-width: 230px) 100vw, 230px\" \/><figcaption class=\"wp-element-caption\">Reklamemarke Westerkappeln<\/figcaption><\/figure>\n\n\n\n<h3 class=\"wp-block-heading\">Staatsarchiv Stade:<\/h3>\n\n\n\n<p class=\"has-small-font-size\">Karten Mappe 0099 &#8211; Me\u00dftischbl\u00e4tter M 1:25000, Westerkappeln \/ 1897<\/p>\n\n\n\n<figure class=\"wp-block-image size-full\"><img loading=\"lazy\" decoding=\"async\" width=\"230\" height=\"192\" src=\"https:\/\/familienforschung-tecklenburger-land.de\/wp-content\/uploads\/2023\/04\/Westerkappeln-2012_10.jpg\" alt=\"\" class=\"wp-image-1943\"\/><\/figure>\n<\/div>\n\n\n\n<div class=\"wp-block-column is-layout-flow wp-block-column-is-layout-flow\" style=\"flex-basis:50%\">\n<h3 class=\"wp-block-heading\">Flurkarte von 1827<\/h3>\n\n\n\n<figure class=\"wp-block-image size-full has-lightbox\"><img loading=\"lazy\" decoding=\"async\" width=\"800\" height=\"730\" src=\"https:\/\/familienforschung-tecklenburger-land.de\/wp-content\/uploads\/2023\/04\/Flurplan-1827.jpg\" alt=\"\" class=\"wp-image-1937\" srcset=\"https:\/\/familienforschung-tecklenburger-land.de\/wp-content\/uploads\/2023\/04\/Flurplan-1827.jpg 800w, https:\/\/familienforschung-tecklenburger-land.de\/wp-content\/uploads\/2023\/04\/Flurplan-1827-300x274.jpg 300w, https:\/\/familienforschung-tecklenburger-land.de\/wp-content\/uploads\/2023\/04\/Flurplan-1827-768x701.jpg 768w\" sizes=\"auto, (max-width: 800px) 100vw, 800px\" \/><\/figure>\n\n\n\n<h3 class=\"wp-block-heading\">Landesarchiv NRW Abteilung Westfalen (4.5.2 Karten)<\/h3>\n\n\n\n<p class=\"has-small-font-size\">22124 &#8211; Westerbecke (Westerkappeln), Buddendieck. Charte von der Aufnahme des Buddendiecks in der Bauerschaft Westerbeck, Kirchspiels Cappeln. Zeichnung von Luge (1778). <em>Tecklenburg-Lingen Nr. 1491<\/em><\/p>\n\n\n\n<p class=\"has-small-font-size\">Karten A Nr. 1000 &#8211; Lotte (Lotte), Gemeinheitsteilung (?) an der Grenze zum Kirchspiel Westerkappeln, (Teilkarte), um 1800<br><br>Karten A Nr. 50222 &#8211; D\u00fcte und Lada (Westerkappeln), Entwurf eines Schulhauses, Grundri\u00df, Ansichten, 1815<br><br>Karten A Nr. 20397 &#8211; D\u00fcte und Lada (Westerkappeln), Entwurf eines Schulhauses, Grundri\u00df, Ansichten, Schule und Schullehrerwohnung zu D\u00fcte und Lada im Kirchspiel Cappeln, 1816<br><br>Karten A Nr. 22124 &#8211; Westerbecke (Westerkappeln), Buddendieck, Charte von der Aufnahme des Buddendiecks in der Bauerschaft Westerbeck, Kirchspiels Cappeln, 1778<br><br>Karten A Nr. 50173 &#8211; Cappeln (Westerkappeln), Bauerschaft Hamb\u00fcren, Grundst\u00fccke des Kolonen Stuckmeyer mit strittiger Wegf\u00fchrung, 1819<br><br>Karten A Nr. 47574 &#8211; Westerkappeln, Generalstabskarte des Regierungsbezirks M\u00fcnster, Blatt 2, 1842<br><br>Karten A 6 T Nr. 3613\/1906 &#8211; Westerkappeln 1906<br><br>Karten A Nr. 994 &#8211; Grenze im Mettinger Moor, (zwischen Recke, Westerkappeln und Neuenkirchen), 18.Jh.<br><br>Karten A Nr. 3987 &#8211; Grenze gem. Reze\u00df von Iburg vom 22.12.1827, Sektion 1 und 2 Amt F\u00fcrstenau und V\u00f6rden, (Gem. Schale, Recke, Mettingen, Cappeln), 1841<br><br>Karten A Nr. 3990 &#8211; Grenze gem. Reze\u00df vom 22.12.1827, Sektion 2 Amt V\u00f6rden, (Gem. Cappeln, Wersen), 1841<br><br>Karten A Nr. 4006 &#8211; Grenze gem. Reze\u00df von 1828, Sektion 1 Amt F\u00fcrstenau, Blatt 4 vom Grenzstein am S\u00f6nnekenpott bis zum 2. Hollriedenstein (Gem. Cappeln), 1841<\/p>\n\n\n\n<h3 class=\"wp-block-heading\">Allgemeine Links:<\/h3>\n\n\n\n<p class=\"has-small-font-size\"><a href=\"http:\/\/christoph.stoepel.net\/geogen\/v3\/\">Geogen:<\/a> Auf dieser Seite kann man Landkarten \u00fcber die Verbreitung von Familiennamen in Deutschland erstellen lassen. Besonders auff\u00e4llige Konzentrationen k\u00f6nnen auf den Ursprungsort des Namens oder der Familie hindeuten.<\/p>\n\n\n\n<p class=\"has-small-font-size\"><a href=\"http:\/\/www.gemeindeverzeichnis.de\/gem1900\/gem1900.htm?gem1900_2.htm\">Gemeindeverzeichnis.de:<\/a> Ziel dieser Webseite ist es, ein Verzeichnis aller Gemeinden und Gutsbezirke im Deutschen Reich abzubilden, welche am 1. Januar 1900 bestanden.<\/p>\n\n\n\n<p class=\"has-small-font-size\"><a href=\"http:\/\/www.posselt-landkarten.de\/\">Posselt-Landkartensammlung:<\/a> &#8222;genealogische Kartensammlung&#8220;<\/p>\n\n\n\n<p class=\"has-small-font-size\"><a href=\"http:\/\/www.kartenmeister.com\/preview\/databaseUwe.asp\">Kartenmeister:<\/a> Noch mehr historische Landkarten. Eine englische Seite.<\/p>\n\n\n\n<p class=\"has-small-font-size\"><a href=\"http:\/\/www.genlias.nl\/nl\/search.jsp\" target=\"_blank\" rel=\"noreferrer noopener\">Genlias<\/a>: Da ja viele Bewohner des Tecklenburger-, Osnabr\u00fccker-, und M\u00fcnsterlandes nach Holland ausgewandert sind, wird f\u00fcr Familienforscher diese holl\u00e4ndischen Datenbank n\u00fctzlich sein.<\/p>\n\n\n\n<p class=\"has-small-font-size\"><a href=\"http:\/\/www.lverma.nrw.de\/produkte\/topographische_karten\/historische_Karten\" target=\"_blank\" rel=\"noreferrer noopener\">Landesvermessungsamt NRW<\/a>: Auch hier gibt es historische Karten<\/p>\n\n\n\n<p class=\"has-small-font-size\"><a href=\"http:\/\/www.lwl.org\/westfaelische-geschichte\/portal\/Internet\/dokumentation\/orte_territorien\/haupt.php?urlNeu=Ja\" target=\"_blank\" rel=\"noreferrer noopener\">Internetportal &#8222;Westf\u00e4lische Geschichte<\/a>: Eine riesige Sammlung alter Karten, Pl\u00e4ne und Hintergrundinformationen<\/p>\n\n\n\n<p class=\"has-small-font-size\"><a href=\"http:\/\/greif.uni-greifswald.de\/geogreif\/?map=overview&amp;coll_id=72\" target=\"_blank\" rel=\"noreferrer noopener\">GEOGREIF<\/a>: Geographische Sammlungen der Uni Greifswald<\/p>\n<\/div>\n\n\n\n<div class=\"wp-block-column is-layout-flow wp-block-column-is-layout-flow\" style=\"flex-basis:25%\">\n<h3 class=\"wp-block-heading\">Karten aus dem Tecklenburger Land:<\/h3>\n\n\n\n<p class=\"has-small-font-size\">Hier finden Sie eine Liste von Karten aus dem Tecklenburger Land und seinen Grenzgebieten mit mehr als 5300 Objekten. Hier finden Die Excel-Tabelle zum Herunterladen enth\u00e4lt die entsprechenden Signaturen bzw. Links, und Sie k\u00f6nnen sich die Karten z.B. in den Landesarchiven ansehen oder online abrufen.<\/p>\n\n\n\n<p class=\"has-small-font-size\"><a href=\"https:\/\/familienforschung-tecklenburger-land.de\/files\/Tecklenburger-Familienforschung\/Karten\/Karten Tecklenburger Land TEFAM.xls\">Link f\u00fcr den Download<\/a><\/p>\n\n\n\n<figure class=\"wp-block-image size-full\"><img loading=\"lazy\" decoding=\"async\" width=\"600\" height=\"399\" src=\"https:\/\/familienforschung-tecklenburger-land.de\/wp-content\/uploads\/2023\/04\/0Westerkappeln-1723.jpg\" alt=\"\" class=\"wp-image-1939\" srcset=\"https:\/\/familienforschung-tecklenburger-land.de\/wp-content\/uploads\/2023\/04\/0Westerkappeln-1723.jpg 600w, https:\/\/familienforschung-tecklenburger-land.de\/wp-content\/uploads\/2023\/04\/0Westerkappeln-1723-300x200.jpg 300w\" sizes=\"auto, (max-width: 600px) 100vw, 600px\" \/><figcaption class=\"wp-element-caption\">Westerkappeln 1723<\/figcaption><\/figure>\n\n\n\n<h3 class=\"wp-block-heading\">Staatsarchiv Osnabr\u00fcck:<\/h3>\n\n\n\n<p class=\"has-small-font-size\">K 560 Nr. 1 H &#8211; &#8222;Topogr. Karte von Rheinland und Westfalen&#8220;. Bl. 2:&nbsp;&nbsp; Westerkappeln (1841)<br><br>K 600 Nr. 10 M &#8211; &#8222;Chorographische Karte des K\u00f6nigreichs Hannover, Gro\u00dfherzogthums Oldenburg, Herzogthums Branuschweig. . . und der angrenzenden Gegenden.&#8220; Bl. 13 b: \u00d6stl. Anschluss: Rheine &#8211; M\u00fcnster &#8211; Westerkappeln (1818)<br><br>K Akz. 2004\/069 Nr. 3 H &#8211; Delineation der Streitigkeiten in dem Vinter Moor, mit angrenzenden Grafschaften Tecklenburg und Lingen (1725)<\/p>\n\n\n\n<figure class=\"wp-block-image size-full has-lightbox\"><img loading=\"lazy\" decoding=\"async\" width=\"516\" height=\"301\" src=\"https:\/\/familienforschung-tecklenburger-land.de\/wp-content\/uploads\/2023\/04\/Westerkappeln-Luftbild.jpg\" alt=\"\" class=\"wp-image-1940\" srcset=\"https:\/\/familienforschung-tecklenburger-land.de\/wp-content\/uploads\/2023\/04\/Westerkappeln-Luftbild.jpg 516w, https:\/\/familienforschung-tecklenburger-land.de\/wp-content\/uploads\/2023\/04\/Westerkappeln-Luftbild-300x175.jpg 300w\" sizes=\"auto, (max-width: 516px) 100vw, 516px\" \/><figcaption class=\"wp-element-caption\">Bild: Kroog, Westerkappeln<\/figcaption><\/figure>\n\n\n\n<p><\/p>\n\n\n\n<figure class=\"wp-block-image size-full\"><img loading=\"lazy\" decoding=\"async\" width=\"230\" height=\"177\" src=\"https:\/\/familienforschung-tecklenburger-land.de\/wp-content\/uploads\/2023\/04\/Westerkappeln-2012_11-1.jpg\" alt=\"\" class=\"wp-image-1941\"\/><\/figure>\n<\/div>\n<\/div>\n\n\n\n<h2 class=\"wp-block-heading\" id=\"Westerkappeln-Literatur\">Literatur<\/h2>\n\n\n\n<div class=\"wp-block-columns is-layout-flex wp-container-core-columns-is-layout-9d6595d7 wp-block-columns-is-layout-flex\">\n<div class=\"wp-block-column is-layout-flow wp-block-column-is-layout-flow\" style=\"flex-basis:25%\">\n<figure class=\"wp-block-image size-full\"><img loading=\"lazy\" decoding=\"async\" width=\"230\" height=\"158\" src=\"https:\/\/familienforschung-tecklenburger-land.de\/wp-content\/uploads\/2023\/04\/Westerkappeln-2012_9.jpg\" alt=\"\" class=\"wp-image-1945\"\/><\/figure>\n\n\n\n<h3 class=\"wp-block-heading\">In: Westf\u00e4lischer Heimatkalender<\/h3>\n\n\n\n<p class=\"has-small-font-size\">1956 (Tecklenburg): Die Feste zur Geburt des &#8222;K\u00f6nigs von Rom&#8220; im 1811. Ein Beitrag zur Geschichte des Sch\u00fctzenwesens im Kreise Tecklenburg. G\u00fcnther Schotte (S. 206)<\/p>\n\n\n\n<p class=\"has-small-font-size\">1959 (Tecklenburg): Bernhard Ludwig Finke, Begr\u00fcnder der Geomedizin. Adolf Risse (S. 187)<\/p>\n\n\n\n<p class=\"has-small-font-size\">1980: Buowen- un Unnerki\u00e4rspel Westerkappeln. Aus dem Nachla\u00df von Friedrich Rohlmann. Friedrich Ernst Hunsche (S. 73)<\/p>\n\n\n\n<h3 class=\"wp-block-heading\">In: Heimatjahrbuch Osnabr\u00fccker Land<\/h3>\n\n\n\n<p class=\"has-small-font-size\"><strong>1980:<\/strong> Westerkappelner Familien in S\u00fcdafrika (F.E. Hunsche), S. 90<\/p>\n\n\n\n<figure class=\"wp-block-image size-full\"><img loading=\"lazy\" decoding=\"async\" width=\"230\" height=\"200\" src=\"https:\/\/familienforschung-tecklenburger-land.de\/wp-content\/uploads\/2023\/04\/0Haus-Cappeln.jpg\" alt=\"\" class=\"wp-image-1946\"\/><figcaption class=\"wp-element-caption\">Haus Cappeln<\/figcaption><\/figure>\n\n\n\n<h3 class=\"wp-block-heading\">Kislings Kalender<\/h3>\n\n\n\n<p class=\"has-small-font-size\">1971: Rittergut Velpe. Von Friedrich Ernst Hunsche (S. 69)<\/p>\n\n\n\n<h3 class=\"wp-block-heading\">Heimatjahrbuch des Kreises Tecklenburg:<\/h3>\n\n\n\n<p class=\"has-small-font-size\">1925: Die Grabung auf dem Gabelin am 4. September 1925 (S. 97)<\/p>\n<\/div>\n\n\n\n<div class=\"wp-block-column is-layout-flow wp-block-column-is-layout-flow\" style=\"flex-basis:50%\">\n<p class=\"has-small-font-size\">Friedrich E. Hunsche: Westerkappeln. Chronik einer alten Gemeinde im n\u00f6rdlichen Westfalen. Westerkappeln, Gemeinde Westerkappeln, 1975.<br><br>Heinz Weyer: Die evangelische Stadtkirche in Westerkappeln. Kultur- und Heimatverein Westerkappeln e. V., 1991.<br><br>Gertrud Althoff: J\u00fcdische Westerkappelner, auf den Spuren ihrer Geschichte. Westerkappeln, Bd. 9, Gemeinde Westerkappeln, 2005.<\/p>\n\n\n\n<p class=\"has-small-font-size\">Gertrud Althoff: Geschichte der j\u00fcdischen Gemeinde Westerkappeln, hrsg. durch die Gemeinde Westerkappeln, 1987, S. 8-11<br><br>Stephanie Reekers: Die Gebietsentwicklung der Kreise und Gemeinden Westfalens 1817\u20131967. Aschendorff, M\u00fcnster (Westfalen) 1977, ISBN 3-402-05875-8.<\/p>\n\n\n\n<p class=\"has-small-font-size\">Volksbank Westerkappeln-Wersen eG (Hrsg.): 100 Jahre Volksbank Westerkappeln-Wersen eG (1887 &#8211; 1987) &#8211; mit Texten von: G\u00fcnter P\u00f6hler, Herbert Klane, Friedrich E. Hunsche, Adolf Wiartalla, 1987. Mit Illustrationen, Bildern und Zeitungsausschnitten<\/p>\n\n\n\n<p class=\"has-small-font-size\">Wehnemann, Paul: Die Kirche zu Westerkappeln. Eine baugeschichtliche Betrachtung. Verlag: Dietrich Kroog, 1958<\/p>\n\n\n\n<p class=\"has-small-font-size\">Stille, Fritz: Die Kirche zu Westerkappeln. Christliche Kunst in Bild und Stein und ihre Bedeutung (um 1953)<\/p>\n\n\n\n<p class=\"has-small-font-size\">Kandelhardt. Ortschronik der Gemeinde Westerkappeln von 1796 &#8211; 1830 (Manuskript)<\/p>\n\n\n\n<p class=\"has-small-font-size\">Grund, Friedrich: Der Kappelsche Kohlberg. In: Der Tecklenburger, Beilage zum Tecklenburger Kreisblatt, Ibbenb\u00fcren vom 17. November 1950<\/p>\n\n\n\n<p class=\"has-small-font-size\">M\u00fcnzenfund in Westerkappeln 1920. R\u00f6mische M\u00fcnze aus dem 4. Jh. In: Bl\u00e4tter f\u00fcr M\u00fcnzfreunde, Dresden, Jg. 56, S. 153 &#8211; 155<\/p>\n\n\n\n<p class=\"has-small-font-size\">Beck, Hans (Hg.): Bodenaltert\u00fcmer Westfalens XIII [Beitr\u00e4ge zu Funden bei Westerkappeln \/ Kr. Tecklenburg und S\u00fcnninghausen \/ Kr. Beckum]<\/p>\n\n\n\n<p class=\"has-small-font-size\">J\u00fcrgen Kluck: Die Handarpske Schoule 1889 bis 1989. Eine westf\u00e4lische Schulgeschichte.<\/p>\n\n\n\n<p class=\"has-small-font-size\">75 Jahre Kultur- und Heimatverein Westerkappeln, 1919 &#8211; 1994<\/p>\n\n\n\n<p class=\"has-small-font-size\">75 Jahre Sch\u00fctzenverein Obermetten e.V 1921 &#8211; 1996<\/p>\n\n\n\n<p class=\"has-small-font-size\">75 Jahre Sch\u00fctzenverein D\u00fcte 1920 &#8211; 1995<\/p>\n\n\n\n<p class=\"has-small-font-size\">Wolfgang Caesar: Vom armen Heuerling bis zum Superintendenten. Die Vorfahren des Theologen Martin Niem\u00f6ller. S. 612-631. In: <a href=\"http:\/\/www.genealogie-zeitschriften.de\/genealogie-frueher-familie-und-volk\/einzelne-hefte\/genealogie-heft-4-2015.php\">Genealogie, Heft 4 (2015)<\/a><\/p>\n\n\n\n<h3 class=\"wp-block-heading\">Beitr\u00e4ge in: Unser Kreis \u2013 Jahrbuch f\u00fcr den Kreis Steinfurt.<\/h3>\n\n\n\n<p class=\"has-small-font-size\">1989: Der j\u00fcdische Friedhof von Weterkappeln. Von Gertrud Althoff (S. 194 ff.)<\/p>\n\n\n\n<p class=\"has-small-font-size\">1990: Der wirtschaftliche Niedergang des adligen Hauses Cappeln (S. 205 ff.)<\/p>\n\n\n\n<p class=\"has-small-font-size\">1991: Das Portal der evangelischen Stadtkirche in Westerkappeln (S. 282 ff.)<\/p>\n\n\n\n<p class=\"has-small-font-size\">1991: Hundert Jahre Schule Handarpe sind ein Grund zum Feiern (S. 57 ff.)<\/p>\n\n\n\n<p class=\"has-small-font-size\">1992: Eine Stadt gibt ihre Rechte auf. 200 Jahre Stadt Cappeln. Von Heinz Weyer (S. 238 ff.)<\/p>\n\n\n\n<p class=\"has-small-font-size\">1993: Die Bedeutung heidnischer Symbole auf einer christlichen Glocke (S. 229 ff.)<\/p>\n\n\n\n<p class=\"has-small-font-size\">1995: Kulturpreistr\u00e4ger Gustav K\u00fcnnemann, ein Maler und mensch aus Westerkappeln. Von Ulrich Brinkhoff (S. 80 ff.)<\/p>\n\n\n\n<p class=\"has-small-font-size\">1995: St. Stephanus, der Erzm\u00e4rtyrer, Pfarrpatron von Westerkappeln. Von Manfred Wolf (S. 252 ff.)<\/p>\n\n\n\n<p class=\"has-small-font-size\">1996: Traktoren und Landmaschinen im Spezialmuseum von Westerkappeln. Von Stefan Herringslack (S. 30 ff.)<\/p>\n\n\n\n<p class=\"has-small-font-size\">1996: Ein M\u00f6nch verlor sein Leben beim Kampf um Geld und Gesundheit. Von Heinz Weyer (S. 176 ff.)<\/p>\n\n\n\n<p class=\"has-small-font-size\">1997: Westerkappeln ist die Gemeinde der tausend Kopfweiden. Von Uwe Lutterbey (S. 210 ff.)<\/p>\n\n\n\n<p class=\"has-small-font-size\">1998: Wahres und Unwahres \u00fcber die Jagd in Westerkappeln. Von Adolf Wiartalla (s. 166 ff.)<\/p>\n\n\n\n<p class=\"has-small-font-size\">1999: Der Eintopfsonntag und die Frauen von Westerkappeln. Von Heinz Meyer. (S. 248 f.)<\/p>\n\n\n\n<p class=\"has-small-font-size\">2000: Der gro\u00dfe Brand in Westerkappeln vernichtete 1779 die halbe Innenstadt. Von Adolf Wiartalla. (S. 70 ff.)<\/p>\n\n\n\n<p class=\"has-small-font-size\">2000: Zeitgeschehen im Jahre 1900 im Spiegel der Landratsamtberichte. Von Lothar Kurz (S. 250 ff.)<\/p>\n\n\n\n<p class=\"has-small-font-size\">2002: Das Stutensoppenessen in Westerkappeln ist ein alter Brauch. Von Adolf Wiartalla (S. 174 ff.)<\/p>\n\n\n\n<p class=\"has-small-font-size\">2003: Westerkappelner Stra\u00dfenverh\u00e4ltnisse im 19. Jahrhundert (S. 267 ff.)<\/p>\n\n\n\n<p class=\"has-small-font-size\">2004: Als es in Westerkappeln noch einen Schandpfahl gab. Von Heinz Weyer (S. 63 f.)<\/p>\n\n\n\n<p class=\"has-small-font-size\">2005: Die Entstehung der Diakoniestation in Westerkappeln. Von Herbert Wessel (S. 144 ff.)<\/p>\n\n\n\n<p class=\"has-small-font-size\">2006: Kreative Altenhilfe im Haus der Diakonie in Westerkappeln (S. 174 f.)<\/p>\n\n\n\n<p class=\"has-small-font-size\">2007: Varianten in der Darstellung der Wappenfigur von Westerkappeln. Von Heinz Schr\u00f6er (S. 25 ff.)<\/p>\n\n\n\n<p class=\"has-small-font-size\">2008: Ehrenmale und Gedenkst\u00e4tten in Westerkappeln (S. 76 ff.)<\/p>\n\n\n\n<p class=\"has-small-font-size\">2009: Heimatbewegung zwischen den Weltkriegen. Von Heinz Schr\u00f6er (S. 28 ff.)<\/p>\n\n\n\n<p class=\"has-small-font-size\">2009: Das Verm\u00e4chtnis eines Stra\u00dfenw\u00e4rters aus Westercappeln und Westerkappeln. Von Heinz Schr\u00f6er (S. 236 f.)<\/p>\n\n\n\n<p class=\"has-small-font-size\">2010: Apothekengeschichten aus &#8222;Cappeln&#8220; in der Grafschaft Tecklenburg (S. 95 ff.)<\/p>\n\n\n\n<p class=\"has-small-font-size\">2010: Ekklesia und Synagoge am Portal der Stadtkirche zu Westerkappeln (S. 233 ff.)<\/p>\n<\/div>\n\n\n\n<div class=\"wp-block-column is-layout-flow wp-block-column-is-layout-flow\" style=\"flex-basis:25%\">\n<figure class=\"wp-block-image size-full\"><a href=\"https:\/\/familienforschung-tecklenburger-land.de\/?page_id=857\"><img loading=\"lazy\" decoding=\"async\" width=\"480\" height=\"682\" src=\"https:\/\/familienforschung-tecklenburger-land.de\/wp-content\/uploads\/2023\/04\/Westerkappeln-Titel-480px.jpg\" alt=\"\" class=\"wp-image-1947\" srcset=\"https:\/\/familienforschung-tecklenburger-land.de\/wp-content\/uploads\/2023\/04\/Westerkappeln-Titel-480px.jpg 480w, https:\/\/familienforschung-tecklenburger-land.de\/wp-content\/uploads\/2023\/04\/Westerkappeln-Titel-480px-211x300.jpg 211w\" sizes=\"auto, (max-width: 480px) 100vw, 480px\" \/><\/a><\/figure>\n\n\n\n<p><\/p>\n\n\n\n<figure class=\"wp-block-image size-full\"><img loading=\"lazy\" decoding=\"async\" width=\"230\" height=\"345\" src=\"https:\/\/familienforschung-tecklenburger-land.de\/wp-content\/uploads\/2023\/04\/Westerkappeln-2012_5.jpg\" alt=\"\" class=\"wp-image-1948\" srcset=\"https:\/\/familienforschung-tecklenburger-land.de\/wp-content\/uploads\/2023\/04\/Westerkappeln-2012_5.jpg 230w, https:\/\/familienforschung-tecklenburger-land.de\/wp-content\/uploads\/2023\/04\/Westerkappeln-2012_5-200x300.jpg 200w\" sizes=\"auto, (max-width: 230px) 100vw, 230px\" \/><\/figure>\n\n\n\n<h3 class=\"wp-block-heading\">Aufs\u00e4tze und Beitr\u00e4ge in:<\/h3>\n\n\n\n<p class=\"has-small-font-size\">Berger, Eva: 1648 &#8211; 1998. Dem Frieden die Zukunft. Sozialgeschichtliche Beitr\u00e4ge aus dem Kreis Steinfurt: der Drei\u00dfigj\u00e4hrige Krieg und die Hoffnung auf Frieden (Seiten 95, 142, 156)<\/p>\n\n\n\n<figure class=\"wp-block-image size-full\"><img loading=\"lazy\" decoding=\"async\" width=\"230\" height=\"339\" src=\"https:\/\/familienforschung-tecklenburger-land.de\/wp-content\/uploads\/2023\/04\/Westerkappeln-2012_8.jpg\" alt=\"\" class=\"wp-image-1949\" srcset=\"https:\/\/familienforschung-tecklenburger-land.de\/wp-content\/uploads\/2023\/04\/Westerkappeln-2012_8.jpg 230w, https:\/\/familienforschung-tecklenburger-land.de\/wp-content\/uploads\/2023\/04\/Westerkappeln-2012_8-204x300.jpg 204w\" sizes=\"auto, (max-width: 230px) 100vw, 230px\" \/><\/figure>\n<\/div>\n<\/div>\n\n\n\n<h2 class=\"wp-block-heading\" id=\"Westerkappeln-Suchanfragen\">Suchanfragen<\/h2>\n\n\n\n<div class=\"wp-block-columns is-layout-flex wp-container-core-columns-is-layout-9d6595d7 wp-block-columns-is-layout-flex\">\n<div class=\"wp-block-column is-layout-flow wp-block-column-is-layout-flow\" style=\"flex-basis:25%\">\n<h3 class=\"wp-block-heading\">Hartmann<\/h3>\n\n\n\n<p class=\"has-small-font-size\">Ich habe eine Geburtsakte von meinem Urgro\u00dfvater <strong>Joseph Clemens Hartmann<\/strong> ein Theresia Hartmann. Vom Archiv habe ich Namen bis 1790 bekommen.<br>Aber waren die Hartmann immer in Mettingen und was war ihr Beruf und wo wohnten sie und so weiter?<br>Danke und Gr\u00fc\u00dfe,<br><br><a href=\"mailto:stephan.brouwer@planet.nl\">Stephan Brouwer<\/a>, Niederlande<\/p>\n\n\n\n<h3 class=\"wp-block-heading\">Johann J\u00fcrgen Pohlmann<\/h3>\n\n\n\n<p class=\"has-small-font-size\">Ich habe eine Frage, wo an zu fangen mit die Forschung nach die Vorfahren&nbsp;von Jan Jurriens Poelman.<br>Jan war geboren in Westerkappeln 1700 &#8211; 1710. Er war in 1732 verheiratet in Groningen (NL) und da verstorben in 1787. Er ist wie er in Groningen genannt werde, moeglich in Westerkappeln <strong>Johan Juergen Pohlmann<\/strong>, oder Poolman, Pohlman, Poelmans. Vielleicht koennen sie mich weiter helfen? Lieneke Poelman, Amsterdam (<a href=\"mailto:poellent@planet.nl\">Kontakt<\/a>)<\/p>\n\n\n\n<h3 class=\"wp-block-heading\">Haus Cappeln<\/h3>\n\n\n\n<p class=\"has-small-font-size\">Sehr geehrte Damen und Herren, k\u00f6nnen sie mir Auskunft geben ob das Haus Cappeln in Westerkappeln wieder bewohnt wird? Das letzte mal war ich dort, als Frau Tiegtemeier (ich hoffe, richtig geschrieben) gestorben ist. Dort war ein Kunstprofessor, der einen Fl\u00fcgel bewohnte. Was ist nun mit dem Rest des Gutes passiert? \u00dcber eine Antwort w\u00fcrde ich mich sehr freuen. Mit freundlichen Gr\u00fc\u00dfen Beate von Cappeln (<a href=\"mailto:mail@beate-von-cappeln.de\">mail@beate-von-cappeln.de<\/a>)<\/p>\n\n\n\n<h3 class=\"wp-block-heading\">Harm Hendriks<\/h3>\n\n\n\n<p class=\"has-small-font-size\">Anno 1697 heiratet in Winschoten (Provinz Groningen\/Niederlande) <strong>Harm Hendriks aus Westerkappeln<\/strong> eine Frau namens Lijsbet Lucas aus Vasmer. Gibt es M\u00f6glichkeiten noch etwas \u00fcber seine Herkunftsfamilie in Erfahrung zu bringen? Beste Gr\u00fc\u00dfe (<a href=\"mailto:klaasdvoss@aol.com\">Kontakt<\/a>)<\/p>\n\n\n\n<figure class=\"wp-block-image size-full\"><img loading=\"lazy\" decoding=\"async\" width=\"230\" height=\"181\" src=\"https:\/\/familienforschung-tecklenburger-land.de\/wp-content\/uploads\/2023\/04\/Westerkappeln-2012_7.jpg\" alt=\"\" class=\"wp-image-1951\"\/><\/figure>\n\n\n\n<h3 class=\"wp-block-heading\">Wessel &amp; Niendieck<\/h3>\n\n\n\n<p class=\"has-small-font-size\">Ich mache Ahnenforschung in der Familie Wessel in Westerkappeln. Ich habe bisher als \u00e4ltester<strong> Eberhard Wilhelm Wessel<\/strong>, um 1751 geboren, er 78 Jahre im Jahr 1829 gefunden wurde. Er ist Westerkapplen 7. Juli 1829 verstorben. Er heiratete Westerkappeln 3. M\u00e4rz 1783 mit <strong>Catharina Margaretha Niendieck<\/strong>. Sie ist verstorben Westerkappeln 24. September 1819. Der Apostelgeschichte von 1783, 1819 und 1829, habe ich eine Kopie, aber ich finde keine Daten, um voranzukommen. Meine Frage ist, ob Sie vielleicht Informationen \u00fcber die Familie Wessel Sorge, dass die \u00e4lteren Generationen haben.<\/p>\n\n\n\n<p class=\"has-small-font-size\">Mit freundlichen Gr\u00fc\u00dfen, <a href=\"mailto:h_morien@ziggo.nl\">Henk Morien<\/a><\/p>\n\n\n\n<figure class=\"wp-block-image size-full\"><img loading=\"lazy\" decoding=\"async\" width=\"230\" height=\"157\" src=\"https:\/\/familienforschung-tecklenburger-land.de\/wp-content\/uploads\/2023\/04\/Westerkappeln-2012_4.jpg\" alt=\"\" class=\"wp-image-1953\"\/><\/figure>\n<\/div>\n\n\n\n<div class=\"wp-block-column is-layout-flow wp-block-column-is-layout-flow\" style=\"flex-basis:50%\">\n<h3 class=\"wp-block-heading\">M\u00f6chten Sie eine Anfrage ver\u00f6ffentlichen?<\/h3>\n\n\n\n<p class=\"has-small-font-size\"><strong>Wenn jemand genealogische Kontakte kn\u00fcpfen m\u00f6chte oder Hilfe bei einem schwierigen Fall ben\u00f6tigt, ver\u00f6ffentlichen wir hier gern eine Anfrage.<\/strong><\/p>\n\n\n\n<p class=\"has-small-font-size\">Hier k\u00f6nnen Sie uns Ihre Suchanfrage \u00fcbermitteln:<\/p>\n\n\n\n<p class=\"has-small-font-size\">Sie k\u00f6nnen uns eine E-Mail mit Ihrer Suchanfrage schicken: <a href=\"mailto:admin@te-gen.de\">admin@te-gen.de<\/a> Bitte tragen Sie in die Mail ein, nach welchen Personen oder Namen Sie suchen, in welchem Ort Sie suchen, wenn Sie m\u00f6chten, Ihren Namen, welche Daten (Geburt, Heirat, Tod, andere) Ihnen vorliegen. Wenigstens ein Zeitraum w\u00e4re gut. Wir werden Ihre Anfrage dann an dieser Stelle ver\u00f6ffentlichen. Bitte beachten Sie, dass dies einige Tage dauern kann. Ihre Anfrage wird automatisch auch an unsere Mailingliste weitergeleitet.<\/p>\n\n\n\n<h3 class=\"wp-block-heading\">Kleing\u00fcnther<\/h3>\n\n\n\n<p class=\"has-small-font-size\">Guten Tag, ich suche nach leiblichen Verwandten der Familie Kleing\u00fcnther aus Westerkappeln. Meine Name ist Gudrun Gregor geborene KLeing\u00fcnther. Mein Vater hei\u00dft Manfred Werner Kleing\u00fcnther geb. 1937 in Westerkappeln. Vater Hermann Kleing\u00fcnther, Mutter Frieda Kleing\u00fcnther geborene Kern. Ich w\u00fcrde mich freuen Cousins und Cousinen zu finden, da ich keinerlei Kontakt zur Familie meines Vaters habe. Dieser wurde als S\u00e4ugling in eine Pflegefamilie gegeben. (<a href=\"mailto:gundigregor@web.de\">Kontakt<\/a>)<\/p>\n\n\n\n<h3 class=\"wp-block-heading\">Diederik<\/h3>\n\n\n\n<p class=\"has-small-font-size\">Ich suche Information \u00fcber meinen Vorvater Johan Diederik, geboren um 1750 in Westkappeln, emigriert nach Holland (m\u00f6glich mit seinem Bruder), war hier bekannt mit Familienname &#8218;Iburg&#8216;. Heiratet 1780 in Zwartewaal, Holland. (<a href=\"mailto:eric@augusteijn.net\">Kontakt<\/a>)<\/p>\n\n\n\n<h3 class=\"wp-block-heading\">Teckemeier &amp; H\u00fcnefeld<\/h3>\n\n\n\n<p class=\"has-small-font-size\">Mein Name ist Leif Teckemeier ich wohne in S\u00f8nderborg Danmark, ich bin auf der Suche nach meine Familie in Deutschland, Osnabr\u00fcck.<br>Mein Urgro\u00dfvater ist Heinrich Friedrich August Teckemeier.<br><br>Seine Eltern sind:<br><strong>Eberhard Heinrich Teckemeier<\/strong> geboren am ? (in Westerkappeln?) und seine Ehefrau <strong>Catharina Maria Elisabeth Huenefeld<\/strong>, geboren ?<br><br>Deren Kinder:<\/p>\n\n\n\n<p class=\"has-small-font-size\">Johan Heinrich Teckemeier geboren am 29. April 1850.<\/p>\n\n\n\n<p class=\"has-small-font-size\">Hermann Wilhelm Teckemeier geboren am 8. April 1855.<\/p>\n\n\n\n<p class=\"has-small-font-size\">Heinrich Friedrich Teckemeier Geboren am 8.februar 1858 (mein Urgro\u00dfvater)<\/p>\n\n\n\n<p class=\"has-small-font-size\">Hermann Friedrich Teckemeier Geboren am 26. Feb. 1861<\/p>\n\n\n\n<p class=\"has-small-font-size\">Ein totgeboren Junge ohne Namen geboren am 19. August 1864.<\/p>\n\n\n\n<p class=\"has-small-font-size\"><br>Mein Gro\u00dfvater ist Gustav Wilhelm Heinrich Teckemeier geboren am 20.Juli 1888. In Osnabr\u00fcck.<br>K\u00f6nnen sie mich mit weitere Daten helfen, Oder weiterhelfen? (<a href=\"mailto:leif.teckemeier@stofanet.dk\">Kontakt<\/a>)<\/p>\n\n\n\n<h3 class=\"wp-block-heading\">A\u00dfmann &amp; Mutert<\/h3>\n\n\n\n<p class=\"has-small-font-size\">Gesucht sind die Eltern von <strong>Friederich Ludwig<\/strong> und<strong> Moritz A\u00dfmann<\/strong>.<br>Friedrich Ludwig heiratete <strong>Christina Wilhelmina Dorothea Mutert<\/strong>, sie lebten in Sennlich.<br>Bevor sie 1829 starb, lie\u00df sie sich von ihm scheiden, weil er schon lange aus Westerkappeln verschwunden war.<br>Mir ist nicht bekannt, wohin er ging oder wo er starb.<br><br><strong>Folgende Daten liegen mir vor:<\/strong><\/p>\n\n\n\n<p class=\"has-small-font-size\">Johann Friederich Ludwig Assmann<br>Windm\u00fchler<br>* ca 1778 (wo?)<\/p>\n\n\n\n<p class=\"has-small-font-size\">oo 22.12.1798 in Westerkappeln:<\/p>\n\n\n\n<p class=\"has-small-font-size\">Christina Wilhelmina Dorothea Mutert<br>* 14.6.1779 in Westerkappeln<br>Eltern: Gerhard Wilhelm Mutert &amp; Anna Agnesa Sticker<br>+ 29.7.1829 in Sennlich<br><br><strong>Kinder (alle geb. in Westerkappeln)<\/strong><\/p>\n\n\n\n<p class=\"has-small-font-size\">Franz Wilhelm (1799 &#8211; 1826)<\/p>\n\n\n\n<p class=\"has-small-font-size\">Johann Friedrich (1801 &#8211; ? Ankum &#8211; oo Kath Marg Kemmlage 1835 Ankum) meine Vorfahren<\/p>\n\n\n\n<p class=\"has-small-font-size\">Friedrich Mauritz (1802 -? 1844, kaufte einen Hof in Lienen)<\/p>\n\n\n\n<p class=\"has-small-font-size\">Franz Heinrich (1805 &#8211; ?)<\/p>\n\n\n\n<p class=\"has-small-font-size\">Anna Agnesa (1806 &#8211; ?)<\/p>\n\n\n\n<p class=\"has-small-font-size\">Anna Dorothea Elis (1809 &#8211; ?), heiratete in Lotte<\/p>\n\n\n\n<p class=\"has-small-font-size\">Wilhelmina Elis (1812 &#8211; ?), heiratete in Lotte<\/p>\n\n\n\n<p class=\"has-small-font-size\"><a href=\"mailto:edwardssl@att.net\">Kontakt<\/a>: Linda, gern auch in englisch.<\/p>\n\n\n\n<h3 class=\"wp-block-heading\">Hagen &amp; Wulfemeijer<\/h3>\n\n\n\n<p class=\"has-small-font-size\">Guten Tag. Ich m\u00f6chte Ihre Hilfe bei meine Nachforschungen. Es geht um: <strong>Johann Diederich Hagen<\/strong> &amp; <strong>Anna Catharina Wulfemeijer.<\/strong><\/p>\n\n\n\n<p class=\"has-small-font-size\">Einer meiner Vorfahren ist Johan Heinrich Hagen, 15.01.1760, Westerkappeln geboren und starb 09.07.1837 in Meppel. Br\u00fcder und Schwestern, alle getauft in Westerkappeln: Maria Elisabeth 11.10.1750, Anna Catharina Maria 22.10.1752, Catharina Margaretha 22.09.1754, Johann Henrich 20.04.1757 (ws. + f\u00fcr 1760), J\u00f6rgen Heinrich 08.07.1763, Anna Margareta Elsabein 07.05.1765, Anna Maria 25.10.1767. Ihre Eltern sind die genannten Johann Diederich Hagen und Anna Catharina Wulfemeijer (ev. getauft 18.05.1725, Westerkappeln); Anna Catharina ist auch bekannt als <strong>Bruegmanns<\/strong> (?).<\/p>\n\n\n\n<p class=\"has-small-font-size\">Ich suche ihre Heirat und auch den Taufe und Tod Registration Act von Johann Diederich Hagen. Weiter suche ich die Registrierung der Tod von Anna Catharina Wulfemeijer (oder Bruegmanns). Ich hoffe so, die Eltern von die beide zu finden. (<a href=\"mailto:cborst@free.fr\">Kontakt<\/a>)<\/p>\n<\/div>\n\n\n\n<div class=\"wp-block-column is-layout-flow wp-block-column-is-layout-flow\" style=\"flex-basis:25%\">\n<h3 class=\"wp-block-heading\">Bullerdiek, Mennewisch, Haderfeld, Kriege<\/h3>\n\n\n\n<p class=\"has-small-font-size\">Seit geraumer Zeit bin ich auf Spurensuche meiner Vorfahren aus Westerkappeln. Es w\u00e4re toll, wenn ich hierbei zus\u00e4tzliche Unterst\u00fctzung in jeglicher Form erhalten k\u00f6nnte. Mein Familienname ist <strong>Bullerdiek<\/strong> und seit mindestens 1835 in Westerkappeln ans\u00e4ssig.<\/p>\n\n\n\n<p class=\"has-small-font-size\">Mein Urgro\u00dfvater ist Hermann Bullerdiek &#8211; geb. 18.02.1881 und verstoben 1957 in Lengerich. Er hatte 7 Geschwister und mindestens 2 Halbgeschwister vom Hof <strong>Mennewisch<\/strong> in Westerkappeln-Seeste. Sein Vater ist Heinrich Wilhelm Bullerdiek &#8211; geb. 20.10.1835?? &#8211; gest. im Dezember 1880 &#8211; also vor der Geburt seines letzten Sohnes. Die Mutter ist Christina Margaretha <strong>Haderfeld<\/strong>. Sie zog nach dem Tod ihres Mannes Heinrich Wilhelm auf den Hof von Heinrich Hermann Mennewisch. Sie bekam mind. 2 weitere Kinder- Hermann August und Sophie Auguste. Die Eltern von Heinrich Wilhelm Bullerdiek (mein UrUrGro\u00dfvater) sind Friedrich Wilhelm Bullerdiek und Maria Elisabeth <strong>Kriege<\/strong>.<\/p>\n\n\n\n<p class=\"has-small-font-size\">Leider fehlen mir hierzu weitere Daten, die dieses auch belegen. Es kann gut m\u00f6glich sein, dass beide aus Lienen \u00fcbergesiedelt sind. In Lienen gibt es eine Reihe von Personen mit dem Nachnamen Bullerdiek und Kriege &#8211; jedoch fehlt mir hier der richtige Ansatz. Es ist sicherlich auch m\u00f6glich, dass seit vor 1835 unsere Vorfahren in Westerkappeln sind. Sollten Sie zu diesen Personen oder Familien Infomationen haben, w\u00fcrde ich mich sehr freuen. Danke und Gr\u00fc\u00dfe, <a href=\"mailto:andreas.bullerdiek@t-online.de\">Andreas Bullerdiek<\/a><\/p>\n\n\n\n<h3 class=\"wp-block-heading\">Gausmann\/Gosmann<\/h3>\n\n\n\n<p class=\"has-small-font-size\">Heinrich Gosmann sucht nach der Familie Gausmann\/Gosmann aus Westerkappeln mit Nebenlinien in Wersen, Lotte, Ibbenb\u00fcren, Schale, Lienen, Ledde, Merzen, Neuenkirchen i.H. und Bramsche. <a href=\"mailto:Heinrich.Gosmann@t-online.de\">Kontakt<\/a> und <a href=\"http:\/\/www.gosmann.homepage.t-online.de\">Homepage<\/a><\/p>\n\n\n\n<figure class=\"wp-block-image size-full\"><img loading=\"lazy\" decoding=\"async\" width=\"230\" height=\"312\" src=\"https:\/\/familienforschung-tecklenburger-land.de\/wp-content\/uploads\/2023\/04\/Westerkappeln-2012_3.jpg\" alt=\"\" class=\"wp-image-1952\" srcset=\"https:\/\/familienforschung-tecklenburger-land.de\/wp-content\/uploads\/2023\/04\/Westerkappeln-2012_3.jpg 230w, https:\/\/familienforschung-tecklenburger-land.de\/wp-content\/uploads\/2023\/04\/Westerkappeln-2012_3-221x300.jpg 221w\" sizes=\"auto, (max-width: 230px) 100vw, 230px\" \/><\/figure>\n\n\n\n<h3 class=\"wp-block-heading\">D\u00fcnengebiet in Westerkappeln-Westerbeck<\/h3>\n\n\n\n<p class=\"has-small-font-size\">Hat jemand noch Fotografien oder Ansichtskarten vom ehemaligen D\u00fcnengebiet in Westerkappeln-Westerbeck? Es handelt sich um das Gebiet am Seester Weg, nahe dem Hof Grundmann. In den 50er Jahren wurde das Gebiet eingeebnet und das Gel\u00e4nde 80 cm. tief gepfl\u00fcgt. Danach fand man hier Feuersteinwerkzeuge. (<a href=\"mailto:eduard.niermann@hotmail.de\">eduard.niermann@hotmail.de<\/a>)<\/p>\n\n\n\n<h3 class=\"wp-block-heading\">Quindt und B\u00fcsemeyer<\/h3>\n\n\n\n<p class=\"has-small-font-size\">Liebe Genealogen im Tecklenburger Land, ich hatte selbst noch nicht Gelegenheit, in Archiven in Tecklenburger Land zu recherchieren, aber vielleicht k\u00f6nnen Sie mir weiterhelfen: Ich suche die Lebensdaten von <strong>Wilhelm QUINDT<\/strong>, wahrscheinlich<strong> geboren nach 1880<\/strong> und<strong> gestorben vor 1970<\/strong>, jeweils in Lotte oder Westerkappeln. Er war verheiratet mit <strong>Frieda Emma geb. B\u00dcSEMEYER<\/strong> *9.11.1900, +13.12.1971 und war Vater von Erika QUINDT, *6.5.1923 in Lotte. Freundliche Gr\u00fc\u00dfe, <a href=\"mailto:thorsten.nommensen@lkn.landsh.de\">Thorsten Nommensen<\/a><\/p>\n<\/div>\n<\/div>\n","protected":false},"excerpt":{"rendered":"<p>Weiteres vor Ort: Kultur- und Heimatverein Westerkappeln e.V.Merschweg 3, 49492 Westerkappeln Ausfl\u00fcge in die Geschichte: Die Gro\u00dfen Sloopsteene J\u00fcdischer Friedhof mit Grabsteinen von 1812 bis 1937. TraktorenmuseumLotter Stra\u00dfe 20, 49492 WesterkappelnEntwicklung von Lanz-Lokmobilen; Traktoren u. Schlepper Evangelische Pfarrkirche\u00c4ltester Teil der Kirche ist der wehrhafte romanische Turm; reiche Innenausstattung. Haus CappelnIm 13. Jh. Sitz der Herren&#8230;<\/p>\n","protected":false},"author":4,"featured_media":0,"parent":0,"menu_order":79,"comment_status":"closed","ping_status":"closed","template":"","meta":{"_coblocks_attr":"","_coblocks_dimensions":"","_coblocks_responsive_height":"","_coblocks_accordion_ie_support":"","footnotes":""},"class_list":["post-309","page","type-page","status-publish","hentry"],"_links":{"self":[{"href":"https:\/\/familienforschung-tecklenburger-land.de\/index.php?rest_route=\/wp\/v2\/pages\/309","targetHints":{"allow":["GET"]}}],"collection":[{"href":"https:\/\/familienforschung-tecklenburger-land.de\/index.php?rest_route=\/wp\/v2\/pages"}],"about":[{"href":"https:\/\/familienforschung-tecklenburger-land.de\/index.php?rest_route=\/wp\/v2\/types\/page"}],"author":[{"embeddable":true,"href":"https:\/\/familienforschung-tecklenburger-land.de\/index.php?rest_route=\/wp\/v2\/users\/4"}],"replies":[{"embeddable":true,"href":"https:\/\/familienforschung-tecklenburger-land.de\/index.php?rest_route=%2Fwp%2Fv2%2Fcomments&post=309"}],"version-history":[{"count":19,"href":"https:\/\/familienforschung-tecklenburger-land.de\/index.php?rest_route=\/wp\/v2\/pages\/309\/revisions"}],"predecessor-version":[{"id":2041,"href":"https:\/\/familienforschung-tecklenburger-land.de\/index.php?rest_route=\/wp\/v2\/pages\/309\/revisions\/2041"}],"wp:attachment":[{"href":"https:\/\/familienforschung-tecklenburger-land.de\/index.php?rest_route=%2Fwp%2Fv2%2Fmedia&parent=309"}],"curies":[{"name":"wp","href":"https:\/\/api.w.org\/{rel}","templated":true}]}}