{"id":300,"date":"2023-02-26T18:46:00","date_gmt":"2023-02-26T17:46:00","guid":{"rendered":"https:\/\/familienforschung-tecklenburger-land.de\/?page_id=300"},"modified":"2023-03-19T11:49:28","modified_gmt":"2023-03-19T10:49:28","slug":"schale","status":"publish","type":"page","link":"https:\/\/familienforschung-tecklenburger-land.de\/?page_id=300","title":{"rendered":"Schale"},"content":{"rendered":"\n<div class=\"wp-block-columns is-layout-flex wp-container-core-columns-is-layout-9d6595d7 wp-block-columns-is-layout-flex\">\n<div class=\"wp-block-column is-layout-flow wp-block-column-is-layout-flow\" style=\"flex-basis:25%\">\n<h3 class=\"wp-block-heading\">N\u00fctzliche Kontakte:<\/h3>\n\n\n\n<p class=\"has-small-font-size\"><strong>Heimatverein Schale<\/strong><br>Napoleondamm 5<br>48496 Hopsten-Schale<br><br><strong>Gemeinde Hopsten<\/strong><br>Tourist-Information<br>Bunte Str. 35<br>48496 Hopsten<\/p>\n\n\n\n<figure class=\"wp-block-image size-full\"><img loading=\"lazy\" decoding=\"async\" width=\"230\" height=\"174\" src=\"https:\/\/familienforschung-tecklenburger-land.de\/wp-content\/uploads\/2023\/03\/Schale-sw-_02.jpg\" alt=\"\" class=\"wp-image-1733\"\/><figcaption class=\"wp-element-caption\">Kirche um 1891<\/figcaption><\/figure>\n\n\n\n<h3 class=\"wp-block-heading\">Ausfl\u00fcge in die Geschichte:<\/h3>\n\n\n\n<p class=\"has-small-font-size\">T\u00f6ddenmuseum Hopsten<\/p>\n\n\n\n<p class=\"has-small-font-size\">Alte Dorf-Schmiede Hopsten<\/p>\n\n\n\n<p class=\"has-small-font-size\">Museumsscheune des Heimatvereins<\/p>\n\n\n\n<p class=\"has-small-font-size\"><a href=\"http:\/\/www.biologische-station-st.de\/bsst\/startseite\/schutzgebiete\/uebersicht-naturschutzgebiete\/koffituten.html\">Koffituten<\/a>: das letzte noch lebende Hochmoor im Kreis Steinfurt<\/p>\n\n\n\n<p class=\"has-small-font-size\">Gastst\u00e4tte \u201eZur alten Post\u201c: hier sollen Friedrich der Gro\u00dfe und Napol\u00e9on Bonaparte gen\u00e4chtigt haben<\/p>\n\n\n\n<p class=\"has-small-font-size\"><a href=\"http:\/\/khbb.wordpress.com\/fotogallerie\/img_6739\/\">Messlage<\/a>: Dreil\u00e4ndereck Tecklenburg. Hier treffen sich Tecklenburg, Lingen und Osnabr\u00fcck. Dort stand eine Notkapelle, in der im 18. Jahrhundert Notgottesdienste stattfanden.<\/p>\n\n\n\n<p class=\"has-small-font-size\"><strong>Kulturlandhaus \u201eAlter Hof Lah&#8220;<\/strong><br>Zum Osteresch 3, Hopsten-Schale<br>Regelm\u00e4\u00dfig finden hier Seminare in Flachs- und Wollverarbeitung statt. An den Wochenenden ist das Hofcaf\u00e9 ge\u00f6ffnet. Man kann hier eine Sammlung alter Trachten und Hauben bewundern.<\/p>\n\n\n\n<figure class=\"wp-block-image size-full\"><img loading=\"lazy\" decoding=\"async\" width=\"230\" height=\"163\" src=\"https:\/\/familienforschung-tecklenburger-land.de\/wp-content\/uploads\/2023\/03\/Schale-Spaziergang_15.jpg\" alt=\"\" class=\"wp-image-1734\"\/><\/figure>\n\n\n\n<p><\/p>\n\n\n\n<figure class=\"wp-block-image size-full\"><img loading=\"lazy\" decoding=\"async\" width=\"230\" height=\"254\" src=\"https:\/\/familienforschung-tecklenburger-land.de\/wp-content\/uploads\/2023\/03\/Schale-sw-_06.jpg\" alt=\"\" class=\"wp-image-1735\"\/><figcaption class=\"wp-element-caption\">Das alte Kriegerdenkmal<\/figcaption><\/figure>\n\n\n\n<p><\/p>\n\n\n\n<figure class=\"wp-block-image size-full\"><img loading=\"lazy\" decoding=\"async\" width=\"230\" height=\"295\" src=\"https:\/\/familienforschung-tecklenburger-land.de\/wp-content\/uploads\/2023\/03\/Schale-Spaziergang_02.jpg\" alt=\"\" class=\"wp-image-1736\"\/><\/figure>\n\n\n\n<p><\/p>\n\n\n\n<figure class=\"wp-block-image size-full\"><img loading=\"lazy\" decoding=\"async\" width=\"230\" height=\"115\" src=\"https:\/\/familienforschung-tecklenburger-land.de\/wp-content\/uploads\/2023\/03\/Schale-sw-_03-1.jpg\" alt=\"\" class=\"wp-image-1741\"\/><\/figure>\n<\/div>\n\n\n\n<div class=\"wp-block-column is-layout-flow wp-block-column-is-layout-flow\" style=\"flex-basis:50%\">\n<h2 class=\"wp-block-heading\" id=\"Schale-Geschichte\">Zur Geschichte<\/h2>\n\n\n\n<p class=\"has-small-font-size\">Mehrere H\u00fcgelgr\u00e4ber und Urnenfunde belegen, dass Schale schon in vorgeschichtlicher Zeit besiedelt war.<\/p>\n\n\n\n<p class=\"has-small-font-size\"><strong>9. Jahrhundert:<\/strong> Priester Castus schenkte der Abtei Werden einige abtfreie H\u00f6fe in Schale: Heribern, Albern, Egmar, Aluco und Brunhard.<\/p>\n\n\n\n<p class=\"has-small-font-size\"><strong>Um 890:<\/strong> Im Werdener Abgabenverzeichnis werden folgende Namen genannt: Brunhard, Aluco, Alfbern, Wintrico, Heribern. Die H\u00f6fe, die an andere Grundherren Abgaben zahlten, sind leider nicht \u00fcberliefert.<\/p>\n\n\n\n<p class=\"has-small-font-size\"><strong>1150:<\/strong> Der Werdener Oberhof in Schapen bekam Abgaben von folgenden Schalern: Abbo, Reinoldus, Werinzo, Verderko, Burchardus, Hildesvid<\/p>\n\n\n\n<p class=\"has-small-font-size\"><strong>1200 \u2013 1250:<\/strong> Entstehung der Nachnamen \/ Hausnamen, wie zum Beispiel Gro\u00dfe Dresselhaus, Kleine Dresselhaus, Gro\u00dfe Wiemerslage, kleine Wiemerslage.<\/p>\n\n\n\n<p class=\"has-small-font-size\"><strong>1226:<\/strong> Seit diesem Jahr sind die Ritter von Schale nachweisbar. Sie geh\u00f6rten zur Tecklenburger Dienstmannschaft und lebten im 13. und 14. Jahrhundert in Schale.<\/p>\n\n\n\n<p class=\"has-small-font-size\"><strong>1250:<\/strong> Die drei petrifreien Br\u00fcder Johannes und Lambertus Zeymones und deren Vetter Heinrich Zeymones schenkten ihre H\u00f6fe dem Bischof von Osnabr\u00fcck und wanderten nach Riga aus, um dort Handel zu betreiben.&nbsp; Johannes Zeymones starb 1298 in Riga.<\/p>\n\n\n\n<p class=\"has-small-font-size\"><strong>21. Oktober<\/strong> <strong>1278:<\/strong> Stiftung des Klosters Schale durch den Osnabr\u00fccker Bischof Konrad II. von Rietberg. Das Kloster wurde mit dem Hof (Gro\u00dfe) Dresselhaus und dem Emskamp Kotten ausgestattet. Lehnsnehmer dieser Besitzungen war eine nach Riga ausgewanderte Dienstmannenfamilie Seyme (Zeymones). Drei Mitglieder dieser Familie verzichteten 1278 zu Gunsten des Kloster auf ihre Besitzrechte.<\/p>\n\n\n\n<p class=\"has-small-font-size\">Mit Zustimmung des Osnabr\u00fccker Domkapitels lie\u00df Bischof Konrad II. Nonnen aus dem nahegelegenen Stift B\u00f6rstel nach Schale kommen und \u00fcbertrug diesen die Besitzrechte.<\/p>\n\n\n\n<p class=\"has-small-font-size\"><strong>1347 \u2013 1352:<\/strong> Die Pest w\u00fctete in ganz Europa und verschonte auch Schale nicht. Die Zahl der H\u00f6fe verringerte sich um \u00fcber die H\u00e4lfte.<\/p>\n\n\n\n<p class=\"has-small-font-size\"><strong>1418:<\/strong> die H\u00f6fe Reynoldus to Schalen, Johann Bramerkamp, Wolterus de K\u00f6ster, Oytmer, Gerhardus Kulemann und Johannes Ostervincke zahlten Abgaben an die Abtei in Werden.<\/p>\n\n\n\n<p class=\"has-small-font-size\"><strong>1493:<\/strong> Teilung der Grafschaft Tecklenburg; Schale kam als Teil von Niederlingen unter die Herrschaft des Grafen Nikolaus IV von Tecklenburg.<\/p>\n\n\n\n<p class=\"has-small-font-size\"><strong>1499: <\/strong>Ablehnung der Klosterreform der Zisterzienser durch den Konvent in Schale. Die \u00c4btissin bem\u00fchte sich vergeblich die Klosterzucht wiederherzustellen, resignierte schlie\u00dflich und trat in das Kloster Gertrudenberg bei Osnabr\u00fcck ein, wo sie im Jahre 1516 als Benediktinerin starb.<\/p>\n\n\n\n<p class=\"has-small-font-size\"><strong>1526: <\/strong>Der Graf von Tecklenburg verbot allen in seinem Herrschaftsbereich Renten oder Pacht an die \u00c4btissin in Schale zu zahlen. Das Kloster verarmte.<\/p>\n\n\n\n<p class=\"has-small-font-size\"><strong>1533: <\/strong>Der Konvent in Schale bot dem Osnabr\u00fccker Bischof Franz von Waldeck das Kloster zum Kauf an. Dieser lehnte jedoch ab<\/p>\n\n\n\n<p class=\"has-small-font-size\"><strong>1534: <\/strong>Regierungsantritt Graf Konrads in der Grafschaft Tecklenburg, der sogleich das Kloster Schale mit den dazugeh\u00f6rigen L\u00e4ndereien ohne Abschluss eines g\u00fcltigen Kaufvertrages erwarb, was schon bald zu erheblichen Auseinandersetzungen mit den Osnabr\u00fccker Bisch\u00f6fen f\u00fchrte.<\/p>\n\n\n\n<p class=\"has-small-font-size\"><strong>1535: <\/strong>Beginn der Reformation.<\/p>\n\n\n\n<p class=\"has-small-font-size\"><strong>1546: <\/strong>Die Obergrafschaft Lingen wurde nach dem Schmalkaldischen Krieg von der Grafschaft Tecklenburg abgetrennt. Schale blieb Teil der Grafschaft Tecklenburg, war nun aber eine von fremden Herrschaften umgebene Exklave.<\/p>\n\n\n\n<p class=\"has-small-font-size\"><strong>1547: <\/strong>Die Klosterkirche wurde zur Pfarrkirche der Gemeinde Schale und der Ort zum selbst\u00e4ndigen Kirchspiel erhoben. Erster nachweisbarer Pfarrer der Gemeinde war Franciscus Verdt.<\/p>\n\n\n\n<p class=\"has-small-font-size\"><strong>1561: <\/strong>In Schale lebte nur eine katholische Familie, die nicht zum evangelischen Glauben \u00fcbergetreten war.<\/p>\n\n\n\n<p class=\"has-small-font-size\"><strong>1618: <\/strong>Beginn des 30j\u00e4hrigen Krieges. Die Klostergeb\u00e4ude fielen in diesem Krieg wahr-scheinlich einem Brand zum Opfer<\/p>\n\n\n\n<p class=\"has-small-font-size\"><strong>1654: <\/strong>Graf Mauritz von Tecklenburg erwarb die folgenden abtfreien H\u00f6fe in Schale: Wymerslage, Brunnecamp (Brommelkamp), Kuel Albert, Oethmerdinck, Reininck, Oistervincke, Esch Henrich und Schon Johann.<\/p>\n\n\n\n<p class=\"has-small-font-size\"><strong>1707: <\/strong>Schale wurde mit dem Verkauf der Grafschaft Tecklenburg preu\u00dfisches Territorium.<\/p>\n\n\n\n<p class=\"has-small-font-size\"><strong>1719: <\/strong>Bau des Gasthauses \u201eZur Alten Post\u201c. In dieser Gastst\u00e4tte sollen schon Friedrich der Gro\u00dfe und Napol\u00e9on Bonaparte gen\u00e4chtigt haben. Napoleons Pferd soll unter einem einsamen Baum am Napoleondamm begraben liegen. Diese \u00dcbernach-tung \u201edes alten Fritz\u201c verdeutlicht noch ein Spruch, der in dem Gasthof im Giebel eingeschrieben ist.<\/p>\n\n\n\n<p class=\"has-small-font-size\"><strong>1769:<\/strong> In Schale gibt es 75 H\u00f6fe.<\/p>\n\n\n\n<p class=\"has-small-font-size\"><strong>1788:<\/strong> Schale hatte 779 Einwohner.<\/p>\n\n\n\n<p class=\"has-small-font-size\"><strong>1809: <\/strong>Schale und Hopsten wurden gemeinsam verwaltet; Maire war Josef Veerkamp aus Hopsten<\/p>\n\n\n\n<p class=\"has-small-font-size\"><strong>1811: <\/strong>Schale wurde wieder selbstst\u00e4ndige Gemeinde und durch den Maire Friedrich Theodor Laurenz Lahrmann verwaltet.<\/p>\n\n\n\n<p class=\"has-small-font-size\"><strong>1822: <\/strong>Die Gemeinde Halverde wurde dem B\u00fcrger-meisteramt Schale zugewiesen. Die bisherigen B\u00fcrgermeister f\u00fchrten jetzt den Titel \u201eAmtmann\u201c.<\/p>\n\n\n\n<p class=\"has-small-font-size\"><strong>1824: <\/strong>Bau einer zweiklassigen Schule auf dem Grundst\u00fcck der heutigen Schule. Bis dahin stand ein einklassiges Schulgeb\u00e4ude auf dem Grundst\u00fcck der ehemaligen Gastwirtschaft Niemeyer (heute Esch).<\/p>\n\n\n\n<p class=\"has-small-font-size\"><strong>1839: <\/strong>Grenzregulierung zwischen Schale und Freren.<\/p>\n\n\n\n<p class=\"has-small-font-size\"><strong>1850: <\/strong>Beginn einer starken Auswanderungswelle aus Schale: im Jahr 1850 lebten 1600 Menschen in Schale, im Jahr 1870 nur noch 1050.<\/p>\n\n\n\n<p class=\"has-small-font-size\"><strong>1862: <\/strong>Die Schaler Kirche erhielt eine neue Orgel.<\/p>\n\n\n\n<p class=\"has-small-font-size\"><strong>18. Mai 1873: <\/strong>Ein schlimmes Unwetter mit starkem Hagelschlag verw\u00fcstete die Felder in der Gegend um Schale. Die Gesch\u00e4digten wurden von der Regierung unterst\u00fctzt.<\/p>\n\n\n\n<p class=\"has-small-font-size\"><strong>1. September 1874: <\/strong>Schale erhielt eine eigene Postagentur.<\/p>\n\n\n\n<p class=\"has-small-font-size\"><strong>1875: <\/strong>Noch immer gingen 50 bis 60 Schaler jedes Jahr nach Holland, um dort zu arbeiten.<\/p>\n\n\n\n<p class=\"has-small-font-size\"><strong>1876: <\/strong>Ein neuer Friedhof wurde angelegt.<\/p>\n\n\n\n<p class=\"has-small-font-size\"><strong>1883: <\/strong>Schale \u00fcbernahm auch die Verwaltung der Gemeinde Hopsten.<\/p>\n\n\n\n<p class=\"has-small-font-size\"><strong>1899:<\/strong> Umbau und Vergr\u00f6\u00dferung der Schaler Kirche.<\/p>\n\n\n\n<p class=\"has-small-font-size\"><strong>1917:<\/strong> Verlegung der gemeinsamen Verwaltung von Schale nach Hopsten.<\/p>\n\n\n\n<p class=\"has-small-font-size\"><strong>1926:<\/strong> Der Hof Reining brannte nieder. Hier wurde der Amtmann Friedrich Wilhelm Reining geboren.<\/p>\n\n\n\n<p class=\"has-small-font-size\"><strong>1958:<\/strong> Abbruch der alten Schaler Vogtei, sp\u00e4ter Pfarrhaus<\/p>\n\n\n\n<p class=\"has-small-font-size\"><strong>1975:<\/strong> Im Rahmen der kommunalen Neugliederung wurde die Gemeinde Schale mit den beiden anderen Gemeinden Halverde und Hopsten zur neuen Gemeinde Hopsten zusammengelegt.<\/p>\n<\/div>\n\n\n\n<div class=\"wp-block-column is-layout-flow wp-block-column-is-layout-flow\" style=\"flex-basis:25%\">\n<figure class=\"wp-block-image size-full\"><img loading=\"lazy\" decoding=\"async\" width=\"230\" height=\"279\" src=\"https:\/\/familienforschung-tecklenburger-land.de\/wp-content\/uploads\/2023\/03\/Wappen-Schale.jpg\" alt=\"\" class=\"wp-image-1723\"\/><\/figure>\n\n\n\n<h3 class=\"wp-block-heading\">Bauerschaften:<\/h3>\n\n\n\n<p class=\"has-small-font-size\">Bergstra\u00dfe, Bertlingen, Dresselhausen, H\u00e4fen, H\u00fcmmling, Langenacker, Paltenk\u00e4mpen, Schale, Wiemerslage<\/p>\n\n\n\n<h3 class=\"wp-block-heading\">Verwaltungszugeh\u00f6rigkeit<\/h3>\n\n\n\n<p class=\"has-small-font-size\">Bis 1809: Gogericht Tecklenburg<\/p>\n\n\n\n<p class=\"has-small-font-size\">20.5.1809-1811: Mairie Freren (KantonFreren)<\/p>\n\n\n\n<p class=\"has-small-font-size\">1811-1813: Mairie Schale<\/p>\n\n\n\n<p class=\"has-small-font-size\">18.11.1813-1844: B\u00fcrgermeisterei Schale<\/p>\n\n\n\n<p class=\"has-small-font-size\">29.2.1844-1851: Amt Schale<\/p>\n\n\n\n<p class=\"has-small-font-size\">27.8.1851-1856: Samtgemeinde Schale<\/p>\n\n\n\n<p class=\"has-small-font-size\">20.3.1856-1930: Amt Schale<\/p>\n\n\n\n<p class=\"has-small-font-size\">1.2.1930-1974: Amt Hopsten<\/p>\n\n\n\n<figure class=\"wp-block-image size-full\"><img loading=\"lazy\" decoding=\"async\" width=\"230\" height=\"310\" src=\"https:\/\/familienforschung-tecklenburger-land.de\/wp-content\/uploads\/2023\/03\/Schale-neu_05.jpg\" alt=\"\" class=\"wp-image-1724\" srcset=\"https:\/\/familienforschung-tecklenburger-land.de\/wp-content\/uploads\/2023\/03\/Schale-neu_05.jpg 230w, https:\/\/familienforschung-tecklenburger-land.de\/wp-content\/uploads\/2023\/03\/Schale-neu_05-223x300.jpg 223w\" sizes=\"auto, (max-width: 230px) 100vw, 230px\" \/><\/figure>\n\n\n\n<p><\/p>\n\n\n\n<figure class=\"wp-block-image size-full has-lightbox\"><img loading=\"lazy\" decoding=\"async\" width=\"480\" height=\"435\" src=\"https:\/\/familienforschung-tecklenburger-land.de\/wp-content\/uploads\/2023\/03\/Schale-Spaziergang_17.jpg\" alt=\"\" class=\"wp-image-1725\" srcset=\"https:\/\/familienforschung-tecklenburger-land.de\/wp-content\/uploads\/2023\/03\/Schale-Spaziergang_17.jpg 480w, https:\/\/familienforschung-tecklenburger-land.de\/wp-content\/uploads\/2023\/03\/Schale-Spaziergang_17-300x272.jpg 300w\" sizes=\"auto, (max-width: 480px) 100vw, 480px\" \/><\/figure>\n\n\n\n<p><\/p>\n\n\n\n<figure class=\"wp-block-image size-full\"><img loading=\"lazy\" decoding=\"async\" width=\"230\" height=\"418\" src=\"https:\/\/familienforschung-tecklenburger-land.de\/wp-content\/uploads\/2023\/03\/Schale-Spaziergang_12.jpg\" alt=\"\" class=\"wp-image-1726\" srcset=\"https:\/\/familienforschung-tecklenburger-land.de\/wp-content\/uploads\/2023\/03\/Schale-Spaziergang_12.jpg 230w, https:\/\/familienforschung-tecklenburger-land.de\/wp-content\/uploads\/2023\/03\/Schale-Spaziergang_12-165x300.jpg 165w\" sizes=\"auto, (max-width: 230px) 100vw, 230px\" \/><\/figure>\n\n\n\n<p><\/p>\n\n\n\n<figure class=\"wp-block-image size-full has-lightbox\"><img loading=\"lazy\" decoding=\"async\" width=\"230\" height=\"269\" src=\"https:\/\/familienforschung-tecklenburger-land.de\/wp-content\/uploads\/2023\/03\/Schale-sw-_01.jpg\" alt=\"\" class=\"wp-image-1728\"\/><figcaption class=\"wp-element-caption\">Ortsansicht um 1900<\/figcaption><\/figure>\n\n\n\n<p><\/p>\n\n\n\n<figure class=\"wp-block-image size-full\"><img loading=\"lazy\" decoding=\"async\" width=\"230\" height=\"202\" src=\"https:\/\/familienforschung-tecklenburger-land.de\/wp-content\/uploads\/2023\/03\/Schale-1.jpg\" alt=\"\" class=\"wp-image-1729\"\/><figcaption class=\"wp-element-caption\">Bild: Wikicommons, J.-H. Jan\u00dfen<\/figcaption><\/figure>\n\n\n\n<p><\/p>\n\n\n\n<figure class=\"wp-block-image size-full\"><img loading=\"lazy\" decoding=\"async\" width=\"230\" height=\"201\" src=\"https:\/\/familienforschung-tecklenburger-land.de\/wp-content\/uploads\/2023\/03\/Schale-4.jpg\" alt=\"\" class=\"wp-image-1730\"\/><figcaption class=\"wp-element-caption\">Hotel &#8222;Zur Alten Post&#8220;<\/figcaption><\/figure>\n\n\n\n<p><\/p>\n\n\n\n<figure class=\"wp-block-image size-full\"><img loading=\"lazy\" decoding=\"async\" width=\"230\" height=\"194\" src=\"https:\/\/familienforschung-tecklenburger-land.de\/wp-content\/uploads\/2023\/03\/Schale-Spaziergang_10.jpg\" alt=\"\" class=\"wp-image-1732\"\/><\/figure>\n<\/div>\n<\/div>\n\n\n\n<h2 class=\"wp-block-heading\" id=\"Schale-Weblinks\">Weblinks<\/h2>\n\n\n\n<div class=\"wp-block-columns is-layout-flex wp-container-core-columns-is-layout-9d6595d7 wp-block-columns-is-layout-flex\">\n<div class=\"wp-block-column is-layout-flow wp-block-column-is-layout-flow\" style=\"flex-basis:25%\">\n<figure class=\"wp-block-image size-full\"><img loading=\"lazy\" decoding=\"async\" width=\"230\" height=\"176\" src=\"https:\/\/familienforschung-tecklenburger-land.de\/wp-content\/uploads\/2023\/03\/Schale-Spaziergang_05.jpg\" alt=\"\" class=\"wp-image-1737\"\/><\/figure>\n\n\n\n<p><\/p>\n\n\n\n<figure class=\"wp-block-image size-full\"><img loading=\"lazy\" decoding=\"async\" width=\"230\" height=\"313\" src=\"https:\/\/familienforschung-tecklenburger-land.de\/wp-content\/uploads\/2023\/03\/Schale-Spaziergang_03.jpg\" alt=\"\" class=\"wp-image-1738\" srcset=\"https:\/\/familienforschung-tecklenburger-land.de\/wp-content\/uploads\/2023\/03\/Schale-Spaziergang_03.jpg 230w, https:\/\/familienforschung-tecklenburger-land.de\/wp-content\/uploads\/2023\/03\/Schale-Spaziergang_03-220x300.jpg 220w\" sizes=\"auto, (max-width: 230px) 100vw, 230px\" \/><\/figure>\n\n\n\n<p><\/p>\n<\/div>\n\n\n\n<div class=\"wp-block-column is-layout-flow wp-block-column-is-layout-flow\" style=\"flex-basis:50%\">\n<p class=\"has-small-font-size\"><a href=\"http:\/\/www.hopsten.de\/index.php?id=59\">Internetseite der Gemeinden Hopsten, Schale und Halverde<\/a><\/p>\n\n\n\n<p class=\"has-small-font-size\"><a href=\"http:\/\/www.schale.info\/\">Internetseite der Gemeinde Schale<\/a><\/p>\n\n\n\n<p class=\"has-small-font-size\"><a href=\"http:\/\/www.wandnet.de\/Deutsch\/indexg\/gd_39.html\">Private Website mit Vorfahren aus Schale (Wand)<\/a><\/p>\n\n\n\n<p class=\"has-small-font-size\"><a href=\"http:\/\/de.wikipedia.org\/wiki\/Schale_%28Westfalen%29\">Wikipedia-Artikel<\/a> \u00fcber Schale<\/p>\n\n\n\n<p class=\"has-small-font-size\"><a href=\"http:\/\/www.kulturlandhaus-schale.de\/\">Kulturlandhaus in Schale<\/a><\/p>\n\n\n\n<h3 class=\"wp-block-heading\">Allgemeine Links:<\/h3>\n\n\n\n<p class=\"has-small-font-size\"><a href=\"http:\/\/wiki-de.genealogy.net\/Hauptseite\">GenWiki:<\/a> Ein Wiki f\u00fcr Ahnenforscher.<br><br><a href=\"http:\/\/www.fotoerbe.de\/\">Fotoerbe.de<\/a>: In welchen Archiven, Museen, Bibliotheken usw. sind historische Fotografien vorhanden? Hier findet man sie in einer riesigen Datenbank.<br><br><a href=\"http:\/\/www.kirchliche-archive.de\/\">Kirchliche Archive:<\/a> \u00dcbersicht \u00fcber die deutschen Kirchenbucharchive.<br><br><a href=\"http:\/\/christoph.stoepel.net\/geogen\/v3\/\">Geogen<\/a>: Auf dieser Seite kann man Landkarten \u00fcber die Verbreitung von Familiennamen in Deutschland erstellen lassen. Besonders auff\u00e4llige Konzentrationen k\u00f6nnen auf den Ursprungsort des Namens oder der Familie hindeuten.<br><a href=\"http:\/\/www.hbol.de\/\"><br>Heimatbund Osnabr\u00fccker Land:<\/a> Hier gibt es geschichtliches \u00fcber die verschiedenen Orte. Man findet auch viele Adressen und Infos \u00fcber Vereine usw.<br><br><a href=\"http:\/\/www.lwl.org\/westfaelische-geschichte\/portal\/Internet\/haupt.php?urlNeu=\">Internet-Portal &#8222;Westf\u00e4lische Geschichte&#8220;<\/a><br><br><a href=\"http:\/\/www.archive.nrw.de\/\">Internetportal der Archive in Nordrhein-Westfalen<\/a><br><br><a href=\"http:\/\/www.westfalen-adelssitze.de\" target=\"_blank\" rel=\"noreferrer noopener\">Burgen, Schl\u00f6sser und Herrensitze in Westfalen<\/a>: Interessant, wenn man wei\u00df, welchem Herr ein Hof eigenbeh\u00f6rig war.<br><br><a href=\"http:\/\/www.wggf.de\/\">Westf\u00e4lische Gesellschaft f\u00fcr Genealogie und Familienforschung (WGGF)<\/a><\/p>\n<\/div>\n\n\n\n<div class=\"wp-block-column is-layout-flow wp-block-column-is-layout-flow\" style=\"flex-basis:25%\">\n<p class=\"has-small-font-size\"><a href=\"http:\/\/www.ladbergenlengerich.com\/browsemedia.php?mediatypeID=documents\">Namensverzeichnis der Sterbeurkunden<\/a> aus dem Tecklenburger Land. Menno de Lange hat diese Listen traskribiert. Insgesamt 16.814 Sterbeurkunden aus den Jahren 1901-1938 sind in dieser Weise schnell zug\u00e4nglich gemacht. Jede Liste enth\u00e4lt: Jahr und Nr. der Sterbeurkunde, Familienname, Vornamen, Alter und Sterbedatum.<\/p>\n\n\n\n<figure class=\"wp-block-image size-full\"><img loading=\"lazy\" decoding=\"async\" width=\"230\" height=\"345\" src=\"https:\/\/familienforschung-tecklenburger-land.de\/wp-content\/uploads\/2023\/03\/Schale-2.jpg\" alt=\"\" class=\"wp-image-1740\" srcset=\"https:\/\/familienforschung-tecklenburger-land.de\/wp-content\/uploads\/2023\/03\/Schale-2.jpg 230w, https:\/\/familienforschung-tecklenburger-land.de\/wp-content\/uploads\/2023\/03\/Schale-2-200x300.jpg 200w\" sizes=\"auto, (max-width: 230px) 100vw, 230px\" \/><figcaption class=\"wp-element-caption\">Bild: Wikicommons, B. Tasche<\/figcaption><\/figure>\n<\/div>\n<\/div>\n\n\n\n<h2 class=\"wp-block-heading\" id=\"Schale-Quellen\">Genealogische Quellen<\/h2>\n\n\n\n<div class=\"wp-block-columns is-layout-flex wp-container-core-columns-is-layout-9d6595d7 wp-block-columns-is-layout-flex\">\n<div class=\"wp-block-column is-layout-flow wp-block-column-is-layout-flow\" style=\"flex-basis:25%\">\n<h3 class=\"wp-block-heading\">Batchnummern der Mormonen (ev.)<\/h3>\n\n\n\n<p class=\"has-small-font-size\"><strong>Taufen<\/strong><br><a href=\"https:\/\/familysearch.org\/search\/record\/results?count=20&amp;query=%2Bbatch_number%3AC94614-2\">1716 \u2013 1761 = C94614-2<\/a><br><a href=\"https:\/\/familysearch.org\/search\/record\/results?count=20&amp;query=%2Bbatch_number%3AC73941-8\">1762 \u2013 1803 = C73941-8<\/a><br><a href=\"https:\/\/familysearch.org\/search\/record\/results?count=20&amp;query=%2Bbatch_number%3AC94614-3\">1802 \u2013 1815 = C94614-3<\/a><br><a href=\"https:\/\/familysearch.org\/search\/record\/results?count=20&amp;query=%2Bbatch_number%3AC94614-4\">1810 \u2013 1811 = C94614-4<\/a><br><a href=\"https:\/\/familysearch.org\/search\/record\/results?count=20&amp;query=%2Bbatch_number%3AC94614-1\">1815 \u2013 1874 = C94614-1<\/a><br><br><strong>Heiraten<\/strong><br><a href=\"https:\/\/familysearch.org\/search\/record\/results?count=20&amp;query=%2Bbatch_number%3AM94614-2\">1716 \u2013 1803 = M94614-2<\/a><br><a href=\"https:\/\/familysearch.org\/search\/record\/results?count=20&amp;query=%2Bbatch_number%3AM94614-3\">1804 \u2013 1818 = M94614-3<\/a><br><a href=\"https:\/\/familysearch.org\/search\/record\/results?count=20&amp;query=%2Bbatch_number%3AM94614-1\">1819 \u2013 1874 = M94614-1<\/a><br><a href=\"https:\/\/familysearch.org\/search\/record\/results?count=20&amp;query=%2Bbatch_number%3AM94614-4\">1875 \u2013 1885 = M94614-4<\/a><\/p>\n\n\n\n<figure class=\"wp-block-image size-full\"><img loading=\"lazy\" decoding=\"async\" width=\"230\" height=\"168\" src=\"https:\/\/familienforschung-tecklenburger-land.de\/wp-content\/uploads\/2023\/03\/Schale-neu_03.jpg\" alt=\"\" class=\"wp-image-1759\"\/><\/figure>\n\n\n\n<h3 class=\"wp-block-heading\">Findbuch Personenstandsarchiv Detmold<\/h3>\n\n\n\n<p class=\"has-small-font-size\"><a href=\"http:\/\/www.archive.nrw.de\/LAV_NRW\/jsp\/findbuch.jsp?archivNr=409&amp;id=0800&amp;tektId=1312\">P 9 \/ 15 Schale:<\/a> Der Bestand P 9 des Personenstandsarchivs Detmold umfasst die standesamtlichen Nebenregister des Regierungsbezirks M\u00fcnster f\u00fcr die Zeit vom 01.10.1874 bis 30.06.1938.<\/p>\n\n\n\n<figure class=\"wp-block-image size-full\"><img loading=\"lazy\" decoding=\"async\" width=\"230\" height=\"289\" src=\"https:\/\/familienforschung-tecklenburger-land.de\/wp-content\/uploads\/2023\/03\/Schale-Spaziergang_08.jpg\" alt=\"\" class=\"wp-image-1760\"\/><\/figure>\n\n\n\n<h3 class=\"wp-block-heading\">Preu\u00dfische Verlustliste 1866<\/h3>\n\n\n\n<p class=\"has-small-font-size\">Ausz\u00fcge aus der <a href=\"http:\/\/wiki-de.genealogy.net\/Preu%C3%9Fische_Verlustliste_1866\">Preu\u00dfischen Verlustliste von 1866<\/a> f\u00fcr die Regionen Westfalen, Niederrhein, Ruhrgebiet, Sauerland.<br>Transkribiert von Dirk Fuisting.<br><a href=\"http:\/\/www.bibliotekacyfrowa.eu\/dlibra\/docmetadata?id=16279\">Hier<\/a> findet man Digitalisate der originalen Liste (rechts auf &#8222;Show publication content&#8220; klicken)<\/p>\n<\/div>\n\n\n\n<div class=\"wp-block-column is-layout-flow wp-block-column-is-layout-flow\" style=\"flex-basis:50%\">\n<h3 class=\"wp-block-heading\">Landesarchiv NRW Abteilung Westfalen:<\/h3>\n\n\n\n<p class=\"has-small-font-size\">1774: Hypothekenbuch von Schale. <em>Bestellsignatur: Tecklenburg-Lingen, Kammerbeh\u00f6rden, Nr. 1289<\/em><br><br>1774: Lagerbuch von den Kgl. Eigenbeh\u00f6rigen der Vogtei Schale. <em>Bestellsignatur: Tecklenburg-Lingen, Kammerbeh\u00f6rden, Nr. 1290<\/em><br><br>1769: Revidiertes und rektifiziertes Feld- und Vermessungsregister von der Vogtei Schale. <em>Bestellsignatur: Tecklenburg-Lingen, Kammerbeh\u00f6rden, Nr. 1297<\/em><\/p>\n\n\n\n<p class=\"has-small-font-size\">1769: Kontributionsregister des Kirchspiels Schale pro 1769\/70, 1773\/74, 1778\/79 und 1786\/87. <em>Bestellsignatur: Tecklenburg-Lingen, Kammerbeh\u00f6rden, Nr. 1391<\/em><br><br>1575: Schatzregister f\u00fcr die Grafschaft Tecklenburg und Rheda. Enth\u00e4lt: Enth\u00e4lt:Eintragungen zu Schatzpflichtigen in Cappeln, Wersen, Lotte, Schale, Leeden, Ledde, Ladbergen, Lengerich, Lienen, Rheda (Nordrheda, Emsbauerschaft), Clarholtz, Herzebrock, Lette und Neunkirchen; Besteuerung anch Viehbesitz, Knechten und M\u00e4gden. <em>Bestellsignatur: Nr. 14<\/em><br><br>1580: Viehschatzregister f\u00fcr die Grafschaft Tecklenburg. Enth\u00e4lt: Enth\u00e4lt:Eintragungen zu Schatzpflichtigen in Lengerich, Leeden, Cappeln, Schale, Wersen, Lotte, Ledde, Ladbergen, Lienen.Darin:Auszug aus der Rechnung von Rentmeister Johann Gildemeister f\u00fcr 1584\/85 sowie weitere Rechnungsfragmente (1580-1627). <em>Bestellsignatur: Nr. 15<\/em><\/p>\n\n\n\n<p class=\"has-small-font-size\">1643: Verzeichnisse des Viehs nach Einwohnern in den Kirchspielen Lotte, Wersen, Leeden, Lienen, Ladbergen, Lengerich, Cappeln. <em>Bestellsignatur: A 196 II Grafschaft Tecklenburg, Landst\u00e4nde (Ritterschaft) &#8211; Akten Nr. 16<\/em><\/p>\n\n\n\n<p class=\"has-small-font-size\">1774: Tecklenburgische Tabakszuschlagsregister vom Ksp. Schale. <em>Bestellsignatur: Tecklenburg-Lingen, Kammerbeh\u00f6rden, Nr. 1647<\/em><br><br>1773: Pr\u00e4stationsregister von den Dom\u00e4nengef\u00e4llen, Vogtei Schale. <em>Bestellsignatur: Tecklenburg-Lingen, Kammerbeh\u00f6rden, Nr. 2148<\/em><br><br>1769: Errichtete Neubauer- und Heuerh\u00e4user im Kirchspiel Schale. <em>Bestellsignatur: Tecklenburg-Lingen, Kammerbeh\u00f6rden, Nr. 2202<\/em><\/p>\n\n\n\n<h3 class=\"wp-block-heading\">Staatsarchiv Osnabr\u00fcck:<\/h3>\n\n\n\n<p class=\"has-small-font-size\">Dep 121 b Akz. 2007\/046 Nr. 268 &#8211; Schreiben des Amtmanns Lahrmann zu Schale an den Maire Nieberg zu F\u00fcrstenau wegen Torfstichs beim Devesberg und Kortengraben hinter dem Wiegholtz &#8211; Scheidungslinie zwischen der Schalenschen und der Westermark (1809)<br><br>Rep 131 II Nr. 141 &#8211; Bewilligung von Remissionen der Gef\u00e4lle wegen der Mi\u00dfernten in der Grafschaft Lingen und im Kirchspiel Schale, Grafschaft Tecklenburg (1780)<br><br>Rep 335 Nr. 1035 &#8211; Grenzstreitigkeiten zwischen den Kirchspielen Freren und Schale und deren Regulierung Enth\u00e4lt u.a.: Verzeichnisse des Viehbestandes (1820)<br><br>Rep 335 Nr. 1031 &#8211; Grenzstreitigkeiten zwischen der Bauerschaft Settrup, Amt F\u00fcrstenau und der preu\u00dfischen Bauerschaft Schale (1819)<br><br>Rep 335 Nr. 1055 &#8211; Erneuerung der Landes- und Markengrenze vom sog. Korte-Graben bis zur schwarzen S\u00e4ule und von dort aus bis zum wei\u00dfen Graben im Kirchspiel Voltlage, Amt F\u00fcrstenau gegen die Kirchspiele Schale, Mettingen und Ostercappeln (1826)<br><br>Rep 350 F\u00fc Nr. 73 &#8211; Grenz- und Markenstreitigkeiten in der Medumer Mark zwischen den Eingesessenen des Kirchspiels F\u00fcrstenau und den tecklenburgischen Eingesessenen von Schale (1653)<br><br>Rep 350 F\u00fc Nr. 82 &#8211; Streitigkeiten \u00fcber den Verlauf der Landes- und Markengrenzen zwischen den Bauerschaften Limbergen, Weese, H\u00f6ckel und Voltlage und den Tecklenburg-Lingener Bauerschaften Recke und Schale (1799)<br><br>Rep 350 F\u00fc Nr. 93 &#8211; Enth\u00e4lt u.a.: Grenzbegehungen; Begradigung der Ahe zwischen den Bauerschaften Settrup und Schale; gemeinschaftliche Finanzierung der Reparatur der Marschbr\u00fccke; Vereinbarung \u00fcber die alleinige Unterhaltung der Marschbr\u00fccke (1862-1865)<br><br>Rep 350 F\u00fc Nr. 1103 &#8211; Vergleich zwischen den im Kirchspiel Schale wohnenden Markgenossen der Medumer Mark und den \u00fcbrigen an dieser Mark Interessierten (1733)<\/p>\n<\/div>\n\n\n\n<div class=\"wp-block-column is-layout-flow wp-block-column-is-layout-flow\" style=\"flex-basis:25%\">\n<h3 class=\"wp-block-heading\">Archive:<\/h3>\n\n\n\n<p class=\"has-small-font-size\"><a href=\"http:\/\/www.archive.nrw.de\">Bistumsarchiv M\u00fcnster<\/a><br>Georgskommende 19, 48143 M\u00fcnster<br>Telefon: 0251\/495-518<br><a href=\"mailto:bistumsarchiv@bistum-muenster.de\">E-Mail<\/a><br><br><strong>Hunsche-Archiv<\/strong><br>Brochterbecker Str. 60, 49525 Lengerich<br>F\u00f6rderverein Talaue s\u00fcdl. Tecklenburger Land<br>Tel.: 05482-1680<br><a href=\"mailto:foerderverein.talaue@osnanet.de\">E-Mail<\/a><br><br><a href=\"http:\/\/www.kreis-steinfurt.de\">Kreisarchiv Steinfurt<\/a><br>Tecklenburger Str. 10<br>48565 Steinfurt<br>Tel. 02551-692086<br><br><a href=\"http:\/\/www.der-kirchenkreis.de\">Kirchenkreis Steinfurt-Coesfeld-Borken<\/a><br>Bohlenstiege 34, 48565 Steinfurt<br>Tel.: 02551-1440<br><a href=\"mailto:info@das-kirchenportal.de\">E-Mail<\/a><br><br><strong>Kreisdekanat Steinfurt<\/strong><br>Europaring 1, 48565 Steinfurt<br>Tel.: 02551-1420<br><a href=\"mailto:kd-steinfurt@bistum-muenster.de\">E-Mail<\/a><br><br><strong><a href=\"http:\/\/www.archive.nrw.de\">Landesarchiv NRW<\/a><\/strong><br><strong>Abteilung Westfalen<\/strong><br>Bohlweg 2, 48147 M\u00fcnster<br>Telefon: 0521-48850, <a href=\"mailto:westfalen@lav.nrw.de\">E-Mail<\/a><br>\u00d6ffnungszeiten:<br>Mo &#8211; Mi, Fr. 8.30 &#8211; 16 Uhr<br>Do 8.30 &#8211; 18 Uhr<br>Aushebungen um 9, 11.30 und 14 Uhr<br><br><a href=\"http:\/\/www.archive.nrw.de\">LAV Staats- und Personenstandsarchiv Detmold<\/a><br>und Landesarchiv Nordrhein-Westfalen Abteilung Ostwestfalen-Lippe<br>Willi-Hofmann-Stra\u00dfe 2, 32756 Detmold<br><a href=\"mailto:owl@lav.nrw.de\">E-Mail<\/a><br>Tel.: 05231\/7660<br>\u00d6ffnungszeiten:<br>Mo: 8 &#8211; 19 Uhr, Di &#8211; Do: 8 &#8211; 16 Uhr<br>Fr: 8 &#8211; 13 Uhr<br>Aushebungen: Mo &#8211; Do: 9, 10, 11, 12, 13:30, 14:30 Uhr<br>Fr: 9, 10, 11:30 Uhr<br><br><strong>Landeskirchliches Archiv der Evangelischen Kirche von Westfalen<\/strong><br>Bethelplatz 2, 33617 Bielefeld<br>Telefon: 0521 594-164<br><a href=\"mailto:Archiv@LkA.EKvW.de\">E-Mail<\/a><br><br><strong>Vereinigte Westf\u00e4lische Adelsarchive e.V.<\/strong><br><strong><a href=\"http:\/\/www.lwl-archivamt.de\">LWL-Archivamt f\u00fcr Westfalen<\/a><\/strong><br>Jahnstr. 26, 48147 M\u00fcnster<br>Tel.: 0251-5913890<br><a href=\"mailto:adelsarchive@lwl.org\">E-Mail<\/a><br>\u00d6ffnungszeiten:<br>Mo &#8211; Fr: 8.30 &#8211; 18 Uhr<\/p>\n\n\n\n<figure class=\"wp-block-image size-full\"><img loading=\"lazy\" decoding=\"async\" width=\"230\" height=\"163\" src=\"https:\/\/familienforschung-tecklenburger-land.de\/wp-content\/uploads\/2023\/03\/Schale-Spaziergang_09.jpg\" alt=\"\" class=\"wp-image-1758\"\/><\/figure>\n<\/div>\n<\/div>\n\n\n\n<h2 class=\"wp-block-heading\" id=\"Schale-Fundstuecke\">Fundst\u00fccke<\/h2>\n\n\n\n<div class=\"wp-block-columns is-layout-flex wp-container-core-columns-is-layout-9d6595d7 wp-block-columns-is-layout-flex\">\n<div class=\"wp-block-column is-layout-flow wp-block-column-is-layout-flow\" style=\"flex-basis:25%\">\n<figure class=\"wp-block-image size-full\"><img loading=\"lazy\" decoding=\"async\" width=\"230\" height=\"258\" src=\"https:\/\/familienforschung-tecklenburger-land.de\/wp-content\/uploads\/2023\/03\/Schale-neu_04.jpg\" alt=\"\" class=\"wp-image-1764\"\/><\/figure>\n\n\n\n<h3 class=\"wp-block-heading\">Hauptstaatsarchiv Hannover:<\/h3>\n\n\n\n<p class=\"has-small-font-size\">Hann. 86 Celle Acc. 142\/90 (Karteikarte) Nr. 44\/58, 44\/138 &#8211; Gefangenenkarteikarte f\u00fcr <strong>Nyenhuis, Johann<\/strong>, geb. 14.11.1885 in Schale\/Tecklenburg (1944)<\/p>\n\n\n\n<figure class=\"wp-block-image size-full\"><img loading=\"lazy\" decoding=\"async\" width=\"230\" height=\"169\" src=\"https:\/\/familienforschung-tecklenburger-land.de\/wp-content\/uploads\/2023\/03\/Schale-Spaziergang_13.jpg\" alt=\"\" class=\"wp-image-1765\"\/><\/figure>\n\n\n\n<h3 class=\"wp-block-heading\">Staatsarchiv Osnabr\u00fcck:<\/h3>\n\n\n\n<p class=\"has-small-font-size\">Rep 335 Nr. 766 &#8211; <strong>Hesselbrock, Gerd Henrich Nicolaus<\/strong>, geb. 12.06.1802, Lechtrup Pf Merzen, Will sich mit der Tochter des Heuerling Lahemann in Schale am preu\u00dfischen Gericht Ibbenb\u00fcren verheiraten (1828)<br><br>Rep 335 Nr. 776 &#8211; <strong>Th\u00f6le, Johann Wilhelm<\/strong>, geb. 1815, Suttrup Pf Thuine, will sich mit Berghaus, Anna Elisabeth aus Schale verheiraten. Die Brauteltern treten dem Brautpaar eine Eignerstelle ab. Ist der 3. Sohn.<br><br>Rep 950 Frer Nr. 2 &#8211; Prozess des Jagdfiskus (Alexander August Metting f\u00fcr die Kriegs- und Dom\u00e4nenkammer), Kl\u00e4ger&nbsp; .\/.&nbsp; Ernst Friedrich Freiherrn von Ascheberg zu Venne, Beklagter, wegen Jagdgerechtigkeit auf <strong>Gut Hange im Wunnetal, Ksp. Schale<\/strong> (Reheschie\u00dfen) (1731)<br><br>Rep 950 Lin Akz. 47\/90 Nr. 209 &#8211; Vergleich der Witwe <strong>Catharina Kuck zu Schale<\/strong> mit dem Kolon Berend Varelmann zu Baccum (1812)<br><br>Rep 950 Lin Akz. 47\/90 Nr. 226 &#8211; Vergleich des <strong>Johann Gerd Kuck zu Schale<\/strong> mit dem Kolonen Herm Bernd Wellen zu Andervenne (1814)<\/p>\n\n\n\n<figure class=\"wp-block-image size-full\"><img loading=\"lazy\" decoding=\"async\" width=\"230\" height=\"310\" src=\"https:\/\/familienforschung-tecklenburger-land.de\/wp-content\/uploads\/2023\/03\/Schale-neu_05-1.jpg\" alt=\"\" class=\"wp-image-1766\" srcset=\"https:\/\/familienforschung-tecklenburger-land.de\/wp-content\/uploads\/2023\/03\/Schale-neu_05-1.jpg 230w, https:\/\/familienforschung-tecklenburger-land.de\/wp-content\/uploads\/2023\/03\/Schale-neu_05-1-223x300.jpg 223w\" sizes=\"auto, (max-width: 230px) 100vw, 230px\" \/><\/figure>\n\n\n\n<h3 class=\"wp-block-heading\">Georg Heinrich Panhorst wird gesucht<\/h3>\n\n\n\n<p class=\"has-small-font-size\"><strong>M\u00fcnsterisches Intelligenzblatt, 1842 Seite 199<\/strong><\/p>\n\n\n\n<p class=\"has-small-font-size\">Der Georg Heinrich Panhorst, geboren den 13. Mai 1805, Sohn der Eheleute Heinrich Panhorst und Anna Maria, geborne Vo\u00df, zu Schale, welcher vor vierzehn Jahren nach Holland gegangen ist, und seitdem von seinem Leben und Aufenthalte nichts hat vernehmen lassen, so wie auch seine unbekannten Erben und Erbnehmer, werden auf Antrag seiner Schwester, Anna Maria Helena Panhorst, verehelichte Giesecke, zu Schale, vorgeladen, sich innerhalb neun Monaten, sp\u00e4testens aber in dem auf den 19. Juli 1842 Vormittags 10 Uhr vor dem Herrn Landrichter Homann an hiesiger Gerichtsstelle angesetzten Termine schriftlich oder pers\u00f6nlich zu melden, widrigenfalls er f\u00fcr todt erkl\u00e4rt, und was dem anh\u00e4ngig, nach Vorschrift der Gesetze erkannt werden wird.<br>Ibbenb\u00fcren den 22. September 1841.<br>K\u00f6nigl. Preu\u00df. Land- und Stadtgericht.<br>Homann. Cramer.<\/p>\n\n\n\n<figure class=\"wp-block-image size-full\"><img loading=\"lazy\" decoding=\"async\" width=\"230\" height=\"179\" src=\"https:\/\/familienforschung-tecklenburger-land.de\/wp-content\/uploads\/2023\/03\/Schale-Spaziergang_16.jpg\" alt=\"\" class=\"wp-image-1767\"\/><figcaption class=\"wp-element-caption\">Das Kulturlandhaus<\/figcaption><\/figure>\n<\/div>\n\n\n\n<div class=\"wp-block-column is-layout-flow wp-block-column-is-layout-flow\" style=\"flex-basis:50%\">\n<h3 class=\"wp-block-heading\">Deserteure im Jahr 1851<\/h3>\n\n\n\n<p class=\"has-small-font-size\">Gefunden im <a href=\"http:\/\/sammlungen.ulb.uni-muenster.de\/hd\/periodical\/pageview\/1129225\">Amtsblatt f\u00fcr den Regierungsbezirk M\u00fcnster<\/a> (Seite 76 ff.)<\/p>\n\n\n\n<figure class=\"wp-block-image size-full has-lightbox\"><img loading=\"lazy\" decoding=\"async\" width=\"480\" height=\"479\" src=\"https:\/\/familienforschung-tecklenburger-land.de\/wp-content\/uploads\/2023\/03\/Deserteure-1851-Schale.jpg\" alt=\"\" class=\"wp-image-1762\" srcset=\"https:\/\/familienforschung-tecklenburger-land.de\/wp-content\/uploads\/2023\/03\/Deserteure-1851-Schale.jpg 480w, https:\/\/familienforschung-tecklenburger-land.de\/wp-content\/uploads\/2023\/03\/Deserteure-1851-Schale-300x300.jpg 300w, https:\/\/familienforschung-tecklenburger-land.de\/wp-content\/uploads\/2023\/03\/Deserteure-1851-Schale-150x150.jpg 150w\" sizes=\"auto, (max-width: 480px) 100vw, 480px\" \/><\/figure>\n\n\n\n<h3 class=\"wp-block-heading\">Schaler in den Niederlanden<\/h3>\n\n\n\n<p class=\"has-small-font-size\"><strong>Wir bieten umfangreiche <a href=\"https:\/\/familienforschung-tecklenburger-land.de\/index.php?id=991\">Personenlisten zum Herunterladen<\/a> an:<\/strong><\/p>\n\n\n\n<p class=\"has-small-font-size\"><a href=\"https:\/\/familienforschung-tecklenburger-land.de\/index.php?id=991\"><strong>Personen, die in der VOC gedient haben<\/strong><\/a>; aus Schale z.B. Johan Hemme, Jan Rademaker, Lambertus Marschal, Jan Geerdik, Hendrik Dresselhaus<\/p>\n\n\n\n<p class=\"has-small-font-size\"><a href=\"https:\/\/familienforschung-tecklenburger-land.de\/index.php?id=991\"><strong>Heiraten in den Niederlanden<\/strong><\/a>; mit Personen aus Schale z.B. Dannebroek, Anna Catharina; Eickelmann, Bernhardina Louise; Elfring, Frans Eberhard Heinrich; Fischer, Heinrich August; Freie, Hendrik; Freie, Johan Heinrich; Hagen, Johann Gerd; Hesselmeijer, Johan Henrich; Hold, Johann Henrich; Hu\u00ebl, Johan Hendrik; Husman, Friedrich Wilhelm; Kuhl, Johann Heinrich Arnold; Kurk, Bernard Henrich; Landmeier, Jan Hendrik; Meier, Johann Gerd; Meijrink, Gerhard; Midden, Johan Heinrich; M\u00f6ller, Gerrit; &#8230;<\/p>\n\n\n\n<h3 class=\"wp-block-heading\">Hermann Heinrich H\u00fcel und Johann Gerhard H\u00fcel<\/h3>\n\n\n\n<p class=\"has-small-font-size\"><strong>Aus dem M\u00fcnsterschen Intellgenzblatt von 1819 (Seite 102f):<\/strong><\/p>\n\n\n\n<figure class=\"wp-block-image size-full has-lightbox\"><img loading=\"lazy\" decoding=\"async\" width=\"500\" height=\"490\" src=\"https:\/\/familienforschung-tecklenburger-land.de\/wp-content\/uploads\/2023\/03\/MIB-Hueel-Joh.Gerh_.jpg\" alt=\"\" class=\"wp-image-1763\" srcset=\"https:\/\/familienforschung-tecklenburger-land.de\/wp-content\/uploads\/2023\/03\/MIB-Hueel-Joh.Gerh_.jpg 500w, https:\/\/familienforschung-tecklenburger-land.de\/wp-content\/uploads\/2023\/03\/MIB-Hueel-Joh.Gerh_-300x294.jpg 300w\" sizes=\"auto, (max-width: 500px) 100vw, 500px\" \/><\/figure>\n\n\n\n<h3 class=\"wp-block-heading\">Landesarchiv NRW Abteilung Westfalen:<\/h3>\n\n\n\n<p class=\"has-small-font-size\">1751: Eheleute <strong>Gerd Henrich Freyen und Anna geb. L\u00fceckers, Schale.<\/strong> <em>Bestellsignatur: Tecklenburg-Lingen, Gerichte, Nr. 100<\/em><\/p>\n\n\n\n<p class=\"has-small-font-size\">1788: <strong>Helene Hagen, Witwe Gerd Wilhelm Grevelmann, Schale<\/strong>. <em>Bestellsignatur: Tecklenburg-Lingen, Gerichte, Nr. 132 a<\/em><\/p>\n\n\n\n<p class=\"has-small-font-size\">1788: Beschwerden des <strong>Kolonen St\u00fcve, auch namens des Steffen, E\u00dfmann und Berkemeyer im Ksp. Schale<\/strong> wegen des dem Kolonen Dyker zu Halverde an der Schalenschen Grenze ausgewiesenen Zuschlags. <em>Bestellsignatur: Tecklenburg-Lingen, Kammerbeh\u00f6rden, Nr. 1653<\/em><\/p>\n\n\n\n<p class=\"has-small-font-size\">1779: Schuldkonsense f\u00fcr den Untertan <strong>Lohgerd zu Schale.<\/strong> <em>Bestellsignatur: Tecklenburg-Lingen, Kammerbeh\u00f6rden, Nr. 1968<\/em><\/p>\n\n\n\n<p class=\"has-small-font-size\">1727: Die ausgestorbene und dem K\u00f6nig von Preussen heimgefallene <strong>Hustedsche St\u00e4tte zu Schale.<\/strong> <em>Bestellsignatur: Tecklenburg-Lingen, Kammerbeh\u00f6rden, Nr. 2038<\/em><\/p>\n\n\n\n<p class=\"has-small-font-size\">1770: Administration der <strong>K\u00f6sterjohanns St\u00e4tte zu Schale.<\/strong> <em>Bestellsignatur: Tecklenburg-Lingen, Kammerbeh\u00f6rden, Nr. 2047 &amp; 2048<\/em><\/p>\n\n\n\n<p class=\"has-small-font-size\">1783: Das <strong>Kuhls-Kolonat zu Schale.<\/strong> <em>Bestellsignatur: Tecklenburg-Lingen, Kammerbeh\u00f6rden, Nr. 2050<\/em><\/p>\n\n\n\n<p class=\"has-small-font-size\">1790: Erbverpachtung einiger Grundst\u00fccke vom <strong>Kolon Niemeyer zu Schale<\/strong> an <strong>Lambert Hagen <\/strong>daselbst. <em>Bestellsignatur: Tecklenburg-Lingen, Kammerbeh\u00f6rden, Nr. 2072<\/em><\/p>\n\n\n\n<p class=\"has-small-font-size\">1766: Das <strong>Wildemanns-Kolonat im Kirchspiel Schale<\/strong>. <em>Bestellsignatur: Tecklenburg-Lingen, Kammerbeh\u00f6rden, Nr. 2113<\/em><\/p>\n\n\n\n<p class=\"has-small-font-size\">1788: Gesuch der Untertanen <strong>Heiterkuhl und Kons., Kirchspiel Schale<\/strong>, wegen Erlassung von Zehntabgaben. <em>Bestellsignatur: Tecklenburg-Lingen, Kammerbeh\u00f6rden, Nr. 2123<\/em><\/p>\n\n\n\n<p class=\"has-small-font-size\">1776: Erteilung der Schuldkonsense f\u00fcr den <strong>Kolonen Kernekamp in Schale.<\/strong> <em>Bestellsignatur: Kriegs- und Dom\u00e4nenkammer M\u00fcnster, Nr. 21 Nr. 114<\/em><\/p>\n\n\n\n<p class=\"has-small-font-size\">1805: Das <strong>Kobbejohanns-Kolonat zu Schale.<\/strong> <em>Bestellsignatur: Kriegs- und Dom\u00e4nenkammer M\u00fcnster, Nr. 21 Nr. 118 &amp; 119<\/em><\/p>\n\n\n\n<p class=\"has-small-font-size\">1789:Administration der <strong>K\u00fcsterjohanns St\u00e4tte zu Schale<\/strong>. <em>Bestellsignatur: Kriegs- und Dom\u00e4nenkammer M\u00fcnster, Nr. 21 Nr. 124<\/em><\/p>\n\n\n\n<p class=\"has-small-font-size\">1803: Nachgesuchte Ver\u00e4usserung einiger Grundst\u00fccke von der <strong>Meyers-St\u00e4tte zu Schale.<\/strong> <em>Bestellsignatur: Kriegs- und Dom\u00e4nenkammer M\u00fcnster, Nr. 21 Nr. 156<\/em><\/p>\n\n\n\n<p class=\"has-small-font-size\">1804: Verkauf eines Gartens von <strong>Freesen zu Schale<\/strong> an den Kaufmann <strong>Franz Franzen<\/strong> daselbst. <em>Bestellsignatur: Kriegs- und Dom\u00e4nenkammer M\u00fcnster, Nr. 21 Nr. 63<\/em><\/p>\n\n\n\n<p class=\"has-small-font-size\">1806: <strong>Gerlichs-St\u00e4tte zu Schale<\/strong>. <em>Bestellsignatur: Kriegs- und Dom\u00e4nenkammer M\u00fcnster, Nr. 21 Nr. 68<\/em><\/p>\n\n\n\n<p class=\"has-small-font-size\">Karten A 50946: Kreis Tecklenburg, Landratsamt Nr. 356, Schale (Hopsten), Entwurf einer Windm\u00fchle des <strong>Kolonen Theissen<\/strong>, Lageplan und Schnitt, 1852<\/p>\n\n\n\n<p class=\"has-small-font-size\">1767: <strong>Eheleute Johann Esch und Mary geb. Scholz, Schale<\/strong>.<em> Bestellsignatur: Tecklenburg-Lingen, Gerichte, Nr. 91<\/em><\/p>\n\n\n\n<p class=\"has-small-font-size\">1770: <strong>Johann Elfering, Schale<\/strong>. <em>Bestellsignatur: Tecklenburg-Lingen, Gerichte, Nr. 92<\/em><\/p>\n<\/div>\n\n\n\n<div class=\"wp-block-column is-layout-flow wp-block-column-is-layout-flow\" style=\"flex-basis:25%\">\n<figure class=\"wp-block-image size-full\"><img loading=\"lazy\" decoding=\"async\" width=\"480\" height=\"400\" src=\"https:\/\/familienforschung-tecklenburger-land.de\/wp-content\/uploads\/2023\/03\/Schale-Spaziergang_18.jpg\" alt=\"\" class=\"wp-image-1769\" srcset=\"https:\/\/familienforschung-tecklenburger-land.de\/wp-content\/uploads\/2023\/03\/Schale-Spaziergang_18.jpg 480w, https:\/\/familienforschung-tecklenburger-land.de\/wp-content\/uploads\/2023\/03\/Schale-Spaziergang_18-300x250.jpg 300w\" sizes=\"auto, (max-width: 480px) 100vw, 480px\" \/><\/figure>\n\n\n\n<p><\/p>\n\n\n\n<figure class=\"wp-block-image size-full has-lightbox\"><img loading=\"lazy\" decoding=\"async\" width=\"480\" height=\"726\" src=\"https:\/\/familienforschung-tecklenburger-land.de\/wp-content\/uploads\/2023\/03\/Schale-Spaziergang_19.jpg\" alt=\"\" class=\"wp-image-1770\" srcset=\"https:\/\/familienforschung-tecklenburger-land.de\/wp-content\/uploads\/2023\/03\/Schale-Spaziergang_19.jpg 480w, https:\/\/familienforschung-tecklenburger-land.de\/wp-content\/uploads\/2023\/03\/Schale-Spaziergang_19-198x300.jpg 198w\" sizes=\"auto, (max-width: 480px) 100vw, 480px\" \/><\/figure>\n\n\n\n<h3 class=\"wp-block-heading\">H\u00fcll und Kurk in Quincy, Illinois (USA)<\/h3>\n\n\n\n<p class=\"has-small-font-size\">In: &#8222;Quincy, Illinois. Immigrants from M\u00fcnsterland Vol.II (M.K. Brinkmann, ISBN <a href=\"https:\/\/familienforschung-tecklenburger-land.de\/%3Ca%20href=\">9780788450471<\/a>). Zu jeder Person sind ausf\u00fchrliche Informationen \u00fcber den Werdegang enthalten.<\/p>\n\n\n\n<p class=\"has-small-font-size\">Anna Maria Adelheid H\u00dcHL, * 13.11.1789<\/p>\n\n\n\n<p class=\"has-small-font-size\">Catharina KURK, * 25.10.1816 (Eltern: Johann Gerhard Kurk und Anna Maria Adelheid H\u00fchl)<\/p>\n\n\n\n<p class=\"has-small-font-size\">Frederika KURK, * 10.6.1831 (Eltern: Johann Gerhard Kurk und Anna Maria Adelheid H\u00fchl)<\/p>\n\n\n\n<p class=\"has-small-font-size\">Johann Gerhard (John Bernard) KURK, * 26.12.1791 (Eltern unbekannt)<\/p>\n\n\n\n<p class=\"has-small-font-size\">Johann Gerhard KURK, * 14.6.1813 (Eltern: Johann Gerhard Kurk und Anna Maria Adelheid H\u00fchl)<\/p>\n\n\n\n<p class=\"has-small-font-size\">Lambert Heinrich Hermann KURK, * 27.11.1853 (Eltern: Lambert Kurck und Anna Maria H\u00f6lscher)<\/p>\n\n\n\n<p class=\"has-small-font-size\">Louise Elis. KURK, * ca. 1827 (Eltern: Johann Gerhard Kurk und Anna Maria Adelheid H\u00fchl)<\/p>\n\n\n\n<p class=\"has-small-font-size\">Maria KURK, * 9.1.1836 (Eltern: Johann Gerhard Kurk und Anna Maria Adelheid H\u00fchl)<\/p>\n\n\n\n<h3 class=\"wp-block-heading\">Johann Kurk und sein Schwiegersohn Carl Heinecke in Adams County, Missoury<\/h3>\n\n\n\n<p class=\"has-small-font-size\"><strong>Gefunden im Buch &#8222;Von Ostfriesland nach Amerika&#8220; (Autor J\u00fcrgen Hoogstraat, ISBN 3-922365-79-5), Seite 36:<\/strong><\/p>\n\n\n\n<p class=\"has-small-font-size\">&#8222;Die ersten Siedler von Adams County, die Land von der Regierung erworben hatten, stammen aus dem Osnabr\u00fcckerland. Es waren Johann Kurk (Kuck) aus Schale und sein Schwiegersohn Carl Heinecke. Gemeinsam hatten sie 1843 eine Viertelsektion erworben. Damals haben sie nur 160 Dollar f\u00fcr die gesamte Viertelsektion bezahlt.<br><br>Als Jan Bu\u00df und Gerd Franken sich bei Ihnen von der G\u00fcte des Landes \u00fcberzeugt hatten, begaben auch sie sich zum Landb\u00fcro der Regierung&#8230;.&#8220;<\/p>\n\n\n\n<p class=\"has-small-font-size\">Auf S. 38 folgt die Beschreibung der ersten Kultivierungsarbeiten, \u201eHeinecke\u201c wird als Nachbar von Jan Bu\u00df genannt. Jan Bu\u00df hatte sich dessen Pferd ausgeliehen und das wurde bei einem Unfall get\u00f6tet\u2026. \u201eIn allen Belangen waren die Osnab\u00fccker Siedler gute Ratgeber\u2026.\u201c<\/p>\n\n\n\n<figure class=\"wp-block-image size-full\"><img loading=\"lazy\" decoding=\"async\" width=\"230\" height=\"306\" src=\"https:\/\/familienforschung-tecklenburger-land.de\/wp-content\/uploads\/2023\/03\/Schale-Spaziergang_14.jpg\" alt=\"\" class=\"wp-image-1787\" srcset=\"https:\/\/familienforschung-tecklenburger-land.de\/wp-content\/uploads\/2023\/03\/Schale-Spaziergang_14.jpg 230w, https:\/\/familienforschung-tecklenburger-land.de\/wp-content\/uploads\/2023\/03\/Schale-Spaziergang_14-225x300.jpg 225w\" sizes=\"auto, (max-width: 230px) 100vw, 230px\" \/><\/figure>\n<\/div>\n<\/div>\n\n\n\n<h2 class=\"wp-block-heading\" id=\"Schale-Karten\">Karten und Pl\u00e4ne<\/h2>\n\n\n\n<div class=\"wp-block-columns is-layout-flex wp-container-core-columns-is-layout-9d6595d7 wp-block-columns-is-layout-flex\">\n<div class=\"wp-block-column is-layout-flow wp-block-column-is-layout-flow\" style=\"flex-basis:25%\">\n<figure class=\"wp-block-image size-full has-lightbox\"><img loading=\"lazy\" decoding=\"async\" width=\"480\" height=\"503\" src=\"https:\/\/familienforschung-tecklenburger-land.de\/wp-content\/uploads\/2023\/03\/Schale-Spaziergang_07.jpg\" alt=\"\" class=\"wp-image-1775\" srcset=\"https:\/\/familienforschung-tecklenburger-land.de\/wp-content\/uploads\/2023\/03\/Schale-Spaziergang_07.jpg 480w, https:\/\/familienforschung-tecklenburger-land.de\/wp-content\/uploads\/2023\/03\/Schale-Spaziergang_07-286x300.jpg 286w\" sizes=\"auto, (max-width: 480px) 100vw, 480px\" \/><\/figure>\n\n\n\n<p><\/p>\n\n\n\n<figure class=\"wp-block-image size-full\"><img loading=\"lazy\" decoding=\"async\" width=\"230\" height=\"178\" src=\"https:\/\/familienforschung-tecklenburger-land.de\/wp-content\/uploads\/2023\/03\/Schale-5.jpg\" alt=\"\" class=\"wp-image-1776\"\/><\/figure>\n\n\n\n<h3 class=\"wp-block-heading\">Karten aus dem Tecklenburger Land:<\/h3>\n\n\n\n<p class=\"has-small-font-size\">Hier finden Sie eine Liste von Karten aus dem Tecklenburger Land und seinen Grenzgebieten mit mehr als 5300 Objekten. Hier finden Die Excel-Tabelle zum Herunterladen enth\u00e4lt die entsprechenden Signaturen bzw. Links, und Sie k\u00f6nnen sich die Karten z.B. in den Landesarchiven ansehen oder online abrufen.<\/p>\n\n\n\n<p class=\"has-small-font-size\"><a href=\"https:\/\/familienforschung-tecklenburger-land.de\/files\/Tecklenburger-Familienforschung\/Karten\/Karten Tecklenburger Land TEFAM.xls\">Link f\u00fcr den Download<\/a><\/p>\n\n\n\n<figure class=\"wp-block-image size-full\"><img loading=\"lazy\" decoding=\"async\" width=\"230\" height=\"156\" src=\"https:\/\/familienforschung-tecklenburger-land.de\/wp-content\/uploads\/2023\/03\/Schale-Spaziergang_06.jpg\" alt=\"\" class=\"wp-image-1777\"\/><\/figure>\n<\/div>\n\n\n\n<div class=\"wp-block-column is-layout-flow wp-block-column-is-layout-flow\" style=\"flex-basis:50%\">\n<h3 class=\"wp-block-heading\">Landesarchiv NRW Abteilung Westfalen:<\/h3>\n\n\n\n<p class=\"has-small-font-size\">Karten A 3987: M\u00fcnster (Reg.Bez.) &#8211; Osnabr\u00fcck (Landdrosteibezirk), Grenze gem. Reze\u00df von Iburg vom 22.12.1827. Sektion 1 und 2 Amt F\u00fcrstenau und V\u00f6rden, (Gem. Schale, Recke, Mettingen, Cappeln), 1841<br><br>Karten A 4003: M\u00fcnster (Reg.Bez.) &#8211; Osnabr\u00fcck (Landdrosteibezirk), Grenze gem. Reze\u00df von 1828, Sektion 1 Amt F\u00fcrstenau, Blatt 1 von Stein in der Me\u00dflage bis zum Stein am Kortengraben (Gem. Schale), 1841<br><br>Karten A 4004: M\u00fcnster (Reg.Bez.) &#8211; Osnabr\u00fcck (Landdrosteibezirk), Grenze gem. Reze\u00df von 1828, Sektion 1 Amt F\u00fcrstenau, Blatt 2 vom Stein am Kortengraben bis zur schwarzen S\u00e4ule (Seule) (Gem. Schale, Halverde), 1841<br><br>Karten A 50946: Kreis Tecklenburg, Landratsamt Nr. 356, Schale (Hopsten), Entwurf einer Windm\u00fchle des Kolonen Theissen, Lageplan und Schnitt, 1852<br><br>Karten A 5170: Ahe. Begradigung an der Grenze zwischen dem preu\u00dfischen Kirchspiel Schale und der hannoverschen Bauerschaft Settrup, 1819<br><br>Karten A 963: Hannover (K\u00f6nigreich), Preu\u00dfen (K\u00f6nigreich), strittiges Grenzgebiet zwischen den Kirchspielen Freren und Schale vom Stein in der Meslage bis zur roten Fahrt, 1820<\/p>\n\n\n\n<h3 class=\"wp-block-heading\">Allgemeine Links:<\/h3>\n\n\n\n<p class=\"has-small-font-size\"><a href=\"http:\/\/christoph.stoepel.net\/geogen\/v3\/\">Geogen:<\/a> Auf dieser Seite kann man Landkarten \u00fcber die Verbreitung von Familiennamen in Deutschland erstellen lassen. Besonders auff\u00e4llige Konzentrationen k\u00f6nnen auf den Ursprungsort des Namens oder der Familie hindeuten.<\/p>\n\n\n\n<p class=\"has-small-font-size\"><a href=\"http:\/\/www.gemeindeverzeichnis.de\/gem1900\/gem1900.htm?gem1900_2.htm\">Gemeindeverzeichnis.de:<\/a> Ziel dieser Webseite ist es, ein Verzeichnis aller Gemeinden und Gutsbezirke im Deutschen Reich abzubilden, welche am 1. Januar 1900 bestanden.<\/p>\n\n\n\n<p class=\"has-small-font-size\"><a href=\"http:\/\/www.posselt-landkarten.de\/\">Posselt-Landkartensammlung:<\/a> &#8222;genealogische Kartensammlung&#8220;<\/p>\n\n\n\n<p class=\"has-small-font-size\"><a href=\"http:\/\/www.kartenmeister.com\/preview\/databaseUwe.asp\">Kartenmeister:<\/a> Noch mehr historische Landkarten. Eine englische Seite.<\/p>\n\n\n\n<p class=\"has-small-font-size\"><a href=\"http:\/\/www.genlias.nl\/nl\/search.jsp\" target=\"_blank\" rel=\"noreferrer noopener\">Genlias<\/a>: Da ja viele Bewohner des Tecklenburger-, Osnabr\u00fccker-, und M\u00fcnsterlandes nach Holland ausgewandert sind, wird f\u00fcr Familienforscher diese holl\u00e4ndischen Datenbank n\u00fctzlich sein.<\/p>\n\n\n\n<p class=\"has-small-font-size\"><a href=\"http:\/\/www.lverma.nrw.de\/produkte\/topographische_karten\/historische_Karten\" target=\"_blank\" rel=\"noreferrer noopener\">Landesvermessungsamt NRW<\/a>: Auch hier gibt es historische Karten<\/p>\n\n\n\n<p class=\"has-small-font-size\"><a href=\"http:\/\/www.lwl.org\/westfaelische-geschichte\/portal\/Internet\/dokumentation\/orte_territorien\/haupt.php?urlNeu=Ja\" target=\"_blank\" rel=\"noreferrer noopener\">Internetportal &#8222;Westf\u00e4lische Geschichte<\/a>: Eine riesige Sammlung alter Karten, Pl\u00e4ne und Hintergrundinformationen<\/p>\n\n\n\n<p class=\"has-small-font-size\"><a href=\"http:\/\/greif.uni-greifswald.de\/geogreif\/?map=overview&amp;coll_id=72\" target=\"_blank\" rel=\"noreferrer noopener\">GEOGREIF<\/a>: Geographische Sammlungen der Uni Greifswald<\/p>\n<\/div>\n\n\n\n<div class=\"wp-block-column is-layout-flow wp-block-column-is-layout-flow\" style=\"flex-basis:25%\">\n<figure class=\"wp-block-image size-full\"><img loading=\"lazy\" decoding=\"async\" width=\"230\" height=\"242\" src=\"https:\/\/familienforschung-tecklenburger-land.de\/wp-content\/uploads\/2023\/03\/Schale-3.jpg\" alt=\"\" class=\"wp-image-1774\"\/><figcaption class=\"wp-element-caption\">Bild: Wikicommons, J.-H. Jan\u00dfen<\/figcaption><\/figure>\n\n\n\n<h3 class=\"wp-block-heading\">Staatsarchiv Osnabr\u00fcck:<\/h3>\n\n\n\n<p class=\"has-small-font-size\">K 33 Nr. 308 H &#8211; &#8222;Situation Plan zur Regulierung der Grenze zwischen dem kgl. Gro\u00dfbritl-Hann. und Kgl. Preu\u00df. Territorio, vom Stien in der Meslage bis zur rothen Fahrt.&#8220;. Beiderseits der von Preu\u00dfen und der von Hannover beanspruchten Grenzlinien: Flurnamen, Wege, Wasserl\u00e4ufe und H\u00e4fen. Grenzlinie zwischen Schapen und Schale. &#8211; Vgl. nr. 306 (1820)<br><br>K 33 Nr. 310 H\/R &#8211; &#8222;Spezial-Karte von der regulierten Landes-Grenze zwischen dem Kgl. Gro\u00dfbrit.Hannoverschen und Kgl.Preu\u00dfischen Territorio in den Gegenden von Salzbergen, Rheine, Spelle, Dreyerwalde, Schapen, Hopsten, Freren und Schale bis an das Kirchspiel F\u00fcrstenau.&#8220; (1825)<br><br>Rep 335 Nr. 1066 &#8211; Medumer Markenteilung und Abfindung der Eingesessenen des Kirchspiels Schale. Enth\u00e4lt u.a.: Auszug aus der Teilungskarte der Medumer Mark \u00fcber die Grenze mit der Schaler Mark und das Spatium contraversum, Osnabr\u00fccker seits, auf der sogenannten Memen-Haare (1827)<\/p>\n<\/div>\n<\/div>\n\n\n\n<h2 class=\"wp-block-heading\" id=\"Schale-Literatur\">Literatur<\/h2>\n\n\n\n<div class=\"wp-block-columns is-layout-flex wp-container-core-columns-is-layout-9d6595d7 wp-block-columns-is-layout-flex\">\n<div class=\"wp-block-column is-layout-flow wp-block-column-is-layout-flow\" style=\"flex-basis:25%\">\n<figure class=\"wp-block-image size-full\"><img loading=\"lazy\" decoding=\"async\" width=\"230\" height=\"357\" src=\"https:\/\/familienforschung-tecklenburger-land.de\/wp-content\/uploads\/2023\/03\/Festschrift-Schale-1.jpg\" alt=\"\" class=\"wp-image-1785\" srcset=\"https:\/\/familienforschung-tecklenburger-land.de\/wp-content\/uploads\/2023\/03\/Festschrift-Schale-1.jpg 230w, https:\/\/familienforschung-tecklenburger-land.de\/wp-content\/uploads\/2023\/03\/Festschrift-Schale-1-193x300.jpg 193w\" sizes=\"auto, (max-width: 230px) 100vw, 230px\" \/><\/figure>\n\n\n\n<h3 class=\"wp-block-heading\">Aufs\u00e4tze und Beitr\u00e4ge in:<\/h3>\n\n\n\n<p class=\"has-small-font-size\">Berger, Eva: 1648 &#8211; 1998. Dem Frieden die Zukunft. Sozialgeschichtliche Beitr\u00e4ge aus dem Kreis Steinfurt: der Drei\u00dfigj\u00e4hrige Krieg und die Hoffnung auf Frieden (Seiten 93, 123)<\/p>\n\n\n\n<h3 class=\"wp-block-heading\">Heimatjahrbuch des Kreises Tecklenburg:<\/h3>\n\n\n\n<p class=\"has-small-font-size\">1926: Die Abtfreien in Schale. Dr. Gro\u00dfe-Dresselhaus (S. 3)<\/p>\n<\/div>\n\n\n\n<div class=\"wp-block-column is-layout-flow wp-block-column-is-layout-flow\" style=\"flex-basis:50%\">\n<p class=\"has-small-font-size\">L\u00f6mker, Wilhelm: Schale &#8211; vor 1100 Jahren erstmals urkundlich erw\u00e4hnt; 1990<\/p>\n\n\n\n<p class=\"has-small-font-size\">Schale 890 &#8211; 1990. Beitr\u00e4ge zur Volkskultur<\/p>\n\n\n\n<p class=\"has-small-font-size\">Seegr\u00fcn, Wolfgang; Schale; 1994<\/p>\n\n\n\n<p class=\"has-small-font-size\">Dolle, R. Die Sage vom Heiligen Meer bei Hopsten in der Orts\u00fcberlieferung, in der Romantik und im Lichte der Geschichte. Ibbenb\u00fcren 1933.<\/p>\n\n\n\n<p class=\"has-small-font-size\">Tr\u00fctken-Kirsch, Heinz-J\u00fcrgen: Die Landgemeinde Schale und der Nationalsozialismus; 1991<\/p>\n\n\n\n<p class=\"has-small-font-size\">Was w\u00e4re Schale. Gemeinde Hopsten, Eigenverlag, 1991.<\/p>\n\n\n\n<p class=\"has-small-font-size\">Festschrift der Volkstanz- und Brauchtumsgruppe Schale anl\u00e4\u00dflich der Ersten Brauchtumswoche&nbsp; in Schale vom 28. Juni bis 2. Juli 1989. Redaktion: Marlies Rethmann-Musekamp, Hrsg. Volkstanz- und Brauchtumsgruppe Schale<\/p>\n\n\n\n<p class=\"has-small-font-size\">Gottfried Busse et al.: 1100 Jahre Schale. Aus 7 Jahrhunderten einer ehemaligen Klosterkirche und ihres Kirchspiels. Herausgegeben von der Gemeinde Hopsten, Hopsten 1978, 259 S.<br><br>Christa Tepe (red.) et al.: Schale. Ein Dorf stellt sich vor. Herausgegeben von der Gemeinde Hopsten. Ibbenb\u00fcrener Vereinsdruckerei, Ibbenb\u00fcren 1991, 280 S., ISBN 3-921290-54-6.<\/p>\n\n\n\n<p class=\"has-small-font-size\">Schmitz-Kallenberg. Monasticon, S. 72<\/p>\n\n\n\n<p class=\"has-small-font-size\">Bau- u. Kunstdenkm\u00e4ler, Kr. Tecklenburg, S. 93 f.<\/p>\n\n\n\n<p class=\"has-small-font-size\">Frieling. Sozial\u00f6konomische Formen der Landwirtschaft und ihre Gestaltung bei verschiedener Lage zur Industrie. Eine Untersuchung in drei Gemeinden des Kreises Tecklenburg. Dissertation Bonn 1957.<\/p>\n\n\n\n<p class=\"has-small-font-size\">K\u00f6ttker, R.: Entwicklungsgeschichtliche Kulturgeografie meines Heimatdorfes Schale. 1967<\/p>\n<\/div>\n\n\n\n<div class=\"wp-block-column is-layout-flow wp-block-column-is-layout-flow\" style=\"flex-basis:25%\">\n<figure class=\"wp-block-image size-full\"><a href=\"https:\/\/familienforschung-tecklenburger-land.de\/?page_id=845\"><img loading=\"lazy\" decoding=\"async\" width=\"551\" height=\"786\" src=\"https:\/\/familienforschung-tecklenburger-land.de\/wp-content\/uploads\/2023\/03\/2013-12-16_110643.jpg\" alt=\"\" class=\"wp-image-1781\" srcset=\"https:\/\/familienforschung-tecklenburger-land.de\/wp-content\/uploads\/2023\/03\/2013-12-16_110643.jpg 551w, https:\/\/familienforschung-tecklenburger-land.de\/wp-content\/uploads\/2023\/03\/2013-12-16_110643-210x300.jpg 210w\" sizes=\"auto, (max-width: 551px) 100vw, 551px\" \/><\/a><\/figure>\n\n\n\n<h3 class=\"wp-block-heading\">In: Westf\u00e4lischer Heimatkalender<\/h3>\n\n\n\n<p class=\"has-small-font-size\">1978: Der Pastor hielt gern eine gute Mahlzeit. Dorfleben im Tecklenburgischen um 1830. F. W. Baucks (S. 105)<\/p>\n\n\n\n<figure class=\"wp-block-image size-full\"><img loading=\"lazy\" decoding=\"async\" width=\"230\" height=\"315\" src=\"https:\/\/familienforschung-tecklenburger-land.de\/wp-content\/uploads\/2023\/03\/Schale-Spaziergang_04.jpg\" alt=\"\" class=\"wp-image-1782\" srcset=\"https:\/\/familienforschung-tecklenburger-land.de\/wp-content\/uploads\/2023\/03\/Schale-Spaziergang_04.jpg 230w, https:\/\/familienforschung-tecklenburger-land.de\/wp-content\/uploads\/2023\/03\/Schale-Spaziergang_04-219x300.jpg 219w\" sizes=\"auto, (max-width: 230px) 100vw, 230px\" \/><\/figure>\n<\/div>\n<\/div>\n\n\n\n<h2 class=\"wp-block-heading\" id=\"Schale-Suchanfragen\">Suchanfragen<\/h2>\n\n\n\n<div class=\"wp-block-columns is-layout-flex wp-container-core-columns-is-layout-9d6595d7 wp-block-columns-is-layout-flex\">\n<div class=\"wp-block-column is-layout-flow wp-block-column-is-layout-flow\" style=\"flex-basis:25%\">\n<figure class=\"wp-block-image size-full\"><img loading=\"lazy\" decoding=\"async\" width=\"230\" height=\"239\" src=\"https:\/\/familienforschung-tecklenburger-land.de\/wp-content\/uploads\/2023\/03\/Schale-Spaziergang_01.jpg\" alt=\"\" class=\"wp-image-1791\"\/><\/figure>\n\n\n\n<p><\/p>\n\n\n\n<figure class=\"wp-block-image size-full\"><img loading=\"lazy\" decoding=\"async\" width=\"230\" height=\"201\" src=\"https:\/\/familienforschung-tecklenburger-land.de\/wp-content\/uploads\/2023\/03\/Schale-4-1.jpg\" alt=\"\" class=\"wp-image-1793\"\/><figcaption class=\"wp-element-caption\">Hotel &#8222;Zur Alten Post&#8220;<\/figcaption><\/figure>\n<\/div>\n\n\n\n<div class=\"wp-block-column is-layout-flow wp-block-column-is-layout-flow\" style=\"flex-basis:50%\">\n<h3 class=\"wp-block-heading\">M\u00f6chten Sie eine Anfrage ver\u00f6ffentlichen?<\/h3>\n\n\n\n<p class=\"has-small-font-size\"><strong>Wenn jemand genealogische Kontakte kn\u00fcpfen m\u00f6chte oder Hilfe bei einem schwierigen Fall ben\u00f6tigt, ver\u00f6ffentlichen wir hier gern eine Anfrage.<\/strong><\/p>\n\n\n\n<p class=\"has-small-font-size\">Hier k\u00f6nnen Sie uns Ihre Suchanfrage \u00fcbermitteln:<\/p>\n\n\n\n<p class=\"has-small-font-size\">Sie k\u00f6nnen uns eine E-Mail mit Ihrer Suchanfrage schicken: <a href=\"mailto:admin@te-gen.de\">admin@te-gen.de<\/a> Bitte tragen Sie in die Mail ein, nach welchen Personen oder Namen Sie suchen, in welchem Ort Sie suchen, wenn Sie m\u00f6chten, Ihren Namen, welche Daten (Geburt, Heirat, Tod, andere) Ihnen vorliegen. Wenigstens ein Zeitraum w\u00e4re gut. Wir werden Ihre Anfrage dann an dieser Stelle ver\u00f6ffentlichen. Bitte beachten Sie, dass dies einige Tage dauern kann. Ihre Anfrage wird automatisch auch an unsere Mailingliste weitergeleitet.<\/p>\n<\/div>\n\n\n\n<div class=\"wp-block-column is-layout-flow wp-block-column-is-layout-flow\" style=\"flex-basis:25%\">\n<figure class=\"wp-block-image size-full\"><img loading=\"lazy\" decoding=\"async\" width=\"230\" height=\"298\" src=\"https:\/\/familienforschung-tecklenburger-land.de\/wp-content\/uploads\/2023\/03\/Schale-sw-_04.jpg\" alt=\"\" class=\"wp-image-1790\"\/><\/figure>\n\n\n\n<h3 class=\"wp-block-heading\">Berner &amp; Hembrock<\/h3>\n\n\n\n<p class=\"has-small-font-size\">Ich suche nach den Vorfahren von: <strong>Maria Theresia Berner<\/strong> (oder Benner), geb 18.10.1828 in Schale<\/p>\n\n\n\n<p class=\"has-small-font-size\">Heirat: 13.02.1849 in Schapen mit <strong>Gerd Hinrich Hembrock<\/strong><\/p>\n\n\n\n<p class=\"has-small-font-size\">Danke vorab, <a href=\"mailto:heinrichkraken@web.de\">Heinrich Kraken<\/a><\/p>\n<\/div>\n<\/div>\n","protected":false},"excerpt":{"rendered":"<p>N\u00fctzliche Kontakte: Heimatverein SchaleNapoleondamm 548496 Hopsten-Schale Gemeinde HopstenTourist-InformationBunte Str. 3548496 Hopsten Ausfl\u00fcge in die Geschichte: T\u00f6ddenmuseum Hopsten Alte Dorf-Schmiede Hopsten Museumsscheune des Heimatvereins Koffituten: das letzte noch lebende Hochmoor im Kreis Steinfurt Gastst\u00e4tte \u201eZur alten Post\u201c: hier sollen Friedrich der Gro\u00dfe und Napol\u00e9on Bonaparte gen\u00e4chtigt haben Messlage: Dreil\u00e4ndereck Tecklenburg. Hier treffen sich Tecklenburg, Lingen und&#8230;<\/p>\n","protected":false},"author":4,"featured_media":0,"parent":0,"menu_order":76,"comment_status":"closed","ping_status":"closed","template":"","meta":{"_coblocks_attr":"","_coblocks_dimensions":"","_coblocks_responsive_height":"","_coblocks_accordion_ie_support":"","footnotes":""},"class_list":["post-300","page","type-page","status-publish","hentry"],"_links":{"self":[{"href":"https:\/\/familienforschung-tecklenburger-land.de\/index.php?rest_route=\/wp\/v2\/pages\/300","targetHints":{"allow":["GET"]}}],"collection":[{"href":"https:\/\/familienforschung-tecklenburger-land.de\/index.php?rest_route=\/wp\/v2\/pages"}],"about":[{"href":"https:\/\/familienforschung-tecklenburger-land.de\/index.php?rest_route=\/wp\/v2\/types\/page"}],"author":[{"embeddable":true,"href":"https:\/\/familienforschung-tecklenburger-land.de\/index.php?rest_route=\/wp\/v2\/users\/4"}],"replies":[{"embeddable":true,"href":"https:\/\/familienforschung-tecklenburger-land.de\/index.php?rest_route=%2Fwp%2Fv2%2Fcomments&post=300"}],"version-history":[{"count":22,"href":"https:\/\/familienforschung-tecklenburger-land.de\/index.php?rest_route=\/wp\/v2\/pages\/300\/revisions"}],"predecessor-version":[{"id":1794,"href":"https:\/\/familienforschung-tecklenburger-land.de\/index.php?rest_route=\/wp\/v2\/pages\/300\/revisions\/1794"}],"wp:attachment":[{"href":"https:\/\/familienforschung-tecklenburger-land.de\/index.php?rest_route=%2Fwp%2Fv2%2Fmedia&parent=300"}],"curies":[{"name":"wp","href":"https:\/\/api.w.org\/{rel}","templated":true}]}}