{"id":282,"date":"2023-02-26T18:44:57","date_gmt":"2023-02-26T17:44:57","guid":{"rendered":"https:\/\/familienforschung-tecklenburger-land.de\/?page_id=282"},"modified":"2023-03-12T16:17:46","modified_gmt":"2023-03-12T15:17:46","slug":"ladbergen","status":"publish","type":"page","link":"https:\/\/familienforschung-tecklenburger-land.de\/?page_id=282","title":{"rendered":"Ladbergen"},"content":{"rendered":"\n<div class=\"wp-block-columns is-layout-flex wp-container-core-columns-is-layout-9d6595d7 wp-block-columns-is-layout-flex\">\n<div class=\"wp-block-column is-layout-flow wp-block-column-is-layout-flow\" style=\"flex-basis:25%\">\n<h3 class=\"wp-block-heading\">Weiteres vor Ort:<\/h3>\n\n\n\n<p class=\"has-small-font-size\"><a href=\"http:\/\/www.heimatverein-ladbergen.de\/index.php?menu-id=kontakt\">Heimatverein Ladbergen<\/a><br>Zum M\u00fchlenbach 20<br>49549 Ladbergen<\/p>\n\n\n\n<p><\/p>\n\n\n\n<figure class=\"wp-block-image size-full\"><img loading=\"lazy\" decoding=\"async\" width=\"230\" height=\"150\" src=\"https:\/\/familienforschung-tecklenburger-land.de\/wp-content\/uploads\/2023\/03\/Bild1-2.jpg\" alt=\"\" class=\"wp-image-1141\"\/><\/figure>\n\n\n\n<h3 class=\"wp-block-heading\">Ausfl\u00fcge in die Geschichte:<\/h3>\n\n\n\n<p class=\"has-small-font-size\"><strong>Schuhmachermuseum<\/strong><br>Zur Woote 51<br>49549 Ladbergen<\/p>\n\n\n\n<p class=\"has-small-font-size\"><em>Schuhmacherhandwerk im Wandel der Zeit; Schuhmode<\/em><br><br><strong>Heimatmuseum Ladbergen in der L\u00f6nsheide<\/strong><br>Am Aabach 9, 49549 Ladbergen<\/p>\n\n\n\n<p class=\"has-small-font-size\"><em>Ortsgeschichte; Gedenkst\u00e4tte Hermann L\u00f6ns; Neil Armstrong; Einrichtungsgegenst\u00e4nde b\u00e4uerl. Wohnkultur; pr\u00e4historische Funde<\/em><\/p>\n\n\n\n<p class=\"has-small-font-size\"><strong>Getreidem\u00fchle Erpenbeck<\/strong><br>Erpenbecker Stra\u00dfe<br>49549 Ladbergen<\/p>\n\n\n\n<p class=\"has-small-font-size\"><strong>F\u00fchrung mit der K\u00fcchenmagd &#8222;Use Rosa&#8220;:<\/strong> Unter dem Motto &#8222;Naturgenuss trifft Heimatkunde&#8220; versucht <a href=\"mailto:stefanie.fornfeist@gmx.de\">Stefanie Fornfeist<\/a>, ihren G\u00e4sten den Zusammenhang zwischen der t\u00e4glichen Arbeit und der Natur in fr\u00fcheren Zeiten zu verdeutlichen. Die F\u00fchrungen kann man \u00fcber die Tourist-Information, Alte Schulstr. 1 in Ladbergen buchen, Telefon-Nr. 0 54 85\/ 36 35<\/p>\n\n\n\n<figure class=\"wp-block-image size-full\"><img loading=\"lazy\" decoding=\"async\" width=\"230\" height=\"131\" src=\"https:\/\/familienforschung-tecklenburger-land.de\/wp-content\/uploads\/2023\/03\/lubahn.jpg\" alt=\"\" class=\"wp-image-1136\"\/><figcaption class=\"wp-element-caption\">Im Schuhmachermuseum in Ladbergen<\/figcaption><\/figure>\n\n\n\n<p><\/p>\n\n\n\n<figure class=\"wp-block-image size-full\"><img loading=\"lazy\" decoding=\"async\" width=\"230\" height=\"181\" src=\"https:\/\/familienforschung-tecklenburger-land.de\/wp-content\/uploads\/2023\/03\/Dorf-1930.jpg\" alt=\"\" class=\"wp-image-1137\"\/><figcaption class=\"wp-element-caption\">Das Dorf um 1930<\/figcaption><\/figure>\n\n\n\n<p><\/p>\n\n\n\n<figure class=\"wp-block-image size-full\"><img loading=\"lazy\" decoding=\"async\" width=\"230\" height=\"390\" src=\"https:\/\/familienforschung-tecklenburger-land.de\/wp-content\/uploads\/2023\/03\/Sundermann.jpg\" alt=\"\" class=\"wp-image-1138\" srcset=\"https:\/\/familienforschung-tecklenburger-land.de\/wp-content\/uploads\/2023\/03\/Sundermann.jpg 230w, https:\/\/familienforschung-tecklenburger-land.de\/wp-content\/uploads\/2023\/03\/Sundermann-177x300.jpg 177w\" sizes=\"auto, (max-width: 230px) 100vw, 230px\" \/><figcaption class=\"wp-element-caption\">Dr. Heinrich Sundermann, am 19.10.1849 in Ladbergen geboren. Er brachte die Muschel von Nias nach Ladbergen, die heute als Taufbecken genutzt wird.<\/figcaption><\/figure>\n\n\n\n<p><\/p>\n\n\n\n<figure class=\"wp-block-image size-full\"><img loading=\"lazy\" decoding=\"async\" width=\"230\" height=\"443\" src=\"https:\/\/familienforschung-tecklenburger-land.de\/wp-content\/uploads\/2023\/03\/Ladbergen-2012_9.jpg\" alt=\"\" class=\"wp-image-1139\" srcset=\"https:\/\/familienforschung-tecklenburger-land.de\/wp-content\/uploads\/2023\/03\/Ladbergen-2012_9.jpg 230w, https:\/\/familienforschung-tecklenburger-land.de\/wp-content\/uploads\/2023\/03\/Ladbergen-2012_9-156x300.jpg 156w\" sizes=\"auto, (max-width: 230px) 100vw, 230px\" \/><\/figure>\n<\/div>\n\n\n\n<div class=\"wp-block-column is-layout-flow wp-block-column-is-layout-flow\" style=\"flex-basis:50%\">\n<h3 class=\"wp-block-heading\" id=\"Ladbergen-Geschichte\">Zur Geschichte<\/h3>\n\n\n\n<p class=\"has-small-font-size\"><strong>950<\/strong><br>Erste Erw\u00e4hnung Ladbergens in einer Urkunde des Klosters Freckenhorst.<br><br><strong>1149<\/strong><br>Ladbergen wurde selbst\u00e4ndiges Kirchspiel. Vorher stand hier eine Kapelle, die zu Saerbeck geh\u00f6rte.<br><br><strong>1170<\/strong><br>Nachdem die Pfarrkirche in Ladbergen zun\u00e4chst zum Bistum M\u00fcnster geh\u00f6rte, wurde sie nun dem Bistum Osnabr\u00fcck unterstellt. (Wikipedia: <a href=\"http:\/\/de.wikipedia.org\/wiki\/Bistum_M%C3%BCnster\">Bistum M\u00fcnster<\/a> und <a href=\"http:\/\/de.wikipedia.org\/wiki\/Bistum_Osnabr%C3%BCck\">Bistum Osnabr\u00fcck<\/a>)<br><br><strong>22.5.1246<\/strong><br>Versammlung der Vertreter der St\u00e4dte M\u00fcnster, Osnabr\u00fcck, Minden und Herford in Ladbergen, um sich im Ladberger Marktbund (ein Vorl\u00e4ufer der sp\u00e4teren Hanse) zu vereinen.<br><br><strong>1400<\/strong><br>Auseinandersetzungen zwischen dem Bischof von M\u00fcnster und dem Grafen von Tecklenburg f\u00fchrten zum Verlust der westlichen Teile Ladbergens. Die Bauerschaften Schmedehausen und Westladbergen sind heute Teile der Gemeinden Greven und Saerbeck.<br><br><strong>1527<\/strong><br>Unter dem Grafen Otto von Tecklenburg wurde mit der Durchf\u00fchrung der Reformation (des lutherischen Bekenntnisses) in der Grafschaft Tecklenburg begonnen. Tecklenburg war die erste Grafschaft Westfalens, die zum Protestantismus \u00fcbertrat. Nach \u00dcberlieferungen hielt der damalige Besitzer des Schultenhofes in Ladbergen an der alten Lehre fest. Statt zum reformierten Gottesdienst zu gehen, nahm er in M\u00fcnster am katholischen Gottesdienst teil.<br><br><strong>1618 \u2013 1648<\/strong><br>Drei\u00dfigj\u00e4hriger Krieg<br><br><strong>1651<\/strong><br>Die St\u00e4nde des fr\u00fcheren f\u00fcrstbisch\u00f6flichen Amtes Horstmar schenkten dem Bischof Bernhard von Galen den &#8222;Horstmarer Napf&#8220;, auf dem die alte 1854\/55 abgebrochene Ladberger Kirche zu sehen ist.<br><br><strong>1707<\/strong><br>Ladbergen kam mit der Grafschaft Tecklenburg an Preu\u00dfen. Beginn der Ladberger Kirchenb\u00fccher.<br><br><strong>1709<\/strong><br>Erste Nachrichten \u00fcber Schulunterricht in Ladbergen. Der Unterricht fand bis zum Jahr 1770 in einer Stube in der K\u00fcsterwohnung statt.<br><br><strong>1756<\/strong><br>Die Ladberger Kirche wurde vergr\u00f6\u00dfert. Kirchmeister Snethkamp unternahm hierf\u00fcr mehrere Kollektenreisen, u. a. zu K\u00f6nig Friedrich II. nach Berlin. Einquartierung franz\u00f6sischer Soldaten in Ladbergen w\u00e4hrend des siebenj\u00e4hrigen Krieges (1756 \u2013 1763).<br><br><strong>Oktober 1758<\/strong><br>Britische Truppen quartierten sich in Ladbergen ein. Im Dorf grassierten schwere Epidemien; im Sterberegister tauchen mehr als dreimal so viele Todesf\u00e4lle wie in den Jahren zuvor und danach auf.<br><br><strong>Oktober 1806<\/strong><br>Franz\u00f6sische Truppen zogen durch Ladbergen und quartierten dort, nachdem Preu\u00dfen den Krieg gegen Frankreich verloren hatte.<br><br><strong>12. Dezember 1808<\/strong><br>Erlass im Gro\u00dfherzogtum Berg zur Abschaffung der H\u00f6rigkeit der Bauern. Wehrpflicht f\u00fcr das franz\u00f6sische Heer.<br><br><strong>1. Januar 1810<\/strong><br>Code Napol\u00e9on &#8211; Einf\u00fchrung des franz\u00f6sischen Zivilrechts und der Zivilstandsbeurkundung.<br>Trennung des Tecklenburger Landes vom Gro\u00dfherzogtum Berg und Zuordnung zum Hanseatischen Ober-Ems-Departement. <a href=\"http:\/\/de.wikipedia.org\/wiki\/Gro%C3%9Fherzogtum_Berg\">(Gro\u00dfherzogtum Berg bei Wikipedia)<\/a><br><br><strong>1812<\/strong><br>Napoleons Feldzug gegen Russland \u2013 erneut Einquartierungen franz\u00f6sischer Soldaten in Ladbergen. Einige H\u00e4user mussten bis zu 40 Mann aufnehmen, Kirchen und Schulen waren mit Kranken gef\u00fcllt.<br><br><strong>November 1813<\/strong><br>Nach der Schlacht bei Leipzig trafen nun preu\u00dfische Truppen in Ladbergen ein. Kurze Zeit sp\u00e4ter erschienen auch russische Truppen (Kosaken).<br><br><strong>1820<\/strong><br>Eine einklassige Dorfschule wurde gebaut. Unterrichtsf\u00e4cher waren Lesen, Schreiben, Rechnen, Singen und Religion.<br><br><strong>10. August 1816<\/strong><br>Das Amt\/B\u00fcrgermeisterei Ladbergen wurde dem Kreis M\u00fcnster zugeteilt.<br><br><strong>1830 \u2013 1860<\/strong><br>Erste gro\u00dfe Auswanderungswelle.<br><br><strong>5. Dezember 1831<\/strong><br>Markenteilung der Overbecker Mark und des Ladberger Sandes.<br><br><strong>1. Januar 1832<\/strong><br>Ladbergen wurde dem Kreis Tecklenburg zugeteilt.<br><br><strong>17. Dezember 1842<\/strong><br>Markenteilung der Wester und H\u00f6lter Mark, Teilungsreze\u00df in der Wirtschaft Kipp (rechtskr\u00e4ftig 3.10.1844).<br><br><strong>9. Juni 1844<\/strong><br>Hagelschlag vernichtet die gesamte Ernte und zerst\u00f6rt die Fenster an den Westseiten der Ladberger H\u00e4user.<br><br><strong>23. Februar 1849<\/strong><br>Markenteilung: Teilung der Saerbecker Mark.<br><br><strong>18. Oktober 1854<\/strong><br>Markenteilung der Strump- oder H\u00fcttruper Heide.<br><br><strong>1854\/55<\/strong><br>Abbruch der alten Ladberger Kirche und Bau einer neuen Kirche auf dem Grundst\u00fcck des Colon M\u00f6ller. Die neue Kirche bekam erst 1892 einen Turm.<br><br><strong>31. Juli 1856<\/strong><br>Einweihung der neuen Ladberger Kirche.<br><br><strong>1. M\u00e4rz 1861<\/strong><br>Markenteilung: Teilung der Zw\u00f6lfwochenwiesen in der Gemeinde Ladbergen<br><br><strong>1864 &#8211; 1868<\/strong><br>Zweite gro\u00dfe Auswanderungswelle<br><br><strong>1871<\/strong><br>51 ehemalige Ladberger Soldaten gr\u00fcndeten nach dem deutsch-franz\u00f6sischen Krieg den Kriegerverein.<\/p>\n\n\n\n<p><\/p>\n<\/div>\n\n\n\n<div class=\"wp-block-column is-layout-flow wp-block-column-is-layout-flow\" style=\"flex-basis:25%\">\n<figure class=\"wp-block-image size-full\"><img loading=\"lazy\" decoding=\"async\" width=\"230\" height=\"269\" src=\"https:\/\/familienforschung-tecklenburger-land.de\/wp-content\/uploads\/2023\/03\/Wappen-Ladbergen.jpg\" alt=\"\" class=\"wp-image-1127\"\/><\/figure>\n\n\n\n<h3 class=\"wp-block-heading\">Bauerschaften:<\/h3>\n\n\n\n<p class=\"has-small-font-size\">H\u00f6lter, Wester, Overbeck<\/p>\n\n\n\n<h3 class=\"wp-block-heading\">Verwaltungszugeh\u00f6rigkeit:<\/h3>\n\n\n\n<p class=\"has-small-font-size\"><strong>Bis 1809: <\/strong>Gogericht Tecklenburg<\/p>\n\n\n\n<p class=\"has-small-font-size\"><strong>20.5.1809-1813:<\/strong> Mairie Ladbergen<\/p>\n\n\n\n<p class=\"has-small-font-size\"><strong>18.11.1813-1843:<\/strong> B\u00fcrgermeisterei Ladbergen<\/p>\n\n\n\n<p class=\"has-small-font-size\"><strong>22.12.1843-1851:<\/strong> Amt Ladbergen<\/p>\n\n\n\n<p class=\"has-small-font-size\"><strong>26.6.1851-1856:<\/strong> Samtgemeinde Ladbergen<\/p>\n\n\n\n<p class=\"has-small-font-size\"><strong>20.3.1856-1934:<\/strong> Amt Ladbergen<\/p>\n\n\n\n<p class=\"has-small-font-size\"><strong>1.11.1934-1937:<\/strong> Kreis Tecklenburg<\/p>\n\n\n\n<p class=\"has-small-font-size\"><strong>1.04.1937-1949:<\/strong> Amt Tecklenburg<\/p>\n\n\n\n<p class=\"has-small-font-size\"><strong>1.10.1949-1974:<\/strong> Kreis Tecklenburg<\/p>\n\n\n\n<p class=\"has-small-font-size\"><strong>Seit 1975:<\/strong> Kreis Steinfurt<\/p>\n\n\n\n<figure class=\"wp-block-image size-full\"><img loading=\"lazy\" decoding=\"async\" width=\"230\" height=\"475\" src=\"https:\/\/familienforschung-tecklenburger-land.de\/wp-content\/uploads\/2023\/03\/Ladbergen-2012_16.jpg\" alt=\"\" class=\"wp-image-1128\" srcset=\"https:\/\/familienforschung-tecklenburger-land.de\/wp-content\/uploads\/2023\/03\/Ladbergen-2012_16.jpg 230w, https:\/\/familienforschung-tecklenburger-land.de\/wp-content\/uploads\/2023\/03\/Ladbergen-2012_16-145x300.jpg 145w\" sizes=\"auto, (max-width: 230px) 100vw, 230px\" \/><\/figure>\n\n\n\n<p><\/p>\n\n\n\n<figure class=\"wp-block-image size-full\"><img loading=\"lazy\" decoding=\"async\" width=\"230\" height=\"196\" src=\"https:\/\/familienforschung-tecklenburger-land.de\/wp-content\/uploads\/2023\/03\/Schoppenhorst-Werbung.jpg\" alt=\"\" class=\"wp-image-1129\"\/><\/figure>\n\n\n\n<p><\/p>\n\n\n\n<figure class=\"wp-block-image size-full\"><img loading=\"lazy\" decoding=\"async\" width=\"230\" height=\"194\" src=\"https:\/\/familienforschung-tecklenburger-land.de\/wp-content\/uploads\/2023\/03\/Ladbergen-2012_18.jpg\" alt=\"\" class=\"wp-image-1130\"\/><\/figure>\n\n\n\n<p><\/p>\n\n\n\n<figure class=\"wp-block-image size-full\"><img loading=\"lazy\" decoding=\"async\" width=\"230\" height=\"284\" src=\"https:\/\/familienforschung-tecklenburger-land.de\/wp-content\/uploads\/2023\/03\/Ladbergen-2012_3.jpg\" alt=\"\" class=\"wp-image-1132\"\/><\/figure>\n\n\n\n<p><\/p>\n\n\n\n<figure class=\"wp-block-image size-full\"><img loading=\"lazy\" decoding=\"async\" width=\"230\" height=\"165\" src=\"https:\/\/familienforschung-tecklenburger-land.de\/wp-content\/uploads\/2023\/03\/Ladbergen-2012_17.jpg\" alt=\"\" class=\"wp-image-1133\"\/><\/figure>\n\n\n\n<p><\/p>\n\n\n\n<figure class=\"wp-block-image size-full\"><img loading=\"lazy\" decoding=\"async\" width=\"230\" height=\"228\" src=\"https:\/\/familienforschung-tecklenburger-land.de\/wp-content\/uploads\/2023\/03\/Ladbergen-2012_7.jpg\" alt=\"\" class=\"wp-image-1134\" srcset=\"https:\/\/familienforschung-tecklenburger-land.de\/wp-content\/uploads\/2023\/03\/Ladbergen-2012_7.jpg 230w, https:\/\/familienforschung-tecklenburger-land.de\/wp-content\/uploads\/2023\/03\/Ladbergen-2012_7-150x150.jpg 150w\" sizes=\"auto, (max-width: 230px) 100vw, 230px\" \/><\/figure>\n<\/div>\n<\/div>\n\n\n\n<h2 class=\"wp-block-heading\" id=\"Weblinks-Ladbergen\">Weblinks \u00fcber Ladbergen<\/h2>\n\n\n\n<div class=\"wp-block-columns is-layout-flex wp-container-core-columns-is-layout-9d6595d7 wp-block-columns-is-layout-flex\">\n<div class=\"wp-block-column is-layout-flow wp-block-column-is-layout-flow\" style=\"flex-basis:25%\">\n<figure class=\"wp-block-image size-full\"><img loading=\"lazy\" decoding=\"async\" width=\"230\" height=\"140\" src=\"https:\/\/familienforschung-tecklenburger-land.de\/wp-content\/uploads\/2023\/03\/Ladbergen-Linden.jpg\" alt=\"\" class=\"wp-image-1149\"\/><figcaption class=\"wp-element-caption\">Die alten Linden in Ladbergen<\/figcaption><\/figure>\n\n\n\n<p><\/p>\n\n\n\n<figure class=\"wp-block-image size-full\"><img loading=\"lazy\" decoding=\"async\" width=\"230\" height=\"219\" src=\"https:\/\/familienforschung-tecklenburger-land.de\/wp-content\/uploads\/2023\/03\/Ladbergen-2012_4.jpg\" alt=\"\" class=\"wp-image-1150\"\/><\/figure>\n\n\n\n<p><\/p>\n\n\n\n<figure class=\"wp-block-image size-full\"><img loading=\"lazy\" decoding=\"async\" width=\"230\" height=\"235\" src=\"https:\/\/familienforschung-tecklenburger-land.de\/wp-content\/uploads\/2023\/03\/Ladbergen-2012_19.jpg\" alt=\"\" class=\"wp-image-1151\"\/><\/figure>\n\n\n\n<p><\/p>\n\n\n\n<figure class=\"wp-block-image size-full\"><img loading=\"lazy\" decoding=\"async\" width=\"230\" height=\"293\" src=\"https:\/\/familienforschung-tecklenburger-land.de\/wp-content\/uploads\/2023\/03\/Ladbergen-2012_5-3.jpg\" alt=\"\" class=\"wp-image-1152\"\/><\/figure>\n<\/div>\n\n\n\n<div class=\"wp-block-column is-layout-flow wp-block-column-is-layout-flow\" style=\"flex-basis:50%\">\n<h3 class=\"wp-block-heading\">\u00dcber Ladbergen:<\/h3>\n\n\n\n<p class=\"has-small-font-size\"><a href=\"http:\/\/www.ladbergenlengerich.com\/browsemedia.php?mediatypeID=documents\">Namensverzeichnis der Sterbeurkunden<\/a> aus dem Tecklenburger Land. Menno de Lange hat diese Listen traskribiert. Insgesamt 16.814 Sterbeurkunden aus den Jahren 1901-1938 sind in dieser Weise schnell zug\u00e4nglich gemacht. Jede Liste enth\u00e4lt: Jahr und Nr. der Sterbeurkunde, Familienname, Vornamen, Alter und Sterbedatum.<\/p>\n\n\n\n<p class=\"has-small-font-size\">Die <a href=\"http:\/\/www.fiegenbaum.org\/index.html\">Auswandererfamilie Fiegenbaum<\/a><\/p>\n\n\n\n<p class=\"has-small-font-size\"><a href=\"https:\/\/mailinglists.rootsweb.com\/listindexes\/details?list_name=deu-ladbergen\">Amerikanische Mailingliste \u00fcber Ladbergen<\/a>: Diese Mailingliste ist inaktiv seit 2018, aber das Archiv kann man noch durchsehen.<\/p>\n\n\n\n<p class=\"has-small-font-size\">Englische Seite \u00fcber den&nbsp;<a href=\"http:\/\/www.bomberhistory.co.uk\/canal_raids\/extrapages\/body2\">Kanal bei Ladbergen<\/a> im 2. Weltkrieg<\/p>\n\n\n\n<p class=\"has-small-font-size\">Webseite des <a href=\"http:\/\/www.gastwirt.de\/index.php?page=geschichte\">Gasthauses zur Post<\/a> in Ladbergen<\/p>\n\n\n\n<p class=\"has-small-font-size\"><a href=\"http:\/\/www.ladbergen.de\/\">Webseite der Gemeinde Ladbergen<\/a><\/p>\n\n\n\n<p class=\"has-small-font-size\"><a href=\"http:\/\/de.wikipedia.org\/wiki\/Ladbergen\">Wikipedia-Artikel<\/a> \u00fcber Ladbergen<\/p>\n\n\n\n<p class=\"has-small-font-size\"><a href=\"http:\/\/www.golf-ladbergen.de\/\">Golfclub Ladbergen<\/a><\/p>\n\n\n\n<p class=\"has-small-font-size\"><a href=\"http:\/\/www.waldhaus-ladbergen.de\/\">Waldhaus an de Mi\u00e4lkwellen<\/a><\/p>\n\n\n\n<p class=\"has-small-font-size\">Chronik der <a href=\"http:\/\/www.feuerwehr-ladbergen.de\">Freiwilligen Feuerwehr Ladbergen<\/a><\/p>\n\n\n\n<p class=\"has-small-font-size\"><a href=\"https:\/\/www.tsv-ladbergen.de\/startseite.html\">TSV- Ladbergen 1921 e.V.<\/a><\/p>\n\n\n\n<p class=\"has-small-font-size\"><a href=\"http:\/\/www.evangelisch-in-ladbergen.de\/\">Evangelische Kirchengemeinde Ladbergen<\/a><\/p>\n\n\n\n<h3 class=\"wp-block-heading\">Allgemeine Links:<\/h3>\n\n\n\n<p class=\"has-small-font-size\"><a href=\"http:\/\/wiki-de.genealogy.net\/Hauptseite\">GenWiki:<\/a> Ein Wiki f\u00fcr Ahnenforscher.<br><br><a href=\"http:\/\/www.fotoerbe.de\/\">Fotoerbe.de<\/a>: In welchen Archiven, Museen, Bibliotheken usw. sind historische Fotografien vorhanden? Hier findet man sie in einer riesigen Datenbank.<br><br><a href=\"http:\/\/www.kirchliche-archive.de\/\">Kirchliche Archive:<\/a> \u00dcbersicht \u00fcber die deutschen Kirchenbucharchive.<br><br><a href=\"http:\/\/christoph.stoepel.net\/geogen\/v3\/\">Geogen<\/a>: Auf dieser Seite kann man Landkarten \u00fcber die Verbreitung von Familiennamen in Deutschland erstellen lassen. Besonders auff\u00e4llige Konzentrationen k\u00f6nnen auf den Ursprungsort des Namens oder der Familie hindeuten.<br><a href=\"http:\/\/www.hbol.de\/\"><br>Heimatbund Osnabr\u00fccker Land:<\/a> Hier gibt es geschichtliches \u00fcber die verschiedenen Orte. Man findet auch viele Adressen und Infos \u00fcber Vereine usw.<br><br><a href=\"http:\/\/www.lwl.org\/westfaelische-geschichte\/portal\/Internet\/haupt.php?urlNeu=\">Internet-Portal &#8222;Westf\u00e4lische Geschichte&#8220;<\/a><br><br><a href=\"http:\/\/www.archive.nrw.de\/\">Internetportal der Archive in Nordrhein-Westfalen<\/a><br><br><a href=\"http:\/\/www.westfalen-adelssitze.de\" target=\"_blank\" rel=\"noreferrer noopener\">Burgen, Schl\u00f6sser und Herrensitze in Westfalen<\/a>: Interessant, wenn man wei\u00df, welchem Herr ein Hof eigenbeh\u00f6rig war.<br><br><a href=\"http:\/\/www.wggf.de\/\">Westf\u00e4lische Gesellschaft f\u00fcr Genealogie und Familienforschung (WGGF)<\/a><\/p>\n<\/div>\n\n\n\n<div class=\"wp-block-column is-layout-flow wp-block-column-is-layout-flow\" style=\"flex-basis:25%\">\n<h3 class=\"wp-block-heading\">Johanntosettel Family Tree:<\/h3>\n\n\n\n<p class=\"has-small-font-size\">Die <a href=\"http:\/\/www.ladbergenlengerich.com\/\">Webseite<\/a> von Menno de Lange enth\u00e4lt viel \u00fcber Einwohner von Ladbergen zwischen 1700 und 1900.<\/p>\n\n\n\n<figure class=\"wp-block-image size-full\"><img loading=\"lazy\" decoding=\"async\" width=\"230\" height=\"219\" src=\"https:\/\/familienforschung-tecklenburger-land.de\/wp-content\/uploads\/2023\/03\/1-Afrouper.jpg\" alt=\"\" class=\"wp-image-1143\"\/><figcaption class=\"wp-element-caption\">Der Afrouper in Ladbergen<\/figcaption><\/figure>\n\n\n\n<h3 class=\"wp-block-heading\">Transkribierte Kirchenb\u00fccher<\/h3>\n\n\n\n<p class=\"has-small-font-size\">In seiner Freizeit hat Peter Dowidat diverse Evangelische Kirchenb\u00fccher aus der Region s\u00fcdliches Tecklenburger Land transkribiert. (<a href=\"https:\/\/www.dowidat.net\/kb.htm\">Link<\/a>)<\/p>\n\n\n\n<figure class=\"wp-block-image size-full\"><img loading=\"lazy\" decoding=\"async\" width=\"230\" height=\"165\" src=\"https:\/\/familienforschung-tecklenburger-land.de\/wp-content\/uploads\/2023\/03\/Zur-Post-Ladbergen.jpg\" alt=\"\" class=\"wp-image-1144\"\/><\/figure>\n\n\n\n<p><\/p>\n\n\n\n<figure class=\"wp-block-image size-full\"><img loading=\"lazy\" decoding=\"async\" width=\"230\" height=\"225\" src=\"https:\/\/familienforschung-tecklenburger-land.de\/wp-content\/uploads\/2023\/03\/Ladbergen-2012_6.jpg\" alt=\"\" class=\"wp-image-1146\"\/><\/figure>\n<\/div>\n<\/div>\n\n\n\n<h2 class=\"wp-block-heading\" id=\"Quellen-Ladbergen\">Genealogische Quellen \u00fcber Ladbergen<\/h2>\n\n\n\n<div class=\"wp-block-columns is-layout-flex wp-container-core-columns-is-layout-9d6595d7 wp-block-columns-is-layout-flex\">\n<div class=\"wp-block-column is-layout-flow wp-block-column-is-layout-flow\" style=\"flex-basis:25%\">\n<h3 class=\"wp-block-heading\">Findbuch Personenstandsarchiv Detmold<\/h3>\n\n\n\n<p class=\"has-small-font-size\"><a href=\"https:\/\/www.archive.nrw.de\/archivsuche?link=FINDBUCH-Fb_5C4B918F-9DBF-4E64-A6D9-230A187F1C43\">P 9 \/ 15 Ladbergen: <\/a>Der Bestand P 9 des Personenstandsarchivs Detmold umfasst die standesamtlichen Nebenregister des Regierungsbezirks M\u00fcnster f\u00fcr die Zeit vom 01.10.1874 bis 30.06.1938.<\/p>\n\n\n\n<h3 class=\"wp-block-heading\">Preu\u00dfische Verlustliste 1866<\/h3>\n\n\n\n<p class=\"has-small-font-size\">Ausz\u00fcge aus der <a href=\"http:\/\/wiki-de.genealogy.net\/Preu%C3%9Fische_Verlustliste_1866\">Preu\u00dfischen Verlustliste von 1866<\/a> f\u00fcr die Regionen Westfalen, Niederrhein, Ruhrgebiet, Sauerland.<br>Transkribiert von Dirk Fuisting.<br><a href=\"http:\/\/www.bibliotekacyfrowa.eu\/dlibra\/docmetadata?id=16279\">Hier<\/a> findet man Digitalisate der originalen Liste (rechts auf &#8222;Show publication content&#8220; klicken)<\/p>\n\n\n\n<figure class=\"wp-block-image size-full\"><img loading=\"lazy\" decoding=\"async\" width=\"230\" height=\"125\" src=\"https:\/\/familienforschung-tecklenburger-land.de\/wp-content\/uploads\/2023\/03\/Ladbergen-2012_20.jpg\" alt=\"\" class=\"wp-image-1159\"\/><\/figure>\n<\/div>\n\n\n\n<div class=\"wp-block-column is-layout-flow wp-block-column-is-layout-flow\" style=\"flex-basis:50%\">\n<h3 class=\"wp-block-heading\">Evangelische Kirchenb\u00fccher<\/h3>\n\n\n\n<p class=\"has-small-font-size\">Die Kirchenb\u00fccher finden Sie auf Mikrofiche im Kreiskirchenamt Tecklenburg in Lengerich (Benutzung nur nach Voranmeldung m\u00f6glich) sowie beim <a href=\"http:\/\/www.ekvw.de\/\">Landeskirchenamt in Bielefeld<\/a>, auch hier empfiehlt sich eine Voranmeldung.<\/p>\n\n\n\n<p class=\"has-small-font-size\"><strong>Taufen: 1708 &#8211; ca. 1873<\/strong><br><strong>Heiraten: 1713 &#8211; ca. 1873 (1808 &#8211; 1809 fehlen)<\/strong><br><strong>Beerdigungen: 1713 &#8211; ca. 1873<\/strong><\/p>\n\n\n\n<h3 class=\"wp-block-heading\">Urkundenregesten in der Digitalen Westf\u00e4lischen Urkunden-Datenbank (DWUD)<\/h3>\n\n\n\n<p class=\"has-small-font-size\"><a href=\"http:\/\/www.lwl.org\/westfaelische-geschichte\/portal\/Internet\/urkunden_datenbank\/suche\/saveform.php?best_id=141&amp;urlFeldauswahlSuchePerson=&amp;urlSuchtextPerson=&amp;urlSuchtextFunktion=&amp;suchbereich=regesten&amp;suchfeld=Kreis%20Steinfurt&amp;ohne_suchtext_suchen=J&amp;suche_verfeinern=N&amp;frmBoolescheoperation=\">585 Regestern vom Archiv &#8222;Loburg&#8220;<\/a><\/p>\n\n\n\n<p class=\"has-small-font-size\"><a href=\"http:\/\/www.lwl.org\/westfaelische-geschichte\/portal\/Internet\/urkunden_datenbank\/suche\/saveform.php?best_id=148&amp;urlFeldauswahlSuchePerson=&amp;urlSuchtextPerson=&amp;urlSuchtextFunktion=&amp;suchbereich=regesten&amp;suchfeld=Kreis%20Steinfurt&amp;ohne_suchtext_suchen=J&amp;suche_verfeinern=N&amp;frmBoolescheoperation=\">174 Regesten vom Archiv &#8222;Marck&#8220;<\/a><\/p>\n\n\n\n<h3 class=\"wp-block-heading\">Landesarchiv NRW Abteilung Westfalen:<\/h3>\n\n\n\n<p class=\"has-small-font-size\">1575: Schatzregister f\u00fcr die Grafschaft Tecklenburg und Rheda. Enth\u00e4lt: Enth\u00e4lt:Eintragungen zu Schatzpflichtigen in Cappeln, Wersen, Lotte, Schale, Leeden, Ledde, Ladbergen, Lengerich, Lienen, Rheda (Nordrheda, Emsbauerschaft), Clarholtz, Herzebrock, Lette und Neunkirchen; Besteuerung anch Viehbesitz, Knechten und M\u00e4gden. <em>Bestellsignatur: Nr. 14<\/em><br><br>1580: Viehschatzregister f\u00fcr die Grafschaft Tecklenburg. Enth\u00e4lt: Enth\u00e4lt:Eintragungen zu Schatzpflichtigen in Lengerich, Leeden, Cappeln, Schale, Wersen, Lotte, Ledde, Ladbergen, Lienen.Darin:Auszug aus der Rechnung von Rentmeister Johann Gildemeister f\u00fcr 1584\/85 sowie weitere Rechnungsfragmente (1580-1627). <em>Bestellsignatur: Nr. 15<\/em><br><br>1643: Viehliste f\u00fcr Schatzungszwecke. Enth\u00e4lt: Enth\u00e4lt:Verzeichnisse des Viehs nach Einwohnern in den Kirchspielen Lotte, Wersen, Leeden, Lienen, Ladbergen, Lengerich, Cappeln. <em>Bestellsignatur: Nr. 16<\/em><br><br>1801: Abnahme der Kontributionsrechnungen der Vogtei Ladbergen, Grafschaft Tecklenburg pro 1800-1806. <em>Bestellsignatur: Kriegs- und Dom\u00e4nenkammer M\u00fcnster, Nr. 17 Nr. 51<\/em><br><br>1808: Hypothekenbuch des Kirchspiels Ladbergen. <em>Bestellsignatur: Kriegs- und Dom\u00e4nenkammer M\u00fcnster, Nr. 2 Nr. 53<\/em><br><br>A 11 Bd. 4 Verein f\u00fcr Geschichte und Altertumskunde Westfalens, Abteilung M\u00fcnster (Dep.) &#8211; Handschriften: 386 Bd. 5: Testamente, Obligationen, Rechnungen. Enth\u00e4lt: Lehnbrief Johann Heinrich Vo\u00df, Burgmann zum Deich, Quakenbr\u00fcck und Hamm, f\u00fcr Gerhard v. Dinklage zu Loxten \u00fcber Zehnten und Erben im Ksp. Ladbergen (Kopie).<\/p>\n\n\n\n<h3 class=\"wp-block-heading\">Willi Untiet: Mit Guth und Blut eigen<\/h3>\n\n\n\n<p class=\"has-small-font-size\">B\u00e4uerliches Leben in Ladbergen vor 1900, (1. Archivbericht), Selbstverlag, Ladbergen 1993<\/p>\n\n\n\n<p class=\"has-small-font-size\">Herausgegeben bzw. gef\u00f6rdert durch den <a href=\"http:\/\/www.heimatverein-ladbergen.de\/index.php?menu-id=buecher\">Heimatverein Ladbergen<\/a><\/p>\n\n\n\n<h3 class=\"wp-block-heading\">Hans Berlemann: Auswanderer der Gemeinde 1830-1930<\/h3>\n\n\n\n<p class=\"has-small-font-size\">(2. Archivbericht), Selbstverlag, Ladbergen 1995<\/p>\n\n\n\n<p class=\"has-small-font-size\">Herausgegeben bzw. gef\u00f6rdert durch den <a href=\"http:\/\/www.heimatverein-ladbergen.de\/index.php?menu-id=buecher\">Heimatverein Ladbergen<\/a><\/p>\n<\/div>\n\n\n\n<div class=\"wp-block-column is-layout-flow wp-block-column-is-layout-flow\" style=\"flex-basis:25%\">\n<h3 class=\"wp-block-heading\">Archive:<\/h3>\n\n\n\n<p class=\"has-small-font-size\"><a href=\"http:\/\/www.archive.nrw.de\">Bistumsarchiv M\u00fcnster<\/a><br>Georgskommende 19, 48143 M\u00fcnster<br>Telefon: 0251\/495-518<br><a href=\"mailto:bistumsarchiv@bistum-muenster.de\">E-Mail<\/a><br><br><strong>Hunsche-Archiv<\/strong><br>Brochterbecker Str. 60, 49525 Lengerich<br>F\u00f6rderverein Talaue s\u00fcdl. Tecklenburger Land<br>Tel.: 05482-1680<br><a href=\"mailto:foerderverein.talaue@osnanet.de\">E-Mail<\/a><br><br><a href=\"http:\/\/www.kreis-steinfurt.de\">Kreisarchiv Steinfurt<\/a><br>Tecklenburger Str. 10<br>48565 Steinfurt<br>Tel. 02551-692086<br><br><a href=\"http:\/\/www.der-kirchenkreis.de\">Kirchenkreis Steinfurt-Coesfeld-Borken<\/a><br>Bohlenstiege 34, 48565 Steinfurt<br>Tel.: 02551-1440<br><a href=\"mailto:info@das-kirchenportal.de\">E-Mail<\/a><br><br><strong>Kreisdekanat Steinfurt<\/strong><br>Europaring 1, 48565 Steinfurt<br>Tel.: 02551-1420<br><a href=\"mailto:kd-steinfurt@bistum-muenster.de\">E-Mail<\/a><br><br><strong><a href=\"http:\/\/www.archive.nrw.de\">Landesarchiv NRW<\/a><\/strong><br><strong>Abteilung Westfalen<\/strong><br>Bohlweg 2, 48147 M\u00fcnster<br>Telefon: 0521-48850, <a href=\"mailto:westfalen@lav.nrw.de\">E-Mail<\/a><br>\u00d6ffnungszeiten:<br>Mo &#8211; Mi, Fr. 8.30 &#8211; 16 Uhr<br>Do 8.30 &#8211; 18 Uhr<br>Aushebungen um 9, 11.30 und 14 Uhr<br><br><a href=\"http:\/\/www.archive.nrw.de\">LAV Staats- und Personenstandsarchiv Detmold<\/a><br>und Landesarchiv Nordrhein-Westfalen Abteilung Ostwestfalen-Lippe<br>Willi-Hofmann-Stra\u00dfe 2, 32756 Detmold<br><a href=\"mailto:owl@lav.nrw.de\">E-Mail<\/a><br>Tel.: 05231\/7660<br>\u00d6ffnungszeiten:<br>Mo: 8 &#8211; 19 Uhr, Di &#8211; Do: 8 &#8211; 16 Uhr<br>Fr: 8 &#8211; 13 Uhr<br>Aushebungen: Mo &#8211; Do: 9, 10, 11, 12, 13:30, 14:30 Uhr<br>Fr: 9, 10, 11:30 Uhr<br><br><strong>Landeskirchliches Archiv der Evangelischen Kirche von Westfalen<\/strong><br>Bethelplatz 2, 33617 Bielefeld<br>Telefon: 0521 594-164<br><a href=\"mailto:Archiv@LkA.EKvW.de\">E-Mail<\/a><br><br><strong>Vereinigte Westf\u00e4lische Adelsarchive e.V.<\/strong><br><strong><a href=\"http:\/\/www.lwl-archivamt.de\">LWL-Archivamt f\u00fcr Westfalen<\/a><\/strong><br>Jahnstr. 26, 48147 M\u00fcnster<br>Tel.: 0251-5913890<br><a href=\"mailto:adelsarchive@lwl.org\">E-Mail<\/a><br>\u00d6ffnungszeiten:<br>Mo &#8211; Fr: 8.30 &#8211; 18 Uhr<\/p>\n\n\n\n<p class=\"has-small-font-size\"><strong>Gemeindearchiv Ladbergen<\/strong><br>Jahnstra\u00dfe 5, 49549 Ladbergen<br>Telefon: 05485\/81-22<br>schroeer@Ladbergen.de<br>williuntiet@gmx.de<\/p>\n<\/div>\n<\/div>\n\n\n\n<h2 class=\"wp-block-heading\" id=\"Ladberger-Fundstuecke\">Fundst\u00fccke aus Ladbergen<\/h2>\n\n\n\n<div class=\"wp-block-columns is-layout-flex wp-container-core-columns-is-layout-9d6595d7 wp-block-columns-is-layout-flex\">\n<div class=\"wp-block-column is-layout-flow wp-block-column-is-layout-flow\" style=\"flex-basis:25%\">\n<figure class=\"wp-block-image size-full\"><img loading=\"lazy\" decoding=\"async\" width=\"230\" height=\"424\" src=\"https:\/\/familienforschung-tecklenburger-land.de\/wp-content\/uploads\/2023\/03\/Tafel-Ladbergen-Hildebrand.jpg\" alt=\"\" class=\"wp-image-1165\" srcset=\"https:\/\/familienforschung-tecklenburger-land.de\/wp-content\/uploads\/2023\/03\/Tafel-Ladbergen-Hildebrand.jpg 230w, https:\/\/familienforschung-tecklenburger-land.de\/wp-content\/uploads\/2023\/03\/Tafel-Ladbergen-Hildebrand-163x300.jpg 163w\" sizes=\"auto, (max-width: 230px) 100vw, 230px\" \/><\/figure>\n\n\n\n<h3 class=\"wp-block-heading\">Weddendorf, Kuckhermann:<\/h3>\n\n\n\n<p class=\"has-small-font-size\">Zufallsfunde im <a href=\"http:\/\/wiki-de.genealogy.net\/Ladbergen\/Zufallsfunde\">GenWiki<\/a>: Weddendorf, Kuckhermann<\/p>\n\n\n\n<figure class=\"wp-block-image size-full\"><img loading=\"lazy\" decoding=\"async\" width=\"230\" height=\"162\" src=\"https:\/\/familienforschung-tecklenburger-land.de\/wp-content\/uploads\/2023\/03\/Telgter-Damm-1950.jpg\" alt=\"\" class=\"wp-image-1173\"\/><figcaption class=\"wp-element-caption\">Der Telgter Damm um 1950<\/figcaption><\/figure>\n\n\n\n<h3 class=\"wp-block-heading\">Herman Heinrich Aufderhaar<\/h3>\n\n\n\n<p class=\"has-small-font-size\"><strong>Zufallsfund aus Algemeen Politie-Blad van het Koningrijk der Nederlanden 1861 (<\/strong>Seite 906: \u201cVerd\u00e4chtige Ausl\u00e4nder)<\/p>\n\n\n\n<p class=\"has-small-font-size\">Auf Veranlassung des Hofpolizeikommissars zu Rotterdam ist<\/p>\n\n\n\n<p class=\"has-small-font-size\">AUFDERHAAR, Herman Heinrich<\/p>\n\n\n\n<p class=\"has-small-font-size\">nach Angabe 51 Jahre alt<\/p>\n\n\n\n<p class=\"has-small-font-size\">Bauernknecht<\/p>\n\n\n\n<p class=\"has-small-font-size\">geboren und wohnhaft zu Ladbergen (Preu\u00dfen)<\/p>\n\n\n\n<p class=\"has-small-font-size\">1,76 el gro\u00df (entspricht Meter)<\/p>\n\n\n\n<p class=\"has-small-font-size\">Gesicht: rund, Farbe: gew\u00f6hnlich<\/p>\n\n\n\n<p class=\"has-small-font-size\">Haare, Augenbrauen und Backenbart: blond<\/p>\n\n\n\n<p class=\"has-small-font-size\">Augen: blau,Stirn: rund<\/p>\n\n\n\n<p class=\"has-small-font-size\">Nase: gro\u00df und rot<\/p>\n\n\n\n<p class=\"has-small-font-size\">Mund: gro\u00df, Kinn: rund<\/p>\n\n\n\n<p class=\"has-small-font-size\">am 17. Oktober nach Emmerich ausgewiesen worden, weil er weder Ausweispapiere noch Geld, noch Mittel zum Auskommen hatte.\u201d<\/p>\n\n\n\n<p class=\"has-small-font-size\">M\u00f6glicherweise ist diese Person identisch mit Herm Hendrik AUF DER HAAR * vor 1820 in Ladbergen aus dem Ortsfamilienbuch Ohne (siehe Spurensuche \u201c<a href=\"https:\/\/familienforschung-tecklenburger-land.de\/index.php?id=174\">Ladbergen<\/a>\u201d, Seite 47).<\/p>\n\n\n\n<h3 class=\"wp-block-heading\">Sterbebuch der evangelisch-reformierten Kirchengemeinde Tecklenburg<\/h3>\n\n\n\n<p class=\"has-small-font-size\">17. Juli 1778 Joh. Heinr. <strong>Vennemann <\/strong>aus Ladbergen 21 Jahr alt an der Wassersucht<br><br>28. April 1795 Anna Christina <strong>Krummes <\/strong>aus Ladbergen S\u00f6hnl. 1 Jahr alt an den Termienen<br><br>04. August 1802 Joh. Fried. <strong>Werner <\/strong>und Johanna Caroline Sophia <strong>Kortmann <\/strong>T\u00f6chterl. Sophia Amalia gest. d. 2. Aug. an den Termienen 9 Tage alt, die Eltern sind aus Ladbergen.<br><br>08. Mai 1861 Christine Elisabeth <strong>B\u00f6gel <\/strong>gebor. <strong>Ferlemann <\/strong>29 Jahr 8 Monate alt (* 22. Aug. 1831 zu Ladbergen), gestorben an Schwindsucht \u2013 Begr\u00e4bnis den 11. May.<br><br>20. Januar 1869 Ann Christine Elsabein <strong>Praatz <\/strong>geb. <strong>Peters <\/strong>(* 27.6.1806 zu Ladbergen) 62 Jahr 7 Monate alt, gestorben an Brustfieber \u2013 Begr\u00e4bnis den 23. Januar, nachdem vom Kreiswundarzt bescheinigt worden, da\u00df der Tod erfolgt sei.<\/p>\n<\/div>\n\n\n\n<div class=\"wp-block-column is-layout-flow wp-block-column-is-layout-flow\" style=\"flex-basis:50%\">\n<h3 class=\"wp-block-heading\">Das 3. Westf\u00e4lische Landwehr-Infanterie-Regiment<\/h3>\n\n\n\n<p class=\"has-small-font-size\">Das 3. Westf\u00e4lische Landwehr-Infanterie-Regiment wurde im Herbst 1813 in Ostfriesland und den ehemaligen Grafschaften Lingen und Tecklenburg aufgestellt. 1815 geh\u00f6rte es in der entscheidenden Phase der Befreiungskriege zu der preu\u00dfischen Armee, die von Marschall Bl\u00fccher kommandiert wurde. Unter den Wehrm\u00e4nnern dieses Regiments findet man mehrere Namen aus dem Kirchspiel Ladbergen. Einige erlagen den Strapazen oder fielen Krankheiten zum Opfer. Nur einer starb auf dem Schlachtfeld im Kampf gegen die Franzosen, am 16. Juni 1815 bei Ligny, also zwei Tage vor der Entscheidungsschlacht bei Waterloo. <strong>Hermann Wilhelm Hildebrand<\/strong> wurde am 14. August 1789 als Sohn eines Arbeiters geboren. Die Gedenktafel in Ladbergen ist ihm gewidmet. Nach amtlicher Mitteilung war Hildebrand das 35. Opfer des 3. Regiments. Weil Ladbergen im \u00dcbergangsbereich zum 4. Regiment lag, kam es zu einer fehlerhaften Angabe auf der Tafel. Da es sich aber um das einzige erhaltene Exemplar im Tecklenburger Land landet, darf man dieses Versehen entschuldigen.&nbsp;<\/p>\n\n\n\n<p class=\"has-small-font-size\">N\u00e4heres \u00fcber das 3. Westf\u00e4lische Landwehr-Infanterie-Regiment kann man im <a href=\"https:\/\/agenda-verlag.de\/produkt\/dirk-ziesing-das-ostfriesisch-lingen-tecklenburgische-landwehr-infanterie-regiment-3-westfaelisches\/\">Buch von Dr. Dirk Ziesing<\/a> nachlesen.<\/p>\n\n\n\n<h3 class=\"wp-block-heading\">Deserteure im Jahr 1851<\/h3>\n\n\n\n<p class=\"has-small-font-size\">Gefunden im <a href=\"http:\/\/sammlungen.ulb.uni-muenster.de\/hd\/periodical\/pageview\/1129225\">Amtsblatt f\u00fcr den Regierungsbezirk M\u00fcnster<\/a> (Seite 76 ff.)<\/p>\n\n\n\n<figure class=\"wp-block-image size-full has-lightbox\"><img loading=\"lazy\" decoding=\"async\" width=\"480\" height=\"710\" src=\"https:\/\/familienforschung-tecklenburger-land.de\/wp-content\/uploads\/2023\/03\/Deserteure-1851-Ladbergen.jpg\" alt=\"\" class=\"wp-image-1166\" srcset=\"https:\/\/familienforschung-tecklenburger-land.de\/wp-content\/uploads\/2023\/03\/Deserteure-1851-Ladbergen.jpg 480w, https:\/\/familienforschung-tecklenburger-land.de\/wp-content\/uploads\/2023\/03\/Deserteure-1851-Ladbergen-203x300.jpg 203w\" sizes=\"auto, (max-width: 480px) 100vw, 480px\" \/><\/figure>\n\n\n\n<h3 class=\"wp-block-heading\">Landesarchiv NRW Abteilung Westfalen:<\/h3>\n\n\n\n<p class=\"has-small-font-size\">1477: Johann von M\u00fcnster, Knappe, und seine Frau Nesa verkaufen f\u00fcr 100 Gulden eine j\u00e4hrliche Rente von 6 Gulden aus ihrem Eigengut <strong>Heremann Storckes Haus im Kirchspiel Ladbergen bei der Almes Br\u00fcggen<\/strong>, welches z.Zt. <strong>Hermann Storck<\/strong> bebaut. <em>Bestellsignatur: Stift Leeden &#8211; Urkunden, Nr. 0<\/em><\/p>\n\n\n\n<p class=\"has-small-font-size\">1724: <strong>Kolonat Stockdieck, Kirchspiel Ladbergen<\/strong>, Enth\u00e4lt u.a.: Vergabe des Kolonats an den <strong>Soldaten Wirwille.<\/strong> <em>Bestellsignatur: Stift Leeden &#8211; Akten, Nr. 101<\/em><\/p>\n\n\n\n<p class=\"has-small-font-size\">1586: A 190,2 Grafschaft Tecklenburg &#8211; Freibriefe: Freilassung des Johann Quelers, Sohn des <strong>Hermann Quelers und seiner Frau Maria<\/strong>, geboren im Kirchspiel Ladbergen.<\/p>\n\n\n\n<p class=\"has-small-font-size\">1708: A 190,2 Grafschaft Tecklenburg &#8211; Freibriefe: Freilassung des <strong>Christian H\u00fclsemeyer<\/strong>, Sohn des <strong>Jacob Stineker <\/strong>und seiner Ehefrau <strong>Anne (Enneken) H\u00fclsemeyer<\/strong> auf H\u00fclsemeyers Kotten im Kirchspiel Ladbergen.<\/p>\n\n\n\n<p class=\"has-small-font-size\">1805: Die Erbauung der <strong>Umflutbr\u00fccke zu Ladbergen<\/strong> und deshalb von einigen Untertanen \u00fcber den Holzschlag aus ihren Hofesholzungen gef\u00fchrten Beschwerden. <em>Bestellsignatur: Kriegs- und Dom\u00e4nenkammer M\u00fcnster, Nr. 13 Nr. 14<\/em><\/p>\n\n\n\n<p class=\"has-small-font-size\">1806: Vererbpachtung einiger Grundst\u00fccke von <strong>Rickermanns Kolonat, Bauerschaft Oberbeck,<\/strong> Kirchspiel Ladbergen, an seinen Sohn <strong>Adolf Rickermann<\/strong>. <em>Bestellsignatur: Kriegs- und Dom\u00e4nenkammer M\u00fcnster, Nr. 21 Nr. 193<\/em><\/p>\n\n\n\n<p class=\"has-small-font-size\">1794: Das <strong>Schortemeyers-Kolonat zu Ladbergen.<\/strong> <em>Bestellsignatur: Kriegs- und Dom\u00e4nenkammer M\u00fcnster, Nr. 21 Nr. 211<\/em><\/p>\n\n\n\n<p class=\"has-small-font-size\">1727: Ver\u00e4usserung einiger Grundst\u00fccke von dem <strong>Kolonen Brackmann, Ksp. Ladbergen<\/strong>. <em>Bestellsignatur: Kriegs- und Dom\u00e4nenkammer M\u00fcnster, Nr. 21 Nr. 22<\/em><\/p>\n\n\n\n<p class=\"has-small-font-size\">1802: Die von den <strong>Eheleuten Storks <\/strong>anzulegende Neubauerei im Kirchspiel Ladbergen. <em>Bestellsignatur: Kriegs- und Dom\u00e4nenkammer M\u00fcnster, Nr. 21 Nr. 233<\/em><br><br>1803: Die von den <strong>Eheleuten Storks<\/strong> anzulegende Neubauerei im Kirchspiel Ladbergen; Widerstand der Interessenten der K\u00f6tter und Wester Mark. <em>Bestellsignatur: Kriegs- und Dom\u00e4nenkammer M\u00fcnster, Nr. 26 Nr. 40<\/em><\/p>\n\n\n\n<p class=\"has-small-font-size\">1804: Der Schuldenzustand der <strong>Brinkmeyers St\u00e4tte zu Ladbergen.<\/strong> <em>Bestellsignatur: Kriegs- und Dom\u00e4nenkammer M\u00fcnster, Nr. 21 Nr. 25<\/em><\/p>\n\n\n\n<p class=\"has-small-font-size\">1792: Erteilung des Schuldkonsenses auf <strong>Budden-St\u00e4tte Nr. 6<\/strong>, Bsch. <strong>Wester<\/strong>, Ksp. Ladbergen. <em>Bestellsignatur: Kriegs- und Dom\u00e4nenkammer M\u00fcnster, Nr. 21 Nr. 35<\/em><\/p>\n\n\n\n<p class=\"has-small-font-size\">1806: Der Verkauf einiger Grundst\u00fccke von der zum Hause Mark eigenbeh\u00f6rigen <strong>Eschmannsst\u00e4tte, Westerbauerschaft<\/strong>, Ksp. Ladbergen. <em>Bestellsignatur: Kriegs- und Dom\u00e4nenkammer M\u00fcnster, Nr. 21 Nr. 58<\/em><\/p>\n\n\n\n<p class=\"has-small-font-size\">1793: Schuldenzustand der<strong> Honroths-St\u00e4tte Nr. 7<\/strong>, Kirchspiel Ladbergen. <em>Bestellsignatur: Kriegs- und Dom\u00e4nenkammer M\u00fcnster, Nr. 21 Nr. 96<\/em><\/p>\n\n\n\n<p class=\"has-small-font-size\">1681: Friedrich von Bentheim, an Rat wegen Forderung an <strong>Henderich Stapel zu Ladbergen<\/strong>.&nbsp;<em>Signatur: A 11 Bd. 4 Verein f\u00fcr Geschichte und Altertumskunde Westfalens, Abt. M\u00fcnster (Dep.) &#8211; Handschriften: 390 Bd. 9: Korrespondenzen.<\/em><\/p>\n\n\n\n<p class=\"has-small-font-size\">1743: Liquidation der Anna Maria Wilhelmina C\u00f6tting geb. von Rump mit v. Schmitz bzw. Honcamp. Enth\u00e4lt: Forderungen an <strong>Felix Anton v. Meyherr zu Ladbergen<\/strong> wegen der Nageischen Lehng\u00fcter zu Meppen (1741-1743); <em>Bestellsignatur: Familie von der Horst (z. T. Dep.) &#8211; Akten, Nr. 446<\/em><\/p>\n<\/div>\n\n\n\n<div class=\"wp-block-column is-layout-flow wp-block-column-is-layout-flow\" style=\"flex-basis:25%\">\n<figure class=\"wp-block-image size-full\"><img loading=\"lazy\" decoding=\"async\" width=\"230\" height=\"154\" src=\"https:\/\/familienforschung-tecklenburger-land.de\/wp-content\/uploads\/2023\/03\/Oelrich-1910.jpg\" alt=\"\" class=\"wp-image-1169\"\/><figcaption class=\"wp-element-caption\">Die Buchhandlung Oelrich um 1910<\/figcaption><\/figure>\n\n\n\n<h3 class=\"wp-block-heading\">Zeitungsausschnitt aus dem Hunsche-Archiv<\/h3>\n\n\n\n<p class=\"has-small-font-size\">Leider ist nicht vermerkt, aus welcher Zeitung der Ausschnitt stammt oder aus welchem Jahr er ist.<\/p>\n\n\n\n<p class=\"has-small-font-size\">Ein Klick auf das Bild vergr\u00f6\u00dfert es.<\/p>\n\n\n\n<figure class=\"wp-block-image size-full has-lightbox\"><img loading=\"lazy\" decoding=\"async\" width=\"800\" height=\"621\" src=\"https:\/\/familienforschung-tecklenburger-land.de\/wp-content\/uploads\/2023\/03\/PastorLenhartz-Ladbergen.jpg\" alt=\"\" class=\"wp-image-1170\" srcset=\"https:\/\/familienforschung-tecklenburger-land.de\/wp-content\/uploads\/2023\/03\/PastorLenhartz-Ladbergen.jpg 800w, https:\/\/familienforschung-tecklenburger-land.de\/wp-content\/uploads\/2023\/03\/PastorLenhartz-Ladbergen-300x233.jpg 300w, https:\/\/familienforschung-tecklenburger-land.de\/wp-content\/uploads\/2023\/03\/PastorLenhartz-Ladbergen-768x596.jpg 768w\" sizes=\"auto, (max-width: 800px) 100vw, 800px\" \/><\/figure>\n\n\n\n<h3 class=\"wp-block-heading\">Stadtarchiv Greven:<\/h3>\n\n\n\n<p class=\"has-small-font-size\">StaG A Stadtarchiv Greven, Bestand A , Amt Greven und Vorl\u00e4ufer bis 1932 &#8211; 1835: Erteilte Bauconzessionen, u.a. <strong>Kr\u00e4mers Becks<\/strong>, 11.4.1843 mit Situationsplan (Hauptstra\u00dfe von Saerbeck und Stra\u00dfe nach Ladbergen), <strong>Colon Albacht<\/strong>, 18.8.1843 mit Situationsplan (Stra\u00dfe Ladbergen und Lengerich und des gemeinen Ackerweges)<br><br>StaG A Stadtarchiv Greven, Bestand A , Amt Greven und Vorl\u00e4ufer bis 1932 &#8211; 1878: Enth\u00e4lt Beschwerden der folgenden Personen: Der Wege und Wiesenbau-Arbeiter <strong>Heinrich Telljohan in Ladbergen<\/strong> und Averhaus in Schmedehausen&#8216;, 1882<\/p>\n\n\n\n<figure class=\"wp-block-image size-full\"><img loading=\"lazy\" decoding=\"async\" width=\"230\" height=\"251\" src=\"https:\/\/familienforschung-tecklenburger-land.de\/wp-content\/uploads\/2023\/03\/Ladbergen-zur-Post.jpg\" alt=\"\" class=\"wp-image-1171\"\/><figcaption class=\"wp-element-caption\">Das Gasthaus &#8222;Zur Post&#8220;<\/figcaption><\/figure>\n\n\n\n<h3 class=\"wp-block-heading\">Staatsarchiv Osnabr\u00fcck:<\/h3>\n\n\n\n<p class=\"has-small-font-size\">Rep 131 II Nr. 206 &#8211; Streitigkeiten um Markengr\u00fcnde zwischen &#8211; Ladbergen und Ostbevern, Amt Wolbeck, &#8211; Bawinkel und Hasel\u00fcnne, Amt Meppen, &#8211; Ladbergen und Saerbeck, Amt Rheine, &#8211; Biene (und Dalum?), Amt Meppen (1770)<br><br>Rep 330 II Nr. 319 &#8211; Vasall: von Stael zu Sutthausen Lehen: <strong>Graelmanns Erbe<\/strong> in Ladbergen Bemerkung: M\u00fcnstersche Lehen (1805)<br><br>Rep 900 Nr. 857 &#8211; Reichskammergericht. <strong>Felix Anton von Meyer zu Ladbergen<\/strong> mit Lehnsbrief des Bfs. Clemens Aujgust 1730 und Lehnsrevers (Q 21-23) (1791)<\/p>\n\n\n\n<h4 class=\"wp-block-heading\">Auswanderer:<\/h4>\n\n\n\n<p class=\"has-small-font-size\">Rep 335 Nr. 772 &#8211; <strong>Gr\u00f6ppel sive Nagel, Carl Bernhardt<\/strong>, geb. 1810 im Melle, Ziel: Ladbergen<\/p>\n\n\n\n<h3 class=\"wp-block-heading\">Stadtarchiv M\u00fcnster:<\/h3>\n\n\n\n<p class=\"has-small-font-size\">Landratsamt &#8211; 1826: Weg von Saerbeck nach Ladbergen und zur Saerbecker- sive <strong>Deitermanns-M\u00fchle<\/strong>. <em>Bestellsignatur: 795<\/em><\/p>\n\n\n\n<h3 class=\"wp-block-heading\">Vereinigte Westf\u00e4lische Adelsarchive e.V.:<\/h3>\n\n\n\n<p class=\"has-small-font-size\">Tat.Kol &#8211; Archiv Tatenhausen, Kolonate &#8211; 1646: Kolonat Heitk\u00e4mper, Kirchspiel Halle, Bauernschaft Hesselen. Mauritz, Graf zu Bentheim, Tecklenburg, Steinfurt und Limburg etc., entl\u00e4sst Anna Collemeyer, Tochter der Eheleute <strong>Berndt und Anna Collemeyer aus Ladbergen<\/strong>, aus der Leibeigenschaft. <em>Signatur: 503<\/em><\/p>\n<\/div>\n<\/div>\n\n\n\n<h2 class=\"wp-block-heading\" id=\"Ladberger-Auswanderer\">Ladberger Auswanderer<\/h2>\n\n\n\n<div class=\"wp-block-columns is-layout-flex wp-container-core-columns-is-layout-9d6595d7 wp-block-columns-is-layout-flex\">\n<div class=\"wp-block-column is-layout-flow wp-block-column-is-layout-flow\" style=\"flex-basis:25%\">\n<h3 class=\"wp-block-heading\">Einige Weblinks:<\/h3>\n\n\n\n<p class=\"has-small-font-size\"><a href=\"http:\/\/www.ancestry.de\/\">ancestry.de:<\/a> Eine umfangreiche Seite f\u00fcr Ahnenforschung. Man kann sich (gegen Geb\u00fchr) registrieren und hat dann Zugriff auf viele interessante Datenbanken (Auswandererlisten, Passagierlisten, US-Volksz\u00e4hlungen, Telefonb\u00fccher, &#8230;)<\/p>\n\n\n\n<p class=\"has-small-font-size\"><a href=\"http:\/\/www.ellisisland.org\/\">Ellis Island:<\/a> Informationsseite \u00fcber die Einwanderung in die U.S.A. ab dem Jahr 1892, in dem Ellis Island er\u00f6ffnet wurde. Man kann dort auch in einer Datenbank Daten suchen.<\/p>\n\n\n\n<p class=\"has-small-font-size\"><a href=\"http:\/\/www.castlegarden.org\/\">Castle Garden:<\/a> Datenbank mit Einwanderern in die U.S.A. 1820 &#8211; 1892. Hier kamen die Immigranten an, bevor es Ellis Island gab.<\/p>\n\n\n\n<p class=\"has-small-font-size\"><a href=\"http:\/\/www.theshipslist.com\/\">The Ships List:<\/a> eine riesige Menge \u00fcber Auswandererschiffe, Passagierlisten, Schiffe allgemein.<\/p>\n\n\n\n<p class=\"has-small-font-size\"><a href=\"http:\/\/www.findagrave.com\/\">Find a grave:<\/a> Millionen Gr\u00e4ber mit ihren Daten online. Hier fand ich die komplette Lebensgeschichte einer Vorfahrin in den U.S.A. und ihrer Familie.<\/p>\n\n\n\n<p class=\"has-small-font-size\"><a href=\"http:\/\/usgenweb.org\/\">USGen Web Project:<\/a> Eine riesige Link- und Infosammlung, unterteilt nach Bundessstaaten. Hier die Seite mit einer Einf\u00fchrung in di Ahnenforschung in den USA.<\/p>\n\n\n\n<p class=\"has-small-font-size\"><a href=\"http:\/\/www.passagierlisten.de\/\">Bremer Passagierlisten:<\/a> Auf der Internetseite des Bremer Ahnenforschervereins &#8222;Die Maus&#8220;.<\/p>\n\n\n\n<p class=\"has-small-font-size\"><a href=\"http:\/\/werften.fischtown.de\/archiv\/auswanderung1.html\">Auswandererhafen Bremerhaven:<\/a> Ende des 19. Jahrhunderts hatten Bremen und Bremerhaven sich zum bedeutendsten europ\u00e4ischen Auswanderungshafen entwickelt.<\/p>\n\n\n\n<h3 class=\"wp-block-heading\">Deutsche in Brasilien:<\/h3>\n\n\n\n<p class=\"has-small-font-size\">Ein sch\u00f6ner zweisprachiger Film \u00fcber eine deutsche Familie, die nach Brasilien ausgewandert ist: <a href=\"https:\/\/www.youtube.com\/watch?v=3L-RKdy9vY0\">Glaube, Liebe, Hoffnung<\/a><\/p>\n\n\n\n<p><strong>Literatur:<\/strong><\/p>\n\n\n\n<p class=\"has-small-font-size\">Becker, Klaus. Die Gr\u00fcndung und die ersten 30 Jahre von Teut\u00f4nia. In: I. Kolloquium der deutsch-brasilianischen Studien. Porto Alegre: UFRGS, 1974.<\/p>\n\n\n\n<p class=\"has-small-font-size\">Hessel, Lothar. Die Stadt Estrela\/RS: Geschichte und Chronik. Porto Alegre: Martins Livreiro\/Editora da Universidade\/UFRGS, 1984.<\/p>\n\n\n\n<p class=\"has-small-font-size\">Lang, Guido. Die Kolonie Teut\u00f4nia: Geschichte und Chronik (1858-1908). S\u00e3o Leopoldo: Sinodal, 1995.<\/p>\n\n\n\n<p class=\"has-small-font-size\">Lang, Guido. Jacob Lang: Die Geschichte eines Einwanderers und Pioniers. S\u00e3o Leopoldo: Rotermund, 1992.<\/p>\n\n\n\n<p class=\"has-small-font-size\">Sulzbach, Elena. Teut\u00f4nia: 15 Jahre lautet die Schlagzeile in den Zeitungen. Folha Popular (Sonderbeilage), 25\/05\/1996.<\/p>\n\n\n\n<p class=\"has-small-font-size\">&#8222;Wir, die Teuto-Ga\u00fachos&#8220;, Seiten 15 bis 20, von der University Press (1996).<\/p>\n<\/div>\n\n\n\n<div class=\"wp-block-column is-layout-flow wp-block-column-is-layout-flow\" style=\"flex-basis:50%\">\n<h3 class=\"wp-block-heading\">Ladberger in den Niederlanden<\/h3>\n\n\n\n<p class=\"has-small-font-size\"><strong>Wir bieten umfangreiche <a href=\"https:\/\/familienforschung-tecklenburger-land.de\/index.php?id=991\">Personenlisten zum Herunterladen<\/a> an:<\/strong><\/p>\n\n\n\n<p class=\"has-small-font-size\"><a href=\"https:\/\/familienforschung-tecklenburger-land.de\/index.php?id=991\"><strong>Personen, die in der VOC gedient haben<\/strong><\/a>; aus Ladbergen z.B. Aarnout Stork, Johan Zonderman, Jan Lageman, Christiaan Brookrieder, Johan Broeckrede<\/p>\n\n\n\n<p class=\"has-small-font-size\"><a href=\"https:\/\/familienforschung-tecklenburger-land.de\/index.php?id=991\"><strong>Heiraten in den Niederlanden<\/strong><\/a>; mit Personen aus Ladbergen z.B. auf der Haar, Heinrich Wilhelm; Hillebrand, Christina Elisabeth; Hohnroth, Anna Christina Elizabeth; Honroth, Johann Heinrich; Jaspers, Fridrich Wilhelm; Koning, Heinrich Wilhelm; Kottkamp, Friederich; Lammerts, Willem; M\u00f6ller, Johann Hermann; Niemeier, Hermann Adolph; Nusmeier, Adolf Heinrich; Nusmeier, Hermann Wilhelm; &#8230;<\/p>\n\n\n\n<ul class=\"wp-block-list\">\n<li><\/li>\n<\/ul>\n\n\n\n<h3 class=\"wp-block-heading\">Auswanderer in Brasilien<\/h3>\n\n\n\n<p class=\"has-small-font-size\">Quelle: Gr\u00e4berliste verschiedener Friedh\u00f6fe in Brasilien von Weiland Prof. Friedhold Altmann. Artikel &#8222;Wo sind unsere Auswanderer des vorigen Jahrhunderts nach Brasilien geblieben?&#8220;, ver\u00f6ffentlicht in der brasilianischen Zeitschrift &#8222;Caderno Cultural, Centro cultural 25 de Julho &#8222;Vale do Taquari&#8220; Nr.03 agusto 1985&#8243; hier Seite 5-10<br>Eine Kurzfassung der Gr\u00e4berliste findet sich in der &#8222;Tecklenburger Landbote&#8220; v. Sonnabend 16.August 1958, anl\u00e4sslich des 900 Jahr-Feier der Gemeinde Leeden.<br>(Vielen Dank an Johan Altmann, der uns die Liste zur Verf\u00fcgung stellte!)<\/p>\n\n\n\n<h4 class=\"wp-block-heading\">Friedh\u00f6fe in Teutonia<\/h4>\n\n\n\n<p class=\"has-small-font-size\"><strong>Cemiterio de Teutonia Norte, Friedhof von Teutonia (Teutonia \u2013 Nord)<\/strong><br>Ernst Friedrich Wieth\u00f6lter, *10.10.1858<br><br><strong>Cemiterio Linha Frank (Cemiterio Velho), Friedhof von Pikade Frank (Alter Friedhof)<\/strong><br>Sophie Grave, geb. Rahmeier, *24.06.1849<br><br><strong>Cemiterio Linha Frank (Cemiterio Novo), Friedhof von Pikade Frank (Neuer Friedhof)<\/strong><br>Friedrich K\u00f6nig, *05.03.1872<br><br><strong>Cemiterio de Linha Schmidt, Friedhof von Pikade Schmidt<\/strong><br>Ernst Fiegenbaum, *21.03.1838 ?<br>Hermann Heinrich Rahmeier, *10.09.1856<br>Ernst Schr\u00f6r, *01.06.1851<br>Heinrich Fiegenbaum, *10.05,1865<br>Sofia B\u00f6hmer, geb. Fiegenbaum, *25.01.1821<br><br><strong>Cemiterio de Linha Clara, Clarapikade<\/strong><br>Sophie Elsabein Osterkamp, geb. Lagemann, *16.09.1846<\/p>\n\n\n\n<h4 class=\"wp-block-heading\">Friedh\u00f6fe in Estrela<\/h4>\n\n\n\n<p class=\"has-small-font-size\"><strong>Cemiterio de Linha Geraldo, Gerhardspikade<\/strong><br>Ernst H. W. Wieth\u00f6lter, *16.11.1851<br><br><strong>Cemiterio de Arroio da Seca, Friedhof von Arroio da Seca<\/strong><br>Heinrich Wilhelm Bernhard Wenneker, *02.01.1854, + 10.11.1943<\/p>\n\n\n\n<h3 class=\"wp-block-heading\">Fam\u00edlie Fiegenbaum in Brasilien<\/h3>\n\n\n\n<p class=\"has-small-font-size\">Auf der brasilianischen Seite des Forschungszentrums f\u00fcr Familiengeschichte findet man mehrere Tecklenburger Familien, unter anderem die Familie <a href=\"http:\/\/www.genealogiacapef.com.br\/index.php\/de\/gruenderfamilien\/familia-fiegenbaum\">Fiegenbaum<\/a> aus Ladbergen.<\/p>\n\n\n\n<h3 class=\"wp-block-heading\">Ladberger in Brasilien<\/h3>\n\n\n\n<p class=\"has-small-font-size\"><em><strong>Die brasilianische genealogische <a href=\"https:\/\/www.facebook.com\/groups\/308019863072084\/\">Organisation CAPEF<\/a>, die ihren Sitz bei Teutonia hat, hat bereits viele Daten \u00fcber deutsche Einwanderer zusammengetragen. Marco Kreimeier war so freundlich, uns Listen mit den Nachnamen zur Verf\u00fcgung zu stellen. Bei R\u00fcckfragen wird er sicher gern Auskunft geben.<\/strong><\/em><\/p>\n\n\n\n<p class=\"has-small-font-size\">Ernest Fiegenbaum (Marcos Urgro\u00dfvater) \u2013 Ernest Friedrich Wieth\u00f6lter \u2013 Ernest H. W. Wieth\u00f6lter \u2013 Ernest Schoer \u2013 Friedrich K\u00f6nig \u2013 Heinrich Fiegenbaum (Sohn von Ernest) \u2013 Heinrich Wilhelm Bernard Wennecker \u2013 Hermann Heinrich Rahmeier \u2013 Sofia Fiegenbaum (Tochter von Ernest) &#8211; Sophie Elisabeth Lagemann verh. Osterkamp \u2013 Sophie Rahmeier verh. Grave.<\/p>\n<\/div>\n\n\n\n<div class=\"wp-block-column is-layout-flow wp-block-column-is-layout-flow\" style=\"flex-basis:25%\">\n<figure class=\"wp-block-image size-full\"><img loading=\"lazy\" decoding=\"async\" width=\"500\" height=\"339\" src=\"https:\/\/familienforschung-tecklenburger-land.de\/wp-content\/uploads\/2023\/03\/Erico-Schulz-Chegada-Brasil.jpg\" alt=\"\" class=\"wp-image-1180\" srcset=\"https:\/\/familienforschung-tecklenburger-land.de\/wp-content\/uploads\/2023\/03\/Erico-Schulz-Chegada-Brasil.jpg 500w, https:\/\/familienforschung-tecklenburger-land.de\/wp-content\/uploads\/2023\/03\/Erico-Schulz-Chegada-Brasil-300x203.jpg 300w\" sizes=\"auto, (max-width: 500px) 100vw, 500px\" \/><figcaption class=\"wp-element-caption\">&#8222;Ankunft der Immigranten&#8220;, Erico Schulz (geb. in Herne, lebte in Brasilien), 1898. Ein Klick auf das Bild vergr\u00f6\u00dfert es. (aus der Zeitschrift &#8222;Caderno Cultural&#8220;, Hunsche-Archiv)<\/figcaption><\/figure>\n\n\n\n<p><\/p>\n\n\n\n<figure class=\"wp-block-image size-full\"><img loading=\"lazy\" decoding=\"async\" width=\"500\" height=\"151\" src=\"https:\/\/familienforschung-tecklenburger-land.de\/wp-content\/uploads\/2023\/03\/Brasil-Post.jpg\" alt=\"\" class=\"wp-image-1181\" srcset=\"https:\/\/familienforschung-tecklenburger-land.de\/wp-content\/uploads\/2023\/03\/Brasil-Post.jpg 500w, https:\/\/familienforschung-tecklenburger-land.de\/wp-content\/uploads\/2023\/03\/Brasil-Post-300x91.jpg 300w\" sizes=\"auto, (max-width: 500px) 100vw, 500px\" \/><figcaption class=\"wp-element-caption\">Deutschsprachige brasilianische Zeitung von 1988. (Hunsche-Archiv)<\/figcaption><\/figure>\n\n\n\n<h3 class=\"wp-block-heading\">Gerhard L\u00fcken in Quincy, Illinois (USA)<\/h3>\n\n\n\n<p class=\"has-small-font-size\">In: &#8222;Quincy, Illinois. Immigrants from M\u00fcnsterland Vol.II (M.K. Brinkmann, ISBN 9780788450471). Zu jeder Person sind ausf\u00fchrliche Informationen \u00fcber den Werdegang enthalten.<\/p>\n\n\n\n<p class=\"has-small-font-size\">Gerhard LUEKEN, * 1834 (Eltern unbekannt). Er wurde im Jahr 1864 in Deutschland Priester.<\/p>\n\n\n\n<h3 class=\"wp-block-heading\">Ernest Bernard Banning in London<\/h3>\n\n\n\n<p class=\"has-small-font-size\">Gefunden im Buch: &#8222;Deutsche Kaufleute in London &#8211; Welthandel und Einb\u00fcrgerung (1660 &#8211; 1818)&#8220; von Margrit Schulte Beerb\u00fchl, erschienen im Oldenbourg Verlag, M\u00fcnchen 2007.<\/p>\n\n\n\n<p class=\"has-small-font-size\">Seite 428<br>Aus der Liste der durch Naturalisation eingeb\u00fcrgerten Briten deutscher Herkunft<br><strong>&#8222;03.03.1777 &#8211; BANNING, Ernest Bernard, Geburtsort: Lathbergen, County of Tecklenburg, Prussia&#8220;<\/strong><br>&nbsp;<br>Auch einige Osnabr\u00fccker sind hier aufgelistet &#8211; einfach mal ein bisschen st\u00f6bern.<\/p>\n\n\n\n<figure class=\"wp-block-image size-full\"><img loading=\"lazy\" decoding=\"async\" width=\"216\" height=\"340\" src=\"https:\/\/familienforschung-tecklenburger-land.de\/wp-content\/uploads\/2023\/03\/Brasilien-LANG-Buch-2.jpg\" alt=\"\" class=\"wp-image-1182\" srcset=\"https:\/\/familienforschung-tecklenburger-land.de\/wp-content\/uploads\/2023\/03\/Brasilien-LANG-Buch-2.jpg 216w, https:\/\/familienforschung-tecklenburger-land.de\/wp-content\/uploads\/2023\/03\/Brasilien-LANG-Buch-2-191x300.jpg 191w\" sizes=\"auto, (max-width: 216px) 100vw, 216px\" \/><\/figure>\n\n\n\n<p><\/p>\n\n\n\n<figure class=\"wp-block-image size-full\"><img loading=\"lazy\" decoding=\"async\" width=\"313\" height=\"498\" src=\"https:\/\/familienforschung-tecklenburger-land.de\/wp-content\/uploads\/2023\/03\/Brasilien-LANG-Buch-1.jpg\" alt=\"\" class=\"wp-image-1185\" srcset=\"https:\/\/familienforschung-tecklenburger-land.de\/wp-content\/uploads\/2023\/03\/Brasilien-LANG-Buch-1.jpg 313w, https:\/\/familienforschung-tecklenburger-land.de\/wp-content\/uploads\/2023\/03\/Brasilien-LANG-Buch-1-189x300.jpg 189w\" sizes=\"auto, (max-width: 313px) 100vw, 313px\" \/><\/figure>\n<\/div>\n<\/div>\n\n\n\n<h2 class=\"wp-block-heading\" id=\"Ladbergen-Karten\">Karten und Pl\u00e4ne \u00fcber Ladbergen<\/h2>\n\n\n\n<div class=\"wp-block-columns is-layout-flex wp-container-core-columns-is-layout-9d6595d7 wp-block-columns-is-layout-flex\">\n<div class=\"wp-block-column is-layout-flow wp-block-column-is-layout-flow\" style=\"flex-basis:25%\">\n<h3 class=\"wp-block-heading\">Staatsarchiv Osnabr\u00fcck:<\/h3>\n\n\n\n<p class=\"has-small-font-size\">K 552 Ladbergen Nr. 1 H &#8211; Die <strong>tecklenburgisch-m\u00fcnstersche Grenze zwischen Ladbergen und Saerbeck<\/strong>. Beiderseits Felddarstellung<br><br>K Akz. 2001\/026 Nr. 67 H &#8211; <strong>Topographische Karte<\/strong> 1 : 25 000. LADBERGEN (1926)<br><br>K 800 Nr. 11 a M &#8211; <strong>Me\u00dftischbl\u00e4tter,<\/strong> u.a. Ladbergen (1902-1929)<br><br>Rep 350 Osn Nr. 1212 &#8211; <strong>Landstra\u00dfe Osnabr\u00fcck-Wersen<\/strong>. Enth\u00e4lt: Auszug aus der Wegekarte der Provinz Westfalen (Bereich Ibbenb\u00fcren-Osnabr\u00fcck, Bramsche-Ladbergen\/Iburg, o.J.) (1853-1889)<\/p>\n\n\n\n<figure class=\"wp-block-image size-full\"><img loading=\"lazy\" decoding=\"async\" width=\"230\" height=\"224\" src=\"https:\/\/familienforschung-tecklenburger-land.de\/wp-content\/uploads\/2023\/03\/Ladbergen-2012_2.jpg\" alt=\"\" class=\"wp-image-1210\"\/><\/figure>\n\n\n\n<h3 class=\"wp-block-heading\">Allgemeine Links:<\/h3>\n\n\n\n<p class=\"has-small-font-size\"><a href=\"http:\/\/christoph.stoepel.net\/geogen\/v3\/\">Geogen:<\/a> Auf dieser Seite kann man Landkarten \u00fcber die Verbreitung von Familiennamen in Deutschland erstellen lassen. Besonders auff\u00e4llige Konzentrationen k\u00f6nnen auf den Ursprungsort des Namens oder der Familie hindeuten.<\/p>\n\n\n\n<p class=\"has-small-font-size\"><a href=\"http:\/\/www.gemeindeverzeichnis.de\/gem1900\/gem1900.htm?gem1900_2.htm\">Gemeindeverzeichnis.de:<\/a> Ziel dieser Webseite ist es, ein Verzeichnis aller Gemeinden und Gutsbezirke im Deutschen Reich abzubilden, welche am 1. Januar 1900 bestanden.<\/p>\n\n\n\n<p class=\"has-small-font-size\"><a href=\"http:\/\/www.posselt-landkarten.de\/\">Posselt-Landkartensammlung:<\/a> &#8222;genealogische Kartensammlung&#8220;<\/p>\n\n\n\n<p class=\"has-small-font-size\"><a href=\"http:\/\/www.kartenmeister.com\/preview\/databaseUwe.asp\">Kartenmeister:<\/a> Noch mehr historische Landkarten. Eine englische Seite.<\/p>\n\n\n\n<p class=\"has-small-font-size\"><a href=\"http:\/\/www.genlias.nl\/nl\/search.jsp\" target=\"_blank\" rel=\"noreferrer noopener\">Genlias<\/a>: Da ja viele Bewohner des Tecklenburger-, Osnabr\u00fccker-, und M\u00fcnsterlandes nach Holland ausgewandert sind, wird f\u00fcr Familienforscher diese holl\u00e4ndischen Datenbank n\u00fctzlich sein.<\/p>\n\n\n\n<p class=\"has-small-font-size\"><a href=\"http:\/\/www.lverma.nrw.de\/produkte\/topographische_karten\/historische_Karten\" target=\"_blank\" rel=\"noreferrer noopener\">Landesvermessungsamt NRW<\/a>: Auch hier gibt es historische Karten<\/p>\n\n\n\n<p class=\"has-small-font-size\"><a href=\"http:\/\/www.lwl.org\/westfaelische-geschichte\/portal\/Internet\/dokumentation\/orte_territorien\/haupt.php?urlNeu=Ja\" target=\"_blank\" rel=\"noreferrer noopener\">Internetportal &#8222;Westf\u00e4lische Geschichte<\/a>: Eine riesige Sammlung alter Karten, Pl\u00e4ne und Hintergrundinformationen<\/p>\n\n\n\n<p class=\"has-small-font-size\"><a rel=\"noreferrer noopener\" href=\"http:\/\/greif.uni-greifswald.de\/geogreif\/?map=overview&amp;coll_id=72\" target=\"_blank\">GEOGREIF<\/a>: Geographische Sammlungen der Uni Greifswald<\/p>\n<\/div>\n\n\n\n<div class=\"wp-block-column is-layout-flow wp-block-column-is-layout-flow\" style=\"flex-basis:50%\">\n<figure class=\"wp-block-image size-large has-lightbox\"><img loading=\"lazy\" decoding=\"async\" width=\"1024\" height=\"703\" src=\"https:\/\/familienforschung-tecklenburger-land.de\/wp-content\/uploads\/2023\/03\/1723-Karte-1024x703.jpg\" alt=\"\" class=\"wp-image-1194\" srcset=\"https:\/\/familienforschung-tecklenburger-land.de\/wp-content\/uploads\/2023\/03\/1723-Karte-1024x703.jpg 1024w, https:\/\/familienforschung-tecklenburger-land.de\/wp-content\/uploads\/2023\/03\/1723-Karte-300x206.jpg 300w, https:\/\/familienforschung-tecklenburger-land.de\/wp-content\/uploads\/2023\/03\/1723-Karte-768x527.jpg 768w, https:\/\/familienforschung-tecklenburger-land.de\/wp-content\/uploads\/2023\/03\/1723-Karte.jpg 1043w\" sizes=\"auto, (max-width: 1024px) 100vw, 1024px\" \/><figcaption class=\"wp-element-caption\"><strong>Die erste Karte, die von Ladbergen hergestellt wurde (1723)<\/strong>. (Landesmuseum f\u00fcr Vor- und Fr\u00fchgeschichte in M\u00fcnster).<\/figcaption><\/figure>\n\n\n\n<figure class=\"wp-block-image size-full has-lightbox\"><img loading=\"lazy\" decoding=\"async\" width=\"640\" height=\"576\" src=\"https:\/\/familienforschung-tecklenburger-land.de\/wp-content\/uploads\/2023\/03\/Kreis-ST-Ladbergen.jpg\" alt=\"\" class=\"wp-image-1197\" srcset=\"https:\/\/familienforschung-tecklenburger-land.de\/wp-content\/uploads\/2023\/03\/Kreis-ST-Ladbergen.jpg 640w, https:\/\/familienforschung-tecklenburger-land.de\/wp-content\/uploads\/2023\/03\/Kreis-ST-Ladbergen-300x270.jpg 300w\" sizes=\"auto, (max-width: 640px) 100vw, 640px\" \/><figcaption class=\"wp-element-caption\"><strong>Lagekarte von Ladbergen im Kreis Steinfurt<\/strong><br>Bild: <a href=\"http:\/\/commons.wikimedia.org\/wiki\/File:Ladbergen_in_ST.svg?uselang=de\">Wikicommons<\/a><\/figcaption><\/figure>\n\n\n\n<figure class=\"wp-block-image size-full has-lightbox\"><img loading=\"lazy\" decoding=\"async\" width=\"895\" height=\"783\" src=\"https:\/\/familienforschung-tecklenburger-land.de\/wp-content\/uploads\/2023\/03\/Ladberger-Flurnamen.jpg\" alt=\"\" class=\"wp-image-1203\" srcset=\"https:\/\/familienforschung-tecklenburger-land.de\/wp-content\/uploads\/2023\/03\/Ladberger-Flurnamen.jpg 895w, https:\/\/familienforschung-tecklenburger-land.de\/wp-content\/uploads\/2023\/03\/Ladberger-Flurnamen-300x262.jpg 300w, https:\/\/familienforschung-tecklenburger-land.de\/wp-content\/uploads\/2023\/03\/Ladberger-Flurnamen-768x672.jpg 768w\" sizes=\"auto, (max-width: 895px) 100vw, 895px\" \/><figcaption class=\"wp-element-caption\"><strong>Die alten Flurnamen in Ladbergen<\/strong><\/figcaption><\/figure>\n\n\n\n<h3 class=\"wp-block-heading\">Landesarchiv NRW Abteilung Westfalen:<\/h3>\n\n\n\n<p class=\"has-small-font-size\">Karten A 17: Ladbergen (Ladbergen), Lienen (Lienen), Aufteilung des Kattenvenner Moors. Special-Carte des Kattenvenner Mohrs (1765)<br>KSM Nr. 34,1a<\/p>\n\n\n\n<p class=\"has-small-font-size\">Karten A 16 &#8211; Ladbergen, Lienen, Aufteilung des Kattenvenner Moors. Special-Carte des Kattenvenner Mohrs<br>Zeichnung von Luge (1765)<br>KSM Nr. 34,1a<\/p>\n\n\n\n<p class=\"has-small-font-size\">Karten A 176: M\u00fcnster (Hochstift) &#8211; Tecklenburg (Grafschaft). Grenze zwischen Ladbergen und Saerbeck. Plan von Averbecks Hacht bis Freeden Wiese um 1757<br>KSM Nr. 75<br><br>Karten A 2820: Ladbergen (Ladbergen), Flureinteilung, Katasterauszug 1889<br>KSM Nr. 826<br><br>Karten A 37: Grenze zwischen H\u00f6lter und Westerbauerschaft, Westbevern sowie Greven. Geometrischer Entwurf der Graenze zwischen der H\u00f6lter und Wester Bauerschafft des Kirchspiels Ladbergen an Preusisch-Tecklenburgischer Seite und der Kirchspiele West-Bevern und Graeven an Hochstift M\u00fcnsterscher Seite. 2.H. 18.Jh.<br>KSM Nr. 57<br><br>A 6 Karten T 3812\/1897 (Topographische Karten): Ladbergen, 1897<br><br>Karten A 48: Ladbergen (Ladbergen) &#8211; Saerbeck (Saerbeck). Grenze Geometrischer Plan der streitigen Graentze zwischen Lattbergen und Saerbeck 1749<br><br>Karten A 4959: Ladberger M\u00fchlenbach mit begradigtem Bullerbach (Neue M\u00fchle in Holthausen, Gem. Lienen, bis Ladbergen) 1779<br><br>Karten A 50456: Domkapitel M\u00fcnster, Domkellnerei, Heberegister Nr. 1 Bd 3 S. 271. Ladbergen (Ladbergen). Bauerschaft Ladbergen. L\u00e4ndereien Schulte Farvicks, 8 Einzelzeichnungen mit Beschreibung, 1689<br><br>Karten A 714: Lengerich (Lengerich) &#8211; Ladbergen (Ladbergen) &#8211; Schiffahrt (Ems), Poststra\u00dfe, Blatt 2 von Ladbergen bis Schiffahrt, 1825<br><br>Karten A 873: Greven (Greven) &#8211; Ladbergen (Ladbergen) Stra\u00dfenverlauf \u00fcber Eltingm\u00fchle um 1830<\/p>\n<\/div>\n\n\n\n<div class=\"wp-block-column is-layout-flow wp-block-column-is-layout-flow\" style=\"flex-basis:25%\">\n<figure class=\"wp-block-image size-full has-lightbox\"><img loading=\"lazy\" decoding=\"async\" width=\"230\" height=\"152\" src=\"https:\/\/familienforschung-tecklenburger-land.de\/wp-content\/uploads\/2023\/03\/rote-Karte-Ladbergen.jpg\" alt=\"\" class=\"wp-image-1205\"\/><\/figure>\n\n\n\n<h3 class=\"wp-block-heading\">Karten aus dem Tecklenburger Land:<\/h3>\n\n\n\n<p class=\"has-small-font-size\">Hier finden Sie eine Liste von Karten aus dem Tecklenburger Land und seinen Grenzgebieten mit mehr als 5300 Objekten. Hier finden Die Excel-Tabelle zum Herunterladen enth\u00e4lt die entsprechenden Signaturen bzw. Links, und Sie k\u00f6nnen sich die Karten z.B. in den Landesarchiven ansehen oder online abrufen.<\/p>\n\n\n\n<p class=\"has-small-font-size\"><a href=\"https:\/\/familienforschung-tecklenburger-land.de\/files\/Tecklenburger-Familienforschung\/Karten\/Karten Tecklenburger Land TEFAM.xls\">Link f\u00fcr den Download<\/a><\/p>\n\n\n\n<figure class=\"wp-block-image size-full\"><img loading=\"lazy\" decoding=\"async\" width=\"230\" height=\"467\" src=\"https:\/\/familienforschung-tecklenburger-land.de\/wp-content\/uploads\/2023\/03\/Ladbergen-2012_1.jpg\" alt=\"\" class=\"wp-image-1206\" srcset=\"https:\/\/familienforschung-tecklenburger-land.de\/wp-content\/uploads\/2023\/03\/Ladbergen-2012_1.jpg 230w, https:\/\/familienforschung-tecklenburger-land.de\/wp-content\/uploads\/2023\/03\/Ladbergen-2012_1-148x300.jpg 148w\" sizes=\"auto, (max-width: 230px) 100vw, 230px\" \/><\/figure>\n\n\n\n<p><\/p>\n\n\n\n<figure class=\"wp-block-image size-full\"><img loading=\"lazy\" decoding=\"async\" width=\"230\" height=\"183\" src=\"https:\/\/familienforschung-tecklenburger-land.de\/wp-content\/uploads\/2023\/03\/1-Napf.jpg\" alt=\"\" class=\"wp-image-1207\"\/><figcaption class=\"wp-element-caption\">Ladbergen mit der alten Kirche auf dem Horstmarer Napf<\/figcaption><\/figure>\n\n\n\n<figure class=\"wp-block-image size-full\"><img loading=\"lazy\" decoding=\"async\" width=\"230\" height=\"141\" src=\"https:\/\/familienforschung-tecklenburger-land.de\/wp-content\/uploads\/2023\/03\/1-nias.jpg\" alt=\"\" class=\"wp-image-1208\"\/><figcaption class=\"wp-element-caption\">Die Muschel von Nias als Taufbecken in der ev. Kirche. Heinrich Sundermann brachte sie von seinen Reisen mit nach Ladbergen.<\/figcaption><\/figure>\n<\/div>\n<\/div>\n\n\n\n<h2 class=\"wp-block-heading\" id=\"Ladbergen-Literatur\">Literatur \u00fcber Ladbergen<\/h2>\n\n\n\n<div class=\"wp-block-columns is-layout-flex wp-container-core-columns-is-layout-9d6595d7 wp-block-columns-is-layout-flex\">\n<div class=\"wp-block-column is-layout-flow wp-block-column-is-layout-flow\" style=\"flex-basis:25%\">\n<h3 class=\"wp-block-heading\">Festschriften<\/h3>\n\n\n\n<p class=\"has-small-font-size\">Saatkamp, Fr.: 1000 Jahre Ladbergen. Fest-Programm der 1000-Jahrfeier in Ladbergen vom 2. &#8211; 4. Juni 1950, mit einem Auszug aus der Geschichte Ladbergens und der Entwicklung der Overbecker Schule. Ladbergen, 1950<\/p>\n\n\n\n<p class=\"has-small-font-size\">Dorferneuerung Ladbergen, Landkreis Tecklenburg, 1965 [im Stadtarchiv Lengerich, Signatur V 1367]<\/p>\n\n\n\n<p class=\"has-small-font-size\">1000 Jahre Ladbergen. Fest-Programm der 1000-Jahrfeier in Ladbergen (Westfalen), 1950 [im Stadtarchiv Lengerich, Signatur V 712]<\/p>\n\n\n\n<h6 class=\"wp-block-heading\">Sch\u00fctzenvereine<\/h6>\n\n\n\n<p class=\"has-small-font-size\">50 Jahre Sch\u00fctzenverein Ladbergen-H\u00f6lter e. V. 1920 \u2013 1970. Hrsg.: Sch\u00fctzenverein Ladbergen-H\u00f6lter e. V., Bearbeitung: Stienecker, Hermann; Valder, H. und K.; Druck: Lengericher Handelsdruckerei, 1970, Festschrift<\/p>\n\n\n\n<p class=\"has-small-font-size\">75 Jahre Sch\u00fctzenverein Overbeck e. V., Ladbergen 1930 &#8211; 2005<\/p>\n\n\n\n<p class=\"has-small-font-size\">75 Jahre Sch\u00fctzenverein Ladbergen-H\u00f6lter e. V., 1920 \u2013 1995<\/p>\n\n\n\n<p class=\"has-small-font-size\">50 Jahre Sch\u00fctzenverein Ladbergen &#8211; Wester, Jubil\u00e4ums-feier mit Fahnenweihe 1982 [Stadtarchiv Lengerich, Signatur V 688]<\/p>\n\n\n\n<h4 class=\"wp-block-heading\">Gesangvereine und Ch\u00f6re<\/h4>\n\n\n\n<p class=\"has-small-font-size\">Festbuch zum 75. Jubelfest des MGV \u201eSangeslust\u201c Ladbergen am 18. und 19. Juni 1949, Selbstverlag<\/p>\n\n\n\n<p class=\"has-small-font-size\">100 Jahre MGV \u201eSangeslust\u201c Ladbergen, 1974<\/p>\n\n\n\n<p class=\"has-small-font-size\">1. Ladberger Bl\u00e4sertreffen, 2001<\/p>\n\n\n\n<h4 class=\"wp-block-heading\">Sportvereine<\/h4>\n\n\n\n<p class=\"has-small-font-size\">TSV Ladbergen, Festschrift zum 50-j\u00e4hrigen Vereinsjubil\u00e4um, 1971, Altevogt, Gustav Dr.<\/p>\n\n\n\n<p class=\"has-small-font-size\">25 Jahre Gemeindesportverband, Festschrift, 2004<\/p>\n\n\n\n<p class=\"has-small-font-size\">Reiterverein Ladbergen, Festschrift zum 25-j\u00e4hrigen Jubil\u00e4um im Heilp\u00e4dagogischen Voltigieren von Schule u. Verein, 2008<\/p>\n\n\n\n<figure class=\"wp-block-image size-full\"><img loading=\"lazy\" decoding=\"async\" width=\"230\" height=\"172\" src=\"https:\/\/familienforschung-tecklenburger-land.de\/wp-content\/uploads\/2023\/03\/Muehle.jpg\" alt=\"\" class=\"wp-image-1221\"\/><figcaption class=\"wp-element-caption\">Alte M\u00fchle<\/figcaption><\/figure>\n\n\n\n<h4 class=\"wp-block-heading\">Kirchen und kirchliche Einrichtungen<\/h4>\n\n\n\n<p class=\"has-small-font-size\">Heimatglocken \u2013 Gemeindeblatt f\u00fcr die Gemeinde Ladbergen. Hrsg. Pfarrer Johanneswerth und Fiebig.<\/p>\n\n\n\n<p class=\"has-small-font-size\">Schulte, Herbert Pastor, Ladbergen \u2013 Unsere Kirche \u2013 unsere Pfarrer, 1954<\/p>\n\n\n\n<p class=\"has-small-font-size\">Winkelstr\u00f6ter, Pastor: Lebendige Steine \u2013 150 Jahre evangelische Kirche 1856 \u2013 2006, 2006<\/p>\n\n\n\n<p class=\"has-small-font-size\">25 Jahre St. Christopherus Kirche Ladbergen \u2013 Nicht aus Steinen, sondern aus Menschen gebaut, 2005<\/p>\n\n\n\n<p class=\"has-small-font-size\">Festschrift zur Einweihung des evang. Gemeindezentrums 1975<\/p>\n\n\n\n<figure class=\"wp-block-image size-full\"><img loading=\"lazy\" decoding=\"async\" width=\"230\" height=\"181\" src=\"https:\/\/familienforschung-tecklenburger-land.de\/wp-content\/uploads\/2023\/03\/Schule.jpg\" alt=\"\" class=\"wp-image-1220\"\/><figcaption class=\"wp-element-caption\">Schule<\/figcaption><\/figure>\n\n\n\n<h4 class=\"wp-block-heading\">Sonstige Einrichtungen und Verb\u00e4nde<\/h4>\n\n\n\n<p class=\"has-small-font-size\">Kreisfeuerwehrtag verbunden mit Volksfest Ladbergen. Festprogramm zur Feier des 25j\u00e4hrigen Bestehens der Freiwilligen Feuerwehr Ladbergens (Westf) am 7. und 8. Juni 1952. Ladbergen, o. V., 1952,.<\/p>\n\n\n\n<p class=\"has-small-font-size\">50 Jahre Freiwillige Feuerwehr Ladbergen, 1927 \u2013 1977<\/p>\n\n\n\n<p class=\"has-small-font-size\">75 Jahre Freiwillige Feuerwehr Ladbergen, 1927 &#8211; 2002<\/p>\n\n\n\n<p class=\"has-small-font-size\">Waidmanns Dank \u2013 Gedichte und Erz\u00e4hlungen. Zur 1000-Jahrfeier von Ladbergen 1950, 1949-1950 [im Stadtarchiv Lengerich, Signatur V 813]<\/p>\n\n\n\n<figure class=\"wp-block-image size-full\"><img loading=\"lazy\" decoding=\"async\" width=\"230\" height=\"198\" src=\"https:\/\/familienforschung-tecklenburger-land.de\/wp-content\/uploads\/2023\/03\/Ladbergen-2012_11.jpg\" alt=\"\" class=\"wp-image-1219\"\/><\/figure>\n\n\n\n<p><\/p>\n\n\n\n<figure class=\"wp-block-image size-full\"><img loading=\"lazy\" decoding=\"async\" width=\"230\" height=\"376\" src=\"https:\/\/familienforschung-tecklenburger-land.de\/wp-content\/uploads\/2023\/03\/Ladbergen-2012_12.jpg\" alt=\"\" class=\"wp-image-1222\" srcset=\"https:\/\/familienforschung-tecklenburger-land.de\/wp-content\/uploads\/2023\/03\/Ladbergen-2012_12.jpg 230w, https:\/\/familienforschung-tecklenburger-land.de\/wp-content\/uploads\/2023\/03\/Ladbergen-2012_12-184x300.jpg 184w\" sizes=\"auto, (max-width: 230px) 100vw, 230px\" \/><\/figure>\n\n\n\n<p><\/p>\n\n\n\n<figure class=\"wp-block-image size-full\"><img loading=\"lazy\" decoding=\"async\" width=\"230\" height=\"373\" src=\"https:\/\/familienforschung-tecklenburger-land.de\/wp-content\/uploads\/2023\/03\/Ladbergen-2012_13.jpg\" alt=\"\" class=\"wp-image-1223\" srcset=\"https:\/\/familienforschung-tecklenburger-land.de\/wp-content\/uploads\/2023\/03\/Ladbergen-2012_13.jpg 230w, https:\/\/familienforschung-tecklenburger-land.de\/wp-content\/uploads\/2023\/03\/Ladbergen-2012_13-185x300.jpg 185w\" sizes=\"auto, (max-width: 230px) 100vw, 230px\" \/><\/figure>\n\n\n\n<p><\/p>\n\n\n\n<figure class=\"wp-block-image size-full\"><img loading=\"lazy\" decoding=\"async\" width=\"230\" height=\"338\" src=\"https:\/\/familienforschung-tecklenburger-land.de\/wp-content\/uploads\/2023\/03\/Ladbergen-2012_14.jpg\" alt=\"\" class=\"wp-image-1224\" srcset=\"https:\/\/familienforschung-tecklenburger-land.de\/wp-content\/uploads\/2023\/03\/Ladbergen-2012_14.jpg 230w, https:\/\/familienforschung-tecklenburger-land.de\/wp-content\/uploads\/2023\/03\/Ladbergen-2012_14-204x300.jpg 204w\" sizes=\"auto, (max-width: 230px) 100vw, 230px\" \/><\/figure>\n\n\n\n<p><\/p>\n\n\n\n<figure class=\"wp-block-image size-full\"><img loading=\"lazy\" decoding=\"async\" width=\"230\" height=\"180\" src=\"https:\/\/familienforschung-tecklenburger-land.de\/wp-content\/uploads\/2023\/03\/Ladberger_Muehle.jpg\" alt=\"\" class=\"wp-image-1234\"\/><figcaption class=\"wp-element-caption\">Die M\u00fchle am Ladbergener M\u00fchlenbach<\/figcaption><\/figure>\n<\/div>\n\n\n\n<div class=\"wp-block-column is-layout-flow wp-block-column-is-layout-flow\" style=\"flex-basis:50%\">\n<h3 class=\"wp-block-heading\">Diese Literaturliste findet man auch in unserem Heft &#8222;Spurensuche &#8211; Ladbergen&#8220;.<\/h3>\n\n\n\n<p class=\"has-small-font-size\">Altevogt, Gustav Dr.: Blickpunkte Ladberger Geschichte, Hrsg. Gemeinde Ladbergen anl\u00e4\u00dflich der 1050-Jahr-Feier, 2000<\/p>\n\n\n\n<p class=\"has-small-font-size\">Berlemann, Hans: Auswanderer der Gemeinde Ladbergen 1830 \u2013 1930, 2. Archivbericht, Hrsg. Gemeinde Ladbergen, 1995<\/p>\n\n\n\n<p class=\"has-small-font-size\">Br\u00fcgge, Herbert: Orgelchronik der evangelischen Kirche zu Ladbergen. Mettingen, beim Verfasser, 1996.<\/p>\n\n\n\n<p class=\"has-small-font-size\">First United Church of Christ &#8211; New Knoxville, Ohio. [Kopie im Hunsche-Archiv in Lengerich]<\/p>\n\n\n\n<p class=\"has-small-font-size\">Fledderjohann-Stoeckel, V. M. &amp; Stoeckel, E.: The Snethkamp\/Quiller\/Meckstroth Family in the U.S.A. Kettering, Ohio. [Kopie im Hunsche-Archiv in Lengerich]<\/p>\n\n\n\n<p class=\"has-small-font-size\">Heimatverein Ladbergen (Hrsg.): Ladbergen und seine Vereine. Bildband, 2005<\/p>\n\n\n\n<p class=\"has-small-font-size\">Heimatverein Ladbergen (Hrsg.): Sing mit \u2013 Liederbuch 2000.<br><br>Heimatverein Ladbergen (Hrsg.): Ladbergen 1939 bis 1952. Krieg und Nachkriegsjahre. Tagebuch des Friedrich Saatkamp. 2007<\/p>\n\n\n\n<p class=\"has-small-font-size\">Heppe, Heinrich: Geschichte des deutschen Volksschulwesens, Band 3, Verlag Friedr. A. Perthes, 1858. (Ladbergen, S. 116)<\/p>\n\n\n\n<p class=\"has-small-font-size\">Hoge, Dr. Dean R.: From Ladbergen to America. New Knoxville, 2008<\/p>\n\n\n\n<p class=\"has-small-font-size\">Innemann, Volker: 50 Jahre selbst\u00e4ndige Gemeinde Ladbergen, 1999<\/p>\n\n\n\n<p class=\"has-small-font-size\">Katterheinrich, Frederick Herbert: The Katterheinrichs, Katters and Wierwille Families. [Rohentwurf von 1979 im Hunsche-Archiv in Lengerich]<\/p>\n\n\n\n<p class=\"has-small-font-size\">Kohnhorst, Arnold (Hrsg.): Familiengeschichte Kohnhorst 1149 \u2013 1949, Lengerich, 1949<\/p>\n\n\n\n<p class=\"has-small-font-size\">Gemeinde Ladbergen (Hrsg.): 50 Jahre selbst\u00e4ndige Gemeinde Ladbergen, Verwaltungsbericht 1949 \u2013 1999, Ladbergen, 1999<\/p>\n\n\n\n<p class=\"has-small-font-size\">Gemeinde Ladbergen (Hrsg.): Ladbergen, Ausgabe 2, WEKA-Verlag, 1984<\/p>\n\n\n\n<p class=\"has-small-font-size\">Gemeinde Ladbergen (Hrsg.): N\u00fctzliche Informationen f\u00fcr G\u00e4ste und B\u00fcrger, BVB-Verlags-Gesellschaft, 2005<\/p>\n\n\n\n<p class=\"has-small-font-size\">Gemeinde Ladebergen (Hrsg.): Ladbergen 1949 \u2013 1969, Lengerich, 1969<\/p>\n\n\n\n<p class=\"has-small-font-size\">Meckstroth, A. W.: Some of the Meckstroth Story. St. Marys, Ohio. [Kopie im Hunsche-Archiv in Lengerich]<\/p>\n\n\n\n<p class=\"has-small-font-size\">Saatkamp, Friedrich; Hoge, Dean R.: Ladbergen: out of the history and the present of the 1000-year Westphalian village. New Knoxville Historical Society, 1985<\/p>\n\n\n\n<p class=\"has-small-font-size\">Saatkamp, Friedrich: 1000 Jahre Ladbergen. Ein Beitrag zur Geschichte des Tecklenburger Landes. M\u00e4rkischer Verlag, Lengerich, 1950<\/p>\n\n\n\n<p class=\"has-small-font-size\">Saatkamp, Friedrich: Ladbergen. Aus Geschichte und Gegenwart des 1000j\u00e4hrigen westf\u00e4lischen Dorfes. Lengerich, Neuauflage 1975<\/p>\n\n\n\n<p class=\"has-small-font-size\">Saatkamp, F. (1989): Ladbergen &#8211; Aus Geschichte und Gegenwart des l000-j\u00e4hrigen westf\u00e4lischen Dorfes, 3. erw. Aufl., Kleins Druck- und Verlagsanstalt, Lengerich, 1989<\/p>\n\n\n\n<p class=\"has-small-font-size\">Saatkamp, Friedrich: De aolle Walnottsbaum, Druckwerktstatt Schr\u00f6erl\u00fccke, 1987<\/p>\n\n\n\n<p class=\"has-small-font-size\">Saatkamp, Friedrich (Bearb.): Unsere Kirche &#8211; Unsere Pfarrer. Festschrift zum 100j\u00e4hrigen Bestehen der ev.-ref. Kirche in Ladbergen. Bearbeitet und zusammengestellt von Fr. Saatkamp, 1956<\/p>\n\n\n\n<p class=\"has-small-font-size\">Saatkamp, Friedrich: Unsere Kirche \u2013 Unsere Pfarrer, Selbstverlag, Ladbergen 1999, Hrsg.: Heimatverein Ladbergen<br><br>Schoppenhorst, Friedr.; \u00fcberarbeitet von Schoppenhorst, Martin Dr. : Die Chronik des Friedrich Schoppenhorst, \u00dcber sein Leben und was im 19. Jahrhundert in Ladbergen geschah, Druck: Schroerl\u00fccke, Ladbergen, 2010<\/p>\n\n\n\n<p class=\"has-small-font-size\">Schoppenhorst, Martin: Ladbergen in alten Ansichten, Band 1. Europ\u00e4ische Bibliothek, Zaltbommel\/NL, 2. Auflage 1988, ISBN 90 288 2093 x \/ CIP<\/p>\n\n\n\n<p class=\"has-small-font-size\">Staude, Henner (Bearb.): Geologische Karte von Nordrhein-Westfalen 1 : 25.000, Erl\u00e4uterungen zu Blatt 3812 Ladbergen: Geologisches Landesamt Nordrhein-Westfalen, 1982<\/p>\n\n\n\n<p class=\"has-small-font-size\">Stork, Heinrich: Ladbergen \u201eLand un L\u00fce\u201c, Beitr\u00e4ge zur Heimatgeschichte, Schmitz Druck &amp; Verlag, Nordwalde, 1992<\/p>\n\n\n\n<p class=\"has-small-font-size\">Stork, Heinrich: Ladbergen \u201eLand un L\u00fce\u201c, Beitr\u00e4ge zur Heimatgeschichte, \u00fcberarb. und erw. Neuauflage, Band II, Druck Schr\u00f6erl\u00fccke, Ladbergen, 2001<br><br>Stork, Heinz: Ladbergen in alten Ansichten, Band 2. Europaeische Bibliothek, Zaltbommel\/NL, 1993. ISBN 9789028856912<\/p>\n\n\n\n<p class=\"has-small-font-size\">Heinrich Sundermann: Die Insel Nias und die Mission daselbst, Rheinische Missionsschriften Nr. 125, Verlag des Missionshauses, Barmen 1905<\/p>\n\n\n\n<p class=\"has-small-font-size\">Untiet, Willi: Use platt. W\u00f6rter, Redewendungen, Geschichten, Gedichte, Reime, R\u00e4tsel. Hrsg.: Gemeinde Ladbergen, 1996.<\/p>\n\n\n\n<p class=\"has-small-font-size\">Untiet, Willi: &#8222;Mit Guth und Blut eigen&#8220;: B\u00e4uerliches Leben in Ladbergen vor 1900. 1. Archivbericht, Ladbergen, Hrsg.: Gemeinde Ladbergen, 1993<\/p>\n\n\n\n<p class=\"has-small-font-size\">Untiet, Willi: Ladberger Geschichte(n), Hrsg. Heimatverein Ladbergen, 2003<\/p>\n\n\n\n<h3 class=\"wp-block-heading\">Aufs\u00e4tze und Beitr\u00e4ge in:<\/h3>\n\n\n\n<p class=\"has-small-font-size\">Fliegende Bl\u00e4tter aus dem Rauhen Hause zu Horn bei Hamburg: Organ des Central-Ausschusses f\u00fcr die Innere Mission der Deutschen Evangelischen Kirche, Band 24, Rauhes Haus (Horn, Hamburg). Verlag: Agentur d. Rauhen Hauses, 1867. (Betr.: Hollandg\u00e4nger und Ladbergen, Aufst\u00e4nde wegen zu geringem Lohn)<\/p>\n\n\n\n<p class=\"has-small-font-size\">Teske, Gunnar: Verhandlungen zum Westf\u00e4lischen Frieden au\u00dferhalb der Kongre\u00dfst\u00e4dte M\u00fcnster und Osnabr\u00fcck.<br>In: Westf\u00e4lische Zeitschrift &#8211; Zeitschrift f\u00fcr vaterl\u00e4ndische Geschichte und Altertumskunde 147 1997, S. 63-92<\/p>\n\n\n\n<p class=\"has-small-font-size\">Gladen, Albin: Ver\u00f6ffentlichungen der Historischen Kommission f\u00fcr Westfalen: Geschichtliche Arbeiten zur westf\u00e4lischen Landesforschung. Wirtschafts- und sozialgeschichtliche Gruppe. Band 2, Aschendorffsche Verlagsbuchhandlung, 1970. (S. 70 \u2013 Hollandbote Schoppenhorst)<\/p>\n\n\n\n<p class=\"has-small-font-size\">Gladen, Albin: Ver\u00f6ffentlichungen der Historischen Kommission f\u00fcr Westfalen, Band 17, Geschichtliche Arbeiten zur westf\u00e4lischen Landesforschung, wirtschafts- und sozialgeschichtliche Gruppe: Hollandgang im Spiegel der Reiseberichte evangelischer Geistlicher Band 1: Quellen zur saisonalen Arbeitswanderung in der zweiten H\u00e4lfte des 19. Jahrhunderts, Band 1, Aschendorff, 2007, ISBN 9783402068007<\/p>\n\n\n\n<p class=\"has-small-font-size\">Hunsche, Friedrich Ernst : Auswanderungen aus dem Kreis Steinfurt. Schriftenreihe des Kreises Steinfurt, Band 3, 1983. S. 110.<\/p>\n\n\n\n<p class=\"has-small-font-size\">Hunsche, Friedrich Ernst: Die bunte Truhe, Sch\u00e4tze aus dem Tecklenburger Land. Verlag Ibbenb\u00fcrener Vereins-druckerei, 1968, ISBN 9783921290002<\/p>\n\n\n\n<p class=\"has-small-font-size\">Neugebauer, Wolfgang (auch Hrsg.): Ver\u00f6ffentlichungen der Historischen Kommission zu Berlin, Band 83: Schule und Absolutismus in Preussen: Akten zum Preussischen Elementarschulwesen bis 1806, Verlag Walter de Gruyter,&nbsp; 1992. ISBN 9783110123043 (Sommerschulen in Ladbergen)<\/p>\n\n\n\n<p class=\"has-small-font-size\">Rosen, Anton: Kirche und Kirchspiel im Tecklenburger Land, S. 115 f., Die evangelische Kirche in Ladbergen; Die Kirchengeb\u00e4ude in Ladbergen, Kleins Druck- und Verlagsanstalt, Lengerich, 1954<\/p>\n\n\n\n<p class=\"has-small-font-size\">Strotdrees, Gisbert: H\u00f6fe, Bauern, Hungerjahre: aus der Geschichte der westf\u00e4lischen Landwirtschaft 1890-1950, Landwirtschaftsverlag, 1991. ISBN 9783784313351 (S. 69\/70 Ladbergen)<\/p>\n\n\n\n<p class=\"has-small-font-size\">Tr\u00fctken-Kirsch, Heinz-J\u00fcrgen: Der Kirchenkreis Tecklenburg in der NS-Zeit, Beitr\u00e4ge zur westf\u00e4lischen Kirchengeschichte, Band 10. Luther-Verlag, 1996. ISBN 9783785803769 (Die Kirchengemeinde Ladbergen, S. 110 ff)<\/p>\n\n\n\n<p class=\"has-small-font-size\">Zabern, Philipp von: M\u00fcnster, Westliches M\u00fcnsterland, Tecklenburg: F\u00fchrer zu vor- und fr\u00fchgeschichtlichen Denkm\u00e4lern, Bd. 46, Verlag Zabern Philipp von GmbH, 1981, ISBN9783805304665 (Grabh\u00fcgelfeld bei Ladbergen S. 196\/197)<\/p>\n\n\n\n<p class=\"has-small-font-size\">Hunsche, F. E.; Schmedt, Friedrich (Bearbeiter): Beitr\u00e4ge zur Volkskunde des Tecklenburger Landes, Sitte und Brauchtum unter besonderer Ber\u00fccksichtigung des Sch\u00fctzenbrauchtums Hrsg. Kreisverwaltung Tecklenburg, 1974<\/p>\n\n\n\n<p class=\"has-small-font-size\">Seite 41: Maneke, Fritz: Ladberger Hochzeit. Ladbergen (1925)<\/p>\n\n\n\n<p class=\"has-small-font-size\">Seite 88: Saatkamp, Friedrich: \u201eIserkouken\u201c am Fastaben. Ladbergen (1970)<\/p>\n\n\n\n<p class=\"has-small-font-size\">Seite 90: Saatkamp, Friedrich: \u201eLechtmissen is Houhnermaidag\u201c. Ladbergen (1968)<\/p>\n\n\n\n<p class=\"has-small-font-size\">Seite 105: Saatkamp, Friedrich: Weihnachten und Stutensoppen. Ladbergen (1870)<\/p>\n\n\n\n<p class=\"has-small-font-size\">Seite 150: Saatkamp, Friedrich: Ki\u00e4rmste in Aolt-Ladbergen (1850)<\/p>\n\n\n\n<p class=\"has-small-font-size\">Seite 154: Saatkamp, Friedrich: Das Torfbier. Ladbergen (1880)<\/p>\n\n\n\n<p class=\"has-small-font-size\">Seite 157: Saatkamp, Friedrich: Als Kiepker von Ladbergen nach M\u00fcnster (1840)<\/p>\n\n\n\n<p class=\"has-small-font-size\">Berger, Eva: 1648 &#8211; 1998. Dem Frieden die Zukunft. Sozialgeschichtliche Beitr\u00e4ge aus dem Kreis Steinfurt: der Drei\u00dfigj\u00e4hrige Krieg und die Hoffnung auf Frieden (Seite 155)<\/p>\n\n\n\n<h3 class=\"wp-block-heading\">Unser Kreis \u2013 Jahrbuch f\u00fcr den Kreis Steinfurt.<\/h3>\n\n\n\n<p class=\"has-small-font-size\">1988 \u2013 Nr. 1<br>Seite 140: Stork, Heinz: Dolf un Hinnerk<br>Seite 182: Dowidat, Detlef: Ladbergener in Amerika<\/p>\n\n\n\n<p class=\"has-small-font-size\">1989 \u2013 Nr. 2<br>Seite 149: Stork, Heinz: Ladbergen. Hier war die Post zu Haus<\/p>\n\n\n\n<p class=\"has-small-font-size\">1990 \u2013 Nr. 3<br>Seite 141: Menebr\u00f6cker, Heinz: Heinrich Sundermann, Missionar aus Ladbergen<br>Seite 143: Saatkamp, Friedrich: \u201eWat meint Se daotou?\u201c<\/p>\n\n\n\n<p class=\"has-small-font-size\">1991 \u2013 Nr. 4<br>Seite 35: Stork, Heinz: Boukweiten-Jan Hinnerk \u2013 Der Weizen des armen Mannes<br>Seite 198: Brockhoff, Paul: Drei Heimatvereine wieder auf einem Snadgang<\/p>\n\n\n\n<p class=\"has-small-font-size\">1992 \u2013 Nr. 5<br>Seite 117: Stork, Heinz: Hochtiet un Kinnd\u00e4upe<br>Seite 118: Stork, Heinz: Mit en Krummen Arm tou Anspraoke<\/p>\n\n\n\n<p class=\"has-small-font-size\">1993 \u2013 Nr. 6<br>Seite 140: Stork, Heinz: Ain s\u00f6\u00fcte M\u00fclken v\u00e4 en halben Zentner \u00c4rappel<\/p>\n\n\n\n<p class=\"has-small-font-size\">1994 \u2013 Nr. 7<br>Seite 142: Stork, Heinz: Budden \u00c4nst, en Ladi\u00e4rgsk Original<br>Seite 234: Rod Hinnerk: Mit der Schiebkarre nach M\u00fcnster<\/p>\n\n\n\n<p class=\"has-small-font-size\">1995 \u2013 Nr. 8<br>Seite 245: Untiet, Willi: Sie wohnten in Ladbergen vor 150 Jahren noch in Erdh\u00f6hlen<\/p>\n\n\n\n<p class=\"has-small-font-size\">1996 \u2013 Nr. 9<br>Seite 90: Untiet, Willi: Dem Afrouper von Ladbergen wurde jetzt ein Denkmal gesetzt<br>Seite 92: Untiet, Willi: De Afrouper<br>Seite 218: Schreiber, Klaus-Dieter: Der Ladbergener Bund war 1246 erster \u00fcberregionaler St\u00e4dtebund<\/p>\n\n\n\n<p class=\"has-small-font-size\">1997 \u2013 Nr. 10<br>Seite 44: Untiet, Willi: Wie der Flurname Hunnebrink in Ladbergen entstanden sein soll<\/p>\n\n\n\n<p class=\"has-small-font-size\">1998 \u2013 Nr. 11<br>Seite 44: Herringslack, Stefan: Ein Besuch im Ladberger Schuhmachermuseum<br>Seite 218: Stork, Heinz: Erinnerungen an das Christfest vor hundert Jahren in Ladbergen<\/p>\n\n\n\n<p class=\"has-small-font-size\">1999 \u2013 Nr. 12<br>Seite 260: Bauer, Josef: Der Seniorentreff Ladbergen ist lebendiger Teil des Gemeindelebens<\/p>\n\n\n\n<p class=\"has-small-font-size\">2000 \u2013 Nr. 13<br>Seite 216: Untiet, Willi: Wichtige Ereignisse aus der Geschichte Ladbergens<\/p>\n\n\n\n<p class=\"has-small-font-size\">2001 \u2013 Nr. 14<br>Seite 238: Innemann, Volker: Diskussionen in Ladbergen um den ersten Leichenwagen<\/p>\n\n\n\n<p class=\"has-small-font-size\">Seite 152: L\u00fcttmann, Franz: Von der Wasserkraft zur Tauchgenerator-Turbine. Die M\u00fchle L\u00f6ckemann in Westladbergen.&nbsp;<\/p>\n\n\n\n<p class=\"has-small-font-size\">2002 \u2013 Nr. 15<br>Seite 109: Stork, Heinz: Der Ladberger Etat von 1882\/83 gibt Einblicke in das Gemeindeleben<\/p>\n\n\n\n<p class=\"has-small-font-size\">2003 \u2013 Nr. 16<br>Seite 62: Lohrer, Michael: Johann Wilhelm Fiegenbaum: Ein Kirchengr\u00fcnder aus Ladbergen<\/p>\n\n\n\n<p class=\"has-small-font-size\">2004 \u2013 Nr. 17<br>Seite 202: Schmedt, Hanna: Fritz Stille war in Ladbergen zu Hause<br>Seite 205: Stille, Fritz: Ladbi\u00e4rgen \u2013 mien Heimatland<br>Seite 251: Kielmann, Ingo: Ladbergen vom Heidedorf zum Industriestandort<\/p>\n\n\n\n<p class=\"has-small-font-size\">2005 \u2013 Nr. 18<br>Seite 164: Suhre, Werner: Ehrenamtliche Jugendarbeit in der Evangelischen Kirche Ladbergen<br>Seite 176: Untiet, Willi: Ehrung f\u00fcr Heinrich Stork mit dem Heimat- und Brauchtumspreis<\/p>\n\n\n\n<p class=\"has-small-font-size\">2006 \u2013 Nr. 19<br>Seite 230: Untiet, Willi: Ammen aus dem Ammendorf Ladbergen<\/p>\n\n\n\n<p class=\"has-small-font-size\">2007 \u2013 Nr. 20<br>Seite 14: Winkelstr\u00f6ter, J\u00f6rg: 1856 \u2013 2006 \u2013 150 Jahre Evangelische Kirche Ladbergen<\/p>\n\n\n\n<p class=\"has-small-font-size\">2008 \u2013 Nr. 21<br>Seite 223: Spannhoff, Christof: \u00dcberlegungen zur fr\u00fchmittelalterlichen Siedlungsgeschichte am Beispiel Ladbergens<\/p>\n\n\n\n<p class=\"has-small-font-size\">2009 \u2013 Nr. 22<br>Seite 238: Spannhoff, Christof: Ladbergen und die Schlacht auf dem Haler Felde bei Wersen<\/p>\n\n\n\n<p class=\"has-small-font-size\">2010 \u2013 Nr. 23<br>Seite 210: Eismann, Stefan: Ausgrabung der alten Kirche in Ladbergen<\/p>\n\n\n\n<p class=\"has-small-font-size\">2011 \u2013 Nr. 24<br>Seite 148: Eismann, Stefan Dr.: Kirchenbaugeld f\u00fcr Glocke \u201everschwendet\u201c<\/p>\n<\/div>\n\n\n\n<div class=\"wp-block-column is-layout-flow wp-block-column-is-layout-flow\" style=\"flex-basis:25%\">\n<figure class=\"wp-block-image size-full\"><a href=\"https:\/\/familienforschung-tecklenburger-land.de\/?page_id=815\"><img loading=\"lazy\" decoding=\"async\" width=\"250\" height=\"359\" src=\"https:\/\/familienforschung-tecklenburger-land.de\/wp-content\/uploads\/2023\/03\/Ladbergen-250px-Breite.jpg\" alt=\"\" class=\"wp-image-819\" srcset=\"https:\/\/familienforschung-tecklenburger-land.de\/wp-content\/uploads\/2023\/03\/Ladbergen-250px-Breite.jpg 250w, https:\/\/familienforschung-tecklenburger-land.de\/wp-content\/uploads\/2023\/03\/Ladbergen-250px-Breite-209x300.jpg 209w\" sizes=\"auto, (max-width: 250px) 100vw, 250px\" \/><\/a><\/figure>\n\n\n\n<h3 class=\"wp-block-heading\">Vier Familienchroniken:<\/h3>\n\n\n\n<p class=\"has-small-font-size\"><em>Erstellt von Hermanda Fiegenbaum (alle B\u00fccher ca. 200 DIN A 4-Seiten mit vielen z.T. farbigen Fotos; in unserer Bibliothek vorhanden):<\/em><\/p>\n\n\n\n<p class=\"has-small-font-size\"><strong>Familien Eschmeier, Lagemann, Schr\u00f6er und Telljohann<\/strong><\/p>\n\n\n\n<p class=\"has-small-font-size\"><strong>Familien Kattmann und Hildebrand<\/strong><\/p>\n\n\n\n<p class=\"has-small-font-size\"><strong>Familien Lagemann und Osterkamp (Brasilien)<\/strong><\/p>\n\n\n\n<p class=\"has-small-font-size\"><strong>Familie Kattmann<\/strong><\/p>\n\n\n\n<h3 class=\"wp-block-heading\">Aufs\u00e4tze und Beitr\u00e4ge im Tecklenburger Landboten<\/h3>\n\n\n\n<p class=\"has-small-font-size\"><strong>Saatkamp, Friedrich:<\/strong><br>03.11.1938: Aus Ladbergens Vorgeschichte \u2013 Von ehemaligen B\u00fcrgermeistern der Gemeinde Ladbergen<\/p>\n\n\n\n<p class=\"has-small-font-size\">20.06.1940: Ein altes Lehrergeschlecht der Gemeinde Ladbergen (Heinking)<\/p>\n\n\n\n<p class=\"has-small-font-size\">20.06.1941: Freibrief aus dem Jahre 1760<\/p>\n\n\n\n<p class=\"has-small-font-size\">31.01.1942: Aus der Geschichte des Ladberger Vorblecks<\/p>\n\n\n\n<p class=\"has-small-font-size\">04.07.1942: Als die Franzosen in Ladbergen waren<\/p>\n\n\n\n<p class=\"has-small-font-size\">17.10.1942: Aus vergangenen Tagen Ladbergens (Umflut und Umflutsbr\u00fccke, M\u00fchle in Ladbergen)<\/p>\n\n\n\n<p class=\"has-small-font-size\">13.03.1943: Aus der Geschichte des Dorfes Ladbergen<\/p>\n\n\n\n<p class=\"has-small-font-size\">08.05.1943: Aus Ladbergens vergangenen Tagen \u2013 Aus der Zeit der Freiheitskriege<\/p>\n\n\n\n<p class=\"has-small-font-size\">29.01.1944: Aus vergilbten Bl\u00e4ttern \u2013 Ein Blick ins Ladberger Pfarrarchiv<\/p>\n\n\n\n<p class=\"has-small-font-size\">20.01.1949: Vom Ti\u00e4genb\u00fcorger Linnen<\/p>\n\n\n\n<p class=\"has-small-font-size\">09.12.1949: Von 100 zu 600 (Feuerst\u00e4tten)<\/p>\n\n\n\n<p class=\"has-small-font-size\">09.02.1952: Missionar und Wissenschaftler Sundermann<\/p>\n\n\n\n<p class=\"has-small-font-size\">13.08.1952: St\u00e4tte eines heimatverbundenen Geschlechtes (Hof Lagemann)<br><br><strong>Hunsche, Friedrich Ernst:<\/strong><br>26.06.1952: Der Bauernhof Gro\u00dfe Stockdiek in Ladbergen<\/p>\n\n\n\n<p class=\"has-small-font-size\">02.10.1952: Der Hof Snethkamp im Rhedaer Archiv&nbsp;<\/p>\n\n\n\n<p class=\"has-small-font-size\">06.12.1952: Alte Bauernh\u00f6fe der Gemeinde Ladbergen<\/p>\n\n\n\n<p class=\"has-small-font-size\">ohne Angabe des Autors: 13.01.1941: Von der Schule H\u00f6lter 1&nbsp;<\/p>\n\n\n\n<p class=\"has-small-font-size\">05.07.1941: Aus der Geschichte eines Ladberger Bauernhofes (Hof H\u00fclsmeier,&nbsp; Overbeck)<\/p>\n\n\n\n<p class=\"has-small-font-size\">27.11.1942: Verschwundene Ladberger Bauernh\u00f6fe<\/p>\n\n\n\n<p class=\"has-small-font-size\">17.12.1942: Aus der Geschichte der Schule H\u00f6lter 2 bei Ladbergen<\/p>\n\n\n\n<p class=\"has-small-font-size\">13.03.1944: Der Hof Fleddermann in Ladbergen<\/p>\n\n\n\n<p class=\"has-small-font-size\">08.05.1952: Die alte Bockem\u00fchle in Ladbergen<\/p>\n\n\n\n<p class=\"has-small-font-size\">21.08.1956: Pastor Lenhartz bei den Hollandg\u00e4ngern<\/p>\n\n\n\n<figure class=\"wp-block-image size-full\"><img loading=\"lazy\" decoding=\"async\" width=\"230\" height=\"360\" src=\"https:\/\/familienforschung-tecklenburger-land.de\/wp-content\/uploads\/2023\/03\/Ladbergen-2012_8.jpg\" alt=\"\" class=\"wp-image-1226\" srcset=\"https:\/\/familienforschung-tecklenburger-land.de\/wp-content\/uploads\/2023\/03\/Ladbergen-2012_8.jpg 230w, https:\/\/familienforschung-tecklenburger-land.de\/wp-content\/uploads\/2023\/03\/Ladbergen-2012_8-192x300.jpg 192w\" sizes=\"auto, (max-width: 230px) 100vw, 230px\" \/><\/figure>\n\n\n\n<h3 class=\"wp-block-heading\">Westf\u00e4lischer Heimatkalender \/ Jahrbuch Westfalen<\/h3>\n\n\n\n<p class=\"has-small-font-size\">1956 (Tecklenburg): Die Feste zur Geburt des &#8222;K\u00f6nigs von Rom&#8220; im 1811. Ein Beitrag zur Geschichte des Sch\u00fctzenwesens im Kreise Tecklenburg. G\u00fcnther Schotte (S. 203)<\/p>\n\n\n\n<p class=\"has-small-font-size\">1957, Seite 203<br>Saatkamp, Friedrich: Tou late noa&#8217;n Bi\u00e4rg (Flutsagen)<\/p>\n\n\n\n<p class=\"has-small-font-size\">1958, Seite 187<br>Knoblauch, G.: L\u00f6nsheide<\/p>\n\n\n\n<p class=\"has-small-font-size\">1959, Seite 191<br>Saatkamp, Friedrich: Das Vorgesicht<\/p>\n\n\n\n<p class=\"has-small-font-size\">1974, Seite 120:<br>Saatkamp, Friedrich: Hochmut und Willk\u00fcr<\/p>\n\n\n\n<p class=\"has-small-font-size\">1974, Seite 137:<br>Niehoff, Wolfgang: Grenzh\u00e4ndel um das Dorf Ladbergen<\/p>\n\n\n\n<p class=\"has-small-font-size\">1975, Seite 120<br>Saatkamp, Friedrich: Zu sp\u00e4t auf den hohen Berg geflohen. Sagenhafte Deutung des Ortsnamens Ladbergen<\/p>\n\n\n\n<p class=\"has-small-font-size\">1975, Seite 47<br>Hunsche, Friedrich Ernst: Veenarbeiter zogen sogar nach Ru\u00dfland. Die meisten Hollandg\u00e4nger stellte Ladbergen<\/p>\n\n\n\n<p class=\"has-small-font-size\">1979, Seite 91<br>Hunsche, Friedrich Ernst: Friedrich K\u00f6tters Urenkel betrat den Mond. Neil Armstrong und das Heidedorf Ladbergen<\/p>\n\n\n\n<p class=\"has-small-font-size\">1987, Seite 14<br>Hunsche, Friedrich Ernst: Aus Not nach Holland ins feuchte Moor.<\/p>\n\n\n\n<figure class=\"wp-block-image size-full\"><img loading=\"lazy\" decoding=\"async\" width=\"230\" height=\"156\" src=\"https:\/\/familienforschung-tecklenburger-land.de\/wp-content\/uploads\/2023\/03\/Loensheide-Ladbergen.jpg\" alt=\"\" class=\"wp-image-1227\"\/><figcaption class=\"wp-element-caption\">L\u00f6nsheide in Ladbergen<\/figcaption><\/figure>\n\n\n\n<figure class=\"wp-block-image size-full\"><img loading=\"lazy\" decoding=\"async\" width=\"230\" height=\"408\" src=\"https:\/\/familienforschung-tecklenburger-land.de\/wp-content\/uploads\/2023\/03\/Ladbergen-2012_10.jpg\" alt=\"\" class=\"wp-image-1228\" srcset=\"https:\/\/familienforschung-tecklenburger-land.de\/wp-content\/uploads\/2023\/03\/Ladbergen-2012_10.jpg 230w, https:\/\/familienforschung-tecklenburger-land.de\/wp-content\/uploads\/2023\/03\/Ladbergen-2012_10-169x300.jpg 169w\" sizes=\"auto, (max-width: 230px) 100vw, 230px\" \/><\/figure>\n\n\n\n<h3 class=\"wp-block-heading\">Heimatjahrbuch Osnabr\u00fcck Stadt und Land:<\/h3>\n\n\n\n<p class=\"has-small-font-size\">1973: Steinh\u00e4ger mit L\u00f6ffeln getrunken. Besuch im Heidedorf Ladbergen. (Friedrich Ernst Hunsche), S. 83<\/p>\n\n\n\n<p class=\"has-small-font-size\">1985: Neil Armstrong und die Tecklenburger Auswanderer (Friedrich Ernst Hunsche), S. 114<\/p>\n\n\n\n<figure class=\"wp-block-image size-full\"><img loading=\"lazy\" decoding=\"async\" width=\"230\" height=\"180\" src=\"https:\/\/familienforschung-tecklenburger-land.de\/wp-content\/uploads\/2023\/03\/Dorfstrasse.jpg\" alt=\"\" class=\"wp-image-1229\"\/><figcaption class=\"wp-element-caption\">Dorfstra\u00dfe<\/figcaption><\/figure>\n<\/div>\n<\/div>\n\n\n\n<h2 class=\"wp-block-heading\" id=\"Ladbergen-Suchanfragen\">Suchanfragen zu Ladbergen<\/h2>\n\n\n\n<div class=\"wp-block-columns is-layout-flex wp-container-core-columns-is-layout-9d6595d7 wp-block-columns-is-layout-flex\">\n<div class=\"wp-block-column is-layout-flow wp-block-column-is-layout-flow\" style=\"flex-basis:25%\">\n<h3 class=\"wp-block-heading\">Kruse<\/h3>\n\n\n\n<p class=\"has-small-font-size\">Ich suche die Daten des Christian Kruse(Kr\u00fc\u00dfe) aus Ladbergen, geboren ca. 1650. Er war verheiratet mit einer Anna Hanasch???. Sie haben ca. 1676 geheiratet in Ladbergen?. Beide sind katholisch. (<a href=\"mailto:w-vennemann@web.de\">Kontakt<\/a>)<\/p>\n\n\n\n<h3 class=\"wp-block-heading\">Fr\u00fcchte \/ Kipp<\/h3>\n\n\n\n<p class=\"has-small-font-size\">Hallo, liebe Forscher, ich suche Informationen \u00fcber <strong>Catherine(a) Wilhelmine Fr\u00fcchte<\/strong> geb.15.2.1845 ? gest.17.4.1904 in Ladbergen. Sie heiratet am 2.Juni 1871 <strong>Friedrich Rudolpf Kipp<\/strong> in Ladbergen. Laut Kirchenbuch bei Archion ist ihr Vater verstorben, die Mutter ist Heuerlingsfrau. Ich suche ihren Geburtsort, konnte ihn aber auch in den umliegenden Gemeinden nicht finden. Wann begannen in Ladbergen die standesamtlichen Beurkundungen, auch 1869? Bin f\u00fcr jede Hilfe zu meiner Urgro\u00dfmutter dankbar. Liebe Gr\u00fc\u00dfe <a href=\"mailto:Kriewen@t-online.de\">Renate<\/a><\/p>\n\n\n\n<h3 class=\"wp-block-heading\">Wieth\u00f6lter<\/h3>\n\n\n\n<p class=\"has-small-font-size\">Mich interessieren alle Informationen, die ich \u00fcber meine Familie aus Deutschland bekommen kann. Wir haben Ladbergen in 2008 und 2009 besucht. Stan &amp; Pat Wietholter, USA, <a href=\"mailto:wiety2@nktelco.net\">Kontakt<\/a><\/p>\n\n\n\n<h3 class=\"wp-block-heading\">Storck<\/h3>\n\n\n\n<p class=\"has-small-font-size\">In 1752 heiratete in Delft (Holland) <strong>Johan Hendrik Storck<\/strong>. M\u00f6glicherweise kommt er aus Ladbergen. Wenn seine Name in einer Liste \u00fcber Hollandg\u00e4nger vorkommt, dann h\u00f6re ich das sehr gerne. Jacobus Hannema, <a href=\"mailto:j.hannema@casema.nl\">Kontakt<\/a><\/p>\n\n\n\n<h3 class=\"wp-block-heading\">Wiethoff, Aufderheide<\/h3>\n\n\n\n<p class=\"has-small-font-size\">Mein Urgro\u00dfvater <strong>Wilhelm Wiethoff<\/strong> heiratete <strong>Bernadina Aufderheide<\/strong> und wanderte mit Familienmitgliedern nach Amerika aus. Ich suche Informationen und Daten \u00fcber die Familie Wiethoff. Ich habe nur Daten bis ca. 1800. Leigh Wiethoff, USA, <a href=\"mailto:leleslie45@yahoo.com\">Kontakt<\/a><\/p>\n\n\n\n<h3 class=\"wp-block-heading\">Solms, Siler (Syler), Meckstroth, Havemann, Gagle<\/h3>\n\n\n\n<p class=\"has-small-font-size\">Diese Namen stammen alle aus der Gegend um Ladbergen. <strong>Friedrich Wilhelm Solms<\/strong> wurde 1831 in Ladbergen geboren und wanderte 1856 nach Amerika aus. Den Rest seines Lebens verbrachte er in New Bremen, Ohio. Sein Vater war mit Anna Marie Elisabeth Meckstroth verheiratet. Ich w\u00fcrde mich \u00fcber jede Information zu diesen Namen und jeden Kontakt freuen. Marge Solms, <a href=\"mailto:ino2@beyondbb.com\">Kontakt<\/a><\/p>\n<\/div>\n\n\n\n<div class=\"wp-block-column is-layout-flow wp-block-column-is-layout-flow\" style=\"flex-basis:50%\">\n<h3 class=\"wp-block-heading\">M\u00f6chten Sie eine Anfrage ver\u00f6ffentlichen?<\/h3>\n\n\n\n<p class=\"has-small-font-size\"><strong>Wenn jemand genealogische Kontakte kn\u00fcpfen m\u00f6chte oder Hilfe bei einem schwierigen Fall ben\u00f6tigt, ver\u00f6ffentlichen wir hier gern eine Anfrage.<\/strong><\/p>\n\n\n\n<h3 class=\"wp-block-heading\">Hier k\u00f6nnen Sie uns Ihre Suchanfrage \u00fcbermitteln:<\/h3>\n\n\n\n<p class=\"has-small-font-size\">Sie k\u00f6nnen uns eine E-Mail mit Ihrer Suchanfrage schicken: <a href=\"mailto:admin@te-gen.de\">admin@te-gen.de<\/a> Bitte tragen Sie in die Mail ein, nach welchen Personen oder Namen Sie suchen, in welchem Ort Sie suchen, wenn Sie m\u00f6chten, Ihren Namen, welche Daten (Geburt, Heirat, Tod, andere) Ihnen vorliegen. Wenigstens ein Zeitraum w\u00e4re gut. Wir werden Ihre Anfrage dann an dieser Stelle ver\u00f6ffentlichen. Bitte beachten Sie, dass dies einige Tage dauern kann. Ihre Anfrage wird automatisch auch an unsere Mailingliste weitergeleitet.<\/p>\n\n\n\n<h3 class=\"wp-block-heading\">Haarmeier &amp; Hoge<\/h3>\n\n\n\n<p class=\"has-small-font-size\">Ich suche Familieninformationen f\u00fcr meinen Urgro\u00dfvater Wilhelm Adolph Haarmeier geb. 1. November 1834 in Ladbergen. Er heiratete Sophie Elisabeth Hoge (Sophie Elisabeth Hoge) geboren 8. September 1844. Sie wanderten nach Minnesota aus. USA. Ich habe Wilhelms Eltern Johann Heinrich Haarmeier und Anna Christine Elisabeth Wietkamp. Ist das richtig? Hat jemand die Familie Haarmeier weiter zur\u00fcck verfolgt? Ich bin kein deutscher Sprecher. Ich habe Google Translate verwendet, um diese Nachricht zu senden. (<a href=\"mailto:untiepa@hotmail.com\">Kontakt<\/a>)<\/p>\n\n\n\n<h3 class=\"wp-block-heading\">Stienecker<\/h3>\n\n\n\n<p class=\"has-small-font-size\"><a href=\"mailto:sandyordon@comcast.net\">Sandra Stienecker<\/a> aus den USA interessiert sich f\u00fcr die Familie Stienecker.<br>Folgendes ist ihr bekannt:<\/p>\n\n\n\n<p class=\"has-small-font-size\"><strong>Heinrich Wilhelm Ernst Stienecker<\/strong> und sein Vater <strong>Heinrich Wilhelm Stienecker<\/strong> wanderten nach Amerika aus.<br>Sie vermutet, dass Heinrich Wilhelm Ernsts Vater Hermann Heinrich Stienecker hie\u00df und am 25.5.1806 <strong>Anna Elisabeth Lutterbeck<\/strong> geheiratet hat. Dessen Vater wiederum k\u00f6nnte auch Herman Heinrich Stienecker hei\u00dfen, er soll mit einer Elisabeth verheiratet sein. Dar\u00fcberhinaus ist nichts bekannt.<\/p>\n\n\n\n<p class=\"has-small-font-size\"><strong>Bei RootsWeb finden sich folgende Daten, wobei nicht klar ist, ob sie korrekt sind:<\/strong><\/p>\n\n\n\n<p class=\"has-small-font-size\">Heinrich STIENECKER * 1712 in Ladbergen, + 18.11.1781<br>oo Elsabein HAARLAMMERT * 1716 in Ladbergen, + 12.3.1783<\/p>\n\n\n\n<p class=\"has-small-font-size\">Deren Sohn:<br>Herman Heinrich STIENECKER * 1748, + 4.12.1806<br>oo Catharina Elisabeth STORCK * 1747, + 11.5.1784<br>2. oo Anna Christina Elisabeth (Catharina) STORCK * 1747, + 2.1.1802<\/p>\n\n\n\n<p class=\"has-small-font-size\">Deren Sohn:<br>Herman Heinrich STIENECKER * 17.7.1777, + 10.2.1840<br>oo Anna Elisabeth LUTTERBECKE * 5.8.1777<\/p>\n\n\n\n<p class=\"has-small-font-size\">Deren Sohn:<br>Herman Heinrich STIENECKER * 14.5.1813<br>oo Sophia Elisabeth STORCK * 22.10.1819<br>Diese beiden sollen in Ladbergen verstorben sein, kommen also nicht in Frage.<\/p>\n\n\n\n<p class=\"has-small-font-size\"><strong>Und im Buch &#8222;Auswanderer der Gemeinde Ladbergen&#8220; findet sich folgender Auswanderer, der etwas, aber nicht 100%ig passt:<\/strong><\/p>\n\n\n\n<p class=\"has-small-font-size\">Heinrich Wilhelm Stienecker * 28.5.1817, ausgew. 1841 o. Cons.<\/p>\n\n\n\n<p class=\"has-small-font-size\">Dessen Sohn, Heinrich Wilhelm Ernst (oder ein passender) ist im Buch nicht angegeben.<\/p>\n\n\n\n<h3 class=\"wp-block-heading\">K\u00f6tterjohann \/ Katterjohn<\/h3>\n\n\n\n<p class=\"has-small-font-size\">Meine Ururgro\u00dfmutter <strong>Christine Katterjohn<\/strong> wanderte um 1843 nach Amerika aus und heiratete Ferdinand H. Schumacher aus W\u00fcrttemberg. Sie wurde am 10.11.1839 geboren und m\u00fcsste einen \u00e4lteren Bruder John (Johann) gehabt haben. Das Ehepaar Schumacher hatte mindestens drei Kinder (Sophia, Abraham Lincoln und Rose) und betrieb im Goodhue County eine Getreidem\u00fchle. Ich suche nach den deutschen Vorfahren von Christine K\u00f6tterjohann.<br>Joe Shumaker, USA, <a href=\"mailto:shumaker@newhopeproductsco.com\">Kontakt<\/a><\/p>\n<\/div>\n\n\n\n<div class=\"wp-block-column is-layout-flow wp-block-column-is-layout-flow\" style=\"flex-basis:25%\">\n<h3 class=\"wp-block-heading\">Oeljeklaus &amp; Untiet<\/h3>\n\n\n\n<p class=\"has-small-font-size\">Ich interessiere mich f\u00fcr das Wissen um meine Urgro\u00dfmutter Maria Elisabeth Oeljeklaus, die mit Johan Heinrich Wilhelm Untiet verheiratet ist. Ich glaube, Maria wurde am 18. Juni 1816 in Ladbergen geboren und starb am 24. Dezember 1887 in Ladbergen. Sie waren verheiratet am 26. Januar 1844 in Ladbergen. Ich wei\u00df nichts \u00fcber die Familie Oeljeklaus. Wer arbeitet an dieser Familie? <a href=\"mailto:untiepa@hotmail.com\">Paul Untiet<\/a><\/p>\n\n\n\n<figure class=\"wp-block-image size-full\"><img loading=\"lazy\" decoding=\"async\" width=\"230\" height=\"183\" src=\"https:\/\/familienforschung-tecklenburger-land.de\/wp-content\/uploads\/2023\/03\/1-Torfstecher.jpg\" alt=\"\" class=\"wp-image-1231\"\/><figcaption class=\"wp-element-caption\">Der Torfstecher von Ladbergen<\/figcaption><\/figure>\n\n\n\n<h3 class=\"wp-block-heading\">Schraer \/ Schr\u00e4er<\/h3>\n\n\n\n<p class=\"has-small-font-size\">Mein Gro\u00dfvater m\u00fctterlicherseits war ein Schraer und lebte in Cincinnati als Gem\u00fcseh\u00e4ndler. Ich glaube, er kam aus Brochterbeck. Clyde Manning, USA, <a href=\"mailto:manningclyde@comcast.net\">Kontakt<\/a><\/p>\n\n\n\n<h3 class=\"wp-block-heading\">Buddemeyer, Schr\u00f6er, Fiegenbaum<\/h3>\n\n\n\n<p class=\"has-small-font-size\">Vor allem bin ich an der Familie <strong>Buddemeyer <\/strong>interessiert, da meine Urgro\u00dfeltern Deutschland nicht vor 1871 verlie\u00dfen. Ich w\u00fcrde mich sehr freuen, Buddemeyer-Verwandtschaft in Ladbergen zu finden. Chandra Miller Hoffmann, USA, <a href=\"mailto:froglover@ameritech.net\">Kontakt<\/a><\/p>\n\n\n\n<h3 class=\"wp-block-heading\">H\u00fclsmeyer<\/h3>\n\n\n\n<p class=\"has-small-font-size\">Meine Gro\u00dfeltern v\u00e4terlicherseits kamen um 1880 von Ladbergen nach New Bremen, Ohio. Jenn Hulsmeyer Hall, <a href=\"mailto:gwtwjen@aol.com\">Kontakt<\/a><\/p>\n\n\n\n<figure class=\"wp-block-image size-full\"><img loading=\"lazy\" decoding=\"async\" width=\"230\" height=\"157\" src=\"https:\/\/familienforschung-tecklenburger-land.de\/wp-content\/uploads\/2023\/03\/Ladbergen-2012_15.jpg\" alt=\"\" class=\"wp-image-1232\"\/><\/figure>\n\n\n\n<h3 class=\"wp-block-heading\">Schumacher<\/h3>\n\n\n\n<p class=\"has-small-font-size\">Meine Ahnen waren <strong>Johann Heinrich Schumacher<\/strong>, wahrscheinlich in Ladbergen geboren, verheiratet mit <strong>Elisabeth Catharina Aufderhaar<\/strong>. Ihre Kinder:<br>Peter (* ca.1830), Heinrich Johann (* M\u00e4rz 1833), Elizabeth (* Okt. 1836), Wilhelm (* Mai 1937), Christian (* Feb. 1845).<br>Alle Kinder au\u00dfer Christian sind in Deutschland geboren. Christian wurde auf dem Schiff w\u00e4hrend der \u00dcberfahrt nach Amerika geboren. Johann Heinrich Schumacher starb in <strong>Medina County (Texas) <\/strong>zwischen 1847 und 1850. Elisabeth Catarina Aufderhaar Schumacher starb in Medina County im Oktober 1868. Die beiden waren nie in Ohio (es gibt ein Paar, das \u00e4hnlich hie\u00df und nach Ohio ging). Jeanne Schumacher Sutton, USA, <a href=\"mailto:hillcountrygenie@gmail.com\">Kontakt<\/a><\/p>\n<\/div>\n<\/div>\n","protected":false},"excerpt":{"rendered":"<p>Weiteres vor Ort: Heimatverein LadbergenZum M\u00fchlenbach 2049549 Ladbergen Ausfl\u00fcge in die Geschichte: SchuhmachermuseumZur Woote 5149549 Ladbergen Schuhmacherhandwerk im Wandel der Zeit; Schuhmode Heimatmuseum Ladbergen in der L\u00f6nsheideAm Aabach 9, 49549 Ladbergen Ortsgeschichte; Gedenkst\u00e4tte Hermann L\u00f6ns; Neil Armstrong; Einrichtungsgegenst\u00e4nde b\u00e4uerl. Wohnkultur; pr\u00e4historische Funde Getreidem\u00fchle ErpenbeckErpenbecker Stra\u00dfe49549 Ladbergen F\u00fchrung mit der K\u00fcchenmagd &#8222;Use Rosa&#8220;: Unter dem Motto&#8230;<\/p>\n","protected":false},"author":4,"featured_media":0,"parent":0,"menu_order":70,"comment_status":"closed","ping_status":"closed","template":"","meta":{"_coblocks_attr":"","_coblocks_dimensions":"","_coblocks_responsive_height":"","_coblocks_accordion_ie_support":"","footnotes":""},"class_list":["post-282","page","type-page","status-publish","hentry"],"_links":{"self":[{"href":"https:\/\/familienforschung-tecklenburger-land.de\/index.php?rest_route=\/wp\/v2\/pages\/282","targetHints":{"allow":["GET"]}}],"collection":[{"href":"https:\/\/familienforschung-tecklenburger-land.de\/index.php?rest_route=\/wp\/v2\/pages"}],"about":[{"href":"https:\/\/familienforschung-tecklenburger-land.de\/index.php?rest_route=\/wp\/v2\/types\/page"}],"author":[{"embeddable":true,"href":"https:\/\/familienforschung-tecklenburger-land.de\/index.php?rest_route=\/wp\/v2\/users\/4"}],"replies":[{"embeddable":true,"href":"https:\/\/familienforschung-tecklenburger-land.de\/index.php?rest_route=%2Fwp%2Fv2%2Fcomments&post=282"}],"version-history":[{"count":51,"href":"https:\/\/familienforschung-tecklenburger-land.de\/index.php?rest_route=\/wp\/v2\/pages\/282\/revisions"}],"predecessor-version":[{"id":1423,"href":"https:\/\/familienforschung-tecklenburger-land.de\/index.php?rest_route=\/wp\/v2\/pages\/282\/revisions\/1423"}],"wp:attachment":[{"href":"https:\/\/familienforschung-tecklenburger-land.de\/index.php?rest_route=%2Fwp%2Fv2%2Fmedia&parent=282"}],"curies":[{"name":"wp","href":"https:\/\/api.w.org\/{rel}","templated":true}]}}