{"id":128,"date":"2023-02-24T18:14:07","date_gmt":"2023-02-24T17:14:07","guid":{"rendered":"https:\/\/familienforschung-tecklenburger-land.de\/?page_id=128"},"modified":"2023-03-03T18:05:23","modified_gmt":"2023-03-03T17:05:23","slug":"weblinks","status":"publish","type":"page","link":"https:\/\/familienforschung-tecklenburger-land.de\/?page_id=128","title":{"rendered":"Weblinks"},"content":{"rendered":"\n<div class=\"wp-block-columns is-layout-flex wp-container-core-columns-is-layout-9d6595d7 wp-block-columns-is-layout-flex\">\n<div class=\"wp-block-column is-layout-flow wp-block-column-is-layout-flow\" style=\"flex-basis:25%\">\n<h3 class=\"wp-block-heading\">Historische Zeitschriften:<\/h3>\n\n\n\n<p class=\"has-small-font-size\"><a href=\"http:\/\/de.wikisource.org\/wiki\/Zeitschriften\">Wikisource:<\/a> digitalisierte Zeitschriften, von denen mindestens ein Jahrgang vor 1930 digitalisiert vorliegt.<\/p>\n\n\n\n<p class=\"has-small-font-size\"><a href=\"http:\/\/www.ub.uni-bielefeld.de\/diglib\/aufklaerung\/zeitschriften.htm\">Alte Zeitschriften:<\/a> Datenbank der Universit\u00e4t Bielefeld<\/p>\n\n\n\n<p class=\"has-small-font-size\"><a href=\"http:\/\/wafr.lbmv.de\/index.php\">W\u00f6chentlichen Anzeigen des F\u00fcrstentums Ratzeburg<\/a><\/p>\n\n\n\n<p class=\"has-small-font-size\"><a href=\"http:\/\/www.dortmund.de\/de\/leben_in_dortmund\/bildungwissenschaft\/institut_fuer_zeitungsforschung\/start_zi\/index.html\">Institut f\u00fcr Zeitungsforschung<\/a>: Ein Zeitungsarchiv in Dortmund. Der Schwerpunkt der laufend gesammelten Zeitungen lag auf den westf\u00e4lischen Bl\u00e4ttern aus der Umgebung.<\/p>\n\n\n\n<p class=\"has-small-font-size\"><a href=\"http:\/\/www.findmypast.co.uk\">Find My Past<\/a>: (dann unter \u201csearch records\u201d \u201cnewspapers and periodicals\u201d anklicken) Hier bekommt man britische, irische und amerikanische Zeitungen mit der M\u00f6glichkeit zur Namensuche.<\/p>\n\n\n\n<p class=\"has-small-font-size\"><a href=\"http:\/\/www.historischekranten.nl\">Historische Kranten NL<\/a>: f\u00fcr die Suche in holl\u00e4ndischen Zeitungen<\/p>\n\n\n\n<p class=\"has-small-font-size\"><a href=\"http:\/\/www.historischekranten.be\">Historische Kranten BE<\/a>: f\u00fcr belgische Zeitungen<\/p>\n\n\n\n<h3 class=\"has-small-font-size wp-block-heading\"><strong><a href=\"https:\/\/sammlungen.ulb.uni-muenster.de\/um\/periodical\/structure\/1488242\">M\u00fcnsterisches Intelligenzblatt<\/a> <\/strong><\/h3>\n\n\n\n<h3 class=\"wp-block-heading\">Digitale B\u00fccher \u00fcber M\u00fcnster:<\/h3>\n\n\n\n<p class=\"has-small-font-size\">Die Geschichtsquellen des Bisthums M\u00fcnster [1]<br>Erster Band: <a href=\"http:\/\/books.google.de\/books?vid=OCLC28192387&amp;id=CqgKAAAAIAAJ&amp;pg=PA1&amp;lpg=PA1&amp;dq=%22Julius+Ficker%22&amp;as_brr=1#v=onepage&amp;q=%22Julius%20Ficker%22&amp;f=false\">Die M\u00fcnsterrischen Chroniken des Mittelalters<\/a><br>Herausgegeben von Freunden der Vaterl\u00e4ndischen Geschichte &#8211; Herausgegeben von Dr. Julius Ficker<br>Theissing\u2019sche Buchhandlung, M\u00fcnster, 1851<\/p>\n\n\n\n<p class=\"has-small-font-size\">J. F. Lange:<a href=\"http:\/\/books.google.de\/books?id=EOs-AAAAcAAJ&amp;printsec=frontcover&amp;hl=de#v=onepage&amp;q&amp;f=false\"> M\u00fcnster und seine n\u00e4chsten Umgebungen<\/a>: in maler. Original-Ansichten nach d. Natur aufgenommen: mit e. histor.-topograph. Texte. 1855<\/p>\n\n\n\n<p class=\"has-small-font-size\">Die Geschichtsquellen des Bisthums<br>M\u00fcnster [3], Dritter Band<br><a href=\"http:\/\/books.google.de\/books?id=HBcFAAAAYAAJ&amp;pg=PA1&amp;dq=intitle:M%C3%83%C2%BCnster&amp;as_brr=1#v=onepage&amp;q&amp;f=false\">Die M\u00fcnsterischen Chroniken von R\u00f6chell, Stevermann und Corfey<\/a>.<br>Herausgegeben von Freunden der Vaterl\u00e4ndischen Geschichte. \/ Joh. Janssen<br>Theissing\u2019schen Buchhandlung, M\u00fcnster, 1856<\/p>\n\n\n\n<p class=\"has-small-font-size\">Die Geschichtsquellen des Bisthums<br>M\u00fcnster [6], Sechster Band<br><a href=\"http:\/\/www.archive.org\/details\/geschichtsquell05unkngoog\">Kerssenbrochs Wiedert\u00e4ufergeschichte \u2013 Zweite H\u00e4lfte Von Freunden der Vaterl\u00e4ndischen Geschichte<\/a> \u2013<br>Dr. H. Detmer, Theissing\u2019schen Buchhandlung, M\u00fcnster, 1899<\/p>\n\n\n\n<p class=\"has-small-font-size\">Codex Diplomaticus Steinfordiensis<br>M\u00fcnsterische Urkundensammlung [Bd. 1], Erster Band<br><a href=\"http:\/\/books.google.de\/books?id=17oGAAAAYAAJ&amp;printsec=frontcover&amp;hl=de#v=onepage&amp;q&amp;f=false\">Urkunden zur Geschichte der M\u00fcnstertschen Wiedert\u00e4ufer<\/a><br>Bernard Wittneven, Coesfeld, 1826<\/p>\n\n\n\n<p class=\"has-small-font-size\">Codex Diplomaticus Steinfordiensis<br>M\u00fcnsterische Urkundensammlung [Bd. 2], Zweiter Band<br>welcher <a href=\"http:\/\/books.google.de\/books?id=WsAGAAAAYAAJ&amp;printsec=frontcover&amp;hl=de#v=onepage&amp;q&amp;f=false\">Urkunden v. J. 800 \u2013 1280<\/a> enth\u00e4lt, und mit einem vollst\u00e4ndigen Register versehen ist.<br>Bernard Wittneven, Coesfeld, 1827<\/p>\n\n\n\n<p class=\"has-small-font-size\">Codex Diplomaticus Steinfordiensis<br>M\u00fcnsterische Urkundensammlung [Bd. 3], Dritter Band<br><a href=\"http:\/\/books.google.de\/books?id=YdQGAAAAYAAJ&amp;printsec=frontcover&amp;hl=de#v=onepage&amp;q&amp;f=false\">Urkunden \u00fcber St\u00e4dtegr\u00fcndung, Stadtrechte, das Gildewesen und die Hanse<\/a><br>Bernard Wittneven, Coesfeld, 1829<\/p>\n\n\n\n<p class=\"has-small-font-size\">Codex Diplomaticus Steinfordiensis<br>M\u00fcnsterische Urkundensammlung [Bd. 4]<br><a href=\"http:\/\/books.google.de\/books?id=0tQGAAAAYAAJ&amp;printsec=frontcover&amp;hl=de#v=onepage&amp;q&amp;f=false\">Vierter Band in f\u00fcnf Abtheilungen<\/a><br>1. Urkunden \u00fcber Synodal- und Archidiakonal-Gegenst\u00e4nde.<br>2. \u00dcber mehrere Stifte aus dem XII. Jahrh.<br>3. \u00dcber Vogteien mehrerer Stifte.<br>4. \u00dcber die Vogtei des Stiftes Borchorst.<br>5. \u00dcber die Vogtei des Stiftes Breden.<br>Bernard Wittneven, Coesfeld, 1832<\/p>\n\n\n\n<h3 class=\"wp-block-heading\">Digitalisierte B\u00fccher \u00fcber Westfalen:<\/h3>\n\n\n\n<p class=\"has-small-font-size\"><a href=\"http:\/\/www.genealogy.net\/vereine\/wggf\/downloads\/BZWF22_24_Auswanderer_RBZ_Muenster.pdf\">Westf\u00e4lische Auswanderer im 19. Jahrhundert<\/a> &#8211; Auswanderung aus dem Regierungsbezirk M\u00fcnster \u2013 I. Teil, 1803\u20131850<br>Beitr\u00e4ge zur Westf\u00e4lischen Familienforschung<br>Digitalisiert und konvertiert durch Bodo Stratmann, bearbeitet von Norbert Henkelmann, nach einer Idee von Martin Holz. Druck \/ Verlag: Verlag Aschendorf, M\u00fcnster, 1966<\/p>\n\n\n\n<p class=\"has-small-font-size\"><a href=\"http:\/\/www.digitalis.uni-koeln.de\/Detten\/detten_index.html\">Die Hansa der Westfalen<\/a>: Ein Bild der Gewerbe- und Handelsth\u00e4tigkeit unserer Landsleute im Mittelalter, 1897<\/p>\n\n\n\n<p class=\"has-small-font-size\">Fahne, Anton: <a href=\"http:\/\/www.digitalis.uni-koeln.de\/Fahne\/fahne_index.html\">Die Westphalen in L\u00fcbeck<\/a><br>K\u00f6ln und Bonn: Heberle, 1855<\/p>\n\n\n\n<p class=\"has-small-font-size\"><a href=\"http:\/\/books.google.de\/books?id=F14KAAAAIAAJ&amp;printsec=frontcover&amp;hl=de#v=onepage&amp;q&amp;f=false\">Das K\u00f6nigreich Westphalen und seine Armee im Jahr 1813<\/a>, so wie die Aufl\u00f6sung desselben durch den kaiserlich russischen General Graf A. Czernicheff<\/p>\n\n\n\n<p class=\"has-small-font-size\">Verein f\u00fcr Geschichte und Altertumskunde Westfalens, 1852<br><a href=\"http:\/\/books.google.de\/books?id=xKkOAAAAYAAJ&amp;printsec=frontcover&amp;dq=Zeitschrift+f%C3%BCr+vaterl%C3%A4ndische+Geschichte+und+Alterthumskunde&amp;hl=de&amp;sa=X&amp;ei=zoBlT9nlGYn68QOp9PmPCA&amp;ved=0CDoQ6AEwAg#v=onepage&amp;q=Zeitschrift%20f%C3%BCr%20vaterl%C3%A4ndische%20Geschichte%20und%20Alterthumskunde&amp;f=false\">Zeitschrift f\u00fcr vaterl\u00e4ndische Geschichte und Altertumskunde, B\u00e4nde 3-4<\/a><\/p>\n\n\n\n<p class=\"has-small-font-size\">Verein f\u00fcr Geschichte und Altertumskunde Westfalens, 1856<br><a href=\"http:\/\/books.google.de\/books?id=24skAQAAIAAJ&amp;printsec=frontcover&amp;hl=de#v=onepage&amp;q&amp;f=false\">Zeitschrift f\u00fcr vaterl\u00e4ndische Geschichte und Altertumskunde, B\u00e4nde 17-19<\/a><\/p>\n\n\n\n<p class=\"has-small-font-size\">Hermann Hoogeweg, Heinrich August Erhard, Robert Krumbholtz, Verein f\u00fcr Geschichte und Altertumskunde Westfalens<br>Verlag&nbsp;&nbsp;&nbsp; Wenner, 1871<br><a href=\"http:\/\/books.google.de\/books?id=_osqAAAAMAAJ&amp;printsec=frontcover&amp;hl=de#v=onepage&amp;q&amp;f=false\">Westf\u00e4lisches Urkunden-Buch: Index. Personen-Register<\/a><br>Band 1 von Ver\u00f6ffentlichungen der Historischen Kommission f\u00fcr Westfalen<br>Band 3 von Westf\u00e4lisches Urkunden-Buch: Fortsetzung von Erhards Regesta historiae Westfaliae, Verein f\u00fcr Geschichte und Altertumskunde Westfalens<\/p>\n\n\n\n<p class=\"has-small-font-size\"><a href=\"http:\/\/books.google.de\/books?id=nxsKAAAAIAAJ&amp;printsec=frontcover&amp;hl=de#v=onepage&amp;q&amp;f=false\">Westf\u00e4lische Zeitschrift, B\u00e4nde 23-24<\/a><br>Verein f\u00fcr Geschichte und Altertumskunde Westfalens<br>Verlag Wenner, 1863<\/p>\n\n\n\n<p class=\"has-small-font-size\">Codex Traditionum Westfalicarum \u2013 I. Das Kloster Freckenhorst<br><a href=\"http:\/\/books.google.de\/books?id=vtUGAAAAYAAJ&amp;printsec=frontcover&amp;hl=de#v=onepage&amp;q&amp;f=false\">Die Heberegister des Klosters Freckenhorst nebst Stiftungsurkunde, Pfr\u00fcndeordnung und Hofrecht<\/a><br>E.C. Brunn\u2019s, M\u00fcnster, 1872<\/p>\n\n\n\n<h3 class=\"wp-block-heading\">Antiquarische B\u00fccher:<\/h3>\n\n\n\n<p class=\"has-small-font-size\"><a href=\"http:\/\/www.findmybook.de\">Find my Book<\/a>: Neue und gebrauchte B\u00fccher, Fachb\u00fccher oder fremdsprachige Literatur &#8211; findmybook.de findet Ihr Buch und vergleicht die Angebote der wichtigsten Online-Shops und -Antiquariate weltweit.<\/p>\n\n\n\n<p class=\"has-small-font-size\"><a href=\"http:\/\/www.abebooks.de\/\">AbeBooks<\/a>: Millionen neuer und gebrauchter B\u00fccher bei tausenden Anbietern<\/p>\n\n\n\n<p class=\"has-small-font-size\"><a href=\"http:\/\/www.zvab.com\/index.do\">ZVAB<\/a> &#8211; hier findet jeder sein Buch!<\/p>\n\n\n\n<p class=\"has-small-font-size\"><a href=\"http:\/\/www.zvdd.de\/startseite\/\">Zentrales Verzeichnis digitalisierter Drucke<\/a><\/p>\n<\/div>\n\n\n\n<div class=\"wp-block-column is-layout-flow wp-block-column-is-layout-flow\" style=\"flex-basis:50%\">\n<h3 class=\"wp-block-heading\">Wie fange ich an?<\/h3>\n\n\n\n<p class=\"has-small-font-size\"><a href=\"http:\/\/www.muela.de\/vortrag\/internet\/ahnenforschung.pdf\">Einstieg in die Ahnenforschung<\/a> &#8211; informativer Vortrag<\/p>\n\n\n\n<p class=\"has-small-font-size\"><a href=\"http:\/\/ahnenforschung.net\/tipps\/praxis\/\">Wie beginne ich meine Familienforschung?<\/a> Eine sehr \u00fcbersichtliche Seite, die genau beschreibt, wie man beginnen sollte.<\/p>\n\n\n\n<p class=\"has-small-font-size\"><a href=\"http:\/\/www.suetterlinschrift.de\/\">S\u00fctterlin:<\/a> Auf dieser Seite gibt es viele Informationen \u00fcber die Schrift, verschiedene Handschriften in S\u00fctterlin und auch Lese\u00fcbungen.<\/p>\n\n\n\n<p class=\"has-small-font-size\"><a href=\"http:\/\/www.peter-doerling.de\/geneal\/Doe1.htm\">\u00dcber Namens\u00e4nderungen usw.<\/a>: Auf dieser privaten Seite gibt es einige interessante Texte dar\u00fcber, wie und warum die Leute fr\u00fcher ihre Namen ge\u00e4ndert haben. Zus\u00e4tzlich gibt es aber noch viele andere Themen.<\/p>\n\n\n\n<h3 class=\"wp-block-heading\">Internetrecherche:<\/h3>\n\n\n\n<p class=\"has-small-font-size\"><a href=\"http:\/\/www.ortsfamilienbuecher.de\/\">Online Ortsfamilienb\u00fccher<\/a><\/p>\n\n\n\n<p class=\"has-small-font-size\">Innerhalb des GenWiki gibt es ein eigenes <a href=\"http:\/\/wiki-de.genealogy.net\/Ortsfamilienbuch#GenWiki-Projekt:_OFB-Verzeichnis\">Projekt<\/a>, das sich mit der Aufnahme aller bekannten Ortsfamilienb\u00fccher befasst<\/p>\n\n\n\n<p class=\"has-small-font-size\"><a href=\"http:\/\/wiki-de.genealogy.net\/Kategorie:Verkartung\">Verzeichnis von genealogischen Verkartungen<\/a><\/p>\n\n\n\n<p class=\"has-small-font-size\"><a href=\"http:\/\/www.regesta-imperii.de\/startseite.html\">Recherche in mehr als 150.000 historischen Regesten<\/a><\/p>\n\n\n\n<p class=\"has-small-font-size\"><a href=\"http:\/\/www.lwl.org\/westfaelische-geschichte\/portal\/Internet\/urkunden_datenbank\/suche\/haupt.php?sucheNeu=j\">Digitale Westf\u00e4lischen Urkunden-Datenbank<\/a><\/p>\n\n\n\n<p class=\"has-small-font-size\"><a href=\"http:\/\/monasterium.net\/\">Recherche in mehr als 200.000 Urkunden<\/a><\/p>\n\n\n\n<p class=\"has-small-font-size\"><a href=\"http:\/\/www.igenealogie.net\/\">iGenealogie<\/a> &#8211; eine riesige Linksammlung<\/p>\n\n\n\n<p class=\"has-small-font-size\"><a href=\"http:\/\/www.genealogie-mittelalter.de\/\">Genealogie-Mittelalter:<\/a> Diese Seite gibt einen sehr umfangreichen \u00dcberblick \u00fcber die Mittelalterliche Genealogie im Deutschen Reich bis zum Ende der Staufer.<\/p>\n\n\n\n<p class=\"has-small-font-size\"><a href=\"http:\/\/www.familienanzeigen.org\/totenzettel.php?PID=551\">\u00dcberregionale Sammlung von Totenzetteln<\/a> auf Genwiki, mit durchsuchbarer Datenbank<\/p>\n\n\n\n<p class=\"has-small-font-size\"><a href=\"http:\/\/www.monasterium.net\/\">Monasterium<\/a>: Das virtuelle Urkundenarchiv Europas<\/p>\n\n\n\n<p class=\"has-small-font-size\"><a href=\"http:\/\/www.ancestry.de\/\">ancestry.de:<\/a> Eine umfangreiche Seite f\u00fcr Ahnenforschung. Man kann sich (gegen Geb\u00fchr) registrieren und hat dann Zugriff auf viele interessante Datenbanken (Auswandererlisten, Passagierlisten, US-Volksz\u00e4hlungen, Telefonb\u00fccher, &#8230;)<\/p>\n\n\n\n<p class=\"has-small-font-size\"><a href=\"http:\/\/www.v-weiss.de\/ofbmeur-f.html\">v-weiss.de:<\/a> Liste mit Ortsfamilienb\u00fcchern: Ersetze oben in der Adresszeile den Anfangsbuchstaben, und Du kommst zu den anderen Orten. Sehr umfangreich, und teilweise mit Standorten!<\/p>\n\n\n\n<p class=\"has-small-font-size\"><a href=\"http:\/\/wiki-de.genealogy.net\/Hauptseite\">GenWiki:<\/a> Ein Wiki f\u00fcr Ahnenforscher. Viele, viele Infos \u00fcber Orte, Namen, andere Forscher, Datenbanken usw. GenWiki ist ein Projekt des Vereins f\u00fcr Computergenealogie.<\/p>\n\n\n\n<p class=\"has-small-font-size\"><a href=\"http:\/\/wiki.genealogy.net\">Genealogienetz:<\/a> Auf dieser Seite kann man sich stundenlang aufhalten. Es gibt wirklich viele Informationen und Hilfestellungen.<\/p>\n\n\n\n<p class=\"has-small-font-size\"><a href=\"http:\/\/www.footnote.com\/\">Footnote.com:<\/a> Eine Online-Datenbank f\u00fcr historische Dokumente, also Volksz\u00e4hlung in den USA, Geburtsindizes, Sterbeindizes usw. Mann kann sich auch zu einer bestimmten Person alle Daten auf einer Seite anzeigen lassen. Dabei wird einem eine Zeitleiste mit den wichtigsten Ereignissen in der Lebensspanne der Person angezeigt.<\/p>\n\n\n\n<p class=\"has-small-font-size\"><a href=\"http:\/\/www.geneanet.org\/\">Geneanet.com:<\/a> Datenbank einer franz\u00f6sischen Firma mit ca. 80 Millionen Daten, darunter auch deutschsprachige. \u00c4hnlich wie ancestry.de<\/p>\n\n\n\n<p class=\"has-small-font-size\"><a href=\"http:\/\/germazope.uni-trier.de\/Projects\/WBB\/woerterbuecher\/\">Das W\u00f6rterbuch-Netz:<\/a> Verschiedene historische W\u00f6rterb\u00fccher. Sehr praktische Hilfe!<\/p>\n\n\n\n<p class=\"has-small-font-size\"><a href=\"http:\/\/www.bundesarchiv.de\/gedenkbuch\/directory.html?submit=1&amp;page=3&amp;maxview=50&amp;offset=100#frmResults\">Datenbank der verfolgten und deportierten Juden:<\/a> unter der nationalsozialistischen Gewaltherrschaft in Deutschland 1933 &#8211; 1945<\/p>\n\n\n\n<p class=\"has-small-font-size\"><a href=\"http:\/\/www.wehrbauten.de\/jgs_portal.php\">Burgen und Schl\u00f6sser Forum:<\/a> Burgen, Schl\u00f6sser und Herrensitze mit vielen Fotos (teilweise zig pro Haus!) und Infos. Wenn man nach Osnabr\u00fcck sucht, kommt man zu einem gro\u00dfen Beitrag \u00fcber Burgen usw. im Osnabr\u00fccker Raum.<\/p>\n\n\n\n<p class=\"has-small-font-size\"><a href=\"http:\/\/www.kirchliche-archive.de\/\">Kirchliche Archive:<\/a> \u00dcbersicht \u00fcber die deutschen Kirchenbucharchive.<\/p>\n\n\n\n<h3 class=\"wp-block-heading\">Osnabr\u00fcck und Umgebung:<\/h3>\n\n\n\n<p class=\"has-small-font-size\"><a href=\"http:\/\/geoinfo.lkos.de\/webinfo\/synserver?client=flex&amp;project=roa\">Der Digitale Raumordnungsatlas<\/a> f\u00fcr den Landkreis Osnabr\u00fcck<\/p>\n\n\n\n<p class=\"has-small-font-size\"><a href=\"http:\/\/www.his-data.de\/\">HIS-Data<\/a><\/p>\n\n\n\n<p class=\"has-small-font-size\"><a href=\"http:\/\/www.lgn.niedersachsen.de\/portal\/live.php?navigation_id=11011&amp;_psmand=35\">Topographische Karten &amp; \u00dcbersichtskarten<\/a> des Landesvermessungsamtes Niedersachsen<\/p>\n\n\n\n<p class=\"has-small-font-size\"><a href=\"http:\/\/www.hbol.de\/\">Heimatbund Osnabr\u00fccker Land<\/a><\/p>\n\n\n\n<p class=\"has-small-font-size\"><a href=\"http:\/\/www.historische-friedhoefe-osnabrueck.de\/index.html\">F\u00f6rderkreis<\/a> Hasefriedhof \/ Johanisfriedhof e.V.<\/p>\n\n\n\n<p class=\"has-small-font-size\"><a href=\"http:\/\/burgrekonstruktion.de\/download\/Burgen_Niedersachsens.pdf\">Rekonstruktionszeichnungen von Burgen in Niedersachsen<\/a><\/p>\n\n\n\n<h3 class=\"wp-block-heading\">Kreis Steinfurt:<\/h3>\n\n\n\n<p class=\"has-small-font-size\">Arbeitskreis \u201e<a href=\"http:\/\/www.kreisheimatbund-steinfurt.de\/25fam.html\">Familien- und Ahnenforschung des Kreisheimatbundes Steinfurt<\/a>\u201c<\/p>\n\n\n\n<p class=\"has-small-font-size\">Mayr, A.; Stonjek, D. u. Temlitz, K. (Hg.): <a href=\"http:\/\/www.lwl.org\/LWL\/Kultur\/geko\/Veroeffentlichungen\/Staedte_Gemeinden\/Steinfurt\/\">Der Kreis Steinfurt<\/a>. M\u00fcnster 1994<\/p>\n\n\n\n<h3 class=\"wp-block-heading\">M\u00fcnster und Westfalen<\/h3>\n\n\n\n<p class=\"has-small-font-size\">Topografisches Informationsmanagement f\u00fcr Nordrhein-Westfalen: <a href=\"http:\/\/www.tim-online.nrw.de\/tim-online\/nutzung\/index.html\">TIM-online<\/a><\/p>\n\n\n\n<p class=\"has-small-font-size\">Die <a href=\"http:\/\/s2w.hbz-nrw.de\/ulbbn\/periodical\/pageview\/802528\">Studierendenverzeichnisse der Universit\u00e4t Bonn<\/a> sind vom Wintersemester 1825\/26 bis zum Sommersemester 1833 einzusehen. Auch aus dem Tecklenburger und Osnabr\u00fccker Raum sind dort Studenten verzeichnet.<\/p>\n\n\n\n<p class=\"has-small-font-size\"><a href=\"http:\/\/bvlb.nrw.de\/webopac\/index.asp\">Bibliotheksverbund der Landesbeh\u00f6rden NRW<\/a>: Opac-Datenbank zum Bestand verschiedener Bibliotheken. Oben links den Suchbegrif (Stichwort) eingeben und los geht&#8217;s.<\/p>\n\n\n\n<p class=\"has-small-font-size\"><a href=\"http:\/\/www.heimatverein-sendenhorst.de\/sendenhorster-geschichten\/ahnenforschung\/ahnen-hoelscher-genetische-forschung.html\">Sendenhorster Geschichten<\/a>: besch\u00e4ftigt sich mit der Geschichte ihres Heimatortes Sendenhorst im M\u00fcnsterland in Westfalen.<\/p>\n\n\n\n<p class=\"has-small-font-size\"><a href=\"http:\/\/www.vwkg.de\/publikationen_rotereihe.html\">Verein f\u00fcr Westf\u00e4lische Kirchengeschichte<\/a> mit seinen Ver\u00f6ffentlichungen, die zum Teil bestellbar sind<\/p>\n\n\n\n<p class=\"has-small-font-size\"><a href=\"http:\/\/www.westfalen-adelssitze.de\/kreis-steinfurt.html\">Burgen, Schl\u00f6sser und Herrensitze in Westfalen<\/a>: Fotos und Infos \u00fcber die besagten. Interessant, wenn man wei\u00df, welchem Herr ein Hof eigenbeh\u00f6rig war (Weiteres auch bei <a href=\"http:\/\/de.wikipedia.org\/wiki\/Liste_von_Burgen,_Schl%C3%B6ssern_und_Festungen_in_Nordrhein-Westfalen#Kreis_Steinfurt\">Wikipedia<\/a> oder <a href=\"http:\/\/www.burgen-und-schloesser.net\/nordrhein-westfalen\/steinfurt\/\">hier<\/a>)<\/p>\n\n\n\n<p class=\"has-small-font-size\"><a href=\"http:\/\/miami.uni-muenster.de\/servlets\/DSOViewerServlet?DocID=3334&amp;DvID=3455\">M\u00fcnstersches Intelligenzblatt:<\/a> Eine alte Zeitung aus dem M\u00fcnsterschen Raum von 1849. Darin tauchen viele Namen auf.<\/p>\n\n\n\n<p class=\"has-small-font-size\"><a href=\"http:\/\/www.rheineahnen.de\/listdoc\/auswand.htm\">Auswandererliste aus Rheine:<\/a> von Wilfried Br\u00fcmmer, Stand August 2000<\/p>\n\n\n\n<p class=\"has-small-font-size\"><a href=\"http:\/\/www.genealogy.net\/vereine\/wggf\/\">Westf\u00e4lische Gesellschaft f\u00fcr Genealogie und Familienforschung (WGGF)<\/a><\/p>\n\n\n\n<p class=\"has-small-font-size\">Landesarchiv Westfalen: <a href=\"http:\/\/www.archive.nrw.de\/LAV_NRW\/jsp\/findbuch.jsp?archivNr=1&amp;klassId=246&amp;tektId=870&amp;id=0588\">Bev\u00f6lkerungslisten <\/a>des Gro\u00dfherzogtums Berg um 1809 im Staatsarchiv M\u00fcnster<\/p>\n\n\n\n<p class=\"has-small-font-size\"><a href=\"http:\/\/www.holzschnitt.net\/index.html\">Heinrich Everz<\/a>: Wundersch\u00f6ne Holzschnitte aus Westfalen<\/p>\n\n\n\n<p class=\"has-small-font-size\"><a href=\"http:\/\/s2w.hbz-nrw.de\/llb\/nav\/classification\/833681\">Adressb\u00fccher und Personenverzeichnisse<\/a> aus dem Raum Detmold<\/p>\n\n\n\n<p class=\"has-small-font-size\"><a href=\"http:\/\/sammlungen.ulb.uni-muenster.de\/hd\/periodical\/structure\/146639\">Paderborner Intelligenzblatt<\/a> online<\/p>\n\n\n\n<p class=\"has-small-font-size\"><a href=\"http:\/\/www.nhv-ahnenforschung.de\/Quellen\/online-findbuecher.htm\">Online-Findb\u00fccher<\/a> des Landesarchivs NRW Abteilung Ostwestfalen-Lippe<\/p>\n\n\n\n<h3 class=\"wp-block-heading\">Preu\u00dfen:<\/h3>\n\n\n\n<p class=\"has-small-font-size\"><a href=\"http:\/\/zbc.ksiaznica.szczecin.pl\/dlibra\/docmetadata?id=2144\">Atlas zur territorialen Entwicklung Preu\u00dfens<\/a> mit geschichtlichen Erl\u00e4uterungen und einer Abbildung des K\u00f6niglich Preu\u00dfischen gro\u00dfen Wappenschildes<\/p>\n\n\n\n<p class=\"has-small-font-size\"><a href=\"http:\/\/books.google.de\/books?id=Xx8Vs6BDeiEC&amp;printsec=frontcover&amp;hl=de#v=onepage&amp;q&amp;f=false\">Stammliste der K\u00f6niglich Preussischen Armee seit dem 16ten Jahrhundert bis 1840<\/a><br>Autor: Prussia (Kingdom). Armee Verlag&nbsp;&nbsp;&nbsp; C.S. Mittler, 1840<\/p>\n\n\n\n<p class=\"has-small-font-size\"><a href=\"http:\/\/www.mennonitegenealogy.com\/prussia\/\">Preu\u00dfische Mennoniten<\/a> &#8211; genealogische Quellen<\/p>\n\n\n\n<h3 class=\"wp-block-heading\">Ostgebiete:<\/h3>\n\n\n\n<p class=\"has-small-font-size\">Genealogie Sudetenland: <a href=\"http:\/\/www.genealogienetz.de\/reg\/SUD\/sudet_lit.html\">Literatur-Hinweise<\/a><\/p>\n\n\n\n<p class=\"has-small-font-size\"><a href=\"http:\/\/www.genealogy.net\/vereine\/VSFF\/\">Vereinigung Sudetendeutscher Familienforscher e.V. (VSFF)<\/a><\/p>\n\n\n\n<p class=\"has-small-font-size\"><a href=\"http:\/\/www.genealogy.net\/reg\/SUD\/kb\/\">Verzeichnisse der Kirchenb\u00fccher<\/a>, die in den Staatlichen Gebietsarchiven der Tschechischen Republik aufbewahrt werden<\/p>\n\n\n\n<p class=\"has-small-font-size\"><a href=\"http:\/\/www.genealogy.net\/reg\/SUD\/orte\/\">Index der Orte in Sudetenland<\/a><\/p>\n\n\n\n<p class=\"has-small-font-size\"><a href=\"http:\/\/www.genealogienetz.de\/reg\/SUD\/kreise.html\">Einteilung in politische Bezirke<\/a> im Sudetenland<\/p>\n\n\n\n<p class=\"has-small-font-size\"><a href=\"http:\/\/www.hohenelbe.de\/\">Heimatkreis Hohenelbe Riesengebirge e.V.<\/a><\/p>\n\n\n\n<p class=\"has-small-font-size\"><a href=\"http:\/\/www.genealogy.net\/vereine\/VSFF\/QNN.html\">Ver\u00f6ffentlichungen<\/a> der Vereinigung Sudetendeutscher Familienforscher (VSFF)<\/p>\n\n\n\n<h3 class=\"wp-block-heading\">Genealogische Software<\/h3>\n\n\n\n<p class=\"has-small-font-size\"><strong><a href=\"http:\/\/www.gentools6.de\/startseite.php\">Gentools<\/a>:<\/strong> ein n\u00fctzliches Hilfsprogramm mit vielen Anwendungen: verschiedene Kalender, Konvertierung r\u00f6mischer Zahlen; Berechnung der Mondphasen; gebr\u00e4uchliche lateinische Urkundsphrasen; lateinische geographische Bezeichnungen Mitteleuropas; altdeutsche Bezeichnungen; Regierungszeiten von P\u00e4psten, Bisch\u00f6fen und K\u00f6nigen; umfangreicher Heiligenkalender, u. v. m.<\/p>\n\n\n\n<p class=\"has-small-font-size\"><strong><a href=\"http:\/\/www.familienbande-genealogie.de\/\">Familienbande<\/a>:<\/strong> Genealogieprogramm zum Verwalten des Stammbaumes. nach pers\u00f6nlichen Erfahrungen der Webseiten-Autorin hat es viele St\u00e4rken: sehr detaillierte Quellenverwaltung, Taufpaten- und Adressverwaltung, gute Kontaktm\u00f6glichkeit zum Programm-Ersteller (es gibt eine Mailingliste, und er reagiert stets prompt und sehr nett), sehr gute Bild- und Dokumentenverwaltung. Das alles ist sehr durchdacht und detailliert. Die Stammbaumausgabe und der Druck eines solchen ist recht kompliziert f\u00fcr einen Computerlaien. Aber wenn man sich in das Thema vertieft hat, hat man viel mehr M\u00f6glichkeiten als bei den meisten anderen Programmen.<\/p>\n\n\n\n<p class=\"has-small-font-size\"><a href=\"http:\/\/www.ahnenblatt.de\/\"><strong>Ahnenblatt<\/strong><\/a>: gute Einstiegssoftware zum Anlegen von Stammb\u00e4umen. ABER: die Quellen k\u00f6nnen oft nur als Freitext eingegeben werden, der dann nicht den bestimmten Ereignissen zugeordnet werden kann. Sehr schnelle und einfache Ausgabe von Stammb\u00e4umen und Listen (auch zum Drucken). Schnelles und \u00fcbersichtliches Navigieren durch die Generationen und Familien.<\/p>\n\n\n\n<p class=\"has-small-font-size\"><strong>\u00dcber weitere Software-Hinweise mit einer kurzen Beschreibung w\u00fcrden wir uns freuen!<\/strong><\/p>\n<\/div>\n\n\n\n<div class=\"wp-block-column is-layout-flow wp-block-column-is-layout-flow\" style=\"flex-basis:25%\">\n<h3 class=\"wp-block-heading\">Foren und Mailinglisten:<\/h3>\n\n\n\n<p class=\"has-small-font-size\">Aufstellung aller \u00f6ffentlichen genealogischen Mailinglisten auf <a href=\"http:\/\/list.genealogy.net\/mm\/listinfo\/\">list.genealogy.net<\/a><\/p>\n\n\n\n<p class=\"has-small-font-size\"><a href=\"http:\/\/www.ahnenforschung.net\/\">Ahnenforschung.net:<\/a> Und noch eine Seite \u00fcber Familienforschung&#8230;<\/p>\n\n\n\n<p class=\"has-small-font-size\"><a href=\"http:\/\/www.ahnenforschung-bildet.de\/forum\/\">Ahnenforschung bildet<\/a>: Noch ein Forum<\/p>\n\n\n\n<h3 class=\"wp-block-heading\">Andere Vereine:<\/h3>\n\n\n\n<p class=\"has-small-font-size\"><a href=\"http:\/\/www.familienkunde-niedersachsen.de\">Nieders\u00e4chsischen Landesverein f\u00fcr Familienkunde e. V.<\/a><\/p>\n\n\n\n<p class=\"has-small-font-size\"><a href=\"http:\/\/www.os-gen.de\/\">Osnabr\u00fccker genealogischer Forschungskreis e.V.<\/a><\/p>\n\n\n\n<p class=\"has-small-font-size\"><a href=\"http:\/\/westfalengen.de\/\">Westf\u00e4lischen Gesellschaft f\u00fcr Genealogie und Familienforschung (WGGF)<\/a><\/p>\n\n\n\n<p class=\"has-small-font-size\"><a href=\"http:\/\/www.genealogy.net\/\">Verein f\u00fcr Computergenealogie e. V.<\/a><\/p>\n\n\n\n<p class=\"has-small-font-size\"><a href=\"http:\/\/www.lwl.org\/LWL\/Kultur\/Verein_Geschichte_Altertumskunde\/\">Verein f\u00fcr Geschichte und Altertumskunde Westfalens<\/a><\/p>\n\n\n\n<p class=\"has-small-font-size\"><a href=\"http:\/\/www.emslaendische-landschaft.de\/\">Emsl\u00e4ndische Landschaft e.V.<\/a><\/p>\n\n\n\n<p class=\"has-small-font-size\"><a href=\"http:\/\/www.familienforschung-in-lippetal.de\/\">Arbeitskreis &#8222;Familienforschung in Lippetal&#8220;<\/a><\/p>\n\n\n\n<p><a href=\"http:\/\/www.wmgen.de\/\">Arbeitsgemeinschaft Westm\u00fcnsterland Genealogie<\/a><\/p>\n\n\n\n<p class=\"has-small-font-size\"><a href=\"http:\/\/ahlengen.de\/\">Arbeitskreis Familienfoschung \u00f6stliches M\u00fcnsterland e.V.<\/a><\/p>\n\n\n\n<p><a href=\"http:\/\/www.heimatverein-lingen.de\/familienforschung\/index.htm\">Arbeitskreis Lingener Familienforscher<\/a><\/p>\n\n\n\n<p class=\"has-small-font-size\"><a href=\"http:\/\/www.nhv-ahnenforschung.de\/\">Naturwissenschaftlicher und Historischer Verein f\u00fcr das Land Lippe e.V.<\/a><\/p>\n\n\n\n<p class=\"has-small-font-size\"><a href=\"http:\/\/www.heimatbund-om.de\/heimatbund-om\/wir_ueber_uns\/arbeitsausschuesse\/arbeitskreis_familienkunde.php\">Heimatbund Oldenburger M\u00fcnsterland &#8211; Arbeitskreis Familienforschung<\/a><\/p>\n\n\n\n<p class=\"has-small-font-size\"><a href=\"http:\/\/www.hv-ravensberg.de\/ag-genealogie.html\">Historischer Verein f\u00fcr die Grafschaft Ravensberg &#8211; Genealogische Arbeitsgemeinschaft<\/a><\/p>\n\n\n\n<h6 class=\"wp-block-heading\">Niederlande:<\/h6>\n\n\n\n<p class=\"has-small-font-size\"><a href=\"http:\/\/www.ngv.nl\/Aktueel\/aktueel.php?frams=n&amp;site=NGV\">Nederlandse Genealogische Vereniging<\/a><\/p>\n\n\n\n<p class=\"has-small-font-size\"><a href=\"http:\/\/www.cbg.nl\/\">Nederlandse Centraal Bureau voor Genealogie<\/a><\/p>\n\n\n\n<p><a href=\"https:\/\/www.wiewaswie.nl\/\">WieWasWie<\/a><\/p>\n\n\n\n<p class=\"has-small-font-size\"><a href=\"http:\/\/www.otgb.nl\/\">Oostgelderse Stichting voor Genealogie en Boerderijonderzoek<\/a><\/p>\n\n\n\n<p class=\"has-small-font-size\"><a href=\"http:\/\/wgod.student.utwente.nl\/page.php?2\">Werkgroep Genealogisch Onderzoek Duitsland<\/a><\/p>\n\n\n\n<h3 class=\"wp-block-heading\">Bibliotheken und Archive:<\/h3>\n\n\n\n<p class=\"has-small-font-size\"><a href=\"http:\/\/aidaonline.niedersachsen.de\/default.htm\">AIDA-online<\/a> &#8211; die Suchmaschine f\u00fcr Nieders\u00e4chsische Archive<\/p>\n\n\n\n<p class=\"has-small-font-size\"><a href=\"http:\/\/www.nla.niedersachsen.de\/landesarchiv\/gliederung\/standort_osnabrueck\/standort-osnabrueck-85969.html\">Staatsarchiv Osnabr\u00fcck<\/a><\/p>\n\n\n\n<p class=\"has-small-font-size\">Die <a href=\"http:\/\/www.familie-hilling.de\/kirchenbucher\/kirchenbuecher.htm\">Kirchenb\u00fccher<\/a> der Di\u00f6zese Osnabr\u00fcck vor 1875<\/p>\n\n\n\n<p class=\"has-small-font-size\"><a href=\"http:\/\/www.kirchenkreis-osnabrueck.de\/kirchenkreis\/kirchenkreisamt\/kirchenbuchamt.html\">Kirchenkreisamt<\/a> der Ev.luth. Kirche Osnabr\u00fcck<\/p>\n\n\n\n<p class=\"has-small-font-size\"><a href=\"http:\/\/www.martin-opitz-bibliothek.de\/home.htm\">Martin-Opitz-Bibliothek<\/a><\/p>\n\n\n\n<p class=\"has-small-font-size\"><a href=\"http:\/\/www.archive.nrw.de\/LAV_NRW\/jsp\/einfachSuche.jsp\">Suchfenster<\/a> der Archive in Nordrhein-Westfalen<\/p>\n\n\n\n<h3 class=\"wp-block-heading\">Alte Schrift:<\/h3>\n\n\n\n<p class=\"has-small-font-size\"><a href=\"http:\/\/www.ahnenforschung.net\/download\/#schrift\">Alte Schriftarten<\/a> auf Ahnenforschung.net<\/p>\n\n\n\n<p class=\"has-small-font-size\"><a href=\"http:\/\/www.diaware.de\/html\/schrift.html\">S\u00fctterlin &#8211; S\u00fctterlinschrift &#8211; Deutsche Schreibschrift<\/a><\/p>\n\n\n\n<h3 class=\"wp-block-heading\">Ortssuche &amp; historische Landkarten<\/h3>\n\n\n\n<p class=\"has-small-font-size\"><a href=\"http:\/\/gov.genealogy.net\">GOV \u2013 Genealogisches Ortsverzeichnis <\/a>&nbsp;<br><br><a href=\"http:\/\/www.zb.unibe.ch\/maps\/ryhiner\/sammlung\/?group=volume\">Universit\u00e4tsbibliothek Bern<\/a> (historische Karten weltweit)<br><br><a href=\"http:\/\/www.wilfriedbluhm.de\/Landkarten\/index.htm\">Willys Alte Landkarten<\/a> (historische Karten weltweit)<br><br><a href=\"http:\/\/lazarus.elte.hu\/hun\/digkonyv\/topo\/3felmeres.htm\">Historische Karten f\u00fcr Deutschland und Osteuropa<\/a><br><br><a href=\"http:\/\/www.library.ucla.edu\/yrl\/reference\/maps\/blaeu\/\">Bleau Atlas von 1635, Deutschland und Europa<\/a><br><br><a href=\"http:\/\/www.hicleones.com\/karten-e.php?no=220\">Hic Leons, Historische Karten, 1880 \u2013 1898 <\/a>&nbsp;<br><br><a href=\"http:\/\/www.maproom.org\/00\/01\/index.php\">Putzgers Historischer Schul-Atlas, 1905<\/a><br><br><a href=\"http:\/\/de.wikisource.org\/wiki\/Topographia_Germaniae\">Topographia Germaniae von Matth\u00e4us Merian, 1642 &#8211; 1654<\/a><br><br><a href=\"http:\/\/www.columbia.edu\/acis\/ets\/Graesse\/contents.html\">Lateinische Ortsbezeichnungen<\/a><br><br><a href=\"http:\/\/www.territorial.de\/\">Territoriale Ver\u00e4nderung in Deutschland 1874 &#8211; 1945<\/a><\/p>\n\n\n\n<h3 class=\"wp-block-heading\">alte Bilder und Pl\u00e4ne:<\/h3>\n\n\n\n<p class=\"has-small-font-size\"><a href=\"http:\/\/architekturmuseum.ub.tu-berlin.de\/index.php?set=1&amp;p=54\">Architekturmuseum der Technischen Universit\u00e4t in Berlin<\/a>. Hier einfach einen Ort in die Suchzeile eingeben. Man kann alte Fotos, Bauzeichnungen und Pl\u00e4ne als Reproduktion bestellen.<\/p>\n\n\n\n<p class=\"has-small-font-size\"><a href=\"http:\/\/fotostudios.genealogy.net\/\">Historische Fotostudios und Fotografen:<\/a> Datenbank \u00fcber historische Fotostudios<\/p>\n\n\n\n<p class=\"has-small-font-size\"><a href=\"http:\/\/www.fotoerbe.de\/\">Fotoerbe.de:<\/a> In welchen Archiven, Museen, Bibliotheken &#8230; sind historische Fotografien vorhanden? Hier findet man sie in einer riesigen Datenbank.<\/p>\n\n\n\n<p class=\"has-small-font-size\"><a href=\"http:\/\/www.bild.bundesarchiv.de\/\">Bilddatenbank des Bundesarchives:<\/a> Tausende alter Fotos mit teils sehr genauen Infos \u00fcber Aufnahmeort, -zeit und die Umst\u00e4nde, unter denen das jeweilige Foto entstand. Bequeme Suchfunktion.<\/p>\n\n\n\n<h3 class=\"wp-block-heading\">Milit\u00e4r<\/h3>\n\n\n\n<p class=\"has-small-font-size\"><a href=\"http:\/\/digital.ub.uni-duesseldorf.de\/ihd\/periodical\/structure\/3176364\">Verlust-Listen<\/a> der K\u00f6niglich-Preu\u00dfischen Armee Berlin 1866<\/p>\n\n\n\n<p class=\"has-small-font-size\"><a href=\"http:\/\/digital.ub.uni-duesseldorf.de\/ihd\/content\/structure\/3184117\">Verlust-Listen<\/a> der K\u00f6niglich Preussischen Armee und der Grossherzoglich Badischen Division aus dem Feldzuge 1870 &#8211; 1871<\/p>\n\n\n\n<p class=\"has-small-font-size\"><a href=\"http:\/\/www.volksbund.de\/\">Volksbund deutsche Kriegsgr\u00e4berf\u00fcrsorge<\/a><\/p>\n\n\n\n<p class=\"has-small-font-size\"><a href=\"http:\/\/denkmalprojekt.org\/\">Onlineprojekt Gefallenendenkm\u00e4ler<\/a><\/p>\n\n\n\n<p class=\"has-small-font-size\"><a href=\"http:\/\/www.dd-wast.de\/frame.htm\">Deutsche Dienststelle (WASt)<\/a> f\u00fcr die Benachrichtigung der n\u00e4chsten Angeh\u00f6rigen von Gefallenen der ehemaligen deutschen Wehrmacht<\/p>\n\n\n\n<p class=\"has-small-font-size\"><a href=\"http:\/\/www.feldpost-archiv.de\/feldpost-d.html\">Feldpost-Archiv<\/a><\/p>\n\n\n\n<p class=\"has-small-font-size\"><a href=\"http:\/\/www.museumsstiftung.de\/briefsammlung\/feldpost-zweiter-weltkrieg\/\">Die Museumsstiftung Post und Telekommunikation und ihre Briefsammlungen<\/a>. Die Museumsstiftung besitzt die umfassendste Feldpost-Briefsammlung Deutschlands.<\/p>\n\n\n\n<p class=\"has-small-font-size\"><a href=\"http:\/\/www.ub.uni-heidelberg.de\/helios\/digi\/feldzeitungen.html\">Feldzeitungen aus dem 1. Weltkrieg<\/a> \u2013 digital<\/p>\n\n\n\n<h3 class=\"wp-block-heading\">Vermischtes:<\/h3>\n\n\n\n<p class=\"has-small-font-size\"><a href=\"http:\/\/www.personalschriften.de\/leichenpredigten.html\">Informative Seite \u00fcber Leichenpredigten<\/a><\/p>\n\n\n\n<p class=\"has-small-font-size\"><a href=\"http:\/\/www.manuscripta-mediaevalia.de\/gaeste\/grotefend\/grotefend.htm\">Zeitrechnung des Deutschen Mittelalters<\/a> und der Neuzeit von Dr. H. Grotefend mit Datumsrechner, Heiligenverzeichnis, Abk\u00fcrzungsverzeichnis u. v. a. m.<\/p>\n\n\n\n<p class=\"has-small-font-size\"><a href=\"http:\/\/www.zeitspurensuche.de\/02\/st1preis.htm\">L\u00f6hne, Preise und Geh\u00e4lter:<\/a> 15. Jahrhundert bis 1900.<\/p>\n\n\n\n<p class=\"has-small-font-size\"><a href=\"http:\/\/www.nhv-ahnenforschung.de\/Quellen\/verwandtschaft.htm\">Latein in Kirchenb\u00fcchern:<\/a> lange Liste mit \u00dcbersetzungen.<\/p>\n\n\n\n<p class=\"has-small-font-size\"><a href=\"http:\/\/www.digitalis.uni-koeln.de\/Amman\/amman_index.html\">Beschreibung der Berufsst\u00e4nde, 1568<\/a>: Eygentliche Beschreibung aller St\u00e4nde auff Erden, hoher und nidriger, geistlicher und weltlicher, aller K\u00fcnsten, Handwercken und H\u00e4ndeln<\/p>\n\n\n\n<p class=\"has-small-font-size\"><a href=\"http:\/\/www.amf-verein.de\/praxistipps\/latein\/berufe\/index.html\">Alte Berufsbezeichnungen<\/a><\/p>\n\n\n\n<p class=\"has-small-font-size\"><a href=\"http:\/\/www.amf-verein.de\/praxistipps\/latein\/krankheiten\/index.html\">Alte Krankheitsbezeichungen<\/a><\/p>\n\n\n\n<p class=\"has-small-font-size\"><a href=\"http:\/\/www.web-schlagbauer.de\/Main\/Begriffe\/Zeit.php?84_8\">Historische Zeit- und Datumsangaben<\/a><\/p>\n\n\n\n<p class=\"has-small-font-size\"><a href=\"http:\/\/www.amf-verein.de\/praxistipps\/latein\/kb\/index.html\">Sammlung lateinischer Begriffe aus Kirchenb\u00fcchern<\/a><\/p>\n\n\n\n<p class=\"has-small-font-size\"><a href=\"http:\/\/www.mittelalterrechner.de\/\">Umrechnung von verschiedenen mittelalterlichen Einheiten<\/a><\/p>\n\n\n\n<p class=\"has-small-font-size\"><a href=\"http:\/\/wiki-de.genealogy.net\/Kategorie:M%C3%BCnze\">Genwiki \u2013 W\u00e4hrungen<\/a><\/p>\n\n\n\n<p class=\"has-small-font-size\"><a href=\"http:\/\/www.lessner-ahnenforschung.com\/37,0,download-pc-schriften,index,0.html\">Genealogischer Zeichensatz zum Download<\/a><\/p>\n<\/div>\n<\/div>\n","protected":false},"excerpt":{"rendered":"<p>Historische Zeitschriften: Wikisource: digitalisierte Zeitschriften, von denen mindestens ein Jahrgang vor 1930 digitalisiert vorliegt. Alte Zeitschriften: Datenbank der Universit\u00e4t Bielefeld W\u00f6chentlichen Anzeigen des F\u00fcrstentums Ratzeburg Institut f\u00fcr Zeitungsforschung: Ein Zeitungsarchiv in Dortmund. Der Schwerpunkt der laufend gesammelten Zeitungen lag auf den westf\u00e4lischen Bl\u00e4ttern aus der Umgebung. Find My Past: (dann unter \u201csearch records\u201d \u201cnewspapers and&#8230;<\/p>\n","protected":false},"author":4,"featured_media":0,"parent":0,"menu_order":90,"comment_status":"closed","ping_status":"closed","template":"","meta":{"_coblocks_attr":"","_coblocks_dimensions":"","_coblocks_responsive_height":"","_coblocks_accordion_ie_support":"","footnotes":""},"class_list":["post-128","page","type-page","status-publish","hentry"],"_links":{"self":[{"href":"https:\/\/familienforschung-tecklenburger-land.de\/index.php?rest_route=\/wp\/v2\/pages\/128","targetHints":{"allow":["GET"]}}],"collection":[{"href":"https:\/\/familienforschung-tecklenburger-land.de\/index.php?rest_route=\/wp\/v2\/pages"}],"about":[{"href":"https:\/\/familienforschung-tecklenburger-land.de\/index.php?rest_route=\/wp\/v2\/types\/page"}],"author":[{"embeddable":true,"href":"https:\/\/familienforschung-tecklenburger-land.de\/index.php?rest_route=\/wp\/v2\/users\/4"}],"replies":[{"embeddable":true,"href":"https:\/\/familienforschung-tecklenburger-land.de\/index.php?rest_route=%2Fwp%2Fv2%2Fcomments&post=128"}],"version-history":[{"count":10,"href":"https:\/\/familienforschung-tecklenburger-land.de\/index.php?rest_route=\/wp\/v2\/pages\/128\/revisions"}],"predecessor-version":[{"id":1031,"href":"https:\/\/familienforschung-tecklenburger-land.de\/index.php?rest_route=\/wp\/v2\/pages\/128\/revisions\/1031"}],"wp:attachment":[{"href":"https:\/\/familienforschung-tecklenburger-land.de\/index.php?rest_route=%2Fwp%2Fv2%2Fmedia&parent=128"}],"curies":[{"name":"wp","href":"https:\/\/api.w.org\/{rel}","templated":true}]}}